{"id":13012,"date":"2024-03-27T15:44:46","date_gmt":"2024-03-27T14:44:46","guid":{"rendered":"https:\/\/adent.ch\/clinique\/marin-zentrum\/"},"modified":"2025-12-30T12:04:24","modified_gmt":"2025-12-30T11:04:24","slug":"marin-zentrum","status":"publish","type":"clinique","link":"https:\/\/adent.ch\/de\/klinik\/marin-zentrum\/","title":{"rendered":"Marin Centre"},"content":{"rendered":"<div class=\"two-column-block\" >\n\t<div class=\"container\">\n\t\t\t\t\t<h3 class=\"title\" data-sal=\"slide-up\" data-sal-delay=\"200\" data-sal-easing=\"ease-in-out\" data-sal-duration=\"300\">Willkommen bei Adent Marin Centre<\/h3>\n\t\t\t\t\t\t\t<div class=\"row justify-content-between\" data-sal=\"slide-up\" data-sal-delay=\"200\" data-sal-easing=\"ease-in-out\" data-sal-duration=\"300\">\n\t\t\t\t\t\t\t\t\t\t\t\t\t\t\t<div class=\"col-md-6\">\n\t\t\t\t\t\t\t<div class=\"text-lg\">\n\t\t\t\t\t\t\t\t<p data-start=\"149\" data-end=\"612\">Das Zahnarztzentrum Adent Marin Centre, zentral in Marin-\u00c9pagnier gelegen, heisst Sie in einer modernen und einladenden Umgebung willkommen, die f\u00fcr Ihren Komfort und Ihr Wohlbefinden gestaltet wurde. Unser interdisziplin\u00e4res Team aus Zahn\u00e4rzten, Kieferorthop\u00e4den, Parodontologen, Dentalhygienikerinnen und zahnmedizinischen Assistentinnen setzt sich daf\u00fcr ein, individuell angepasste, hochwertige Behandlungen f\u00fcr jede Patientin und jeden Patienten anzubieten.<\/p>\n<p data-start=\"614\" data-end=\"1026\">Als Teil der Adent Zahnarztzentren bieten wir ein umfassendes Spektrum an zahnmedizinischen Leistungen, von pr\u00e4ventiven Behandlungen und Zahnreinigungen bis hin zu Kieferorthop\u00e4die und massgefertigten Prothesen aus unserem eigenen Labor. Jede Behandlung erfolgt mit Pr\u00e4zision und Professionalit\u00e4t, wobei Vertrauen und eine angenehme Atmosph\u00e4re f\u00fcr unsere Patientinnen und Patienten stets im Mittelpunkt stehen.<\/p>\n<p data-start=\"1028\" data-end=\"1360\">Das Zahnarztzentrum Adent Marin Centre betreut zudem zahnmedizinische Notf\u00e4lle und bietet Behandlungen zu Hause oder in Pflegeeinrichtungen an, um Ihre Bed\u00fcrfnisse \u00fcberall zu erf\u00fcllen. Unsere \u00d6ffnungszeiten sind flexibel und richten sich nach dem Einkaufszentrum, sodass Sie Ihre Termine bequem in Ihren Alltag integrieren k\u00f6nnen.<\/p>\n<p data-start=\"1362\" data-end=\"1806\">Das Zentrum ist sowohl mit \u00f6ffentlichen Verkehrsmitteln, nur wenige Schritte vom Bahnhof Marin-\u00c9pagnier und den Buslinien 101 und 107 entfernt, als auch mit dem Auto \u00fcber den Parkplatz des Einkaufszentrums gut erreichbar. Unser Team begleitet Sie in Ihrer Sprache \u2013 sei es Deutsch, Franz\u00f6sisch, Italienisch, Spanisch, Albanisch, Russisch, Englisch oder Tamil \u2013 und sorgt daf\u00fcr, dass jeder Besuch einfach, vertrauensvoll und angenehm verl\u00e4uft.<\/p>\n\t\t\t\t\t\t\t<\/div>\n\t\t\t\t\t\t\t\t\t\t\t\t\t\t\t\t\t\t\t\t\t\t\t\t\t\t\t<\/div>\n\t\t\t\t\t\t\t\t\t\t\t\t<\/div>\n\t\t\t<\/div>\n<\/div>\n\n\n\n<div class=\"content-type-selector-block has-bkg\" data-id=\"content-type-selector-block-21\" id=\"content-type-selector-block-21\">\n\t<div class=\"container\">\n\t\t<div class=\"block-heading\" data-sal=\"slide-up\" data-sal-delay=\"200\" data-sal-easing=\"ease-in-out\" data-sal-duration=\"300\">\n\t\t\t<h3 class=\"block-heading__title h2\">Adent Zahnarztzentrum in Marin Zentrum<\/h3>\n\t\t\t<div class=\"block-heading__description is-dark\">Ein professionelles und herzliches Team, das bereit ist, Sie zu empfangen.<\/div>\n\t\t<\/div>\n\t\t<div class=\"members-slider\" data-sal=\"slide-up\" data-sal-delay=\"200\" data-sal-easing=\"ease-in-out\" data-sal-duration=\"300\">\n\t\t\t<div class=\"swiper\"><div class=\"swiper-wrapper\">\t\t\t\t\t\t\t<div class=\"swiper-slide\">\t\t\t\t<div class=\"equipe-card\">\n\t\t\t\t\t<div class=\"equipe-card__caption\">\n\t\t\t\t\t\t<div class=\"equipe-card__job\">Zentrumsleiterin, Zahn\u00e4rztin<\/div>\n\t\t\t\t\t\t<h6 class=\"equipe-card__name h3\">Aikaterini THOMAIDOU<\/h6>\n\t\t\t\t\t\t\t\t\t\t\t\t\t<div class=\"equipe-card__description\"><p>Aikaterini Thomaidou, Leiterin des Adent Zahnarztzentrums Yverdon, bietet Zahnbehandlungen f\u00fcr Kinder &amp; Erwachsene, Hypnose &amp; Komfort.<\/p>\n<\/div>\n\t\t\t\t\t\t\t\t\t\t\t\t<div class=\"equipe-card__pic\">\n\t\t\t\t\t\t\t<img decoding=\"async\" src=\"https:\/\/adent.ch\/wp-content\/uploads\/2022\/04\/catherine_thomaidou.png\" alt=\"\" loading=\"lazy\">\n\t\t\t\t\t\t<\/div>\n\t\t\t\t\t\t<div class=\"equipe-card__footer\">\n\t\t\t\t\t\t\t<a href=\"https:\/\/adent.ch\/de\/zahnarzt\/aikaterini-thomaidou\/\" class=\"primary-btn\">Profil ansehen<\/a>\n\t\t\t\t\t\t<\/div>\n\t\t\t\t\t<\/div>\n\t\t\t\t<\/div>\n\t\t\t\t<\/div>\t\t\t\t\t\t\t<div class=\"swiper-slide\">\t\t\t\t<div class=\"equipe-card\">\n\t\t\t\t\t<div class=\"equipe-card__caption\">\n\t\t\t\t\t\t<div class=\"equipe-card__job\">Zahn\u00e4rztin<\/div>\n\t\t\t\t\t\t<h6 class=\"equipe-card__name h3\">Hibaq GULEID<\/h6>\n\t\t\t\t\t\t\t\t\t\t\t\t\t<div class=\"equipe-card__description\"><p>Zahn\u00e4rztin, der eine auf Ihre Bed\u00fcrfnisse zugeschnittene zahn\u00e4rztliche Versorgung anbietet.<\/p>\n<\/div>\n\t\t\t\t\t\t\t\t\t\t\t\t<div class=\"equipe-card__pic\">\n\t\t\t\t\t\t\t<img decoding=\"async\" src=\"https:\/\/adent.ch\/wp-content\/uploads\/2025\/06\/hibaq-guleid_marin-centre.png\" alt=\"\" loading=\"lazy\">\n\t\t\t\t\t\t<\/div>\n\t\t\t\t\t\t<div class=\"equipe-card__footer\">\n\t\t\t\t\t\t\t<a href=\"https:\/\/adent.ch\/de\/zahnarzt\/hibaq-guleid\/\" class=\"primary-btn\">Profil ansehen<\/a>\n\t\t\t\t\t\t<\/div>\n\t\t\t\t\t<\/div>\n\t\t\t\t<\/div>\n\t\t\t\t<\/div>\t\t\t\t\t\t\t<div class=\"swiper-slide\">\t\t\t\t<div class=\"equipe-card\">\n\t\t\t\t\t<div class=\"equipe-card__caption\">\n\t\t\t\t\t\t<div class=\"equipe-card__job\">Prophylaxeassistentin<\/div>\n\t\t\t\t\t\t<h6 class=\"equipe-card__name h3\">Laure MAILLARD GAFNER<\/h6>\n\t\t\t\t\t\t\t\t\t\t\t\t\t<div class=\"equipe-card__description\"><p>Prophylaxeassistentin, die \u00fcber Mundhygiene ber\u00e4t und Zahnreinigungen oberhalb des Zahnfleischrandes durchf\u00fchrt.<\/p>\n<\/div>\n\t\t\t\t\t\t\t\t\t\t\t\t<div class=\"equipe-card__pic\">\n\t\t\t\t\t\t\t<img decoding=\"async\" src=\"https:\/\/adent.ch\/wp-content\/uploads\/2024\/03\/avatar_femme-2-1307x980.png\" alt=\"\" loading=\"lazy\">\n\t\t\t\t\t\t<\/div>\n\t\t\t\t\t\t<div class=\"equipe-card__footer\">\n\t\t\t\t\t\t\t<a href=\"https:\/\/adent.ch\/de\/zahnarzt\/laure-maillard-gafner\/\" class=\"primary-btn\">Profil ansehen<\/a>\n\t\t\t\t\t\t<\/div>\n\t\t\t\t\t<\/div>\n\t\t\t\t<\/div>\n\t\t\t\t<\/div>\t\t\t\t\t\t\t<div class=\"swiper-slide\">\t\t\t\t<div class=\"equipe-card\">\n\t\t\t\t\t<div class=\"equipe-card__caption\">\n\t\t\t\t\t\t<div class=\"equipe-card__job\">Dentalhygienikerin<\/div>\n\t\t\t\t\t\t<h6 class=\"equipe-card__name h3\">Marianna DA SILVA CARIATI<\/h6>\n\t\t\t\t\t\t\t\t\t\t\t\t\t<div class=\"equipe-card__description\"><p>Marianna Da Silva Cariati, begleitet ihre Patienten mit Fachwissen und Einfuehlungsvermoegen.<\/p>\n<\/div>\n\t\t\t\t\t\t\t\t\t\t\t\t<div class=\"equipe-card__pic\">\n\t\t\t\t\t\t\t<img decoding=\"async\" src=\"https:\/\/adent.ch\/wp-content\/uploads\/2025\/09\/marianna-da-silva_marin-centre.png\" alt=\"\" loading=\"lazy\">\n\t\t\t\t\t\t<\/div>\n\t\t\t\t\t\t<div class=\"equipe-card__footer\">\n\t\t\t\t\t\t\t<a href=\"https:\/\/adent.ch\/de\/zahnarzt\/marianna-da-silva-cariati\/\" class=\"primary-btn\">Profil ansehen<\/a>\n\t\t\t\t\t\t<\/div>\n\t\t\t\t\t<\/div>\n\t\t\t\t<\/div>\n\t\t\t\t<\/div>\t\t\t\t\t\t\t<div class=\"swiper-slide\">\t\t\t\t<div class=\"equipe-card\">\n\t\t\t\t\t<div class=\"equipe-card__caption\">\n\t\t\t\t\t\t<div class=\"equipe-card__job\">Kieferorthop\u00e4din<\/div>\n\t\t\t\t\t\t<h6 class=\"equipe-card__name h3\">Mounir BAHRI<\/h6>\n\t\t\t\t\t\t\t\t\t\t\t\t\t<div class=\"equipe-card__description\"><p>Fachzahnarzt f\u00fcr Kieferorthop\u00e4die, der Erwachsene und Kinder betreut.<\/p>\n<\/div>\n\t\t\t\t\t\t\t\t\t\t\t\t<div class=\"equipe-card__pic\">\n\t\t\t\t\t\t\t<img decoding=\"async\" src=\"https:\/\/adent.ch\/wp-content\/uploads\/2022\/05\/mounir-bahri_yverdon-1307x980.png\" alt=\"\" loading=\"lazy\">\n\t\t\t\t\t\t<\/div>\n\t\t\t\t\t\t<div class=\"equipe-card__footer\">\n\t\t\t\t\t\t\t<a href=\"https:\/\/adent.ch\/de\/zahnarzt\/mounir-bahri\/\" class=\"primary-btn\">Profil ansehen<\/a>\n\t\t\t\t\t\t<\/div>\n\t\t\t\t\t<\/div>\n\t\t\t\t<\/div>\n\t\t\t\t<\/div>\t\t\t\t\t\t\t<div class=\"swiper-slide\">\t\t\t\t<div class=\"equipe-card\">\n\t\t\t\t\t<div class=\"equipe-card__caption\">\n\t\t\t\t\t\t<div class=\"equipe-card__job\">Zahn\u00e4rztin<\/div>\n\t\t\t\t\t\t<h6 class=\"equipe-card__name h3\">No\u00e9mie ROLLIER<\/h6>\n\t\t\t\t\t\t\t\t\t\t\t\t\t<div class=\"equipe-card__description\"><p>Zahn\u00e4rztin, der sich auf allgemeine zahn\u00e4rztliche Versorgung spezialisiert hat und Erwachsene und Kinder behandelt.<\/p>\n<\/div>\n\t\t\t\t\t\t\t\t\t\t\t\t<div class=\"equipe-card__pic\">\n\t\t\t\t\t\t\t<img decoding=\"async\" src=\"https:\/\/adent.ch\/wp-content\/uploads\/2024\/04\/yv_photo_noemie-rollier-1307x980.png\" alt=\"\" loading=\"lazy\">\n\t\t\t\t\t\t<\/div>\n\t\t\t\t\t\t<div class=\"equipe-card__footer\">\n\t\t\t\t\t\t\t<a href=\"https:\/\/adent.ch\/de\/zahnarzt\/noemie-rollier\/\" class=\"primary-btn\">Profil ansehen<\/a>\n\t\t\t\t\t\t<\/div>\n\t\t\t\t\t<\/div>\n\t\t\t\t<\/div>\n\t\t\t\t<\/div>\t\t\t\t\t\t<\/div><\/div><div class=\"swiper-button-prev\"><\/div><div class=\"swiper-button-next\"><\/div>\t\t<\/div>\n\t\t<div class=\"members-slider-pagination\"><\/div>\t<\/div>\n<\/div>\n\n\n<div class=\"cares-list-block\" >\n\t<div class=\"container\">\n\t\t<div class=\"row\">\n\t\t\t<div class=\"col-md-4\">\n\t\t\t\t<h2 class=\"title h3\">Entdecken Sie unsere Pflege<\/h2>\n\t\t\t\t<div class=\"text-lg is-dark\">Unsere Zahn\u00e4rzte und Dentalhygienikerinnen sind dazu da, all Ihre Bed\u00fcrfnisse in Bezug auf die Zahnpflege zu erf\u00fcllen. Bitte kontaktieren Sie uns f\u00fcr weitere Informationen.<\/div>\n\t\t\t\t<div class=\"cares-list-slider-pagination\"><\/div>\n\t\t\t<\/div>\n\t\t\t<div class=\"col-md-8\">\n\t\t\t\t<div class=\"cares-list-slider\">\n\t\t\t\t\t<div class=\"swiper\">\n\t\t\t\t\t\t<div class=\"swiper-wrapper\">\n\t\t\t\t\t\t\t\t\t\t\t\t\t\t\t<div class=\"swiper-slide\">\n\t\t\t\t\t\t\t\t\t<div class=\"care-slide\">\n\t\t\t\t\t\t\t\t\t\t<div class=\"care-slide__title h4\">Kieferorthop\u00e4die f\u00fcr Kinder und Erwachsene<\/div>\n\t\t\t\t\t\t\t\t\t\t\t\t\t\t\t\t\t\t\t\t\t<div class=\"care-slide__desc\">Verwandeln Sie Ihr L\u00e4cheln<\/div>\n\t\t\t\t\t\t\t\t\t\t\t\t\t\t\t\t\t\t\t\t<div class=\"care-slide__link\">\n\t\t\t\t\t\t\t\t\t\t\t<a href=\"https:\/\/adent.ch\/de\/behandlung\/kieferorthopaedie-fuer-kinder-und-erwachsene\/\" class=\"inline-link\">Weiterlesen<\/a>\n\t\t\t\t\t\t\t\t\t\t<\/div>\n\t\t\t\t\t\t\t\t\t<\/div>\n\t\t\t\t\t\t\t\t<\/div>\n\t\t\t\t\t\t\t\t\t\t\t\t\t\t\t<div class=\"swiper-slide\">\n\t\t\t\t\t\t\t\t\t<div class=\"care-slide\">\n\t\t\t\t\t\t\t\t\t\t<div class=\"care-slide__title h4\">Zahnreinigung und Zahnhygiene<\/div>\n\t\t\t\t\t\t\t\t\t\t\t\t\t\t\t\t\t\t\t\t\t<div class=\"care-slide__desc\">Ein gesund aussehendes L\u00e4cheln<\/div>\n\t\t\t\t\t\t\t\t\t\t\t\t\t\t\t\t\t\t\t\t<div class=\"care-slide__link\">\n\t\t\t\t\t\t\t\t\t\t\t<a href=\"https:\/\/adent.ch\/de\/behandlung\/zahnsteinentfernung-und-zahnhygiene\/\" class=\"inline-link\">Weiterlesen<\/a>\n\t\t\t\t\t\t\t\t\t\t<\/div>\n\t\t\t\t\t\t\t\t\t<\/div>\n\t\t\t\t\t\t\t\t<\/div>\n\t\t\t\t\t\t\t\t\t\t\t\t\t\t\t<div class=\"swiper-slide\">\n\t\t\t\t\t\t\t\t\t<div class=\"care-slide\">\n\t\t\t\t\t\t\t\t\t\t<div class=\"care-slide__title h4\">Bleaching und \u00e4sthetische Behandlungen<\/div>\n\t\t\t\t\t\t\t\t\t\t\t\t\t\t\t\t\t\t\t\t\t<div class=\"care-slide__desc\">Ein noch strahlenderes L\u00e4cheln f\u00fcr maximales Selbstvertrauen<\/div>\n\t\t\t\t\t\t\t\t\t\t\t\t\t\t\t\t\t\t\t\t<div class=\"care-slide__link\">\n\t\t\t\t\t\t\t\t\t\t\t<a href=\"https:\/\/adent.ch\/de\/behandlung\/zahnbleaching-und-aesthetisch-e-en-behandlungen\/\" class=\"inline-link\">Weiterlesen<\/a>\n\t\t\t\t\t\t\t\t\t\t<\/div>\n\t\t\t\t\t\t\t\t\t<\/div>\n\t\t\t\t\t\t\t\t<\/div>\n\t\t\t\t\t\t\t\t\t\t\t\t\t\t\t<div class=\"swiper-slide\">\n\t\t\t\t\t\t\t\t\t<div class=\"care-slide\">\n\t\t\t\t\t\t\t\t\t\t<div class=\"care-slide__title h4\">\u00dcbliche Zahnpflege<\/div>\n\t\t\t\t\t\t\t\t\t\t\t\t\t\t\t\t\t\t\t\t\t<div class=\"care-slide__desc\">Ein umfassendes Kompetenzzentrum f\u00fcr Sie und Ihre Kinder<\/div>\n\t\t\t\t\t\t\t\t\t\t\t\t\t\t\t\t\t\t\t\t<div class=\"care-slide__link\">\n\t\t\t\t\t\t\t\t\t\t\t<a href=\"https:\/\/adent.ch\/de\/behandlung\/zahnaerztliche-routineversorgung\/\" class=\"inline-link\">Weiterlesen<\/a>\n\t\t\t\t\t\t\t\t\t\t<\/div>\n\t\t\t\t\t\t\t\t\t<\/div>\n\t\t\t\t\t\t\t\t<\/div>\n\t\t\t\t\t\t\t\t\t\t\t\t\t\t\t<div class=\"swiper-slide\">\n\t\t\t\t\t\t\t\t\t<div class=\"care-slide\">\n\t\t\t\t\t\t\t\t\t\t<div class=\"care-slide__title h4\">Zahnpflege f\u00fcr Kinder<\/div>\n\t\t\t\t\t\t\t\t\t\t\t\t\t\t\t\t\t\t\t\t\t<div class=\"care-slide__desc\">Angepasstes Know-how<\/div>\n\t\t\t\t\t\t\t\t\t\t\t\t\t\t\t\t\t\t\t\t<div class=\"care-slide__link\">\n\t\t\t\t\t\t\t\t\t\t\t<a href=\"https:\/\/adent.ch\/de\/behandlung\/zahnbehandlung-fuer-kinder\/\" class=\"inline-link\">Weiterlesen<\/a>\n\t\t\t\t\t\t\t\t\t\t<\/div>\n\t\t\t\t\t\t\t\t\t<\/div>\n\t\t\t\t\t\t\t\t<\/div>\n\t\t\t\t\t\t\t\t\t\t\t\t\t\t\t<div class=\"swiper-slide\">\n\t\t\t\t\t\t\t\t\t<div class=\"care-slide\">\n\t\t\t\t\t\t\t\t\t\t<div class=\"care-slide__title h4\">Zahnprothese<\/div>\n\t\t\t\t\t\t\t\t\t\t\t\t\t\t\t\t\t\t\t\t\t<div class=\"care-slide__desc\">Geben Sie Ihrem L\u00e4cheln seinen Glanz zur\u00fcck mit unseren massgeschneiderten Zahnprothesen.<\/div>\n\t\t\t\t\t\t\t\t\t\t\t\t\t\t\t\t\t\t\t\t<div class=\"care-slide__link\">\n\t\t\t\t\t\t\t\t\t\t\t<a href=\"https:\/\/adent.ch\/de\/behandlung\/implantate-und-zahnsanierung\/\" class=\"inline-link\">Weiterlesen<\/a>\n\t\t\t\t\t\t\t\t\t\t<\/div>\n\t\t\t\t\t\t\t\t\t<\/div>\n\t\t\t\t\t\t\t\t<\/div>\n\t\t\t\t\t\t\t\t\t\t\t\t\t\t\t<div class=\"swiper-slide\">\n\t\t\t\t\t\t\t\t\t<div class=\"care-slide\">\n\t\t\t\t\t\t\t\t\t\t<div class=\"care-slide__title h4\">Implantat und Restauration<\/div>\n\t\t\t\t\t\t\t\t\t\t\t\t\t\t\t\t\t\t\t\t\t<div class=\"care-slide__desc\">Komfort und \u00c4sthetik dank Zahnimplantaten<\/div>\n\t\t\t\t\t\t\t\t\t\t\t\t\t\t\t\t\t\t\t\t<div class=\"care-slide__link\">\n\t\t\t\t\t\t\t\t\t\t\t<a href=\"https:\/\/adent.ch\/de\/behandlung\/implantat-und-restauration\/\" class=\"inline-link\">Weiterlesen<\/a>\n\t\t\t\t\t\t\t\t\t\t<\/div>\n\t\t\t\t\t\t\t\t\t<\/div>\n\t\t\t\t\t\t\t\t<\/div>\n\t\t\t\t\t\t\t\t\t\t\t\t\t<\/div>\n\t\t\t\t\t<\/div>\n\t\t\t\t\t<div class=\"swiper-button-prev\"><\/div>\n\t\t\t\t\t<div class=\"swiper-button-next\"><\/div>\n\t\t\t\t<\/div>\n\t\t\t<\/div>\n\t\t<\/div>\n\t<\/div>\n<\/div>\n\n\n\t<div class=\"cta-block without-image\" >\n\t\t<div class=\"container\" data-sal=\"slide-up\" data-sal-delay=\"200\" data-sal-easing=\"ease-in-out\" data-sal-duration=\"300\">\n\t\t\t<div class=\"row justify-content-center\">\n\t\t\t\t<div class=\"col-md-8\">\n\t\t\t\t\t<div class=\"subtitle\"><\/div>\n\t\t\t\t\t<h4 class=\"title\">Zahnnotfall? <\/h4>\n\t\t\t\t\t<p class=\"text\">Rufen Sie unser Zentrum jetzt an f\u00fcr eine schnelle Behandlung.<\/p>\n\t\t\t\t\t\t\t\t\t\t\t<a href=\"tel:+41 32 753 33 88\"  class=\"primary-btn\">Rufen Sie uns an<\/a>\n\t\t\t\t\t\t\t\t\t<\/div>\n\t\t\t<\/div>\n\t\t<\/div>\n\t<\/div>\n","protected":false},"template":"","region":[165,173,175],"clinique_treatment":[],"class_list":["post-13012","clinique","type-clinique","status-publish","hentry","region-westschweiz","region-neuenburg","region-schweizweit"],"acf":{"banner_clinique":{"image":{"ID":16445,"id":16445,"title":"B07A1383","filename":"b07a1383-scaled.jpg","filesize":728802,"url":"https:\/\/adent.ch\/wp-content\/uploads\/2022\/04\/b07a1383-scaled.jpg","link":"https:\/\/adent.ch\/de\/klinik\/marin-zentrum\/b07a1383-2\/","alt":"","author":"14","description":"","caption":"","name":"b07a1383-2","status":"inherit","uploaded_to":13012,"date":"2025-12-30 11:01:01","modified":"2025-12-30 11:01:01","menu_order":0,"mime_type":"image\/jpeg","type":"image","subtype":"jpeg","icon":"https:\/\/adent.ch\/wp-includes\/images\/media\/default.png","width":2880,"height":1920,"sizes":{"thumbnail":"https:\/\/adent.ch\/wp-content\/uploads\/2022\/04\/b07a1383-150x150.jpg","thumbnail-width":150,"thumbnail-height":150,"medium":"https:\/\/adent.ch\/wp-content\/uploads\/2022\/04\/b07a1383-300x200.jpg","medium-width":300,"medium-height":200,"medium_large":"https:\/\/adent.ch\/wp-content\/uploads\/2022\/04\/b07a1383-768x512.jpg","medium_large-width":768,"medium_large-height":512,"large":"https:\/\/adent.ch\/wp-content\/uploads\/2022\/04\/b07a1383-1470x980.jpg","large-width":1470,"large-height":980,"1536x1536":"https:\/\/adent.ch\/wp-content\/uploads\/2022\/04\/b07a1383-1536x1024.jpg","1536x1536-width":1536,"1536x1536-height":1024,"2048x2048":"https:\/\/adent.ch\/wp-content\/uploads\/2022\/04\/b07a1383-2048x1365.jpg","2048x2048-width":2048,"2048x2048-height":1365,"gform-image-choice-sm":"https:\/\/adent.ch\/wp-content\/uploads\/2022\/04\/b07a1383-scaled.jpg","gform-image-choice-sm-width":300,"gform-image-choice-sm-height":200,"gform-image-choice-md":"https:\/\/adent.ch\/wp-content\/uploads\/2022\/04\/b07a1383-scaled.jpg","gform-image-choice-md-width":400,"gform-image-choice-md-height":267,"gform-image-choice-lg":"https:\/\/adent.ch\/wp-content\/uploads\/2022\/04\/b07a1383-scaled.jpg","gform-image-choice-lg-width":600,"gform-image-choice-lg-height":400}},"note":"Um Ihnen besser dienen zu k\u00f6nnen, gibt es in Ihrem Zahnarztzentrum derzeit einige Ver\u00e4nderungen in den R\u00e4umlichkeiten. Unser Team wird bei dieser Gelegenheit auch gleich verst\u00e4rkt! Wir danken Ihnen im Voraus f\u00fcr Ihr Verst\u00e4ndnis f\u00fcr eventuelle Unannehmlichkeiten.<br \/>\r\n<br \/>\r\nDas Zentrum ist f\u00fcr Rollstuhlfahrer zug\u00e4nglich.<br \/>\r\n"},"phone":"+41 32 753 33 88","email":"marin@adent.ch","address":"Rue de la Fleur-de-Lys 26","postal_code":"2074","access":{"bus":"Bus 101 und 107","bus_link":"","train":"Bahnhof Marin-Epagnier in 550 m Entfernung.","train_link":"","parking":"Tiefgarage im Einkaufszentrum und blaue Zonen rund um das Einkaufszentrum","parking_link":""},"schedule":{"title":"\u00d6ffnungszeiten","description":""},"clinique_location_id":"ChIJAQAA1E0JjkcRs5Xp5JLBY8U","short_description":"","soins":[{"id":196,"adult":"k3749_01t10","teenager":"k3749_01t10","kid":"k3749_01t10"},{"id":199,"adult":"k3749_01t12","teenager":"k3749_01t12","kid":"k3749_01t11"},{"id":207,"adult":"k3749_01t15","teenager":"k3749_01t15","kid":"k3749_01t15"},{"id":201,"adult":"k3749_01t16","teenager":"k3749_01t16","kid":""}],"subtitle":"Adent Zahnarztzentrum","city":"Marin-Epagnier","code_zawin":"https:\/\/oa.zawin.ch\/k3749_01","code_zawin_emergencies":"https:\/\/oa.zawin.ch\/k3749_01t21","aggregated_city":"","clinique_tag":"","itinerary":"https:\/\/www.google.com\/maps\/dir\/\/Adent+%7C+Dentiste+Marin+Centre+%7C+Neuch%C3%A2tel,+Rue+de+la+Fleur-de-Lys,+Marin-Epagnier,+Suisse\/@47.0120785,6.9254352,19028m\/data=!3m1!1e3!4m8!4m7!1m0!1m5!1m1!1s0x478e094dd4000001:0xc563c192e4e995b3!2m2!1d7.007836!2d47.011991?entry=ttu&g_ep=EgoyMDI1MDQyOC4wIKXMDSoJLDEwMjExNDUzSAFQAw%3D%3D","marker_image":{"ID":8716,"id":8716,"title":"adent_clinique_sarnen_banner_2","filename":"sans-titre-24.png","filesize":1463028,"url":"https:\/\/adent.ch\/wp-content\/uploads\/2022\/04\/sans-titre-24.png","link":"https:\/\/adent.ch\/de\/klinik\/sarnen\/adent_clinique_sarnen_banner_2\/","alt":"","author":"6","description":"","caption":"","name":"adent_clinique_sarnen_banner_2","status":"inherit","uploaded_to":4199,"date":"2022-08-12 10:22:12","modified":"2022-08-12 10:25:42","menu_order":0,"mime_type":"image\/png","type":"image","subtype":"png","icon":"https:\/\/adent.ch\/wp-includes\/images\/media\/default.png","width":1920,"height":805,"sizes":{"thumbnail":"https:\/\/adent.ch\/wp-content\/uploads\/2022\/04\/sans-titre-24-150x150.png","thumbnail-width":150,"thumbnail-height":150,"medium":"https:\/\/adent.ch\/wp-content\/uploads\/2022\/04\/sans-titre-24-300x126.png","medium-width":300,"medium-height":126,"medium_large":"https:\/\/adent.ch\/wp-content\/uploads\/2022\/04\/sans-titre-24-768x322.png","medium_large-width":768,"medium_large-height":322,"large":"https:\/\/adent.ch\/wp-content\/uploads\/2022\/04\/sans-titre-24.png","large-width":1920,"large-height":805,"1536x1536":"https:\/\/adent.ch\/wp-content\/uploads\/2022\/04\/sans-titre-24-1536x644.png","1536x1536-width":1536,"1536x1536-height":644,"2048x2048":"https:\/\/adent.ch\/wp-content\/uploads\/2022\/04\/sans-titre-24.png","2048x2048-width":1920,"2048x2048-height":805,"gform-image-choice-sm":"https:\/\/adent.ch\/wp-content\/uploads\/2022\/04\/sans-titre-24.png","gform-image-choice-sm-width":300,"gform-image-choice-sm-height":126,"gform-image-choice-md":"https:\/\/adent.ch\/wp-content\/uploads\/2022\/04\/sans-titre-24.png","gform-image-choice-md-width":400,"gform-image-choice-md-height":168,"gform-image-choice-lg":"https:\/\/adent.ch\/wp-content\/uploads\/2022\/04\/sans-titre-24.png","gform-image-choice-lg-width":600,"gform-image-choice-lg-height":252}},"marker":{"address":"Adent Clinique Dentaire Marin Centre, Rue de la Fleur-de-Lys, Marin-Epagnier, Suisse","lat":47.0119171,"lng":7.007773,"zoom":14,"place_id":"ChIJAQAA1E0JjkcRs5Xp5JLBY8U","name":"Adent Clinique Dentaire Marin Centre","street_number":"26","street_name":"Rue de la Fleur-de-Lys","city":"La T\u00e8ne","state":"Neuch\u00e2tel","state_short":"NE","post_code":"2074","country":"Suisse","country_short":"CH"}},"yoast_head":"<!-- This site is optimized with the Yoast SEO plugin v26.6 - https:\/\/yoast.com\/wordpress\/plugins\/seo\/ -->\n<title>Zahnarzt in Marin Centre | Adent Zahnarztzentrum<\/title>\n<meta name=\"description\" content=\"Dank der Zahn\u00e4rzte, Hygieniker und Spezialisten bietet das Adent Zahnarztzentrum in Marin Centre alle zahn\u00e4rztlichen Behandlungen f\u00fcr Erwachsene und Kinder an.\" \/>\n<meta name=\"robots\" content=\"index, follow, max-snippet:-1, max-image-preview:large, max-video-preview:-1\" \/>\n<link rel=\"canonical\" href=\"https:\/\/adent.ch\/de\/klinik\/marin-zentrum\/\" \/>\n<meta property=\"og:locale\" content=\"de_DE\" \/>\n<meta property=\"og:type\" content=\"article\" \/>\n<meta property=\"og:title\" content=\"Zahnarzt in Marin Centre | Adent Zahnarztzentrum\" \/>\n<meta property=\"og:description\" content=\"Dank der Zahn\u00e4rzte, Hygieniker und Spezialisten bietet das Adent Zahnarztzentrum in Marin Centre alle zahn\u00e4rztlichen Behandlungen f\u00fcr Erwachsene und Kinder an.\" \/>\n<meta property=\"og:url\" content=\"https:\/\/adent.ch\/de\/klinik\/marin-zentrum\/\" \/>\n<meta property=\"og:site_name\" content=\"Adent Zahnarztzentrum\" \/>\n<meta property=\"article:publisher\" content=\"https:\/\/www.facebook.com\/adentcliniquesdentaires\/\" \/>\n<meta property=\"article:modified_time\" content=\"2025-12-30T11:04:24+00:00\" \/>\n<meta property=\"og:image\" content=\"https:\/\/adent.ch\/wp-content\/uploads\/2024\/04\/adent-aubonne-mai-2022-igor-laski-web-hd-srvb-48.jpg\" \/>\n\t<meta property=\"og:image:width\" content=\"1619\" \/>\n\t<meta property=\"og:image:height\" content=\"1080\" \/>\n\t<meta property=\"og:image:type\" content=\"image\/jpeg\" \/>\n<meta name=\"twitter:card\" content=\"summary_large_image\" \/>\n<script type=\"application\/ld+json\" class=\"yoast-schema-graph\">{\"@context\":\"https:\/\/schema.org\",\"@graph\":[{\"@type\":\"WebPage\",\"@id\":\"https:\/\/adent.ch\/de\/klinik\/marin-zentrum\/\",\"url\":\"https:\/\/adent.ch\/de\/klinik\/marin-zentrum\/\",\"name\":\"Zahnarzt in Marin Centre | Adent Zahnarztzentrum\",\"isPartOf\":{\"@id\":\"https:\/\/adent.ch\/de\/#website\"},\"datePublished\":\"2024-03-27T14:44:46+00:00\",\"dateModified\":\"2025-12-30T11:04:24+00:00\",\"description\":\"Dank der Zahn\u00e4rzte, Hygieniker und Spezialisten bietet das Adent Zahnarztzentrum in Marin Centre alle zahn\u00e4rztlichen Behandlungen f\u00fcr Erwachsene und Kinder an.\",\"breadcrumb\":{\"@id\":\"https:\/\/adent.ch\/de\/klinik\/marin-zentrum\/#breadcrumb\"},\"inLanguage\":\"de-CH\",\"potentialAction\":[{\"@type\":\"ReadAction\",\"target\":[\"https:\/\/adent.ch\/de\/klinik\/marin-zentrum\/\"]}]},{\"@type\":\"BreadcrumbList\",\"@id\":\"https:\/\/adent.ch\/de\/klinik\/marin-zentrum\/#breadcrumb\",\"itemListElement\":[{\"@type\":\"ListItem\",\"position\":1,\"name\":\"Zahnarztzentrum\",\"item\":\"https:\/\/adent.ch\/de\/zahnkliniken\/\"},{\"@type\":\"ListItem\",\"position\":2,\"name\":\"Marin Centre\"}]},{\"@type\":\"WebSite\",\"@id\":\"https:\/\/adent.ch\/de\/#website\",\"url\":\"https:\/\/adent.ch\/de\/\",\"name\":\"Adent Zahnarztzentrum\",\"description\":\"\",\"publisher\":{\"@id\":\"https:\/\/adent.ch\/de\/#organization\"},\"potentialAction\":[{\"@type\":\"SearchAction\",\"target\":{\"@type\":\"EntryPoint\",\"urlTemplate\":\"https:\/\/adent.ch\/de\/?s={search_term_string}\"},\"query-input\":{\"@type\":\"PropertyValueSpecification\",\"valueRequired\":true,\"valueName\":\"search_term_string\"}}],\"inLanguage\":\"de-CH\"},{\"@type\":\"Organization\",\"@id\":\"https:\/\/adent.ch\/de\/#organization\",\"name\":\"Adent Cliniques Dentaires\",\"url\":\"https:\/\/adent.ch\/de\/\",\"logo\":{\"@type\":\"ImageObject\",\"inLanguage\":\"de-CH\",\"@id\":\"https:\/\/adent.ch\/de\/#\/schema\/logo\/image\/\",\"url\":\"https:\/\/adent.ch\/wp-content\/uploads\/2022\/09\/adent-habefast-logo-2018-fr-05032019-rvb-scaled.jpg\",\"contentUrl\":\"https:\/\/adent.ch\/wp-content\/uploads\/2022\/09\/adent-habefast-logo-2018-fr-05032019-rvb-scaled.jpg\",\"width\":2880,\"height\":750,\"caption\":\"Adent Cliniques Dentaires\"},\"image\":{\"@id\":\"https:\/\/adent.ch\/de\/#\/schema\/logo\/image\/\"},\"sameAs\":[\"https:\/\/www.facebook.com\/adentcliniquesdentaires\/\",\"https:\/\/www.instagram.com\/adent.ch\/\",\"https:\/\/www.youtube.com\/channel\/UCPd5UjY-ipuq3MhW6m0W-wg\",\"https:\/\/www.linkedin.com\/company\/adent-cliniques-dentaires\/?originalSubdomain=ch\"]}]}<\/script>\n<!-- \/ Yoast SEO plugin. -->","yoast_head_json":{"title":"Zahnarzt in Marin Centre | Adent Zahnarztzentrum","description":"Dank der Zahn\u00e4rzte, Hygieniker und Spezialisten bietet das Adent Zahnarztzentrum in Marin Centre alle zahn\u00e4rztlichen Behandlungen f\u00fcr Erwachsene und Kinder an.","robots":{"index":"index","follow":"follow","max-snippet":"max-snippet:-1","max-image-preview":"max-image-preview:large","max-video-preview":"max-video-preview:-1"},"canonical":"https:\/\/adent.ch\/de\/klinik\/marin-zentrum\/","og_locale":"de_DE","og_type":"article","og_title":"Zahnarzt in Marin Centre | Adent Zahnarztzentrum","og_description":"Dank der Zahn\u00e4rzte, Hygieniker und Spezialisten bietet das Adent Zahnarztzentrum in Marin Centre alle zahn\u00e4rztlichen Behandlungen f\u00fcr Erwachsene und Kinder an.","og_url":"https:\/\/adent.ch\/de\/klinik\/marin-zentrum\/","og_site_name":"Adent Zahnarztzentrum","article_publisher":"https:\/\/www.facebook.com\/adentcliniquesdentaires\/","article_modified_time":"2025-12-30T11:04:24+00:00","og_image":[{"width":1619,"height":1080,"url":"https:\/\/adent.ch\/wp-content\/uploads\/2024\/04\/adent-aubonne-mai-2022-igor-laski-web-hd-srvb-48.jpg","type":"image\/jpeg"}],"twitter_card":"summary_large_image","schema":{"@context":"https:\/\/schema.org","@graph":[{"@type":"WebPage","@id":"https:\/\/adent.ch\/de\/klinik\/marin-zentrum\/","url":"https:\/\/adent.ch\/de\/klinik\/marin-zentrum\/","name":"Zahnarzt in Marin Centre | Adent Zahnarztzentrum","isPartOf":{"@id":"https:\/\/adent.ch\/de\/#website"},"datePublished":"2024-03-27T14:44:46+00:00","dateModified":"2025-12-30T11:04:24+00:00","description":"Dank der Zahn\u00e4rzte, Hygieniker und Spezialisten bietet das Adent Zahnarztzentrum in Marin Centre alle zahn\u00e4rztlichen Behandlungen f\u00fcr Erwachsene und Kinder an.","breadcrumb":{"@id":"https:\/\/adent.ch\/de\/klinik\/marin-zentrum\/#breadcrumb"},"inLanguage":"de-CH","potentialAction":[{"@type":"ReadAction","target":["https:\/\/adent.ch\/de\/klinik\/marin-zentrum\/"]}]},{"@type":"BreadcrumbList","@id":"https:\/\/adent.ch\/de\/klinik\/marin-zentrum\/#breadcrumb","itemListElement":[{"@type":"ListItem","position":1,"name":"Zahnarztzentrum","item":"https:\/\/adent.ch\/de\/zahnkliniken\/"},{"@type":"ListItem","position":2,"name":"Marin Centre"}]},{"@type":"WebSite","@id":"https:\/\/adent.ch\/de\/#website","url":"https:\/\/adent.ch\/de\/","name":"Adent Zahnarztzentrum","description":"","publisher":{"@id":"https:\/\/adent.ch\/de\/#organization"},"potentialAction":[{"@type":"SearchAction","target":{"@type":"EntryPoint","urlTemplate":"https:\/\/adent.ch\/de\/?s={search_term_string}"},"query-input":{"@type":"PropertyValueSpecification","valueRequired":true,"valueName":"search_term_string"}}],"inLanguage":"de-CH"},{"@type":"Organization","@id":"https:\/\/adent.ch\/de\/#organization","name":"Adent Cliniques Dentaires","url":"https:\/\/adent.ch\/de\/","logo":{"@type":"ImageObject","inLanguage":"de-CH","@id":"https:\/\/adent.ch\/de\/#\/schema\/logo\/image\/","url":"https:\/\/adent.ch\/wp-content\/uploads\/2022\/09\/adent-habefast-logo-2018-fr-05032019-rvb-scaled.jpg","contentUrl":"https:\/\/adent.ch\/wp-content\/uploads\/2022\/09\/adent-habefast-logo-2018-fr-05032019-rvb-scaled.jpg","width":2880,"height":750,"caption":"Adent Cliniques Dentaires"},"image":{"@id":"https:\/\/adent.ch\/de\/#\/schema\/logo\/image\/"},"sameAs":["https:\/\/www.facebook.com\/adentcliniquesdentaires\/","https:\/\/www.instagram.com\/adent.ch\/","https:\/\/www.youtube.com\/channel\/UCPd5UjY-ipuq3MhW6m0W-wg","https:\/\/www.linkedin.com\/company\/adent-cliniques-dentaires\/?originalSubdomain=ch"]}]}},"google_datas":{"html_attributions":[],"result":{"current_opening_hours":{"open_now":true,"periods":[{"close":{"date":"2026-01-05","day":1,"time":"1700"},"open":{"date":"2026-01-05","day":1,"time":"0800"}},{"close":{"date":"2026-01-06","day":2,"time":"1800"},"open":{"date":"2026-01-06","day":2,"time":"0800"}},{"close":{"date":"2026-01-07","day":3,"time":"1700"},"open":{"date":"2026-01-07","day":3,"time":"0800"}},{"close":{"date":"2026-01-08","day":4,"time":"1800"},"open":{"date":"2026-01-08","day":4,"time":"0800"}},{"close":{"date":"2026-01-02","day":5,"time":"1700"},"open":{"date":"2026-01-02","day":5,"time":"0800"}},{"close":{"date":"2026-01-03","day":6,"time":"1400"},"open":{"date":"2026-01-03","day":6,"time":"0800"}}],"weekday_text":["lundi: 08:00\u2009\u2013\u200917:00","mardi: 08:00\u2009\u2013\u200918:00","mercredi: 08:00\u2009\u2013\u200917:00","jeudi: 08:00\u2009\u2013\u200918:00","vendredi: 08:00\u2009\u2013\u200917:00","samedi: 08:00\u2009\u2013\u200914:00","dimanche: Ferm\u00e9"]},"opening_hours":{"open_now":true,"periods":[{"close":{"day":1,"time":"1700"},"open":{"day":1,"time":"0800"}},{"close":{"day":2,"time":"1800"},"open":{"day":2,"time":"0800"}},{"close":{"day":3,"time":"1700"},"open":{"day":3,"time":"0800"}},{"close":{"day":4,"time":"1800"},"open":{"day":4,"time":"0800"}},{"close":{"day":5,"time":"1700"},"open":{"day":5,"time":"0800"}},{"close":{"day":6,"time":"1400"},"open":{"day":6,"time":"0800"}}],"weekday_text":["lundi: 08:00\u2009\u2013\u200917:00","mardi: 08:00\u2009\u2013\u200918:00","mercredi: 08:00\u2009\u2013\u200917:00","jeudi: 08:00\u2009\u2013\u200918:00","vendredi: 08:00\u2009\u2013\u200917:00","samedi: 08:00\u2009\u2013\u200914:00","dimanche: Ferm\u00e9"]},"photos":[{"height":3200,"html_attributions":["<a href=\"https:\/\/maps.google.com\/maps\/contrib\/102848919307951666287\">Adent | Dentiste Marin Centre | Neuch\u00e2tel<\/a>"],"photo_reference":"AZLasHocQQmS4REbPo3OeGQSGSxh1BbOqpEvGC95ti0zYava8PkO6kh8fiOihKtjK3BVCJ4PT0Aw9j14hPSVpjODWfF1jnA7mvBesbX2jkTzgPDEs9wZurBTbgFB9OFN1Msx_NXcMzKWWkfoyJlanYQDcQ3D3M-LqyhuDp9fQyLuh0581MzmqJk8YKviXMJ2EEiseD6lsARqLFNZpixC5qRRnk753zRxT_-5HL504aJ8XPIT-tzixFTqdNy9EdOPvkQugIl0cRtabvdecYRshiGsIwyVCNc_fTOEC98AmjhvgQvgLg","width":4800},{"height":4800,"html_attributions":["<a href=\"https:\/\/maps.google.com\/maps\/contrib\/102848919307951666287\">Adent | Dentiste Marin Centre | Neuch\u00e2tel<\/a>"],"photo_reference":"AZLasHoQMfXHMzt4q71qQvtQts7GKjACjzKWg-UlwcTTY7dv7V4voGM4JHWLSfiztaypjOGPBSM02Kd7Q5UmzpSdtj8G3tQtz7QXXFNcLX_W7kQOrtj3ktiimdtzM49DkQ0YUggUk_QDal_HSELZlFOm_xVpM16JkcHN6SY4fIl1Sljipe_EXbw-ih9PT5lFVkOvzm6O8e5F-z9wYhjoHMtdjqS518hxjn3q4nNKGInggQOOFaq-lWba6UgGDAZP4sl2rHEU1luVZK3Fbi8T_LQzPSUdmYxsSvbwp82mDuTf2UgOfg","width":3203},{"height":3200,"html_attributions":["<a href=\"https:\/\/maps.google.com\/maps\/contrib\/102848919307951666287\">Adent | Dentiste Marin Centre | Neuch\u00e2tel<\/a>"],"photo_reference":"AZLasHp80G0LE0X-K9xiJzSR2TcjAy6oxH0K9HrQ6k75URuZpyFJJVJFKZHkYW_J_FDxWQ3yQESxSlAMDnY4f2MP98jp-AyGsDJlaiuxYn_ahRisqqfnxDS3DYZ6HEd2KmnZt9SI4Q4xr0B_GhqJOCmrr0YD42MwyG5C2ZUI4bHyc9wp5JojFpfZbBzSiH9Wu_dR2ubY3t-fPgjI3pFSkllZEwLvbCx8Svgoc9qx44mOSIcnrUlrTuOQE_rEo7FR62FDPxZmn6ZVqHTK3IB937Em-21jkpfbzcv0uy0-w9lIw12L_g","width":4800},{"height":1077,"html_attributions":["<a href=\"https:\/\/maps.google.com\/maps\/contrib\/102848919307951666287\">Adent | Dentiste Marin Centre | Neuch\u00e2tel<\/a>"],"photo_reference":"AZLasHqF6SXn3rpyCymrVCs6pbzuoZgEEnIrAXxQT0BqO_Vr_deoQYM1MFyGOQSbCM8LcTddmKe_1w1wPsbjRIfykr6vLVDCGIpdl8BxFivM-l_D6ZHREvI5yLo2TWgDtk4axKVtsmTd_wMR6DneqRIGvT_ANthQdznN_UC-pz7dpes0FGBzw95fl4hTlByPCiBO8j8jnTFbd1lYQk1O_vwI-42mIdbgmW6_UopgSCeLQox33PP-ydPpAQ_eBWlJrtwx7882BdY5vUS1fqJO33FRBY9dhj4JFMD3lqsaXM8UVmi8Jw","width":1077}],"rating":4,"url":"https:\/\/maps.google.com\/?cid=14223424884816057779","user_ratings_total":50},"status":"OK"},"_links":{"self":[{"href":"https:\/\/adent.ch\/de\/wp-json\/wp\/v2\/clinique\/13012","targetHints":{"allow":["GET"]}}],"collection":[{"href":"https:\/\/adent.ch\/de\/wp-json\/wp\/v2\/clinique"}],"about":[{"href":"https:\/\/adent.ch\/de\/wp-json\/wp\/v2\/types\/clinique"}],"wp:attachment":[{"href":"https:\/\/adent.ch\/de\/wp-json\/wp\/v2\/media?parent=13012"}],"wp:term":[{"taxonomy":"region","embeddable":true,"href":"https:\/\/adent.ch\/de\/wp-json\/wp\/v2\/region?post=13012"},{"taxonomy":"clinique_treatment","embeddable":true,"href":"https:\/\/adent.ch\/de\/wp-json\/wp\/v2\/clinique_treatment?post=13012"}],"curies":[{"name":"wp","href":"https:\/\/api.w.org\/{rel}","templated":true}]}}