{"id":13525,"date":"2024-05-03T15:24:30","date_gmt":"2024-05-03T13:24:30","guid":{"rendered":"https:\/\/adent.ch\/clinique\/zuerich\/"},"modified":"2025-09-09T17:04:04","modified_gmt":"2025-09-09T15:04:04","slug":"zuerich","status":"publish","type":"clinique","link":"https:\/\/adent.ch\/de\/klinik\/zuerich\/","title":{"rendered":"Oerlikon"},"content":{"rendered":"<div class=\"two-column-block\" >\n\t<div class=\"container\">\n\t\t\t\t\t<h3 class=\"title\" data-sal=\"slide-up\" data-sal-delay=\"200\" data-sal-easing=\"ease-in-out\" data-sal-duration=\"300\">Ihr Adent-Zahnarzt im Zentrum Oerlikon<\/h3>\n\t\t\t\t\t\t\t<div class=\"row justify-content-between\" data-sal=\"slide-up\" data-sal-delay=\"200\" data-sal-easing=\"ease-in-out\" data-sal-duration=\"300\">\n\t\t\t\t\t\t\t\t\t\t\t\t\t\t\t<div class=\"col-md-6\">\n\t\t\t\t\t\t\t<div class=\"text-lg\">\n\t\t\t\t\t\t\t\t<p>Unser Zahnarztzentrum befindet sich im modernen, urbanen Teil von Oerlikon, Z\u00fcrich. Die Anwesenheit eines <a href=\"https:\/\/adent.ch\/de\/team\/\">kompletten Teams<\/a> von Zahn\u00e4rzten, Dentalhygienikern und Fachgebieten erm\u00f6glicht es Ihnen, <a href=\"https:\/\/adent.ch\/de\/behandlungen\/\">alle zahn\u00e4rztlichen<\/a> Behandlungen unter einem Dach zu erhalten. Unsere Teams sind geschult und ausgestattet, um Kinder vom fr\u00fchesten Alter an zu betreuen. Bei Adent erh\u00e4lt die ganze Familie eine Zahnpflege, die auf jeden Einzelnen zugeschnitten ist.<\/p>\n<p>In der Tat ist Weiterbildung ein integraler Bestandteil der <a href=\"https:\/\/adent.ch\/de\/gruppe\/\">Adent-Gruppe<\/a>. Unsere Zahn\u00e4rzte und Dentalhygienikerinnen sind immer auf dem neuesten Stand der Entwicklung.<\/p>\n<p>Unser Zentrum in Z\u00fcrich ist mit modernster Technologie ausgestattet. Jedes Zentrum ist mit digitaler Technologie ausgestattet. Unsere Teams nehmen regelm\u00e4ssig an Fortbildungen teil und sind so auf dem neuesten Stand der Entwicklungen und ihrer Nutzung. Weitere Informationen \u00fcber die Technologien, die bei Adent zum Einsatz kommen, finden Sie auf unserer speziellen Seite.<\/p>\n\t\t\t\t\t\t\t<\/div>\n\t\t\t\t\t\t\t\t\t\t\t\t\t\t\t\t\t\t\t\t\t\t<a href=\"https:\/\/adent.ch\/de\/info\/die-technologien-der-adent-gruppe\/\"  class=\"primary-btn\">Technologien bei Adent<\/a>\n\t\t\t\t\t\t\t\t\t\t\t\t\t\t\t\t\t\t\t\t<\/div>\n\t\t\t\t\t\t\t\t\t\t\t\t\t\t\t\t\t\t\t\t<div class=\"col-md-6\">\n\t\t\t\t\t\t\t<div class=\"text-lg\">\n\t\t\t\t\t\t\t\t<p>Unsere Dentalhygienikerinnen stehen Ihnen f\u00fcr <a href=\"https:\/\/adent.ch\/de\/behandlung\/zahnsteinentfernung-und-zahnhygiene\/\">Zahnreinigungen und Polituren<\/a> zur Verf\u00fcgung. Als Fachgebiete f\u00fcr Hygiene und Pr\u00e4vention behandeln sie auch die parodontale Lockerung. Sie betreuen <a href=\"https:\/\/adent.ch\/de\/behandlung\/zahnbehandlung-fuer-kinder\/\">Kinder vom fr\u00fchesten Alter an<\/a>. Bei Bedarf erhalten Sie eine professionelle Beratung zur Mundhygiene. Unsere Hygienikerinnen sind f\u00fcr die Anwendung der innovativen Technik <a href=\"https:\/\/adent.ch\/de\/info\/zahnsteinentfernung-guided-biofilm-technology\/\">GBT\u00ae &#8211; Guided Biofilm Therapy<\/a> der Schweizer Firma EMS Dental zertifiziert. Sie f\u00fchren auch <a href=\"https:\/\/adent.ch\/de\/behandlung\/zahnbleaching-und-aesthetisch-e-en-behandlungen\/\">professionelle Zahnaufhellungen<\/a> durch.<\/p>\n<p>Wenn Sie unter akuten Schmerzen leiden, ein Zahn abgebrochen ist oder Sie auf einen Zahn gefallen sind, wenden Sie sich an uns. Wir reservieren Zeitfenster f\u00fcr <a href=\"https:\/\/adent.ch\/de\/zahnaerztliche-notfaelle\/zurich\/\">Notf\u00e4lle<\/a>. Sie k\u00f6nnen auch unsere <a href=\"https:\/\/adent.ch\/de\/kieferorthopadie-zurich\/\">kieferorthop\u00e4dische Praxis in Z\u00fcrich<\/a> aufsuchen.<\/p>\n<p>Das Adent Zahnarztzentrum in Z\u00fcrich ist mit den \u00f6ffentlichen Verkehrsmitteln leicht zu erreichen. Ein geb\u00fchrenpflichtiger Parkplatz befindet sich direkt unterhalb des Zentrums. Die ebenerdige Lage erm\u00f6glicht einen einfachen Zugang f\u00fcr Kinderwagen und Personen mit eingeschr\u00e4nkter Mobilit\u00e4t.<\/p>\n<p>Willkommen!<\/p>\n<p>&nbsp;<\/p>\n\t\t\t\t\t\t\t<\/div>\n\t\t\t\t\t\t\t\t\t\t\t\t\t\t\t\t\t\t\t\t\t\t\t\t\t\t\t<\/div>\n\t\t\t\t\t\t\t\t\t\t\t\t<\/div>\n\t\t\t<\/div>\n<\/div>\n\n\n<div class=\"clinique-head-block one-member\" data-id=\"member-block\" id=\"member-block\">\n\t\t\t<div class=\"container\">\n\t\t\t\t\t\t\t<div class=\"row align-items-center\">\n\t\t\t\t\t<div class=\"col-md-6\">\n\t\t\t\t\t\t<div class=\"member-content-pic\">\n\t\t\t\t\t\t\t<img decoding=\"async\" src=\"https:\/\/adent.ch\/wp-content\/uploads\/2022\/09\/lara-shahinian_oe-1307x980.png\" alt=\"\" loading=\"lazy\">\n\t\t\t\t\t\t<\/div>\n\t\t\t\t\t<\/div>\n\t\t\t\t\t<div class=\"col-md-5\">\n\t\t\t\t\t\t<div class=\"member-content-infos\">\n\t\t\t\t\t\t\t<div class=\"h5 is-primary\">Zentrumsleiterin, Zahn\u00e4rztin<\/div>\n\t\t\t\t\t\t\t<h4 class=\"h2\">Lara <span class=\"last-name\">SHAHINIAN<\/span><\/h4>\n\t\t\t\t\t\t\t<div class=\"short-description\"><p>Zahn\u00e4rztin, die sich mit allgemeiner Zahnheilkunde und der Behandlung von Angstpatienten befasst.<\/p>\n<\/div>\n\t\t\t\t\t\t\t<a href=\"https:\/\/adent.ch\/de\/zahnarzt\/lara-shahinian\/\" class=\"primary-btn\">Profil ansehen<\/a>\n\t\t\t\t\t\t<\/div>\n\t\t\t\t\t<\/div>\n\t\t\t\t<\/div>\n\t\t\t\t\t<\/div>\n\t<\/div>\n\n\n\n<div class=\"content-type-selector-block has-bkg\" data-id=\"content-type-selector-block-38\" id=\"content-type-selector-block-38\">\n\t<div class=\"container\">\n\t\t<div class=\"block-heading\" data-sal=\"slide-up\" data-sal-delay=\"200\" data-sal-easing=\"ease-in-out\" data-sal-duration=\"300\">\n\t\t\t<h3 class=\"block-heading__title h2\">Zu Ihren Diensten<\/h3>\n\t\t\t<div class=\"block-heading__description is-dark\">Ein professionelles und freundliches Team, das bereit ist, Sie zu empfangen.<\/div>\n\t\t<\/div>\n\t\t<div class=\"members-slider\" data-sal=\"slide-up\" data-sal-delay=\"200\" data-sal-easing=\"ease-in-out\" data-sal-duration=\"300\">\n\t\t\t<div class=\"swiper\"><div class=\"swiper-wrapper\">\t\t\t\t\t\t\t<div class=\"swiper-slide\">\t\t\t\t<div class=\"equipe-card\">\n\t\t\t\t\t<div class=\"equipe-card__caption\">\n\t\t\t\t\t\t<div class=\"equipe-card__job\">Prophylaxeassistentin<\/div>\n\t\t\t\t\t\t<h6 class=\"equipe-card__name h3\">Barbara KESSLER<\/h6>\n\t\t\t\t\t\t\t\t\t\t\t\t\t<div class=\"equipe-card__description\"><article class=\"text-token-text-primary w-full focus:outline-none [--shadow-height:45px] has-data-writing-block:pointer-events-none has-data-writing-block:-mt-(--shadow-height) has-data-writing-block:pt-(--shadow-height) [&amp;:has([data-writing-block])&gt;*]:pointer-events-auto scroll-mt-[calc(var(--header-height)+min(200px,max(70px,20svh)))]\" dir=\"auto\" tabindex=\"-1\" data-turn-id=\"request-WEB:7c8055f6-18a9-4b19-af7b-43a258344f6a-1\" data-testid=\"conversation-turn-4\" data-scroll-anchor=\"true\" data-turn=\"assistant\">\n<div class=\"text-base my-auto mx-auto pb-10 [--thread-content-margin:--spacing(4)] thread-sm:[--thread-content-margin:--spacing(6)] thread-lg:[--thread-content-margin:--spacing(16)] px-(--thread-content-margin)\">\n<div class=\"[--thread-content-max-width:40rem] thread-lg:[--thread-content-max-width:48rem] mx-auto max-w-(--thread-content-max-width) flex-1 group\/turn-messages focus-visible:outline-hidden relative flex w-full min-w-0 flex-col agent-turn\" tabindex=\"-1\">\n<div class=\"flex max-w-full flex-col grow\">\n<div class=\"min-h-8 text-message relative flex w-full flex-col items-end gap-2 text-start break-words whitespace-normal [.text-message+&amp;]:mt-1\" dir=\"auto\" data-message-author-role=\"assistant\" data-message-id=\"9673ba86-7fe9-4881-abe4-ba31eececeb6\" data-message-model-slug=\"gpt-5\">\n<div class=\"flex w-full flex-col gap-1 empty:hidden first:pt-[1px]\">\n<div class=\"markdown prose dark:prose-invert w-full break-words light markdown-new-styling\">\n<p data-start=\"1679\" data-end=\"1771\" data-is-last-node=\"\" data-is-only-node=\"\">Barbara Kessler ist Prophylaxeassistentin und betreut sowohl Erwachsene als auch Kinder.<\/p>\n<\/div>\n<\/div>\n<\/div>\n<\/div>\n<div class=\"z-0 flex min-h-[46px] justify-start\"><\/div>\n<div class=\"mt-3 w-full empty:hidden\">\n<div class=\"text-center\"><\/div>\n<\/div>\n<\/div>\n<\/div>\n<\/article>\n<div class=\"pointer-events-none h-px w-px\" aria-hidden=\"true\" data-edge=\"true\"><\/div>\n<\/div>\n\t\t\t\t\t\t\t\t\t\t\t\t<div class=\"equipe-card__pic\">\n\t\t\t\t\t\t\t<img decoding=\"async\" src=\"https:\/\/adent.ch\/wp-content\/uploads\/2025\/11\/barbara-kessler_zurich.png\" alt=\"\" loading=\"lazy\">\n\t\t\t\t\t\t<\/div>\n\t\t\t\t\t\t<div class=\"equipe-card__footer\">\n\t\t\t\t\t\t\t<a href=\"https:\/\/adent.ch\/de\/zahnarzt\/barbara-kessler\/\" class=\"primary-btn\">Profil ansehen<\/a>\n\t\t\t\t\t\t<\/div>\n\t\t\t\t\t<\/div>\n\t\t\t\t<\/div>\n\t\t\t\t<\/div>\t\t\t\t\t\t\t<div class=\"swiper-slide\">\t\t\t\t<div class=\"equipe-card\">\n\t\t\t\t\t<div class=\"equipe-card__caption\">\n\t\t\t\t\t\t<div class=\"equipe-card__job\">Kieferorthop\u00e4din<\/div>\n\t\t\t\t\t\t<h6 class=\"equipe-card__name h3\">Eva JOHANNSEN<\/h6>\n\t\t\t\t\t\t\t\t\t\t\t\t\t<div class=\"equipe-card__description\"><p>Zahn\u00e4rztin, spezialisiert auf Kieferorthop\u00e4die. Sie bietet geeignete L\u00f6sungen zur Zahnkorrektur f\u00fcr Kinder, Jugendliche und Erwachsene.<\/p>\n<\/div>\n\t\t\t\t\t\t\t\t\t\t\t\t<div class=\"equipe-card__pic\">\n\t\t\t\t\t\t\t<img decoding=\"async\" src=\"https:\/\/adent.ch\/wp-content\/uploads\/2023\/02\/eva-johannsen-1307x980.png\" alt=\"\" loading=\"lazy\">\n\t\t\t\t\t\t<\/div>\n\t\t\t\t\t\t<div class=\"equipe-card__footer\">\n\t\t\t\t\t\t\t<a href=\"https:\/\/adent.ch\/de\/zahnarzt\/eva-johannsen\/\" class=\"primary-btn\">Profil ansehen<\/a>\n\t\t\t\t\t\t<\/div>\n\t\t\t\t\t<\/div>\n\t\t\t\t<\/div>\n\t\t\t\t<\/div>\t\t\t\t\t\t\t<div class=\"swiper-slide\">\t\t\t\t<div class=\"equipe-card\">\n\t\t\t\t\t<div class=\"equipe-card__caption\">\n\t\t\t\t\t\t<div class=\"equipe-card__job\">Zahnarzt<\/div>\n\t\t\t\t\t\t<h6 class=\"equipe-card__name h3\">Keliny KYRILLOS<\/h6>\n\t\t\t\t\t\t\t\t\t\t\t\t\t<div class=\"equipe-card__description\"><p>Zahnarzt, der allgemeine zahn\u00e4rztliche Leistungen erbringt.<\/p>\n<\/div>\n\t\t\t\t\t\t\t\t\t\t\t\t<div class=\"equipe-card__pic\">\n\t\t\t\t\t\t\t<img decoding=\"async\" src=\"https:\/\/adent.ch\/wp-content\/uploads\/2024\/07\/keliny_kyrillos_zurick-1307x980.png\" alt=\"\" loading=\"lazy\">\n\t\t\t\t\t\t<\/div>\n\t\t\t\t\t\t<div class=\"equipe-card__footer\">\n\t\t\t\t\t\t\t<a href=\"https:\/\/adent.ch\/de\/zahnarzt\/keliny-kyrillos\/\" class=\"primary-btn\">Profil ansehen<\/a>\n\t\t\t\t\t\t<\/div>\n\t\t\t\t\t<\/div>\n\t\t\t\t<\/div>\n\t\t\t\t<\/div>\t\t\t\t\t\t\t<div class=\"swiper-slide\">\t\t\t\t<div class=\"equipe-card\">\n\t\t\t\t\t<div class=\"equipe-card__caption\">\n\t\t\t\t\t\t<div class=\"equipe-card__job\">Dentalhygieniker<\/div>\n\t\t\t\t\t\t<h6 class=\"equipe-card__name h3\">Sergio MAIORANO<\/h6>\n\t\t\t\t\t\t\t\t\t\t\t\t\t<div class=\"equipe-card__description\"><p>Dentalhygieniker, ausgebildet in GBT: Guided Biofilm Therapy\u00ae, f\u00fchrt professionelle Zahnreinigungen durch und bietet Zahnbleachings an.<\/p>\n<\/div>\n\t\t\t\t\t\t\t\t\t\t\t\t<div class=\"equipe-card__pic\">\n\t\t\t\t\t\t\t<img decoding=\"async\" src=\"https:\/\/adent.ch\/wp-content\/uploads\/2024\/07\/sergio-maiorano_st-gall_zurich-1307x980.png\" alt=\"\" loading=\"lazy\">\n\t\t\t\t\t\t<\/div>\n\t\t\t\t\t\t<div class=\"equipe-card__footer\">\n\t\t\t\t\t\t\t<a href=\"https:\/\/adent.ch\/de\/zahnarzt\/sergio-maiorano\/\" class=\"primary-btn\">Profil ansehen<\/a>\n\t\t\t\t\t\t<\/div>\n\t\t\t\t\t<\/div>\n\t\t\t\t<\/div>\n\t\t\t\t<\/div>\t\t\t\t\t\t\t<div class=\"swiper-slide\">\t\t\t\t<div class=\"equipe-card\">\n\t\t\t\t\t<div class=\"equipe-card__caption\">\n\t\t\t\t\t\t<div class=\"equipe-card__job\">Zahn\u00e4rztin<\/div>\n\t\t\t\t\t\t<h6 class=\"equipe-card__name h3\">Silvia PER<\/h6>\n\t\t\t\t\t\t\t\t\t\t\t\t\t<div class=\"equipe-card__description\"><p>Zahn\u00e4rztin, der sich auf Kinderzahnpflege spezialisiert hat und Kinder betreut.<\/p>\n<\/div>\n\t\t\t\t\t\t\t\t\t\t\t\t<div class=\"equipe-card__pic\">\n\t\t\t\t\t\t\t<img decoding=\"async\" src=\"https:\/\/adent.ch\/wp-content\/uploads\/2024\/07\/silvia_per_stgall_windisch_zurich-1307x980.png\" alt=\"\" loading=\"lazy\">\n\t\t\t\t\t\t<\/div>\n\t\t\t\t\t\t<div class=\"equipe-card__footer\">\n\t\t\t\t\t\t\t<a href=\"https:\/\/adent.ch\/de\/zahnarzt\/silvia-per\/\" class=\"primary-btn\">Profil ansehen<\/a>\n\t\t\t\t\t\t<\/div>\n\t\t\t\t\t<\/div>\n\t\t\t\t<\/div>\n\t\t\t\t<\/div>\t\t\t\t\t\t<\/div><\/div><div class=\"swiper-button-prev\"><\/div><div class=\"swiper-button-next\"><\/div>\t\t<\/div>\n\t\t<div class=\"members-slider-pagination\"><\/div>\t<\/div>\n<\/div>\n\n\n<div class=\"cares-list-block\" >\n\t<div class=\"container\">\n\t\t<div class=\"row\">\n\t\t\t<div class=\"col-md-4\">\n\t\t\t\t<h2 class=\"title h3\">Entdecken Sie unsere Pflege<\/h2>\n\t\t\t\t<div class=\"text-lg is-dark\">Unsere Zahn\u00e4rzte und Dentalhygienikerinnen sind dazu da, all Ihre Bed\u00fcrfnisse in Bezug auf die Zahnpflege zu erf\u00fcllen. Bitte kontaktieren Sie uns f\u00fcr weitere Informationen.<\/div>\n\t\t\t\t<div class=\"cares-list-slider-pagination\"><\/div>\n\t\t\t<\/div>\n\t\t\t<div class=\"col-md-8\">\n\t\t\t\t<div class=\"cares-list-slider\">\n\t\t\t\t\t<div class=\"swiper\">\n\t\t\t\t\t\t<div class=\"swiper-wrapper\">\n\t\t\t\t\t\t\t\t\t\t\t\t\t\t\t<div class=\"swiper-slide\">\n\t\t\t\t\t\t\t\t\t<div class=\"care-slide\">\n\t\t\t\t\t\t\t\t\t\t<div class=\"care-slide__title h4\">Kieferorthop\u00e4die f\u00fcr Kinder und Erwachsene<\/div>\n\t\t\t\t\t\t\t\t\t\t\t\t\t\t\t\t\t\t\t\t\t<div class=\"care-slide__desc\">Verwandeln Sie Ihr L\u00e4cheln<\/div>\n\t\t\t\t\t\t\t\t\t\t\t\t\t\t\t\t\t\t\t\t<div class=\"care-slide__link\">\n\t\t\t\t\t\t\t\t\t\t\t<a href=\"https:\/\/adent.ch\/de\/behandlung\/kieferorthopaedie-fuer-kinder-und-erwachsene\/\" class=\"inline-link\">Weiterlesen<\/a>\n\t\t\t\t\t\t\t\t\t\t<\/div>\n\t\t\t\t\t\t\t\t\t<\/div>\n\t\t\t\t\t\t\t\t<\/div>\n\t\t\t\t\t\t\t\t\t\t\t\t\t\t\t<div class=\"swiper-slide\">\n\t\t\t\t\t\t\t\t\t<div class=\"care-slide\">\n\t\t\t\t\t\t\t\t\t\t<div class=\"care-slide__title h4\">Zahnreinigung und Zahnhygiene<\/div>\n\t\t\t\t\t\t\t\t\t\t\t\t\t\t\t\t\t\t\t\t\t<div class=\"care-slide__desc\">Ein gesund aussehendes L\u00e4cheln<\/div>\n\t\t\t\t\t\t\t\t\t\t\t\t\t\t\t\t\t\t\t\t<div class=\"care-slide__link\">\n\t\t\t\t\t\t\t\t\t\t\t<a href=\"https:\/\/adent.ch\/de\/behandlung\/zahnsteinentfernung-und-zahnhygiene\/\" class=\"inline-link\">Weiterlesen<\/a>\n\t\t\t\t\t\t\t\t\t\t<\/div>\n\t\t\t\t\t\t\t\t\t<\/div>\n\t\t\t\t\t\t\t\t<\/div>\n\t\t\t\t\t\t\t\t\t\t\t\t\t\t\t<div class=\"swiper-slide\">\n\t\t\t\t\t\t\t\t\t<div class=\"care-slide\">\n\t\t\t\t\t\t\t\t\t\t<div class=\"care-slide__title h4\">Bleaching und \u00e4sthetische Behandlungen<\/div>\n\t\t\t\t\t\t\t\t\t\t\t\t\t\t\t\t\t\t\t\t\t<div class=\"care-slide__desc\">Ein noch strahlenderes L\u00e4cheln f\u00fcr maximales Selbstvertrauen<\/div>\n\t\t\t\t\t\t\t\t\t\t\t\t\t\t\t\t\t\t\t\t<div class=\"care-slide__link\">\n\t\t\t\t\t\t\t\t\t\t\t<a href=\"https:\/\/adent.ch\/de\/behandlung\/zahnbleaching-und-aesthetisch-e-en-behandlungen\/\" class=\"inline-link\">Weiterlesen<\/a>\n\t\t\t\t\t\t\t\t\t\t<\/div>\n\t\t\t\t\t\t\t\t\t<\/div>\n\t\t\t\t\t\t\t\t<\/div>\n\t\t\t\t\t\t\t\t\t\t\t\t\t\t\t<div class=\"swiper-slide\">\n\t\t\t\t\t\t\t\t\t<div class=\"care-slide\">\n\t\t\t\t\t\t\t\t\t\t<div class=\"care-slide__title h4\">\u00dcbliche Zahnpflege<\/div>\n\t\t\t\t\t\t\t\t\t\t\t\t\t\t\t\t\t\t\t\t\t<div class=\"care-slide__desc\">Ein umfassendes Kompetenzzentrum f\u00fcr Sie und Ihre Kinder<\/div>\n\t\t\t\t\t\t\t\t\t\t\t\t\t\t\t\t\t\t\t\t<div class=\"care-slide__link\">\n\t\t\t\t\t\t\t\t\t\t\t<a href=\"https:\/\/adent.ch\/de\/behandlung\/zahnaerztliche-routineversorgung\/\" class=\"inline-link\">Weiterlesen<\/a>\n\t\t\t\t\t\t\t\t\t\t<\/div>\n\t\t\t\t\t\t\t\t\t<\/div>\n\t\t\t\t\t\t\t\t<\/div>\n\t\t\t\t\t\t\t\t\t\t\t\t\t\t\t<div class=\"swiper-slide\">\n\t\t\t\t\t\t\t\t\t<div class=\"care-slide\">\n\t\t\t\t\t\t\t\t\t\t<div class=\"care-slide__title h4\">Zahnpflege f\u00fcr Kinder<\/div>\n\t\t\t\t\t\t\t\t\t\t\t\t\t\t\t\t\t\t\t\t\t<div class=\"care-slide__desc\">Angepasstes Know-how<\/div>\n\t\t\t\t\t\t\t\t\t\t\t\t\t\t\t\t\t\t\t\t<div class=\"care-slide__link\">\n\t\t\t\t\t\t\t\t\t\t\t<a href=\"https:\/\/adent.ch\/de\/behandlung\/zahnbehandlung-fuer-kinder\/\" class=\"inline-link\">Weiterlesen<\/a>\n\t\t\t\t\t\t\t\t\t\t<\/div>\n\t\t\t\t\t\t\t\t\t<\/div>\n\t\t\t\t\t\t\t\t<\/div>\n\t\t\t\t\t\t\t\t\t\t\t\t\t\t\t<div class=\"swiper-slide\">\n\t\t\t\t\t\t\t\t\t<div class=\"care-slide\">\n\t\t\t\t\t\t\t\t\t\t<div class=\"care-slide__title h4\">Zahnprothese<\/div>\n\t\t\t\t\t\t\t\t\t\t\t\t\t\t\t\t\t\t\t\t\t<div class=\"care-slide__desc\">Geben Sie Ihrem L\u00e4cheln seinen Glanz zur\u00fcck mit unseren massgeschneiderten Zahnprothesen.<\/div>\n\t\t\t\t\t\t\t\t\t\t\t\t\t\t\t\t\t\t\t\t<div class=\"care-slide__link\">\n\t\t\t\t\t\t\t\t\t\t\t<a href=\"https:\/\/adent.ch\/de\/behandlung\/implantate-und-zahnsanierung\/\" class=\"inline-link\">Weiterlesen<\/a>\n\t\t\t\t\t\t\t\t\t\t<\/div>\n\t\t\t\t\t\t\t\t\t<\/div>\n\t\t\t\t\t\t\t\t<\/div>\n\t\t\t\t\t\t\t\t\t\t\t\t\t\t\t<div class=\"swiper-slide\">\n\t\t\t\t\t\t\t\t\t<div class=\"care-slide\">\n\t\t\t\t\t\t\t\t\t\t<div class=\"care-slide__title h4\">Implantat und Restauration<\/div>\n\t\t\t\t\t\t\t\t\t\t\t\t\t\t\t\t\t\t\t\t\t<div class=\"care-slide__desc\">Komfort und \u00c4sthetik dank Zahnimplantaten<\/div>\n\t\t\t\t\t\t\t\t\t\t\t\t\t\t\t\t\t\t\t\t<div class=\"care-slide__link\">\n\t\t\t\t\t\t\t\t\t\t\t<a href=\"https:\/\/adent.ch\/de\/behandlung\/implantat-und-restauration\/\" class=\"inline-link\">Weiterlesen<\/a>\n\t\t\t\t\t\t\t\t\t\t<\/div>\n\t\t\t\t\t\t\t\t\t<\/div>\n\t\t\t\t\t\t\t\t<\/div>\n\t\t\t\t\t\t\t\t\t\t\t\t\t<\/div>\n\t\t\t\t\t<\/div>\n\t\t\t\t\t<div class=\"swiper-button-prev\"><\/div>\n\t\t\t\t\t<div class=\"swiper-button-next\"><\/div>\n\t\t\t\t<\/div>\n\t\t\t<\/div>\n\t\t<\/div>\n\t<\/div>\n<\/div>\n\n\n\t<div class=\"cta-block without-image\" >\n\t\t<div class=\"container\" data-sal=\"slide-up\" data-sal-delay=\"200\" data-sal-easing=\"ease-in-out\" data-sal-duration=\"300\">\n\t\t\t<div class=\"row justify-content-center\">\n\t\t\t\t<div class=\"col-md-8\">\n\t\t\t\t\t<div class=\"subtitle\"><\/div>\n\t\t\t\t\t<h4 class=\"title\">Zahnnotfall? <\/h4>\n\t\t\t\t\t<p class=\"text\">Rufen Sie unser Zentrum jetzt an f\u00fcr eine schnelle Behandlung.<\/p>\n\t\t\t\t\t\t\t\t\t\t\t<a href=\"tel:+41 44 441 74 20\"  class=\"primary-btn\">Rufen Sie uns an<\/a>\n\t\t\t\t\t\t\t\t\t<\/div>\n\t\t\t<\/div>\n\t\t<\/div>\n\t<\/div>\n","protected":false},"template":"","region":[164,163,175],"clinique_treatment":[],"class_list":["post-13525","clinique","type-clinique","status-publish","hentry","region-deutschschweiz","region-zuerich","region-schweizweit"],"acf":{"banner_clinique":{"image":{"ID":6451,"id":6451,"title":"ADENT_Clinique_Oerlikon_banner_1619x826","filename":"adent_clinique_oerlikon_banner_1619x826.jpg","filesize":246682,"url":"https:\/\/adent.ch\/wp-content\/uploads\/2022\/07\/adent_clinique_oerlikon_banner_1619x826.jpg","link":"https:\/\/adent.ch\/de\/klinik\/zuerich\/adent_clinique_oerlikon_banner_1619x826-2\/","alt":"","author":"2","description":"","caption":"","name":"adent_clinique_oerlikon_banner_1619x826-2","status":"inherit","uploaded_to":13525,"date":"2022-07-10 11:20:34","modified":"2024-05-03 13:24:31","menu_order":0,"mime_type":"image\/jpeg","type":"image","subtype":"jpeg","icon":"https:\/\/adent.ch\/wp-includes\/images\/media\/default.png","width":1619,"height":826,"sizes":{"thumbnail":"https:\/\/adent.ch\/wp-content\/uploads\/2022\/07\/adent_clinique_oerlikon_banner_1619x826-150x150.jpg","thumbnail-width":150,"thumbnail-height":150,"medium":"https:\/\/adent.ch\/wp-content\/uploads\/2022\/07\/adent_clinique_oerlikon_banner_1619x826-300x153.jpg","medium-width":300,"medium-height":153,"medium_large":"https:\/\/adent.ch\/wp-content\/uploads\/2022\/07\/adent_clinique_oerlikon_banner_1619x826-768x392.jpg","medium_large-width":768,"medium_large-height":392,"large":"https:\/\/adent.ch\/wp-content\/uploads\/2022\/07\/adent_clinique_oerlikon_banner_1619x826.jpg","large-width":1619,"large-height":826,"1536x1536":"https:\/\/adent.ch\/wp-content\/uploads\/2022\/07\/adent_clinique_oerlikon_banner_1619x826-1536x784.jpg","1536x1536-width":1536,"1536x1536-height":784,"2048x2048":"https:\/\/adent.ch\/wp-content\/uploads\/2022\/07\/adent_clinique_oerlikon_banner_1619x826.jpg","2048x2048-width":1619,"2048x2048-height":826,"gform-image-choice-sm":"https:\/\/adent.ch\/wp-content\/uploads\/2022\/07\/adent_clinique_oerlikon_banner_1619x826.jpg","gform-image-choice-sm-width":300,"gform-image-choice-sm-height":153,"gform-image-choice-md":"https:\/\/adent.ch\/wp-content\/uploads\/2022\/07\/adent_clinique_oerlikon_banner_1619x826.jpg","gform-image-choice-md-width":400,"gform-image-choice-md-height":204,"gform-image-choice-lg":"https:\/\/adent.ch\/wp-content\/uploads\/2022\/07\/adent_clinique_oerlikon_banner_1619x826.jpg","gform-image-choice-lg-width":600,"gform-image-choice-lg-height":306}},"note":""},"phone":"+41 44 441 74 20","email":"oerlikon@adent.ch","address":"Sch\u00e4renmoosstrasse 77","postal_code":"8052","access":{"bus":"Bus 781 (Haltestelle Glattpark, Wright Strasse) oder 768 (Haltestelle Seebacherplatz) \/ Tram 10, 11 (Haltestelle Oerlikerhus)","bus_link":"","train":"Bahnhof Z\u00fcrich Oerlikon 1,5 km","train_link":"","parking":"Au\u00dfenparkplatz des Aldi-Einkaufszentrums (Aldi Parkhaus)  ","parking_link":""},"schedule":{"title":"\u00d6ffnungszeiten","description":"<p>Samstags: nur nach Vereinbarung<\/p>\n"},"clinique_location_id":"ChIJx-_BA3agmkcR50yfW8vDBxE","soins":[{"id":62,"adult":"k1460_01t19","teenager":"k1460_01t19","kid":"k1460_01t19"},{"id":63,"adult":"k1460_01t21","teenager":"k1460_01t21","kid":"k1460_01t20"},{"id":64,"adult":"k1460_01t22","teenager":"k1460_01t22","kid":"k1460_01t22"},{"id":65,"adult":"k1460_01t23","teenager":"k1460_01t23","kid":"k1460_01t23"},{"id":67,"adult":"k1460_01t24","teenager":"k1460_01t24","kid":"k1460_01t24"},{"id":72,"adult":"k1460_01t25","teenager":"k1460_01t25","kid":""},{"id":71,"adult":"k1460_01t26","teenager":"k1460_01t26","kid":"k1460_01t26"},{"id":230,"adult":"k1460_01t27","teenager":"k1460_01t27","kid":"k1460_01t27"},{"id":231,"adult":"k1460_01t28","teenager":"k1460_01t28","kid":"k1460_01t28"}],"subtitle":"Adent Zahnarztzentrum","city":"Z\u00fcrich","code_zawin":"https:\/\/oa.zawin.ch\/k1460_01","code_zawin_emergencies":"https:\/\/oa.zawin.ch\/k1460_01t38","short_description":"","aggregated_city":"","clinique_tag":"","itinerary":"https:\/\/www.google.com\/maps\/dir\/\/Zahnarzt+Z%C3%BCrich+%7C+Adent,+Sch%C3%A4renmoosstrasse,+Zurich,+Suisse\/@47.4195177,8.4741735,18882m\/data=!3m1!1e3!4m8!4m7!1m0!1m5!1m1!1s0x479aa07603c1efc7:0x1107c3cb5b9f4ce7!2m2!1d8.5565743!2d47.4194311?entry=ttu&g_ep=EgoyMDI1MDQyOC4wIKXMDSoJLDEwMjExNDUzSAFQAw%3D%3D","marker_image":{"ID":6454,"id":6454,"title":"ADENT_Clinique_Oerlikon_map_1024x768","filename":"adent_clinique_oerlikon_map_1024x768.jpg","filesize":100956,"url":"https:\/\/adent.ch\/wp-content\/uploads\/2022\/07\/adent_clinique_oerlikon_map_1024x768.jpg","link":"https:\/\/adent.ch\/de\/klinik\/zuerich\/adent_clinique_oerlikon_map_1024x768-2\/","alt":"","author":"2","description":"","caption":"","name":"adent_clinique_oerlikon_map_1024x768-2","status":"inherit","uploaded_to":13525,"date":"2022-07-10 11:20:36","modified":"2024-05-03 13:24:31","menu_order":0,"mime_type":"image\/jpeg","type":"image","subtype":"jpeg","icon":"https:\/\/adent.ch\/wp-includes\/images\/media\/default.png","width":1024,"height":768,"sizes":{"thumbnail":"https:\/\/adent.ch\/wp-content\/uploads\/2022\/07\/adent_clinique_oerlikon_map_1024x768-150x150.jpg","thumbnail-width":150,"thumbnail-height":150,"medium":"https:\/\/adent.ch\/wp-content\/uploads\/2022\/07\/adent_clinique_oerlikon_map_1024x768-300x225.jpg","medium-width":300,"medium-height":225,"medium_large":"https:\/\/adent.ch\/wp-content\/uploads\/2022\/07\/adent_clinique_oerlikon_map_1024x768-768x576.jpg","medium_large-width":768,"medium_large-height":576,"large":"https:\/\/adent.ch\/wp-content\/uploads\/2022\/07\/adent_clinique_oerlikon_map_1024x768.jpg","large-width":1024,"large-height":768,"1536x1536":"https:\/\/adent.ch\/wp-content\/uploads\/2022\/07\/adent_clinique_oerlikon_map_1024x768.jpg","1536x1536-width":1024,"1536x1536-height":768,"2048x2048":"https:\/\/adent.ch\/wp-content\/uploads\/2022\/07\/adent_clinique_oerlikon_map_1024x768.jpg","2048x2048-width":1024,"2048x2048-height":768,"gform-image-choice-sm":"https:\/\/adent.ch\/wp-content\/uploads\/2022\/07\/adent_clinique_oerlikon_map_1024x768.jpg","gform-image-choice-sm-width":300,"gform-image-choice-sm-height":225,"gform-image-choice-md":"https:\/\/adent.ch\/wp-content\/uploads\/2022\/07\/adent_clinique_oerlikon_map_1024x768.jpg","gform-image-choice-md-width":400,"gform-image-choice-md-height":300,"gform-image-choice-lg":"https:\/\/adent.ch\/wp-content\/uploads\/2022\/07\/adent_clinique_oerlikon_map_1024x768.jpg","gform-image-choice-lg-width":600,"gform-image-choice-lg-height":450}},"marker":{"address":"Zahnarzt Z\u00fcrich \u2013 Oerlikon | Adent, Sch\u00e4renmoosstrasse 77, 8052 Zurich, Suisse","lat":47.41943109999999,"lng":8.556574300000001,"zoom":14,"place_id":"ChIJx-_BA3agmkcR50yfW8vDBxE","name":"Zahnarzt Z\u00fcrich \u2013 Oerlikon | Adent","street_number":"77","street_name":"Sch\u00e4renmoosstrasse","city":"Z\u00fcrich","state":"Z\u00fcrich","state_short":"ZH","post_code":"8052","country":"Suisse","country_short":"CH"}},"yoast_head":"<!-- This site is optimized with the Yoast SEO plugin v26.4 - https:\/\/yoast.com\/wordpress\/plugins\/seo\/ -->\n<title>Zahnarzt in Oerlikon (Z\u00fcrich) | Adent Zahnarztzentrum<\/title>\n<meta name=\"description\" content=\"Suchen Sie einen Zahnarzt in Z\u00fcrich? Das Zentrum in Z\u00fcrich Oerlikon bietet alle zahn\u00e4rztlichen Leistungen f\u00fcr Erwachsene und Kinder unter einem Dach.\" \/>\n<meta name=\"robots\" content=\"index, follow, max-snippet:-1, max-image-preview:large, max-video-preview:-1\" \/>\n<link rel=\"canonical\" href=\"https:\/\/adent.ch\/de\/klinik\/zuerich\/\" \/>\n<meta property=\"og:locale\" content=\"de_DE\" \/>\n<meta property=\"og:type\" content=\"article\" \/>\n<meta property=\"og:title\" content=\"Zahnarzt in Oerlikon (Z\u00fcrich) | Adent Zahnarztzentrum\" \/>\n<meta property=\"og:description\" content=\"Suchen Sie einen Zahnarzt in Z\u00fcrich? Das Zentrum in Z\u00fcrich Oerlikon bietet alle zahn\u00e4rztlichen Leistungen f\u00fcr Erwachsene und Kinder unter einem Dach.\" \/>\n<meta property=\"og:url\" content=\"https:\/\/adent.ch\/de\/klinik\/zuerich\/\" \/>\n<meta property=\"og:site_name\" content=\"Adent Zahnarztzentrum\" \/>\n<meta property=\"article:publisher\" content=\"https:\/\/www.facebook.com\/adentcliniquesdentaires\/\" \/>\n<meta property=\"article:modified_time\" content=\"2025-09-09T15:04:04+00:00\" \/>\n<meta property=\"og:image\" content=\"https:\/\/adent.ch\/wp-content\/uploads\/2024\/04\/adent-aubonne-mai-2022-igor-laski-web-hd-srvb-48.jpg\" \/>\n\t<meta property=\"og:image:width\" content=\"1619\" \/>\n\t<meta property=\"og:image:height\" content=\"1080\" \/>\n\t<meta property=\"og:image:type\" content=\"image\/jpeg\" \/>\n<meta name=\"twitter:card\" content=\"summary_large_image\" \/>\n<script type=\"application\/ld+json\" class=\"yoast-schema-graph\">{\"@context\":\"https:\/\/schema.org\",\"@graph\":[{\"@type\":\"WebPage\",\"@id\":\"https:\/\/adent.ch\/de\/klinik\/zuerich\/\",\"url\":\"https:\/\/adent.ch\/de\/klinik\/zuerich\/\",\"name\":\"Zahnarzt in Oerlikon (Z\u00fcrich) | Adent Zahnarztzentrum\",\"isPartOf\":{\"@id\":\"https:\/\/adent.ch\/de\/#website\"},\"datePublished\":\"2024-05-03T13:24:30+00:00\",\"dateModified\":\"2025-09-09T15:04:04+00:00\",\"description\":\"Suchen Sie einen Zahnarzt in Z\u00fcrich? Das Zentrum in Z\u00fcrich Oerlikon bietet alle zahn\u00e4rztlichen Leistungen f\u00fcr Erwachsene und Kinder unter einem Dach.\",\"breadcrumb\":{\"@id\":\"https:\/\/adent.ch\/de\/klinik\/zuerich\/#breadcrumb\"},\"inLanguage\":\"de-CH\",\"potentialAction\":[{\"@type\":\"ReadAction\",\"target\":[\"https:\/\/adent.ch\/de\/klinik\/zuerich\/\"]}]},{\"@type\":\"BreadcrumbList\",\"@id\":\"https:\/\/adent.ch\/de\/klinik\/zuerich\/#breadcrumb\",\"itemListElement\":[{\"@type\":\"ListItem\",\"position\":1,\"name\":\"Zahnarztzentrum\",\"item\":\"https:\/\/adent.ch\/de\/zahnkliniken\/\"},{\"@type\":\"ListItem\",\"position\":2,\"name\":\"Oerlikon\"}]},{\"@type\":\"WebSite\",\"@id\":\"https:\/\/adent.ch\/de\/#website\",\"url\":\"https:\/\/adent.ch\/de\/\",\"name\":\"Adent Zahnarztzentrum\",\"description\":\"\",\"publisher\":{\"@id\":\"https:\/\/adent.ch\/de\/#organization\"},\"potentialAction\":[{\"@type\":\"SearchAction\",\"target\":{\"@type\":\"EntryPoint\",\"urlTemplate\":\"https:\/\/adent.ch\/de\/?s={search_term_string}\"},\"query-input\":{\"@type\":\"PropertyValueSpecification\",\"valueRequired\":true,\"valueName\":\"search_term_string\"}}],\"inLanguage\":\"de-CH\"},{\"@type\":\"Organization\",\"@id\":\"https:\/\/adent.ch\/de\/#organization\",\"name\":\"Adent Cliniques Dentaires\",\"url\":\"https:\/\/adent.ch\/de\/\",\"logo\":{\"@type\":\"ImageObject\",\"inLanguage\":\"de-CH\",\"@id\":\"https:\/\/adent.ch\/de\/#\/schema\/logo\/image\/\",\"url\":\"https:\/\/adent.ch\/wp-content\/uploads\/2022\/09\/adent-habefast-logo-2018-fr-05032019-rvb-scaled.jpg\",\"contentUrl\":\"https:\/\/adent.ch\/wp-content\/uploads\/2022\/09\/adent-habefast-logo-2018-fr-05032019-rvb-scaled.jpg\",\"width\":2880,\"height\":750,\"caption\":\"Adent Cliniques Dentaires\"},\"image\":{\"@id\":\"https:\/\/adent.ch\/de\/#\/schema\/logo\/image\/\"},\"sameAs\":[\"https:\/\/www.facebook.com\/adentcliniquesdentaires\/\",\"https:\/\/www.instagram.com\/adent.ch\/\",\"https:\/\/www.youtube.com\/channel\/UCPd5UjY-ipuq3MhW6m0W-wg\",\"https:\/\/www.linkedin.com\/company\/adent-cliniques-dentaires\/?originalSubdomain=ch\"]}]}<\/script>\n<!-- \/ Yoast SEO plugin. -->","yoast_head_json":{"title":"Zahnarzt in Oerlikon (Z\u00fcrich) | Adent Zahnarztzentrum","description":"Suchen Sie einen Zahnarzt in Z\u00fcrich? Das Zentrum in Z\u00fcrich Oerlikon bietet alle zahn\u00e4rztlichen Leistungen f\u00fcr Erwachsene und Kinder unter einem Dach.","robots":{"index":"index","follow":"follow","max-snippet":"max-snippet:-1","max-image-preview":"max-image-preview:large","max-video-preview":"max-video-preview:-1"},"canonical":"https:\/\/adent.ch\/de\/klinik\/zuerich\/","og_locale":"de_DE","og_type":"article","og_title":"Zahnarzt in Oerlikon (Z\u00fcrich) | Adent Zahnarztzentrum","og_description":"Suchen Sie einen Zahnarzt in Z\u00fcrich? Das Zentrum in Z\u00fcrich Oerlikon bietet alle zahn\u00e4rztlichen Leistungen f\u00fcr Erwachsene und Kinder unter einem Dach.","og_url":"https:\/\/adent.ch\/de\/klinik\/zuerich\/","og_site_name":"Adent Zahnarztzentrum","article_publisher":"https:\/\/www.facebook.com\/adentcliniquesdentaires\/","article_modified_time":"2025-09-09T15:04:04+00:00","og_image":[{"width":1619,"height":1080,"url":"https:\/\/adent.ch\/wp-content\/uploads\/2024\/04\/adent-aubonne-mai-2022-igor-laski-web-hd-srvb-48.jpg","type":"image\/jpeg"}],"twitter_card":"summary_large_image","schema":{"@context":"https:\/\/schema.org","@graph":[{"@type":"WebPage","@id":"https:\/\/adent.ch\/de\/klinik\/zuerich\/","url":"https:\/\/adent.ch\/de\/klinik\/zuerich\/","name":"Zahnarzt in Oerlikon (Z\u00fcrich) | Adent Zahnarztzentrum","isPartOf":{"@id":"https:\/\/adent.ch\/de\/#website"},"datePublished":"2024-05-03T13:24:30+00:00","dateModified":"2025-09-09T15:04:04+00:00","description":"Suchen Sie einen Zahnarzt in Z\u00fcrich? Das Zentrum in Z\u00fcrich Oerlikon bietet alle zahn\u00e4rztlichen Leistungen f\u00fcr Erwachsene und Kinder unter einem Dach.","breadcrumb":{"@id":"https:\/\/adent.ch\/de\/klinik\/zuerich\/#breadcrumb"},"inLanguage":"de-CH","potentialAction":[{"@type":"ReadAction","target":["https:\/\/adent.ch\/de\/klinik\/zuerich\/"]}]},{"@type":"BreadcrumbList","@id":"https:\/\/adent.ch\/de\/klinik\/zuerich\/#breadcrumb","itemListElement":[{"@type":"ListItem","position":1,"name":"Zahnarztzentrum","item":"https:\/\/adent.ch\/de\/zahnkliniken\/"},{"@type":"ListItem","position":2,"name":"Oerlikon"}]},{"@type":"WebSite","@id":"https:\/\/adent.ch\/de\/#website","url":"https:\/\/adent.ch\/de\/","name":"Adent Zahnarztzentrum","description":"","publisher":{"@id":"https:\/\/adent.ch\/de\/#organization"},"potentialAction":[{"@type":"SearchAction","target":{"@type":"EntryPoint","urlTemplate":"https:\/\/adent.ch\/de\/?s={search_term_string}"},"query-input":{"@type":"PropertyValueSpecification","valueRequired":true,"valueName":"search_term_string"}}],"inLanguage":"de-CH"},{"@type":"Organization","@id":"https:\/\/adent.ch\/de\/#organization","name":"Adent Cliniques Dentaires","url":"https:\/\/adent.ch\/de\/","logo":{"@type":"ImageObject","inLanguage":"de-CH","@id":"https:\/\/adent.ch\/de\/#\/schema\/logo\/image\/","url":"https:\/\/adent.ch\/wp-content\/uploads\/2022\/09\/adent-habefast-logo-2018-fr-05032019-rvb-scaled.jpg","contentUrl":"https:\/\/adent.ch\/wp-content\/uploads\/2022\/09\/adent-habefast-logo-2018-fr-05032019-rvb-scaled.jpg","width":2880,"height":750,"caption":"Adent Cliniques Dentaires"},"image":{"@id":"https:\/\/adent.ch\/de\/#\/schema\/logo\/image\/"},"sameAs":["https:\/\/www.facebook.com\/adentcliniquesdentaires\/","https:\/\/www.instagram.com\/adent.ch\/","https:\/\/www.youtube.com\/channel\/UCPd5UjY-ipuq3MhW6m0W-wg","https:\/\/www.linkedin.com\/company\/adent-cliniques-dentaires\/?originalSubdomain=ch"]}]}},"google_datas":{"html_attributions":[],"result":{"current_opening_hours":{"open_now":true,"periods":[{"close":{"date":"2025-12-01","day":1,"time":"1830"},"open":{"date":"2025-12-01","day":1,"time":"0800"}},{"close":{"date":"2025-12-02","day":2,"time":"1830"},"open":{"date":"2025-12-02","day":2,"time":"0800"}},{"close":{"date":"2025-11-26","day":3,"time":"1830"},"open":{"date":"2025-11-26","day":3,"time":"0800"}},{"close":{"date":"2025-11-27","day":4,"time":"1830"},"open":{"date":"2025-11-27","day":4,"time":"0800"}},{"close":{"date":"2025-11-28","day":5,"time":"1600"},"open":{"date":"2025-11-28","day":5,"time":"0800"}}],"weekday_text":["lundi: 08:00\u2009\u2013\u200918:30","mardi: 08:00\u2009\u2013\u200918:30","mercredi: 08:00\u2009\u2013\u200918:30","jeudi: 08:00\u2009\u2013\u200918:30","vendredi: 08:00\u2009\u2013\u200916:00","samedi: Ferm\u00e9","dimanche: Ferm\u00e9"]},"opening_hours":{"open_now":true,"periods":[{"close":{"day":1,"time":"1830"},"open":{"day":1,"time":"0800"}},{"close":{"day":2,"time":"1830"},"open":{"day":2,"time":"0800"}},{"close":{"day":3,"time":"1830"},"open":{"day":3,"time":"0800"}},{"close":{"day":4,"time":"1830"},"open":{"day":4,"time":"0800"}},{"close":{"day":5,"time":"1600"},"open":{"day":5,"time":"0800"}}],"weekday_text":["lundi: 08:00\u2009\u2013\u200918:30","mardi: 08:00\u2009\u2013\u200918:30","mercredi: 08:00\u2009\u2013\u200918:30","jeudi: 08:00\u2009\u2013\u200918:30","vendredi: 08:00\u2009\u2013\u200916:00","samedi: Ferm\u00e9","dimanche: Ferm\u00e9"]},"photos":[{"height":800,"html_attributions":["<a href=\"https:\/\/maps.google.com\/maps\/contrib\/107619385130055411619\">Zahnarzt Z\u00fcrich | Adent<\/a>"],"photo_reference":"AWn5SU7EY41judpBTSXw9eDP_jJ1i3tQk6sKTv3HehOLlh-g7tUpHna9ZReQ5H9EnxadDNCDuzgZrx4FgpWYpCSzlI_PMT3hBqTTruxYKCTg7ozp9yzYMySzEuEm5k2NQTEpxyjuHgn9LovBulSos3OP09gGGlAFBuv4TWlOObMUTZGeF0afZNHICN-lt9sZcZ75nBEX1vW19E2hmOJrcF92u1-WrqjLyt9_tQut3Zr7TGUHYzWdd4EzcpqKfoQIUREDAhTlqOpG7F0bvTnFgFhMdIki1MmLPxRY8wRGve2D1lu_8w","width":1200},{"height":1920,"html_attributions":["<a href=\"https:\/\/maps.google.com\/maps\/contrib\/104260244537469362941\">livio plantamura<\/a>"],"photo_reference":"AWn5SU7fPgpFoDlqimj8D_v8Wj9jqnbuKqgD_6osxlEteh5RKmLUTsAVp4YGwp3h98jdbQ8oHmTh6Z7QnjXr5FimHxHHX-CcEmmCmyVjNhPyHO5pNpSReH488jvSvNQcy0AOSsFCogLT13HzxJRzmVYqMrKvFMUDwX9rO_H69K7ORxfR_lVO-lsBR0nvRVTEzu8pdXEpOGe1K5OiQQClSb_KFTAYX5EG_jeOZtmu168QYOq1CK8LHJJfDrMXbn_-KdBxL0bKoOk5Hd0KMaafeHfTghTOoDckYq-5AoXdypQHdFrv5ef86qvG26tsfoZj1dpNgBXjuniBLnP1r_NISutq0bgtzjNlS70yYToUdu0xy9pNcWzN1IY4s-61QGhlwydArvCDijB1E2LE8-T6tUElj0izsbuHFY316FJPD9Jg_3HQZxQX","width":934},{"height":800,"html_attributions":["<a href=\"https:\/\/maps.google.com\/maps\/contrib\/107619385130055411619\">Zahnarzt Z\u00fcrich | Adent<\/a>"],"photo_reference":"AWn5SU4bWY1ht1bsxeXyBeh_2Ez791I2-MZ0PwWdQRdi-tJLu_9mc4jvfsRCn6zpcjyI6tbV5pa7KB5F0kq_LtBUNn7ARb_w4xqs7Ncl9pr4tnwnAaCyOHyL2CwfjdFMMNxMnpDQybsPdrl5frKQbyag9c-98qs6AnofwC90kcQG0tsBGfTP7WAmoxuBR_UeDK2sRRHVKhcSHYYQHWq8Fhs6oU3ZyMjqm7NYDJn2Vtbww5eNQnfYrNn7tMb5QCN-989YHBs--wbnnM93NgVw_sm6wOFTWZsuuhOmFOSmHGbCODwjVw","width":1200},{"height":1889,"html_attributions":["<a href=\"https:\/\/maps.google.com\/maps\/contrib\/107619385130055411619\">Zahnarzt Z\u00fcrich | Adent<\/a>"],"photo_reference":"AWn5SU6BzdD_shSMfNLnf4dS_sNc-qX5iSTN5whYlV45o2wf8n9nyD6Pq2eqozVLxRuKRdJ5Vha85dZPDQEjOoLHEbNa44O8HmbbtisN5kIVQlK1xdkgrkee0pADQlq9GG4yGK0wmBO8vEAjW0JSbcMgWwCvQVKr9vMhUyEgAIGQZvcEMvY_XDbfDZ5boATV5T50BeljsKkPnI8-MH-4pE31b-YgeOGla4ih1WfS8coCjbCeutKXz5KTT0zYHpKCAveDJGFE9BbJbnXPBhpQe1RTNxh1ELWPbIk1oaFZzcGtr1kYmw","width":2656},{"height":1920,"html_attributions":["<a href=\"https:\/\/maps.google.com\/maps\/contrib\/104260244537469362941\">livio plantamura<\/a>"],"photo_reference":"AWn5SU65hFn1s6Zn8r9E4dUOXAisT6M8oPGKO-J7cpGln_2nhO90oC1KnOjuqdOPztd0HMV91TTEeJVKVZFtrA82P46nVaxZxz0Nr9A9rLlzpS9P-qVvo2KKWTDjWS61szm-UL9c2V0s2mSC6PYCaRYs0I0qhYatu0CWBMzlrk41SViMsd2gAlqTcsOGmb9gP8HPIMWT89ubz_ckoUFt1f2_Ifu9rX_KrIH9exRFZFDuD0BcEvCztQ531kXodyl5yp_xy4SyKvfjNSAXjzoFZgmf8yZLCz0h4SgMHUjdxk-nn9z79Y8JJHasiUm8UHVe17Kmx45jWmU7t9Hi8PXnrkKOuPVSxd6GRsfUUcuoFqAncumhSZhiWmtn0KvWm_HltV07ZkmrhSfco7M-TIziMHAKUZpFzVJIvSjIHPAMToprm6hR735B","width":934},{"height":1920,"html_attributions":["<a href=\"https:\/\/maps.google.com\/maps\/contrib\/104260244537469362941\">livio plantamura<\/a>"],"photo_reference":"AWn5SU7rW2QJh5KnlGcfIZIfex8QyJk9TjkLK4BllA8H3NEEA40n8YSxsTdIcFIcJsejPEN8aD0DDz-QFJi3UlIZZ3z0pYibqZUwUQlHpaML6gpmyw7fufVyMmlqIAx6dm09bLyr2i6QOxLCaFUgAZuSdTUaFyxNZR5z_sKJsajbeer13NLHM6gdWUH7KW1mJxkqYTTtzlrihDcCHhiLxdu9YyG7xoduSwOxwXlOITSRGNg9ejX-b7UUbDrx_TlBurN51REKRJT86_VPRKUrU6VBHqpD571_1mt_GEdX5xhGfGC75pfCuspzAGIVw1xq3N8LrhX81HnT0LHl2SAjzPTbhqLz5ckyMYRqaAhDpD9O8USzbLS_jT17QkP_Q5BKYiN23YbfyAYtDkNfEtm_YDWjy2ZYO76-cbqd6fieJUlw9KNWMdM","width":934},{"height":800,"html_attributions":["<a href=\"https:\/\/maps.google.com\/maps\/contrib\/107619385130055411619\">Zahnarzt Z\u00fcrich | Adent<\/a>"],"photo_reference":"AWn5SU7rAqj_IZQX15WEWfc9_2pZxMQ3wSSZdGpLOzel6GhIxcLD8-0D4yDlIDFVnXFR1arlw8iZoSn6jZ5F-Wssv_D9yJnzwPUy-oLXU05Tlm3YUHMUfjk1cbypWTC6cUZzgostcqUfoe4yBW2eryjEqADWRwbXC6brUJV5Jr4OjaZBxAYbMDM6InWeST4yj--eqboPyVyXMtnQGAWHtOE1ajb2ZwCMARdtWgmm8nn1ZMSI0SGji9MOR_KJj9tF75QGRWNpdJP5DySEViA2ER3MSHHHZ1REPs_Qz-39OMv-L4ZNZg","width":1200},{"height":3200,"html_attributions":["<a href=\"https:\/\/maps.google.com\/maps\/contrib\/107619385130055411619\">Zahnarzt Z\u00fcrich | Adent<\/a>"],"photo_reference":"AWn5SU6Su8ojNMJzQF7boma_DiusQYW7la8y3_85stn4vBJCFZwKobPyre5OaX1IVQWnvVlxmGucgv8-J-yYuwE7HRKDUBJdqeuvpec0GV1rNZ3ZidM22ZHeAI6ea9o8zXBPiP2YIwjf2a9GRRivtggjb5eKFULLzNv2R18XjNrjkOddpE-hqKcwbrzGh1PjwVvrOpOj45AJo1iYH_Z26Msgei-atoU1JcOpX7_f4GOElOdUvNqmEt8mT8mOGxnVqTkMfzZLcaXD5AlfP92I1bGYnK5RM0eSTg_gfnK4DWqPY94Ffw","width":4800}],"rating":4.6,"url":"https:\/\/maps.google.com\/?cid=1227164701664693479","user_ratings_total":106},"status":"OK"},"_links":{"self":[{"href":"https:\/\/adent.ch\/de\/wp-json\/wp\/v2\/clinique\/13525","targetHints":{"allow":["GET"]}}],"collection":[{"href":"https:\/\/adent.ch\/de\/wp-json\/wp\/v2\/clinique"}],"about":[{"href":"https:\/\/adent.ch\/de\/wp-json\/wp\/v2\/types\/clinique"}],"wp:attachment":[{"href":"https:\/\/adent.ch\/de\/wp-json\/wp\/v2\/media?parent=13525"}],"wp:term":[{"taxonomy":"region","embeddable":true,"href":"https:\/\/adent.ch\/de\/wp-json\/wp\/v2\/region?post=13525"},{"taxonomy":"clinique_treatment","embeddable":true,"href":"https:\/\/adent.ch\/de\/wp-json\/wp\/v2\/clinique_treatment?post=13525"}],"curies":[{"name":"wp","href":"https:\/\/api.w.org\/{rel}","templated":true}]}}