{"id":16096,"date":"2025-10-16T09:35:47","date_gmt":"2025-10-16T07:35:47","guid":{"rendered":"https:\/\/adent.ch\/clinique\/epalinges-3\/"},"modified":"2025-10-27T12:17:53","modified_gmt":"2025-10-27T11:17:53","slug":"lavy-medical-center","status":"publish","type":"clinique","link":"https:\/\/adent.ch\/de\/klinik\/lavy-medical-center\/","title":{"rendered":"Genf Vernier"},"content":{"rendered":"<div class=\"two-column-block\" >\n\t<div class=\"container\">\n\t\t\t\t\t<h3 class=\"title\" data-sal=\"slide-up\" data-sal-delay=\"200\" data-sal-easing=\"ease-in-out\" data-sal-duration=\"300\">LAVY Medizinischen Zentrum<\/h3>\n\t\t\t\t\t\t\t<div class=\"row justify-content-between\" data-sal=\"slide-up\" data-sal-delay=\"200\" data-sal-easing=\"ease-in-out\" data-sal-duration=\"300\">\n\t\t\t\t\t\t\t\t\t\t\t\t\t\t\t<div class=\"col-md-6\">\n\t\t\t\t\t\t\t<div class=\"text-lg\">\n\t\t\t\t\t\t\t\t<p data-start=\"0\" data-end=\"49\">EIN UMFASSENDER ANSATZ F\u00dcR IHRE GESUNDHEIT:<\/p>\n<p data-start=\"51\" data-end=\"233\">Die <strong>Adent-Gruppe<\/strong> hat sich mit dem <strong>LAVY Medizinischen Zentrum<\/strong> zusammengeschlossen und heisst Sie nun in Vernier, Genf, f\u00fcr eine vollst\u00e4ndige und personalisierte Betreuung willkommen.<\/p>\n<p data-start=\"235\" data-end=\"476\">Dank der Zusammenarbeit von Spezialisten in Zahnmedizin, Allgemeinmedizin, Physiotherapie, Radiologie, \u00c4sthetik, Augenheilkunde, Psychologie, Orthop\u00e4discher Chirurgie und Ern\u00e4hrung bietet das Zentrum einen ganzheitlichen Gesundheitsansatz.<\/p>\n<p data-start=\"478\" data-end=\"910\">Das LAVY Medizinische Zentrum in Vernier verf\u00fcgt \u00fcber ein modernes Fitnessstudio, einen Behandlungsraum, ein Labor, das sowohl f\u00fcr interne als auch externe Patienten offen ist, sowie \u00fcber fortschrittliche Medizintechnologien. Diese Synergie gew\u00e4hrleistet eine umfassende Betreuung \u2013 von der Pr\u00e4vention bis hin zu spezialisierten Behandlungen \u2013 in einer Umgebung, in der Wohlbefinden und medizinische Innovation Hand in Hand gehen.<\/p>\n\t\t\t\t\t\t\t<\/div>\n\t\t\t\t\t\t\t\t\t\t\t\t\t\t\t\t\t\t\t\t\t\t\t\t\t\t\t<\/div>\n\t\t\t\t\t\t\t\t\t\t\t\t\t\t\t\t\t\t\t\t<div class=\"col-md-6\">\n\t\t\t\t\t\t\t<div class=\"text-lg\">\n\t\t\t\t\t\t\t\t<p data-start=\"912\" data-end=\"944\">EINE ALLIANZ VON EXPERTEN:<\/p>\n<p data-start=\"946\" data-end=\"1372\">Durch die Partnerschaft zwischen dem <strong>Adent Zahnarztzentrum und dem LAVY Medizinischen Zentrum<\/strong> profitieren die beiden Zahnarztpraxen im Zentrum von einem umfangreichen Netzwerk an zahnmedizinischen Spezialisten.<br data-start=\"1156\" data-end=\"1159\" \/>Diese Zusammenarbeit erm\u00f6glicht es den Patienten, eine vollst\u00e4ndige, massgeschneiderte Betreuung zu erhalten, mit einfachem Zugang zu allen notwendigen Fachkompetenzen, insbesondere f\u00fcr komplexe Zahnbehandlungen.<\/p>\n<p data-start=\"1374\" data-end=\"1596\">Die Teams von Adent und LAVY arbeiten eng zusammen, um eine kontinuierliche und koordinierte Versorgung sicherzustellen \u2013 sei es bei Implantologie, Kieferorthop\u00e4die, Endodontie, Oralchirurgie oder zahn\u00e4rztlicher Hygiene.<\/p>\n<p data-start=\"1598\" data-end=\"1728\" data-is-last-node=\"\" data-is-only-node=\"\">Dank dieser Synergie profitieren die Patienten von einer personalisierten Betreuung, die auf Qualit\u00e4t, Vertrauen und N\u00e4he basiert.<\/p>\n\t\t\t\t\t\t\t<\/div>\n\t\t\t\t\t\t\t\t\t\t\t\t\t\t\t\t\t\t\t\t\t\t\t\t\t\t\t<\/div>\n\t\t\t\t\t\t\t\t\t\t\t\t<\/div>\n\t\t\t<\/div>\n<\/div>\n\n\n\n<div class=\"content-type-selector-block has-bkg\" data-id=\"content-type-selector-block-6\" id=\"content-type-selector-block-6\">\n\t<div class=\"container\">\n\t\t<div class=\"block-heading\" data-sal=\"slide-up\" data-sal-delay=\"200\" data-sal-easing=\"ease-in-out\" data-sal-duration=\"300\">\n\t\t\t<h3 class=\"block-heading__title h2\">LAVY Medizinischen Zentrum mit Adent<\/h3>\n\t\t\t<div class=\"block-heading__description is-dark\">Ein professionelles und herzliches Team, das bereit ist, Sie zu empfangen.<\/div>\n\t\t<\/div>\n\t\t<div class=\"members-slider\" data-sal=\"slide-up\" data-sal-delay=\"200\" data-sal-easing=\"ease-in-out\" data-sal-duration=\"300\">\n\t\t\t<div class=\"swiper\"><div class=\"swiper-wrapper\">\t\t\t\t\t\t\t<div class=\"swiper-slide\">\t\t\t\t<div class=\"equipe-card\">\n\t\t\t\t\t<div class=\"equipe-card__caption\">\n\t\t\t\t\t\t<div class=\"equipe-card__job\">Zahn\u00e4rztin<\/div>\n\t\t\t\t\t\t<h6 class=\"equipe-card__name h3\">Barbara BERCZY<\/h6>\n\t\t\t\t\t\t\t\t\t\t\t\t\t<div class=\"equipe-card__description\"><article class=\"text-token-text-primary w-full focus:outline-none [--shadow-height:45px] has-data-writing-block:pointer-events-none has-data-writing-block:-mt-(--shadow-height) has-data-writing-block:pt-(--shadow-height) [&amp;:has([data-writing-block])&gt;*]:pointer-events-auto scroll-mt-[calc(var(--header-height)+min(200px,max(70px,20svh)))]\" dir=\"auto\" tabindex=\"-1\" data-turn-id=\"request-WEB:7c8055f6-18a9-4b19-af7b-43a258344f6a-1\" data-testid=\"conversation-turn-4\" data-scroll-anchor=\"true\" data-turn=\"assistant\">\n<div class=\"text-base my-auto mx-auto pb-10 [--thread-content-margin:--spacing(4)] thread-sm:[--thread-content-margin:--spacing(6)] thread-lg:[--thread-content-margin:--spacing(16)] px-(--thread-content-margin)\">\n<div class=\"[--thread-content-max-width:40rem] thread-lg:[--thread-content-max-width:48rem] mx-auto max-w-(--thread-content-max-width) flex-1 group\/turn-messages focus-visible:outline-hidden relative flex w-full min-w-0 flex-col agent-turn\" tabindex=\"-1\">\n<div class=\"flex max-w-full flex-col grow\">\n<div class=\"min-h-8 text-message relative flex w-full flex-col items-end gap-2 text-start break-words whitespace-normal [.text-message+&amp;]:mt-1\" dir=\"auto\" data-message-author-role=\"assistant\" data-message-id=\"9673ba86-7fe9-4881-abe4-ba31eececeb6\" data-message-model-slug=\"gpt-5\">\n<div class=\"flex w-full flex-col gap-1 empty:hidden first:pt-[1px]\">\n<div class=\"markdown prose dark:prose-invert w-full break-words light markdown-new-styling\">\n<p data-start=\"1679\" data-end=\"1771\" data-is-last-node=\"\" data-is-only-node=\"\">Barbara Berczy, Zahn\u00e4rztin, die angepasste zahn\u00e4rztliche Behandlungen und Pflege anbietet.<\/p>\n<\/div>\n<\/div>\n<\/div>\n<\/div>\n<div class=\"z-0 flex min-h-[46px] justify-start\"><\/div>\n<div class=\"mt-3 w-full empty:hidden\">\n<div class=\"text-center\"><\/div>\n<\/div>\n<\/div>\n<\/div>\n<\/article>\n<div class=\"pointer-events-none h-px w-px\" aria-hidden=\"true\" data-edge=\"true\"><\/div>\n<\/div>\n\t\t\t\t\t\t\t\t\t\t\t\t<div class=\"equipe-card__pic\">\n\t\t\t\t\t\t\t<img decoding=\"async\" src=\"https:\/\/adent.ch\/wp-content\/uploads\/2024\/03\/avatar_femme-2-1307x980.png\" alt=\"\" loading=\"lazy\">\n\t\t\t\t\t\t<\/div>\n\t\t\t\t\t\t<div class=\"equipe-card__footer\">\n\t\t\t\t\t\t\t<a href=\"https:\/\/adent.ch\/de\/zahnarzt\/barbara-berczy\/\" class=\"primary-btn\">Profil ansehen<\/a>\n\t\t\t\t\t\t<\/div>\n\t\t\t\t\t<\/div>\n\t\t\t\t<\/div>\n\t\t\t\t<\/div>\t\t\t\t\t\t<\/div><\/div><div class=\"swiper-button-prev\"><\/div><div class=\"swiper-button-next\"><\/div>\t\t<\/div>\n\t\t<div class=\"members-slider-pagination\"><\/div>\t<\/div>\n<\/div>\n\n\n<div class=\"cares-list-block\" >\n\t<div class=\"container\">\n\t\t<div class=\"row\">\n\t\t\t<div class=\"col-md-4\">\n\t\t\t\t<h2 class=\"title h3\">Entdecken Sie unsere Pflege<\/h2>\n\t\t\t\t<div class=\"text-lg is-dark\">Unsere Zahn\u00e4rzte und Dentalhygienikerinnen sind dazu da, all Ihre Bed\u00fcrfnisse in Bezug auf die Zahnpflege zu erf\u00fcllen. Bitte kontaktieren Sie uns f\u00fcr weitere Informationen.<\/div>\n\t\t\t\t<div class=\"cares-list-slider-pagination\"><\/div>\n\t\t\t<\/div>\n\t\t\t<div class=\"col-md-8\">\n\t\t\t\t<div class=\"cares-list-slider\">\n\t\t\t\t\t<div class=\"swiper\">\n\t\t\t\t\t\t<div class=\"swiper-wrapper\">\n\t\t\t\t\t\t\t\t\t\t\t\t\t\t\t<div class=\"swiper-slide\">\n\t\t\t\t\t\t\t\t\t<div class=\"care-slide\">\n\t\t\t\t\t\t\t\t\t\t<div class=\"care-slide__title h4\">Kieferorthop\u00e4die f\u00fcr Kinder und Erwachsene<\/div>\n\t\t\t\t\t\t\t\t\t\t\t\t\t\t\t\t\t\t\t\t\t<div class=\"care-slide__desc\">Verwandeln Sie Ihr L\u00e4cheln<\/div>\n\t\t\t\t\t\t\t\t\t\t\t\t\t\t\t\t\t\t\t\t<div class=\"care-slide__link\">\n\t\t\t\t\t\t\t\t\t\t\t<a href=\"https:\/\/adent.ch\/de\/behandlung\/kieferorthopaedie-fuer-kinder-und-erwachsene\/\" class=\"inline-link\">Weiterlesen<\/a>\n\t\t\t\t\t\t\t\t\t\t<\/div>\n\t\t\t\t\t\t\t\t\t<\/div>\n\t\t\t\t\t\t\t\t<\/div>\n\t\t\t\t\t\t\t\t\t\t\t\t\t\t\t<div class=\"swiper-slide\">\n\t\t\t\t\t\t\t\t\t<div class=\"care-slide\">\n\t\t\t\t\t\t\t\t\t\t<div class=\"care-slide__title h4\">Zahnreinigung und Zahnhygiene<\/div>\n\t\t\t\t\t\t\t\t\t\t\t\t\t\t\t\t\t\t\t\t\t<div class=\"care-slide__desc\">Ein gesund aussehendes L\u00e4cheln<\/div>\n\t\t\t\t\t\t\t\t\t\t\t\t\t\t\t\t\t\t\t\t<div class=\"care-slide__link\">\n\t\t\t\t\t\t\t\t\t\t\t<a href=\"https:\/\/adent.ch\/de\/behandlung\/zahnsteinentfernung-und-zahnhygiene\/\" class=\"inline-link\">Weiterlesen<\/a>\n\t\t\t\t\t\t\t\t\t\t<\/div>\n\t\t\t\t\t\t\t\t\t<\/div>\n\t\t\t\t\t\t\t\t<\/div>\n\t\t\t\t\t\t\t\t\t\t\t\t\t\t\t<div class=\"swiper-slide\">\n\t\t\t\t\t\t\t\t\t<div class=\"care-slide\">\n\t\t\t\t\t\t\t\t\t\t<div class=\"care-slide__title h4\">Bleaching und \u00e4sthetische Behandlungen<\/div>\n\t\t\t\t\t\t\t\t\t\t\t\t\t\t\t\t\t\t\t\t\t<div class=\"care-slide__desc\">Ein noch strahlenderes L\u00e4cheln f\u00fcr maximales Selbstvertrauen<\/div>\n\t\t\t\t\t\t\t\t\t\t\t\t\t\t\t\t\t\t\t\t<div class=\"care-slide__link\">\n\t\t\t\t\t\t\t\t\t\t\t<a href=\"https:\/\/adent.ch\/de\/behandlung\/zahnbleaching-und-aesthetisch-e-en-behandlungen\/\" class=\"inline-link\">Weiterlesen<\/a>\n\t\t\t\t\t\t\t\t\t\t<\/div>\n\t\t\t\t\t\t\t\t\t<\/div>\n\t\t\t\t\t\t\t\t<\/div>\n\t\t\t\t\t\t\t\t\t\t\t\t\t\t\t<div class=\"swiper-slide\">\n\t\t\t\t\t\t\t\t\t<div class=\"care-slide\">\n\t\t\t\t\t\t\t\t\t\t<div class=\"care-slide__title h4\">\u00dcbliche Zahnpflege<\/div>\n\t\t\t\t\t\t\t\t\t\t\t\t\t\t\t\t\t\t\t\t\t<div class=\"care-slide__desc\">Ein umfassendes Kompetenzzentrum f\u00fcr Sie und Ihre Kinder<\/div>\n\t\t\t\t\t\t\t\t\t\t\t\t\t\t\t\t\t\t\t\t<div class=\"care-slide__link\">\n\t\t\t\t\t\t\t\t\t\t\t<a href=\"https:\/\/adent.ch\/de\/behandlung\/zahnaerztliche-routineversorgung\/\" class=\"inline-link\">Weiterlesen<\/a>\n\t\t\t\t\t\t\t\t\t\t<\/div>\n\t\t\t\t\t\t\t\t\t<\/div>\n\t\t\t\t\t\t\t\t<\/div>\n\t\t\t\t\t\t\t\t\t\t\t\t\t\t\t<div class=\"swiper-slide\">\n\t\t\t\t\t\t\t\t\t<div class=\"care-slide\">\n\t\t\t\t\t\t\t\t\t\t<div class=\"care-slide__title h4\">Zahnpflege f\u00fcr Kinder<\/div>\n\t\t\t\t\t\t\t\t\t\t\t\t\t\t\t\t\t\t\t\t\t<div class=\"care-slide__desc\">Angepasstes Know-how<\/div>\n\t\t\t\t\t\t\t\t\t\t\t\t\t\t\t\t\t\t\t\t<div class=\"care-slide__link\">\n\t\t\t\t\t\t\t\t\t\t\t<a href=\"https:\/\/adent.ch\/de\/behandlung\/zahnbehandlung-fuer-kinder\/\" class=\"inline-link\">Weiterlesen<\/a>\n\t\t\t\t\t\t\t\t\t\t<\/div>\n\t\t\t\t\t\t\t\t\t<\/div>\n\t\t\t\t\t\t\t\t<\/div>\n\t\t\t\t\t\t\t\t\t\t\t\t\t\t\t<div class=\"swiper-slide\">\n\t\t\t\t\t\t\t\t\t<div class=\"care-slide\">\n\t\t\t\t\t\t\t\t\t\t<div class=\"care-slide__title h4\">Zahnprothese<\/div>\n\t\t\t\t\t\t\t\t\t\t\t\t\t\t\t\t\t\t\t\t\t<div class=\"care-slide__desc\">Geben Sie Ihrem L\u00e4cheln seinen Glanz zur\u00fcck mit unseren massgeschneiderten Zahnprothesen.<\/div>\n\t\t\t\t\t\t\t\t\t\t\t\t\t\t\t\t\t\t\t\t<div class=\"care-slide__link\">\n\t\t\t\t\t\t\t\t\t\t\t<a href=\"https:\/\/adent.ch\/de\/behandlung\/implantate-und-zahnsanierung\/\" class=\"inline-link\">Weiterlesen<\/a>\n\t\t\t\t\t\t\t\t\t\t<\/div>\n\t\t\t\t\t\t\t\t\t<\/div>\n\t\t\t\t\t\t\t\t<\/div>\n\t\t\t\t\t\t\t\t\t\t\t\t\t\t\t<div class=\"swiper-slide\">\n\t\t\t\t\t\t\t\t\t<div class=\"care-slide\">\n\t\t\t\t\t\t\t\t\t\t<div class=\"care-slide__title h4\">Implantat und Restauration<\/div>\n\t\t\t\t\t\t\t\t\t\t\t\t\t\t\t\t\t\t\t\t\t<div class=\"care-slide__desc\">Komfort und \u00c4sthetik dank Zahnimplantaten<\/div>\n\t\t\t\t\t\t\t\t\t\t\t\t\t\t\t\t\t\t\t\t<div class=\"care-slide__link\">\n\t\t\t\t\t\t\t\t\t\t\t<a href=\"https:\/\/adent.ch\/de\/behandlung\/implantat-und-restauration\/\" class=\"inline-link\">Weiterlesen<\/a>\n\t\t\t\t\t\t\t\t\t\t<\/div>\n\t\t\t\t\t\t\t\t\t<\/div>\n\t\t\t\t\t\t\t\t<\/div>\n\t\t\t\t\t\t\t\t\t\t\t\t\t<\/div>\n\t\t\t\t\t<\/div>\n\t\t\t\t\t<div class=\"swiper-button-prev\"><\/div>\n\t\t\t\t\t<div class=\"swiper-button-next\"><\/div>\n\t\t\t\t<\/div>\n\t\t\t<\/div>\n\t\t<\/div>\n\t<\/div>\n<\/div>\n\n\n\t<div class=\"cta-block without-image\" >\n\t\t<div class=\"container\" data-sal=\"slide-up\" data-sal-delay=\"200\" data-sal-easing=\"ease-in-out\" data-sal-duration=\"300\">\n\t\t\t<div class=\"row justify-content-center\">\n\t\t\t\t<div class=\"col-md-8\">\n\t\t\t\t\t<div class=\"subtitle\"><\/div>\n\t\t\t\t\t<h4 class=\"title\">Zahnnotfall? <\/h4>\n\t\t\t\t\t<p class=\"text\">Rufen Sie unser Zentrum jetzt an f\u00fcr eine schnelle Behandlung.<\/p>\n\t\t\t\t\t\t\t\t\t\t\t<a href=\"tel:+41%2022%20519%2021%2030\"  class=\"primary-btn\">Rufen Sie uns an<\/a>\n\t\t\t\t\t\t\t\t\t<\/div>\n\t\t\t<\/div>\n\t\t<\/div>\n\t<\/div>\n","protected":false},"template":"","region":[165,158,175],"clinique_treatment":[],"class_list":["post-16096","clinique","type-clinique","status-publish","hentry","region-westschweiz","region-genf","region-schweizweit"],"acf":{"banner_clinique":{"image":{"ID":16101,"id":16101,"title":"LAVY vernier","filename":"lavy-vernier.jpg","filesize":427958,"url":"https:\/\/adent.ch\/wp-content\/uploads\/2025\/10\/lavy-vernier.jpg","link":"https:\/\/adent.ch\/de\/klinik\/lavy-medical-center\/lavy-vernier-2\/","alt":"","author":"14","description":"","caption":"","name":"lavy-vernier-2","status":"inherit","uploaded_to":16096,"date":"2025-10-16 10:07:45","modified":"2025-10-16 10:07:45","menu_order":0,"mime_type":"image\/jpeg","type":"image","subtype":"jpeg","icon":"https:\/\/adent.ch\/wp-includes\/images\/media\/default.png","width":1500,"height":1000,"sizes":{"thumbnail":"https:\/\/adent.ch\/wp-content\/uploads\/2025\/10\/lavy-vernier-150x150.jpg","thumbnail-width":150,"thumbnail-height":150,"medium":"https:\/\/adent.ch\/wp-content\/uploads\/2025\/10\/lavy-vernier-300x200.jpg","medium-width":300,"medium-height":200,"medium_large":"https:\/\/adent.ch\/wp-content\/uploads\/2025\/10\/lavy-vernier-768x512.jpg","medium_large-width":768,"medium_large-height":512,"large":"https:\/\/adent.ch\/wp-content\/uploads\/2025\/10\/lavy-vernier-1470x980.jpg","large-width":1470,"large-height":980,"1536x1536":"https:\/\/adent.ch\/wp-content\/uploads\/2025\/10\/lavy-vernier.jpg","1536x1536-width":1500,"1536x1536-height":1000,"2048x2048":"https:\/\/adent.ch\/wp-content\/uploads\/2025\/10\/lavy-vernier.jpg","2048x2048-width":1500,"2048x2048-height":1000,"gform-image-choice-sm":"https:\/\/adent.ch\/wp-content\/uploads\/2025\/10\/lavy-vernier.jpg","gform-image-choice-sm-width":300,"gform-image-choice-sm-height":200,"gform-image-choice-md":"https:\/\/adent.ch\/wp-content\/uploads\/2025\/10\/lavy-vernier.jpg","gform-image-choice-md-width":400,"gform-image-choice-md-height":267,"gform-image-choice-lg":"https:\/\/adent.ch\/wp-content\/uploads\/2025\/10\/lavy-vernier.jpg","gform-image-choice-lg-width":600,"gform-image-choice-lg-height":400}},"note":"Adent kommt zu LAVY"},"access":{"bus":"6, 19, 53, 57 - Vernier \u00e9cole Stop","bus_link":"","train":"","train_link":"","parking":"Kostenloser ARCenter-Parkplatz f\u00fcr 1 Stunde","parking_link":""},"schedule":{"title":"\u00d6ffnungszeiten","description":"<p>Montag bis Freitag: 8:00 bis 18:00 Uhr<\/p>\n<p>Samstag, Sonntag: geschlossen<\/p>\n"},"short_description":"","soins":[{"id":65,"adult":"k2637_01t5","teenager":"k2637_01t5","kid":"k2637_01t5"},{"id":196,"adult":"k2637_01t1","teenager":"k2637_01t1","kid":"k2637_01t1"},{"id":199,"adult":"k2637_01t3","teenager":"k2637_01t3","kid":"k2637_01t2"},{"id":198,"adult":"k2637_01t4","teenager":"k2637_01t4","kid":"k2637_01t4"},{"id":201,"adult":"k2637_01t7","teenager":"k2637_01t7","kid":""},{"id":203,"adult":"k2637_01t8","teenager":"k2637_01t8","kid":"k2637_01t8"},{"id":232,"adult":"k2637_01t9","teenager":"k2637_01t9","kid":"k2637_01t9"},{"id":233,"adult":"k2637_01t10","teenager":"k2637_01t10","kid":"k2637_01t9"}],"subtitle":"LAVY Medizinischen Zentrum","city":"Vernier","aggregated_city":"","clinique_tag":"","marker":{"address":"Rte de Montfleury 3, 1214 Vernier, Suisse","lat":46.2168231,"lng":6.083133,"zoom":14,"place_id":"ChIJAYeNxENjjEcRXp1VupMX0xM","name":"Rte de Montfleury 3","street_number":"3","street_name":"Route de Montfleury","street_name_short":"Rte de Montfleury","city":"Vernier","state":"Gen\u00e8ve","state_short":"GE","post_code":"1214","country":"Suisse","country_short":"CH"},"address":"Rte de Montfleury 3","postal_code":"1214","marker_image":{"ID":16101,"id":16101,"title":"LAVY vernier","filename":"lavy-vernier.jpg","filesize":427958,"url":"https:\/\/adent.ch\/wp-content\/uploads\/2025\/10\/lavy-vernier.jpg","link":"https:\/\/adent.ch\/de\/klinik\/lavy-medical-center\/lavy-vernier-2\/","alt":"","author":"14","description":"","caption":"","name":"lavy-vernier-2","status":"inherit","uploaded_to":16096,"date":"2025-10-16 10:07:45","modified":"2025-10-16 10:07:45","menu_order":0,"mime_type":"image\/jpeg","type":"image","subtype":"jpeg","icon":"https:\/\/adent.ch\/wp-includes\/images\/media\/default.png","width":1500,"height":1000,"sizes":{"thumbnail":"https:\/\/adent.ch\/wp-content\/uploads\/2025\/10\/lavy-vernier-150x150.jpg","thumbnail-width":150,"thumbnail-height":150,"medium":"https:\/\/adent.ch\/wp-content\/uploads\/2025\/10\/lavy-vernier-300x200.jpg","medium-width":300,"medium-height":200,"medium_large":"https:\/\/adent.ch\/wp-content\/uploads\/2025\/10\/lavy-vernier-768x512.jpg","medium_large-width":768,"medium_large-height":512,"large":"https:\/\/adent.ch\/wp-content\/uploads\/2025\/10\/lavy-vernier-1470x980.jpg","large-width":1470,"large-height":980,"1536x1536":"https:\/\/adent.ch\/wp-content\/uploads\/2025\/10\/lavy-vernier.jpg","1536x1536-width":1500,"1536x1536-height":1000,"2048x2048":"https:\/\/adent.ch\/wp-content\/uploads\/2025\/10\/lavy-vernier.jpg","2048x2048-width":1500,"2048x2048-height":1000,"gform-image-choice-sm":"https:\/\/adent.ch\/wp-content\/uploads\/2025\/10\/lavy-vernier.jpg","gform-image-choice-sm-width":300,"gform-image-choice-sm-height":200,"gform-image-choice-md":"https:\/\/adent.ch\/wp-content\/uploads\/2025\/10\/lavy-vernier.jpg","gform-image-choice-md-width":400,"gform-image-choice-md-height":267,"gform-image-choice-lg":"https:\/\/adent.ch\/wp-content\/uploads\/2025\/10\/lavy-vernier.jpg","gform-image-choice-lg-width":600,"gform-image-choice-lg-height":400}},"code_zawin":"https:\/\/oa.zawin.ch\/k2637_01","code_zawin_emergencies":"","email":"vernier@adent.ch","phone":"+41 22 518 42 19","itinerary":"https:\/\/www.google.com\/maps\/place\/Adent+%7C+Dentiste+Genv%C3%A8ve-Vernier\/data=!4m2!3m1!1s0x0:0x9be1eb42182b80e1?sa=X&ved=1t:2428&ictx=111","clinique_location_id":"ChIJzzvMcX5jjEcR4YArGELr4Zs"},"yoast_head":"<!-- This site is optimized with the Yoast SEO plugin v26.3 - https:\/\/yoast.com\/wordpress\/plugins\/seo\/ -->\n<title>Zahnarzt in Vernier | Adent Zahnarztzentrum<\/title>\n<meta name=\"description\" content=\"Adent kooperiert in Vernier mit LAVY f\u00fcr umfassende, personalisierte Betreuung mit modernster Technologie.\" \/>\n<meta name=\"robots\" content=\"index, follow, max-snippet:-1, max-image-preview:large, max-video-preview:-1\" \/>\n<link rel=\"canonical\" href=\"https:\/\/adent.ch\/de\/klinik\/lavy-medical-center\/\" \/>\n<meta property=\"og:locale\" content=\"de_DE\" \/>\n<meta property=\"og:type\" content=\"article\" \/>\n<meta property=\"og:title\" content=\"Zahnarzt in Vernier | Adent Zahnarztzentrum\" \/>\n<meta property=\"og:description\" content=\"Adent kooperiert in Vernier mit LAVY f\u00fcr umfassende, personalisierte Betreuung mit modernster Technologie.\" \/>\n<meta property=\"og:url\" content=\"https:\/\/adent.ch\/de\/klinik\/lavy-medical-center\/\" \/>\n<meta property=\"og:site_name\" content=\"Adent Zahnarztzentrum\" \/>\n<meta property=\"article:publisher\" content=\"https:\/\/www.facebook.com\/adentcliniquesdentaires\/\" \/>\n<meta property=\"article:modified_time\" content=\"2025-10-27T11:17:53+00:00\" \/>\n<meta property=\"og:image\" content=\"https:\/\/adent.ch\/wp-content\/uploads\/2024\/04\/adent-aubonne-mai-2022-igor-laski-web-hd-srvb-48.jpg\" \/>\n\t<meta property=\"og:image:width\" content=\"1619\" \/>\n\t<meta property=\"og:image:height\" content=\"1080\" \/>\n\t<meta property=\"og:image:type\" content=\"image\/jpeg\" \/>\n<meta name=\"twitter:card\" content=\"summary_large_image\" \/>\n<script type=\"application\/ld+json\" class=\"yoast-schema-graph\">{\"@context\":\"https:\/\/schema.org\",\"@graph\":[{\"@type\":\"WebPage\",\"@id\":\"https:\/\/adent.ch\/de\/klinik\/lavy-medical-center\/\",\"url\":\"https:\/\/adent.ch\/de\/klinik\/lavy-medical-center\/\",\"name\":\"Zahnarzt in Vernier | Adent Zahnarztzentrum\",\"isPartOf\":{\"@id\":\"https:\/\/adent.ch\/de\/#website\"},\"datePublished\":\"2025-10-16T07:35:47+00:00\",\"dateModified\":\"2025-10-27T11:17:53+00:00\",\"description\":\"Adent kooperiert in Vernier mit LAVY f\u00fcr umfassende, personalisierte Betreuung mit modernster Technologie.\",\"breadcrumb\":{\"@id\":\"https:\/\/adent.ch\/de\/klinik\/lavy-medical-center\/#breadcrumb\"},\"inLanguage\":\"de-CH\",\"potentialAction\":[{\"@type\":\"ReadAction\",\"target\":[\"https:\/\/adent.ch\/de\/klinik\/lavy-medical-center\/\"]}]},{\"@type\":\"BreadcrumbList\",\"@id\":\"https:\/\/adent.ch\/de\/klinik\/lavy-medical-center\/#breadcrumb\",\"itemListElement\":[{\"@type\":\"ListItem\",\"position\":1,\"name\":\"Zahnarztzentrum\",\"item\":\"https:\/\/adent.ch\/de\/zahnkliniken\/\"},{\"@type\":\"ListItem\",\"position\":2,\"name\":\"Genf Vernier\"}]},{\"@type\":\"WebSite\",\"@id\":\"https:\/\/adent.ch\/de\/#website\",\"url\":\"https:\/\/adent.ch\/de\/\",\"name\":\"Adent Zahnarztzentrum\",\"description\":\"\",\"publisher\":{\"@id\":\"https:\/\/adent.ch\/de\/#organization\"},\"potentialAction\":[{\"@type\":\"SearchAction\",\"target\":{\"@type\":\"EntryPoint\",\"urlTemplate\":\"https:\/\/adent.ch\/de\/?s={search_term_string}\"},\"query-input\":{\"@type\":\"PropertyValueSpecification\",\"valueRequired\":true,\"valueName\":\"search_term_string\"}}],\"inLanguage\":\"de-CH\"},{\"@type\":\"Organization\",\"@id\":\"https:\/\/adent.ch\/de\/#organization\",\"name\":\"Adent Cliniques Dentaires\",\"url\":\"https:\/\/adent.ch\/de\/\",\"logo\":{\"@type\":\"ImageObject\",\"inLanguage\":\"de-CH\",\"@id\":\"https:\/\/adent.ch\/de\/#\/schema\/logo\/image\/\",\"url\":\"https:\/\/adent.ch\/wp-content\/uploads\/2022\/09\/adent-habefast-logo-2018-fr-05032019-rvb-scaled.jpg\",\"contentUrl\":\"https:\/\/adent.ch\/wp-content\/uploads\/2022\/09\/adent-habefast-logo-2018-fr-05032019-rvb-scaled.jpg\",\"width\":2880,\"height\":750,\"caption\":\"Adent Cliniques Dentaires\"},\"image\":{\"@id\":\"https:\/\/adent.ch\/de\/#\/schema\/logo\/image\/\"},\"sameAs\":[\"https:\/\/www.facebook.com\/adentcliniquesdentaires\/\",\"https:\/\/www.instagram.com\/adent.ch\/\",\"https:\/\/www.youtube.com\/channel\/UCPd5UjY-ipuq3MhW6m0W-wg\",\"https:\/\/www.linkedin.com\/company\/adent-cliniques-dentaires\/?originalSubdomain=ch\"]}]}<\/script>\n<!-- \/ Yoast SEO plugin. -->","yoast_head_json":{"title":"Zahnarzt in Vernier | Adent Zahnarztzentrum","description":"Adent kooperiert in Vernier mit LAVY f\u00fcr umfassende, personalisierte Betreuung mit modernster Technologie.","robots":{"index":"index","follow":"follow","max-snippet":"max-snippet:-1","max-image-preview":"max-image-preview:large","max-video-preview":"max-video-preview:-1"},"canonical":"https:\/\/adent.ch\/de\/klinik\/lavy-medical-center\/","og_locale":"de_DE","og_type":"article","og_title":"Zahnarzt in Vernier | Adent Zahnarztzentrum","og_description":"Adent kooperiert in Vernier mit LAVY f\u00fcr umfassende, personalisierte Betreuung mit modernster Technologie.","og_url":"https:\/\/adent.ch\/de\/klinik\/lavy-medical-center\/","og_site_name":"Adent Zahnarztzentrum","article_publisher":"https:\/\/www.facebook.com\/adentcliniquesdentaires\/","article_modified_time":"2025-10-27T11:17:53+00:00","og_image":[{"width":1619,"height":1080,"url":"https:\/\/adent.ch\/wp-content\/uploads\/2024\/04\/adent-aubonne-mai-2022-igor-laski-web-hd-srvb-48.jpg","type":"image\/jpeg"}],"twitter_card":"summary_large_image","schema":{"@context":"https:\/\/schema.org","@graph":[{"@type":"WebPage","@id":"https:\/\/adent.ch\/de\/klinik\/lavy-medical-center\/","url":"https:\/\/adent.ch\/de\/klinik\/lavy-medical-center\/","name":"Zahnarzt in Vernier | Adent Zahnarztzentrum","isPartOf":{"@id":"https:\/\/adent.ch\/de\/#website"},"datePublished":"2025-10-16T07:35:47+00:00","dateModified":"2025-10-27T11:17:53+00:00","description":"Adent kooperiert in Vernier mit LAVY f\u00fcr umfassende, personalisierte Betreuung mit modernster Technologie.","breadcrumb":{"@id":"https:\/\/adent.ch\/de\/klinik\/lavy-medical-center\/#breadcrumb"},"inLanguage":"de-CH","potentialAction":[{"@type":"ReadAction","target":["https:\/\/adent.ch\/de\/klinik\/lavy-medical-center\/"]}]},{"@type":"BreadcrumbList","@id":"https:\/\/adent.ch\/de\/klinik\/lavy-medical-center\/#breadcrumb","itemListElement":[{"@type":"ListItem","position":1,"name":"Zahnarztzentrum","item":"https:\/\/adent.ch\/de\/zahnkliniken\/"},{"@type":"ListItem","position":2,"name":"Genf Vernier"}]},{"@type":"WebSite","@id":"https:\/\/adent.ch\/de\/#website","url":"https:\/\/adent.ch\/de\/","name":"Adent Zahnarztzentrum","description":"","publisher":{"@id":"https:\/\/adent.ch\/de\/#organization"},"potentialAction":[{"@type":"SearchAction","target":{"@type":"EntryPoint","urlTemplate":"https:\/\/adent.ch\/de\/?s={search_term_string}"},"query-input":{"@type":"PropertyValueSpecification","valueRequired":true,"valueName":"search_term_string"}}],"inLanguage":"de-CH"},{"@type":"Organization","@id":"https:\/\/adent.ch\/de\/#organization","name":"Adent Cliniques Dentaires","url":"https:\/\/adent.ch\/de\/","logo":{"@type":"ImageObject","inLanguage":"de-CH","@id":"https:\/\/adent.ch\/de\/#\/schema\/logo\/image\/","url":"https:\/\/adent.ch\/wp-content\/uploads\/2022\/09\/adent-habefast-logo-2018-fr-05032019-rvb-scaled.jpg","contentUrl":"https:\/\/adent.ch\/wp-content\/uploads\/2022\/09\/adent-habefast-logo-2018-fr-05032019-rvb-scaled.jpg","width":2880,"height":750,"caption":"Adent Cliniques Dentaires"},"image":{"@id":"https:\/\/adent.ch\/de\/#\/schema\/logo\/image\/"},"sameAs":["https:\/\/www.facebook.com\/adentcliniquesdentaires\/","https:\/\/www.instagram.com\/adent.ch\/","https:\/\/www.youtube.com\/channel\/UCPd5UjY-ipuq3MhW6m0W-wg","https:\/\/www.linkedin.com\/company\/adent-cliniques-dentaires\/?originalSubdomain=ch"]}]}},"google_datas":{"html_attributions":[],"result":{"current_opening_hours":{"open_now":false,"periods":[{"close":{"date":"2025-11-17","day":1,"time":"1800"},"open":{"date":"2025-11-17","day":1,"time":"0800"}},{"close":{"date":"2025-11-18","day":2,"time":"1800"},"open":{"date":"2025-11-18","day":2,"time":"0800"}},{"close":{"date":"2025-11-19","day":3,"time":"1800"},"open":{"date":"2025-11-19","day":3,"time":"0800"}},{"close":{"date":"2025-11-20","day":4,"time":"1800"},"open":{"date":"2025-11-20","day":4,"time":"0800"}},{"close":{"date":"2025-11-21","day":5,"time":"1800"},"open":{"date":"2025-11-21","day":5,"time":"0800"}}],"weekday_text":["lundi: 08:00\u2009\u2013\u200918:00","mardi: 08:00\u2009\u2013\u200918:00","mercredi: 08:00\u2009\u2013\u200918:00","jeudi: 08:00\u2009\u2013\u200918:00","vendredi: 08:00\u2009\u2013\u200918:00","samedi: Ferm\u00e9","dimanche: Ferm\u00e9"]},"opening_hours":{"open_now":false,"periods":[{"close":{"day":1,"time":"1800"},"open":{"day":1,"time":"0800"}},{"close":{"day":2,"time":"1800"},"open":{"day":2,"time":"0800"}},{"close":{"day":3,"time":"1800"},"open":{"day":3,"time":"0800"}},{"close":{"day":4,"time":"1800"},"open":{"day":4,"time":"0800"}},{"close":{"day":5,"time":"1800"},"open":{"day":5,"time":"0800"}}],"weekday_text":["lundi: 08:00\u2009\u2013\u200918:00","mardi: 08:00\u2009\u2013\u200918:00","mercredi: 08:00\u2009\u2013\u200918:00","jeudi: 08:00\u2009\u2013\u200918:00","vendredi: 08:00\u2009\u2013\u200918:00","samedi: Ferm\u00e9","dimanche: Ferm\u00e9"]},"photos":[{"height":270,"html_attributions":["<a href=\"https:\/\/maps.google.com\/maps\/contrib\/116063734720616219554\">Adent | Dentiste Genv\u00e8ve-Vernier<\/a>"],"photo_reference":"AWn5SU4_lJA7pZQwi5H9UJ2dtVIZBwh8zo2JytXKacw5jjJbQ1sA_ZD_bhLWP2z6cd2rr8M5NDag4o2WaYPwoQ_SLhrH-8utga2fZ-aeqhZHLzJvWZaNGO_Cw9YIKWXZyLTSYF8tACycpgSyRXepxkq3EymrSj_3Y9NmbFFOJ4FmZFxOGUnP_lJmCHpPrH9N80MDVMKzQ7EMb6dwLbKVmFi_tT1MtEdvIREIyL6zXB9oUasfcs1h0oDFSO2xnPTfv7Go6yhfcPSLfz-Kao8DFBlq2Hg86SQC_K2Ke4IbqkYkudo73g","width":480}],"url":"https:\/\/maps.google.com\/?cid=11232517614744600801"},"status":"OK"},"_links":{"self":[{"href":"https:\/\/adent.ch\/de\/wp-json\/wp\/v2\/clinique\/16096","targetHints":{"allow":["GET"]}}],"collection":[{"href":"https:\/\/adent.ch\/de\/wp-json\/wp\/v2\/clinique"}],"about":[{"href":"https:\/\/adent.ch\/de\/wp-json\/wp\/v2\/types\/clinique"}],"wp:attachment":[{"href":"https:\/\/adent.ch\/de\/wp-json\/wp\/v2\/media?parent=16096"}],"wp:term":[{"taxonomy":"region","embeddable":true,"href":"https:\/\/adent.ch\/de\/wp-json\/wp\/v2\/region?post=16096"},{"taxonomy":"clinique_treatment","embeddable":true,"href":"https:\/\/adent.ch\/de\/wp-json\/wp\/v2\/clinique_treatment?post=16096"}],"curies":[{"name":"wp","href":"https:\/\/api.w.org\/{rel}","templated":true}]}}