{"id":4211,"date":"2022-04-20T15:03:18","date_gmt":"2022-04-20T13:03:18","guid":{"rendered":"https:\/\/adent.ch\/clinique\/fluelen\/"},"modified":"2025-12-31T14:30:59","modified_gmt":"2025-12-31T13:30:59","slug":"fluelen","status":"publish","type":"clinique","link":"https:\/\/adent.ch\/de\/klinik\/fluelen\/","title":{"rendered":"Fl\u00fcelen"},"content":{"rendered":"<div class=\"two-column-block\" >\n\t<div class=\"container\">\n\t\t\t\t\t<h3 class=\"title\" data-sal=\"slide-up\" data-sal-delay=\"200\" data-sal-easing=\"ease-in-out\" data-sal-duration=\"300\">Willkommen bei Adent Fl\u00fcelen<\/h3>\n\t\t\t\t\t\t\t<div class=\"row justify-content-between\" data-sal=\"slide-up\" data-sal-delay=\"200\" data-sal-easing=\"ease-in-out\" data-sal-duration=\"300\">\n\t\t\t\t\t\t\t\t\t\t\t\t\t\t\t<div class=\"col-md-6\">\n\t\t\t\t\t\t\t<div class=\"text-lg\">\n\t\t\t\t\t\t\t\t<p data-start=\"0\" data-end=\"486\">Das Adent Zahnarztzentrum Fl\u00fcelen begr\u00fcsst Sie in einer warmen, modernen und vollst\u00e4ndig renovierten Umgebung, nur wenige Schritte vom wundersch\u00f6nen Vierwaldst\u00e4ttersee entfernt. Zentral im Dorf Fl\u00fcelen gelegen und nur rund 70 Meter vom Bahnhof entfernt, \u00fcberzeugt das Zahnarztzentrum durch seine hervorragende Erreichbarkeit mit \u00f6ffentlichen Verkehrsmitteln wie Zug und Bus. Kostenlose Parkpl\u00e4tze stehen ebenfalls zur Verf\u00fcgung und sorgen f\u00fcr eine entspannte und unkomplizierte Anreise.<\/p>\n<p data-start=\"488\" data-end=\"1008\">Im Zahnarztzentrum Fl\u00fcelen k\u00fcmmert sich ein engagiertes Team aus Zahn\u00e4rztinnen, Zahn\u00e4rzten und Prophylaxeassistentinnen mit grosser Fachkompetenz und pers\u00f6nlichem Einsatz um Ihre Zahngesundheit. Kinder wie Erwachsene werden individuell, einf\u00fchlsam und auf h\u00f6chstem Qualit\u00e4tsniveau betreut. Pr\u00e4zision und Sorgfalt stehen bei allen Behandlungen im Mittelpunkt, unterst\u00fctzt durch moderne Technologien wie die GBT\u00ae-Methode, welche eine besonders schonende und effektive Zahnreinigung sowie nachhaltige Pr\u00e4vention erm\u00f6glicht.<\/p>\n<p data-start=\"1010\" data-end=\"1501\">Das Adent Zahnarztzentrum Fl\u00fcelen bietet ein umfassendes Spektrum an zahnmedizinischen Leistungen unter einem Dach. Neben der allgemeinen Zahnmedizin geh\u00f6ren auch die Parodontologie zur Behandlung von Zahnfleischr\u00fcckgang, die Oralchirurgie, Zahnimplantate, hochwertiger Zahnersatz, Prophylaxe und \u00e4sthetische Zahnmedizin zum Leistungsangebot. Professionelle Bleachings zur schonenden Aufhellung des Zahnschmelzes runden das Angebot ab und tragen zu einem strahlenden, gepflegten L\u00e4cheln bei.<\/p>\n<p data-start=\"1503\" data-end=\"1935\">F\u00fcr Patientinnen und Patienten mit dem Wunsch nach einer Zahnkorrektur stehen im Zahnarztzentrum Fl\u00fcelen moderne kieferorthop\u00e4dische Behandlungen zur Verf\u00fcgung. Dank der Betreuung durch eine spezialisierte Zahn\u00e4rztin oder einen spezialisierten Zahnarzt k\u00f6nnen individuelle und diskrete L\u00f6sungen angeboten werden, ebenso wie bew\u00e4hrte klassische Methoden, stets abgestimmt auf Ihre pers\u00f6nlichen Bed\u00fcrfnisse und \u00e4sthetischen Anspr\u00fcche.<\/p>\n<p data-start=\"1937\" data-end=\"2441\">Ihr Komfort spielt w\u00e4hrend der gesamten Behandlung eine zentrale Rolle. W\u00e4hrend der zahn\u00e4rztlichen oder prophylaktischen Behandlungen besteht unter anderem die M\u00f6glichkeit, fernzusehen, um die Zeit entspannt zu erleben. Auch die j\u00fcngsten Patientinnen und Patienten geniessen besondere Aufmerksamkeit. Das Zahnarztzentrum ist speziell auf die Betreuung von Kindern ausgerichtet, mit altersgerechter Ausstattung und sanften, verst\u00e4ndnisvollen Behandlungsmethoden, die Vertrauen schaffen und \u00c4ngste abbauen.<\/p>\n<p data-start=\"2443\" data-end=\"2814\">Um den unterschiedlichen Lebensrhythmen gerecht zu werden, ist das Adent Zahnarztzentrum Fl\u00fcelen zudem einmal im Monat an einem Samstag ge\u00f6ffnet. So lassen sich Zahnarzttermine flexibel und komfortabel in den Alltag integrieren. Das mehrsprachige Team legt grossen Wert auf eine klare, einf\u00fchlsame Kommunikation und begleitet Sie kompetent durch jeden Behandlungsschritt. Das gesamte Team des Zahnarztzentrums Fl\u00fcelen freut sich darauf, Sie pers\u00f6nlich willkommen zu heissen und Sie langfristig auf Ihrem Weg zu optimaler Mundgesundheit zu begleiten \u2013 mit Fachkompetenz, N\u00e4he und einer ausgepr\u00e4gten menschlichen Dimension.<\/p>\n\t\t\t\t\t\t\t<\/div>\n\t\t\t\t\t\t\t\t\t\t\t\t\t\t\t\t\t\t\t\t\t\t\t\t\t\t\t<\/div>\n\t\t\t\t\t\t\t\t\t\t\t\t<\/div>\n\t\t\t<\/div>\n<\/div>\n\n\n<div class=\"clinique-head-block one-member\" data-id=\"member-block\" id=\"member-block\">\n\t\t\t<div class=\"container\">\n\t\t\t\t\t\t\t<div class=\"row align-items-center\">\n\t\t\t\t\t<div class=\"col-md-6\">\n\t\t\t\t\t\t<div class=\"member-content-pic\">\n\t\t\t\t\t\t\t<img decoding=\"async\" src=\"https:\/\/adent.ch\/wp-content\/uploads\/2023\/07\/christian-wannhof_fluelen-1-1307x980.png\" alt=\"\" loading=\"lazy\">\n\t\t\t\t\t\t<\/div>\n\t\t\t\t\t<\/div>\n\t\t\t\t\t<div class=\"col-md-5\">\n\t\t\t\t\t\t<div class=\"member-content-infos\">\n\t\t\t\t\t\t\t<div class=\"h5 is-primary\">Zentrumsleiter, Zahnarzt<\/div>\n\t\t\t\t\t\t\t<h4 class=\"h2\">Christian <span class=\"last-name\">Wannhoff<\/span><\/h4>\n\t\t\t\t\t\t\t<div class=\"short-description\"><p>Zahnarzt mit Spezialisierung auf Prothetik, der auch als Leiter des Zentrums in Fl\u00fcelen t\u00e4tig ist.<\/p>\n<\/div>\n\t\t\t\t\t\t\t<a href=\"https:\/\/adent.ch\/de\/zahnarzt\/christian-wannhoff\/\" class=\"primary-btn\">Profil ansehen<\/a>\n\t\t\t\t\t\t<\/div>\n\t\t\t\t\t<\/div>\n\t\t\t\t<\/div>\n\t\t\t\t\t<\/div>\n\t<\/div>\n\n\n\n<div class=\"content-type-selector-block has-bkg\" data-id=\"content-type-selector-block-54\" id=\"content-type-selector-block-54\">\n\t<div class=\"container\">\n\t\t<div class=\"block-heading\" data-sal=\"slide-up\" data-sal-delay=\"200\" data-sal-easing=\"ease-in-out\" data-sal-duration=\"300\">\n\t\t\t<h3 class=\"block-heading__title h2\">Adent Zahnarztzentrum in Fl\u00fcelen<\/h3>\n\t\t\t<div class=\"block-heading__description is-dark\">Ein professionelles und herzliches Team, das bereit ist, Sie zu empfangen.<\/div>\n\t\t<\/div>\n\t\t<div class=\"members-slider\" data-sal=\"slide-up\" data-sal-delay=\"200\" data-sal-easing=\"ease-in-out\" data-sal-duration=\"300\">\n\t\t\t<div class=\"swiper\"><div class=\"swiper-wrapper\">\t\t\t\t\t\t\t<div class=\"swiper-slide\">\t\t\t\t<div class=\"equipe-card\">\n\t\t\t\t\t<div class=\"equipe-card__caption\">\n\t\t\t\t\t\t<div class=\"equipe-card__job\">Kieferorthop\u00e4din<\/div>\n\t\t\t\t\t\t<h6 class=\"equipe-card__name h3\">Aikaterini LAGOU<\/h6>\n\t\t\t\t\t\t\t\t\t\t\t\t\t<div class=\"equipe-card__description\"><p>Zahn\u00e4rztin spezialisiert auf Kieferorthop\u00e4die, Expertin f\u00fcr individuell abgestimmte kieferorthop\u00e4dische Behandlungen.<\/p>\n<\/div>\n\t\t\t\t\t\t\t\t\t\t\t\t<div class=\"equipe-card__pic\">\n\t\t\t\t\t\t\t<img decoding=\"async\" src=\"https:\/\/adent.ch\/wp-content\/uploads\/2024\/03\/avatar_femme-2-1307x980.png\" alt=\"\" loading=\"lazy\">\n\t\t\t\t\t\t<\/div>\n\t\t\t\t\t\t<div class=\"equipe-card__footer\">\n\t\t\t\t\t\t\t<a href=\"https:\/\/adent.ch\/de\/zahnarzt\/aikaterini-lagou\/\" class=\"primary-btn\">Profil ansehen<\/a>\n\t\t\t\t\t\t<\/div>\n\t\t\t\t\t<\/div>\n\t\t\t\t<\/div>\n\t\t\t\t<\/div>\t\t\t\t\t\t\t<div class=\"swiper-slide\">\t\t\t\t<div class=\"equipe-card\">\n\t\t\t\t\t<div class=\"equipe-card__caption\">\n\t\t\t\t\t\t<div class=\"equipe-card__job\">Kieferorthop\u00e4din<\/div>\n\t\t\t\t\t\t<h6 class=\"equipe-card__name h3\">Eva JOHANNSEN<\/h6>\n\t\t\t\t\t\t\t\t\t\t\t\t\t<div class=\"equipe-card__description\"><p>Zahn\u00e4rztin, spezialisiert auf Kieferorthop\u00e4die. Sie bietet geeignete L\u00f6sungen zur Zahnkorrektur f\u00fcr Kinder, Jugendliche und Erwachsene.<\/p>\n<\/div>\n\t\t\t\t\t\t\t\t\t\t\t\t<div class=\"equipe-card__pic\">\n\t\t\t\t\t\t\t<img decoding=\"async\" src=\"https:\/\/adent.ch\/wp-content\/uploads\/2023\/02\/eva-johannsen-1307x980.png\" alt=\"\" loading=\"lazy\">\n\t\t\t\t\t\t<\/div>\n\t\t\t\t\t\t<div class=\"equipe-card__footer\">\n\t\t\t\t\t\t\t<a href=\"https:\/\/adent.ch\/de\/zahnarzt\/eva-johannsen\/\" class=\"primary-btn\">Profil ansehen<\/a>\n\t\t\t\t\t\t<\/div>\n\t\t\t\t\t<\/div>\n\t\t\t\t<\/div>\n\t\t\t\t<\/div>\t\t\t\t\t\t\t<div class=\"swiper-slide\">\t\t\t\t<div class=\"equipe-card\">\n\t\t\t\t\t<div class=\"equipe-card__caption\">\n\t\t\t\t\t\t<div class=\"equipe-card__job\">Prophylaxeassistentin<\/div>\n\t\t\t\t\t\t<h6 class=\"equipe-card__name h3\">Francesca BEFFA<\/h6>\n\t\t\t\t\t\t\t\t\t\t\t\t\t<div class=\"equipe-card__description\"><p>Prophylaxeassistentin, die \u00fcber Mundhygiene ber\u00e4t und Zahnreinigungen oberhalb des Zahnfleischrandes durchf\u00fchrt.<\/p>\n<\/div>\n\t\t\t\t\t\t\t\t\t\t\t\t<div class=\"equipe-card__pic\">\n\t\t\t\t\t\t\t<img decoding=\"async\" src=\"https:\/\/adent.ch\/wp-content\/uploads\/2025\/06\/francesca-beffa_fluelen.png\" alt=\"\" loading=\"lazy\">\n\t\t\t\t\t\t<\/div>\n\t\t\t\t\t\t<div class=\"equipe-card__footer\">\n\t\t\t\t\t\t\t<a href=\"https:\/\/adent.ch\/de\/zahnarzt\/francesca-beffa\/\" class=\"primary-btn\">Profil ansehen<\/a>\n\t\t\t\t\t\t<\/div>\n\t\t\t\t\t<\/div>\n\t\t\t\t<\/div>\n\t\t\t\t<\/div>\t\t\t\t\t\t\t<div class=\"swiper-slide\">\t\t\t\t<div class=\"equipe-card\">\n\t\t\t\t\t<div class=\"equipe-card__caption\">\n\t\t\t\t\t\t<div class=\"equipe-card__job\">Prophylaxeassistentin<\/div>\n\t\t\t\t\t\t<h6 class=\"equipe-card__name h3\">Maki Zimberi<\/h6>\n\t\t\t\t\t\t\t\t\t\t\t\t\t<div class=\"equipe-card__description\"><p>Prophylaxeassistentin, die mit Zahn\u00e4rzten zusammenarbeitet, die Kinder und Erwachsene betreuen.<\/p>\n<\/div>\n\t\t\t\t\t\t\t\t\t\t\t\t<div class=\"equipe-card__pic\">\n\t\t\t\t\t\t\t<img decoding=\"async\" src=\"https:\/\/adent.ch\/wp-content\/uploads\/2024\/06\/maki-zimberi_fl-1307x980.png\" alt=\"\" loading=\"lazy\">\n\t\t\t\t\t\t<\/div>\n\t\t\t\t\t\t<div class=\"equipe-card__footer\">\n\t\t\t\t\t\t\t<a href=\"https:\/\/adent.ch\/de\/zahnarzt\/maki-zimberi\/\" class=\"primary-btn\">Profil ansehen<\/a>\n\t\t\t\t\t\t<\/div>\n\t\t\t\t\t<\/div>\n\t\t\t\t<\/div>\n\t\t\t\t<\/div>\t\t\t\t\t\t<\/div><\/div><div class=\"swiper-button-prev\"><\/div><div class=\"swiper-button-next\"><\/div>\t\t<\/div>\n\t\t<div class=\"members-slider-pagination\"><\/div>\t<\/div>\n<\/div>\n\n\n<div class=\"cares-list-block\" >\n\t<div class=\"container\">\n\t\t<div class=\"row\">\n\t\t\t<div class=\"col-md-4\">\n\t\t\t\t<h2 class=\"title h3\">Entdecken Sie unsere Pflege<\/h2>\n\t\t\t\t<div class=\"text-lg is-dark\">Unsere Zahn\u00e4rzte und Dentalhygienikerinnen sind dazu da, all Ihre Bed\u00fcrfnisse in Bezug auf die Zahnpflege zu erf\u00fcllen. Bitte kontaktieren Sie uns f\u00fcr weitere Informationen.<\/div>\n\t\t\t\t<div class=\"cares-list-slider-pagination\"><\/div>\n\t\t\t<\/div>\n\t\t\t<div class=\"col-md-8\">\n\t\t\t\t<div class=\"cares-list-slider\">\n\t\t\t\t\t<div class=\"swiper\">\n\t\t\t\t\t\t<div class=\"swiper-wrapper\">\n\t\t\t\t\t\t\t\t\t\t\t\t\t\t\t<div class=\"swiper-slide\">\n\t\t\t\t\t\t\t\t\t<div class=\"care-slide\">\n\t\t\t\t\t\t\t\t\t\t<div class=\"care-slide__title h4\">Kieferorthop\u00e4die f\u00fcr Kinder und Erwachsene<\/div>\n\t\t\t\t\t\t\t\t\t\t\t\t\t\t\t\t\t\t\t\t\t<div class=\"care-slide__desc\">Verwandeln Sie Ihr L\u00e4cheln<\/div>\n\t\t\t\t\t\t\t\t\t\t\t\t\t\t\t\t\t\t\t\t<div class=\"care-slide__link\">\n\t\t\t\t\t\t\t\t\t\t\t<a href=\"https:\/\/adent.ch\/de\/behandlung\/kieferorthopaedie-fuer-kinder-und-erwachsene\/\" class=\"inline-link\">Weiterlesen<\/a>\n\t\t\t\t\t\t\t\t\t\t<\/div>\n\t\t\t\t\t\t\t\t\t<\/div>\n\t\t\t\t\t\t\t\t<\/div>\n\t\t\t\t\t\t\t\t\t\t\t\t\t\t\t<div class=\"swiper-slide\">\n\t\t\t\t\t\t\t\t\t<div class=\"care-slide\">\n\t\t\t\t\t\t\t\t\t\t<div class=\"care-slide__title h4\">Zahnreinigung und Zahnhygiene<\/div>\n\t\t\t\t\t\t\t\t\t\t\t\t\t\t\t\t\t\t\t\t\t<div class=\"care-slide__desc\">Ein gesund aussehendes L\u00e4cheln<\/div>\n\t\t\t\t\t\t\t\t\t\t\t\t\t\t\t\t\t\t\t\t<div class=\"care-slide__link\">\n\t\t\t\t\t\t\t\t\t\t\t<a href=\"https:\/\/adent.ch\/de\/behandlung\/zahnsteinentfernung-und-zahnhygiene\/\" class=\"inline-link\">Weiterlesen<\/a>\n\t\t\t\t\t\t\t\t\t\t<\/div>\n\t\t\t\t\t\t\t\t\t<\/div>\n\t\t\t\t\t\t\t\t<\/div>\n\t\t\t\t\t\t\t\t\t\t\t\t\t\t\t<div class=\"swiper-slide\">\n\t\t\t\t\t\t\t\t\t<div class=\"care-slide\">\n\t\t\t\t\t\t\t\t\t\t<div class=\"care-slide__title h4\">Bleaching und \u00e4sthetische Behandlungen<\/div>\n\t\t\t\t\t\t\t\t\t\t\t\t\t\t\t\t\t\t\t\t\t<div class=\"care-slide__desc\">Ein noch strahlenderes L\u00e4cheln f\u00fcr maximales Selbstvertrauen<\/div>\n\t\t\t\t\t\t\t\t\t\t\t\t\t\t\t\t\t\t\t\t<div class=\"care-slide__link\">\n\t\t\t\t\t\t\t\t\t\t\t<a href=\"https:\/\/adent.ch\/de\/behandlung\/zahnbleaching-und-aesthetisch-e-en-behandlungen\/\" class=\"inline-link\">Weiterlesen<\/a>\n\t\t\t\t\t\t\t\t\t\t<\/div>\n\t\t\t\t\t\t\t\t\t<\/div>\n\t\t\t\t\t\t\t\t<\/div>\n\t\t\t\t\t\t\t\t\t\t\t\t\t\t\t<div class=\"swiper-slide\">\n\t\t\t\t\t\t\t\t\t<div class=\"care-slide\">\n\t\t\t\t\t\t\t\t\t\t<div class=\"care-slide__title h4\">\u00dcbliche Zahnpflege<\/div>\n\t\t\t\t\t\t\t\t\t\t\t\t\t\t\t\t\t\t\t\t\t<div class=\"care-slide__desc\">Ein umfassendes Kompetenzzentrum f\u00fcr Sie und Ihre Kinder<\/div>\n\t\t\t\t\t\t\t\t\t\t\t\t\t\t\t\t\t\t\t\t<div class=\"care-slide__link\">\n\t\t\t\t\t\t\t\t\t\t\t<a href=\"https:\/\/adent.ch\/de\/behandlung\/zahnaerztliche-routineversorgung\/\" class=\"inline-link\">Weiterlesen<\/a>\n\t\t\t\t\t\t\t\t\t\t<\/div>\n\t\t\t\t\t\t\t\t\t<\/div>\n\t\t\t\t\t\t\t\t<\/div>\n\t\t\t\t\t\t\t\t\t\t\t\t\t\t\t<div class=\"swiper-slide\">\n\t\t\t\t\t\t\t\t\t<div class=\"care-slide\">\n\t\t\t\t\t\t\t\t\t\t<div class=\"care-slide__title h4\">Zahnpflege f\u00fcr Kinder<\/div>\n\t\t\t\t\t\t\t\t\t\t\t\t\t\t\t\t\t\t\t\t\t<div class=\"care-slide__desc\">Angepasstes Know-how<\/div>\n\t\t\t\t\t\t\t\t\t\t\t\t\t\t\t\t\t\t\t\t<div class=\"care-slide__link\">\n\t\t\t\t\t\t\t\t\t\t\t<a href=\"https:\/\/adent.ch\/de\/behandlung\/zahnbehandlung-fuer-kinder\/\" class=\"inline-link\">Weiterlesen<\/a>\n\t\t\t\t\t\t\t\t\t\t<\/div>\n\t\t\t\t\t\t\t\t\t<\/div>\n\t\t\t\t\t\t\t\t<\/div>\n\t\t\t\t\t\t\t\t\t\t\t\t\t\t\t<div class=\"swiper-slide\">\n\t\t\t\t\t\t\t\t\t<div class=\"care-slide\">\n\t\t\t\t\t\t\t\t\t\t<div class=\"care-slide__title h4\">Zahnprothese<\/div>\n\t\t\t\t\t\t\t\t\t\t\t\t\t\t\t\t\t\t\t\t\t<div class=\"care-slide__desc\">Geben Sie Ihrem L\u00e4cheln seinen Glanz zur\u00fcck mit unseren massgeschneiderten Zahnprothesen.<\/div>\n\t\t\t\t\t\t\t\t\t\t\t\t\t\t\t\t\t\t\t\t<div class=\"care-slide__link\">\n\t\t\t\t\t\t\t\t\t\t\t<a href=\"https:\/\/adent.ch\/de\/behandlung\/implantate-und-zahnsanierung\/\" class=\"inline-link\">Weiterlesen<\/a>\n\t\t\t\t\t\t\t\t\t\t<\/div>\n\t\t\t\t\t\t\t\t\t<\/div>\n\t\t\t\t\t\t\t\t<\/div>\n\t\t\t\t\t\t\t\t\t\t\t\t\t\t\t<div class=\"swiper-slide\">\n\t\t\t\t\t\t\t\t\t<div class=\"care-slide\">\n\t\t\t\t\t\t\t\t\t\t<div class=\"care-slide__title h4\">Implantat und Restauration<\/div>\n\t\t\t\t\t\t\t\t\t\t\t\t\t\t\t\t\t\t\t\t\t<div class=\"care-slide__desc\">Komfort und \u00c4sthetik dank Zahnimplantaten<\/div>\n\t\t\t\t\t\t\t\t\t\t\t\t\t\t\t\t\t\t\t\t<div class=\"care-slide__link\">\n\t\t\t\t\t\t\t\t\t\t\t<a href=\"https:\/\/adent.ch\/de\/behandlung\/implantat-und-restauration\/\" class=\"inline-link\">Weiterlesen<\/a>\n\t\t\t\t\t\t\t\t\t\t<\/div>\n\t\t\t\t\t\t\t\t\t<\/div>\n\t\t\t\t\t\t\t\t<\/div>\n\t\t\t\t\t\t\t\t\t\t\t\t\t<\/div>\n\t\t\t\t\t<\/div>\n\t\t\t\t\t<div class=\"swiper-button-prev\"><\/div>\n\t\t\t\t\t<div class=\"swiper-button-next\"><\/div>\n\t\t\t\t<\/div>\n\t\t\t<\/div>\n\t\t<\/div>\n\t<\/div>\n<\/div>\n\n\n\t<div class=\"cta-block without-image\" >\n\t\t<div class=\"container\" data-sal=\"slide-up\" data-sal-delay=\"200\" data-sal-easing=\"ease-in-out\" data-sal-duration=\"300\">\n\t\t\t<div class=\"row justify-content-center\">\n\t\t\t\t<div class=\"col-md-8\">\n\t\t\t\t\t<div class=\"subtitle\"><\/div>\n\t\t\t\t\t<h4 class=\"title\">Zahnnotfall?<\/h4>\n\t\t\t\t\t<p class=\"text\">Rufen Sie unser Zentrum jetzt an f\u00fcr eine schnelle Behandlung.<\/p>\n\t\t\t\t\t\t\t\t\t\t\t<a href=\"tel:+41 41 870 20 61\"  class=\"primary-btn\">Rufen Sie uns an<\/a>\n\t\t\t\t\t\t\t\t\t<\/div>\n\t\t\t<\/div>\n\t\t<\/div>\n\t<\/div>\n","protected":false},"template":"","region":[164,166,175],"clinique_treatment":[],"class_list":["post-4211","clinique","type-clinique","status-publish","hentry","region-deutschschweiz","region-flueelen","region-schweizweit"],"acf":{"banner_clinique":{"image":{"ID":16572,"id":16572,"title":"Fluelen rezeption","filename":"fluelen-rezeption-scaled.jpg","filesize":561703,"url":"https:\/\/adent.ch\/wp-content\/uploads\/2022\/04\/fluelen-rezeption-scaled.jpg","link":"https:\/\/adent.ch\/de\/klinik\/fluelen\/fluelen-rezeption-2\/","alt":"","author":"14","description":"","caption":"","name":"fluelen-rezeption-2","status":"inherit","uploaded_to":4211,"date":"2026-01-21 13:19:56","modified":"2026-01-21 13:19:56","menu_order":0,"mime_type":"image\/jpeg","type":"image","subtype":"jpeg","icon":"https:\/\/adent.ch\/wp-includes\/images\/media\/default.png","width":2880,"height":2160,"sizes":{"thumbnail":"https:\/\/adent.ch\/wp-content\/uploads\/2022\/04\/fluelen-rezeption-150x150.jpg","thumbnail-width":150,"thumbnail-height":150,"medium":"https:\/\/adent.ch\/wp-content\/uploads\/2022\/04\/fluelen-rezeption-300x225.jpg","medium-width":300,"medium-height":225,"medium_large":"https:\/\/adent.ch\/wp-content\/uploads\/2022\/04\/fluelen-rezeption-768x576.jpg","medium_large-width":768,"medium_large-height":576,"large":"https:\/\/adent.ch\/wp-content\/uploads\/2022\/04\/fluelen-rezeption-1307x980.jpg","large-width":1307,"large-height":980,"1536x1536":"https:\/\/adent.ch\/wp-content\/uploads\/2022\/04\/fluelen-rezeption-1536x1152.jpg","1536x1536-width":1536,"1536x1536-height":1152,"2048x2048":"https:\/\/adent.ch\/wp-content\/uploads\/2022\/04\/fluelen-rezeption-2048x1536.jpg","2048x2048-width":2048,"2048x2048-height":1536,"gform-image-choice-sm":"https:\/\/adent.ch\/wp-content\/uploads\/2022\/04\/fluelen-rezeption-scaled.jpg","gform-image-choice-sm-width":300,"gform-image-choice-sm-height":225,"gform-image-choice-md":"https:\/\/adent.ch\/wp-content\/uploads\/2022\/04\/fluelen-rezeption-scaled.jpg","gform-image-choice-md-width":400,"gform-image-choice-md-height":300,"gform-image-choice-lg":"https:\/\/adent.ch\/wp-content\/uploads\/2022\/04\/fluelen-rezeption-scaled.jpg","gform-image-choice-lg-width":600,"gform-image-choice-lg-height":450}},"note":""},"marker":{"address":"Zahnarzt Fl\u00fcelen | Adent, Dorfstrasse 12, 6454 Fl\u00fcelen, Suisse","lat":46.90225479999999,"lng":8.6255085,"zoom":14,"place_id":"ChIJ21P5GENFhUcRFaXnTt9OfQg","name":"Zahnarzt Fl\u00fcelen | Adent","street_number":"12","street_name":"Dorfstrasse","city":"Fl\u00fcelen","state":"Uri","state_short":"UR","post_code":"6454","country":"Suisse","country_short":"CH"},"phone":"+41 41 870 20 61","address":"Dorfstrasse 12","postal_code":"6454","access":{"bus":"Bus 401 und 413 - Haltestelle Hauptplatz - 40m.","bus_link":"","train":"Haltestelle Fl\u00fcelen - 70m.","train_link":"","parking":"Kostenlose Parkpl\u00e4tze","parking_link":""},"schedule":{"title":"\u00d6ffnungszeiten","description":""},"short_description":"","soins":[{"id":196,"adult":"k3986_01t1","teenager":"k3986_01t1","kid":"k3986_01t1"},{"id":199,"adult":"k3986_01t4","teenager":"k3986_01t4","kid":"k3986_01t2"}],"clinique_location_id":"ChIJ21P5GENFhUcRFaXnTt9OfQg","subtitle":"Adent Zahnarztzentrum","city":"Fl\u00fcelen","code_zawin":"https:\/\/oa.zawin.ch\/k3986_01","code_zawin_emergencies":"https:\/\/oa.zawin.ch\/k3986_01t21","email":"flueelen@adent.ch","aggregated_city":"","clinique_tag":"","itinerary":"https:\/\/www.google.com\/maps\/dir\/\/Zahnarzt+Fl%C3%BCelen+%7C+Adent,+Dorfstrasse,+Fl%C3%BCelen,+Suisse\/@46.9023425,8.5431076,19067m\/data=!3m1!1e3!4m8!4m7!1m0!1m5!1m1!1s0x4785454318f953db:0x87d4edf4ee7a515!2m2!1d8.6255085!2d46.9022548?entry=ttu&g_ep=EgoyMDI1MDQyOC4wIKXMDSoJLDEwMjExNDUzSAFQAw%3D%3D","marker_image":{"ID":6936,"id":6936,"title":"adent_clinique_fluelen_centre_banner","filename":"adent_clinique_fluelen_centre_banner.jpg","filesize":605517,"url":"https:\/\/adent.ch\/wp-content\/uploads\/2022\/07\/adent_clinique_fluelen_centre_banner.jpg","link":"https:\/\/adent.ch\/de\/klinik\/fluelen\/adent_clinique_fluelen_centre_banner-2\/","alt":"","author":"2","description":"","caption":"","name":"adent_clinique_fluelen_centre_banner-2","status":"inherit","uploaded_to":4211,"date":"2022-07-14 17:43:58","modified":"2022-07-14 17:45:38","menu_order":0,"mime_type":"image\/jpeg","type":"image","subtype":"jpeg","icon":"https:\/\/adent.ch\/wp-includes\/images\/media\/default.png","width":1620,"height":1080,"sizes":{"thumbnail":"https:\/\/adent.ch\/wp-content\/uploads\/2022\/07\/adent_clinique_fluelen_centre_banner-150x150.jpg","thumbnail-width":150,"thumbnail-height":150,"medium":"https:\/\/adent.ch\/wp-content\/uploads\/2022\/07\/adent_clinique_fluelen_centre_banner-300x200.jpg","medium-width":300,"medium-height":200,"medium_large":"https:\/\/adent.ch\/wp-content\/uploads\/2022\/07\/adent_clinique_fluelen_centre_banner-768x512.jpg","medium_large-width":768,"medium_large-height":512,"large":"https:\/\/adent.ch\/wp-content\/uploads\/2022\/07\/adent_clinique_fluelen_centre_banner-1470x980.jpg","large-width":1470,"large-height":980,"1536x1536":"https:\/\/adent.ch\/wp-content\/uploads\/2022\/07\/adent_clinique_fluelen_centre_banner-1536x1024.jpg","1536x1536-width":1536,"1536x1536-height":1024,"2048x2048":"https:\/\/adent.ch\/wp-content\/uploads\/2022\/07\/adent_clinique_fluelen_centre_banner.jpg","2048x2048-width":1620,"2048x2048-height":1080,"gform-image-choice-sm":"https:\/\/adent.ch\/wp-content\/uploads\/2022\/07\/adent_clinique_fluelen_centre_banner.jpg","gform-image-choice-sm-width":300,"gform-image-choice-sm-height":200,"gform-image-choice-md":"https:\/\/adent.ch\/wp-content\/uploads\/2022\/07\/adent_clinique_fluelen_centre_banner.jpg","gform-image-choice-md-width":400,"gform-image-choice-md-height":267,"gform-image-choice-lg":"https:\/\/adent.ch\/wp-content\/uploads\/2022\/07\/adent_clinique_fluelen_centre_banner.jpg","gform-image-choice-lg-width":600,"gform-image-choice-lg-height":400}}},"yoast_head":"<!-- This site is optimized with the Yoast SEO plugin v27.5 - https:\/\/yoast.com\/product\/yoast-seo-wordpress\/ -->\n<title>Zahnarzt in Fl\u00fcelen | Adent Zahnarztzentrum<\/title>\n<meta name=\"description\" content=\"Dank der Anwesenheit von Zahn\u00e4rzten, Hygienikern und Spezialisten bietet das Adent Zahnarztzentrum in Fl\u00fcelen alle Behandlungen f\u00fcr Erwachsene und Kinder an.\" \/>\n<meta name=\"robots\" content=\"index, follow, max-snippet:-1, max-image-preview:large, max-video-preview:-1\" \/>\n<link rel=\"canonical\" href=\"https:\/\/adent.ch\/de\/klinik\/fluelen\/\" \/>\n<meta property=\"og:locale\" content=\"de_DE\" \/>\n<meta property=\"og:type\" content=\"article\" \/>\n<meta property=\"og:title\" content=\"Zahnarzt in Fl\u00fcelen | Adent Zahnarztzentrum\" \/>\n<meta property=\"og:description\" content=\"Dank der Anwesenheit von Zahn\u00e4rzten, Hygienikern und Spezialisten bietet das Adent Zahnarztzentrum in Fl\u00fcelen alle Behandlungen f\u00fcr Erwachsene und Kinder an.\" \/>\n<meta property=\"og:url\" content=\"https:\/\/adent.ch\/de\/klinik\/fluelen\/\" \/>\n<meta property=\"og:site_name\" content=\"Adent Zahnarztzentrum\" \/>\n<meta property=\"article:publisher\" content=\"https:\/\/www.facebook.com\/adentcliniquesdentaires\/\" \/>\n<meta property=\"article:modified_time\" content=\"2025-12-31T13:30:59+00:00\" \/>\n<meta property=\"og:image\" content=\"https:\/\/adent.ch\/wp-content\/uploads\/2024\/04\/adent-aubonne-mai-2022-igor-laski-web-hd-srvb-48.jpg\" \/>\n\t<meta property=\"og:image:width\" content=\"1619\" \/>\n\t<meta property=\"og:image:height\" content=\"1080\" \/>\n\t<meta property=\"og:image:type\" content=\"image\/jpeg\" \/>\n<meta name=\"twitter:card\" content=\"summary_large_image\" \/>\n<script type=\"application\/ld+json\" class=\"yoast-schema-graph\">{\"@context\":\"https:\\\/\\\/schema.org\",\"@graph\":[{\"@type\":\"WebPage\",\"@id\":\"https:\\\/\\\/adent.ch\\\/de\\\/klinik\\\/fluelen\\\/\",\"url\":\"https:\\\/\\\/adent.ch\\\/de\\\/klinik\\\/fluelen\\\/\",\"name\":\"Zahnarzt in Fl\u00fcelen | Adent Zahnarztzentrum\",\"isPartOf\":{\"@id\":\"https:\\\/\\\/adent.ch\\\/de\\\/#website\"},\"datePublished\":\"2022-04-20T13:03:18+00:00\",\"dateModified\":\"2025-12-31T13:30:59+00:00\",\"description\":\"Dank der Anwesenheit von Zahn\u00e4rzten, Hygienikern und Spezialisten bietet das Adent Zahnarztzentrum in Fl\u00fcelen alle Behandlungen f\u00fcr Erwachsene und Kinder an.\",\"breadcrumb\":{\"@id\":\"https:\\\/\\\/adent.ch\\\/de\\\/klinik\\\/fluelen\\\/#breadcrumb\"},\"inLanguage\":\"de-CH\",\"potentialAction\":[{\"@type\":\"ReadAction\",\"target\":[\"https:\\\/\\\/adent.ch\\\/de\\\/klinik\\\/fluelen\\\/\"]}]},{\"@type\":\"BreadcrumbList\",\"@id\":\"https:\\\/\\\/adent.ch\\\/de\\\/klinik\\\/fluelen\\\/#breadcrumb\",\"itemListElement\":[{\"@type\":\"ListItem\",\"position\":1,\"name\":\"Zahnarztzentrum\",\"item\":\"https:\\\/\\\/adent.ch\\\/de\\\/zahnkliniken\\\/\"},{\"@type\":\"ListItem\",\"position\":2,\"name\":\"Fl\u00fcelen\"}]},{\"@type\":\"WebSite\",\"@id\":\"https:\\\/\\\/adent.ch\\\/de\\\/#website\",\"url\":\"https:\\\/\\\/adent.ch\\\/de\\\/\",\"name\":\"Adent Zahnarztzentrum\",\"description\":\"\",\"publisher\":{\"@id\":\"https:\\\/\\\/adent.ch\\\/de\\\/#organization\"},\"potentialAction\":[{\"@type\":\"SearchAction\",\"target\":{\"@type\":\"EntryPoint\",\"urlTemplate\":\"https:\\\/\\\/adent.ch\\\/de\\\/?s={search_term_string}\"},\"query-input\":{\"@type\":\"PropertyValueSpecification\",\"valueRequired\":true,\"valueName\":\"search_term_string\"}}],\"inLanguage\":\"de-CH\"},{\"@type\":\"Organization\",\"@id\":\"https:\\\/\\\/adent.ch\\\/de\\\/#organization\",\"name\":\"Adent Cliniques Dentaires\",\"url\":\"https:\\\/\\\/adent.ch\\\/de\\\/\",\"logo\":{\"@type\":\"ImageObject\",\"inLanguage\":\"de-CH\",\"@id\":\"https:\\\/\\\/adent.ch\\\/de\\\/#\\\/schema\\\/logo\\\/image\\\/\",\"url\":\"https:\\\/\\\/adent.ch\\\/wp-content\\\/uploads\\\/2022\\\/09\\\/adent-habefast-logo-2018-fr-05032019-rvb-scaled.jpg\",\"contentUrl\":\"https:\\\/\\\/adent.ch\\\/wp-content\\\/uploads\\\/2022\\\/09\\\/adent-habefast-logo-2018-fr-05032019-rvb-scaled.jpg\",\"width\":2880,\"height\":750,\"caption\":\"Adent Cliniques Dentaires\"},\"image\":{\"@id\":\"https:\\\/\\\/adent.ch\\\/de\\\/#\\\/schema\\\/logo\\\/image\\\/\"},\"sameAs\":[\"https:\\\/\\\/www.facebook.com\\\/adentcliniquesdentaires\\\/\",\"https:\\\/\\\/www.instagram.com\\\/adent.ch\\\/\",\"https:\\\/\\\/www.youtube.com\\\/channel\\\/UCPd5UjY-ipuq3MhW6m0W-wg\",\"https:\\\/\\\/www.linkedin.com\\\/company\\\/adent-cliniques-dentaires\\\/?originalSubdomain=ch\"]}]}<\/script>\n<!-- \/ Yoast SEO plugin. -->","yoast_head_json":{"title":"Zahnarzt in Fl\u00fcelen | Adent Zahnarztzentrum","description":"Dank der Anwesenheit von Zahn\u00e4rzten, Hygienikern und Spezialisten bietet das Adent Zahnarztzentrum in Fl\u00fcelen alle Behandlungen f\u00fcr Erwachsene und Kinder an.","robots":{"index":"index","follow":"follow","max-snippet":"max-snippet:-1","max-image-preview":"max-image-preview:large","max-video-preview":"max-video-preview:-1"},"canonical":"https:\/\/adent.ch\/de\/klinik\/fluelen\/","og_locale":"de_DE","og_type":"article","og_title":"Zahnarzt in Fl\u00fcelen | Adent Zahnarztzentrum","og_description":"Dank der Anwesenheit von Zahn\u00e4rzten, Hygienikern und Spezialisten bietet das Adent Zahnarztzentrum in Fl\u00fcelen alle Behandlungen f\u00fcr Erwachsene und Kinder an.","og_url":"https:\/\/adent.ch\/de\/klinik\/fluelen\/","og_site_name":"Adent Zahnarztzentrum","article_publisher":"https:\/\/www.facebook.com\/adentcliniquesdentaires\/","article_modified_time":"2025-12-31T13:30:59+00:00","og_image":[{"width":1619,"height":1080,"url":"https:\/\/adent.ch\/wp-content\/uploads\/2024\/04\/adent-aubonne-mai-2022-igor-laski-web-hd-srvb-48.jpg","type":"image\/jpeg"}],"twitter_card":"summary_large_image","schema":{"@context":"https:\/\/schema.org","@graph":[{"@type":"WebPage","@id":"https:\/\/adent.ch\/de\/klinik\/fluelen\/","url":"https:\/\/adent.ch\/de\/klinik\/fluelen\/","name":"Zahnarzt in Fl\u00fcelen | Adent Zahnarztzentrum","isPartOf":{"@id":"https:\/\/adent.ch\/de\/#website"},"datePublished":"2022-04-20T13:03:18+00:00","dateModified":"2025-12-31T13:30:59+00:00","description":"Dank der Anwesenheit von Zahn\u00e4rzten, Hygienikern und Spezialisten bietet das Adent Zahnarztzentrum in Fl\u00fcelen alle Behandlungen f\u00fcr Erwachsene und Kinder an.","breadcrumb":{"@id":"https:\/\/adent.ch\/de\/klinik\/fluelen\/#breadcrumb"},"inLanguage":"de-CH","potentialAction":[{"@type":"ReadAction","target":["https:\/\/adent.ch\/de\/klinik\/fluelen\/"]}]},{"@type":"BreadcrumbList","@id":"https:\/\/adent.ch\/de\/klinik\/fluelen\/#breadcrumb","itemListElement":[{"@type":"ListItem","position":1,"name":"Zahnarztzentrum","item":"https:\/\/adent.ch\/de\/zahnkliniken\/"},{"@type":"ListItem","position":2,"name":"Fl\u00fcelen"}]},{"@type":"WebSite","@id":"https:\/\/adent.ch\/de\/#website","url":"https:\/\/adent.ch\/de\/","name":"Adent Zahnarztzentrum","description":"","publisher":{"@id":"https:\/\/adent.ch\/de\/#organization"},"potentialAction":[{"@type":"SearchAction","target":{"@type":"EntryPoint","urlTemplate":"https:\/\/adent.ch\/de\/?s={search_term_string}"},"query-input":{"@type":"PropertyValueSpecification","valueRequired":true,"valueName":"search_term_string"}}],"inLanguage":"de-CH"},{"@type":"Organization","@id":"https:\/\/adent.ch\/de\/#organization","name":"Adent Cliniques Dentaires","url":"https:\/\/adent.ch\/de\/","logo":{"@type":"ImageObject","inLanguage":"de-CH","@id":"https:\/\/adent.ch\/de\/#\/schema\/logo\/image\/","url":"https:\/\/adent.ch\/wp-content\/uploads\/2022\/09\/adent-habefast-logo-2018-fr-05032019-rvb-scaled.jpg","contentUrl":"https:\/\/adent.ch\/wp-content\/uploads\/2022\/09\/adent-habefast-logo-2018-fr-05032019-rvb-scaled.jpg","width":2880,"height":750,"caption":"Adent Cliniques Dentaires"},"image":{"@id":"https:\/\/adent.ch\/de\/#\/schema\/logo\/image\/"},"sameAs":["https:\/\/www.facebook.com\/adentcliniquesdentaires\/","https:\/\/www.instagram.com\/adent.ch\/","https:\/\/www.youtube.com\/channel\/UCPd5UjY-ipuq3MhW6m0W-wg","https:\/\/www.linkedin.com\/company\/adent-cliniques-dentaires\/?originalSubdomain=ch"]}]}},"google_datas":{"html_attributions":[],"result":{"current_opening_hours":{"open_now":true,"periods":[{"close":{"date":"2026-05-04","day":1,"time":"1200"},"open":{"date":"2026-05-04","day":1,"time":"0800"}},{"close":{"date":"2026-05-04","day":1,"time":"1900"},"open":{"date":"2026-05-04","day":1,"time":"1300"}},{"close":{"date":"2026-05-05","day":2,"time":"1200"},"open":{"date":"2026-05-05","day":2,"time":"0800"}},{"close":{"date":"2026-05-05","day":2,"time":"1700"},"open":{"date":"2026-05-05","day":2,"time":"1300"}},{"close":{"date":"2026-05-06","day":3,"time":"1200"},"open":{"date":"2026-05-06","day":3,"time":"0800"}},{"close":{"date":"2026-05-06","day":3,"time":"1700"},"open":{"date":"2026-05-06","day":3,"time":"1300"}},{"close":{"date":"2026-05-07","day":4,"time":"1200"},"open":{"date":"2026-05-07","day":4,"time":"0800"}},{"close":{"date":"2026-05-07","day":4,"time":"1900"},"open":{"date":"2026-05-07","day":4,"time":"1300"}},{"close":{"date":"2026-05-01","day":5,"time":"1200"},"open":{"date":"2026-05-01","day":5,"time":"0800"}},{"close":{"date":"2026-05-01","day":5,"time":"1700"},"open":{"date":"2026-05-01","day":5,"time":"1230"}}],"weekday_text":["lundi: 08:00\u2009\u2013\u200912:00, 13:00\u2009\u2013\u200919:00","mardi: 08:00\u2009\u2013\u200912:00, 13:00\u2009\u2013\u200917:00","mercredi: 08:00\u2009\u2013\u200912:00, 13:00\u2009\u2013\u200917:00","jeudi: 08:00\u2009\u2013\u200912:00, 13:00\u2009\u2013\u200919:00","vendredi: 08:00\u2009\u2013\u200912:00, 12:30\u2009\u2013\u200917:00","samedi: Ferm\u00e9","dimanche: Ferm\u00e9"]},"opening_hours":{"open_now":true,"periods":[{"close":{"day":1,"time":"1200"},"open":{"day":1,"time":"0800"}},{"close":{"day":1,"time":"1900"},"open":{"day":1,"time":"1300"}},{"close":{"day":2,"time":"1200"},"open":{"day":2,"time":"0800"}},{"close":{"day":2,"time":"1700"},"open":{"day":2,"time":"1300"}},{"close":{"day":3,"time":"1200"},"open":{"day":3,"time":"0800"}},{"close":{"day":3,"time":"1700"},"open":{"day":3,"time":"1300"}},{"close":{"day":4,"time":"1200"},"open":{"day":4,"time":"0800"}},{"close":{"day":4,"time":"1900"},"open":{"day":4,"time":"1300"}},{"close":{"day":5,"time":"1200"},"open":{"day":5,"time":"0800"}},{"close":{"day":5,"time":"1700"},"open":{"day":5,"time":"1230"}}],"weekday_text":["lundi: 08:00\u2009\u2013\u200912:00, 13:00\u2009\u2013\u200919:00","mardi: 08:00\u2009\u2013\u200912:00, 13:00\u2009\u2013\u200917:00","mercredi: 08:00\u2009\u2013\u200912:00, 13:00\u2009\u2013\u200917:00","jeudi: 08:00\u2009\u2013\u200912:00, 13:00\u2009\u2013\u200919:00","vendredi: 08:00\u2009\u2013\u200912:00, 12:30\u2009\u2013\u200917:00","samedi: Ferm\u00e9","dimanche: Ferm\u00e9"]},"photos":[{"height":3024,"html_attributions":["<a href=\"https:\/\/maps.google.com\/maps\/contrib\/103427534718982830443\">Zahnarzt Fl\u00fcelen | Adent<\/a>"],"photo_reference":"Ab43m-tuvRN888BbT4qolAo2tsejZHI1UUxN2gAKs_SmL5UwR3q-7o9GWHLqYJRwgHCwFkkPWGDxfuGV7ONGXSz3NOahr9BI2Es1_oWjyDsK_hc6rMSMNEM_NTGmsoAIE9pFFYVZRS6KhJJHdQYF6SOMhwEbw-9MH-sp4vWFc-HsRXJMfKJkWghGTFsEUcum2of-l32qhTQrsybE-pQ2JIiBZZVbK55cbzdoM68Tc6n8ZPaAdX143E6AKHU0qh7NvrgdTdnBpvut1M2_5VVv6ILh7FSWKVF3DGU0L7vcJQTISjoE4w","width":4032},{"height":1080,"html_attributions":["<a href=\"https:\/\/maps.google.com\/maps\/contrib\/103427534718982830443\">Zahnarzt Fl\u00fcelen | Adent<\/a>"],"photo_reference":"Ab43m-sm-1uVNDNy7rzAo5DKpPuRTni171ppUTJ0f8OSnOM1zlP-NwOk24bHYJd48oxu5tzlAOpqKoy8tSAH0fiphZ0e67wBKngoNe9YThnXWp_kc_F4cFnB2PEbfsvb9wZQaK-TH5V44hFgJNz9PBaxCk_Jm5I_iEFrVa898K4W_25nOQnYeGZDvYlZj1mJId7nBYzpvwCjXgCKHJ3-JdMwCzOmIOTysFczab5KG0EemOmUwP3zx8zQeVuc8fia5QMFChxa4wZb0E01MzSvesE_XrGtJ8r7M4bzl8gsPVX3YnRr8A","width":1619},{"height":994,"html_attributions":["<a href=\"https:\/\/maps.google.com\/maps\/contrib\/103427534718982830443\">Zahnarzt Fl\u00fcelen | Adent<\/a>"],"photo_reference":"Ab43m-sfXpH45ia_4M4EsrLPsipoGV8vTrfzr26HxATLInKPzZTyF0ccegcnh6umK0866nb1nhkfQSWY5cLXCgnEAsiHW9aiMeWl7QCvpAbXBK4cbW1HDelY5gV-Bb06gm6nnqvPlw_5Iv62N-bYgWMqdzmj2hSrDdXCws2q034CqZCtFRHd-lyKJOL9PYmK7AdahkNDF3WrOoKvjDwu4Z6Rgecdn5nAPrbactpvYjjqzYZi3_DL7I1RobZI7e2do1VKXKPHXzFxlizF3fclinHQtqMDYXeCSXGf8Ydhn89JF9ST1g","width":994}],"rating":4.7,"url":"https:\/\/maps.google.com\/?cid=611731845400732949","user_ratings_total":34},"status":"OK"},"_links":{"self":[{"href":"https:\/\/adent.ch\/de\/wp-json\/wp\/v2\/clinique\/4211","targetHints":{"allow":["GET"]}}],"collection":[{"href":"https:\/\/adent.ch\/de\/wp-json\/wp\/v2\/clinique"}],"about":[{"href":"https:\/\/adent.ch\/de\/wp-json\/wp\/v2\/types\/clinique"}],"wp:attachment":[{"href":"https:\/\/adent.ch\/de\/wp-json\/wp\/v2\/media?parent=4211"}],"wp:term":[{"taxonomy":"region","embeddable":true,"href":"https:\/\/adent.ch\/de\/wp-json\/wp\/v2\/region?post=4211"},{"taxonomy":"clinique_treatment","embeddable":true,"href":"https:\/\/adent.ch\/de\/wp-json\/wp\/v2\/clinique_treatment?post=4211"}],"curies":[{"name":"wp","href":"https:\/\/api.w.org\/{rel}","templated":true}]}}