{"id":4213,"date":"2022-04-20T14:58:07","date_gmt":"2022-04-20T12:58:07","guid":{"rendered":"https:\/\/adent.ch\/clinique\/yverdon\/"},"modified":"2025-12-30T12:45:15","modified_gmt":"2025-12-30T11:45:15","slug":"yverdon","status":"publish","type":"clinique","link":"https:\/\/adent.ch\/de\/klinik\/yverdon\/","title":{"rendered":"Yverdon"},"content":{"rendered":"<div class=\"two-column-block\" >\n\t<div class=\"container\">\n\t\t\t\t\t<h3 class=\"title\" data-sal=\"slide-up\" data-sal-delay=\"200\" data-sal-easing=\"ease-in-out\" data-sal-duration=\"300\">Willkommen bei Adent Yverdon<\/h3>\n\t\t\t\t\t\t\t<div class=\"row justify-content-between\" data-sal=\"slide-up\" data-sal-delay=\"200\" data-sal-easing=\"ease-in-out\" data-sal-duration=\"300\">\n\t\t\t\t\t\t\t\t\t\t\t\t\t\t\t<div class=\"col-md-6\">\n\t\t\t\t\t\t\t<div class=\"text-lg\">\n\t\t\t\t\t\t\t\t<p data-start=\"144\" data-end=\"746\">Im <strong data-start=\"147\" data-end=\"180\">Adent Zahnarztzentrum Yverdon<\/strong> heissen wir Sie in einer modernen und einladenden Umgebung willkommen, in der jeder Patient individuelle Betreuung und hochwertige Zahnbehandlungen erh\u00e4lt. Unter der Leitung von Frau <strong data-start=\"364\" data-end=\"388\">Aikaterini Thomaidou<\/strong>, Zahn\u00e4rztin, bietet das Zentrum umfassende Leistungen in der allgemeinen Zahnmedizin und Zahnreinigung f\u00fcr Erwachsene und Kinder in einer angenehmen und vertrauensvollen Atmosph\u00e4re. Unsere Zahn\u00e4rzte und Dentalhygienikerinnen bilden sich kontinuierlich weiter und arbeiten mit modernster Technik, um stets Behandlungen auf h\u00f6chstem Niveau zu gew\u00e4hrleisten.<\/p>\n<p data-start=\"748\" data-end=\"1318\">Das Zahnarztzentrum verf\u00fcgt \u00fcber ein eigenes Prothesenlabor, <strong data-start=\"809\" data-end=\"844\">Labo 3D | Digital Dental Design<\/strong>, das auf massgeschneiderte Implantate, Kronen und Prothesen spezialisiert ist und so eine effiziente und umfassende Versorgung erm\u00f6glicht. F\u00fcr kieferorthop\u00e4dische Behandlungen steht Dr. <strong data-start=\"1031\" data-end=\"1040\">Bahri<\/strong> zur Verf\u00fcgung, der verschiedene Methoden zur Zahnkorrektur anbietet, darunter die transparente Invisalign\u00ae-Schiene und herk\u00f6mmliche Zahnspangen. Gemeinsam mit den Patienten w\u00e4hlt er die passende Behandlungsmethode, um das beste Ergebnis in Komfort und Diskretion zu erzielen.<\/p>\n<p data-start=\"1320\" data-end=\"1685\">F\u00fcr Patienten, die vor Zahnbehandlungen Angst empfinden, bieten wir entspannende L\u00f6sungen wie Lachgas und Hypnose an, sodass jeder Besuch m\u00f6glichst stressfrei und angenehm verl\u00e4uft. Notf\u00e4lle k\u00f6nnen dank spezieller Notfallzeiten schnell behandelt werden, und das Zentrum ist barrierefrei gestaltet, mit Parkpl\u00e4tzen direkt vor dem Eingang f\u00fcr eine einfache Anfahrt.<\/p>\n<p data-start=\"1687\" data-end=\"2041\">Unser mehrsprachiges Team, das Franz\u00f6sisch, Englisch und Spanisch spricht, ist von Montag bis Samstag f\u00fcr Sie da, um Ihre zahnmedizinischen Bed\u00fcrfnisse professionell, aufmerksam und menschlich zu betreuen. <strong data-start=\"1893\" data-end=\"1940\">Willkommen im Adent Zahnarztzentrum Yverdon<\/strong>, wo Fachkompetenz und ein menschlicher Ansatz f\u00fcr Ihr L\u00e4cheln und Wohlbefinden Hand in Hand gehen.<\/p>\n\t\t\t\t\t\t\t<\/div>\n\t\t\t\t\t\t\t\t\t\t\t\t\t\t\t\t\t\t\t\t\t\t\t\t\t\t\t<\/div>\n\t\t\t\t\t\t\t\t\t\t\t\t<\/div>\n\t\t\t<\/div>\n<\/div>\n\n\n<div class=\"clinique-head-block one-member\" data-id=\"member-block\" id=\"member-block\">\n\t\t\t<div class=\"container\">\n\t\t\t\t\t\t\t<div class=\"row align-items-center\">\n\t\t\t\t\t<div class=\"col-md-6\">\n\t\t\t\t\t\t<div class=\"member-content-pic\">\n\t\t\t\t\t\t\t<img decoding=\"async\" src=\"https:\/\/adent.ch\/wp-content\/uploads\/2022\/04\/catherine_thomaidou.png\" alt=\"\" loading=\"lazy\">\n\t\t\t\t\t\t<\/div>\n\t\t\t\t\t<\/div>\n\t\t\t\t\t<div class=\"col-md-5\">\n\t\t\t\t\t\t<div class=\"member-content-infos\">\n\t\t\t\t\t\t\t<div class=\"h5 is-primary\">Zentrumsleiterin, Zahn\u00e4rztin<\/div>\n\t\t\t\t\t\t\t<h4 class=\"h2\">Aikaterini <span class=\"last-name\">THOMAIDOU<\/span><\/h4>\n\t\t\t\t\t\t\t<div class=\"short-description\"><p>Aikaterini Thomaidou, Leiterin des Adent Zahnarztzentrums Yverdon, bietet Zahnbehandlungen f\u00fcr Kinder &amp; Erwachsene, Hypnose &amp; Komfort.<\/p>\n<\/div>\n\t\t\t\t\t\t\t<a href=\"https:\/\/adent.ch\/de\/zahnarzt\/aikaterini-thomaidou\/\" class=\"primary-btn\">Profil ansehen<\/a>\n\t\t\t\t\t\t<\/div>\n\t\t\t\t\t<\/div>\n\t\t\t\t<\/div>\n\t\t\t\t\t<\/div>\n\t<\/div>\n\n\n\n<div class=\"content-type-selector-block has-bkg\" data-id=\"content-type-selector-block-72\" id=\"content-type-selector-block-72\">\n\t<div class=\"container\">\n\t\t<div class=\"block-heading\" data-sal=\"slide-up\" data-sal-delay=\"200\" data-sal-easing=\"ease-in-out\" data-sal-duration=\"300\">\n\t\t\t<h3 class=\"block-heading__title h2\">Zentrum Zahnarztzentrum Adent in Yverdon<\/h3>\n\t\t\t<div class=\"block-heading__description is-dark\">Ein professionelles und herzliches Team, das bereit ist, Sie zu empfangen.<\/div>\n\t\t<\/div>\n\t\t<div class=\"members-slider\" data-sal=\"slide-up\" data-sal-delay=\"200\" data-sal-easing=\"ease-in-out\" data-sal-duration=\"300\">\n\t\t\t<div class=\"swiper\"><div class=\"swiper-wrapper\">\t\t\t\t\t\t\t<div class=\"swiper-slide\">\t\t\t\t<div class=\"equipe-card\">\n\t\t\t\t\t<div class=\"equipe-card__caption\">\n\t\t\t\t\t\t<div class=\"equipe-card__job\">Dentalhygienikerin<\/div>\n\t\t\t\t\t\t<h6 class=\"equipe-card__name h3\">Alissa KHAN<\/h6>\n\t\t\t\t\t\t\t\t\t\t\t\t\t<div class=\"equipe-card__description\"><article class=\"text-token-text-primary w-full focus:outline-none [--shadow-height:45px] has-data-writing-block:pointer-events-none has-data-writing-block:-mt-(--shadow-height) has-data-writing-block:pt-(--shadow-height) [&amp;:has([data-writing-block])&gt;*]:pointer-events-auto scroll-mt-[calc(var(--header-height)+min(200px,max(70px,20svh)))]\" dir=\"auto\" tabindex=\"-1\" data-turn-id=\"request-WEB:7c8055f6-18a9-4b19-af7b-43a258344f6a-1\" data-testid=\"conversation-turn-4\" data-scroll-anchor=\"true\" data-turn=\"assistant\">\n<div class=\"text-base my-auto mx-auto pb-10 [--thread-content-margin:--spacing(4)] thread-sm:[--thread-content-margin:--spacing(6)] thread-lg:[--thread-content-margin:--spacing(16)] px-(--thread-content-margin)\">\n<div class=\"[--thread-content-max-width:40rem] thread-lg:[--thread-content-max-width:48rem] mx-auto max-w-(--thread-content-max-width) flex-1 group\/turn-messages focus-visible:outline-hidden relative flex w-full min-w-0 flex-col agent-turn\" tabindex=\"-1\">\n<div class=\"flex max-w-full flex-col grow\">\n<div class=\"min-h-8 text-message relative flex w-full flex-col items-end gap-2 text-start break-words whitespace-normal [.text-message+&amp;]:mt-1\" dir=\"auto\" data-message-author-role=\"assistant\" data-message-id=\"9673ba86-7fe9-4881-abe4-ba31eececeb6\" data-message-model-slug=\"gpt-5\">\n<div class=\"flex w-full flex-col gap-1 empty:hidden first:pt-[1px]\">\n<div class=\"markdown prose dark:prose-invert w-full break-words light markdown-new-styling\">\n<p data-start=\"1679\" data-end=\"1771\" data-is-last-node=\"\" data-is-only-node=\"\">Dentalhygienikerin, spezialisiert auf Mundhygiene, Pr\u00e4vention von Mundkrankheiten und Zahnsteinentfernung.<\/p>\n<\/div>\n<\/div>\n<\/div>\n<\/div>\n<div class=\"z-0 flex min-h-[46px] justify-start\"><\/div>\n<div class=\"mt-3 w-full empty:hidden\">\n<div class=\"text-center\"><\/div>\n<\/div>\n<\/div>\n<\/div>\n<\/article>\n<div class=\"pointer-events-none h-px w-px\" aria-hidden=\"true\" data-edge=\"true\"><\/div>\n<\/div>\n\t\t\t\t\t\t\t\t\t\t\t\t<div class=\"equipe-card__pic\">\n\t\t\t\t\t\t\t<img decoding=\"async\" src=\"https:\/\/adent.ch\/wp-content\/uploads\/2025\/12\/alissa-khan_yverdon.png\" alt=\"\" loading=\"lazy\">\n\t\t\t\t\t\t<\/div>\n\t\t\t\t\t\t<div class=\"equipe-card__footer\">\n\t\t\t\t\t\t\t<a href=\"https:\/\/adent.ch\/de\/zahnarzt\/alissa-khan\/\" class=\"primary-btn\">Profil ansehen<\/a>\n\t\t\t\t\t\t<\/div>\n\t\t\t\t\t<\/div>\n\t\t\t\t<\/div>\n\t\t\t\t<\/div>\t\t\t\t\t\t\t<div class=\"swiper-slide\">\t\t\t\t<div class=\"equipe-card\">\n\t\t\t\t\t<div class=\"equipe-card__caption\">\n\t\t\t\t\t\t<div class=\"equipe-card__job\">Prophylaxeassistentin<\/div>\n\t\t\t\t\t\t<h6 class=\"equipe-card__name h3\">Claudia MONTEIRO<\/h6>\n\t\t\t\t\t\t\t\t\t\t\t\t\t<div class=\"equipe-card__description\"><article class=\"text-token-text-primary w-full focus:outline-none [--shadow-height:45px] has-data-writing-block:pointer-events-none has-data-writing-block:-mt-(--shadow-height) has-data-writing-block:pt-(--shadow-height) [&amp;:has([data-writing-block])&gt;*]:pointer-events-auto scroll-mt-[calc(var(--header-height)+min(200px,max(70px,20svh)))]\" dir=\"auto\" tabindex=\"-1\" data-turn-id=\"request-WEB:7c8055f6-18a9-4b19-af7b-43a258344f6a-1\" data-testid=\"conversation-turn-4\" data-scroll-anchor=\"true\" data-turn=\"assistant\">\n<div class=\"text-base my-auto mx-auto pb-10 [--thread-content-margin:--spacing(4)] thread-sm:[--thread-content-margin:--spacing(6)] thread-lg:[--thread-content-margin:--spacing(16)] px-(--thread-content-margin)\">\n<div class=\"[--thread-content-max-width:40rem] thread-lg:[--thread-content-max-width:48rem] mx-auto max-w-(--thread-content-max-width) flex-1 group\/turn-messages focus-visible:outline-hidden relative flex w-full min-w-0 flex-col agent-turn\" tabindex=\"-1\">\n<div class=\"flex max-w-full flex-col grow\">\n<div class=\"min-h-8 text-message relative flex w-full flex-col items-end gap-2 text-start break-words whitespace-normal [.text-message+&amp;]:mt-1\" dir=\"auto\" data-message-author-role=\"assistant\" data-message-id=\"9673ba86-7fe9-4881-abe4-ba31eececeb6\" data-message-model-slug=\"gpt-5\">\n<div class=\"flex w-full flex-col gap-1 empty:hidden first:pt-[1px]\">\n<div class=\"markdown prose dark:prose-invert w-full break-words light markdown-new-styling\">\n<p data-start=\"1679\" data-end=\"1771\" data-is-last-node=\"\" data-is-only-node=\"\">Prophylaxeassistentin, spezialisiert auf Mundhygiene und Pr\u00e4vention von Munderkrankungen.<\/p>\n<\/div>\n<\/div>\n<\/div>\n<\/div>\n<div class=\"z-0 flex min-h-[46px] justify-start\"><\/div>\n<div class=\"mt-3 w-full empty:hidden\">\n<div class=\"text-center\"><\/div>\n<\/div>\n<\/div>\n<\/div>\n<\/article>\n<div class=\"pointer-events-none h-px w-px\" aria-hidden=\"true\" data-edge=\"true\"><\/div>\n<\/div>\n\t\t\t\t\t\t\t\t\t\t\t\t<div class=\"equipe-card__pic\">\n\t\t\t\t\t\t\t<img decoding=\"async\" src=\"https:\/\/adent.ch\/wp-content\/uploads\/2025\/12\/claudia-monteiro_yverdon.png\" alt=\"\" loading=\"lazy\">\n\t\t\t\t\t\t<\/div>\n\t\t\t\t\t\t<div class=\"equipe-card__footer\">\n\t\t\t\t\t\t\t<a href=\"https:\/\/adent.ch\/de\/zahnarzt\/claudia-monteiro\/\" class=\"primary-btn\">Profil ansehen<\/a>\n\t\t\t\t\t\t<\/div>\n\t\t\t\t\t<\/div>\n\t\t\t\t<\/div>\n\t\t\t\t<\/div>\t\t\t\t\t\t\t<div class=\"swiper-slide\">\t\t\t\t<div class=\"equipe-card\">\n\t\t\t\t\t<div class=\"equipe-card__caption\">\n\t\t\t\t\t\t<div class=\"equipe-card__job\">Dentalhygienikerin<\/div>\n\t\t\t\t\t\t<h6 class=\"equipe-card__name h3\">Cristina DA CRUZ<\/h6>\n\t\t\t\t\t\t\t\t\t\t\t\t\t<div class=\"equipe-card__description\"><p>Dentalhygienikerin, spezialisiert auf Mundhygiene, Krankheitsvorbeugung und Zahnreinigungen \u00fcber und unter dem Zahnfleisch.<\/p>\n<\/div>\n\t\t\t\t\t\t\t\t\t\t\t\t<div class=\"equipe-card__pic\">\n\t\t\t\t\t\t\t<img decoding=\"async\" src=\"https:\/\/adent.ch\/wp-content\/uploads\/2023\/02\/cristina_da_cruz_yv-1307x980.png\" alt=\"\" loading=\"lazy\">\n\t\t\t\t\t\t<\/div>\n\t\t\t\t\t\t<div class=\"equipe-card__footer\">\n\t\t\t\t\t\t\t<a href=\"https:\/\/adent.ch\/de\/zahnarzt\/cristina-dacruz\/\" class=\"primary-btn\">Profil ansehen<\/a>\n\t\t\t\t\t\t<\/div>\n\t\t\t\t\t<\/div>\n\t\t\t\t<\/div>\n\t\t\t\t<\/div>\t\t\t\t\t\t\t<div class=\"swiper-slide\">\t\t\t\t<div class=\"equipe-card\">\n\t\t\t\t\t<div class=\"equipe-card__caption\">\n\t\t\t\t\t\t<div class=\"equipe-card__job\">Zahn\u00e4rztin<\/div>\n\t\t\t\t\t\t<h6 class=\"equipe-card__name h3\">Dorra HAMED<\/h6>\n\t\t\t\t\t\t\t\t\t\t\t\t\t<div class=\"equipe-card__description\"><p>Zahn\u00e4rztin f\u00fcr allgemeine Zahnheilkunde, der Erwachsene und Kinder betreut.<\/p>\n<\/div>\n\t\t\t\t\t\t\t\t\t\t\t\t<div class=\"equipe-card__pic\">\n\t\t\t\t\t\t\t<img decoding=\"async\" src=\"https:\/\/adent.ch\/wp-content\/uploads\/2022\/05\/dorra-hamed_yverdon-1307x980.png\" alt=\"\" loading=\"lazy\">\n\t\t\t\t\t\t<\/div>\n\t\t\t\t\t\t<div class=\"equipe-card__footer\">\n\t\t\t\t\t\t\t<a href=\"https:\/\/adent.ch\/de\/zahnarzt\/dorra-hamed\/\" class=\"primary-btn\">Profil ansehen<\/a>\n\t\t\t\t\t\t<\/div>\n\t\t\t\t\t<\/div>\n\t\t\t\t<\/div>\n\t\t\t\t<\/div>\t\t\t\t\t\t\t<div class=\"swiper-slide\">\t\t\t\t<div class=\"equipe-card\">\n\t\t\t\t\t<div class=\"equipe-card__caption\">\n\t\t\t\t\t\t<div class=\"equipe-card__job\">Dentalhygienikerin<\/div>\n\t\t\t\t\t\t<h6 class=\"equipe-card__name h3\">Emilie PROVOST-CABANA<\/h6>\n\t\t\t\t\t\t\t\t\t\t\t\t\t<div class=\"equipe-card__description\"><p>Dentalhygienikerin, die in GBT ausgebildet ist: Guided Biofilm Therapy\u00ae.<\/p>\n<\/div>\n\t\t\t\t\t\t\t\t\t\t\t\t<div class=\"equipe-card__pic\">\n\t\t\t\t\t\t\t<img decoding=\"async\" src=\"https:\/\/adent.ch\/wp-content\/uploads\/2024\/03\/avatar_femme-2-1307x980.png\" alt=\"\" loading=\"lazy\">\n\t\t\t\t\t\t<\/div>\n\t\t\t\t\t\t<div class=\"equipe-card__footer\">\n\t\t\t\t\t\t\t<a href=\"https:\/\/adent.ch\/de\/zahnarzt\/emilie-provost-cabana\/\" class=\"primary-btn\">Profil ansehen<\/a>\n\t\t\t\t\t\t<\/div>\n\t\t\t\t\t<\/div>\n\t\t\t\t<\/div>\n\t\t\t\t<\/div>\t\t\t\t\t\t\t<div class=\"swiper-slide\">\t\t\t\t<div class=\"equipe-card\">\n\t\t\t\t\t<div class=\"equipe-card__caption\">\n\t\t\t\t\t\t<div class=\"equipe-card__job\">Zahn\u00e4rztin<\/div>\n\t\t\t\t\t\t<h6 class=\"equipe-card__name h3\">Emma PLEWS<\/h6>\n\t\t\t\t\t\t\t\t\t\t\t\t\t<div class=\"equipe-card__description\"><p>Emma Plews, Zahn\u00e4rztin, die zahn\u00e4rztliche Behandlungen und chirurgische Eingriffe durchf\u00fchrt.<\/p>\n<\/div>\n\t\t\t\t\t\t\t\t\t\t\t\t<div class=\"equipe-card__pic\">\n\t\t\t\t\t\t\t<img decoding=\"async\" src=\"https:\/\/adent.ch\/wp-content\/uploads\/2025\/10\/emma-plews_yverdon.png\" alt=\"\" loading=\"lazy\">\n\t\t\t\t\t\t<\/div>\n\t\t\t\t\t\t<div class=\"equipe-card__footer\">\n\t\t\t\t\t\t\t<a href=\"https:\/\/adent.ch\/de\/zahnarzt\/emma-plews\/\" class=\"primary-btn\">Profil ansehen<\/a>\n\t\t\t\t\t\t<\/div>\n\t\t\t\t\t<\/div>\n\t\t\t\t<\/div>\n\t\t\t\t<\/div>\t\t\t\t\t\t\t<div class=\"swiper-slide\">\t\t\t\t<div class=\"equipe-card\">\n\t\t\t\t\t<div class=\"equipe-card__caption\">\n\t\t\t\t\t\t<div class=\"equipe-card__job\">Zahn\u00e4rztin<\/div>\n\t\t\t\t\t\t<h6 class=\"equipe-card__name h3\">Fatima AHOUARI<\/h6>\n\t\t\t\t\t\t\t\t\t\t\t\t\t<div class=\"equipe-card__description\"><p>Zahn\u00e4rztin, die Kieferorthop\u00e4die betreibt und Kinder betreut.<\/p>\n<\/div>\n\t\t\t\t\t\t\t\t\t\t\t\t<div class=\"equipe-card__pic\">\n\t\t\t\t\t\t\t<img decoding=\"async\" src=\"https:\/\/adent.ch\/wp-content\/uploads\/2022\/05\/fatima_ahouari.png\" alt=\"\" loading=\"lazy\">\n\t\t\t\t\t\t<\/div>\n\t\t\t\t\t\t<div class=\"equipe-card__footer\">\n\t\t\t\t\t\t\t<a href=\"https:\/\/adent.ch\/de\/zahnarzt\/fatima-ahouari\/\" class=\"primary-btn\">Profil ansehen<\/a>\n\t\t\t\t\t\t<\/div>\n\t\t\t\t\t<\/div>\n\t\t\t\t<\/div>\n\t\t\t\t<\/div>\t\t\t\t\t\t\t<div class=\"swiper-slide\">\t\t\t\t<div class=\"equipe-card\">\n\t\t\t\t\t<div class=\"equipe-card__caption\">\n\t\t\t\t\t\t<div class=\"equipe-card__job\">Zahnarzt<\/div>\n\t\t\t\t\t\t<h6 class=\"equipe-card__name h3\">Gabriel ISAIU<\/h6>\n\t\t\t\t\t\t\t\t\t\t\t\t\t<div class=\"equipe-card__description\"><p>Zahnarzt, der auf Implantologie spezialisiert ist.<\/p>\n<\/div>\n\t\t\t\t\t\t\t\t\t\t\t\t<div class=\"equipe-card__pic\">\n\t\t\t\t\t\t\t<img decoding=\"async\" src=\"https:\/\/adent.ch\/wp-content\/uploads\/2022\/05\/gabriel-isaiu_yverdon-1307x980.png\" alt=\"\" loading=\"lazy\">\n\t\t\t\t\t\t<\/div>\n\t\t\t\t\t\t<div class=\"equipe-card__footer\">\n\t\t\t\t\t\t\t<a href=\"https:\/\/adent.ch\/de\/zahnarzt\/gabriel-isaiu\/\" class=\"primary-btn\">Profil ansehen<\/a>\n\t\t\t\t\t\t<\/div>\n\t\t\t\t\t<\/div>\n\t\t\t\t<\/div>\n\t\t\t\t<\/div>\t\t\t\t\t\t\t<div class=\"swiper-slide\">\t\t\t\t<div class=\"equipe-card\">\n\t\t\t\t\t<div class=\"equipe-card__caption\">\n\t\t\t\t\t\t<div class=\"equipe-card__job\">Dentalhygienikerin<\/div>\n\t\t\t\t\t\t<h6 class=\"equipe-card__name h3\">Jessica ROULIN<\/h6>\n\t\t\t\t\t\t\t\t\t\t\t\t\t<div class=\"equipe-card__description\"><p>Dentalhygienikerin, die Erwachsene und Kinder ab dem fr\u00fchen Alter betreut.<\/p>\n<\/div>\n\t\t\t\t\t\t\t\t\t\t\t\t<div class=\"equipe-card__pic\">\n\t\t\t\t\t\t\t<img decoding=\"async\" src=\"https:\/\/adent.ch\/wp-content\/uploads\/2024\/04\/yv_photo_jessica_roulin-1307x980.png\" alt=\"\" loading=\"lazy\">\n\t\t\t\t\t\t<\/div>\n\t\t\t\t\t\t<div class=\"equipe-card__footer\">\n\t\t\t\t\t\t\t<a href=\"https:\/\/adent.ch\/de\/zahnarzt\/jessica-roulin\/\" class=\"primary-btn\">Profil ansehen<\/a>\n\t\t\t\t\t\t<\/div>\n\t\t\t\t\t<\/div>\n\t\t\t\t<\/div>\n\t\t\t\t<\/div>\t\t\t\t\t\t\t<div class=\"swiper-slide\">\t\t\t\t<div class=\"equipe-card\">\n\t\t\t\t\t<div class=\"equipe-card__caption\">\n\t\t\t\t\t\t<div class=\"equipe-card__job\">Zahn\u00e4rztin, Special Care Division<\/div>\n\t\t\t\t\t\t<h6 class=\"equipe-card__name h3\">Macarena GARRIDO BEDWELL<\/h6>\n\t\t\t\t\t\t\t\t\t\t\t\t\t<div class=\"equipe-card__description\"><p>Zahn\u00e4rztin, spezialisiert auf spezielle Zahnpflege und Gerodontologie.<\/p>\n<\/div>\n\t\t\t\t\t\t\t\t\t\t\t\t<div class=\"equipe-card__pic\">\n\t\t\t\t\t\t\t<img decoding=\"async\" src=\"https:\/\/adent.ch\/wp-content\/uploads\/2024\/03\/avatar_femme-2-1307x980.png\" alt=\"\" loading=\"lazy\">\n\t\t\t\t\t\t<\/div>\n\t\t\t\t\t\t<div class=\"equipe-card__footer\">\n\t\t\t\t\t\t\t<a href=\"https:\/\/adent.ch\/de\/zahnarzt\/macarena-garrido-bedwell\/\" class=\"primary-btn\">Profil ansehen<\/a>\n\t\t\t\t\t\t<\/div>\n\t\t\t\t\t<\/div>\n\t\t\t\t<\/div>\n\t\t\t\t<\/div>\t\t\t\t\t\t\t<div class=\"swiper-slide\">\t\t\t\t<div class=\"equipe-card\">\n\t\t\t\t\t<div class=\"equipe-card__caption\">\n\t\t\t\t\t\t<div class=\"equipe-card__job\">Dentalhygienikerin<\/div>\n\t\t\t\t\t\t<h6 class=\"equipe-card__name h3\">Martha MORINI<\/h6>\n\t\t\t\t\t\t\t\t\t\t\t\t\t<div class=\"equipe-card__description\"><p>Dentalhygienikerin, die auf Mundhygiene und die Vorbeugung verschiedener Krankheiten spezialisiert ist.<\/p>\n<\/div>\n\t\t\t\t\t\t\t\t\t\t\t\t<div class=\"equipe-card__pic\">\n\t\t\t\t\t\t\t<img decoding=\"async\" src=\"https:\/\/adent.ch\/wp-content\/uploads\/2022\/05\/marta_morini.png\" alt=\"\" loading=\"lazy\">\n\t\t\t\t\t\t<\/div>\n\t\t\t\t\t\t<div class=\"equipe-card__footer\">\n\t\t\t\t\t\t\t<a href=\"https:\/\/adent.ch\/de\/zahnarzt\/martha-morini\/\" class=\"primary-btn\">Profil ansehen<\/a>\n\t\t\t\t\t\t<\/div>\n\t\t\t\t\t<\/div>\n\t\t\t\t<\/div>\n\t\t\t\t<\/div>\t\t\t\t\t\t\t<div class=\"swiper-slide\">\t\t\t\t<div class=\"equipe-card\">\n\t\t\t\t\t<div class=\"equipe-card__caption\">\n\t\t\t\t\t\t<div class=\"equipe-card__job\">Kieferorthop\u00e4din<\/div>\n\t\t\t\t\t\t<h6 class=\"equipe-card__name h3\">Mounir BAHRI<\/h6>\n\t\t\t\t\t\t\t\t\t\t\t\t\t<div class=\"equipe-card__description\"><p>Fachzahnarzt f\u00fcr Kieferorthop\u00e4die, der Erwachsene und Kinder betreut.<\/p>\n<\/div>\n\t\t\t\t\t\t\t\t\t\t\t\t<div class=\"equipe-card__pic\">\n\t\t\t\t\t\t\t<img decoding=\"async\" src=\"https:\/\/adent.ch\/wp-content\/uploads\/2022\/05\/mounir-bahri_yverdon-1307x980.png\" alt=\"\" loading=\"lazy\">\n\t\t\t\t\t\t<\/div>\n\t\t\t\t\t\t<div class=\"equipe-card__footer\">\n\t\t\t\t\t\t\t<a href=\"https:\/\/adent.ch\/de\/zahnarzt\/mounir-bahri\/\" class=\"primary-btn\">Profil ansehen<\/a>\n\t\t\t\t\t\t<\/div>\n\t\t\t\t\t<\/div>\n\t\t\t\t<\/div>\n\t\t\t\t<\/div>\t\t\t\t\t\t\t<div class=\"swiper-slide\">\t\t\t\t<div class=\"equipe-card\">\n\t\t\t\t\t<div class=\"equipe-card__caption\">\n\t\t\t\t\t\t<div class=\"equipe-card__job\">Dentalhygieniker<\/div>\n\t\t\t\t\t\t<h6 class=\"equipe-card__name h3\">Pierre CH\u00caNE<\/h6>\n\t\t\t\t\t\t\t\t\t\t\t\t\t<div class=\"equipe-card__description\"><p>Dentalhygieniker, spezialisiert auf Hygiene, Vorbeugung von Mundkrankheiten und Zahnreinigungen.<\/p>\n<\/div>\n\t\t\t\t\t\t\t\t\t\t\t\t<div class=\"equipe-card__pic\">\n\t\t\t\t\t\t\t<img decoding=\"async\" src=\"https:\/\/adent.ch\/wp-content\/uploads\/2024\/12\/pierre-chene_lausanne-gare_yverdon-1307x980.png\" alt=\"\" loading=\"lazy\">\n\t\t\t\t\t\t<\/div>\n\t\t\t\t\t\t<div class=\"equipe-card__footer\">\n\t\t\t\t\t\t\t<a href=\"https:\/\/adent.ch\/de\/zahnarzt\/pierre-eiche\/\" class=\"primary-btn\">Profil ansehen<\/a>\n\t\t\t\t\t\t<\/div>\n\t\t\t\t\t<\/div>\n\t\t\t\t<\/div>\n\t\t\t\t<\/div>\t\t\t\t\t\t\t<div class=\"swiper-slide\">\t\t\t\t<div class=\"equipe-card\">\n\t\t\t\t\t<div class=\"equipe-card__caption\">\n\t\t\t\t\t\t<div class=\"equipe-card__job\">Zahnarzt<\/div>\n\t\t\t\t\t\t<h6 class=\"equipe-card__name h3\">Simon MEYER<\/h6>\n\t\t\t\t\t\t\t\t\t\t\t\t\t<div class=\"equipe-card__description\"><p>Fachzahnarzt f\u00fcr Parodontologie und Parodontalchirurgie.<\/p>\n<\/div>\n\t\t\t\t\t\t\t\t\t\t\t\t<div class=\"equipe-card__pic\">\n\t\t\t\t\t\t\t<img decoding=\"async\" src=\"https:\/\/adent.ch\/wp-content\/uploads\/2022\/05\/simon-meyer_ecublens_yverdon_aubonne-1307x980.png\" alt=\"\" loading=\"lazy\">\n\t\t\t\t\t\t<\/div>\n\t\t\t\t\t\t<div class=\"equipe-card__footer\">\n\t\t\t\t\t\t\t<a href=\"https:\/\/adent.ch\/de\/zahnarzt\/simon-meyer\/\" class=\"primary-btn\">Profil ansehen<\/a>\n\t\t\t\t\t\t<\/div>\n\t\t\t\t\t<\/div>\n\t\t\t\t<\/div>\n\t\t\t\t<\/div>\t\t\t\t\t\t<\/div><\/div><div class=\"swiper-button-prev\"><\/div><div class=\"swiper-button-next\"><\/div>\t\t<\/div>\n\t\t<div class=\"members-slider-pagination\"><\/div>\t<\/div>\n<\/div>\n\n\n<div class=\"cares-list-block\" >\n\t<div class=\"container\">\n\t\t<div class=\"row\">\n\t\t\t<div class=\"col-md-4\">\n\t\t\t\t<h2 class=\"title h3\">Entdecken Sie unsere Pflege<\/h2>\n\t\t\t\t<div class=\"text-lg is-dark\">Unsere Zahn\u00e4rzte und Dentalhygienikerinnen sind dazu da, all Ihre Bed\u00fcrfnisse in Bezug auf die Zahnpflege zu erf\u00fcllen. Bitte kontaktieren Sie uns f\u00fcr weitere Informationen.<\/div>\n\t\t\t\t<div class=\"cares-list-slider-pagination\"><\/div>\n\t\t\t<\/div>\n\t\t\t<div class=\"col-md-8\">\n\t\t\t\t<div class=\"cares-list-slider\">\n\t\t\t\t\t<div class=\"swiper\">\n\t\t\t\t\t\t<div class=\"swiper-wrapper\">\n\t\t\t\t\t\t\t\t\t\t\t\t\t\t\t<div class=\"swiper-slide\">\n\t\t\t\t\t\t\t\t\t<div class=\"care-slide\">\n\t\t\t\t\t\t\t\t\t\t<div class=\"care-slide__title h4\">Kieferorthop\u00e4die f\u00fcr Kinder und Erwachsene<\/div>\n\t\t\t\t\t\t\t\t\t\t\t\t\t\t\t\t\t\t\t\t\t<div class=\"care-slide__desc\">Verwandeln Sie Ihr L\u00e4cheln<\/div>\n\t\t\t\t\t\t\t\t\t\t\t\t\t\t\t\t\t\t\t\t<div class=\"care-slide__link\">\n\t\t\t\t\t\t\t\t\t\t\t<a href=\"https:\/\/adent.ch\/de\/behandlung\/kieferorthopaedie-fuer-kinder-und-erwachsene\/\" class=\"inline-link\">Weiterlesen<\/a>\n\t\t\t\t\t\t\t\t\t\t<\/div>\n\t\t\t\t\t\t\t\t\t<\/div>\n\t\t\t\t\t\t\t\t<\/div>\n\t\t\t\t\t\t\t\t\t\t\t\t\t\t\t<div class=\"swiper-slide\">\n\t\t\t\t\t\t\t\t\t<div class=\"care-slide\">\n\t\t\t\t\t\t\t\t\t\t<div class=\"care-slide__title h4\">Zahnreinigung und Zahnhygiene<\/div>\n\t\t\t\t\t\t\t\t\t\t\t\t\t\t\t\t\t\t\t\t\t<div class=\"care-slide__desc\">Ein gesund aussehendes L\u00e4cheln<\/div>\n\t\t\t\t\t\t\t\t\t\t\t\t\t\t\t\t\t\t\t\t<div class=\"care-slide__link\">\n\t\t\t\t\t\t\t\t\t\t\t<a href=\"https:\/\/adent.ch\/de\/behandlung\/zahnsteinentfernung-und-zahnhygiene\/\" class=\"inline-link\">Weiterlesen<\/a>\n\t\t\t\t\t\t\t\t\t\t<\/div>\n\t\t\t\t\t\t\t\t\t<\/div>\n\t\t\t\t\t\t\t\t<\/div>\n\t\t\t\t\t\t\t\t\t\t\t\t\t\t\t<div class=\"swiper-slide\">\n\t\t\t\t\t\t\t\t\t<div class=\"care-slide\">\n\t\t\t\t\t\t\t\t\t\t<div class=\"care-slide__title h4\">Bleaching und \u00e4sthetische Behandlungen<\/div>\n\t\t\t\t\t\t\t\t\t\t\t\t\t\t\t\t\t\t\t\t\t<div class=\"care-slide__desc\">Ein noch strahlenderes L\u00e4cheln f\u00fcr maximales Selbstvertrauen<\/div>\n\t\t\t\t\t\t\t\t\t\t\t\t\t\t\t\t\t\t\t\t<div class=\"care-slide__link\">\n\t\t\t\t\t\t\t\t\t\t\t<a href=\"https:\/\/adent.ch\/de\/behandlung\/zahnbleaching-und-aesthetisch-e-en-behandlungen\/\" class=\"inline-link\">Weiterlesen<\/a>\n\t\t\t\t\t\t\t\t\t\t<\/div>\n\t\t\t\t\t\t\t\t\t<\/div>\n\t\t\t\t\t\t\t\t<\/div>\n\t\t\t\t\t\t\t\t\t\t\t\t\t\t\t<div class=\"swiper-slide\">\n\t\t\t\t\t\t\t\t\t<div class=\"care-slide\">\n\t\t\t\t\t\t\t\t\t\t<div class=\"care-slide__title h4\">\u00dcbliche Zahnpflege<\/div>\n\t\t\t\t\t\t\t\t\t\t\t\t\t\t\t\t\t\t\t\t\t<div class=\"care-slide__desc\">Ein umfassendes Kompetenzzentrum f\u00fcr Sie und Ihre Kinder<\/div>\n\t\t\t\t\t\t\t\t\t\t\t\t\t\t\t\t\t\t\t\t<div class=\"care-slide__link\">\n\t\t\t\t\t\t\t\t\t\t\t<a href=\"https:\/\/adent.ch\/de\/behandlung\/zahnaerztliche-routineversorgung\/\" class=\"inline-link\">Weiterlesen<\/a>\n\t\t\t\t\t\t\t\t\t\t<\/div>\n\t\t\t\t\t\t\t\t\t<\/div>\n\t\t\t\t\t\t\t\t<\/div>\n\t\t\t\t\t\t\t\t\t\t\t\t\t\t\t<div class=\"swiper-slide\">\n\t\t\t\t\t\t\t\t\t<div class=\"care-slide\">\n\t\t\t\t\t\t\t\t\t\t<div class=\"care-slide__title h4\">Zahnpflege f\u00fcr Kinder<\/div>\n\t\t\t\t\t\t\t\t\t\t\t\t\t\t\t\t\t\t\t\t\t<div class=\"care-slide__desc\">Angepasstes Know-how<\/div>\n\t\t\t\t\t\t\t\t\t\t\t\t\t\t\t\t\t\t\t\t<div class=\"care-slide__link\">\n\t\t\t\t\t\t\t\t\t\t\t<a href=\"https:\/\/adent.ch\/de\/behandlung\/zahnbehandlung-fuer-kinder\/\" class=\"inline-link\">Weiterlesen<\/a>\n\t\t\t\t\t\t\t\t\t\t<\/div>\n\t\t\t\t\t\t\t\t\t<\/div>\n\t\t\t\t\t\t\t\t<\/div>\n\t\t\t\t\t\t\t\t\t\t\t\t\t\t\t<div class=\"swiper-slide\">\n\t\t\t\t\t\t\t\t\t<div class=\"care-slide\">\n\t\t\t\t\t\t\t\t\t\t<div class=\"care-slide__title h4\">Zahnprothese<\/div>\n\t\t\t\t\t\t\t\t\t\t\t\t\t\t\t\t\t\t\t\t\t<div class=\"care-slide__desc\">Geben Sie Ihrem L\u00e4cheln seinen Glanz zur\u00fcck mit unseren massgeschneiderten Zahnprothesen.<\/div>\n\t\t\t\t\t\t\t\t\t\t\t\t\t\t\t\t\t\t\t\t<div class=\"care-slide__link\">\n\t\t\t\t\t\t\t\t\t\t\t<a href=\"https:\/\/adent.ch\/de\/behandlung\/implantate-und-zahnsanierung\/\" class=\"inline-link\">Weiterlesen<\/a>\n\t\t\t\t\t\t\t\t\t\t<\/div>\n\t\t\t\t\t\t\t\t\t<\/div>\n\t\t\t\t\t\t\t\t<\/div>\n\t\t\t\t\t\t\t\t\t\t\t\t\t\t\t<div class=\"swiper-slide\">\n\t\t\t\t\t\t\t\t\t<div class=\"care-slide\">\n\t\t\t\t\t\t\t\t\t\t<div class=\"care-slide__title h4\">Implantat und Restauration<\/div>\n\t\t\t\t\t\t\t\t\t\t\t\t\t\t\t\t\t\t\t\t\t<div class=\"care-slide__desc\">Komfort und \u00c4sthetik dank Zahnimplantaten<\/div>\n\t\t\t\t\t\t\t\t\t\t\t\t\t\t\t\t\t\t\t\t<div class=\"care-slide__link\">\n\t\t\t\t\t\t\t\t\t\t\t<a href=\"https:\/\/adent.ch\/de\/behandlung\/implantat-und-restauration\/\" class=\"inline-link\">Weiterlesen<\/a>\n\t\t\t\t\t\t\t\t\t\t<\/div>\n\t\t\t\t\t\t\t\t\t<\/div>\n\t\t\t\t\t\t\t\t<\/div>\n\t\t\t\t\t\t\t\t\t\t\t\t\t<\/div>\n\t\t\t\t\t<\/div>\n\t\t\t\t\t<div class=\"swiper-button-prev\"><\/div>\n\t\t\t\t\t<div class=\"swiper-button-next\"><\/div>\n\t\t\t\t<\/div>\n\t\t\t<\/div>\n\t\t<\/div>\n\t<\/div>\n<\/div>\n\n\n\t<div class=\"cta-block without-image\" >\n\t\t<div class=\"container\" data-sal=\"slide-up\" data-sal-delay=\"200\" data-sal-easing=\"ease-in-out\" data-sal-duration=\"300\">\n\t\t\t<div class=\"row justify-content-center\">\n\t\t\t\t<div class=\"col-md-8\">\n\t\t\t\t\t<div class=\"subtitle\"><\/div>\n\t\t\t\t\t<h4 class=\"title\">Zahnnotfall? <\/h4>\n\t\t\t\t\t<p class=\"text\">Rufen Sie unser Zentrum jetzt an f\u00fcr eine schnelle Behandlung.<\/p>\n\t\t\t\t\t\t\t\t\t\t\t<a href=\"tel:+41 24 447 40 00\"  class=\"primary-btn\">Rufen Sie uns an<\/a>\n\t\t\t\t\t\t\t\t\t<\/div>\n\t\t\t<\/div>\n\t\t<\/div>\n\t<\/div>\n","protected":false},"template":"","region":[165,160,175],"clinique_treatment":[],"class_list":["post-4213","clinique","type-clinique","status-publish","hentry","region-westschweiz","region-yverdon","region-schweizweit"],"acf":{"banner_clinique":{"image":{"ID":16460,"id":16460,"title":"Adent_Yverdon_2021__PhotoSophieBrasey__58","filename":"adent_yverdon_2021__photosophiebrasey__58-1-scaled.jpg","filesize":483479,"url":"https:\/\/adent.ch\/wp-content\/uploads\/2022\/04\/adent_yverdon_2021__photosophiebrasey__58-1-scaled.jpg","link":"https:\/\/adent.ch\/de\/klinik\/yverdon\/adent_yverdon_2021__photosophiebrasey__58-2-2\/","alt":"","author":"14","description":"","caption":"","name":"adent_yverdon_2021__photosophiebrasey__58-2-2","status":"inherit","uploaded_to":4213,"date":"2025-12-30 11:25:06","modified":"2025-12-30 11:25:06","menu_order":0,"mime_type":"image\/jpeg","type":"image","subtype":"jpeg","icon":"https:\/\/adent.ch\/wp-includes\/images\/media\/default.png","width":2880,"height":1920,"sizes":{"thumbnail":"https:\/\/adent.ch\/wp-content\/uploads\/2022\/04\/adent_yverdon_2021__photosophiebrasey__58-1-150x150.jpg","thumbnail-width":150,"thumbnail-height":150,"medium":"https:\/\/adent.ch\/wp-content\/uploads\/2022\/04\/adent_yverdon_2021__photosophiebrasey__58-1-300x200.jpg","medium-width":300,"medium-height":200,"medium_large":"https:\/\/adent.ch\/wp-content\/uploads\/2022\/04\/adent_yverdon_2021__photosophiebrasey__58-1-768x512.jpg","medium_large-width":768,"medium_large-height":512,"large":"https:\/\/adent.ch\/wp-content\/uploads\/2022\/04\/adent_yverdon_2021__photosophiebrasey__58-1-1470x980.jpg","large-width":1470,"large-height":980,"1536x1536":"https:\/\/adent.ch\/wp-content\/uploads\/2022\/04\/adent_yverdon_2021__photosophiebrasey__58-1-1536x1024.jpg","1536x1536-width":1536,"1536x1536-height":1024,"2048x2048":"https:\/\/adent.ch\/wp-content\/uploads\/2022\/04\/adent_yverdon_2021__photosophiebrasey__58-1-2048x1365.jpg","2048x2048-width":2048,"2048x2048-height":1365,"gform-image-choice-sm":"https:\/\/adent.ch\/wp-content\/uploads\/2022\/04\/adent_yverdon_2021__photosophiebrasey__58-1-scaled.jpg","gform-image-choice-sm-width":300,"gform-image-choice-sm-height":200,"gform-image-choice-md":"https:\/\/adent.ch\/wp-content\/uploads\/2022\/04\/adent_yverdon_2021__photosophiebrasey__58-1-scaled.jpg","gform-image-choice-md-width":400,"gform-image-choice-md-height":267,"gform-image-choice-lg":"https:\/\/adent.ch\/wp-content\/uploads\/2022\/04\/adent_yverdon_2021__photosophiebrasey__58-1-scaled.jpg","gform-image-choice-lg-width":600,"gform-image-choice-lg-height":400}},"note":"Das Zentrum ist f\u00fcr Rollstuhlfahrer zug\u00e4nglich."},"marker":{"address":"Adent Dental Clinic Yverdon, En Chamard 35, 1442 Montagny-pr\u00e8s-Yverdon, Suisse","lat":46.7898624,"lng":6.621947999999999,"zoom":14,"place_id":"ChIJA1GDJYjFjUcRgq2vKXOhSEw","name":"Adent | Dentiste Yverdon","street_number":"35","street_name":"En Chamard","city":"Montagny-pr\u00e8s-Yverdon","state":"Vaud","state_short":"VD","post_code":"1442","country":"Suisse","country_short":"CH"},"phone":"+41 24 447 40 00","address":"En Chamard 35","postal_code":"1442","email":"yverdon@adent.ch","access":{"bus":"Bus 602, 620, Haltestelle Chamard","bus_link":"","train":"","train_link":"","parking":"Parkplatz des Coop-Einkaufszentrums","parking_link":""},"schedule":{"title":"\u00d6ffnungszeiten","description":""},"short_description":"","soins":[{"id":196,"adult":"k6133_01t13","teenager":"k6133_01t13","kid":"k6133_01t13"},{"id":199,"adult":"k6133_01t15","teenager":"k6133_01t15","kid":"k6133_01t14"},{"id":198,"adult":"k6133_01t16","teenager":"k6133_01t16","kid":"k6133_01t16"},{"id":202,"adult":"k6133_01t17","teenager":"k6133_01t17","kid":"k6133_01t17"},{"id":207,"adult":"k6133_01t18","teenager":"k6133_01t18","kid":"k6133_01t18"},{"id":201,"adult":"k6133_01t19","teenager":"k6133_01t19","kid":""},{"id":203,"adult":"k6133_01t20","teenager":"k6133_01t20","kid":"k6133_01t20"},{"id":232,"adult":"k6133_01t21","teenager":"k6133_01t21","kid":"k6133_01t21"},{"id":233,"adult":"k6133_01t22","teenager":"k6133_01t22","kid":"k6133_01t22"}],"clinique_location_id":"ChIJA1GDJYjFjUcRgq2vKXOhSEw","subtitle":"Adent Zahnarztzentrum","city":"Montagny-pr\u00e8s-Yverdon","code_zawin":"https:\/\/oa.zawin.ch\/k6133_01\t\t\t","code_zawin_emergencies":"https:\/\/oa.zawin.ch\/k6133_01t25","aggregated_city":"","clinique_tag":"","itinerary":"https:\/\/www.google.com\/maps\/dir\/\/Adent+%7C+Dentiste+Yverdon,+En+Chamard,+Montagny-pr%C3%A8s-Yverdon,+Suisse\/@46.79003,6.5395861,19107m\/data=!3m2!1e3!5s0x478ebceef4127ae9:0x963722fd8f2e670!4m8!4m7!1m0!1m5!1m1!1s0x478dc58825835103:0x4c48a17329afad82!2m2!1d6.621987!2d46.789942?entry=ttu&g_ep=EgoyMDI1MDQyOC4wIKXMDSoJLDEwMjExNDUzSAFQAw%3D%3D","marker_image":{"ID":6496,"id":6496,"title":"ADENT_Clinique_Yverdon_1_map_1024x768","filename":"adent_clinique_yverdon_1_map_1024x768.jpg","filesize":68226,"url":"https:\/\/adent.ch\/wp-content\/uploads\/2022\/07\/adent_clinique_yverdon_1_map_1024x768.jpg","link":"https:\/\/adent.ch\/de\/klinik\/yverdon\/adent_clinique_yverdon_1_map_1024x768-2\/","alt":"","author":"2","description":"","caption":"","name":"adent_clinique_yverdon_1_map_1024x768-2","status":"inherit","uploaded_to":4213,"date":"2022-07-10 11:21:08","modified":"2022-07-11 07:36:25","menu_order":0,"mime_type":"image\/jpeg","type":"image","subtype":"jpeg","icon":"https:\/\/adent.ch\/wp-includes\/images\/media\/default.png","width":1024,"height":768,"sizes":{"thumbnail":"https:\/\/adent.ch\/wp-content\/uploads\/2022\/07\/adent_clinique_yverdon_1_map_1024x768-150x150.jpg","thumbnail-width":150,"thumbnail-height":150,"medium":"https:\/\/adent.ch\/wp-content\/uploads\/2022\/07\/adent_clinique_yverdon_1_map_1024x768-300x225.jpg","medium-width":300,"medium-height":225,"medium_large":"https:\/\/adent.ch\/wp-content\/uploads\/2022\/07\/adent_clinique_yverdon_1_map_1024x768-768x576.jpg","medium_large-width":768,"medium_large-height":576,"large":"https:\/\/adent.ch\/wp-content\/uploads\/2022\/07\/adent_clinique_yverdon_1_map_1024x768.jpg","large-width":1024,"large-height":768,"1536x1536":"https:\/\/adent.ch\/wp-content\/uploads\/2022\/07\/adent_clinique_yverdon_1_map_1024x768.jpg","1536x1536-width":1024,"1536x1536-height":768,"2048x2048":"https:\/\/adent.ch\/wp-content\/uploads\/2022\/07\/adent_clinique_yverdon_1_map_1024x768.jpg","2048x2048-width":1024,"2048x2048-height":768,"gform-image-choice-sm":"https:\/\/adent.ch\/wp-content\/uploads\/2022\/07\/adent_clinique_yverdon_1_map_1024x768.jpg","gform-image-choice-sm-width":300,"gform-image-choice-sm-height":225,"gform-image-choice-md":"https:\/\/adent.ch\/wp-content\/uploads\/2022\/07\/adent_clinique_yverdon_1_map_1024x768.jpg","gform-image-choice-md-width":400,"gform-image-choice-md-height":300,"gform-image-choice-lg":"https:\/\/adent.ch\/wp-content\/uploads\/2022\/07\/adent_clinique_yverdon_1_map_1024x768.jpg","gform-image-choice-lg-width":600,"gform-image-choice-lg-height":450}}},"yoast_head":"<!-- This site is optimized with the Yoast SEO plugin v26.6 - https:\/\/yoast.com\/wordpress\/plugins\/seo\/ -->\n<title>Zahnarzt in Yverdon-les-Bains | Adent Zahnarztzentrum<\/title>\n<meta name=\"description\" content=\"Entdecken Sie unser Zentrum in Yverdon. Ob Erwachsener oder Kind, unsere Zahn\u00e4rzte und Hygieniker bieten alle zahn\u00e4rztlichen Behandlungen unter einem Dach an.\" \/>\n<meta name=\"robots\" content=\"index, follow, max-snippet:-1, max-image-preview:large, max-video-preview:-1\" \/>\n<link rel=\"canonical\" href=\"https:\/\/adent.ch\/de\/klinik\/yverdon\/\" \/>\n<meta property=\"og:locale\" content=\"de_DE\" \/>\n<meta property=\"og:type\" content=\"article\" \/>\n<meta property=\"og:title\" content=\"Zahnarzt in Yverdon-les-Bains | Adent Zahnarztzentrum\" \/>\n<meta property=\"og:description\" content=\"Entdecken Sie unser Zentrum in Yverdon. Ob Erwachsener oder Kind, unsere Zahn\u00e4rzte und Hygieniker bieten alle zahn\u00e4rztlichen Behandlungen unter einem Dach an.\" \/>\n<meta property=\"og:url\" content=\"https:\/\/adent.ch\/de\/klinik\/yverdon\/\" \/>\n<meta property=\"og:site_name\" content=\"Adent Zahnarztzentrum\" \/>\n<meta property=\"article:publisher\" content=\"https:\/\/www.facebook.com\/adentcliniquesdentaires\/\" \/>\n<meta property=\"article:modified_time\" content=\"2025-12-30T11:45:15+00:00\" \/>\n<meta property=\"og:image\" content=\"https:\/\/adent.ch\/wp-content\/uploads\/2024\/04\/adent-aubonne-mai-2022-igor-laski-web-hd-srvb-48.jpg\" \/>\n\t<meta property=\"og:image:width\" content=\"1619\" \/>\n\t<meta property=\"og:image:height\" content=\"1080\" \/>\n\t<meta property=\"og:image:type\" content=\"image\/jpeg\" \/>\n<meta name=\"twitter:card\" content=\"summary_large_image\" \/>\n<script type=\"application\/ld+json\" class=\"yoast-schema-graph\">{\"@context\":\"https:\/\/schema.org\",\"@graph\":[{\"@type\":\"WebPage\",\"@id\":\"https:\/\/adent.ch\/de\/klinik\/yverdon\/\",\"url\":\"https:\/\/adent.ch\/de\/klinik\/yverdon\/\",\"name\":\"Zahnarzt in Yverdon-les-Bains | Adent Zahnarztzentrum\",\"isPartOf\":{\"@id\":\"https:\/\/adent.ch\/de\/#website\"},\"datePublished\":\"2022-04-20T12:58:07+00:00\",\"dateModified\":\"2025-12-30T11:45:15+00:00\",\"description\":\"Entdecken Sie unser Zentrum in Yverdon. Ob Erwachsener oder Kind, unsere Zahn\u00e4rzte und Hygieniker bieten alle zahn\u00e4rztlichen Behandlungen unter einem Dach an.\",\"breadcrumb\":{\"@id\":\"https:\/\/adent.ch\/de\/klinik\/yverdon\/#breadcrumb\"},\"inLanguage\":\"de-CH\",\"potentialAction\":[{\"@type\":\"ReadAction\",\"target\":[\"https:\/\/adent.ch\/de\/klinik\/yverdon\/\"]}]},{\"@type\":\"BreadcrumbList\",\"@id\":\"https:\/\/adent.ch\/de\/klinik\/yverdon\/#breadcrumb\",\"itemListElement\":[{\"@type\":\"ListItem\",\"position\":1,\"name\":\"Zahnarztzentrum\",\"item\":\"https:\/\/adent.ch\/de\/zahnkliniken\/\"},{\"@type\":\"ListItem\",\"position\":2,\"name\":\"Yverdon\"}]},{\"@type\":\"WebSite\",\"@id\":\"https:\/\/adent.ch\/de\/#website\",\"url\":\"https:\/\/adent.ch\/de\/\",\"name\":\"Adent Zahnarztzentrum\",\"description\":\"\",\"publisher\":{\"@id\":\"https:\/\/adent.ch\/de\/#organization\"},\"potentialAction\":[{\"@type\":\"SearchAction\",\"target\":{\"@type\":\"EntryPoint\",\"urlTemplate\":\"https:\/\/adent.ch\/de\/?s={search_term_string}\"},\"query-input\":{\"@type\":\"PropertyValueSpecification\",\"valueRequired\":true,\"valueName\":\"search_term_string\"}}],\"inLanguage\":\"de-CH\"},{\"@type\":\"Organization\",\"@id\":\"https:\/\/adent.ch\/de\/#organization\",\"name\":\"Adent Cliniques Dentaires\",\"url\":\"https:\/\/adent.ch\/de\/\",\"logo\":{\"@type\":\"ImageObject\",\"inLanguage\":\"de-CH\",\"@id\":\"https:\/\/adent.ch\/de\/#\/schema\/logo\/image\/\",\"url\":\"https:\/\/adent.ch\/wp-content\/uploads\/2022\/09\/adent-habefast-logo-2018-fr-05032019-rvb-scaled.jpg\",\"contentUrl\":\"https:\/\/adent.ch\/wp-content\/uploads\/2022\/09\/adent-habefast-logo-2018-fr-05032019-rvb-scaled.jpg\",\"width\":2880,\"height\":750,\"caption\":\"Adent Cliniques Dentaires\"},\"image\":{\"@id\":\"https:\/\/adent.ch\/de\/#\/schema\/logo\/image\/\"},\"sameAs\":[\"https:\/\/www.facebook.com\/adentcliniquesdentaires\/\",\"https:\/\/www.instagram.com\/adent.ch\/\",\"https:\/\/www.youtube.com\/channel\/UCPd5UjY-ipuq3MhW6m0W-wg\",\"https:\/\/www.linkedin.com\/company\/adent-cliniques-dentaires\/?originalSubdomain=ch\"]}]}<\/script>\n<!-- \/ Yoast SEO plugin. -->","yoast_head_json":{"title":"Zahnarzt in Yverdon-les-Bains | Adent Zahnarztzentrum","description":"Entdecken Sie unser Zentrum in Yverdon. Ob Erwachsener oder Kind, unsere Zahn\u00e4rzte und Hygieniker bieten alle zahn\u00e4rztlichen Behandlungen unter einem Dach an.","robots":{"index":"index","follow":"follow","max-snippet":"max-snippet:-1","max-image-preview":"max-image-preview:large","max-video-preview":"max-video-preview:-1"},"canonical":"https:\/\/adent.ch\/de\/klinik\/yverdon\/","og_locale":"de_DE","og_type":"article","og_title":"Zahnarzt in Yverdon-les-Bains | Adent Zahnarztzentrum","og_description":"Entdecken Sie unser Zentrum in Yverdon. Ob Erwachsener oder Kind, unsere Zahn\u00e4rzte und Hygieniker bieten alle zahn\u00e4rztlichen Behandlungen unter einem Dach an.","og_url":"https:\/\/adent.ch\/de\/klinik\/yverdon\/","og_site_name":"Adent Zahnarztzentrum","article_publisher":"https:\/\/www.facebook.com\/adentcliniquesdentaires\/","article_modified_time":"2025-12-30T11:45:15+00:00","og_image":[{"width":1619,"height":1080,"url":"https:\/\/adent.ch\/wp-content\/uploads\/2024\/04\/adent-aubonne-mai-2022-igor-laski-web-hd-srvb-48.jpg","type":"image\/jpeg"}],"twitter_card":"summary_large_image","schema":{"@context":"https:\/\/schema.org","@graph":[{"@type":"WebPage","@id":"https:\/\/adent.ch\/de\/klinik\/yverdon\/","url":"https:\/\/adent.ch\/de\/klinik\/yverdon\/","name":"Zahnarzt in Yverdon-les-Bains | Adent Zahnarztzentrum","isPartOf":{"@id":"https:\/\/adent.ch\/de\/#website"},"datePublished":"2022-04-20T12:58:07+00:00","dateModified":"2025-12-30T11:45:15+00:00","description":"Entdecken Sie unser Zentrum in Yverdon. Ob Erwachsener oder Kind, unsere Zahn\u00e4rzte und Hygieniker bieten alle zahn\u00e4rztlichen Behandlungen unter einem Dach an.","breadcrumb":{"@id":"https:\/\/adent.ch\/de\/klinik\/yverdon\/#breadcrumb"},"inLanguage":"de-CH","potentialAction":[{"@type":"ReadAction","target":["https:\/\/adent.ch\/de\/klinik\/yverdon\/"]}]},{"@type":"BreadcrumbList","@id":"https:\/\/adent.ch\/de\/klinik\/yverdon\/#breadcrumb","itemListElement":[{"@type":"ListItem","position":1,"name":"Zahnarztzentrum","item":"https:\/\/adent.ch\/de\/zahnkliniken\/"},{"@type":"ListItem","position":2,"name":"Yverdon"}]},{"@type":"WebSite","@id":"https:\/\/adent.ch\/de\/#website","url":"https:\/\/adent.ch\/de\/","name":"Adent Zahnarztzentrum","description":"","publisher":{"@id":"https:\/\/adent.ch\/de\/#organization"},"potentialAction":[{"@type":"SearchAction","target":{"@type":"EntryPoint","urlTemplate":"https:\/\/adent.ch\/de\/?s={search_term_string}"},"query-input":{"@type":"PropertyValueSpecification","valueRequired":true,"valueName":"search_term_string"}}],"inLanguage":"de-CH"},{"@type":"Organization","@id":"https:\/\/adent.ch\/de\/#organization","name":"Adent Cliniques Dentaires","url":"https:\/\/adent.ch\/de\/","logo":{"@type":"ImageObject","inLanguage":"de-CH","@id":"https:\/\/adent.ch\/de\/#\/schema\/logo\/image\/","url":"https:\/\/adent.ch\/wp-content\/uploads\/2022\/09\/adent-habefast-logo-2018-fr-05032019-rvb-scaled.jpg","contentUrl":"https:\/\/adent.ch\/wp-content\/uploads\/2022\/09\/adent-habefast-logo-2018-fr-05032019-rvb-scaled.jpg","width":2880,"height":750,"caption":"Adent Cliniques Dentaires"},"image":{"@id":"https:\/\/adent.ch\/de\/#\/schema\/logo\/image\/"},"sameAs":["https:\/\/www.facebook.com\/adentcliniquesdentaires\/","https:\/\/www.instagram.com\/adent.ch\/","https:\/\/www.youtube.com\/channel\/UCPd5UjY-ipuq3MhW6m0W-wg","https:\/\/www.linkedin.com\/company\/adent-cliniques-dentaires\/?originalSubdomain=ch"]}]}},"google_datas":{"html_attributions":[],"result":{"current_opening_hours":{"open_now":false,"periods":[{"close":{"date":"2026-01-05","day":1,"time":"2100"},"open":{"date":"2026-01-05","day":1,"time":"0700"}},{"close":{"date":"2026-01-06","day":2,"time":"2100"},"open":{"date":"2026-01-06","day":2,"time":"0700"}},{"close":{"date":"2026-01-07","day":3,"time":"2100"},"open":{"date":"2026-01-07","day":3,"time":"0700"}},{"close":{"date":"2026-01-08","day":4,"time":"2100"},"open":{"date":"2026-01-08","day":4,"time":"0700"}},{"close":{"date":"2026-01-09","day":5,"time":"1600"},"open":{"date":"2026-01-09","day":5,"time":"0800"}},{"close":{"date":"2026-01-10","day":6,"time":"1600"},"open":{"date":"2026-01-10","day":6,"time":"0800"}}],"weekday_text":["lundi: 07:00\u2009\u2013\u200921:00","mardi: 07:00\u2009\u2013\u200921:00","mercredi: 07:00\u2009\u2013\u200921:00","jeudi: 07:00\u2009\u2013\u200921:00","vendredi: 08:00\u2009\u2013\u200916:00","samedi: 08:00\u2009\u2013\u200916:00","dimanche: Ferm\u00e9"]},"opening_hours":{"open_now":false,"periods":[{"close":{"day":1,"time":"2100"},"open":{"day":1,"time":"0700"}},{"close":{"day":2,"time":"2100"},"open":{"day":2,"time":"0700"}},{"close":{"day":3,"time":"2100"},"open":{"day":3,"time":"0700"}},{"close":{"day":4,"time":"2100"},"open":{"day":4,"time":"0700"}},{"close":{"day":5,"time":"1600"},"open":{"day":5,"time":"0800"}},{"close":{"day":6,"time":"1600"},"open":{"day":6,"time":"0800"}}],"weekday_text":["lundi: 07:00\u2009\u2013\u200921:00","mardi: 07:00\u2009\u2013\u200921:00","mercredi: 07:00\u2009\u2013\u200921:00","jeudi: 07:00\u2009\u2013\u200921:00","vendredi: 08:00\u2009\u2013\u200916:00","samedi: 08:00\u2009\u2013\u200916:00","dimanche: Ferm\u00e9"]},"photos":[{"height":3200,"html_attributions":["<a href=\"https:\/\/maps.google.com\/maps\/contrib\/116007363584629707817\">Adent | Dentiste Yverdon<\/a>"],"photo_reference":"AZLasHq3ZDc4GTmEYqwQ2NNnaqLm4Q9EFZ0PcVFHwDpI4F4hI-r-jeJnvU9YjEYRpAACNyj0NobLUBX9yMxguxnGZBqwjZzbC2Q8ptmIvAWqNw7qdhlAy4zmF4SFZI2WyaNdGZhGF8sypss6sckf_3CeeXo2OQv55BtbvA9mwJteY-_BxEKZ-km2YA8Engp3iTwHjOJQJ3bDUm5YchQNsA8nDPfL0rbDW-U8QDi20p9Hmu6L7_KtTx98yQpxOuwWBiqz3V2QwHebc-5M_8wUM2TnjnJsVgmvDVKa9cpEAHaWXb6Kqg","width":4800},{"height":3000,"html_attributions":["<a href=\"https:\/\/maps.google.com\/maps\/contrib\/117422861186334166392\">Aelita Kernozhytska<\/a>"],"photo_reference":"AZLasHo6yGHbP7gVKPU9SPtpxojteDIX10-F0loXkv62GYIqCfcj3HWniIahj_q6d7Veu4HfIMnYNW0xho-Up9p2neWBWgu-_BpKmkB4Lyn6DfbRzFkakGAvPdFnMnUEYl25pIfijj6GBW7MC3RfhyFz_0aHiD03vY13fUt-sukkFxh50sgOz1A5NjLg2n3URV8IvZdHsOy6RZ7BkUcSC-fiPBsCEPfvq1B-V1Rrsn2QicOZR4nhpI5QD2PEXHyMoDF6ecYRds5a9SCH2fIOn_Q1H0wWicdRrBEKaVAJBdwQBpR2pdHg3fNE-4AdENw9b_v3FdSY38vs80tjiSQffX50xHNWIRwWs0XxEVaAMnaTuwXhiVp6BjiLjzdiwrzbfTDGNWcDQMVlYFaCDBfcFMJJySwqtmBWoSVFEEKlQivTiWMrll6B","width":4000},{"height":3200,"html_attributions":["<a href=\"https:\/\/maps.google.com\/maps\/contrib\/116007363584629707817\">Adent | Dentiste Yverdon<\/a>"],"photo_reference":"AZLasHoQ1x_8019KwQsb_mxfyXG_x004WJvdCCZH3nMJbNX54Keh-zlIhSXwxGs7JUUNl8R0QjBJN1QZP9S5OG_2yWHkVS54l1n-7Kzq4tqCHevKzo3P5uKiNSY8iK1t2PiRU1bmetIipS1IVID9FhkcXajB1Z6zb-SLUBd6hEYMdfZqbdebjm1Dc90S-rcvUkvnEx5AzFa9KeDEP1mrGho9WkQ5_tHSFzG24T8lNXY5A5wTGxJEJIY73RCQFzBLy5TXgA5qNc_oYVgq8iwgOymolcfRHb5A02Q3nUS-Djc-ebco8Q","width":4800},{"height":3200,"html_attributions":["<a href=\"https:\/\/maps.google.com\/maps\/contrib\/116007363584629707817\">Adent | Dentiste Yverdon<\/a>"],"photo_reference":"AZLasHo7De4USMDoapWEGllmPJLishtV9pIg2hOc-AXB-LHQkz_2Qi3e6OaAASS6RqX-VfZwipYbNg084kmlEtjnV53C_ErvjmiQe9aIyG8yupanx9E1zbB8Jg_kZBx93A-XetQDGX9oIikaUTUjmDDJsyLMKiE-T2ikA8PN3Fi7i02yP9ecgHhmGD1ln02GoZkMsxbm0eLegZHMwkhhO7BtBR_L-v1bumplLuoVEWV-Z_7--mdkfre40Nyc0llNP7v8ozKu3ycdg1aaHaIib45fvrs_UVd5tIPPIWyGEJ7ASEmGKw","width":4800},{"height":3200,"html_attributions":["<a href=\"https:\/\/maps.google.com\/maps\/contrib\/116007363584629707817\">Adent | Dentiste Yverdon<\/a>"],"photo_reference":"AZLasHpYs4QQ4I83W0T6cwCp9zva_YMHTCesBuTRBGFsVLkvNGRejrlaiHJfin5RQtFNQS39dN4ZBPeb61DUvcRJn7_lWAIqkSAB1-ETBfuhMRP4D_ItTHICZQmwLJHw_AUS94Naockq5PhCI1V03SEA2Z-mdShHkrPkgHCIGfn5nDodKE4OjNP9cTqgrdOVH96w3iBUrgMIiCznWMLXgGFWB_lpdaer2w4BqwF7-vbhr6ft1fcfMBILKXXHsa__6i5gJq0Pah6_zMzx2U-OMW-P_v4OveWZMKU95ZtNNoNHnOpGWQ","width":4800},{"height":4000,"html_attributions":["<a href=\"https:\/\/maps.google.com\/maps\/contrib\/117422861186334166392\">Aelita Kernozhytska<\/a>"],"photo_reference":"AZLasHr6VxPQR2-MTwCPrtuIk2HKTP-qTUH2KUC2zKOgNQp_ks04VvApIt213Y6HPEPpM_toIp6W5DTeG6RtzM_x7aZwc0jFkgGSXMSugve_52z_hFlCz4yxU5KwSEyA5WeNAaoPbk5SbWQNYpxbNfQBIfvQY0tuW7qMOXyPIngP20hrRuUf4gSgVQcnEK_9kOL6U7sNN9QPlc0fbldiyUzdasv6rYqYUnRFQrd3uGXgGrEGPzIJGGhPTE7B55mwtUMpy-dEoxBiUkJ3O4S8ovvFLt_0iB80sd0Q1zgJzkBnjHSkz49inzlciheujQPjvs_AinlKSaGj8FTqSlcil8fHwy4GrbwnD0036DJRqoHF3fpLQSLNgmrCUdGKSomErGxp3RTSuPPBQmZWWxxnUhbtoSMcxoy9tttUXdUHt9_5w0dLEw","width":3000},{"height":1000,"html_attributions":["<a href=\"https:\/\/maps.google.com\/maps\/contrib\/116007363584629707817\">Adent | Dentiste Yverdon<\/a>"],"photo_reference":"AZLasHo1ReTOhhui9mBEqQL4JNGXh0Uw1ExdZoykkjgqlGTOkhyN9YwbGjzCBH4jsw1DL_0QPIOuccDFzWpZH_nfWMqnRbNslH_fvmO13r9HYM8Az3tU9oAysGs5T4vi2qsIpSr1y5cuNgQ8LU5gcOGIEijwwB8-3UjeZ74DWGHPTIoEDXwVR8UNoN31pbNrHmUO6aqrHs7WG3YW8NQ4JCD7A385K9EhPIOQMwOzwtPsO9y222IbfEuX0qjA1OhM02jss61mWmub7D13_C90Pj5d9xG9ZYufT5pS_WguSmS46aFaYw","width":1000},{"height":3200,"html_attributions":["<a href=\"https:\/\/maps.google.com\/maps\/contrib\/116007363584629707817\">Adent | Dentiste Yverdon<\/a>"],"photo_reference":"AZLasHpu7dwsPlslNHxp_u6jNmS0lpRvudvwHC4QJnRBI2fC2j4KxJ14V7UbDTPHV6emiIexF4uM03I1W8HXtidyZ-VtMSuJBOMri1LeuBg5fx3dnmGLqoH9sb87nt7dyakVR39wTItiwYu_s1Rhf8oNK7LwnF4ogDp5vGgAazK2iNNPvDY5nWLtTNA31pbrDdFVwT9SFf7QnpbOzKeR7ZIM1Z0gdB6FxnSHocTxCiOeoZiEXV4ZqBQLqsknb5VWmufao6WCzQvvQEJUXag65hhevkLRysXsIznP6H1FNXJ9_-wSYA","width":4800},{"height":4800,"html_attributions":["<a href=\"https:\/\/maps.google.com\/maps\/contrib\/100113263882828158708\">Kitty Cai<\/a>"],"photo_reference":"AZLasHrwUnSeKsZFytcKfoNqwAl2gLcc42r0ZJvvI6qmshfSwkiKvHWVqVmHhtlllSVmMcLyazaHpshxJb_uxP4vdr9Sl51g28PvyvMLTf7n9aQpB8wiCm8xOYfDAmmTPDrRx71fLDVNotd4FlLv43MjNTUaUQJMu1fS47Sn4_nR3b1_Tkyjc8CNJdx6IAMiIvob3R3ZuOhfJWJGg8oO5zP-hEAMLO9sseS3Hk0f5FvEOUlZqVrGAL7LR0JjADTJhsyoRKCcaVHOTx-AgFtb_qvhrEZyrSqAnqGgNO3F8QjzwMYDVaoUdVcK-Onfdo5twqOVCebrNp78RjTAEezXgXXDnCYo6YSobbjEvsJ17JD1i-yPdXPWcHAB45DayYEMqp-hZeDqxm-DAM2vszI-QaCzEl-tnl8YsKR9DFHt9XEogTsnLg","width":2700},{"height":4032,"html_attributions":["<a href=\"https:\/\/maps.google.com\/maps\/contrib\/112398645754889345741\">Metha Jordan<\/a>"],"photo_reference":"AZLasHrVI8KnhqE0g2oIFwXMkZ9V4sLgeX218z7iPZgJgiGIbnpC2C53A_JjQrPBRG2e4vzOZlSDPIKpwPAlWWa4umyAqAD0UIcJ2UNxpMbEB3fHg0RwHYEmi9wXrtvMrckYUhJozC1Wx7sGLCPf9NAfip85MyBYqsHK2E_GBhnZHSD0tZICL3Mu_jJbV2h1BezSAAeVOyyXpsueFarENRwGE-h4MLV_eS6IF5AIZC_Lvvp6dv1zPcCva1LCjFfS5k_BCxggaigGsedxhSAMftPVQqe5L3n1LJnvMBrYCT8ub3TQ97eAURGg7LWsUrP1CHLdDMm0QooknMc1fLS6Gqh2tTrM4SDy2K_2FGgJ8kfO7I8bHTyLuqu2WN0AogPpvedbKo5Cj5rF32HmCWrGOC3GmV_Mgx2bfESvrg0YbVMw9TYCO_ES","width":3024}],"rating":4.5,"url":"https:\/\/maps.google.com\/?cid=5496820861198380418","user_ratings_total":347},"status":"OK"},"_links":{"self":[{"href":"https:\/\/adent.ch\/de\/wp-json\/wp\/v2\/clinique\/4213","targetHints":{"allow":["GET"]}}],"collection":[{"href":"https:\/\/adent.ch\/de\/wp-json\/wp\/v2\/clinique"}],"about":[{"href":"https:\/\/adent.ch\/de\/wp-json\/wp\/v2\/types\/clinique"}],"wp:attachment":[{"href":"https:\/\/adent.ch\/de\/wp-json\/wp\/v2\/media?parent=4213"}],"wp:term":[{"taxonomy":"region","embeddable":true,"href":"https:\/\/adent.ch\/de\/wp-json\/wp\/v2\/region?post=4213"},{"taxonomy":"clinique_treatment","embeddable":true,"href":"https:\/\/adent.ch\/de\/wp-json\/wp\/v2\/clinique_treatment?post=4213"}],"curies":[{"name":"wp","href":"https:\/\/api.w.org\/{rel}","templated":true}]}}