{"id":4227,"date":"2022-04-20T14:43:04","date_gmt":"2022-04-20T12:43:04","guid":{"rendered":"https:\/\/adent.ch\/clinique\/lausanne-blecherette\/"},"modified":"2026-02-09T13:22:30","modified_gmt":"2026-02-09T12:22:30","slug":"lausanne-blecherette-2","status":"publish","type":"clinique","link":"https:\/\/adent.ch\/de\/klinik\/lausanne-blecherette-2\/","title":{"rendered":"Lausanne Bl\u00e9cherette"},"content":{"rendered":"<div class=\"two-column-block\" >\n\t<div class=\"container\">\n\t\t\t\t\t<h3 class=\"title\" data-sal=\"slide-up\" data-sal-delay=\"200\" data-sal-easing=\"ease-in-out\" data-sal-duration=\"300\">Willkommen bei Adent Lausanne-Bl\u00e9cherette<\/h3>\n\t\t\t\t\t\t\t<div class=\"row justify-content-between\" data-sal=\"slide-up\" data-sal-delay=\"200\" data-sal-easing=\"ease-in-out\" data-sal-duration=\"300\">\n\t\t\t\t\t\t\t\t\t\t\t\t\t\t\t<div class=\"col-md-6\">\n\t\t\t\t\t\t\t<div class=\"text-lg\">\n\t\t\t\t\t\t\t\t<p><strong>INFORMATION: Ab dem 06.03.2026 \u00e4ndern sich die \u00d6ffnungszeiten am Freitag wie folgt: 8:00 \u2013 16:00 Uhr<\/strong><\/p>\n<p data-start=\"0\" data-end=\"525\">Im Adent Zahnarztzentrum Lausanne steht Dr. R\u00e9mi Seam, Zahnarzt und Leiter des Zahnarztzentrums, f\u00fcr eine moderne, kompetente und menschliche Zahnmedizin. Zentral in Lausanne gelegen und gut erreichbar, betreut er gemeinsam mit einem engagierten Team Patientinnen und Patienten aus der Region und der Umgebung. Die Betreuung erfolgt in einer warmen, vertrauensvollen Atmosph\u00e4re, wobei die Kommunikation haupts\u00e4chlich auf Franz\u00f6sisch und Englisch m\u00f6glich ist, um eine verst\u00e4ndliche und pers\u00f6nliche Begleitung zu gew\u00e4hrleisten.<\/p>\n<p data-start=\"527\" data-end=\"1007\">Dr. R\u00e9mi Seam bietet ein breites Spektrum an zahnmedizinischen Behandlungen f\u00fcr Erwachsene und Kinder an. Unterst\u00fctzt wird er von erfahrenen Zahn\u00e4rztinnen und Zahn\u00e4rzten sowie spezialisierten Fachpersonen in den Bereichen orale Chirurgie und Parodontologie. Der Fokus liegt auf individuellen L\u00f6sungen, pr\u00e4zisen Diagnosen und nachhaltigen Behandlungskonzepten, mit dem Ziel, die Mundgesundheit langfristig zu erhalten und das Wohlbefinden der Patientinnen und Patienten zu st\u00e4rken.<\/p>\n<p data-start=\"1009\" data-end=\"1603\">Ein zentraler Bestandteil der Pr\u00e4vention ist die professionelle Zahnreinigung, die im Adent Zahnarztzentrum Lausanne von qualifizierten Dentalhygienikerinnen durchgef\u00fchrt wird. Die Zahnreinigung wird ein- bis zweimal j\u00e4hrlich empfohlen und hilft, Zahnbelag und Zahnstein schonend zu entfernen. Dabei kommt die moderne GBT\u00ae-Methode, Guided Biofilm Therapy, zum Einsatz, eine innovative und sanfte Technologie, die in allen Adent Zahnarztzentren angewendet wird. Auch Kinder profitieren bereits ab den ersten Z\u00e4hnen von einer angepassten Zahnreinigung, um fr\u00fch gesunde Gewohnheiten zu entwickeln.<\/p>\n<p data-start=\"1605\" data-end=\"2128\" data-is-last-node=\"\" data-is-only-node=\"\">F\u00fcr Patientinnen und Patienten mit Zahnarztangst bietet Dr. R\u00e9mi Seam schonende L\u00f6sungen an, darunter Behandlungen unter Lachgassedierung, die Stress und Anspannung deutlich reduzieren k\u00f6nnen. Zus\u00e4tzlich sind Behandlungen unter medizinischer Hypnose m\u00f6glich, da entsprechende Ausbildungen am Institut Romand d\u2019Hypnose Suisse absolviert wurden. Diese einf\u00fchlsame Herangehensweise unterstreicht den hohen Anspruch an Qualit\u00e4t, Vertrauen und Menschlichkeit, f\u00fcr den Dr. R\u00e9mi Seam und das Adent Zahnarztzentrum Lausanne stehen.<\/p>\n\t\t\t\t\t\t\t<\/div>\n\t\t\t\t\t\t\t\t\t\t\t\t\t\t\t\t\t\t\t\t\t\t\t\t\t\t\t<\/div>\n\t\t\t\t\t\t\t\t\t\t\t\t<\/div>\n\t\t\t<\/div>\n<\/div>\n\n\n<div class=\"clinique-head-block one-member\" data-id=\"member-block\" id=\"member-block\">\n\t\t\t<div class=\"container\">\n\t\t\t\t\t\t\t<div class=\"row align-items-center\">\n\t\t\t\t\t<div class=\"col-md-6\">\n\t\t\t\t\t\t<div class=\"member-content-pic\">\n\t\t\t\t\t\t\t<img decoding=\"async\" src=\"https:\/\/adent.ch\/wp-content\/uploads\/2022\/05\/remi-seam_blecherette-1307x980.png\" alt=\"\" loading=\"lazy\">\n\t\t\t\t\t\t<\/div>\n\t\t\t\t\t<\/div>\n\t\t\t\t\t<div class=\"col-md-5\">\n\t\t\t\t\t\t<div class=\"member-content-infos\">\n\t\t\t\t\t\t\t<div class=\"h5 is-primary\">Zentrumsleiter, Zahnarzt<\/div>\n\t\t\t\t\t\t\t<h4 class=\"h2\">R\u00e9mi <span class=\"last-name\">SEAM<\/span><\/h4>\n\t\t\t\t\t\t\t<div class=\"short-description\"><p>F\u00fchrt alle \u00fcblichen Zahnbehandlungen durch und bietet auch Behandlungen f\u00fcr Menschen an, die Angst vor dem Zahnarztbesuch haben.<\/p>\n<\/div>\n\t\t\t\t\t\t\t<a href=\"https:\/\/adent.ch\/de\/zahnarzt\/remi-seam\/\" class=\"primary-btn\">Profil ansehen<\/a>\n\t\t\t\t\t\t<\/div>\n\t\t\t\t\t<\/div>\n\t\t\t\t<\/div>\n\t\t\t\t\t<\/div>\n\t<\/div>\n\n\n\n<div class=\"content-type-selector-block has-bkg\" data-id=\"content-type-selector-block-73\" id=\"content-type-selector-block-73\">\n\t<div class=\"container\">\n\t\t<div class=\"block-heading\" data-sal=\"slide-up\" data-sal-delay=\"200\" data-sal-easing=\"ease-in-out\" data-sal-duration=\"300\">\n\t\t\t<h3 class=\"block-heading__title h2\">Adent Zahnarztzentrum Lausanne-Bl\u00e9cherette<\/h3>\n\t\t\t<div class=\"block-heading__description is-dark\">Ein professionelles und herzliches Team, das bereit ist, Sie zu empfangen.<\/div>\n\t\t<\/div>\n\t\t<div class=\"members-slider\" data-sal=\"slide-up\" data-sal-delay=\"200\" data-sal-easing=\"ease-in-out\" data-sal-duration=\"300\">\n\t\t\t<div class=\"swiper\"><div class=\"swiper-wrapper\">\t\t\t\t\t\t\t<div class=\"swiper-slide\">\t\t\t\t<div class=\"equipe-card\">\n\t\t\t\t\t<div class=\"equipe-card__caption\">\n\t\t\t\t\t\t<div class=\"equipe-card__job\">Zahn\u00e4rztin<\/div>\n\t\t\t\t\t\t<h6 class=\"equipe-card__name h3\">Alejandra HAAS<\/h6>\n\t\t\t\t\t\t\t\t\t\t\t\t\t<div class=\"equipe-card__description\"><p>Bietet allgemeine Zahnbehandlungen im Zahnarztzentrum Bl\u00e9cherette an.<\/p>\n<\/div>\n\t\t\t\t\t\t\t\t\t\t\t\t<div class=\"equipe-card__pic\">\n\t\t\t\t\t\t\t<img decoding=\"async\" src=\"https:\/\/adent.ch\/wp-content\/uploads\/2024\/01\/alejandra_epalinges-1307x980.png\" alt=\"\" loading=\"lazy\">\n\t\t\t\t\t\t<\/div>\n\t\t\t\t\t\t<div class=\"equipe-card__footer\">\n\t\t\t\t\t\t\t<a href=\"https:\/\/adent.ch\/de\/zahnarzt\/alejandra-haas\/\" class=\"primary-btn\">Profil ansehen<\/a>\n\t\t\t\t\t\t<\/div>\n\t\t\t\t\t<\/div>\n\t\t\t\t<\/div>\n\t\t\t\t<\/div>\t\t\t\t\t\t\t<div class=\"swiper-slide\">\t\t\t\t<div class=\"equipe-card\">\n\t\t\t\t\t<div class=\"equipe-card__caption\">\n\t\t\t\t\t\t<div class=\"equipe-card__job\">Dentalhygienikerin<\/div>\n\t\t\t\t\t\t<h6 class=\"equipe-card__name h3\">Eva HUMAIR<\/h6>\n\t\t\t\t\t\t\t\t\t\t\t\t\t<div class=\"equipe-card__description\"><p>Dentalhygienikerin, die auf Mundhygiene und die Vorbeugung verschiedener Krankheiten spezialisiert ist.<\/p>\n<\/div>\n\t\t\t\t\t\t\t\t\t\t\t\t<div class=\"equipe-card__pic\">\n\t\t\t\t\t\t\t<img decoding=\"async\" src=\"https:\/\/adent.ch\/wp-content\/uploads\/2022\/05\/eva-humair_bl-1307x980.png\" alt=\"\" loading=\"lazy\">\n\t\t\t\t\t\t<\/div>\n\t\t\t\t\t\t<div class=\"equipe-card__footer\">\n\t\t\t\t\t\t\t<a href=\"https:\/\/adent.ch\/de\/zahnarzt\/eva-humair\/\" class=\"primary-btn\">Profil ansehen<\/a>\n\t\t\t\t\t\t<\/div>\n\t\t\t\t\t<\/div>\n\t\t\t\t<\/div>\n\t\t\t\t<\/div>\t\t\t\t\t\t\t<div class=\"swiper-slide\">\t\t\t\t<div class=\"equipe-card\">\n\t\t\t\t\t<div class=\"equipe-card__caption\">\n\t\t\t\t\t\t<div class=\"equipe-card__job\">Zahn\u00e4rztin<\/div>\n\t\t\t\t\t\t<h6 class=\"equipe-card__name h3\">Karinne PHILIPONA-ESPINOZA<\/h6>\n\t\t\t\t\t\t\t\t\t\t\t\t\t<div class=\"equipe-card__description\"><p>Zahn\u00e4rztin, der alle Arten von zahn\u00e4rztlicher Routinebehandlung durchf\u00fchrt.<\/p>\n<\/div>\n\t\t\t\t\t\t\t\t\t\t\t\t<div class=\"equipe-card__pic\">\n\t\t\t\t\t\t\t<img decoding=\"async\" src=\"https:\/\/adent.ch\/wp-content\/uploads\/2022\/05\/karine-philipona_bl-1307x980.png\" alt=\"\" loading=\"lazy\">\n\t\t\t\t\t\t<\/div>\n\t\t\t\t\t\t<div class=\"equipe-card__footer\">\n\t\t\t\t\t\t\t<a href=\"https:\/\/adent.ch\/de\/zahnarzt\/karinne-philipona-espinoza\/\" class=\"primary-btn\">Profil ansehen<\/a>\n\t\t\t\t\t\t<\/div>\n\t\t\t\t\t<\/div>\n\t\t\t\t<\/div>\n\t\t\t\t<\/div>\t\t\t\t\t\t\t<div class=\"swiper-slide\">\t\t\t\t<div class=\"equipe-card\">\n\t\t\t\t\t<div class=\"equipe-card__caption\">\n\t\t\t\t\t\t<div class=\"equipe-card__job\">Kieferorthop\u00e4de<\/div>\n\t\t\t\t\t\t<h6 class=\"equipe-card__name h3\">Kenan DIAB<\/h6>\n\t\t\t\t\t\t\t\t\t\t\t\t\t<div class=\"equipe-card__description\"><p>Zahnarzt, der kieferorthop\u00e4dische Behandlung in vollem Umfang anbietet.<\/p>\n<\/div>\n\t\t\t\t\t\t\t\t\t\t\t\t<div class=\"equipe-card__pic\">\n\t\t\t\t\t\t\t<img decoding=\"async\" src=\"https:\/\/adent.ch\/wp-content\/uploads\/2022\/05\/vignettes-photo-praticien-site-web-12-1307x980.png\" alt=\"Kenan Diab\" loading=\"lazy\">\n\t\t\t\t\t\t<\/div>\n\t\t\t\t\t\t<div class=\"equipe-card__footer\">\n\t\t\t\t\t\t\t<a href=\"https:\/\/adent.ch\/de\/zahnarzt\/kenan-diab\/\" class=\"primary-btn\">Profil ansehen<\/a>\n\t\t\t\t\t\t<\/div>\n\t\t\t\t\t<\/div>\n\t\t\t\t<\/div>\n\t\t\t\t<\/div>\t\t\t\t\t\t\t<div class=\"swiper-slide\">\t\t\t\t<div class=\"equipe-card\">\n\t\t\t\t\t<div class=\"equipe-card__caption\">\n\t\t\t\t\t\t<div class=\"equipe-card__job\">Dentalhygienikerin<\/div>\n\t\t\t\t\t\t<h6 class=\"equipe-card__name h3\">Nadia AKNOUCHE<\/h6>\n\t\t\t\t\t\t\t\t\t\t\t\t\t<div class=\"equipe-card__description\"><p>Dentalhygienikerin , die auf Mundhygiene spezialisiert ist.<\/p>\n<\/div>\n\t\t\t\t\t\t\t\t\t\t\t\t<div class=\"equipe-card__pic\">\n\t\t\t\t\t\t\t<img decoding=\"async\" src=\"https:\/\/adent.ch\/wp-content\/uploads\/2022\/05\/nadia-aknouche_blecherette-1307x980.png\" alt=\"\" loading=\"lazy\">\n\t\t\t\t\t\t<\/div>\n\t\t\t\t\t\t<div class=\"equipe-card__footer\">\n\t\t\t\t\t\t\t<a href=\"https:\/\/adent.ch\/de\/zahnarzt\/nadia-aknouche\/\" class=\"primary-btn\">Profil ansehen<\/a>\n\t\t\t\t\t\t<\/div>\n\t\t\t\t\t<\/div>\n\t\t\t\t<\/div>\n\t\t\t\t<\/div>\t\t\t\t\t\t\t<div class=\"swiper-slide\">\t\t\t\t<div class=\"equipe-card\">\n\t\t\t\t\t<div class=\"equipe-card__caption\">\n\t\t\t\t\t\t<div class=\"equipe-card__job\">Dentalhygienikerin<\/div>\n\t\t\t\t\t\t<h6 class=\"equipe-card__name h3\">Paece-Louisa NTIGAHERA<\/h6>\n\t\t\t\t\t\t\t\t\t\t\t\t\t<div class=\"equipe-card__description\"><p>Dentalhygienikerin mit Expertise in Pr\u00e4vention und Mundgesundheit.<\/p>\n<\/div>\n\t\t\t\t\t\t\t\t\t\t\t\t<div class=\"equipe-card__pic\">\n\t\t\t\t\t\t\t<img decoding=\"async\" src=\"https:\/\/adent.ch\/wp-content\/uploads\/2026\/02\/peace-louisa-ntigahera_blecherette-1307x980.jpg\" alt=\"\" loading=\"lazy\">\n\t\t\t\t\t\t<\/div>\n\t\t\t\t\t\t<div class=\"equipe-card__footer\">\n\t\t\t\t\t\t\t<a href=\"https:\/\/adent.ch\/de\/zahnarzt\/peace-louisa-ntigahera\/\" class=\"primary-btn\">Profil ansehen<\/a>\n\t\t\t\t\t\t<\/div>\n\t\t\t\t\t<\/div>\n\t\t\t\t<\/div>\n\t\t\t\t<\/div>\t\t\t\t\t\t\t<div class=\"swiper-slide\">\t\t\t\t<div class=\"equipe-card\">\n\t\t\t\t\t<div class=\"equipe-card__caption\">\n\t\t\t\t\t\t<div class=\"equipe-card__job\">Zahnarzt<\/div>\n\t\t\t\t\t\t<h6 class=\"equipe-card__name h3\">Pedro BORGES<\/h6>\n\t\t\t\t\t\t\t\t\t\t\t\t\t<div class=\"equipe-card__description\"><p>Allgemeinpraktizierender Zahnarzt, der alle g\u00e4ngigen zahn\u00e4rztlichen Behandlungen und Implantologie durchf\u00fchrt.<\/p>\n<\/div>\n\t\t\t\t\t\t\t\t\t\t\t\t<div class=\"equipe-card__pic\">\n\t\t\t\t\t\t\t<img decoding=\"async\" src=\"https:\/\/adent.ch\/wp-content\/uploads\/2022\/05\/pedro-borges_blecherette-1307x980.png\" alt=\"\" loading=\"lazy\">\n\t\t\t\t\t\t<\/div>\n\t\t\t\t\t\t<div class=\"equipe-card__footer\">\n\t\t\t\t\t\t\t<a href=\"https:\/\/adent.ch\/de\/zahnarzt\/pedro-borges\/\" class=\"primary-btn\">Profil ansehen<\/a>\n\t\t\t\t\t\t<\/div>\n\t\t\t\t\t<\/div>\n\t\t\t\t<\/div>\n\t\t\t\t<\/div>\t\t\t\t\t\t\t<div class=\"swiper-slide\">\t\t\t\t<div class=\"equipe-card\">\n\t\t\t\t\t<div class=\"equipe-card__caption\">\n\t\t\t\t\t\t<div class=\"equipe-card__job\">Zahnarzt<\/div>\n\t\t\t\t\t\t<h6 class=\"equipe-card__name h3\">Sebastien ROUMI<\/h6>\n\t\t\t\t\t\t\t\t\t\t\t\t\t<div class=\"equipe-card__description\"><p>Allgemeinpraktizierender Zahnarzt, spezialisiert auf Parodontologie.<\/p>\n<\/div>\n\t\t\t\t\t\t\t\t\t\t\t\t<div class=\"equipe-card__pic\">\n\t\t\t\t\t\t\t<img decoding=\"async\" src=\"https:\/\/adent.ch\/wp-content\/uploads\/2025\/02\/sebastion-roumi_ecublens-1307x980.png\" alt=\"\" loading=\"lazy\">\n\t\t\t\t\t\t<\/div>\n\t\t\t\t\t\t<div class=\"equipe-card__footer\">\n\t\t\t\t\t\t\t<a href=\"https:\/\/adent.ch\/de\/zahnarzt\/sebastien-roumi\/\" class=\"primary-btn\">Profil ansehen<\/a>\n\t\t\t\t\t\t<\/div>\n\t\t\t\t\t<\/div>\n\t\t\t\t<\/div>\n\t\t\t\t<\/div>\t\t\t\t\t\t<\/div><\/div><div class=\"swiper-button-prev\"><\/div><div class=\"swiper-button-next\"><\/div>\t\t<\/div>\n\t\t<div class=\"members-slider-pagination\"><\/div>\t<\/div>\n<\/div>\n\n\n<div class=\"cares-list-block\" >\n\t<div class=\"container\">\n\t\t<div class=\"row\">\n\t\t\t<div class=\"col-md-4\">\n\t\t\t\t<h2 class=\"title h3\">Entdecken Sie unsere Pflege<\/h2>\n\t\t\t\t<div class=\"text-lg is-dark\">Unsere Zahn\u00e4rzte und Dentalhygienikerinnen sind dazu da, all Ihre Bed\u00fcrfnisse in Bezug auf die Zahnpflege zu erf\u00fcllen. Bitte kontaktieren Sie uns f\u00fcr weitere Informationen.<\/div>\n\t\t\t\t<div class=\"cares-list-slider-pagination\"><\/div>\n\t\t\t<\/div>\n\t\t\t<div class=\"col-md-8\">\n\t\t\t\t<div class=\"cares-list-slider\">\n\t\t\t\t\t<div class=\"swiper\">\n\t\t\t\t\t\t<div class=\"swiper-wrapper\">\n\t\t\t\t\t\t\t\t\t\t\t\t\t\t\t<div class=\"swiper-slide\">\n\t\t\t\t\t\t\t\t\t<div class=\"care-slide\">\n\t\t\t\t\t\t\t\t\t\t<div class=\"care-slide__title h4\">Kieferorthop\u00e4die f\u00fcr Kinder und Erwachsene<\/div>\n\t\t\t\t\t\t\t\t\t\t\t\t\t\t\t\t\t\t\t\t\t<div class=\"care-slide__desc\">Verwandeln Sie Ihr L\u00e4cheln<\/div>\n\t\t\t\t\t\t\t\t\t\t\t\t\t\t\t\t\t\t\t\t<div class=\"care-slide__link\">\n\t\t\t\t\t\t\t\t\t\t\t<a href=\"https:\/\/adent.ch\/de\/behandlung\/kieferorthopaedie-fuer-kinder-und-erwachsene\/\" class=\"inline-link\">Weiterlesen<\/a>\n\t\t\t\t\t\t\t\t\t\t<\/div>\n\t\t\t\t\t\t\t\t\t<\/div>\n\t\t\t\t\t\t\t\t<\/div>\n\t\t\t\t\t\t\t\t\t\t\t\t\t\t\t<div class=\"swiper-slide\">\n\t\t\t\t\t\t\t\t\t<div class=\"care-slide\">\n\t\t\t\t\t\t\t\t\t\t<div class=\"care-slide__title h4\">Zahnreinigung und Zahnhygiene<\/div>\n\t\t\t\t\t\t\t\t\t\t\t\t\t\t\t\t\t\t\t\t\t<div class=\"care-slide__desc\">Ein gesund aussehendes L\u00e4cheln<\/div>\n\t\t\t\t\t\t\t\t\t\t\t\t\t\t\t\t\t\t\t\t<div class=\"care-slide__link\">\n\t\t\t\t\t\t\t\t\t\t\t<a href=\"https:\/\/adent.ch\/de\/behandlung\/zahnsteinentfernung-und-zahnhygiene\/\" class=\"inline-link\">Weiterlesen<\/a>\n\t\t\t\t\t\t\t\t\t\t<\/div>\n\t\t\t\t\t\t\t\t\t<\/div>\n\t\t\t\t\t\t\t\t<\/div>\n\t\t\t\t\t\t\t\t\t\t\t\t\t\t\t<div class=\"swiper-slide\">\n\t\t\t\t\t\t\t\t\t<div class=\"care-slide\">\n\t\t\t\t\t\t\t\t\t\t<div class=\"care-slide__title h4\">Bleaching und \u00e4sthetische Behandlungen<\/div>\n\t\t\t\t\t\t\t\t\t\t\t\t\t\t\t\t\t\t\t\t\t<div class=\"care-slide__desc\">Ein noch strahlenderes L\u00e4cheln f\u00fcr maximales Selbstvertrauen<\/div>\n\t\t\t\t\t\t\t\t\t\t\t\t\t\t\t\t\t\t\t\t<div class=\"care-slide__link\">\n\t\t\t\t\t\t\t\t\t\t\t<a href=\"https:\/\/adent.ch\/de\/behandlung\/zahnbleaching-und-aesthetisch-e-en-behandlungen\/\" class=\"inline-link\">Weiterlesen<\/a>\n\t\t\t\t\t\t\t\t\t\t<\/div>\n\t\t\t\t\t\t\t\t\t<\/div>\n\t\t\t\t\t\t\t\t<\/div>\n\t\t\t\t\t\t\t\t\t\t\t\t\t\t\t<div class=\"swiper-slide\">\n\t\t\t\t\t\t\t\t\t<div class=\"care-slide\">\n\t\t\t\t\t\t\t\t\t\t<div class=\"care-slide__title h4\">\u00dcbliche Zahnpflege<\/div>\n\t\t\t\t\t\t\t\t\t\t\t\t\t\t\t\t\t\t\t\t\t<div class=\"care-slide__desc\">Ein umfassendes Kompetenzzentrum f\u00fcr Sie und Ihre Kinder<\/div>\n\t\t\t\t\t\t\t\t\t\t\t\t\t\t\t\t\t\t\t\t<div class=\"care-slide__link\">\n\t\t\t\t\t\t\t\t\t\t\t<a href=\"https:\/\/adent.ch\/de\/behandlung\/zahnaerztliche-routineversorgung\/\" class=\"inline-link\">Weiterlesen<\/a>\n\t\t\t\t\t\t\t\t\t\t<\/div>\n\t\t\t\t\t\t\t\t\t<\/div>\n\t\t\t\t\t\t\t\t<\/div>\n\t\t\t\t\t\t\t\t\t\t\t\t\t\t\t<div class=\"swiper-slide\">\n\t\t\t\t\t\t\t\t\t<div class=\"care-slide\">\n\t\t\t\t\t\t\t\t\t\t<div class=\"care-slide__title h4\">Zahnpflege f\u00fcr Kinder<\/div>\n\t\t\t\t\t\t\t\t\t\t\t\t\t\t\t\t\t\t\t\t\t<div class=\"care-slide__desc\">Angepasstes Know-how<\/div>\n\t\t\t\t\t\t\t\t\t\t\t\t\t\t\t\t\t\t\t\t<div class=\"care-slide__link\">\n\t\t\t\t\t\t\t\t\t\t\t<a href=\"https:\/\/adent.ch\/de\/behandlung\/zahnbehandlung-fuer-kinder\/\" class=\"inline-link\">Weiterlesen<\/a>\n\t\t\t\t\t\t\t\t\t\t<\/div>\n\t\t\t\t\t\t\t\t\t<\/div>\n\t\t\t\t\t\t\t\t<\/div>\n\t\t\t\t\t\t\t\t\t\t\t\t\t\t\t<div class=\"swiper-slide\">\n\t\t\t\t\t\t\t\t\t<div class=\"care-slide\">\n\t\t\t\t\t\t\t\t\t\t<div class=\"care-slide__title h4\">Zahnprothese<\/div>\n\t\t\t\t\t\t\t\t\t\t\t\t\t\t\t\t\t\t\t\t\t<div class=\"care-slide__desc\">Geben Sie Ihrem L\u00e4cheln seinen Glanz zur\u00fcck mit unseren massgeschneiderten Zahnprothesen.<\/div>\n\t\t\t\t\t\t\t\t\t\t\t\t\t\t\t\t\t\t\t\t<div class=\"care-slide__link\">\n\t\t\t\t\t\t\t\t\t\t\t<a href=\"https:\/\/adent.ch\/de\/behandlung\/implantate-und-zahnsanierung\/\" class=\"inline-link\">Weiterlesen<\/a>\n\t\t\t\t\t\t\t\t\t\t<\/div>\n\t\t\t\t\t\t\t\t\t<\/div>\n\t\t\t\t\t\t\t\t<\/div>\n\t\t\t\t\t\t\t\t\t\t\t\t\t\t\t<div class=\"swiper-slide\">\n\t\t\t\t\t\t\t\t\t<div class=\"care-slide\">\n\t\t\t\t\t\t\t\t\t\t<div class=\"care-slide__title h4\">Implantat und Restauration<\/div>\n\t\t\t\t\t\t\t\t\t\t\t\t\t\t\t\t\t\t\t\t\t<div class=\"care-slide__desc\">Komfort und \u00c4sthetik dank Zahnimplantaten<\/div>\n\t\t\t\t\t\t\t\t\t\t\t\t\t\t\t\t\t\t\t\t<div class=\"care-slide__link\">\n\t\t\t\t\t\t\t\t\t\t\t<a href=\"https:\/\/adent.ch\/de\/behandlung\/implantat-und-restauration\/\" class=\"inline-link\">Weiterlesen<\/a>\n\t\t\t\t\t\t\t\t\t\t<\/div>\n\t\t\t\t\t\t\t\t\t<\/div>\n\t\t\t\t\t\t\t\t<\/div>\n\t\t\t\t\t\t\t\t\t\t\t\t\t<\/div>\n\t\t\t\t\t<\/div>\n\t\t\t\t\t<div class=\"swiper-button-prev\"><\/div>\n\t\t\t\t\t<div class=\"swiper-button-next\"><\/div>\n\t\t\t\t<\/div>\n\t\t\t<\/div>\n\t\t<\/div>\n\t<\/div>\n<\/div>\n\n\n\t<div class=\"cta-block without-image\" >\n\t\t<div class=\"container\" data-sal=\"slide-up\" data-sal-delay=\"200\" data-sal-easing=\"ease-in-out\" data-sal-duration=\"300\">\n\t\t\t<div class=\"row justify-content-center\">\n\t\t\t\t<div class=\"col-md-8\">\n\t\t\t\t\t<div class=\"subtitle\"><\/div>\n\t\t\t\t\t<h4 class=\"title\">Zahnnotfall? <\/h4>\n\t\t\t\t\t<p class=\"text\">Rufen Sie unser Zentrum jetzt an f\u00fcr eine schnelle Behandlung.<\/p>\n\t\t\t\t\t\t\t\t\t\t\t<a href=\"tel:+41 21 644 20 00\"  class=\"primary-btn\">Rufen Sie uns an<\/a>\n\t\t\t\t\t\t\t\t\t<\/div>\n\t\t\t<\/div>\n\t\t<\/div>\n\t<\/div>\n","protected":false},"template":"","region":[165,157,175],"clinique_treatment":[],"class_list":["post-4227","clinique","type-clinique","status-publish","hentry","region-westschweiz","region-lausanne","region-schweizweit"],"acf":{"banner_clinique":{"image":{"ID":16485,"id":16485,"title":"Ble\u0301cherette5","filename":"blecherette5-scaled.jpg","filesize":442796,"url":"https:\/\/adent.ch\/wp-content\/uploads\/2022\/04\/blecherette5-scaled.jpg","link":"https:\/\/adent.ch\/de\/klinik\/lausanne-blecherette-2\/blecherette5-2\/","alt":"","author":"14","description":"","caption":"","name":"blecherette5-2","status":"inherit","uploaded_to":4227,"date":"2025-12-30 14:40:03","modified":"2025-12-30 14:40:03","menu_order":0,"mime_type":"image\/jpeg","type":"image","subtype":"jpeg","icon":"https:\/\/adent.ch\/wp-includes\/images\/media\/default.png","width":2880,"height":1920,"sizes":{"thumbnail":"https:\/\/adent.ch\/wp-content\/uploads\/2022\/04\/blecherette5-150x150.jpg","thumbnail-width":150,"thumbnail-height":150,"medium":"https:\/\/adent.ch\/wp-content\/uploads\/2022\/04\/blecherette5-300x200.jpg","medium-width":300,"medium-height":200,"medium_large":"https:\/\/adent.ch\/wp-content\/uploads\/2022\/04\/blecherette5-768x512.jpg","medium_large-width":768,"medium_large-height":512,"large":"https:\/\/adent.ch\/wp-content\/uploads\/2022\/04\/blecherette5-1470x980.jpg","large-width":1470,"large-height":980,"1536x1536":"https:\/\/adent.ch\/wp-content\/uploads\/2022\/04\/blecherette5-1536x1024.jpg","1536x1536-width":1536,"1536x1536-height":1024,"2048x2048":"https:\/\/adent.ch\/wp-content\/uploads\/2022\/04\/blecherette5-2048x1365.jpg","2048x2048-width":2048,"2048x2048-height":1365,"gform-image-choice-sm":"https:\/\/adent.ch\/wp-content\/uploads\/2022\/04\/blecherette5-scaled.jpg","gform-image-choice-sm-width":300,"gform-image-choice-sm-height":200,"gform-image-choice-md":"https:\/\/adent.ch\/wp-content\/uploads\/2022\/04\/blecherette5-scaled.jpg","gform-image-choice-md-width":400,"gform-image-choice-md-height":267,"gform-image-choice-lg":"https:\/\/adent.ch\/wp-content\/uploads\/2022\/04\/blecherette5-scaled.jpg","gform-image-choice-lg-width":600,"gform-image-choice-lg-height":400}},"note":"Leicht zug\u00e4nglich: 600 m. von der Ausfahrt der Autobahn A1 Lausanne-Bl\u00e9cherette und in der N\u00e4he der Endstation der Busse 1, 20 und 21. Kostenlose Parkpl\u00e4tze."},"marker":{"address":"Adent | Dentiste Lausanne - Bl\u00e9cherette, Route du Ch\u00e2telard 54B, 1018 Lausanne, Suisse","lat":46.5439916,"lng":6.6241371,"zoom":14,"place_id":"ChIJZR_egB0ujEcR_0iKe6nxZfI","name":"Adent | Dentiste Lausanne - Bl\u00e9cherette","street_number":"54B","street_name":"Route du Ch\u00e2telard","street_name_short":"Rte du Ch\u00e2telard","city":"Lausanne","state":"Vaud","state_short":"VD","post_code":"1018","country":"Suisse","country_short":"CH"},"phone":"+41 21 644 20 00","address":"Route du Ch\u00e2telard 54b","postal_code":"1018","email":"lausanne@adent.ch","access":{"bus":"Bus 20, 21, 88, Haltestelle Bl\u00e9cherette","bus_link":"","train":"","train_link":"","parking":"Kostenlose Parkpl\u00e4tze vor dem Zentrum","parking_link":""},"schedule":{"title":"\u00d6ffnungszeiten","description":""},"short_description":"","soins":[{"id":196,"adult":"k1530_01t13","teenager":"k1530_01t13","kid":"k1530_01t13"},{"id":199,"adult":"k1530_01t15","teenager":"k1530_01t15","kid":"k1530_01t14"},{"id":198,"adult":"k1530_01t16","teenager":"k1530_01t16","kid":"k1530_01t16"},{"id":202,"adult":"k1530_01t17","teenager":"k1530_01t17","kid":"k1530_01t17"},{"id":207,"adult":"k1530_01t18","teenager":"k1530_01t18","kid":"k1530_01t18"},{"id":201,"adult":"k1530_01t19","teenager":"k1530_01t19","kid":""},{"id":203,"adult":"k1530_01t20","teenager":"k1530_01t20","kid":"k1530_01t20"},{"id":232,"adult":"k1530_01t21","teenager":"k1530_01t21","kid":"k1530_01t21"},{"id":233,"adult":"k1530_01t22","teenager":"k1530_01t22","kid":"k1530_01t22"}],"clinique_location_id":"ChIJZR_egB0ujEcR_0iKe6nxZfI","subtitle":"Adent Zahnarztzentrum","city":"Lausanne","code_zawin":"https:\/\/oa.zawin.ch\/k1530_01","code_zawin_emergencies":"https:\/\/oa.zawin.ch\/k1530_01t24","aggregated_city":"Lausanne","clinique_tag":"","itinerary":"https:\/\/www.google.com\/maps\/dir\/\/Rte+de+Ch%C3%A2telard+54B,+1018+Lausanne\/@46.5439794,6.5418185,27071m\/data=!3m1!1e3!4m8!4m7!1m0!1m5!1m1!1s0x478c2e1d80de1f65:0xf265f1a97b8a48ff!2m2!1d6.624219!2d46.544009?entry=ttu&g_ep=EgoyMDI1MDQyMS4wIKXMDSoASAFQAw%3D%3D","marker_image":{"ID":6466,"id":6466,"title":"ADENT_Clinique_Saint-Gall_map_1024x768","filename":"adent_clinique_saint-gall_map_1024x768.jpg","filesize":56999,"url":"https:\/\/adent.ch\/wp-content\/uploads\/2022\/07\/adent_clinique_saint-gall_map_1024x768.jpg","link":"https:\/\/adent.ch\/de\/klinik\/st-gallen\/adent_clinique_saint-gall_map_1024x768-2\/","alt":"","author":"2","description":"","caption":"","name":"adent_clinique_saint-gall_map_1024x768-2","status":"inherit","uploaded_to":4201,"date":"2022-07-10 11:20:45","modified":"2022-07-11 07:21:16","menu_order":0,"mime_type":"image\/jpeg","type":"image","subtype":"jpeg","icon":"https:\/\/adent.ch\/wp-includes\/images\/media\/default.png","width":1024,"height":768,"sizes":{"thumbnail":"https:\/\/adent.ch\/wp-content\/uploads\/2022\/07\/adent_clinique_saint-gall_map_1024x768-150x150.jpg","thumbnail-width":150,"thumbnail-height":150,"medium":"https:\/\/adent.ch\/wp-content\/uploads\/2022\/07\/adent_clinique_saint-gall_map_1024x768-300x225.jpg","medium-width":300,"medium-height":225,"medium_large":"https:\/\/adent.ch\/wp-content\/uploads\/2022\/07\/adent_clinique_saint-gall_map_1024x768-768x576.jpg","medium_large-width":768,"medium_large-height":576,"large":"https:\/\/adent.ch\/wp-content\/uploads\/2022\/07\/adent_clinique_saint-gall_map_1024x768.jpg","large-width":1024,"large-height":768,"1536x1536":"https:\/\/adent.ch\/wp-content\/uploads\/2022\/07\/adent_clinique_saint-gall_map_1024x768.jpg","1536x1536-width":1024,"1536x1536-height":768,"2048x2048":"https:\/\/adent.ch\/wp-content\/uploads\/2022\/07\/adent_clinique_saint-gall_map_1024x768.jpg","2048x2048-width":1024,"2048x2048-height":768,"gform-image-choice-sm":"https:\/\/adent.ch\/wp-content\/uploads\/2022\/07\/adent_clinique_saint-gall_map_1024x768.jpg","gform-image-choice-sm-width":300,"gform-image-choice-sm-height":225,"gform-image-choice-md":"https:\/\/adent.ch\/wp-content\/uploads\/2022\/07\/adent_clinique_saint-gall_map_1024x768.jpg","gform-image-choice-md-width":400,"gform-image-choice-md-height":300,"gform-image-choice-lg":"https:\/\/adent.ch\/wp-content\/uploads\/2022\/07\/adent_clinique_saint-gall_map_1024x768.jpg","gform-image-choice-lg-width":600,"gform-image-choice-lg-height":450}}},"yoast_head":"<!-- This site is optimized with the Yoast SEO plugin v26.9 - https:\/\/yoast.com\/product\/yoast-seo-wordpress\/ -->\n<title>Zahn\u00e4rzte:innen in Lausanne Bl\u00e9cherette | Adent Zahnarztzentrum<\/title>\n<meta name=\"description\" content=\"Unser Zentrum in Lausanne Bl\u00e9cherette bietet Ihnen alle zahn\u00e4rztlichen Behandlungen f\u00fcr Erwachsene und Kinder - einschliesslich Kieferorthop\u00e4die - unter einem Dach.\" \/>\n<meta name=\"robots\" content=\"index, follow, max-snippet:-1, max-image-preview:large, max-video-preview:-1\" \/>\n<link rel=\"canonical\" href=\"https:\/\/adent.ch\/de\/klinik\/lausanne-blecherette-2\/\" \/>\n<meta property=\"og:locale\" content=\"de_DE\" \/>\n<meta property=\"og:type\" content=\"article\" \/>\n<meta property=\"og:title\" content=\"Zahn\u00e4rzte:innen in Lausanne Bl\u00e9cherette | Adent Zahnarztzentrum\" \/>\n<meta property=\"og:description\" content=\"Unser Zentrum in Lausanne Bl\u00e9cherette bietet Ihnen alle zahn\u00e4rztlichen Behandlungen f\u00fcr Erwachsene und Kinder - einschliesslich Kieferorthop\u00e4die - unter einem Dach.\" \/>\n<meta property=\"og:url\" content=\"https:\/\/adent.ch\/de\/klinik\/lausanne-blecherette-2\/\" \/>\n<meta property=\"og:site_name\" content=\"Adent Zahnarztzentrum\" \/>\n<meta property=\"article:publisher\" content=\"https:\/\/www.facebook.com\/adentcliniquesdentaires\/\" \/>\n<meta property=\"article:modified_time\" content=\"2026-02-09T12:22:30+00:00\" \/>\n<meta property=\"og:image\" content=\"https:\/\/adent.ch\/wp-content\/uploads\/2024\/04\/adent-aubonne-mai-2022-igor-laski-web-hd-srvb-48.jpg\" \/>\n\t<meta property=\"og:image:width\" content=\"1619\" \/>\n\t<meta property=\"og:image:height\" content=\"1080\" \/>\n\t<meta property=\"og:image:type\" content=\"image\/jpeg\" \/>\n<meta name=\"twitter:card\" content=\"summary_large_image\" \/>\n<script type=\"application\/ld+json\" class=\"yoast-schema-graph\">{\"@context\":\"https:\/\/schema.org\",\"@graph\":[{\"@type\":\"WebPage\",\"@id\":\"https:\/\/adent.ch\/de\/klinik\/lausanne-blecherette-2\/\",\"url\":\"https:\/\/adent.ch\/de\/klinik\/lausanne-blecherette-2\/\",\"name\":\"Zahn\u00e4rzte:innen in Lausanne Bl\u00e9cherette | Adent Zahnarztzentrum\",\"isPartOf\":{\"@id\":\"https:\/\/adent.ch\/de\/#website\"},\"datePublished\":\"2022-04-20T12:43:04+00:00\",\"dateModified\":\"2026-02-09T12:22:30+00:00\",\"description\":\"Unser Zentrum in Lausanne Bl\u00e9cherette bietet Ihnen alle zahn\u00e4rztlichen Behandlungen f\u00fcr Erwachsene und Kinder - einschliesslich Kieferorthop\u00e4die - unter einem Dach.\",\"breadcrumb\":{\"@id\":\"https:\/\/adent.ch\/de\/klinik\/lausanne-blecherette-2\/#breadcrumb\"},\"inLanguage\":\"de-CH\",\"potentialAction\":[{\"@type\":\"ReadAction\",\"target\":[\"https:\/\/adent.ch\/de\/klinik\/lausanne-blecherette-2\/\"]}]},{\"@type\":\"BreadcrumbList\",\"@id\":\"https:\/\/adent.ch\/de\/klinik\/lausanne-blecherette-2\/#breadcrumb\",\"itemListElement\":[{\"@type\":\"ListItem\",\"position\":1,\"name\":\"Zahnarztzentrum\",\"item\":\"https:\/\/adent.ch\/de\/zahnkliniken\/\"},{\"@type\":\"ListItem\",\"position\":2,\"name\":\"Lausanne Bl\u00e9cherette\"}]},{\"@type\":\"WebSite\",\"@id\":\"https:\/\/adent.ch\/de\/#website\",\"url\":\"https:\/\/adent.ch\/de\/\",\"name\":\"Adent Zahnarztzentrum\",\"description\":\"\",\"publisher\":{\"@id\":\"https:\/\/adent.ch\/de\/#organization\"},\"potentialAction\":[{\"@type\":\"SearchAction\",\"target\":{\"@type\":\"EntryPoint\",\"urlTemplate\":\"https:\/\/adent.ch\/de\/?s={search_term_string}\"},\"query-input\":{\"@type\":\"PropertyValueSpecification\",\"valueRequired\":true,\"valueName\":\"search_term_string\"}}],\"inLanguage\":\"de-CH\"},{\"@type\":\"Organization\",\"@id\":\"https:\/\/adent.ch\/de\/#organization\",\"name\":\"Adent Cliniques Dentaires\",\"url\":\"https:\/\/adent.ch\/de\/\",\"logo\":{\"@type\":\"ImageObject\",\"inLanguage\":\"de-CH\",\"@id\":\"https:\/\/adent.ch\/de\/#\/schema\/logo\/image\/\",\"url\":\"https:\/\/adent.ch\/wp-content\/uploads\/2022\/09\/adent-habefast-logo-2018-fr-05032019-rvb-scaled.jpg\",\"contentUrl\":\"https:\/\/adent.ch\/wp-content\/uploads\/2022\/09\/adent-habefast-logo-2018-fr-05032019-rvb-scaled.jpg\",\"width\":2880,\"height\":750,\"caption\":\"Adent Cliniques Dentaires\"},\"image\":{\"@id\":\"https:\/\/adent.ch\/de\/#\/schema\/logo\/image\/\"},\"sameAs\":[\"https:\/\/www.facebook.com\/adentcliniquesdentaires\/\",\"https:\/\/www.instagram.com\/adent.ch\/\",\"https:\/\/www.youtube.com\/channel\/UCPd5UjY-ipuq3MhW6m0W-wg\",\"https:\/\/www.linkedin.com\/company\/adent-cliniques-dentaires\/?originalSubdomain=ch\"]}]}<\/script>\n<!-- \/ Yoast SEO plugin. -->","yoast_head_json":{"title":"Zahn\u00e4rzte:innen in Lausanne Bl\u00e9cherette | Adent Zahnarztzentrum","description":"Unser Zentrum in Lausanne Bl\u00e9cherette bietet Ihnen alle zahn\u00e4rztlichen Behandlungen f\u00fcr Erwachsene und Kinder - einschliesslich Kieferorthop\u00e4die - unter einem Dach.","robots":{"index":"index","follow":"follow","max-snippet":"max-snippet:-1","max-image-preview":"max-image-preview:large","max-video-preview":"max-video-preview:-1"},"canonical":"https:\/\/adent.ch\/de\/klinik\/lausanne-blecherette-2\/","og_locale":"de_DE","og_type":"article","og_title":"Zahn\u00e4rzte:innen in Lausanne Bl\u00e9cherette | Adent Zahnarztzentrum","og_description":"Unser Zentrum in Lausanne Bl\u00e9cherette bietet Ihnen alle zahn\u00e4rztlichen Behandlungen f\u00fcr Erwachsene und Kinder - einschliesslich Kieferorthop\u00e4die - unter einem Dach.","og_url":"https:\/\/adent.ch\/de\/klinik\/lausanne-blecherette-2\/","og_site_name":"Adent Zahnarztzentrum","article_publisher":"https:\/\/www.facebook.com\/adentcliniquesdentaires\/","article_modified_time":"2026-02-09T12:22:30+00:00","og_image":[{"width":1619,"height":1080,"url":"https:\/\/adent.ch\/wp-content\/uploads\/2024\/04\/adent-aubonne-mai-2022-igor-laski-web-hd-srvb-48.jpg","type":"image\/jpeg"}],"twitter_card":"summary_large_image","schema":{"@context":"https:\/\/schema.org","@graph":[{"@type":"WebPage","@id":"https:\/\/adent.ch\/de\/klinik\/lausanne-blecherette-2\/","url":"https:\/\/adent.ch\/de\/klinik\/lausanne-blecherette-2\/","name":"Zahn\u00e4rzte:innen in Lausanne Bl\u00e9cherette | Adent Zahnarztzentrum","isPartOf":{"@id":"https:\/\/adent.ch\/de\/#website"},"datePublished":"2022-04-20T12:43:04+00:00","dateModified":"2026-02-09T12:22:30+00:00","description":"Unser Zentrum in Lausanne Bl\u00e9cherette bietet Ihnen alle zahn\u00e4rztlichen Behandlungen f\u00fcr Erwachsene und Kinder - einschliesslich Kieferorthop\u00e4die - unter einem Dach.","breadcrumb":{"@id":"https:\/\/adent.ch\/de\/klinik\/lausanne-blecherette-2\/#breadcrumb"},"inLanguage":"de-CH","potentialAction":[{"@type":"ReadAction","target":["https:\/\/adent.ch\/de\/klinik\/lausanne-blecherette-2\/"]}]},{"@type":"BreadcrumbList","@id":"https:\/\/adent.ch\/de\/klinik\/lausanne-blecherette-2\/#breadcrumb","itemListElement":[{"@type":"ListItem","position":1,"name":"Zahnarztzentrum","item":"https:\/\/adent.ch\/de\/zahnkliniken\/"},{"@type":"ListItem","position":2,"name":"Lausanne Bl\u00e9cherette"}]},{"@type":"WebSite","@id":"https:\/\/adent.ch\/de\/#website","url":"https:\/\/adent.ch\/de\/","name":"Adent Zahnarztzentrum","description":"","publisher":{"@id":"https:\/\/adent.ch\/de\/#organization"},"potentialAction":[{"@type":"SearchAction","target":{"@type":"EntryPoint","urlTemplate":"https:\/\/adent.ch\/de\/?s={search_term_string}"},"query-input":{"@type":"PropertyValueSpecification","valueRequired":true,"valueName":"search_term_string"}}],"inLanguage":"de-CH"},{"@type":"Organization","@id":"https:\/\/adent.ch\/de\/#organization","name":"Adent Cliniques Dentaires","url":"https:\/\/adent.ch\/de\/","logo":{"@type":"ImageObject","inLanguage":"de-CH","@id":"https:\/\/adent.ch\/de\/#\/schema\/logo\/image\/","url":"https:\/\/adent.ch\/wp-content\/uploads\/2022\/09\/adent-habefast-logo-2018-fr-05032019-rvb-scaled.jpg","contentUrl":"https:\/\/adent.ch\/wp-content\/uploads\/2022\/09\/adent-habefast-logo-2018-fr-05032019-rvb-scaled.jpg","width":2880,"height":750,"caption":"Adent Cliniques Dentaires"},"image":{"@id":"https:\/\/adent.ch\/de\/#\/schema\/logo\/image\/"},"sameAs":["https:\/\/www.facebook.com\/adentcliniquesdentaires\/","https:\/\/www.instagram.com\/adent.ch\/","https:\/\/www.youtube.com\/channel\/UCPd5UjY-ipuq3MhW6m0W-wg","https:\/\/www.linkedin.com\/company\/adent-cliniques-dentaires\/?originalSubdomain=ch"]}]}},"google_datas":{"html_attributions":[],"result":{"current_opening_hours":{"open_now":true,"periods":[{"close":{"date":"2026-02-16","day":1,"time":"2100"},"open":{"date":"2026-02-16","day":1,"time":"0700"}},{"close":{"date":"2026-02-17","day":2,"time":"2100"},"open":{"date":"2026-02-17","day":2,"time":"0700"}},{"close":{"date":"2026-02-18","day":3,"time":"2100"},"open":{"date":"2026-02-18","day":3,"time":"0700"}},{"close":{"date":"2026-02-19","day":4,"time":"2100"},"open":{"date":"2026-02-19","day":4,"time":"0700"}},{"close":{"date":"2026-02-20","day":5,"time":"2100"},"open":{"date":"2026-02-20","day":5,"time":"0700"}},{"close":{"date":"2026-02-14","day":6,"time":"1600"},"open":{"date":"2026-02-14","day":6,"time":"0800"}}],"weekday_text":["lundi: 07:00\u2009\u2013\u200921:00","mardi: 07:00\u2009\u2013\u200921:00","mercredi: 07:00\u2009\u2013\u200921:00","jeudi: 07:00\u2009\u2013\u200921:00","vendredi: 07:00\u2009\u2013\u200921:00","samedi: 08:00\u2009\u2013\u200916:00","dimanche: Ferm\u00e9"]},"opening_hours":{"open_now":true,"periods":[{"close":{"day":1,"time":"2100"},"open":{"day":1,"time":"0700"}},{"close":{"day":2,"time":"2100"},"open":{"day":2,"time":"0700"}},{"close":{"day":3,"time":"2100"},"open":{"day":3,"time":"0700"}},{"close":{"day":4,"time":"2100"},"open":{"day":4,"time":"0700"}},{"close":{"day":5,"time":"2100"},"open":{"day":5,"time":"0700"}},{"close":{"day":6,"time":"1600"},"open":{"day":6,"time":"0800"}}],"weekday_text":["lundi: 07:00\u2009\u2013\u200921:00","mardi: 07:00\u2009\u2013\u200921:00","mercredi: 07:00\u2009\u2013\u200921:00","jeudi: 07:00\u2009\u2013\u200921:00","vendredi: 07:00\u2009\u2013\u200921:00","samedi: 08:00\u2009\u2013\u200916:00","dimanche: Ferm\u00e9"]},"photos":[{"height":3254,"html_attributions":["<a href=\"https:\/\/maps.google.com\/maps\/contrib\/109765050228219156491\">Adent | Dentiste Lausanne - Bl\u00e9cherette<\/a>"],"photo_reference":"ATCDNfW7555J_GBkq0z4RvOHjrFV0W4oS-jKpmjWbpvRKrTix_sn-IHxrrIKSoOOTNX-s6-OJi7XVmQJHuqOU-9sgF_TYB7wNBUA6Vv2hthO9cWFHQALwbb-qy6FYErlBrIq8K5z8bBu9Q6ePBIexVPl4TgCdCNgERCkaU1uhGpktkA700mYB6qUDJLjvZKa_6mCFJfyH31TnK5cO8oZ7ZY-t8ZPfy0-Dg1T-nRafbQDY9ALkYFz0qAcUjFrGkWuLZTcVfS_BVkai6_A4cL_SRmQddmV4qA9HQoDzu6ibuA5v_QzHA","width":4800},{"height":4032,"html_attributions":["<a href=\"https:\/\/maps.google.com\/maps\/contrib\/116659605066963099962\">Serge Monney<\/a>"],"photo_reference":"ATCDNfVTGDCaUc03GjKXXhTKTA2CJDk6wdAt_AvzJHU-I5Qqw06nKxNf9RwdAmfKdfAdLnKTBewH3Qmv9DDzdkqgNjngMNxYQHSbU9g5BeKbKSoCOljgmJUAYIUFMCmESoXzkpZH0ysO_yWYZbfqyzm9hqwYSxpXotlHeWTzDHfJWRd8_EdmMPAj5nZ5HZSH0EvL8Y7cvALNbp4QiGnJpiwSnD0SKrIdiAgGoRpRz54tsvmKYv-lis6BEpVFYQ_eqSUAMq7_D5aHgZQvzt0bLRZno6yoFtSdVAntJv-peWAt49kojVhYaT-4Z3mT_xYOwECFd7rgwToxcTxWTw4ZjxxLYIJ8Wp3Q3PAbFGM5YZG6nutJ6_Nq0YJHOpvtj3tLa3NQ_kEbXhl08Sa_8H0z5LpUKowiJgLG2H-J8X5nfkA7oHRI_w","width":3024},{"height":3200,"html_attributions":["<a href=\"https:\/\/maps.google.com\/maps\/contrib\/109765050228219156491\">Adent | Dentiste Lausanne - Bl\u00e9cherette<\/a>"],"photo_reference":"ATCDNfU-zhxR9VmfKSBza42Oc6ftWobiCoCzVOg5xRr4yWXF08PC8L1tqNCIIldOeDOW07BmWeODCtaW6UL1JE_usU7Oflk1IBYKg3uxl9FfzSxGWQvnPunURWbrMs7x6STa4UJ8kSk0wMPOGfnnSK3MTDnUkbblzLTb_-nJtmPzayEyzwkfcC_C_DHfz3hiL_31TfpF9dCyA6NzlUKqWlnOukl4shDDGVaaWmcxUaK0xdqnNLo2YIXcyDOtf6lADDgcaxOAOOLdhP7ZjSx-tZXfRq46xoqwwjCdHXXWaloVLviAPg","width":4800},{"height":3200,"html_attributions":["<a href=\"https:\/\/maps.google.com\/maps\/contrib\/109765050228219156491\">Adent | Dentiste Lausanne - Bl\u00e9cherette<\/a>"],"photo_reference":"ATCDNfVptHsqfrkAryKa30HW5J3flkXK6pFJW3F8yXoJqBMu573dmGn3gA4iOwK_PQwx_Qr-l-HMvhArJ3vokkXr1rs-M2KhGhhpjXYWNDtIpFIP_i5RK__KPAbHDV2SrzMwofjGmAFzmlp_joMA9ZBKHgU-lWHih8vbsB7oU2K16RpGYM75YMCAojhrG6OuJdnCl4kuul4wI9DRo9J6zDrb3MjYo-ZkN8YmgsD4cEuWv7y3QvUr1h--Ryhja82PBkhp8fhnWILnDvMgSgAmJOBn1jwbjY289LzPaS8_negqLFRa-w","width":4800},{"height":1200,"html_attributions":["<a href=\"https:\/\/maps.google.com\/maps\/contrib\/109765050228219156491\">Adent | Dentiste Lausanne - Bl\u00e9cherette<\/a>"],"photo_reference":"ATCDNfVqlfEOQR9KsjlkVKGYu2WSbh2sCO4ApQ_MMVyYR0gXt4Kfp-Bsb8TA6TnRKCpB-p9oFWwhbxFE92WLfa0YtUdr_CXngGmxZrXaXqw_dkmbASjcq6g0MxcNxZnqrxCFrgosp8C8kNj3DqN-hGipgFrCaGPtTnmAlaNhUvIW5k66bMp_KundN8K84n8chMI83QjnElCduxMjV2AGtlmvNT3SrXvXqVvbAzQxcsrEUTUPu9Yn4bllXk85CO6GP8DSLqDruA_PD5nICBeEAYeyBopSrzCd5jflE6APh3M1Zs9heA","width":838},{"height":800,"html_attributions":["<a href=\"https:\/\/maps.google.com\/maps\/contrib\/109765050228219156491\">Adent | Dentiste Lausanne - Bl\u00e9cherette<\/a>"],"photo_reference":"ATCDNfWjHeuusG4H1xxOebbWUAGb3M1BpKES6wrs_li2iESel__cCk5rFrNxOfPL3787z6U416vOVSYEVLfD_H2mPozW0yZCPCqAUOugDdhr6xSv7PpeZfpPUUCvD1ofEpnJRMMgATUalOY3FCJGBxcmrPGXjw19Fx6DyUN0XcRVkVAKN9uYGnvNlqjjtwxmEHEh8ectiiyWBBRMKX7Twm9DoMZGBwvUFWsa0lnUo5rHntBx9noaMHT89OjxEQTaUJ_qVBl0BBTbRzeThKyRXx57lx_TJ8MgqR3z4YQwFAeJeoNZaA","width":1200},{"height":1080,"html_attributions":["<a href=\"https:\/\/maps.google.com\/maps\/contrib\/109765050228219156491\">Adent | Dentiste Lausanne - Bl\u00e9cherette<\/a>"],"photo_reference":"ATCDNfXeXlRfO-bLid1KDiyMxvAgpUAau7lO2hjj_RsWbOPOkjGgoELVtb44X9OZ0zrnTeo1Y7FEs_QMwXYOpi8KwLFOAleUSE0v-Kic-NDDfSbc5AHunf-Haw7EHhxrecxug385ylmfz4rW3_3vjsEHIKnXMF_Iz8hP6KJ_ebKZ3VEt020VNjV4k7qE4X5m2PvO2VkdVxDT1O6TcIltM5DR3e5wGtETat5DlpJjZ4EVWg1ZyogQ-S8ZlDwWqvwqViWJObhQgHhWr5cabfvrCsEeC5d29fi3P6cq_KLCZBAkf-vWNw","width":1080},{"height":2448,"html_attributions":["<a href=\"https:\/\/maps.google.com\/maps\/contrib\/118137958679512333310\">Nir Aviv Shapir<\/a>"],"photo_reference":"ATCDNfWyI42bD-_HAJ110J89HsGcsUajd5OVWRXnP8tHiQlpjoqbdHBfvjPNT4uy98WNQocMR9FgZuLuJ9Aai7aUC63Fv4XTgXG80lXUNUjUsT8gX5aPQLYE4l-S6iEDKUrJGDcnPOseFVm6evmBI84slJ2sB4kLPn0q-IUtfepBIg0zXaVzO9JguE_3m6Pu7lPacDEvzIWGr8aMDiyHGLU8GhIsVN4bmG-uA7C1aP6SNAo_1s7Bbegmvh1P9navMl3r8qSNqcQB7yG1_lXEt_8ncVwXjcy4NLuCkVrk9KozqBF1RI26tRw6EeLuYssMkOoxVvpCxF9_xtSIGlum0KzZvbAaZ95CeFZJuBpvmdT0HGknyOUtxBtr0K7POEfC1lksFAt6pgSTyeUznzo1Wtb5AEYgF2TlBR5EG8xoD2tfXh0auA","width":3264},{"height":1200,"html_attributions":["<a href=\"https:\/\/maps.google.com\/maps\/contrib\/109765050228219156491\">Adent | Dentiste Lausanne - Bl\u00e9cherette<\/a>"],"photo_reference":"ATCDNfUpVG7lW5fpcWsm1Dv2BuQs1WlOmMqCjy_oVW6PwxuFWD17G2XIa6NrKIl_-CmAYqoULGrfKSlSf4Sn4CUskBZaWIedcJBx5QL2thEExyijZ3fkk3K-wGyzeMAjMr1pNaccUV1qorAUI9BPhi7P6ld24Pgn9tCf6zA8NlnGLbDPrmsoEnBddktmhiVYXk7qIwUZFqfdv6SiLnMtfyxIuiG_vbemYwi5CXRKJxJUb-l9IokMJMcyE6DAj-w0EubIzVHgBpexfqpEeFXie1KDIe5d6293Z4vY2a5TdIJTHGmBgw","width":800},{"height":4032,"html_attributions":["<a href=\"https:\/\/maps.google.com\/maps\/contrib\/116659605066963099962\">Serge Monney<\/a>"],"photo_reference":"ATCDNfW3rBo6u4ahgtVgf9TGAkJo3AZDvClYhlTXvvMF69wqnU2CyVIiZ6DwBKGllCmFB1scXPKOHNIykmkIiRR-6XSN6iMm9KpIWkXWyZnEFEakpS6j-FC3FfSaBC5YKr_VWQtTdh5jE1dxycrlQFSzDYqKleO6W2n9OqQGAXBFKy9x04qxSu28ROQUs8hTyJ_765FtmpK0CZxIQiy8jwmzFi4g89hyExwgj9aMYedY2vg0OTCDmnbM3OU-008yzJyPhSKmulaZNEEqywbs2-4_GXr-4RKa_otX3TBY-YQF-81GLOemkmIoM-Wmh0YCu7KLkZlN7sYsu3Q38MomTp8vQfXJDAVY92g5rpqHPJzRSQxs1KQz1ys0qcnwL7gl-rfggf0xertEk_5IYitGAm19-E3-7iBP4VRsoPXAZbM_rifzmw","width":3024}],"rating":4.6,"url":"https:\/\/maps.google.com\/?cid=17466632440050764031","user_ratings_total":239},"status":"OK"},"_links":{"self":[{"href":"https:\/\/adent.ch\/de\/wp-json\/wp\/v2\/clinique\/4227","targetHints":{"allow":["GET"]}}],"collection":[{"href":"https:\/\/adent.ch\/de\/wp-json\/wp\/v2\/clinique"}],"about":[{"href":"https:\/\/adent.ch\/de\/wp-json\/wp\/v2\/types\/clinique"}],"wp:attachment":[{"href":"https:\/\/adent.ch\/de\/wp-json\/wp\/v2\/media?parent=4227"}],"wp:term":[{"taxonomy":"region","embeddable":true,"href":"https:\/\/adent.ch\/de\/wp-json\/wp\/v2\/region?post=4227"},{"taxonomy":"clinique_treatment","embeddable":true,"href":"https:\/\/adent.ch\/de\/wp-json\/wp\/v2\/clinique_treatment?post=4227"}],"curies":[{"name":"wp","href":"https:\/\/api.w.org\/{rel}","templated":true}]}}