{"id":4237,"date":"2022-04-20T14:39:35","date_gmt":"2022-04-20T12:39:35","guid":{"rendered":"https:\/\/adent.ch\/clinique\/geneve-eaux-vives\/"},"modified":"2026-04-28T17:15:02","modified_gmt":"2026-04-28T15:15:02","slug":"genf-eaux-vives","status":"publish","type":"clinique","link":"https:\/\/adent.ch\/de\/klinik\/genf-eaux-vives\/","title":{"rendered":"Genf Eaux-Vives"},"content":{"rendered":"<div class=\"two-column-block\" >\n\t<div class=\"container\">\n\t\t\t\t\t\t\t<div class=\"row justify-content-between\" data-sal=\"slide-up\" data-sal-delay=\"200\" data-sal-easing=\"ease-in-out\" data-sal-duration=\"300\">\n\t\t\t\t\t\t\t\t\t\t\t\t\t\t\t<div class=\"col-md-6\">\n\t\t\t\t\t\t\t<div class=\"text-lg\">\n\t\t\t\t\t\t\t\t<h3>Umfassende Expertise \u2013 auch f\u00fcr komplexe Situationen<\/h3>\n<p>Das Zahnarztzentrum Adent Eaux-Vives vereint erfahrene Zahn\u00e4rztinnen und Zahn\u00e4rzte, die in den modernsten Behandlungstechniken ausgebildet sind. Das Zahnarztzentrum behandelt sowohl pr\u00e4ventive Anliegen als auch hochspezialisierte zahnmedizinische Therapien:<\/p>\n<ul>\n<li>Implantologie und vollst\u00e4ndige Rehabilitationen<\/li>\n<li>Oral- und Parodontalchirurgie<\/li>\n<li>Unsichtbare Kieferorthop\u00e4die und komplexe Zahnkorrekturen<\/li>\n<li>\u00c4sthetische Zahnmedizin (Veneers, Zahnbleaching, keramische Restaurationen)<\/li>\n<li>Funktionelle Gesamtrehabilitationen<\/li>\n<li>Behandlung von Okklusionsst\u00f6rungen und Kiefergelenksproblemen (CMD)<\/li>\n<\/ul>\n<p>Jeder Behandlungsplan basiert auf einer umfassenden Diagnose sowie einer ganzheitlichen Analyse der Mundgesundheit. Ziel ist es, langfristige Resultate zu erzielen, die sowohl funktionell als auch \u00e4sthetisch \u00fcberzeugen.<\/p>\n\t\t\t\t\t\t\t<\/div>\n\t\t\t\t\t\t\t\t\t\t\t\t\t\t\t\t\t\t\t\t\t\t\t\t\t\t\t<\/div>\n\t\t\t\t\t\t\t\t\t\t\t\t<\/div>\n\t\t\t<\/div>\n<\/div>\n\n\n<div class=\"wp-block-media-text is-stacked-on-mobile\"><figure class=\"wp-block-media-text__media\"><img decoding=\"async\" width=\"1468\" height=\"980\" src=\"https:\/\/adent.ch\/wp-content\/uploads\/2022\/04\/adent-clinique-dentaires-eaux-vive-62-1468x980.jpg\" alt=\"\" class=\"wp-image-16789 size-full\" srcset=\"https:\/\/adent.ch\/wp-content\/uploads\/2022\/04\/adent-clinique-dentaires-eaux-vive-62-1468x980.jpg 1468w, https:\/\/adent.ch\/wp-content\/uploads\/2022\/04\/adent-clinique-dentaires-eaux-vive-62-300x200.jpg 300w, https:\/\/adent.ch\/wp-content\/uploads\/2022\/04\/adent-clinique-dentaires-eaux-vive-62-768x513.jpg 768w, https:\/\/adent.ch\/wp-content\/uploads\/2022\/04\/adent-clinique-dentaires-eaux-vive-62-1536x1025.jpg 1536w, https:\/\/adent.ch\/wp-content\/uploads\/2022\/04\/adent-clinique-dentaires-eaux-vive-62-2048x1367.jpg 2048w\" sizes=\"(max-width: 1468px) 100vw, 1468px\" \/><\/figure><div class=\"wp-block-media-text__content\">\n<p><strong>Modernste Technologie und digitale Pr\u00e4zision<\/strong><\/p>\n\n\n\n<p><strong><br><\/strong>Als renommiertes Zahnarztzentrum von Adent arbeitet das Zahnarztzentrum Eaux-Vives mit modernster Ausstattung und fortschrittlichen digitalen Behandlungsprotokollen.<br>3D-Bildgebung, digitale Niedrigdosis-Radiologie, softwaregest\u00fctzte Implantatplanung sowie optische Abformungen erm\u00f6glichen eine besonders pr\u00e4zise Analyse und Umsetzung der Behandlungen.<br>Das Zahnarztzentrum arbeitet eng mit f\u00fchrenden Schweizer Dentallaboren zusammen, die f\u00fcr ihre hohen Qualit\u00e4tsstandards, ihre R\u00fcckverfolgbarkeit und ihr handwerkliches K\u00f6nnen bekannt sind. Diese Zusammenarbeit gew\u00e4hrleistet:<\/p>\n\n\n\n<ul class=\"wp-block-list\">\n<li>hochpr\u00e4zise, individuell angefertigte Restaurationen<\/li>\n\n\n\n<li>sorgf\u00e4ltig ausgew\u00e4hlte Materialien nach h\u00f6chsten Qualit\u00e4tsstandards<\/li>\n\n\n\n<li>eine nat\u00fcrliche und langlebige \u00c4sthetik<\/li>\n\n\n\n<li>eine perfekte funktionelle Integration<\/li>\n<\/ul>\n\n\n\n<p>Die Verbindung aus klinischer Expertise und Schweizer zahntechnischem Know-how bildet eine zentrale Grundlage des therapeutischen Ansatzes.<\/p>\n<\/div><\/div>\n\n\n\n<div class=\"wp-block-media-text has-media-on-the-right is-stacked-on-mobile\"><div class=\"wp-block-media-text__content\">\n<p><strong>Eine individuell abgestimmte Betreuung<\/strong><\/p>\n\n\n\n<p><\/p>\n\n\n\n<p>Neben modernster Technologie spielt der menschliche Aspekt eine entscheidende Rolle.<\/p>\n\n\n\n<p><\/p>\n\n\n\n<p>Aufmerksames Zuh\u00f6ren, das Verst\u00e4ndnis der individuellen Erwartungen sowie transparente Erkl\u00e4rungen stehen im Mittelpunkt jeder Behandlung. Therapien werden individuell geplant und bei Bedarf interdisziplin\u00e4r koordiniert.<\/p>\n<\/div><figure class=\"wp-block-media-text__media\"><img decoding=\"async\" width=\"1469\" height=\"980\" src=\"https:\/\/adent.ch\/wp-content\/uploads\/2022\/04\/adent-clinique-dentaires-eaux-vive-6-1-1469x980.jpg\" alt=\"\" class=\"wp-image-16804 size-full\" srcset=\"https:\/\/adent.ch\/wp-content\/uploads\/2022\/04\/adent-clinique-dentaires-eaux-vive-6-1-1469x980.jpg 1469w, https:\/\/adent.ch\/wp-content\/uploads\/2022\/04\/adent-clinique-dentaires-eaux-vive-6-1-300x200.jpg 300w, https:\/\/adent.ch\/wp-content\/uploads\/2022\/04\/adent-clinique-dentaires-eaux-vive-6-1-768x512.jpg 768w, https:\/\/adent.ch\/wp-content\/uploads\/2022\/04\/adent-clinique-dentaires-eaux-vive-6-1-1536x1024.jpg 1536w, https:\/\/adent.ch\/wp-content\/uploads\/2022\/04\/adent-clinique-dentaires-eaux-vive-6-1-2048x1366.jpg 2048w\" sizes=\"(max-width: 1469px) 100vw, 1469px\" \/><\/figure><\/div>\n\n\n\n<div class=\"wp-block-media-text is-stacked-on-mobile\"><figure class=\"wp-block-media-text__media\"><img decoding=\"async\" width=\"1469\" height=\"980\" src=\"https:\/\/adent.ch\/wp-content\/uploads\/2022\/04\/adent-clinique-dentaires-eaux-vive-5-1469x980.jpg\" alt=\"\" class=\"wp-image-16795 size-full\" srcset=\"https:\/\/adent.ch\/wp-content\/uploads\/2022\/04\/adent-clinique-dentaires-eaux-vive-5-1469x980.jpg 1469w, https:\/\/adent.ch\/wp-content\/uploads\/2022\/04\/adent-clinique-dentaires-eaux-vive-5-300x200.jpg 300w, https:\/\/adent.ch\/wp-content\/uploads\/2022\/04\/adent-clinique-dentaires-eaux-vive-5-768x512.jpg 768w, https:\/\/adent.ch\/wp-content\/uploads\/2022\/04\/adent-clinique-dentaires-eaux-vive-5-1536x1024.jpg 1536w, https:\/\/adent.ch\/wp-content\/uploads\/2022\/04\/adent-clinique-dentaires-eaux-vive-5-2048x1366.jpg 2048w\" sizes=\"(max-width: 1469px) 100vw, 1469px\" \/><\/figure><div class=\"wp-block-media-text__content\">\n<p><strong>Diskretion, Vertrauen und h\u00f6chste Anspr\u00fcche<\/strong><\/p>\n\n\n\n<p><\/p>\n\n\n\n<p>Vertraulichkeit und eine hochwertige Patientenerfahrung stehen im Zentrum der Philosophie des Zahnarztzentrums.<\/p>\n\n\n\n<p>In einem eleganten und zeitgem\u00e4ssen Umfeld basiert jede Konsultation auf:<\/p>\n\n\n\n<ul class=\"wp-block-list\">\n<li>pr\u00e4ziser Diagnostik<\/li>\n\n\n\n<li>transparenter Behandlungsplanung<\/li>\n\n\n\n<li>technischer Exzellenz<\/li>\n\n\n\n<li>respektvollem und einf\u00fchlsamem Umgang<\/li>\n<\/ul>\n\n\n\n<p>Dieser Anspruch erm\u00f6glicht den Aufbau einer langfristigen Vertrauensbeziehung.<\/p>\n<\/div><\/div>\n\n\n\n<div class=\"wp-block-media-text has-media-on-the-right is-stacked-on-mobile\"><div class=\"wp-block-media-text__content\">\n<p><strong>Zahnmedizinische Exzellenz in Genf<\/strong><\/p>\n\n\n\n<p><\/p>\n\n\n\n<p>Als renommiertes Zahnarztzentrum von Adent positioniert sich das Zahnarztzentrum Eaux-Vives als Referenz f\u00fcr moderne Zahnmedizin in Genf.<\/p>\n\n\n\n<p>Im Herzen eines der gefragtesten Quartiere der Stadt bietet das Zahnarztzentrum eine multidisziplin\u00e4re Expertise, modernste Technologien und eine pers\u00f6nliche Betreuung f\u00fcr Patientinnen und Patienten mit h\u00f6chsten Anspr\u00fcchen an Qualit\u00e4t, Pr\u00e4zision und Service.<\/p>\n<\/div><figure class=\"wp-block-media-text__media\"><img decoding=\"async\" width=\"1600\" height=\"980\" src=\"https:\/\/adent.ch\/wp-content\/uploads\/2022\/04\/eaux-vives_desk-1600x980.jpg\" alt=\"\" class=\"wp-image-16798 size-full\" srcset=\"https:\/\/adent.ch\/wp-content\/uploads\/2022\/04\/eaux-vives_desk-1600x980.jpg 1600w, https:\/\/adent.ch\/wp-content\/uploads\/2022\/04\/eaux-vives_desk-300x184.jpg 300w, https:\/\/adent.ch\/wp-content\/uploads\/2022\/04\/eaux-vives_desk-768x470.jpg 768w, https:\/\/adent.ch\/wp-content\/uploads\/2022\/04\/eaux-vives_desk-1536x941.jpg 1536w, https:\/\/adent.ch\/wp-content\/uploads\/2022\/04\/eaux-vives_desk-2048x1254.jpg 2048w\" sizes=\"(max-width: 1600px) 100vw, 1600px\" \/><\/figure><\/div>\n\n\n\n<div class=\"clinique-head-block one-member\" data-id=\"member-block\" id=\"member-block\">\n\t\t\t<div class=\"container\">\n\t\t\t\t\t\t\t<div class=\"row align-items-center\">\n\t\t\t\t\t<div class=\"col-md-6\">\n\t\t\t\t\t\t<div class=\"member-content-pic\">\n\t\t\t\t\t\t\t<img decoding=\"async\" src=\"https:\/\/adent.ch\/wp-content\/uploads\/2022\/06\/yamina-gherras_eaux-vives-1307x980.png\" alt=\"\" loading=\"lazy\">\n\t\t\t\t\t\t<\/div>\n\t\t\t\t\t<\/div>\n\t\t\t\t\t<div class=\"col-md-5\">\n\t\t\t\t\t\t<div class=\"member-content-infos\">\n\t\t\t\t\t\t\t<div class=\"h5 is-primary\">Zentrumsleiterin, Zahn\u00e4rztin<\/div>\n\t\t\t\t\t\t\t<h4 class=\"h2\">Yamina <span class=\"last-name\">GHERRAS<\/span><\/h4>\n\t\t\t\t\t\t\t<div class=\"short-description\"><p>Allgemeinpraktizierende Zahn\u00e4rztin, spezialisiert auf umfassende zahn\u00e4rztliche Rehabilitation und Alterszahnheilkunde.<\/p>\n<\/div>\n\t\t\t\t\t\t\t<a href=\"https:\/\/adent.ch\/de\/zahnarzt\/yamina-gherras\/\" class=\"primary-btn\">Profil ansehen<\/a>\n\t\t\t\t\t\t<\/div>\n\t\t\t\t\t<\/div>\n\t\t\t\t<\/div>\n\t\t\t\t\t<\/div>\n\t<\/div>\n\n\n\t<div class=\"cta-block without-image\" >\n\t\t<div class=\"container\" data-sal=\"slide-up\" data-sal-delay=\"200\" data-sal-easing=\"ease-in-out\" data-sal-duration=\"300\">\n\t\t\t<div class=\"row justify-content-center\">\n\t\t\t\t<div class=\"col-md-8\">\n\t\t\t\t\t<div class=\"subtitle\"><\/div>\n\t\t\t\t\t<h4 class=\"title\">Angst, Nervosit\u00e4t, Unsicherheit?<\/h4>\n\t\t\t\t\t<p class=\"text\">Entdecken Sie unsere Methoden, die Ihnen Behandlungen in voller Vertrauen und unter den bestm\u00f6glichen Bedingungen erm\u00f6glichen.<\/p>\n\t\t\t\t\t\t\t\t\t\t\t<a href=\"tel:+41227008100\"  class=\"primary-btn\">rufen sie uns an<\/a>\n\t\t\t\t\t\t\t\t\t<\/div>\n\t\t\t<\/div>\n\t\t<\/div>\n\t<\/div>\n\n\n\n\n<div class=\"content-type-selector-block has-bkg\" data-id=\"content-type-selector-block-88\" id=\"content-type-selector-block-88\">\n\t<div class=\"container\">\n\t\t<div class=\"block-heading\" data-sal=\"slide-up\" data-sal-delay=\"200\" data-sal-easing=\"ease-in-out\" data-sal-duration=\"300\">\n\t\t\t<h3 class=\"block-heading__title h2\">Adent Zahnarztzentrum in Genf Eaux-Vives<\/h3>\n\t\t\t<div class=\"block-heading__description is-dark\">Ein professionelles und herzliches Team, das bereit ist, Sie zu empfangen.<\/div>\n\t\t<\/div>\n\t\t<div class=\"members-slider\" data-sal=\"slide-up\" data-sal-delay=\"200\" data-sal-easing=\"ease-in-out\" data-sal-duration=\"300\">\n\t\t\t<div class=\"swiper\"><div class=\"swiper-wrapper\">\t\t\t\t\t\t\t<div class=\"swiper-slide\">\t\t\t\t<div class=\"equipe-card\">\n\t\t\t\t\t<div class=\"equipe-card__caption\">\n\t\t\t\t\t\t<div class=\"equipe-card__job\">Zahn\u00e4rztin<\/div>\n\t\t\t\t\t\t<h6 class=\"equipe-card__name h3\">Adele LODI RIZZINI<\/h6>\n\t\t\t\t\t\t\t\t\t\t\t\t\t<div class=\"equipe-card__description\"><p>Zahn\u00e4rztin, die sich auf Kinderzahnpflege spezialisiert hat und Kinder betreut.<\/p>\n<\/div>\n\t\t\t\t\t\t\t\t\t\t\t\t<div class=\"equipe-card__pic\">\n\t\t\t\t\t\t\t<img decoding=\"async\" src=\"https:\/\/adent.ch\/wp-content\/uploads\/2022\/11\/nations-adent-adele-lodi-rizzini-1307x980.png\" alt=\"\" loading=\"lazy\">\n\t\t\t\t\t\t<\/div>\n\t\t\t\t\t\t<div class=\"equipe-card__footer\">\n\t\t\t\t\t\t\t<a href=\"https:\/\/adent.ch\/de\/zahnarzt\/adele-lodi-rizzini\/\" class=\"primary-btn\">Profil ansehen<\/a>\n\t\t\t\t\t\t<\/div>\n\t\t\t\t\t<\/div>\n\t\t\t\t<\/div>\n\t\t\t\t<\/div>\t\t\t\t\t\t\t<div class=\"swiper-slide\">\t\t\t\t<div class=\"equipe-card\">\n\t\t\t\t\t<div class=\"equipe-card__caption\">\n\t\t\t\t\t\t<div class=\"equipe-card__job\">Zentrumsleiter, Zahnarzt<\/div>\n\t\t\t\t\t\t<h6 class=\"equipe-card__name h3\">Enguerrand TAILLANDIER<\/h6>\n\t\t\t\t\t\t\t\t\t\t\t\t\t<div class=\"equipe-card__description\"><p>Facharzt f\u00fcr Oralchirurgie, der alle Arten von chirurgischen Eingriffen in der Implantologie und Parodontalchirurgie durchf\u00fchrt.<\/p>\n<\/div>\n\t\t\t\t\t\t\t\t\t\t\t\t<div class=\"equipe-card__pic\">\n\t\t\t\t\t\t\t<img decoding=\"async\" src=\"https:\/\/adent.ch\/wp-content\/uploads\/2022\/11\/nations-adent-taillandier-dentiste-1307x980.png\" alt=\"\" loading=\"lazy\">\n\t\t\t\t\t\t<\/div>\n\t\t\t\t\t\t<div class=\"equipe-card__footer\">\n\t\t\t\t\t\t\t<a href=\"https:\/\/adent.ch\/de\/zahnarzt\/enguerrand-taillandier\/\" class=\"primary-btn\">Profil ansehen<\/a>\n\t\t\t\t\t\t<\/div>\n\t\t\t\t\t<\/div>\n\t\t\t\t<\/div>\n\t\t\t\t<\/div>\t\t\t\t\t\t\t<div class=\"swiper-slide\">\t\t\t\t<div class=\"equipe-card\">\n\t\t\t\t\t<div class=\"equipe-card__caption\">\n\t\t\t\t\t\t<div class=\"equipe-card__job\">Zahn\u00e4rztin<\/div>\n\t\t\t\t\t\t<h6 class=\"equipe-card__name h3\">Eve VENTURA<\/h6>\n\t\t\t\t\t\t\t\t\t\t\t\t\t<div class=\"equipe-card__description\"><p>Allgemeinpraktizierende Zahn\u00e4rztin, der alle allgemeinen zahn\u00e4rztlichen Behandlungen durchf\u00fchrt und auch \u00e4sthetische Behandlungen anbietet.<\/p>\n<\/div>\n\t\t\t\t\t\t\t\t\t\t\t\t<div class=\"equipe-card__pic\">\n\t\t\t\t\t\t\t<img decoding=\"async\" src=\"https:\/\/adent.ch\/wp-content\/uploads\/2022\/05\/eve_ventura.png\" alt=\"\" loading=\"lazy\">\n\t\t\t\t\t\t<\/div>\n\t\t\t\t\t\t<div class=\"equipe-card__footer\">\n\t\t\t\t\t\t\t<a href=\"https:\/\/adent.ch\/de\/zahnarzt\/eve-ventura\/\" class=\"primary-btn\">Profil ansehen<\/a>\n\t\t\t\t\t\t<\/div>\n\t\t\t\t\t<\/div>\n\t\t\t\t<\/div>\n\t\t\t\t<\/div>\t\t\t\t\t\t\t<div class=\"swiper-slide\">\t\t\t\t<div class=\"equipe-card\">\n\t\t\t\t\t<div class=\"equipe-card__caption\">\n\t\t\t\t\t\t<div class=\"equipe-card__job\">Dentalhygienikerin<\/div>\n\t\t\t\t\t\t<h6 class=\"equipe-card__name h3\">Fabienne ROYER<\/h6>\n\t\t\t\t\t\t\t\t\t\t\t\t\t<div class=\"equipe-card__description\"><p>Dentalhygienikerin, spezialisiert auf supra- und subgingivale Zahnreinigungen und Mundhygiene.<\/p>\n<\/div>\n\t\t\t\t\t\t\t\t\t\t\t\t<div class=\"equipe-card__pic\">\n\t\t\t\t\t\t\t<img decoding=\"async\" src=\"https:\/\/adent.ch\/wp-content\/uploads\/2022\/05\/fabienne-royer_eaux-vives-1-1307x980.png\" alt=\"\" loading=\"lazy\">\n\t\t\t\t\t\t<\/div>\n\t\t\t\t\t\t<div class=\"equipe-card__footer\">\n\t\t\t\t\t\t\t<a href=\"https:\/\/adent.ch\/de\/zahnarzt\/fabienne-royer\/\" class=\"primary-btn\">Profil ansehen<\/a>\n\t\t\t\t\t\t<\/div>\n\t\t\t\t\t<\/div>\n\t\t\t\t<\/div>\n\t\t\t\t<\/div>\t\t\t\t\t\t\t<div class=\"swiper-slide\">\t\t\t\t<div class=\"equipe-card\">\n\t\t\t\t\t<div class=\"equipe-card__caption\">\n\t\t\t\t\t\t<div class=\"equipe-card__job\">Zahnarzt<\/div>\n\t\t\t\t\t\t<h6 class=\"equipe-card__name h3\">Hakan ERBILICI<\/h6>\n\t\t\t\t\t\t\t\t\t\t\t\t\t<div class=\"equipe-card__description\"><p>Allgemeinpraktizierender Zahnarzt mit Spezialisierung auf \u00e4sthetische Frontzahnrekonstruktionen und Oralchirurgie.<\/p>\n<\/div>\n\t\t\t\t\t\t\t\t\t\t\t\t<div class=\"equipe-card__pic\">\n\t\t\t\t\t\t\t<img decoding=\"async\" src=\"https:\/\/adent.ch\/wp-content\/uploads\/2022\/07\/adent_avatar_homme1-1307x980.jpg\" alt=\"\" loading=\"lazy\">\n\t\t\t\t\t\t<\/div>\n\t\t\t\t\t\t<div class=\"equipe-card__footer\">\n\t\t\t\t\t\t\t<a href=\"https:\/\/adent.ch\/de\/zahnarzt\/hakan-erbilici\/\" class=\"primary-btn\">Profil ansehen<\/a>\n\t\t\t\t\t\t<\/div>\n\t\t\t\t\t<\/div>\n\t\t\t\t<\/div>\n\t\t\t\t<\/div>\t\t\t\t\t\t\t<div class=\"swiper-slide\">\t\t\t\t<div class=\"equipe-card\">\n\t\t\t\t\t<div class=\"equipe-card__caption\">\n\t\t\t\t\t\t<div class=\"equipe-card__job\">Dentalhygienikerin<\/div>\n\t\t\t\t\t\t<h6 class=\"equipe-card__name h3\">Johana Noriega<\/h6>\n\t\t\t\t\t\t\t\t\t\t\t\t\t<div class=\"equipe-card__description\"><p>Dentalhygienikerin, spezialisiert auf Mundhygiene, Krankheitsvorbeugung und Zahnreinigungen.<\/p>\n<\/div>\n\t\t\t\t\t\t\t\t\t\t\t\t<div class=\"equipe-card__pic\">\n\t\t\t\t\t\t\t<img decoding=\"async\" src=\"https:\/\/adent.ch\/wp-content\/uploads\/2023\/03\/vignettes-photo-praticien-site-web15-1307x980.png\" alt=\"\" loading=\"lazy\">\n\t\t\t\t\t\t<\/div>\n\t\t\t\t\t\t<div class=\"equipe-card__footer\">\n\t\t\t\t\t\t\t<a href=\"https:\/\/adent.ch\/de\/zahnarzt\/johana-noriega\/\" class=\"primary-btn\">Profil ansehen<\/a>\n\t\t\t\t\t\t<\/div>\n\t\t\t\t\t<\/div>\n\t\t\t\t<\/div>\n\t\t\t\t<\/div>\t\t\t\t\t\t\t<div class=\"swiper-slide\">\t\t\t\t<div class=\"equipe-card\">\n\t\t\t\t\t<div class=\"equipe-card__caption\">\n\t\t\t\t\t\t<div class=\"equipe-card__job\">Dentalhygienikerin<\/div>\n\t\t\t\t\t\t<h6 class=\"equipe-card__name h3\">Klara CHEFDEVILLE<\/h6>\n\t\t\t\t\t\t\t\t\t\t\t\t\t<div class=\"equipe-card__description\"><p>Dentalhygienikerin, die sich auf nicht-chirurgische Parodontalbehandlungen spezialisiert hat.<\/p>\n<\/div>\n\t\t\t\t\t\t\t\t\t\t\t\t<div class=\"equipe-card__pic\">\n\t\t\t\t\t\t\t<img decoding=\"async\" src=\"https:\/\/adent.ch\/wp-content\/uploads\/2022\/05\/eaux-vives_klara-chefdeville-1307x980.png\" alt=\"\" loading=\"lazy\">\n\t\t\t\t\t\t<\/div>\n\t\t\t\t\t\t<div class=\"equipe-card__footer\">\n\t\t\t\t\t\t\t<a href=\"https:\/\/adent.ch\/de\/zahnarzt\/klara-chefdeville\/\" class=\"primary-btn\">Profil ansehen<\/a>\n\t\t\t\t\t\t<\/div>\n\t\t\t\t\t<\/div>\n\t\t\t\t<\/div>\n\t\t\t\t<\/div>\t\t\t\t\t\t\t<div class=\"swiper-slide\">\t\t\t\t<div class=\"equipe-card\">\n\t\t\t\t\t<div class=\"equipe-card__caption\">\n\t\t\t\t\t\t<div class=\"equipe-card__job\">Zahn\u00e4rztin<\/div>\n\t\t\t\t\t\t<h6 class=\"equipe-card__name h3\">Margaux JACQUET<\/h6>\n\t\t\t\t\t\t\t\t\t\t\t\t\t<div class=\"equipe-card__description\"><p>Zahn\u00e4rztin, die Zahnbehandlungen f\u00fcr Erwachsene und Kinder durchf\u00fchrt.<\/p>\n<\/div>\n\t\t\t\t\t\t\t\t\t\t\t\t<div class=\"equipe-card__pic\">\n\t\t\t\t\t\t\t<img decoding=\"async\" src=\"https:\/\/adent.ch\/wp-content\/uploads\/2024\/03\/avatar_femme-2-1307x980.png\" alt=\"\" loading=\"lazy\">\n\t\t\t\t\t\t<\/div>\n\t\t\t\t\t\t<div class=\"equipe-card__footer\">\n\t\t\t\t\t\t\t<a href=\"https:\/\/adent.ch\/de\/zahnarzt\/margaux-jacquet\/\" class=\"primary-btn\">Profil ansehen<\/a>\n\t\t\t\t\t\t<\/div>\n\t\t\t\t\t<\/div>\n\t\t\t\t<\/div>\n\t\t\t\t<\/div>\t\t\t\t\t\t\t<div class=\"swiper-slide\">\t\t\t\t<div class=\"equipe-card\">\n\t\t\t\t\t<div class=\"equipe-card__caption\">\n\t\t\t\t\t\t<div class=\"equipe-card__job\">Zahn\u00e4rztin<\/div>\n\t\t\t\t\t\t<h6 class=\"equipe-card__name h3\">Mar\u00eda Jos\u00e9 SANDOVAL<\/h6>\n\t\t\t\t\t\t\t\t\t\t\t\t\t<div class=\"equipe-card__description\"><p>Zahn\u00e4rztin mit Spezialisierung auf Parodontologie.<\/p>\n<\/div>\n\t\t\t\t\t\t\t\t\t\t\t\t<div class=\"equipe-card__pic\">\n\t\t\t\t\t\t\t<img decoding=\"async\" src=\"https:\/\/adent.ch\/wp-content\/uploads\/2024\/08\/maria-jose-sandoval_eaux-vives-1307x980.png\" alt=\"\" loading=\"lazy\">\n\t\t\t\t\t\t<\/div>\n\t\t\t\t\t\t<div class=\"equipe-card__footer\">\n\t\t\t\t\t\t\t<a href=\"https:\/\/adent.ch\/de\/zahnarzt\/maria-jose-sandoval\/\" class=\"primary-btn\">Profil ansehen<\/a>\n\t\t\t\t\t\t<\/div>\n\t\t\t\t\t<\/div>\n\t\t\t\t<\/div>\n\t\t\t\t<\/div>\t\t\t\t\t\t\t<div class=\"swiper-slide\">\t\t\t\t<div class=\"equipe-card\">\n\t\t\t\t\t<div class=\"equipe-card__caption\">\n\t\t\t\t\t\t<div class=\"equipe-card__job\">Zahn\u00e4rztin<\/div>\n\t\t\t\t\t\t<h6 class=\"equipe-card__name h3\">Meriem LOUAHEM<\/h6>\n\t\t\t\t\t\t\t\t\t\t\t\t\t<div class=\"equipe-card__description\"><p>Allgemeinpraktizierender Zahn\u00e4rztin, der Erwachsene behandelt.<\/p>\n<\/div>\n\t\t\t\t\t\t\t\t\t\t\t\t<div class=\"equipe-card__pic\">\n\t\t\t\t\t\t\t<img decoding=\"async\" src=\"https:\/\/adent.ch\/wp-content\/uploads\/2024\/08\/meriem-louhaem_eaux-vives-1307x980.png\" alt=\"\" loading=\"lazy\">\n\t\t\t\t\t\t<\/div>\n\t\t\t\t\t\t<div class=\"equipe-card__footer\">\n\t\t\t\t\t\t\t<a href=\"https:\/\/adent.ch\/de\/zahnarzt\/meriem-louhaem\/\" class=\"primary-btn\">Profil ansehen<\/a>\n\t\t\t\t\t\t<\/div>\n\t\t\t\t\t<\/div>\n\t\t\t\t<\/div>\n\t\t\t\t<\/div>\t\t\t\t\t\t\t<div class=\"swiper-slide\">\t\t\t\t<div class=\"equipe-card\">\n\t\t\t\t\t<div class=\"equipe-card__caption\">\n\t\t\t\t\t\t<div class=\"equipe-card__job\">Zahn\u00e4rztin<\/div>\n\t\t\t\t\t\t<h6 class=\"equipe-card__name h3\">Mirian ARRIAGA PEDROSA<\/h6>\n\t\t\t\t\t\t\t\t\t\t\t\t\t<div class=\"equipe-card__description\"><p>Zahn\u00e4rztin mit Spezialisierung auf Endodontie und Mikrochirurgie.<\/p>\n<\/div>\n\t\t\t\t\t\t\t\t\t\t\t\t<div class=\"equipe-card__pic\">\n\t\t\t\t\t\t\t<img decoding=\"async\" src=\"https:\/\/adent.ch\/wp-content\/uploads\/2022\/05\/vignettes-photo-praticien-site-web14-1307x980.png\" alt=\"\" loading=\"lazy\">\n\t\t\t\t\t\t<\/div>\n\t\t\t\t\t\t<div class=\"equipe-card__footer\">\n\t\t\t\t\t\t\t<a href=\"https:\/\/adent.ch\/de\/zahnarzt\/mirian-arriaga-pedrosa\/\" class=\"primary-btn\">Profil ansehen<\/a>\n\t\t\t\t\t\t<\/div>\n\t\t\t\t\t<\/div>\n\t\t\t\t<\/div>\n\t\t\t\t<\/div>\t\t\t\t\t\t\t<div class=\"swiper-slide\">\t\t\t\t<div class=\"equipe-card\">\n\t\t\t\t\t<div class=\"equipe-card__caption\">\n\t\t\t\t\t\t<div class=\"equipe-card__job\">Zahnarzt<\/div>\n\t\t\t\t\t\t<h6 class=\"equipe-card__name h3\">Nicolo PANCINI<\/h6>\n\t\t\t\t\t\t\t\t\t\t\t\t\t<div class=\"equipe-card__description\"><p>Zahnarzt mit Spezialisierung auf Endodontie.<\/p>\n<\/div>\n\t\t\t\t\t\t\t\t\t\t\t\t<div class=\"equipe-card__pic\">\n\t\t\t\t\t\t\t<img decoding=\"async\" src=\"https:\/\/adent.ch\/wp-content\/uploads\/2024\/12\/nicolo-pancini_geneve-eaux-vives_aubonne-1307x980.png\" alt=\"\" loading=\"lazy\">\n\t\t\t\t\t\t<\/div>\n\t\t\t\t\t\t<div class=\"equipe-card__footer\">\n\t\t\t\t\t\t\t<a href=\"https:\/\/adent.ch\/de\/zahnarzt\/nicolo-pancini\/\" class=\"primary-btn\">Profil ansehen<\/a>\n\t\t\t\t\t\t<\/div>\n\t\t\t\t\t<\/div>\n\t\t\t\t<\/div>\n\t\t\t\t<\/div>\t\t\t\t\t\t\t<div class=\"swiper-slide\">\t\t\t\t<div class=\"equipe-card\">\n\t\t\t\t\t<div class=\"equipe-card__caption\">\n\t\t\t\t\t\t<div class=\"equipe-card__job\">Zahn\u00e4rztin<\/div>\n\t\t\t\t\t\t<h6 class=\"equipe-card__name h3\">Victoire BASTIDE<\/h6>\n\t\t\t\t\t\t\t\t\t\t\t\t\t<div class=\"equipe-card__description\"><article class=\"text-token-text-primary w-full focus:outline-none [--shadow-height:45px] has-data-writing-block:pointer-events-none has-data-writing-block:-mt-(--shadow-height) has-data-writing-block:pt-(--shadow-height) [&amp;:has([data-writing-block])&gt;*]:pointer-events-auto scroll-mt-[calc(var(--header-height)+min(200px,max(70px,20svh)))]\" dir=\"auto\" tabindex=\"-1\" data-turn-id=\"request-WEB:7c8055f6-18a9-4b19-af7b-43a258344f6a-1\" data-testid=\"conversation-turn-4\" data-scroll-anchor=\"true\" data-turn=\"assistant\">\n<div class=\"text-base my-auto mx-auto pb-10 [--thread-content-margin:--spacing(4)] thread-sm:[--thread-content-margin:--spacing(6)] thread-lg:[--thread-content-margin:--spacing(16)] px-(--thread-content-margin)\">\n<div class=\"[--thread-content-max-width:40rem] thread-lg:[--thread-content-max-width:48rem] mx-auto max-w-(--thread-content-max-width) flex-1 group\/turn-messages focus-visible:outline-hidden relative flex w-full min-w-0 flex-col agent-turn\" tabindex=\"-1\">\n<div class=\"flex max-w-full flex-col grow\">\n<div class=\"min-h-8 text-message relative flex w-full flex-col items-end gap-2 text-start break-words whitespace-normal [.text-message+&amp;]:mt-1\" dir=\"auto\" data-message-author-role=\"assistant\" data-message-id=\"9673ba86-7fe9-4881-abe4-ba31eececeb6\" data-message-model-slug=\"gpt-5\">\n<div class=\"flex w-full flex-col gap-1 empty:hidden first:pt-[1px]\">\n<div class=\"markdown prose dark:prose-invert w-full break-words light markdown-new-styling\">\n<p data-start=\"1679\" data-end=\"1771\" data-is-last-node=\"\" data-is-only-node=\"\">Erfahrene Zahn\u00e4rztin bietet moderne und einf\u00fchlsame Behandlungen f\u00fcr ein gesundes L\u00e4cheln.<\/p>\n<\/div>\n<\/div>\n<\/div>\n<\/div>\n<div class=\"z-0 flex min-h-[46px] justify-start\"><\/div>\n<div class=\"mt-3 w-full empty:hidden\">\n<div class=\"text-center\"><\/div>\n<\/div>\n<\/div>\n<\/div>\n<\/article>\n<div class=\"pointer-events-none h-px w-px\" aria-hidden=\"true\" data-edge=\"true\"><\/div>\n<\/div>\n\t\t\t\t\t\t\t\t\t\t\t\t<div class=\"equipe-card__pic\">\n\t\t\t\t\t\t\t<img decoding=\"async\" src=\"https:\/\/adent.ch\/wp-content\/uploads\/2025\/12\/victoire-bastide_charmilles_eaux-vives.png\" alt=\"\" loading=\"lazy\">\n\t\t\t\t\t\t<\/div>\n\t\t\t\t\t\t<div class=\"equipe-card__footer\">\n\t\t\t\t\t\t\t<a href=\"https:\/\/adent.ch\/de\/zahnarzt\/victoire-bastide\/\" class=\"primary-btn\">Profil ansehen<\/a>\n\t\t\t\t\t\t<\/div>\n\t\t\t\t\t<\/div>\n\t\t\t\t<\/div>\n\t\t\t\t<\/div>\t\t\t\t\t\t\t<div class=\"swiper-slide\">\t\t\t\t<div class=\"equipe-card\">\n\t\t\t\t\t<div class=\"equipe-card__caption\">\n\t\t\t\t\t\t<div class=\"equipe-card__job\">Kieferorthop\u00e4din<\/div>\n\t\t\t\t\t\t<h6 class=\"equipe-card__name h3\">Zahra KORDI<\/h6>\n\t\t\t\t\t\t\t\t\t\t\t\t\t<div class=\"equipe-card__description\"><p>Zahn\u00e4rztin, die auf Kieferorthop\u00e4die f\u00fcr Erwachsene und Kinder spezialisiert ist.<\/p>\n<\/div>\n\t\t\t\t\t\t\t\t\t\t\t\t<div class=\"equipe-card__pic\">\n\t\t\t\t\t\t\t<img decoding=\"async\" src=\"https:\/\/adent.ch\/wp-content\/uploads\/2022\/06\/zahra-kordi-1307x980.png\" alt=\"\" loading=\"lazy\">\n\t\t\t\t\t\t<\/div>\n\t\t\t\t\t\t<div class=\"equipe-card__footer\">\n\t\t\t\t\t\t\t<a href=\"https:\/\/adent.ch\/de\/zahnarzt\/zahra-kordi\/\" class=\"primary-btn\">Profil ansehen<\/a>\n\t\t\t\t\t\t<\/div>\n\t\t\t\t\t<\/div>\n\t\t\t\t<\/div>\n\t\t\t\t<\/div>\t\t\t\t\t\t\t<div class=\"swiper-slide\">\t\t\t\t<div class=\"equipe-card\">\n\t\t\t\t\t<div class=\"equipe-card__caption\">\n\t\t\t\t\t\t<div class=\"equipe-card__job\">Dentalhygienikerin<\/div>\n\t\t\t\t\t\t<h6 class=\"equipe-card__name h3\">Zo\u00e9 ETNATCHA<\/h6>\n\t\t\t\t\t\t\t\t\t\t\t\t\t<div class=\"equipe-card__description\"><p>Dentalhygienikerin, die auf Mundhygiene und die Vorbeugung verschiedener Krankheiten spezialisiert ist.<\/p>\n<\/div>\n\t\t\t\t\t\t\t\t\t\t\t\t<div class=\"equipe-card__pic\">\n\t\t\t\t\t\t\t<img decoding=\"async\" src=\"https:\/\/adent.ch\/wp-content\/uploads\/2023\/08\/zoe-etnatcha_eaux-vives-1307x980.png\" alt=\"\" loading=\"lazy\">\n\t\t\t\t\t\t<\/div>\n\t\t\t\t\t\t<div class=\"equipe-card__footer\">\n\t\t\t\t\t\t\t<a href=\"https:\/\/adent.ch\/de\/zahnarzt\/zoe-etnacha\/\" class=\"primary-btn\">Profil ansehen<\/a>\n\t\t\t\t\t\t<\/div>\n\t\t\t\t\t<\/div>\n\t\t\t\t<\/div>\n\t\t\t\t<\/div>\t\t\t\t\t\t\t<div class=\"swiper-slide\">\t\t\t\t<div class=\"equipe-card\">\n\t\t\t\t\t<div class=\"equipe-card__caption\">\n\t\t\t\t\t\t<div class=\"equipe-card__job\">Prophylaxeassistentin und Kieferorthop\u00e4dieassistentin<\/div>\n\t\t\t\t\t\t<h6 class=\"equipe-card__name h3\">Zulema MARIN CARBAJAL<\/h6>\n\t\t\t\t\t\t\t\t\t\t\t\t\t<div class=\"equipe-card__description\"><p>Prophylaxeassistentin und Kieferorthop\u00e4dieassistentin, die mit Zahn\u00e4rzten:innen zusammenarbeitet, die Kinder und Erwachsene betreuen.<\/p>\n<\/div>\n\t\t\t\t\t\t\t\t\t\t\t\t<div class=\"equipe-card__pic\">\n\t\t\t\t\t\t\t<img decoding=\"async\" src=\"https:\/\/adent.ch\/wp-content\/uploads\/2024\/08\/zulema-marin-carbajal_eaux-vives-1307x980.png\" alt=\"\" loading=\"lazy\">\n\t\t\t\t\t\t<\/div>\n\t\t\t\t\t\t<div class=\"equipe-card__footer\">\n\t\t\t\t\t\t\t<a href=\"https:\/\/adent.ch\/de\/zahnarzt\/zulema-marin-carbajal\/\" class=\"primary-btn\">Profil ansehen<\/a>\n\t\t\t\t\t\t<\/div>\n\t\t\t\t\t<\/div>\n\t\t\t\t<\/div>\n\t\t\t\t<\/div>\t\t\t\t\t\t<\/div><\/div><div class=\"swiper-button-prev\"><\/div><div class=\"swiper-button-next\"><\/div>\t\t<\/div>\n\t\t<div class=\"members-slider-pagination\"><\/div>\t<\/div>\n<\/div>\n\n\n<div class=\"cares-list-block\" >\n\t<div class=\"container\">\n\t\t<div class=\"row\">\n\t\t\t<div class=\"col-md-4\">\n\t\t\t\t<h2 class=\"title h3\">Entdecken Sie unsere Pflege<\/h2>\n\t\t\t\t<div class=\"text-lg is-dark\">Unsere Zahn\u00e4rzte und Dentalhygienikerinnen sind dazu da, all Ihre Bed\u00fcrfnisse in Bezug auf die Zahnpflege zu erf\u00fcllen. Bitte kontaktieren Sie uns f\u00fcr weitere Informationen.<\/div>\n\t\t\t\t<div class=\"cares-list-slider-pagination\"><\/div>\n\t\t\t<\/div>\n\t\t\t<div class=\"col-md-8\">\n\t\t\t\t<div class=\"cares-list-slider\">\n\t\t\t\t\t<div class=\"swiper\">\n\t\t\t\t\t\t<div class=\"swiper-wrapper\">\n\t\t\t\t\t\t\t\t\t\t\t\t\t\t\t<div class=\"swiper-slide\">\n\t\t\t\t\t\t\t\t\t<div class=\"care-slide\">\n\t\t\t\t\t\t\t\t\t\t<div class=\"care-slide__title h4\">\u00dcbliche Zahnpflege<\/div>\n\t\t\t\t\t\t\t\t\t\t\t\t\t\t\t\t\t\t\t\t\t<div class=\"care-slide__desc\">Ein umfassendes Kompetenzzentrum f\u00fcr Sie und Ihre Kinder<\/div>\n\t\t\t\t\t\t\t\t\t\t\t\t\t\t\t\t\t\t\t\t<div class=\"care-slide__link\">\n\t\t\t\t\t\t\t\t\t\t\t<a href=\"https:\/\/adent.ch\/de\/behandlung\/zahnaerztliche-routineversorgung\/\" class=\"inline-link\">Weiterlesen<\/a>\n\t\t\t\t\t\t\t\t\t\t<\/div>\n\t\t\t\t\t\t\t\t\t<\/div>\n\t\t\t\t\t\t\t\t<\/div>\n\t\t\t\t\t\t\t\t\t\t\t\t\t\t\t<div class=\"swiper-slide\">\n\t\t\t\t\t\t\t\t\t<div class=\"care-slide\">\n\t\t\t\t\t\t\t\t\t\t<div class=\"care-slide__title h4\">Zahnpflege f\u00fcr Kinder<\/div>\n\t\t\t\t\t\t\t\t\t\t\t\t\t\t\t\t\t\t\t\t\t<div class=\"care-slide__desc\">Angepasstes Know-how<\/div>\n\t\t\t\t\t\t\t\t\t\t\t\t\t\t\t\t\t\t\t\t<div class=\"care-slide__link\">\n\t\t\t\t\t\t\t\t\t\t\t<a href=\"https:\/\/adent.ch\/de\/behandlung\/zahnbehandlung-fuer-kinder\/\" class=\"inline-link\">Weiterlesen<\/a>\n\t\t\t\t\t\t\t\t\t\t<\/div>\n\t\t\t\t\t\t\t\t\t<\/div>\n\t\t\t\t\t\t\t\t<\/div>\n\t\t\t\t\t\t\t\t\t\t\t\t\t\t\t<div class=\"swiper-slide\">\n\t\t\t\t\t\t\t\t\t<div class=\"care-slide\">\n\t\t\t\t\t\t\t\t\t\t<div class=\"care-slide__title h4\">Zahnreinigung und Zahnhygiene<\/div>\n\t\t\t\t\t\t\t\t\t\t\t\t\t\t\t\t\t\t\t\t\t<div class=\"care-slide__desc\">Ein gesund aussehendes L\u00e4cheln<\/div>\n\t\t\t\t\t\t\t\t\t\t\t\t\t\t\t\t\t\t\t\t<div class=\"care-slide__link\">\n\t\t\t\t\t\t\t\t\t\t\t<a href=\"https:\/\/adent.ch\/de\/behandlung\/zahnsteinentfernung-und-zahnhygiene\/\" class=\"inline-link\">Weiterlesen<\/a>\n\t\t\t\t\t\t\t\t\t\t<\/div>\n\t\t\t\t\t\t\t\t\t<\/div>\n\t\t\t\t\t\t\t\t<\/div>\n\t\t\t\t\t\t\t\t\t\t\t\t\t\t\t<div class=\"swiper-slide\">\n\t\t\t\t\t\t\t\t\t<div class=\"care-slide\">\n\t\t\t\t\t\t\t\t\t\t<div class=\"care-slide__title h4\">Kieferorthop\u00e4die f\u00fcr Kinder und Erwachsene<\/div>\n\t\t\t\t\t\t\t\t\t\t\t\t\t\t\t\t\t\t\t\t\t<div class=\"care-slide__desc\">Verwandeln Sie Ihr L\u00e4cheln<\/div>\n\t\t\t\t\t\t\t\t\t\t\t\t\t\t\t\t\t\t\t\t<div class=\"care-slide__link\">\n\t\t\t\t\t\t\t\t\t\t\t<a href=\"https:\/\/adent.ch\/de\/behandlung\/kieferorthopaedie-fuer-kinder-und-erwachsene\/\" class=\"inline-link\">Weiterlesen<\/a>\n\t\t\t\t\t\t\t\t\t\t<\/div>\n\t\t\t\t\t\t\t\t\t<\/div>\n\t\t\t\t\t\t\t\t<\/div>\n\t\t\t\t\t\t\t\t\t\t\t\t\t\t\t<div class=\"swiper-slide\">\n\t\t\t\t\t\t\t\t\t<div class=\"care-slide\">\n\t\t\t\t\t\t\t\t\t\t<div class=\"care-slide__title h4\">Bleaching und \u00e4sthetische Behandlungen<\/div>\n\t\t\t\t\t\t\t\t\t\t\t\t\t\t\t\t\t\t\t\t\t<div class=\"care-slide__desc\">Ein noch strahlenderes L\u00e4cheln f\u00fcr maximales Selbstvertrauen<\/div>\n\t\t\t\t\t\t\t\t\t\t\t\t\t\t\t\t\t\t\t\t<div class=\"care-slide__link\">\n\t\t\t\t\t\t\t\t\t\t\t<a href=\"https:\/\/adent.ch\/de\/behandlung\/zahnbleaching-und-aesthetisch-e-en-behandlungen\/\" class=\"inline-link\">Weiterlesen<\/a>\n\t\t\t\t\t\t\t\t\t\t<\/div>\n\t\t\t\t\t\t\t\t\t<\/div>\n\t\t\t\t\t\t\t\t<\/div>\n\t\t\t\t\t\t\t\t\t\t\t\t\t\t\t<div class=\"swiper-slide\">\n\t\t\t\t\t\t\t\t\t<div class=\"care-slide\">\n\t\t\t\t\t\t\t\t\t\t<div class=\"care-slide__title h4\">Implantat und Restauration<\/div>\n\t\t\t\t\t\t\t\t\t\t\t\t\t\t\t\t\t\t\t\t\t<div class=\"care-slide__desc\">Komfort und \u00c4sthetik dank Zahnimplantaten<\/div>\n\t\t\t\t\t\t\t\t\t\t\t\t\t\t\t\t\t\t\t\t<div class=\"care-slide__link\">\n\t\t\t\t\t\t\t\t\t\t\t<a href=\"https:\/\/adent.ch\/de\/behandlung\/implantat-und-restauration\/\" class=\"inline-link\">Weiterlesen<\/a>\n\t\t\t\t\t\t\t\t\t\t<\/div>\n\t\t\t\t\t\t\t\t\t<\/div>\n\t\t\t\t\t\t\t\t<\/div>\n\t\t\t\t\t\t\t\t\t\t\t\t\t\t\t<div class=\"swiper-slide\">\n\t\t\t\t\t\t\t\t\t<div class=\"care-slide\">\n\t\t\t\t\t\t\t\t\t\t<div class=\"care-slide__title h4\">Zahnprothese<\/div>\n\t\t\t\t\t\t\t\t\t\t\t\t\t\t\t\t\t\t\t\t\t<div class=\"care-slide__desc\">Geben Sie Ihrem L\u00e4cheln seinen Glanz zur\u00fcck mit unseren massgeschneiderten Zahnprothesen.<\/div>\n\t\t\t\t\t\t\t\t\t\t\t\t\t\t\t\t\t\t\t\t<div class=\"care-slide__link\">\n\t\t\t\t\t\t\t\t\t\t\t<a href=\"https:\/\/adent.ch\/de\/behandlung\/implantate-und-zahnsanierung\/\" class=\"inline-link\">Weiterlesen<\/a>\n\t\t\t\t\t\t\t\t\t\t<\/div>\n\t\t\t\t\t\t\t\t\t<\/div>\n\t\t\t\t\t\t\t\t<\/div>\n\t\t\t\t\t\t\t\t\t\t\t\t\t<\/div>\n\t\t\t\t\t<\/div>\n\t\t\t\t\t<div class=\"swiper-button-prev\"><\/div>\n\t\t\t\t\t<div class=\"swiper-button-next\"><\/div>\n\t\t\t\t<\/div>\n\t\t\t<\/div>\n\t\t<\/div>\n\t<\/div>\n<\/div>","protected":false},"template":"","region":[165,158,175],"clinique_treatment":[],"class_list":["post-4237","clinique","type-clinique","status-publish","hentry","region-westschweiz","region-genf","region-schweizweit"],"acf":{"banner_clinique":{"image":{"ID":16786,"id":16786,"title":"ADENT - EAUX VIVES - MAI 2022 igor laski web hd srvb-43","filename":"adent-eaux-vives-mai-2022-igor-laski-web-hd-srvb-43.jpg","filesize":484471,"url":"https:\/\/adent.ch\/wp-content\/uploads\/2022\/04\/adent-eaux-vives-mai-2022-igor-laski-web-hd-srvb-43.jpg","link":"https:\/\/adent.ch\/de\/klinik\/genf-eaux-vives\/adent-eaux-vives-mai-2022-igor-laski-web-hd-srvb-43-2\/","alt":"","author":"14","description":"","caption":"","name":"adent-eaux-vives-mai-2022-igor-laski-web-hd-srvb-43-2","status":"inherit","uploaded_to":4237,"date":"2026-03-05 11:13:32","modified":"2026-03-05 11:13:32","menu_order":0,"mime_type":"image\/jpeg","type":"image","subtype":"jpeg","icon":"https:\/\/adent.ch\/wp-includes\/images\/media\/default.png","width":1620,"height":1080,"sizes":{"thumbnail":"https:\/\/adent.ch\/wp-content\/uploads\/2022\/04\/adent-eaux-vives-mai-2022-igor-laski-web-hd-srvb-43-150x150.jpg","thumbnail-width":150,"thumbnail-height":150,"medium":"https:\/\/adent.ch\/wp-content\/uploads\/2022\/04\/adent-eaux-vives-mai-2022-igor-laski-web-hd-srvb-43-300x200.jpg","medium-width":300,"medium-height":200,"medium_large":"https:\/\/adent.ch\/wp-content\/uploads\/2022\/04\/adent-eaux-vives-mai-2022-igor-laski-web-hd-srvb-43-768x512.jpg","medium_large-width":768,"medium_large-height":512,"large":"https:\/\/adent.ch\/wp-content\/uploads\/2022\/04\/adent-eaux-vives-mai-2022-igor-laski-web-hd-srvb-43-1470x980.jpg","large-width":1470,"large-height":980,"1536x1536":"https:\/\/adent.ch\/wp-content\/uploads\/2022\/04\/adent-eaux-vives-mai-2022-igor-laski-web-hd-srvb-43-1536x1024.jpg","1536x1536-width":1536,"1536x1536-height":1024,"2048x2048":"https:\/\/adent.ch\/wp-content\/uploads\/2022\/04\/adent-eaux-vives-mai-2022-igor-laski-web-hd-srvb-43.jpg","2048x2048-width":1620,"2048x2048-height":1080,"gform-image-choice-sm":"https:\/\/adent.ch\/wp-content\/uploads\/2022\/04\/adent-eaux-vives-mai-2022-igor-laski-web-hd-srvb-43.jpg","gform-image-choice-sm-width":300,"gform-image-choice-sm-height":200,"gform-image-choice-md":"https:\/\/adent.ch\/wp-content\/uploads\/2022\/04\/adent-eaux-vives-mai-2022-igor-laski-web-hd-srvb-43.jpg","gform-image-choice-md-width":400,"gform-image-choice-md-height":267,"gform-image-choice-lg":"https:\/\/adent.ch\/wp-content\/uploads\/2022\/04\/adent-eaux-vives-mai-2022-igor-laski-web-hd-srvb-43.jpg","gform-image-choice-lg-width":600,"gform-image-choice-lg-height":400}},"note":"Das Zentrum ist f\u00fcr Rollstuhlfahrer zug\u00e4nglich."},"phone":"+41 22 700 81 00","email":"geneve@adent.ch","marker":{"address":"Adent, Avenue de Frontenex 34, 1207 Gen\u00e8ve, Suisse","lat":46.2013768,"lng":6.159141,"zoom":14,"place_id":"ChIJf66AHk5ljEcRUNKM6WnrbWk","name":"Adent | Dentiste Gen\u00e8ve \u2013 Eaux-Vives","street_number":"34","street_name":"Avenue de Frontenex","street_name_short":"Av. de Frontenex","city":"Gen\u00e8ve","state":"Gen\u00e8ve","state_short":"GE","post_code":"1207","country":"Suisse","country_short":"CH"},"address":"Avenue de Frontenex 34","postal_code":"1207","access":{"bus":"Bus 9 (Haltestelle 31. Dezember)","bus_link":"","train":"Stra\u00dfenbahnlinie 12 (Haltestelle Villereuse)","train_link":"","parking":"Tiefgarage Einkaufszentrum Eaux-Vives","parking_link":""},"schedule":{"title":"\u00d6ffnungszeiten","description":""},"short_description":"","soins":[{"id":196,"adult":"k3932_01t11","teenager":"k3932_01t11","kid":"k3932_01t11"},{"id":199,"adult":"k3932_01t13","teenager":"k3932_01t13","kid":"k3932_01t12"},{"id":202,"adult":"k3932_01t15","teenager":"k3932_01t15","kid":"k3932_01t15"},{"id":207,"adult":"k3932_01t16","teenager":"k3932_01t16","kid":"k3932_01t16"},{"id":201,"adult":"k3932_01t17","teenager":"k3932_01t17","kid":""},{"id":203,"adult":"k3932_01t18","teenager":"k3932_01t18","kid":"k3932_01t18"},{"id":232,"adult":"k3932_01t19","teenager":"k3932_01t19","kid":"k3932_01t19"},{"id":233,"adult":"k3932_01t20","teenager":"k3932_01t20","kid":"k3932_01t20"}],"clinique_location_id":"ChIJf66AHk5ljEcRUNKM6WnrbWk","subtitle":"Adent Zahnarztzentrum Eaux-Vives ","city":"Genf","code_zawin":"https:\/\/oa.zawin.ch\/k3932_01","code_zawin_emergencies":"","aggregated_city":"Genf","clinique_tag":"","itinerary":"https:\/\/www.google.com\/maps\/dir\/\/Adent,+Avenue+de+Frontenex,+Gen%C3%A8ve,+Suisse\/@46.2015132,6.0767451,19315m\/data=!3m2!1e3!4b1!4m8!4m7!1m0!1m5!1m1!1s0x478c654e1e80ae7f:0x696deb69e98cd250!2m2!1d6.159146!2d46.201424?entry=ttu&g_ep=EgoyMDI1MDQyOC4wIKXMDSoJLDEwMjExNDUzSAFQAw%3D%3D","premium_clinic":false,"pc_intro":"<h3>Willkommen im Zahnarztzentrum Eaux-Vives<\/h3>\n<p><strong>Signature Zahnarztzentrum by Adent \u2013 Genf<\/strong><br \/>\nIm Herzen des Quartiers Eaux-Vives gelegen, nur wenige Schritte vom Genfersee und den bekannten Adressen des linken Seeufers entfernt, steht das Zahnarztzentrum Eaux-Vives f\u00fcr eine zeitgem\u00e4sse und anspruchsvolle Zahnmedizin.<\/p>\n<p>In einem Umfeld, das f\u00fcr seine hohe Lebensqualit\u00e4t und seinen gehobenen Charakter bekannt ist, bietet das Zahnarztzentrum eine individuell abgestimmte Betreuung f\u00fcr Patientinnen und Patienten, die grossen Wert auf Pr\u00e4zision, Diskretion und medizinische Exzellenz legen.<\/p>\n","signature_title":"Zahnmedizinische Exzellenz und aussergew\u00f6hnliche Behandlungen in Genf","pc_logo":{"ID":16752,"id":16752,"title":"Logo-eaux-vives","filename":"logo-eaux-vives.svg","filesize":11670,"url":"https:\/\/adent.ch\/wp-content\/uploads\/2022\/03\/logo-eaux-vives.svg","link":"https:\/\/adent.ch\/de\/klinik\/genf-eaux-vives\/logo-eaux-vives-2\/","alt":"","author":"13","description":"","caption":"","name":"logo-eaux-vives-2","status":"inherit","uploaded_to":4237,"date":"2026-03-04 13:31:36","modified":"2026-03-05 11:50:54","menu_order":0,"mime_type":"image\/svg+xml","type":"image","subtype":"svg+xml","icon":"https:\/\/adent.ch\/wp-includes\/images\/media\/default.png","width":0,"height":0,"sizes":{"thumbnail":"https:\/\/adent.ch\/wp-content\/uploads\/2022\/03\/logo-eaux-vives.svg","thumbnail-width":1,"thumbnail-height":1,"medium":"https:\/\/adent.ch\/wp-content\/uploads\/2022\/03\/logo-eaux-vives.svg","medium-width":1,"medium-height":1,"medium_large":"https:\/\/adent.ch\/wp-content\/uploads\/2022\/03\/logo-eaux-vives.svg","medium_large-width":1,"medium_large-height":1,"large":"https:\/\/adent.ch\/wp-content\/uploads\/2022\/03\/logo-eaux-vives.svg","large-width":1,"large-height":1,"1536x1536":"https:\/\/adent.ch\/wp-content\/uploads\/2022\/03\/logo-eaux-vives.svg","1536x1536-width":1,"1536x1536-height":1,"2048x2048":"https:\/\/adent.ch\/wp-content\/uploads\/2022\/03\/logo-eaux-vives.svg","2048x2048-width":1,"2048x2048-height":1,"gform-image-choice-sm":"https:\/\/adent.ch\/wp-content\/uploads\/2022\/03\/logo-eaux-vives.svg","gform-image-choice-sm-width":1,"gform-image-choice-sm-height":1,"gform-image-choice-md":"https:\/\/adent.ch\/wp-content\/uploads\/2022\/03\/logo-eaux-vives.svg","gform-image-choice-md-width":1,"gform-image-choice-md-height":1,"gform-image-choice-lg":"https:\/\/adent.ch\/wp-content\/uploads\/2022\/03\/logo-eaux-vives.svg","gform-image-choice-lg-width":1,"gform-image-choice-lg-height":1}},"pc_logo_header":{"ID":16752,"id":16752,"title":"Logo-eaux-vives","filename":"logo-eaux-vives.svg","filesize":11670,"url":"https:\/\/adent.ch\/wp-content\/uploads\/2022\/03\/logo-eaux-vives.svg","link":"https:\/\/adent.ch\/de\/klinik\/genf-eaux-vives\/logo-eaux-vives-2\/","alt":"","author":"13","description":"","caption":"","name":"logo-eaux-vives-2","status":"inherit","uploaded_to":4237,"date":"2026-03-04 13:31:36","modified":"2026-03-05 11:50:54","menu_order":0,"mime_type":"image\/svg+xml","type":"image","subtype":"svg+xml","icon":"https:\/\/adent.ch\/wp-includes\/images\/media\/default.png","width":0,"height":0,"sizes":{"thumbnail":"https:\/\/adent.ch\/wp-content\/uploads\/2022\/03\/logo-eaux-vives.svg","thumbnail-width":1,"thumbnail-height":1,"medium":"https:\/\/adent.ch\/wp-content\/uploads\/2022\/03\/logo-eaux-vives.svg","medium-width":1,"medium-height":1,"medium_large":"https:\/\/adent.ch\/wp-content\/uploads\/2022\/03\/logo-eaux-vives.svg","medium_large-width":1,"medium_large-height":1,"large":"https:\/\/adent.ch\/wp-content\/uploads\/2022\/03\/logo-eaux-vives.svg","large-width":1,"large-height":1,"1536x1536":"https:\/\/adent.ch\/wp-content\/uploads\/2022\/03\/logo-eaux-vives.svg","1536x1536-width":1,"1536x1536-height":1,"2048x2048":"https:\/\/adent.ch\/wp-content\/uploads\/2022\/03\/logo-eaux-vives.svg","2048x2048-width":1,"2048x2048-height":1,"gform-image-choice-sm":"https:\/\/adent.ch\/wp-content\/uploads\/2022\/03\/logo-eaux-vives.svg","gform-image-choice-sm-width":1,"gform-image-choice-sm-height":1,"gform-image-choice-md":"https:\/\/adent.ch\/wp-content\/uploads\/2022\/03\/logo-eaux-vives.svg","gform-image-choice-md-width":1,"gform-image-choice-md-height":1,"gform-image-choice-lg":"https:\/\/adent.ch\/wp-content\/uploads\/2022\/03\/logo-eaux-vives.svg","gform-image-choice-lg-width":1,"gform-image-choice-lg-height":1}},"marker_image":{"ID":6340,"id":6340,"title":"ADENT_Clinique_Geneve-Eaux-Vives_map_1024x768","filename":"adent_clinique_geneve-eaux-vives_map_1024x768.jpg","filesize":97737,"url":"https:\/\/adent.ch\/wp-content\/uploads\/2022\/07\/adent_clinique_geneve-eaux-vives_map_1024x768.jpg","link":"https:\/\/adent.ch\/de\/klinik\/genf-eaux-vives\/adent_clinique_geneve-eaux-vives_map_1024x768-2\/","alt":"","author":"2","description":"","caption":"","name":"adent_clinique_geneve-eaux-vives_map_1024x768-2","status":"inherit","uploaded_to":4237,"date":"2022-07-10 11:19:14","modified":"2022-07-11 08:32:04","menu_order":0,"mime_type":"image\/jpeg","type":"image","subtype":"jpeg","icon":"https:\/\/adent.ch\/wp-includes\/images\/media\/default.png","width":1024,"height":768,"sizes":{"thumbnail":"https:\/\/adent.ch\/wp-content\/uploads\/2022\/07\/adent_clinique_geneve-eaux-vives_map_1024x768-150x150.jpg","thumbnail-width":150,"thumbnail-height":150,"medium":"https:\/\/adent.ch\/wp-content\/uploads\/2022\/07\/adent_clinique_geneve-eaux-vives_map_1024x768-300x225.jpg","medium-width":300,"medium-height":225,"medium_large":"https:\/\/adent.ch\/wp-content\/uploads\/2022\/07\/adent_clinique_geneve-eaux-vives_map_1024x768-768x576.jpg","medium_large-width":768,"medium_large-height":576,"large":"https:\/\/adent.ch\/wp-content\/uploads\/2022\/07\/adent_clinique_geneve-eaux-vives_map_1024x768.jpg","large-width":1024,"large-height":768,"1536x1536":"https:\/\/adent.ch\/wp-content\/uploads\/2022\/07\/adent_clinique_geneve-eaux-vives_map_1024x768.jpg","1536x1536-width":1024,"1536x1536-height":768,"2048x2048":"https:\/\/adent.ch\/wp-content\/uploads\/2022\/07\/adent_clinique_geneve-eaux-vives_map_1024x768.jpg","2048x2048-width":1024,"2048x2048-height":768,"gform-image-choice-sm":"https:\/\/adent.ch\/wp-content\/uploads\/2022\/07\/adent_clinique_geneve-eaux-vives_map_1024x768.jpg","gform-image-choice-sm-width":300,"gform-image-choice-sm-height":225,"gform-image-choice-md":"https:\/\/adent.ch\/wp-content\/uploads\/2022\/07\/adent_clinique_geneve-eaux-vives_map_1024x768.jpg","gform-image-choice-md-width":400,"gform-image-choice-md-height":300,"gform-image-choice-lg":"https:\/\/adent.ch\/wp-content\/uploads\/2022\/07\/adent_clinique_geneve-eaux-vives_map_1024x768.jpg","gform-image-choice-lg-width":600,"gform-image-choice-lg-height":450}}},"yoast_head":"<!-- This site is optimized with the Yoast SEO plugin v27.5 - https:\/\/yoast.com\/product\/yoast-seo-wordpress\/ -->\n<title>Zahnarzt in Genf Eaux-Vives | Adent Zahnarztzentrum<\/title>\n<meta name=\"description\" content=\"Vereinbaren Sie einen Termin mit Ihrem Zahnarzt in Genf. Unser Zentrum f\u00fcr Zahnarztzentrum in Genf Eaux-Vives bietet alle Behandlungen f\u00fcr Erwachsene und Kinder durch unsere Fachgebiete.\" \/>\n<meta name=\"robots\" content=\"index, follow, max-snippet:-1, max-image-preview:large, max-video-preview:-1\" \/>\n<link rel=\"canonical\" href=\"https:\/\/adent.ch\/de\/klinik\/genf-eaux-vives\/\" \/>\n<meta property=\"og:locale\" content=\"de_DE\" \/>\n<meta property=\"og:type\" content=\"article\" \/>\n<meta property=\"og:title\" content=\"Zahnarzt in Genf Eaux-Vives | Adent Zahnarztzentrum\" \/>\n<meta property=\"og:description\" content=\"Vereinbaren Sie einen Termin mit Ihrem Zahnarzt in Genf. Unser Zentrum f\u00fcr Zahnarztzentrum in Genf Eaux-Vives bietet alle Behandlungen f\u00fcr Erwachsene und Kinder durch unsere Fachgebiete.\" \/>\n<meta property=\"og:url\" content=\"https:\/\/adent.ch\/de\/klinik\/genf-eaux-vives\/\" \/>\n<meta property=\"og:site_name\" content=\"Adent Zahnarztzentrum\" \/>\n<meta property=\"article:publisher\" content=\"https:\/\/www.facebook.com\/adentcliniquesdentaires\/\" \/>\n<meta property=\"article:modified_time\" content=\"2026-04-28T15:15:02+00:00\" \/>\n<meta property=\"og:image\" content=\"https:\/\/adent.ch\/wp-content\/uploads\/2022\/04\/adent-clinique-dentaires-eaux-vive-62.jpg\" \/>\n\t<meta property=\"og:image:width\" content=\"2247\" \/>\n\t<meta property=\"og:image:height\" content=\"1500\" \/>\n\t<meta property=\"og:image:type\" content=\"image\/jpeg\" \/>\n<meta name=\"twitter:card\" content=\"summary_large_image\" \/>\n<meta name=\"twitter:label1\" content=\"Gesch\u00e4tzte Lesezeit\" \/>\n\t<meta name=\"twitter:data1\" content=\"2\u00a0Minuten\" \/>\n<script type=\"application\/ld+json\" class=\"yoast-schema-graph\">{\"@context\":\"https:\\\/\\\/schema.org\",\"@graph\":[{\"@type\":\"WebPage\",\"@id\":\"https:\\\/\\\/adent.ch\\\/de\\\/klinik\\\/genf-eaux-vives\\\/\",\"url\":\"https:\\\/\\\/adent.ch\\\/de\\\/klinik\\\/genf-eaux-vives\\\/\",\"name\":\"Zahnarzt in Genf Eaux-Vives | Adent Zahnarztzentrum\",\"isPartOf\":{\"@id\":\"https:\\\/\\\/adent.ch\\\/de\\\/#website\"},\"primaryImageOfPage\":{\"@id\":\"https:\\\/\\\/adent.ch\\\/de\\\/klinik\\\/genf-eaux-vives\\\/#primaryimage\"},\"image\":{\"@id\":\"https:\\\/\\\/adent.ch\\\/de\\\/klinik\\\/genf-eaux-vives\\\/#primaryimage\"},\"thumbnailUrl\":\"https:\\\/\\\/adent.ch\\\/wp-content\\\/uploads\\\/2022\\\/04\\\/adent-clinique-dentaires-eaux-vive-62-1468x980.jpg\",\"datePublished\":\"2022-04-20T12:39:35+00:00\",\"dateModified\":\"2026-04-28T15:15:02+00:00\",\"description\":\"Vereinbaren Sie einen Termin mit Ihrem Zahnarzt in Genf. Unser Zentrum f\u00fcr Zahnarztzentrum in Genf Eaux-Vives bietet alle Behandlungen f\u00fcr Erwachsene und Kinder durch unsere Fachgebiete.\",\"breadcrumb\":{\"@id\":\"https:\\\/\\\/adent.ch\\\/de\\\/klinik\\\/genf-eaux-vives\\\/#breadcrumb\"},\"inLanguage\":\"de-CH\",\"potentialAction\":[{\"@type\":\"ReadAction\",\"target\":[\"https:\\\/\\\/adent.ch\\\/de\\\/klinik\\\/genf-eaux-vives\\\/\"]}]},{\"@type\":\"ImageObject\",\"inLanguage\":\"de-CH\",\"@id\":\"https:\\\/\\\/adent.ch\\\/de\\\/klinik\\\/genf-eaux-vives\\\/#primaryimage\",\"url\":\"https:\\\/\\\/adent.ch\\\/wp-content\\\/uploads\\\/2022\\\/04\\\/adent-clinique-dentaires-eaux-vive-62-1468x980.jpg\",\"contentUrl\":\"https:\\\/\\\/adent.ch\\\/wp-content\\\/uploads\\\/2022\\\/04\\\/adent-clinique-dentaires-eaux-vive-62-1468x980.jpg\"},{\"@type\":\"BreadcrumbList\",\"@id\":\"https:\\\/\\\/adent.ch\\\/de\\\/klinik\\\/genf-eaux-vives\\\/#breadcrumb\",\"itemListElement\":[{\"@type\":\"ListItem\",\"position\":1,\"name\":\"Zahnarztzentrum\",\"item\":\"https:\\\/\\\/adent.ch\\\/de\\\/zahnkliniken\\\/\"},{\"@type\":\"ListItem\",\"position\":2,\"name\":\"Genf Eaux-Vives\"}]},{\"@type\":\"WebSite\",\"@id\":\"https:\\\/\\\/adent.ch\\\/de\\\/#website\",\"url\":\"https:\\\/\\\/adent.ch\\\/de\\\/\",\"name\":\"Adent Zahnarztzentrum\",\"description\":\"\",\"publisher\":{\"@id\":\"https:\\\/\\\/adent.ch\\\/de\\\/#organization\"},\"potentialAction\":[{\"@type\":\"SearchAction\",\"target\":{\"@type\":\"EntryPoint\",\"urlTemplate\":\"https:\\\/\\\/adent.ch\\\/de\\\/?s={search_term_string}\"},\"query-input\":{\"@type\":\"PropertyValueSpecification\",\"valueRequired\":true,\"valueName\":\"search_term_string\"}}],\"inLanguage\":\"de-CH\"},{\"@type\":\"Organization\",\"@id\":\"https:\\\/\\\/adent.ch\\\/de\\\/#organization\",\"name\":\"Adent Cliniques Dentaires\",\"url\":\"https:\\\/\\\/adent.ch\\\/de\\\/\",\"logo\":{\"@type\":\"ImageObject\",\"inLanguage\":\"de-CH\",\"@id\":\"https:\\\/\\\/adent.ch\\\/de\\\/#\\\/schema\\\/logo\\\/image\\\/\",\"url\":\"https:\\\/\\\/adent.ch\\\/wp-content\\\/uploads\\\/2022\\\/09\\\/adent-habefast-logo-2018-fr-05032019-rvb-scaled.jpg\",\"contentUrl\":\"https:\\\/\\\/adent.ch\\\/wp-content\\\/uploads\\\/2022\\\/09\\\/adent-habefast-logo-2018-fr-05032019-rvb-scaled.jpg\",\"width\":2880,\"height\":750,\"caption\":\"Adent Cliniques Dentaires\"},\"image\":{\"@id\":\"https:\\\/\\\/adent.ch\\\/de\\\/#\\\/schema\\\/logo\\\/image\\\/\"},\"sameAs\":[\"https:\\\/\\\/www.facebook.com\\\/adentcliniquesdentaires\\\/\",\"https:\\\/\\\/www.instagram.com\\\/adent.ch\\\/\",\"https:\\\/\\\/www.youtube.com\\\/channel\\\/UCPd5UjY-ipuq3MhW6m0W-wg\",\"https:\\\/\\\/www.linkedin.com\\\/company\\\/adent-cliniques-dentaires\\\/?originalSubdomain=ch\"]}]}<\/script>\n<!-- \/ Yoast SEO plugin. -->","yoast_head_json":{"title":"Zahnarzt in Genf Eaux-Vives | Adent Zahnarztzentrum","description":"Vereinbaren Sie einen Termin mit Ihrem Zahnarzt in Genf. Unser Zentrum f\u00fcr Zahnarztzentrum in Genf Eaux-Vives bietet alle Behandlungen f\u00fcr Erwachsene und Kinder durch unsere Fachgebiete.","robots":{"index":"index","follow":"follow","max-snippet":"max-snippet:-1","max-image-preview":"max-image-preview:large","max-video-preview":"max-video-preview:-1"},"canonical":"https:\/\/adent.ch\/de\/klinik\/genf-eaux-vives\/","og_locale":"de_DE","og_type":"article","og_title":"Zahnarzt in Genf Eaux-Vives | Adent Zahnarztzentrum","og_description":"Vereinbaren Sie einen Termin mit Ihrem Zahnarzt in Genf. Unser Zentrum f\u00fcr Zahnarztzentrum in Genf Eaux-Vives bietet alle Behandlungen f\u00fcr Erwachsene und Kinder durch unsere Fachgebiete.","og_url":"https:\/\/adent.ch\/de\/klinik\/genf-eaux-vives\/","og_site_name":"Adent Zahnarztzentrum","article_publisher":"https:\/\/www.facebook.com\/adentcliniquesdentaires\/","article_modified_time":"2026-04-28T15:15:02+00:00","og_image":[{"width":2247,"height":1500,"url":"https:\/\/adent.ch\/wp-content\/uploads\/2022\/04\/adent-clinique-dentaires-eaux-vive-62.jpg","type":"image\/jpeg"}],"twitter_card":"summary_large_image","twitter_misc":{"Gesch\u00e4tzte Lesezeit":"2\u00a0Minuten"},"schema":{"@context":"https:\/\/schema.org","@graph":[{"@type":"WebPage","@id":"https:\/\/adent.ch\/de\/klinik\/genf-eaux-vives\/","url":"https:\/\/adent.ch\/de\/klinik\/genf-eaux-vives\/","name":"Zahnarzt in Genf Eaux-Vives | Adent Zahnarztzentrum","isPartOf":{"@id":"https:\/\/adent.ch\/de\/#website"},"primaryImageOfPage":{"@id":"https:\/\/adent.ch\/de\/klinik\/genf-eaux-vives\/#primaryimage"},"image":{"@id":"https:\/\/adent.ch\/de\/klinik\/genf-eaux-vives\/#primaryimage"},"thumbnailUrl":"https:\/\/adent.ch\/wp-content\/uploads\/2022\/04\/adent-clinique-dentaires-eaux-vive-62-1468x980.jpg","datePublished":"2022-04-20T12:39:35+00:00","dateModified":"2026-04-28T15:15:02+00:00","description":"Vereinbaren Sie einen Termin mit Ihrem Zahnarzt in Genf. Unser Zentrum f\u00fcr Zahnarztzentrum in Genf Eaux-Vives bietet alle Behandlungen f\u00fcr Erwachsene und Kinder durch unsere Fachgebiete.","breadcrumb":{"@id":"https:\/\/adent.ch\/de\/klinik\/genf-eaux-vives\/#breadcrumb"},"inLanguage":"de-CH","potentialAction":[{"@type":"ReadAction","target":["https:\/\/adent.ch\/de\/klinik\/genf-eaux-vives\/"]}]},{"@type":"ImageObject","inLanguage":"de-CH","@id":"https:\/\/adent.ch\/de\/klinik\/genf-eaux-vives\/#primaryimage","url":"https:\/\/adent.ch\/wp-content\/uploads\/2022\/04\/adent-clinique-dentaires-eaux-vive-62-1468x980.jpg","contentUrl":"https:\/\/adent.ch\/wp-content\/uploads\/2022\/04\/adent-clinique-dentaires-eaux-vive-62-1468x980.jpg"},{"@type":"BreadcrumbList","@id":"https:\/\/adent.ch\/de\/klinik\/genf-eaux-vives\/#breadcrumb","itemListElement":[{"@type":"ListItem","position":1,"name":"Zahnarztzentrum","item":"https:\/\/adent.ch\/de\/zahnkliniken\/"},{"@type":"ListItem","position":2,"name":"Genf Eaux-Vives"}]},{"@type":"WebSite","@id":"https:\/\/adent.ch\/de\/#website","url":"https:\/\/adent.ch\/de\/","name":"Adent Zahnarztzentrum","description":"","publisher":{"@id":"https:\/\/adent.ch\/de\/#organization"},"potentialAction":[{"@type":"SearchAction","target":{"@type":"EntryPoint","urlTemplate":"https:\/\/adent.ch\/de\/?s={search_term_string}"},"query-input":{"@type":"PropertyValueSpecification","valueRequired":true,"valueName":"search_term_string"}}],"inLanguage":"de-CH"},{"@type":"Organization","@id":"https:\/\/adent.ch\/de\/#organization","name":"Adent Cliniques Dentaires","url":"https:\/\/adent.ch\/de\/","logo":{"@type":"ImageObject","inLanguage":"de-CH","@id":"https:\/\/adent.ch\/de\/#\/schema\/logo\/image\/","url":"https:\/\/adent.ch\/wp-content\/uploads\/2022\/09\/adent-habefast-logo-2018-fr-05032019-rvb-scaled.jpg","contentUrl":"https:\/\/adent.ch\/wp-content\/uploads\/2022\/09\/adent-habefast-logo-2018-fr-05032019-rvb-scaled.jpg","width":2880,"height":750,"caption":"Adent Cliniques Dentaires"},"image":{"@id":"https:\/\/adent.ch\/de\/#\/schema\/logo\/image\/"},"sameAs":["https:\/\/www.facebook.com\/adentcliniquesdentaires\/","https:\/\/www.instagram.com\/adent.ch\/","https:\/\/www.youtube.com\/channel\/UCPd5UjY-ipuq3MhW6m0W-wg","https:\/\/www.linkedin.com\/company\/adent-cliniques-dentaires\/?originalSubdomain=ch"]}]}},"google_datas":{"html_attributions":[],"result":{"current_opening_hours":{"open_now":true,"periods":[{"close":{"date":"2026-05-04","day":1,"time":"1900"},"open":{"date":"2026-05-04","day":1,"time":"0800"}},{"close":{"date":"2026-05-05","day":2,"time":"2000"},"open":{"date":"2026-05-05","day":2,"time":"0700"}},{"close":{"date":"2026-05-06","day":3,"time":"1900"},"open":{"date":"2026-05-06","day":3,"time":"0700"}},{"close":{"date":"2026-04-30","day":4,"time":"2000"},"open":{"date":"2026-04-30","day":4,"time":"0700"}},{"close":{"date":"2026-05-01","day":5,"time":"1700"},"open":{"date":"2026-05-01","day":5,"time":"0800"}},{"close":{"date":"2026-05-02","day":6,"time":"1400"},"open":{"date":"2026-05-02","day":6,"time":"0800"}}],"weekday_text":["lundi: 08:00\u2009\u2013\u200919:00","mardi: 07:00\u2009\u2013\u200920:00","mercredi: 07:00\u2009\u2013\u200919:00","jeudi: 07:00\u2009\u2013\u200920:00","vendredi: 08:00\u2009\u2013\u200917:00","samedi: 08:00\u2009\u2013\u200914:00","dimanche: Ferm\u00e9"]},"opening_hours":{"open_now":true,"periods":[{"close":{"day":1,"time":"1900"},"open":{"day":1,"time":"0800"}},{"close":{"day":2,"time":"2000"},"open":{"day":2,"time":"0700"}},{"close":{"day":3,"time":"1900"},"open":{"day":3,"time":"0700"}},{"close":{"day":4,"time":"2000"},"open":{"day":4,"time":"0700"}},{"close":{"day":5,"time":"1700"},"open":{"day":5,"time":"0800"}},{"close":{"day":6,"time":"1400"},"open":{"day":6,"time":"0800"}}],"weekday_text":["lundi: 08:00\u2009\u2013\u200919:00","mardi: 07:00\u2009\u2013\u200920:00","mercredi: 07:00\u2009\u2013\u200919:00","jeudi: 07:00\u2009\u2013\u200920:00","vendredi: 08:00\u2009\u2013\u200917:00","samedi: 08:00\u2009\u2013\u200914:00","dimanche: Ferm\u00e9"]},"photos":[{"height":800,"html_attributions":["<a href=\"https:\/\/maps.google.com\/maps\/contrib\/103279134236964383496\">Dentiste Eaux-Vives | Adent Clinique Dentaire<\/a>"],"photo_reference":"Ab43m-uCK93rszMUOuaIs-ouIJDZ6HjK6ER0QbsjkbIipP4SDaXW7Eqw470QvxqI_PkZrFaKRmjZxAtpL3Bzuffnqe_2kDRfxGex15PI9S7ivLwKVFqCHB1mPWKYJwzTaAh4ZlcLTgvqcEW_BW3b8DqEtYXGorM_ZCPt0DLP_gkcXIhgiy8BnLK2fLMwBfiqNHiyL0l_SMrSuDmczsRCJSS4slnaxGZV1Hj6K0169ZV_7Wz7FjPhOj1hLGXikEPvFar1_kcsvjBReBBgFoo6J80i_7L-mMqByegUxNJbVYodkqaE9A","width":1200},{"height":1500,"html_attributions":["<a href=\"https:\/\/maps.google.com\/maps\/contrib\/103279134236964383496\">Dentiste Eaux-Vives | Adent Clinique Dentaire<\/a>"],"photo_reference":"Ab43m-ta3MHelI1LtrqBnLiJmloFcBZiEZyVBdH7-lUAMrLq5oJP8FnS2_BpfiuoNK5GFT4rH6Tu-uFzLrTgL5Ua_jfNMOIgseZmzIAwzPjtazc9FVA0fUOsk8WpovQPL6s8ueVjjMtAeQogsiUYgG0XSbf2q27P_esfpAul6WcNVoN687BUqa9ACwOuBcE8aD5f4nwO7-X8FXfn49gTlZgMprKijNtZB74GLk5hC4HbIU7YhLn2y4To3pZUvfO17ryJDqa4xM9Zlx5e-J2-i70KmlU73yRXvP2wLy-LZWN6sgxaPQ","width":2249},{"height":1500,"html_attributions":["<a href=\"https:\/\/maps.google.com\/maps\/contrib\/103279134236964383496\">Dentiste Eaux-Vives | Adent Clinique Dentaire<\/a>"],"photo_reference":"Ab43m-vbERVoQFwRBtWqIotQ6o0mrOCwY9fEpBhtTS2AIXdAxJZ-_2zybD82P4bcnqno_koX-nAxi0ZbJZOfctPGUV26lBHAB8eyvhkvl7uqHHqQ_7YrQZKfVaK3s8pN75_aGIF8LVt0h1IlkW4ZD5ID6TEnL0wpmX2dPbaoihHgkvcojBj8L1hho0CdjzWvjc-S6PQJH5PgXRXvbAVyDQK1VVIoQWROi4KJHFwml_xb8KIVNys2_7OOq9yVZW3T7fDHUmpbub9dCA1AKTYplLUjZDfguP8vvuQfbQAa1RJsb8etnw","width":2249},{"height":800,"html_attributions":["<a href=\"https:\/\/maps.google.com\/maps\/contrib\/103279134236964383496\">Dentiste Eaux-Vives | Adent Clinique Dentaire<\/a>"],"photo_reference":"Ab43m-vjTC1uBwwJptNARLXqaSYFLBnsPygOD5yI_uIqD-_j_li5Jxw_2IhMxMruUDMD0RoL3owRt5lcvhgF5cYdU4szl_T6W0o5IGeiwFj9ppOVXxoczXd65CM-l8x0tpDSxhe1COclB2MAB2OAZbxDo-UWKm78D4UKX8Bciq6tU8MsH6d4953Nb-2q-A0fcOjUxLCOtTYLKEFL1tW9_YoBVT9uQ7Qwkg6zFlqsKbTOD8FV2UcDDMRIuRobWsuYIxrXAebVNLTaYo-ngjDeWQg3ZKFcnWjhy99ZaHyt7iPnMTbRxg","width":1200},{"height":780,"html_attributions":["<a href=\"https:\/\/maps.google.com\/maps\/contrib\/104911708723203896633\">Ben<\/a>"],"photo_reference":"Ab43m-tDrrE2TjTLTcE2696keeYqtsP15b0R2rYWREKpO9vZeMMyuANNVhs3WGa1NbpMdpsGZNn_-RjhvrY16tfo5IdcvCdeJFG8cnSUUkIhvQPyN62UUGGe9mVh5Q-_YC884esp3CFrThtRoKcEjUQ7FZhmbHP-jFi9nbE5MtAjJXuwqzUi_CyecLKnplsNC3lcDRkUaO79HdQMiV2shnTgZqUxJxkX7dHmEiY3dCqLM03elM4Lr9DSsR3ftWHKsetyiJGubMLKD7oAOVDO_M2Tt8PZeN7RTRyOXPeiXVlGHA92wrCOsDW_BDrejwZVmy4n4-1uPAX5Z8kdgN3FA_MiITvsnh-D9rZFUuYouDecOad4NcVpLgkYWxTfJcgv_qYhtIHzu_FbqYHbpZoXknmbEQHdht0xEfHsbmXl7nLmx54","width":1040},{"height":1500,"html_attributions":["<a href=\"https:\/\/maps.google.com\/maps\/contrib\/103279134236964383496\">Dentiste Eaux-Vives | Adent Clinique Dentaire<\/a>"],"photo_reference":"Ab43m-t4juZwykS-IWSIgRcIVPzHCT-cdB_XwQhFUfMxtwfwDzCejgyyWB2Ql8KLsKc9halFsnLDryzPti_uHHg4e_uuxLSH9b-_ZWtEYv7IyAKQF1Qcj7kAKC7UJ3x0YRMZyyhjFGnxWtm5J9otgAS03-MomSvuLdpI2p_leruFeGVW3S6Nrku-i0g1quciTvJH2lBSROLMnxZzqF80BMkUiXHpq9nYUEu0h5-NJ7RumVYIKPHitTxxMnifEkZQTmmntDKmZU911rpjw7GB4CBDnge9J1KONFyvcOB7KfNIReYHlw","width":2247},{"height":1200,"html_attributions":["<a href=\"https:\/\/maps.google.com\/maps\/contrib\/103279134236964383496\">Dentiste Eaux-Vives | Adent Clinique Dentaire<\/a>"],"photo_reference":"Ab43m-tLsuIEceRUo6qkgln8mXY55p9Ql9iUTtOsUHcLzRrLutf4xOJ4Ydc-4ojECs9oIO2HMXO73vj13Zgmq2uZ0OiwyeH6POUbA-w9tz6mnPdvrmLdn7pcfAoJlEComM3a8QT-p70swSTBmxCnHkqcTZihZOitSTUazYgy2fdZ7rA1mB26RXfKD76KUOy5Mjro1ecY0B3pEyzg4bxt7l_QHOcMp4DeB9raNCxo-8liKBfh0bK2aqrdbpcrHekWfwwSlL525D65PPEophMFncBIeC7uGJBhmsfvJkn6xeUpH5BRNg","width":800},{"height":1500,"html_attributions":["<a href=\"https:\/\/maps.google.com\/maps\/contrib\/103279134236964383496\">Dentiste Eaux-Vives | Adent Clinique Dentaire<\/a>"],"photo_reference":"Ab43m-tnWp6eT4CkuOwsSzKiYmQV8NzVkZk7bQBuK4AUjCnk41AzXzXZhBiAsKZc-kayp5xllSbafdXId04bK9p8lbZq3WEJnYpO7LvEOpOSbVKeyMQrWfZNUwqplJvFLxDN6y3PldKXIlplnoJF3Vo5OiRpX0FN4mroj2Fz5VCj6s_UQINdpqTfFk8jNNF9cCmj9rLqvs5l5eaCx30kGSN_jIRpsI8wYVGw_1np8EoNdLcrX6aK7YD8AVNxyHXUahd4XHOKDFOIb95d6c_rpKjt2vVcj5_wIxD0BGRwlJhPS7lnaA","width":2249},{"height":800,"html_attributions":["<a href=\"https:\/\/maps.google.com\/maps\/contrib\/103279134236964383496\">Dentiste Eaux-Vives | Adent Clinique Dentaire<\/a>"],"photo_reference":"Ab43m-uY8GGO4ORXnq0YQcoKwpmUYOmIc_VBBHp_7Tn5iKA63FQpiJm5OTTQwOBnIxMwjVaDuCYYMU_N01UyQvdu2s0bHdbv89oErFyGJ22j2pm7o_ANatLFWojNiDcib40XtbY_4Yt7i6kA9K34rMnBHcG0Z6bJxOf8J7OlG-LnSMyC3Oyivo827cMLiRlPZDraidwUaTASfcCkxkzC9-GgGDm56enYXilF_8CT30AQAeOPuVc1h4eENf6Fp0te2tGEfA2JfxBc-0s9t6DcMPzT2BPF2DUOTX7dXm4_pIYAV5kEXA","width":1200},{"height":1500,"html_attributions":["<a href=\"https:\/\/maps.google.com\/maps\/contrib\/103279134236964383496\">Dentiste Eaux-Vives | Adent Clinique Dentaire<\/a>"],"photo_reference":"Ab43m-tYCYKO3kcDe0r9VEyaKA2MQiJW4CWwNxhBkQjDZvETLNG6QuQrOQ44agUk7XU8YQJ09qIegca8Mi45aFHQgXJrE_JZfcTlLEWOASefVDEGuWJ1oKHNTecAfkC8sLv6TuvD3gJG0Gzow9AYVnfFwfsqDZuBK2F8LcdPienFDc3YeD74b7xqcGWhBrf8C0weSmc6QQBKYmKvu4kgewnLDW4z8bW2twNH7cGhgQMjPbZPHnx43U2NTshat1qzpX74N2F90Y1a4nIyK7saSQmQoUdT47ElMjqg09BBcgKCggqV6w","width":2249}],"rating":4.6,"url":"https:\/\/maps.google.com\/?cid=7596986986566308432","user_ratings_total":223},"status":"OK"},"_links":{"self":[{"href":"https:\/\/adent.ch\/de\/wp-json\/wp\/v2\/clinique\/4237","targetHints":{"allow":["GET"]}}],"collection":[{"href":"https:\/\/adent.ch\/de\/wp-json\/wp\/v2\/clinique"}],"about":[{"href":"https:\/\/adent.ch\/de\/wp-json\/wp\/v2\/types\/clinique"}],"wp:attachment":[{"href":"https:\/\/adent.ch\/de\/wp-json\/wp\/v2\/media?parent=4237"}],"wp:term":[{"taxonomy":"region","embeddable":true,"href":"https:\/\/adent.ch\/de\/wp-json\/wp\/v2\/region?post=4237"},{"taxonomy":"clinique_treatment","embeddable":true,"href":"https:\/\/adent.ch\/de\/wp-json\/wp\/v2\/clinique_treatment?post=4237"}],"curies":[{"name":"wp","href":"https:\/\/api.w.org\/{rel}","templated":true}]}}