{"id":9799,"date":"2022-11-15T13:56:09","date_gmt":"2022-11-15T12:56:09","guid":{"rendered":"https:\/\/adent.ch\/clinique\/vevey-2\/"},"modified":"2025-09-10T09:28:16","modified_gmt":"2025-09-10T07:28:16","slug":"epalinges","status":"publish","type":"clinique","link":"https:\/\/adent.ch\/de\/klinik\/epalinges\/","title":{"rendered":"Epalinges"},"content":{"rendered":"<div class=\"two-column-block\" >\n\t<div class=\"container\">\n\t\t\t\t\t<h3 class=\"title\" data-sal=\"slide-up\" data-sal-delay=\"200\" data-sal-easing=\"ease-in-out\" data-sal-duration=\"300\">Ihr:e Zahn\u00e4rzt:in in dem Adent Zahnarztzentrum in Epalinges<\/h3>\n\t\t\t\t\t\t\t<div class=\"row justify-content-between\" data-sal=\"slide-up\" data-sal-delay=\"200\" data-sal-easing=\"ease-in-out\" data-sal-duration=\"300\">\n\t\t\t\t\t\t\t\t\t\t\t\t\t\t\t<div class=\"col-md-6\">\n\t\t\t\t\t\t\t<div class=\"text-lg\">\n\t\t\t\t\t\t\t\t<h4 data-start=\"0\" data-end=\"67\"><strong data-start=\"4\" data-end=\"65\">Hochwertige Zahnbehandlungen mit unserem engagierten Team<\/strong><\/h4>\n<p data-start=\"69\" data-end=\"404\">In unserer <strong data-start=\"80\" data-end=\"107\">Zahnarztzentrum in \u00c9palinges<\/strong> setzt unser erfahrenes Team alles daran, Ihnen hochwertige Behandlungen in den Bereichen <strong data-start=\"197\" data-end=\"265\"><a href=\"https:\/\/adent.ch\/de\/behandlung\/kieferorthopaedie-fuer-kinder-und-erwachsene\/\">Kieferorthop\u00e4die,<\/a> <a href=\"https:\/\/adent.ch\/de\/behandlung\/zahnbehandlung-fuer-kinder\/\">Kinderzahnheilkunde<\/a> und <a href=\"https:\/\/adent.ch\/de\/behandlung\/zahnaerztliche-routineversorgung\/\">allgemeine Zahnmedizin<\/a><\/strong> zu bieten. Wir betreuen <strong data-start=\"290\" data-end=\"315\">Erwachsene und Kinder<\/strong>, um ihre <strong data-start=\"325\" data-end=\"343\">Mundgesundheit<\/strong> mit individuell angepassten Behandlungen zu gew\u00e4hrleisten.<\/p>\n<p data-start=\"406\" data-end=\"486\"><strong data-start=\"409\" data-end=\"428\">\u00d6ffnungszeiten:<\/strong><br data-start=\"428\" data-end=\"431\" \/><strong data-start=\"434\" data-end=\"454\">Montag &#8211; Freitag<\/strong>: 8:00 &#8211; 12:00 | 13:00 &#8211; 17:00<\/p>\n<h4 data-start=\"493\" data-end=\"570\"><strong data-start=\"497\" data-end=\"568\">Kieferorthop\u00e4die: Perfekte Zahnstellung f\u00fcr ein strahlendes L\u00e4cheln<\/strong><\/h4>\n<p data-start=\"572\" data-end=\"782\">In unserer Zahnarztzentrum profitieren Sie von <strong data-start=\"610\" data-end=\"665\">massgeschneiderten kieferorthop\u00e4dischen Behandlungen<\/strong>, durchgef\u00fchrt von unserem Spezialisten, <a href=\"https:\/\/adent.ch\/de\/zahnarzt\/kenan-diab\/\"><strong data-start=\"706\" data-end=\"724\">Dr. Kenan Diab<\/strong>.<\/a> Wir bieten verschiedene L\u00f6sungen zur Zahnkorrektur an:<\/p>\n<ul>\n<li data-start=\"784\" data-end=\"1049\"><strong data-start=\"786\" data-end=\"823\">Transparente<a href=\"https:\/\/adent.ch\/de\/info\/invisalign-behandlung\/\"> Invisalign\u00ae-Schienen<\/a><\/strong><a href=\"https:\/\/adent.ch\/de\/info\/invisalign-behandlung\/\">:<\/a> eine diskrete und effektive Methode, die bereits Millionen Menschen weltweit \u00fcberzeugt hat. Diese <strong data-start=\"923\" data-end=\"947\">unsichtbaren Aligner<\/strong> sind komfortabel, herausnehmbar und sowohl f\u00fcr Erwachsene als auch f\u00fcr kooperative Kinder geeignet.<\/li>\n<li data-start=\"1051\" data-end=\"1236\"><strong data-start=\"1053\" data-end=\"1087\">Feste Zahnspangen mit Brackets<\/strong>: eine bew\u00e4hrte und effektive Methode zur optimalen Zahnkorrektur. <strong data-start=\"1154\" data-end=\"1194\">Dr. Kenan Diab ber\u00e4t Sie individuell<\/strong>, um die f\u00fcr Sie beste L\u00f6sung zu finden.<\/li>\n<\/ul>\n<p data-start=\"1238\" data-end=\"1380\">Vereinbaren Sie noch heute einen <strong data-start=\"1271\" data-end=\"1311\">pers\u00f6nlichen Kieferorthop\u00e4die-Termin<\/strong> und entdecken Sie die beste M\u00f6glichkeit f\u00fcr ein perfektes L\u00e4cheln!<\/p>\n<h4 data-start=\"1387\" data-end=\"1428\"><strong data-start=\"1391\" data-end=\"1426\">Warum unsere Zahnarztzentrum w\u00e4hlen?<\/strong><\/h4>\n<p data-start=\"1429\" data-end=\"1631\"><strong data-start=\"1432\" data-end=\"1471\">Erfahrenes und spezialisiertes Team<\/strong><br data-start=\"1471\" data-end=\"1474\" \/><strong data-start=\"1477\" data-end=\"1518\">Moderne und individuelle Behandlungen<\/strong><br data-start=\"1518\" data-end=\"1521\" \/><strong data-start=\"1524\" data-end=\"1562\">L\u00f6sungen f\u00fcr Erwachsene und Kinder<\/strong><br data-start=\"1562\" data-end=\"1565\" \/><strong data-start=\"1568\" data-end=\"1629\">Einfache Erreichbarkeit mit der Metro &amp; Parkm\u00f6glichkeiten<\/strong><\/p>\n<p data-start=\"1633\" data-end=\"1723\"><strong data-start=\"1636\" data-end=\"1666\">Kontaktieren Sie uns jetzt<\/strong> f\u00fcr weitere Informationen oder zur Terminvereinbarung!<\/p>\n\t\t\t\t\t\t\t<\/div>\n\t\t\t\t\t\t\t\t\t\t\t\t\t\t\t\t\t\t\t\t\t\t\t\t\t\t\t<\/div>\n\t\t\t\t\t\t\t\t\t\t\t\t\t\t\t\t\t\t\t\t<div class=\"col-md-6\">\n\t\t\t\t\t\t\t<div class=\"text-lg\">\n\t\t\t\t\t\t\t\t<p data-start=\"96\" data-end=\"335\">Unsere <strong data-start=\"103\" data-end=\"130\">Zahnarztzentrum in \u00c9palinges<\/strong> bietet Ihnen ein breites Spektrum an <strong data-start=\"168\" data-end=\"212\">allgemeiner und \u00e4sthetischer Zahnmedizin<\/strong>. Wir betreuen <strong data-start=\"227\" data-end=\"266\">Erwachsene und Kinder von klein auf<\/strong>, um eine lebenslange <strong data-start=\"288\" data-end=\"315\">optimale Mundgesundheit<\/strong> zu gew\u00e4hrleisten.<\/p>\n<h4 data-start=\"342\" data-end=\"385\"><strong data-start=\"346\" data-end=\"383\">Unsere zahn\u00e4rztlichen Leistungen:<\/strong><\/h4>\n<p data-start=\"387\" data-end=\"907\"><a href=\"https:\/\/adent.ch\/de\/behandlung\/check-smile\/\"><strong data-start=\"389\" data-end=\"436\">Zahnkontrolle und pr\u00e4ventive Untersuchungen<\/strong><\/a><br data-start=\"436\" data-end=\"439\" \/><strong data-start=\"441\" data-end=\"477\"><a href=\"https:\/\/adent.ch\/de\/behandlung\/zahnbehandlung-fuer-kinder\/\">Kinderzahnheilkunde<\/a> (P\u00e4dodontie)<\/strong>: altersgerechte Behandlungen f\u00fcr Kinder<br data-start=\"517\" data-end=\"520\" \/><a href=\"https:\/\/adent.ch\/de\/behandlung\/zahnaerztliche-routineversorgung\/\"><strong data-start=\"522\" data-end=\"565\">Kariesbehandlung und Wurzelbehandlungen<\/strong><\/a><br data-start=\"565\" data-end=\"568\" \/><a href=\"https:\/\/adent.ch\/de\/behandlung\/zahnsteinentfernung-und-zahnhygiene\/\"><strong data-start=\"570\" data-end=\"617\">Professionelle Zahnreinigung und Prophylaxe<\/strong><\/a> f\u00fcr eine optimale Mundhygiene<br data-start=\"647\" data-end=\"650\" \/><a href=\"https:\/\/adent.ch\/de\/behandlung\/zahnaerztliche-routineversorgung\/\"><strong data-start=\"652\" data-end=\"679\">Zahnfleischbehandlungen<\/strong><\/a> (Parodontologie, K\u00fcrettage, chirurgische Eingriffe)<br data-start=\"731\" data-end=\"734\" \/><a href=\"https:\/\/adent.ch\/de\/behandlung\/zahnbleaching-und-aesthetisch-e-en-behandlungen\/\"><strong data-start=\"736\" data-end=\"769\">Professionelles Zahnbleaching<\/strong><\/a> f\u00fcr ein strahlendes L\u00e4cheln<br data-start=\"797\" data-end=\"800\" \/><a href=\"https:\/\/adent.ch\/de\/behandlung\/implantat-und-restauration\/\"><strong data-start=\"802\" data-end=\"851\">Rekonstruktion von Kronen auf Zahnimplantaten<\/strong><\/a><br data-start=\"851\" data-end=\"854\" \/><a href=\"https:\/\/adent.ch\/de\/behandlung\/zahnbleaching-und-aesthetisch-e-en-behandlungen\/\"><strong data-start=\"856\" data-end=\"905\">Festsitzende und herausnehmbare Zahnprothesen<\/strong><\/a><\/p>\n<p data-start=\"909\" data-end=\"1129\">Wir legen grossen Wert auf den <strong data-start=\"939\" data-end=\"973\">Erhalt Ihrer nat\u00fcrlichen Z\u00e4hne<\/strong> durch eine fr\u00fchzeitige Erkennung von <strong data-start=\"1011\" data-end=\"1041\">Mundkrankheiten und Karies<\/strong>. Gemeinsam mit Ihnen finden wir die beste L\u00f6sung f\u00fcr Ihre individuellen Zahnprobleme.<\/p>\n<h4 data-start=\"1136\" data-end=\"1199\"><strong data-start=\"1140\" data-end=\"1197\">Einfache Erreichbarkeit Ihrer Zahnarztzentrum in \u00c9palinges<\/strong><\/h4>\n<p data-start=\"1201\" data-end=\"1432\">Unsere Zahnarztzentrum befindet sich nur <strong data-start=\"1236\" data-end=\"1289\">5 Gehminuten von der Metrostation M2 \u201eCroisettes\u201c<\/strong> entfernt und ist somit bequem erreichbar.<br data-start=\"1331\" data-end=\"1334\" \/><strong data-start=\"1337\" data-end=\"1390\">Parkpl\u00e4tze stehen direkt am Geb\u00e4ude zur Verf\u00fcgung<\/strong> f\u00fcr Patienten, die mit dem Auto kommen.<\/p>\n<p data-start=\"1434\" data-end=\"1587\">Lassen Sie sich von unserem Expertenteam begleiten und sorgen Sie f\u00fcr Ihr sch\u00f6nstes L\u00e4cheln!<br data-start=\"1526\" data-end=\"1529\" \/><strong data-start=\"1532\" data-end=\"1585\">Kontaktieren Sie uns noch heute f\u00fcr <a href=\"https:\/\/adent.ch\/de\/formulaire-zawin\/?id=9801&#038;code=https:\/\/oa.zawin.ch\/fr-CH\/k4096_01\">einen Termin.<\/a><\/strong><\/p>\n<p>Willkommen!<\/p>\n<p><strong>Leiterin des Zentrums<\/strong>: <a href=\"https:\/\/adent.ch\/de\/zahnarzt\/saida-elatrassi\/\">Sa\u00efda ELATRASSI<\/a>, Zahn\u00e4rztin<\/p>\n\t\t\t\t\t\t\t<\/div>\n\t\t\t\t\t\t\t\t\t\t\t\t\t\t\t\t\t\t\t\t\t\t\t\t\t\t\t<\/div>\n\t\t\t\t\t\t\t\t\t\t\t\t<\/div>\n\t\t\t<\/div>\n<\/div>\n\n\n<div class=\"clinique-head-block one-member\" data-id=\"member-block\" id=\"member-block\">\n\t\t\t<div class=\"container\">\n\t\t\t\t\t\t\t<div class=\"row align-items-center\">\n\t\t\t\t\t<div class=\"col-md-6\">\n\t\t\t\t\t\t<div class=\"member-content-pic\">\n\t\t\t\t\t\t\t<img decoding=\"async\" src=\"https:\/\/adent.ch\/wp-content\/uploads\/2022\/05\/saida_epalinges-1307x980.png\" alt=\"\" loading=\"lazy\">\n\t\t\t\t\t\t<\/div>\n\t\t\t\t\t<\/div>\n\t\t\t\t\t<div class=\"col-md-5\">\n\t\t\t\t\t\t<div class=\"member-content-infos\">\n\t\t\t\t\t\t\t<div class=\"h5 is-primary\">Zentrumsleiterin, Zahn\u00e4rztin<\/div>\n\t\t\t\t\t\t\t<h4 class=\"h2\">Sa\u00efda <span class=\"last-name\">ELATRASSI<\/span><\/h4>\n\t\t\t\t\t\t\t<div class=\"short-description\"><p>Allgemeinpraktizierender Zahn\u00e4rztin, der alle g\u00e4ngigen zahn\u00e4rztlichen Behandlungen durchf\u00fchrt.<\/p>\n<\/div>\n\t\t\t\t\t\t\t<a href=\"https:\/\/adent.ch\/de\/zahnarzt\/saida-elatrassi\/\" class=\"primary-btn\">Profil ansehen<\/a>\n\t\t\t\t\t\t<\/div>\n\t\t\t\t\t<\/div>\n\t\t\t\t<\/div>\n\t\t\t\t\t<\/div>\n\t<\/div>\n\n\n\n<div class=\"content-type-selector-block has-bkg\" data-id=\"content-type-selector-block-90\" id=\"content-type-selector-block-90\">\n\t<div class=\"container\">\n\t\t<div class=\"block-heading\" data-sal=\"slide-up\" data-sal-delay=\"200\" data-sal-easing=\"ease-in-out\" data-sal-duration=\"300\">\n\t\t\t<h3 class=\"block-heading__title h2\">Adent Zahnarztzentrum Epalinges Zentrum<\/h3>\n\t\t\t<div class=\"block-heading__description is-dark\">Ein professionelles und herzliches Team, das bereit ist, Sie zu empfangen.<\/div>\n\t\t<\/div>\n\t\t<div class=\"members-slider\" data-sal=\"slide-up\" data-sal-delay=\"200\" data-sal-easing=\"ease-in-out\" data-sal-duration=\"300\">\n\t\t\t<div class=\"swiper\"><div class=\"swiper-wrapper\">\t\t\t\t\t\t\t<div class=\"swiper-slide\">\t\t\t\t<div class=\"equipe-card\">\n\t\t\t\t\t<div class=\"equipe-card__caption\">\n\t\t\t\t\t\t<div class=\"equipe-card__job\">Kieferorthop\u00e4de<\/div>\n\t\t\t\t\t\t<h6 class=\"equipe-card__name h3\">Anthony IBGHEI<\/h6>\n\t\t\t\t\t\t\t\t\t\t\t\t\t<div class=\"equipe-card__description\"><p>Zahnarzt, spezialisiert auf Kieferorthop\u00e4de, f\u00f6rdert Behandlungen, die Gesundheit, Komfort und \u00e4sthetische Behandlungen verbinden.<\/p>\n<\/div>\n\t\t\t\t\t\t\t\t\t\t\t\t<div class=\"equipe-card__pic\">\n\t\t\t\t\t\t\t<img decoding=\"async\" src=\"https:\/\/adent.ch\/wp-content\/uploads\/2025\/06\/anthony-ibghei_ecublens.png\" alt=\"\" loading=\"lazy\">\n\t\t\t\t\t\t<\/div>\n\t\t\t\t\t\t<div class=\"equipe-card__footer\">\n\t\t\t\t\t\t\t<a href=\"https:\/\/adent.ch\/de\/zahnarzt\/anthony-ibghei\/\" class=\"primary-btn\">Profil ansehen<\/a>\n\t\t\t\t\t\t<\/div>\n\t\t\t\t\t<\/div>\n\t\t\t\t<\/div>\n\t\t\t\t<\/div>\t\t\t\t\t\t\t<div class=\"swiper-slide\">\t\t\t\t<div class=\"equipe-card\">\n\t\t\t\t\t<div class=\"equipe-card__caption\">\n\t\t\t\t\t\t<div class=\"equipe-card__job\">Dentalhygienikerin<\/div>\n\t\t\t\t\t\t<h6 class=\"equipe-card__name h3\">Chantal NEYROUD<\/h6>\n\t\t\t\t\t\t\t\t\t\t\t\t\t<div class=\"equipe-card__description\"><p>Dentalhygienikerin, spezialisiert auf Mundhygiene, Krankheitsvorbeugung und Zahnreinigungen.<\/p>\n<\/div>\n\t\t\t\t\t\t\t\t\t\t\t\t<div class=\"equipe-card__pic\">\n\t\t\t\t\t\t\t<img decoding=\"async\" src=\"https:\/\/adent.ch\/wp-content\/uploads\/2023\/05\/chantal-neyroud_ecublens-1307x980.png\" alt=\"\" loading=\"lazy\">\n\t\t\t\t\t\t<\/div>\n\t\t\t\t\t\t<div class=\"equipe-card__footer\">\n\t\t\t\t\t\t\t<a href=\"https:\/\/adent.ch\/de\/zahnarzt\/chantal-neyroud\/\" class=\"primary-btn\">Profil ansehen<\/a>\n\t\t\t\t\t\t<\/div>\n\t\t\t\t\t<\/div>\n\t\t\t\t<\/div>\n\t\t\t\t<\/div>\t\t\t\t\t\t\t<div class=\"swiper-slide\">\t\t\t\t<div class=\"equipe-card\">\n\t\t\t\t\t<div class=\"equipe-card__caption\">\n\t\t\t\t\t\t<div class=\"equipe-card__job\">Zahnarzt<\/div>\n\t\t\t\t\t\t<h6 class=\"equipe-card__name h3\">Karine Margairaz<\/h6>\n\t\t\t\t\t\t\t\t\t\t\t\t\t<div class=\"equipe-card__description\"><p>Zahn\u00e4rztin, der sich auf Kinderzahnpflege spezialisiert hat und Kinder betreut.<\/p>\n<\/div>\n\t\t\t\t\t\t\t\t\t\t\t\t<div class=\"equipe-card__pic\">\n\t\t\t\t\t\t\t<img decoding=\"async\" src=\"https:\/\/adent.ch\/wp-content\/uploads\/2024\/12\/margairaz-karine_ecublens-1307x980.png\" alt=\"\" loading=\"lazy\">\n\t\t\t\t\t\t<\/div>\n\t\t\t\t\t\t<div class=\"equipe-card__footer\">\n\t\t\t\t\t\t\t<a href=\"https:\/\/adent.ch\/de\/zahnarzt\/adele-lodi-rizzini-3\/\" class=\"primary-btn\">Profil ansehen<\/a>\n\t\t\t\t\t\t<\/div>\n\t\t\t\t\t<\/div>\n\t\t\t\t<\/div>\n\t\t\t\t<\/div>\t\t\t\t\t\t\t<div class=\"swiper-slide\">\t\t\t\t<div class=\"equipe-card\">\n\t\t\t\t\t<div class=\"equipe-card__caption\">\n\t\t\t\t\t\t<div class=\"equipe-card__job\">Dentalhygienikerin<\/div>\n\t\t\t\t\t\t<h6 class=\"equipe-card__name h3\">Paece-Louisa NTIGAHERA<\/h6>\n\t\t\t\t\t\t\t\t\t\t\t\t\t<div class=\"equipe-card__description\"><p>Dentalhygienikerin mit Expertise in Pr\u00e4vention und Mundgesundheit.<\/p>\n<\/div>\n\t\t\t\t\t\t\t\t\t\t\t\t<div class=\"equipe-card__pic\">\n\t\t\t\t\t\t\t<img decoding=\"async\" src=\"https:\/\/adent.ch\/wp-content\/uploads\/2026\/02\/peace-louisa-ntigahera_blecherette-1307x980.jpg\" alt=\"\" loading=\"lazy\">\n\t\t\t\t\t\t<\/div>\n\t\t\t\t\t\t<div class=\"equipe-card__footer\">\n\t\t\t\t\t\t\t<a href=\"https:\/\/adent.ch\/de\/zahnarzt\/peace-louisa-ntigahera\/\" class=\"primary-btn\">Profil ansehen<\/a>\n\t\t\t\t\t\t<\/div>\n\t\t\t\t\t<\/div>\n\t\t\t\t<\/div>\n\t\t\t\t<\/div>\t\t\t\t\t\t<\/div><\/div><div class=\"swiper-button-prev\"><\/div><div class=\"swiper-button-next\"><\/div>\t\t<\/div>\n\t\t<div class=\"members-slider-pagination\"><\/div>\t<\/div>\n<\/div>\n\n\n<div class=\"cares-list-block\" >\n\t<div class=\"container\">\n\t\t<div class=\"row\">\n\t\t\t<div class=\"col-md-4\">\n\t\t\t\t<h2 class=\"title h3\">Entdecken Sie unsere Pflege<\/h2>\n\t\t\t\t<div class=\"text-lg is-dark\">Unsere Zahn\u00e4rzte und Dentalhygienikerinnen sind dazu da, all Ihre Bed\u00fcrfnisse in Bezug auf die Zahnpflege zu erf\u00fcllen. Bitte kontaktieren Sie uns f\u00fcr weitere Informationen.<\/div>\n\t\t\t\t<div class=\"cares-list-slider-pagination\"><\/div>\n\t\t\t<\/div>\n\t\t\t<div class=\"col-md-8\">\n\t\t\t\t<div class=\"cares-list-slider\">\n\t\t\t\t\t<div class=\"swiper\">\n\t\t\t\t\t\t<div class=\"swiper-wrapper\">\n\t\t\t\t\t\t\t\t\t\t\t\t\t\t\t<div class=\"swiper-slide\">\n\t\t\t\t\t\t\t\t\t<div class=\"care-slide\">\n\t\t\t\t\t\t\t\t\t\t<div class=\"care-slide__title h4\">Kieferorthop\u00e4die f\u00fcr Kinder und Erwachsene<\/div>\n\t\t\t\t\t\t\t\t\t\t\t\t\t\t\t\t\t\t\t\t\t<div class=\"care-slide__desc\">Verwandeln Sie Ihr L\u00e4cheln<\/div>\n\t\t\t\t\t\t\t\t\t\t\t\t\t\t\t\t\t\t\t\t<div class=\"care-slide__link\">\n\t\t\t\t\t\t\t\t\t\t\t<a href=\"https:\/\/adent.ch\/de\/behandlung\/kieferorthopaedie-fuer-kinder-und-erwachsene\/\" class=\"inline-link\">Weiterlesen<\/a>\n\t\t\t\t\t\t\t\t\t\t<\/div>\n\t\t\t\t\t\t\t\t\t<\/div>\n\t\t\t\t\t\t\t\t<\/div>\n\t\t\t\t\t\t\t\t\t\t\t\t\t\t\t<div class=\"swiper-slide\">\n\t\t\t\t\t\t\t\t\t<div class=\"care-slide\">\n\t\t\t\t\t\t\t\t\t\t<div class=\"care-slide__title h4\">Zahnreinigung und Zahnhygiene<\/div>\n\t\t\t\t\t\t\t\t\t\t\t\t\t\t\t\t\t\t\t\t\t<div class=\"care-slide__desc\">Ein gesund aussehendes L\u00e4cheln<\/div>\n\t\t\t\t\t\t\t\t\t\t\t\t\t\t\t\t\t\t\t\t<div class=\"care-slide__link\">\n\t\t\t\t\t\t\t\t\t\t\t<a href=\"https:\/\/adent.ch\/de\/behandlung\/zahnsteinentfernung-und-zahnhygiene\/\" class=\"inline-link\">Weiterlesen<\/a>\n\t\t\t\t\t\t\t\t\t\t<\/div>\n\t\t\t\t\t\t\t\t\t<\/div>\n\t\t\t\t\t\t\t\t<\/div>\n\t\t\t\t\t\t\t\t\t\t\t\t\t\t\t<div class=\"swiper-slide\">\n\t\t\t\t\t\t\t\t\t<div class=\"care-slide\">\n\t\t\t\t\t\t\t\t\t\t<div class=\"care-slide__title h4\">Bleaching und \u00e4sthetische Behandlungen<\/div>\n\t\t\t\t\t\t\t\t\t\t\t\t\t\t\t\t\t\t\t\t\t<div class=\"care-slide__desc\">Ein noch strahlenderes L\u00e4cheln f\u00fcr maximales Selbstvertrauen<\/div>\n\t\t\t\t\t\t\t\t\t\t\t\t\t\t\t\t\t\t\t\t<div class=\"care-slide__link\">\n\t\t\t\t\t\t\t\t\t\t\t<a href=\"https:\/\/adent.ch\/de\/behandlung\/zahnbleaching-und-aesthetisch-e-en-behandlungen\/\" class=\"inline-link\">Weiterlesen<\/a>\n\t\t\t\t\t\t\t\t\t\t<\/div>\n\t\t\t\t\t\t\t\t\t<\/div>\n\t\t\t\t\t\t\t\t<\/div>\n\t\t\t\t\t\t\t\t\t\t\t\t\t\t\t<div class=\"swiper-slide\">\n\t\t\t\t\t\t\t\t\t<div class=\"care-slide\">\n\t\t\t\t\t\t\t\t\t\t<div class=\"care-slide__title h4\">\u00dcbliche Zahnpflege<\/div>\n\t\t\t\t\t\t\t\t\t\t\t\t\t\t\t\t\t\t\t\t\t<div class=\"care-slide__desc\">Ein umfassendes Kompetenzzentrum f\u00fcr Sie und Ihre Kinder<\/div>\n\t\t\t\t\t\t\t\t\t\t\t\t\t\t\t\t\t\t\t\t<div class=\"care-slide__link\">\n\t\t\t\t\t\t\t\t\t\t\t<a href=\"https:\/\/adent.ch\/de\/behandlung\/zahnaerztliche-routineversorgung\/\" class=\"inline-link\">Weiterlesen<\/a>\n\t\t\t\t\t\t\t\t\t\t<\/div>\n\t\t\t\t\t\t\t\t\t<\/div>\n\t\t\t\t\t\t\t\t<\/div>\n\t\t\t\t\t\t\t\t\t\t\t\t\t\t\t<div class=\"swiper-slide\">\n\t\t\t\t\t\t\t\t\t<div class=\"care-slide\">\n\t\t\t\t\t\t\t\t\t\t<div class=\"care-slide__title h4\">Zahnpflege f\u00fcr Kinder<\/div>\n\t\t\t\t\t\t\t\t\t\t\t\t\t\t\t\t\t\t\t\t\t<div class=\"care-slide__desc\">Angepasstes Know-how<\/div>\n\t\t\t\t\t\t\t\t\t\t\t\t\t\t\t\t\t\t\t\t<div class=\"care-slide__link\">\n\t\t\t\t\t\t\t\t\t\t\t<a href=\"https:\/\/adent.ch\/de\/behandlung\/zahnbehandlung-fuer-kinder\/\" class=\"inline-link\">Weiterlesen<\/a>\n\t\t\t\t\t\t\t\t\t\t<\/div>\n\t\t\t\t\t\t\t\t\t<\/div>\n\t\t\t\t\t\t\t\t<\/div>\n\t\t\t\t\t\t\t\t\t\t\t\t\t\t\t<div class=\"swiper-slide\">\n\t\t\t\t\t\t\t\t\t<div class=\"care-slide\">\n\t\t\t\t\t\t\t\t\t\t<div class=\"care-slide__title h4\">Zahnprothese<\/div>\n\t\t\t\t\t\t\t\t\t\t\t\t\t\t\t\t\t\t\t\t\t<div class=\"care-slide__desc\">Geben Sie Ihrem L\u00e4cheln seinen Glanz zur\u00fcck mit unseren massgeschneiderten Zahnprothesen.<\/div>\n\t\t\t\t\t\t\t\t\t\t\t\t\t\t\t\t\t\t\t\t<div class=\"care-slide__link\">\n\t\t\t\t\t\t\t\t\t\t\t<a href=\"https:\/\/adent.ch\/de\/behandlung\/implantate-und-zahnsanierung\/\" class=\"inline-link\">Weiterlesen<\/a>\n\t\t\t\t\t\t\t\t\t\t<\/div>\n\t\t\t\t\t\t\t\t\t<\/div>\n\t\t\t\t\t\t\t\t<\/div>\n\t\t\t\t\t\t\t\t\t\t\t\t\t\t\t<div class=\"swiper-slide\">\n\t\t\t\t\t\t\t\t\t<div class=\"care-slide\">\n\t\t\t\t\t\t\t\t\t\t<div class=\"care-slide__title h4\">Implantat und Restauration<\/div>\n\t\t\t\t\t\t\t\t\t\t\t\t\t\t\t\t\t\t\t\t\t<div class=\"care-slide__desc\">Komfort und \u00c4sthetik dank Zahnimplantaten<\/div>\n\t\t\t\t\t\t\t\t\t\t\t\t\t\t\t\t\t\t\t\t<div class=\"care-slide__link\">\n\t\t\t\t\t\t\t\t\t\t\t<a href=\"https:\/\/adent.ch\/de\/behandlung\/implantat-und-restauration\/\" class=\"inline-link\">Weiterlesen<\/a>\n\t\t\t\t\t\t\t\t\t\t<\/div>\n\t\t\t\t\t\t\t\t\t<\/div>\n\t\t\t\t\t\t\t\t<\/div>\n\t\t\t\t\t\t\t\t\t\t\t\t\t<\/div>\n\t\t\t\t\t<\/div>\n\t\t\t\t\t<div class=\"swiper-button-prev\"><\/div>\n\t\t\t\t\t<div class=\"swiper-button-next\"><\/div>\n\t\t\t\t<\/div>\n\t\t\t<\/div>\n\t\t<\/div>\n\t<\/div>\n<\/div>\n\n\n\t<div class=\"cta-block without-image\" >\n\t\t<div class=\"container\" data-sal=\"slide-up\" data-sal-delay=\"200\" data-sal-easing=\"ease-in-out\" data-sal-duration=\"300\">\n\t\t\t<div class=\"row justify-content-center\">\n\t\t\t\t<div class=\"col-md-8\">\n\t\t\t\t\t<div class=\"subtitle\"><\/div>\n\t\t\t\t\t<h4 class=\"title\">Zahnnotfall? <\/h4>\n\t\t\t\t\t<p class=\"text\">Rufen Sie unser Zentrum jetzt an f\u00fcr eine schnelle Behandlung.<\/p>\n\t\t\t\t\t\t\t\t\t\t\t<a href=\"tel:+41 21 653 55 50\"  class=\"primary-btn\">Rufen Sie uns an<\/a>\n\t\t\t\t\t\t\t\t\t<\/div>\n\t\t\t<\/div>\n\t\t<\/div>\n\t<\/div>\n","protected":false},"template":"","region":[165,243,175],"clinique_treatment":[],"class_list":["post-9799","clinique","type-clinique","status-publish","hentry","region-westschweiz","region-epalinges-de","region-schweizweit"],"acf":{"banner_clinique":{"image":{"ID":16388,"id":16388,"title":"B07A0254_v2","filename":"b07a0254_v2-scaled.jpg","filesize":787962,"url":"https:\/\/adent.ch\/wp-content\/uploads\/2022\/11\/b07a0254_v2-scaled.jpg","link":"https:\/\/adent.ch\/de\/klinik\/epalinges\/b07a0254_v2-2\/","alt":"","author":"14","description":"","caption":"","name":"b07a0254_v2-2","status":"inherit","uploaded_to":9799,"date":"2025-12-29 12:49:38","modified":"2025-12-29 12:49:38","menu_order":0,"mime_type":"image\/jpeg","type":"image","subtype":"jpeg","icon":"https:\/\/adent.ch\/wp-includes\/images\/media\/default.png","width":2545,"height":2880,"sizes":{"thumbnail":"https:\/\/adent.ch\/wp-content\/uploads\/2022\/11\/b07a0254_v2-150x150.jpg","thumbnail-width":150,"thumbnail-height":150,"medium":"https:\/\/adent.ch\/wp-content\/uploads\/2022\/11\/b07a0254_v2-265x300.jpg","medium-width":265,"medium-height":300,"medium_large":"https:\/\/adent.ch\/wp-content\/uploads\/2022\/11\/b07a0254_v2-768x869.jpg","medium_large-width":768,"medium_large-height":869,"large":"https:\/\/adent.ch\/wp-content\/uploads\/2022\/11\/b07a0254_v2-866x980.jpg","large-width":866,"large-height":980,"1536x1536":"https:\/\/adent.ch\/wp-content\/uploads\/2022\/11\/b07a0254_v2-1357x1536.jpg","1536x1536-width":1357,"1536x1536-height":1536,"2048x2048":"https:\/\/adent.ch\/wp-content\/uploads\/2022\/11\/b07a0254_v2-1810x2048.jpg","2048x2048-width":1810,"2048x2048-height":2048,"gform-image-choice-sm":"https:\/\/adent.ch\/wp-content\/uploads\/2022\/11\/b07a0254_v2-scaled.jpg","gform-image-choice-sm-width":265,"gform-image-choice-sm-height":300,"gform-image-choice-md":"https:\/\/adent.ch\/wp-content\/uploads\/2022\/11\/b07a0254_v2-scaled.jpg","gform-image-choice-md-width":353,"gform-image-choice-md-height":400,"gform-image-choice-lg":"https:\/\/adent.ch\/wp-content\/uploads\/2022\/11\/b07a0254_v2-scaled.jpg","gform-image-choice-lg-width":530,"gform-image-choice-lg-height":600}},"note":"NEU: Kieferorthop\u00e4dische Behandlungen und Kinderzahnheilkunde"},"marker":{"address":"Mr. M\u00e9d. dent. Philippe Wantz, Chem. des Roches 38, 1066 Epalinges, Suisse","lat":46.5437363,"lng":6.6585649,"zoom":14,"place_id":"ChIJ6Yk4WWUujEcRNmkx0MWaPig","name":"Philippe Wantz","street_number":"38","street_name":"Chemin des Roches","street_name_short":"Chem. des Roches","city":"Epalinges","state":"Vaud","state_short":"VD","post_code":"1066","country":"Suisse","country_short":"CH"},"phone":"+41 21 653 55 50","address":"Chemin des Roches 38","postal_code":"1066","email":"epalinges@adent.ch","access":{"bus":"","bus_link":"","train":"5 min zu Fu\u00df von der Metrostation M2 \"Croisettes\" entfernt","train_link":"","parking":"Parkpl\u00e4tze stehen Ihnen unterhalb des Geb\u00e4udes, in dem sich das Zentrum befindet, zur Verf\u00fcgung.","parking_link":""},"schedule":{"title":"\u00d6ffnungszeiten","description":""},"short_description":"","clinique_location_id":"ChIJ6Yk4WWUujEcRNmkx0MWaPig","soins":[{"id":65,"adult":"k4096_01t5","teenager":"k4096_01t5","kid":"k4096_01t5"},{"id":196,"adult":"k4096_01t1","teenager":"k4096_01t1","kid":"k4096_01t1"},{"id":199,"adult":"k4096_01t3","teenager":"k4096_01t3","kid":"k4096_01t2"},{"id":198,"adult":"k4096_01t4","teenager":"k4096_01t4","kid":"k4096_01t4"},{"id":201,"adult":"k4096_01t7","teenager":"k4096_01t7","kid":""},{"id":203,"adult":"k4096_01t8","teenager":"k4096_01t8","kid":"k4096_01t8"},{"id":232,"adult":"k4096_01t9","teenager":"k4096_01t9","kid":"k4096_01t9"},{"id":233,"adult":"k4096_01t10","teenager":"k4096_01t10","kid":"k4096_01t9"}],"subtitle":"Adent Zahnarztzentrum","city":"Epalinges","code_zawin":"https:\/\/oa.zawin.ch\/fr-CH\/k4096_01","code_zawin_emergencies":"https:\/\/oa.zawin.ch\/k4096_01t12","aggregated_city":"","clinique_tag":"","itinerary":"https:\/\/www.google.com\/maps\/dir\/\/Adent+%7C+Dentiste+Epalinges,+Chemin+des+Roches,+Epalinges,+Suisse\/@46.5438311,6.5761563,19194m\/data=!3m1!1e3!4m8!4m7!1m0!1m5!1m1!1s0x478c2e65593889e9:0x283e9ac5d0316936!2m2!1d6.6585572!2d46.5437426?entry=ttu&g_ep=EgoyMDI1MDQyOC4wIKXMDSoJLDEwMjExNDUzSAFQAw%3D%3D","marker_image":{"ID":8716,"id":8716,"title":"adent_clinique_sarnen_banner_2","filename":"sans-titre-24.png","filesize":1463028,"url":"https:\/\/adent.ch\/wp-content\/uploads\/2022\/04\/sans-titre-24.png","link":"https:\/\/adent.ch\/de\/klinik\/sarnen\/adent_clinique_sarnen_banner_2\/","alt":"","author":"6","description":"","caption":"","name":"adent_clinique_sarnen_banner_2","status":"inherit","uploaded_to":4199,"date":"2022-08-12 10:22:12","modified":"2022-08-12 10:25:42","menu_order":0,"mime_type":"image\/png","type":"image","subtype":"png","icon":"https:\/\/adent.ch\/wp-includes\/images\/media\/default.png","width":1920,"height":805,"sizes":{"thumbnail":"https:\/\/adent.ch\/wp-content\/uploads\/2022\/04\/sans-titre-24-150x150.png","thumbnail-width":150,"thumbnail-height":150,"medium":"https:\/\/adent.ch\/wp-content\/uploads\/2022\/04\/sans-titre-24-300x126.png","medium-width":300,"medium-height":126,"medium_large":"https:\/\/adent.ch\/wp-content\/uploads\/2022\/04\/sans-titre-24-768x322.png","medium_large-width":768,"medium_large-height":322,"large":"https:\/\/adent.ch\/wp-content\/uploads\/2022\/04\/sans-titre-24.png","large-width":1920,"large-height":805,"1536x1536":"https:\/\/adent.ch\/wp-content\/uploads\/2022\/04\/sans-titre-24-1536x644.png","1536x1536-width":1536,"1536x1536-height":644,"2048x2048":"https:\/\/adent.ch\/wp-content\/uploads\/2022\/04\/sans-titre-24.png","2048x2048-width":1920,"2048x2048-height":805,"gform-image-choice-sm":"https:\/\/adent.ch\/wp-content\/uploads\/2022\/04\/sans-titre-24.png","gform-image-choice-sm-width":300,"gform-image-choice-sm-height":126,"gform-image-choice-md":"https:\/\/adent.ch\/wp-content\/uploads\/2022\/04\/sans-titre-24.png","gform-image-choice-md-width":400,"gform-image-choice-md-height":168,"gform-image-choice-lg":"https:\/\/adent.ch\/wp-content\/uploads\/2022\/04\/sans-titre-24.png","gform-image-choice-lg-width":600,"gform-image-choice-lg-height":252}}},"yoast_head":"<!-- This site is optimized with the Yoast SEO plugin v27.5 - https:\/\/yoast.com\/product\/yoast-seo-wordpress\/ -->\n<title>Zahnarzt in Epalinges | Adent Zahnarztzentrum<\/title>\n<meta name=\"description\" content=\"Dank der Anwesenheit von Zahn\u00e4rzten und Dentalhygienikerinnen bietet das Adent Zahnarztzentrum in Epalinges alle zahn\u00e4rztlichen Behandlungen f\u00fcr Erwachsene und Kinder an.\" \/>\n<meta name=\"robots\" content=\"index, follow, max-snippet:-1, max-image-preview:large, max-video-preview:-1\" \/>\n<link rel=\"canonical\" href=\"https:\/\/adent.ch\/de\/klinik\/epalinges\/\" \/>\n<meta property=\"og:locale\" content=\"de_DE\" \/>\n<meta property=\"og:type\" content=\"article\" \/>\n<meta property=\"og:title\" content=\"Zahnarzt in Epalinges | Adent Zahnarztzentrum\" \/>\n<meta property=\"og:description\" content=\"Dank der Anwesenheit von Zahn\u00e4rzten und Dentalhygienikerinnen bietet das Adent Zahnarztzentrum in Epalinges alle zahn\u00e4rztlichen Behandlungen f\u00fcr Erwachsene und Kinder an.\" \/>\n<meta property=\"og:url\" content=\"https:\/\/adent.ch\/de\/klinik\/epalinges\/\" \/>\n<meta property=\"og:site_name\" content=\"Adent Zahnarztzentrum\" \/>\n<meta property=\"article:publisher\" content=\"https:\/\/www.facebook.com\/adentcliniquesdentaires\/\" \/>\n<meta property=\"article:modified_time\" content=\"2025-09-10T07:28:16+00:00\" \/>\n<meta property=\"og:image\" content=\"https:\/\/adent.ch\/wp-content\/uploads\/2024\/04\/adent-aubonne-mai-2022-igor-laski-web-hd-srvb-48.jpg\" \/>\n\t<meta property=\"og:image:width\" content=\"1619\" \/>\n\t<meta property=\"og:image:height\" content=\"1080\" \/>\n\t<meta property=\"og:image:type\" content=\"image\/jpeg\" \/>\n<meta name=\"twitter:card\" content=\"summary_large_image\" \/>\n<script type=\"application\/ld+json\" class=\"yoast-schema-graph\">{\"@context\":\"https:\\\/\\\/schema.org\",\"@graph\":[{\"@type\":\"WebPage\",\"@id\":\"https:\\\/\\\/adent.ch\\\/de\\\/klinik\\\/epalinges\\\/\",\"url\":\"https:\\\/\\\/adent.ch\\\/de\\\/klinik\\\/epalinges\\\/\",\"name\":\"Zahnarzt in Epalinges | Adent Zahnarztzentrum\",\"isPartOf\":{\"@id\":\"https:\\\/\\\/adent.ch\\\/de\\\/#website\"},\"datePublished\":\"2022-11-15T12:56:09+00:00\",\"dateModified\":\"2025-09-10T07:28:16+00:00\",\"description\":\"Dank der Anwesenheit von Zahn\u00e4rzten und Dentalhygienikerinnen bietet das Adent Zahnarztzentrum in Epalinges alle zahn\u00e4rztlichen Behandlungen f\u00fcr Erwachsene und Kinder an.\",\"breadcrumb\":{\"@id\":\"https:\\\/\\\/adent.ch\\\/de\\\/klinik\\\/epalinges\\\/#breadcrumb\"},\"inLanguage\":\"de-CH\",\"potentialAction\":[{\"@type\":\"ReadAction\",\"target\":[\"https:\\\/\\\/adent.ch\\\/de\\\/klinik\\\/epalinges\\\/\"]}]},{\"@type\":\"BreadcrumbList\",\"@id\":\"https:\\\/\\\/adent.ch\\\/de\\\/klinik\\\/epalinges\\\/#breadcrumb\",\"itemListElement\":[{\"@type\":\"ListItem\",\"position\":1,\"name\":\"Zahnarztzentrum\",\"item\":\"https:\\\/\\\/adent.ch\\\/de\\\/zahnkliniken\\\/\"},{\"@type\":\"ListItem\",\"position\":2,\"name\":\"Epalinges\"}]},{\"@type\":\"WebSite\",\"@id\":\"https:\\\/\\\/adent.ch\\\/de\\\/#website\",\"url\":\"https:\\\/\\\/adent.ch\\\/de\\\/\",\"name\":\"Adent Zahnarztzentrum\",\"description\":\"\",\"publisher\":{\"@id\":\"https:\\\/\\\/adent.ch\\\/de\\\/#organization\"},\"potentialAction\":[{\"@type\":\"SearchAction\",\"target\":{\"@type\":\"EntryPoint\",\"urlTemplate\":\"https:\\\/\\\/adent.ch\\\/de\\\/?s={search_term_string}\"},\"query-input\":{\"@type\":\"PropertyValueSpecification\",\"valueRequired\":true,\"valueName\":\"search_term_string\"}}],\"inLanguage\":\"de-CH\"},{\"@type\":\"Organization\",\"@id\":\"https:\\\/\\\/adent.ch\\\/de\\\/#organization\",\"name\":\"Adent Cliniques Dentaires\",\"url\":\"https:\\\/\\\/adent.ch\\\/de\\\/\",\"logo\":{\"@type\":\"ImageObject\",\"inLanguage\":\"de-CH\",\"@id\":\"https:\\\/\\\/adent.ch\\\/de\\\/#\\\/schema\\\/logo\\\/image\\\/\",\"url\":\"https:\\\/\\\/adent.ch\\\/wp-content\\\/uploads\\\/2022\\\/09\\\/adent-habefast-logo-2018-fr-05032019-rvb-scaled.jpg\",\"contentUrl\":\"https:\\\/\\\/adent.ch\\\/wp-content\\\/uploads\\\/2022\\\/09\\\/adent-habefast-logo-2018-fr-05032019-rvb-scaled.jpg\",\"width\":2880,\"height\":750,\"caption\":\"Adent Cliniques Dentaires\"},\"image\":{\"@id\":\"https:\\\/\\\/adent.ch\\\/de\\\/#\\\/schema\\\/logo\\\/image\\\/\"},\"sameAs\":[\"https:\\\/\\\/www.facebook.com\\\/adentcliniquesdentaires\\\/\",\"https:\\\/\\\/www.instagram.com\\\/adent.ch\\\/\",\"https:\\\/\\\/www.youtube.com\\\/channel\\\/UCPd5UjY-ipuq3MhW6m0W-wg\",\"https:\\\/\\\/www.linkedin.com\\\/company\\\/adent-cliniques-dentaires\\\/?originalSubdomain=ch\"]}]}<\/script>\n<!-- \/ Yoast SEO plugin. -->","yoast_head_json":{"title":"Zahnarzt in Epalinges | Adent Zahnarztzentrum","description":"Dank der Anwesenheit von Zahn\u00e4rzten und Dentalhygienikerinnen bietet das Adent Zahnarztzentrum in Epalinges alle zahn\u00e4rztlichen Behandlungen f\u00fcr Erwachsene und Kinder an.","robots":{"index":"index","follow":"follow","max-snippet":"max-snippet:-1","max-image-preview":"max-image-preview:large","max-video-preview":"max-video-preview:-1"},"canonical":"https:\/\/adent.ch\/de\/klinik\/epalinges\/","og_locale":"de_DE","og_type":"article","og_title":"Zahnarzt in Epalinges | Adent Zahnarztzentrum","og_description":"Dank der Anwesenheit von Zahn\u00e4rzten und Dentalhygienikerinnen bietet das Adent Zahnarztzentrum in Epalinges alle zahn\u00e4rztlichen Behandlungen f\u00fcr Erwachsene und Kinder an.","og_url":"https:\/\/adent.ch\/de\/klinik\/epalinges\/","og_site_name":"Adent Zahnarztzentrum","article_publisher":"https:\/\/www.facebook.com\/adentcliniquesdentaires\/","article_modified_time":"2025-09-10T07:28:16+00:00","og_image":[{"width":1619,"height":1080,"url":"https:\/\/adent.ch\/wp-content\/uploads\/2024\/04\/adent-aubonne-mai-2022-igor-laski-web-hd-srvb-48.jpg","type":"image\/jpeg"}],"twitter_card":"summary_large_image","schema":{"@context":"https:\/\/schema.org","@graph":[{"@type":"WebPage","@id":"https:\/\/adent.ch\/de\/klinik\/epalinges\/","url":"https:\/\/adent.ch\/de\/klinik\/epalinges\/","name":"Zahnarzt in Epalinges | Adent Zahnarztzentrum","isPartOf":{"@id":"https:\/\/adent.ch\/de\/#website"},"datePublished":"2022-11-15T12:56:09+00:00","dateModified":"2025-09-10T07:28:16+00:00","description":"Dank der Anwesenheit von Zahn\u00e4rzten und Dentalhygienikerinnen bietet das Adent Zahnarztzentrum in Epalinges alle zahn\u00e4rztlichen Behandlungen f\u00fcr Erwachsene und Kinder an.","breadcrumb":{"@id":"https:\/\/adent.ch\/de\/klinik\/epalinges\/#breadcrumb"},"inLanguage":"de-CH","potentialAction":[{"@type":"ReadAction","target":["https:\/\/adent.ch\/de\/klinik\/epalinges\/"]}]},{"@type":"BreadcrumbList","@id":"https:\/\/adent.ch\/de\/klinik\/epalinges\/#breadcrumb","itemListElement":[{"@type":"ListItem","position":1,"name":"Zahnarztzentrum","item":"https:\/\/adent.ch\/de\/zahnkliniken\/"},{"@type":"ListItem","position":2,"name":"Epalinges"}]},{"@type":"WebSite","@id":"https:\/\/adent.ch\/de\/#website","url":"https:\/\/adent.ch\/de\/","name":"Adent Zahnarztzentrum","description":"","publisher":{"@id":"https:\/\/adent.ch\/de\/#organization"},"potentialAction":[{"@type":"SearchAction","target":{"@type":"EntryPoint","urlTemplate":"https:\/\/adent.ch\/de\/?s={search_term_string}"},"query-input":{"@type":"PropertyValueSpecification","valueRequired":true,"valueName":"search_term_string"}}],"inLanguage":"de-CH"},{"@type":"Organization","@id":"https:\/\/adent.ch\/de\/#organization","name":"Adent Cliniques Dentaires","url":"https:\/\/adent.ch\/de\/","logo":{"@type":"ImageObject","inLanguage":"de-CH","@id":"https:\/\/adent.ch\/de\/#\/schema\/logo\/image\/","url":"https:\/\/adent.ch\/wp-content\/uploads\/2022\/09\/adent-habefast-logo-2018-fr-05032019-rvb-scaled.jpg","contentUrl":"https:\/\/adent.ch\/wp-content\/uploads\/2022\/09\/adent-habefast-logo-2018-fr-05032019-rvb-scaled.jpg","width":2880,"height":750,"caption":"Adent Cliniques Dentaires"},"image":{"@id":"https:\/\/adent.ch\/de\/#\/schema\/logo\/image\/"},"sameAs":["https:\/\/www.facebook.com\/adentcliniquesdentaires\/","https:\/\/www.instagram.com\/adent.ch\/","https:\/\/www.youtube.com\/channel\/UCPd5UjY-ipuq3MhW6m0W-wg","https:\/\/www.linkedin.com\/company\/adent-cliniques-dentaires\/?originalSubdomain=ch"]}]}},"google_datas":{"html_attributions":[],"result":{"current_opening_hours":{"open_now":true,"periods":[{"close":{"date":"2026-05-04","day":1,"time":"1200"},"open":{"date":"2026-05-04","day":1,"time":"0800"}},{"close":{"date":"2026-05-04","day":1,"time":"1700"},"open":{"date":"2026-05-04","day":1,"time":"1300"}},{"close":{"date":"2026-05-05","day":2,"time":"1200"},"open":{"date":"2026-05-05","day":2,"time":"0800"}},{"close":{"date":"2026-05-05","day":2,"time":"1700"},"open":{"date":"2026-05-05","day":2,"time":"1300"}},{"close":{"date":"2026-05-06","day":3,"time":"1200"},"open":{"date":"2026-05-06","day":3,"time":"0800"}},{"close":{"date":"2026-05-06","day":3,"time":"1700"},"open":{"date":"2026-05-06","day":3,"time":"1300"}},{"close":{"date":"2026-04-30","day":4,"time":"1200"},"open":{"date":"2026-04-30","day":4,"time":"0800"}},{"close":{"date":"2026-04-30","day":4,"time":"1700"},"open":{"date":"2026-04-30","day":4,"time":"1300"}},{"close":{"date":"2026-05-01","day":5,"time":"1200"},"open":{"date":"2026-05-01","day":5,"time":"0800"}},{"close":{"date":"2026-05-01","day":5,"time":"1700"},"open":{"date":"2026-05-01","day":5,"time":"1300"}}],"weekday_text":["lundi: 08:00\u2009\u2013\u200912:00, 13:00\u2009\u2013\u200917:00","mardi: 08:00\u2009\u2013\u200912:00, 13:00\u2009\u2013\u200917:00","mercredi: 08:00\u2009\u2013\u200912:00, 13:00\u2009\u2013\u200917:00","jeudi: 08:00\u2009\u2013\u200912:00, 13:00\u2009\u2013\u200917:00","vendredi: 08:00\u2009\u2013\u200912:00, 13:00\u2009\u2013\u200917:00","samedi: Ferm\u00e9","dimanche: Ferm\u00e9"]},"opening_hours":{"open_now":true,"periods":[{"close":{"day":1,"time":"1200"},"open":{"day":1,"time":"0800"}},{"close":{"day":1,"time":"1700"},"open":{"day":1,"time":"1300"}},{"close":{"day":2,"time":"1200"},"open":{"day":2,"time":"0800"}},{"close":{"day":2,"time":"1700"},"open":{"day":2,"time":"1300"}},{"close":{"day":3,"time":"1200"},"open":{"day":3,"time":"0800"}},{"close":{"day":3,"time":"1700"},"open":{"day":3,"time":"1300"}},{"close":{"day":4,"time":"1200"},"open":{"day":4,"time":"0800"}},{"close":{"day":4,"time":"1700"},"open":{"day":4,"time":"1300"}},{"close":{"day":5,"time":"1200"},"open":{"day":5,"time":"0800"}},{"close":{"day":5,"time":"1700"},"open":{"day":5,"time":"1300"}}],"weekday_text":["lundi: 08:00\u2009\u2013\u200912:00, 13:00\u2009\u2013\u200917:00","mardi: 08:00\u2009\u2013\u200912:00, 13:00\u2009\u2013\u200917:00","mercredi: 08:00\u2009\u2013\u200912:00, 13:00\u2009\u2013\u200917:00","jeudi: 08:00\u2009\u2013\u200912:00, 13:00\u2009\u2013\u200917:00","vendredi: 08:00\u2009\u2013\u200912:00, 13:00\u2009\u2013\u200917:00","samedi: Ferm\u00e9","dimanche: Ferm\u00e9"]},"photos":[{"height":3497,"html_attributions":["<a href=\"https:\/\/maps.google.com\/maps\/contrib\/100425746775991608504\">Adent | Dentiste Epalinges<\/a>"],"photo_reference":"Ab43m-ucRiYxvfcr1JxMQYC-b3znJViIr52-eLX-JLzNOGRZ1w5oAmjKXFgShZtK1Y6EBm9xH1DUFpfxwVi5cSQHT0oBPKxANFmpTqJ32jHkDXrUCDru__Mo7xoGkz_pDtLxxorjLUXQj1Fb5A1mW1DwPlBIPyw_P24wkAJjA0hWoY-zJJkS0-kNSP_Yi7HTXXIJfwLZuA-ntuZrJHXucjS4UzEnkDMeVVkonecEO6jyo-wROqFCsIiC7RjG3Uvomt4lAW2OPFHnBkRnIiAVEThbQ9WZ6n-brTNDQzHHQSGsnqBAEw","width":4800},{"height":3371,"html_attributions":["<a href=\"https:\/\/maps.google.com\/maps\/contrib\/100425746775991608504\">Adent | Dentiste Epalinges<\/a>"],"photo_reference":"Ab43m-tDb1hvdiZdE7E_Ru0A54twmkLsg7_Rx-ZOipSZ0QcztCJ56VC1ZIZEQrcUmwEfn-EzmkFWNoZV2QHWR3h1EMXYzlL8aBOts4dH1mU1VtzFu_KtxvmbcbG7WgWKHoFG_7nieXOk2ArpYrLJX2eELFqqbzA4ugBRdJQOqYilaaaoxO1renv40J-vf4YtCbGh6h-d9gNYMmsW5we1X1avU6dpmyL0kcE9gL5yMKZSdbFOn1-dF96D9ixQsJhiyXSlANGMNwKUaNbXr0pb5lmZJL_amMLvjVaUqWi3nZr9Q6ysxw","width":4800},{"height":3200,"html_attributions":["<a href=\"https:\/\/maps.google.com\/maps\/contrib\/100425746775991608504\">Adent | Dentiste Epalinges<\/a>"],"photo_reference":"Ab43m-t6-Fp7Go9i8Vfmczn-MczkfLml7RiLzEey5g0NHhYswH5hrWc_gRnCjXWfWUFOcw7uplPo7t8nQg3LMCjM3Acs7Szm_qTzUqnQuqVKxCsIZH4hUpbxSnF5Vrrtr7txHceh54oURgH0K7jnCNN7DcaIxO9DahQ2siulwcrd2yHNwsHEzulgPWlQH09fwxXxP88bIsz-pQ4ZNoyCqC8kTULiLK2PreGI1UiELN0XHsjCurFiIJN8uEb4H1LiK1PIjNUtjmaJv-ftD3sOFfliv7GL_I6p1A_9CoSOsr9q3RwqWw","width":4800},{"height":2834,"html_attributions":["<a href=\"https:\/\/maps.google.com\/maps\/contrib\/100425746775991608504\">Adent | Dentiste Epalinges<\/a>"],"photo_reference":"Ab43m-uHCOgg7y6XDqAqS6E66yUnBFKiwDUksragIYoe-iaSdSvvGf3WT9jNhAT-CSEsjj7oeFAg1CiFOJRxAgBk9YQT2TEhVINQWdsUXZEm3zbYXPUIyrwOJLyUXwxdv5pt-TDk9brzIxyg--Zb_Xeeln8wNPiVUloHb7LXVATOOGkT8Y4HnhxdO_RCj__Rc3DPhI01SnrYpVpPlhV7sVHpzcdpLYOOowhjRqhphWGTqHhvz9ITkl0MUjpmLbo7tEKG3ml0KwzzAervfx5FnSNtFPlA5c5A6SX1FVqqYfBj2O429A","width":4800},{"height":3319,"html_attributions":["<a href=\"https:\/\/maps.google.com\/maps\/contrib\/100425746775991608504\">Adent | Dentiste Epalinges<\/a>"],"photo_reference":"Ab43m-vV_MRlU6ocPzdI4-4ren7PWVVABl99V8-4U8_TEoeZo35nmeUnT5GwJzzOK1pA3g1fuQ6nDzSxNPPP5w3NMxM2StDIVaWYcQ3-mNYMpXKTPC1EHf5nk2Uog_BygyQM1BK5Bn2qAQZEZYYgUICe_j5GtA-oGl3XcL-x1hdJtAHDHTURfSW-At6qe5KwIsVY4cfHPYYvpP5cZ0CJOopQT1U9OFZg0K_kqU8Wqn6wsNpoU3-bsz9IWpib8-a3G6ruzUZRue0IRDyYtfHtJzV7GiRc9DRvRvQjRTEhpIp2HLQ-kQ","width":4800},{"height":948,"html_attributions":["<a href=\"https:\/\/maps.google.com\/maps\/contrib\/100425746775991608504\">Adent | Dentiste Epalinges<\/a>"],"photo_reference":"Ab43m-s0blWeJ2ClxeQA5fvhy5WIBu-R-yjEjH0u3Oc_UZl4NMeyfEqa2U8fkJVbONxhavAOIVM4aT4-H-2g4_ngm75B0xPDHtjLGJUmP-qEWs89F-RDKZ-ThQH3FurpNqC6qFA2jQi44WfefMYmtodw_913GwfnhfFwpJjoURnGZ9aILxF2KekM7iXYbEQtm8w1wF1PLQiOMCB22RNoPwRsbUJ5YVOqKYMV3itRevJ7JR3ScwYQ--a_DkemDGJY5_C_XHw4RXLJRPMhA9h-uCLGfpXRVeUqJTdk2nx3dhC1N53x_A","width":948}],"rating":4.6,"url":"https:\/\/maps.google.com\/?cid=2899925384465312054","user_ratings_total":10},"status":"OK"},"_links":{"self":[{"href":"https:\/\/adent.ch\/de\/wp-json\/wp\/v2\/clinique\/9799","targetHints":{"allow":["GET"]}}],"collection":[{"href":"https:\/\/adent.ch\/de\/wp-json\/wp\/v2\/clinique"}],"about":[{"href":"https:\/\/adent.ch\/de\/wp-json\/wp\/v2\/types\/clinique"}],"wp:attachment":[{"href":"https:\/\/adent.ch\/de\/wp-json\/wp\/v2\/media?parent=9799"}],"wp:term":[{"taxonomy":"region","embeddable":true,"href":"https:\/\/adent.ch\/de\/wp-json\/wp\/v2\/region?post=9799"},{"taxonomy":"clinique_treatment","embeddable":true,"href":"https:\/\/adent.ch\/de\/wp-json\/wp\/v2\/clinique_treatment?post=9799"}],"curies":[{"name":"wp","href":"https:\/\/api.w.org\/{rel}","templated":true}]}}