{"id":10999,"date":"2023-02-13T15:49:25","date_gmt":"2023-02-13T14:49:25","guid":{"rendered":"https:\/\/adent.ch\/dentistes\/eva-humair-3\/"},"modified":"2025-11-18T11:49:37","modified_gmt":"2025-11-18T10:49:37","slug":"eva-johannsen","status":"publish","type":"equipe","link":"https:\/\/adent.ch\/de\/zahnarzt\/eva-johannsen\/","title":{"rendered":"Eva JOHANNSEN"},"content":{"rendered":"<div class=\"two-column-block\" >\n\t<div class=\"container\">\n\t\t\t\t\t\t\t<div class=\"row justify-content-between\" data-sal=\"slide-up\" data-sal-delay=\"200\" data-sal-easing=\"ease-in-out\" data-sal-duration=\"300\">\n\t\t\t\t\t\t\t\t\t\t\t\t\t\t\t<div class=\"col-md-6\">\n\t\t\t\t\t\t\t<div class=\"text-lg\">\n\t\t\t\t\t\t\t\t<p data-start=\"316\" data-end=\"614\">Dr. med. dent. <strong data-start=\"331\" data-end=\"348\">Eva Johannsen<\/strong> ist <strong data-start=\"353\" data-end=\"408\">Zahn\u00e4rztin mit Spezialisierung auf Kieferorthop\u00e4die<\/strong> und arbeitet in den <strong data-start=\"429\" data-end=\"454\">Adent Zahnarztzentren<\/strong> in <strong data-start=\"458\" data-end=\"498\">Rotkreuz, Fl\u00fcelen, Z\u00fcrich und Sarnen<\/strong>. Sie begleitet Kinder, Jugendliche und Erwachsene auf ihrem Weg zu einem gesunden und \u00e4sthetisch sch\u00f6nen L\u00e4cheln.<\/p>\n<p data-start=\"616\" data-end=\"1046\">Mit Abschl\u00fcssen in <strong data-start=\"635\" data-end=\"650\">Zahnmedizin<\/strong> und <strong data-start=\"655\" data-end=\"675\">Kieferorthop\u00e4die<\/strong> verf\u00fcgt Dr. Johannsen \u00fcber fundiertes Fachwissen. Von Beginn ihres Studiums an war die <strong data-start=\"763\" data-end=\"783\">Kieferorthop\u00e4die<\/strong> ihr Ziel. Ihre Erfahrungen als Zahn\u00e4rztin in Deutschland und im Ausland zeigten ihr, dass sie besonders gerne mit <strong data-start=\"898\" data-end=\"926\">Kindern und Jugendlichen<\/strong> arbeitet. Dieses Engagement und ihr Interesse am Fachgebiet f\u00fchrten zur Entscheidung, <strong data-start=\"1013\" data-end=\"1033\">Kieferorthop\u00e4din<\/strong> zu werden.<\/p>\n<p data-start=\"1048\" data-end=\"1462\">Neben der klassischen <strong data-start=\"1070\" data-end=\"1121\">kieferorthop\u00e4dischen Behandlung mit Zahnspangen<\/strong> bietet Dr. Johannsen auch die innovative <strong data-start=\"1163\" data-end=\"1189\">Invisalign\u00ae-Behandlung<\/strong> an. Diese Methode verwendet <strong data-start=\"1218\" data-end=\"1259\">transparente, herausnehmbare Schienen<\/strong>, um die Z\u00e4hne schonend und nahezu unsichtbar zu begradigen. <strong data-start=\"1320\" data-end=\"1335\">Invisalign\u00ae<\/strong> kombiniert Effektivit\u00e4t mit \u00c4sthetik \u2013 ideal f\u00fcr Erwachsene und Jugendliche, die Wert auf eine diskrete Zahnkorrektur legen.<\/p>\n<p data-start=\"1464\" data-end=\"1770\">Die <strong data-start=\"1468\" data-end=\"1493\">Adent Zahnarztzentren<\/strong> und Dr. Johannsen arbeiten regelm\u00e4ssig mit <strong data-start=\"1536\" data-end=\"1564\">Kindern und Jugendlichen<\/strong>. Dabei kommen <strong data-start=\"1579\" data-end=\"1615\">kindgerechte Behandlungsmethoden<\/strong> und speziell ausgestattete Einrichtungen zum Einsatz, um den jungen Patient:innen eine <strong data-start=\"1703\" data-end=\"1752\">positive, stressfreie Erfahrung beim Zahnarzt<\/strong> zu erm\u00f6glichen.<\/p>\n<p data-start=\"1772\" data-end=\"1945\"><strong data-start=\"1772\" data-end=\"1805\">Buchen Sie jetzt Ihren Termin<\/strong> mit Dr. med. dent. Eva Johannsen und starten Sie den Weg zu einem gesunden, strahlenden L\u00e4cheln \u2013 f\u00fcr Kinder, Jugendliche und Erwachsene.<\/p>\n\t\t\t\t\t\t\t<\/div>\n\t\t\t\t\t\t\t\t\t\t\t\t\t\t\t\t\t\t\t\t\t\t\t\t\t\t\t<\/div>\n\t\t\t\t\t\t\t\t\t\t\t\t<\/div>\n\t\t\t<\/div>\n<\/div>","protected":false},"template":"","langue":[135,101,103,102],"class_list":["post-10999","equipe","type-equipe","status-publish","hentry","langue-deutsch","langue-englisch","langue-franzoesisch","langue-spanisch"],"acf":{"first_name":"Eva","last_name":"JOHANNSEN","job":"Kieferorthop\u00e4din","short_description":"<p>Zahn\u00e4rztin, spezialisiert auf Kieferorthop\u00e4die. Sie bietet geeignete L\u00f6sungen zur Zahnkorrektur f\u00fcr Kinder, Jugendliche und Erwachsene.<\/p>\n","zawin_codes":false,"higlight_specialite":"","higlight_specialite_short":"","image":{"ID":15218,"id":15218,"title":"Eva Johannsen","filename":"eva-johannsen.png","filesize":2813191,"url":"https:\/\/adent.ch\/wp-content\/uploads\/2023\/02\/eva-johannsen.png","link":"https:\/\/adent.ch\/de\/zahnarzt\/eva-johannsen\/eva-johannsen-2\/","alt":"","author":"14","description":"","caption":"","name":"eva-johannsen-2","status":"inherit","uploaded_to":10999,"date":"2025-03-13 08:08:01","modified":"2025-03-13 08:08:01","menu_order":0,"mime_type":"image\/png","type":"image","subtype":"png","icon":"https:\/\/adent.ch\/wp-includes\/images\/media\/default.png","width":1880,"height":1410,"sizes":{"thumbnail":"https:\/\/adent.ch\/wp-content\/uploads\/2023\/02\/eva-johannsen-150x150.png","thumbnail-width":150,"thumbnail-height":150,"medium":"https:\/\/adent.ch\/wp-content\/uploads\/2023\/02\/eva-johannsen-300x225.png","medium-width":300,"medium-height":225,"medium_large":"https:\/\/adent.ch\/wp-content\/uploads\/2023\/02\/eva-johannsen-768x576.png","medium_large-width":768,"medium_large-height":576,"large":"https:\/\/adent.ch\/wp-content\/uploads\/2023\/02\/eva-johannsen-1307x980.png","large-width":1307,"large-height":980,"1536x1536":"https:\/\/adent.ch\/wp-content\/uploads\/2023\/02\/eva-johannsen-1536x1152.png","1536x1536-width":1536,"1536x1536-height":1152,"2048x2048":"https:\/\/adent.ch\/wp-content\/uploads\/2023\/02\/eva-johannsen.png","2048x2048-width":1880,"2048x2048-height":1410,"gform-image-choice-sm":"https:\/\/adent.ch\/wp-content\/uploads\/2023\/02\/eva-johannsen.png","gform-image-choice-sm-width":300,"gform-image-choice-sm-height":225,"gform-image-choice-md":"https:\/\/adent.ch\/wp-content\/uploads\/2023\/02\/eva-johannsen.png","gform-image-choice-md-width":400,"gform-image-choice-md-height":300,"gform-image-choice-lg":"https:\/\/adent.ch\/wp-content\/uploads\/2023\/02\/eva-johannsen.png","gform-image-choice-lg-width":600,"gform-image-choice-lg-height":450}},"cliniques":[{"ID":4211,"post_author":"14","post_date":"2022-04-20 15:03:18","post_date_gmt":"2022-04-20 13:03:18","post_content":"<!-- wp:acf\/two-column {\"name\":\"acf\/two-column\",\"data\":{\"anchor\":\"\",\"_anchor\":\"field_635bd17ffcee6\",\"title\":\"Willkommen bei Adent Fl\u00fcelen\",\"_title\":\"field_622629438a3e9\",\"columns_0_column_type\":\"text\",\"_columns_0_column_type\":\"field_627221966b517\",\"columns_0_text\":\"\\u003cp data-start=\\u00220\\u0022 data-end=\\u0022486\\u0022\\u003eDas Adent Zahnarztzentrum Fl\u00fcelen begr\u00fcsst Sie in einer warmen, modernen und vollst\u00e4ndig renovierten Umgebung, nur wenige Schritte vom wundersch\u00f6nen Vierwaldst\u00e4ttersee entfernt. Zentral im Dorf Fl\u00fcelen gelegen und nur rund 70 Meter vom Bahnhof entfernt, \u00fcberzeugt das Zahnarztzentrum durch seine hervorragende Erreichbarkeit mit \u00f6ffentlichen Verkehrsmitteln wie Zug und Bus. Kostenlose Parkpl\u00e4tze stehen ebenfalls zur Verf\u00fcgung und sorgen f\u00fcr eine entspannte und unkomplizierte Anreise.\\u003c\/p\\u003e\\r\\n\\u003cp data-start=\\u0022488\\u0022 data-end=\\u00221008\\u0022\\u003eIm Zahnarztzentrum Fl\u00fcelen k\u00fcmmert sich ein engagiertes Team aus Zahn\u00e4rztinnen, Zahn\u00e4rzten und Prophylaxeassistentinnen mit grosser Fachkompetenz und pers\u00f6nlichem Einsatz um Ihre Zahngesundheit. Kinder wie Erwachsene werden individuell, einf\u00fchlsam und auf h\u00f6chstem Qualit\u00e4tsniveau betreut. Pr\u00e4zision und Sorgfalt stehen bei allen Behandlungen im Mittelpunkt, unterst\u00fctzt durch moderne Technologien wie die GBT\u00ae-Methode, welche eine besonders schonende und effektive Zahnreinigung sowie nachhaltige Pr\u00e4vention erm\u00f6glicht.\\u003c\/p\\u003e\\r\\n\\u003cp data-start=\\u00221010\\u0022 data-end=\\u00221501\\u0022\\u003eDas Adent Zahnarztzentrum Fl\u00fcelen bietet ein umfassendes Spektrum an zahnmedizinischen Leistungen unter einem Dach. Neben der allgemeinen Zahnmedizin geh\u00f6ren auch die Parodontologie zur Behandlung von Zahnfleischr\u00fcckgang, die Oralchirurgie, Zahnimplantate, hochwertiger Zahnersatz, Prophylaxe und \u00e4sthetische Zahnmedizin zum Leistungsangebot. Professionelle Bleachings zur schonenden Aufhellung des Zahnschmelzes runden das Angebot ab und tragen zu einem strahlenden, gepflegten L\u00e4cheln bei.\\u003c\/p\\u003e\\r\\n\\u003cp data-start=\\u00221503\\u0022 data-end=\\u00221935\\u0022\\u003eF\u00fcr Patientinnen und Patienten mit dem Wunsch nach einer Zahnkorrektur stehen im Zahnarztzentrum Fl\u00fcelen moderne kieferorthop\u00e4dische Behandlungen zur Verf\u00fcgung. Dank der Betreuung durch eine spezialisierte Zahn\u00e4rztin oder einen spezialisierten Zahnarzt k\u00f6nnen individuelle und diskrete L\u00f6sungen angeboten werden, ebenso wie bew\u00e4hrte klassische Methoden, stets abgestimmt auf Ihre pers\u00f6nlichen Bed\u00fcrfnisse und \u00e4sthetischen Anspr\u00fcche.\\u003c\/p\\u003e\\r\\n\\u003cp data-start=\\u00221937\\u0022 data-end=\\u00222441\\u0022\\u003eIhr Komfort spielt w\u00e4hrend der gesamten Behandlung eine zentrale Rolle. W\u00e4hrend der zahn\u00e4rztlichen oder prophylaktischen Behandlungen besteht unter anderem die M\u00f6glichkeit, fernzusehen, um die Zeit entspannt zu erleben. Auch die j\u00fcngsten Patientinnen und Patienten geniessen besondere Aufmerksamkeit. Das Zahnarztzentrum ist speziell auf die Betreuung von Kindern ausgerichtet, mit altersgerechter Ausstattung und sanften, verst\u00e4ndnisvollen Behandlungsmethoden, die Vertrauen schaffen und \u00c4ngste abbauen.\\u003c\/p\\u003e\\r\\n\\u003cp data-start=\\u00222443\\u0022 data-end=\\u00222814\\u0022\\u003eUm den unterschiedlichen Lebensrhythmen gerecht zu werden, ist das Adent Zahnarztzentrum Fl\u00fcelen zudem einmal im Monat an einem Samstag ge\u00f6ffnet. So lassen sich Zahnarzttermine flexibel und komfortabel in den Alltag integrieren. Das mehrsprachige Team legt grossen Wert auf eine klare, einf\u00fchlsame Kommunikation und begleitet Sie kompetent durch jeden Behandlungsschritt. Das gesamte Team des Zahnarztzentrums Fl\u00fcelen freut sich darauf, Sie pers\u00f6nlich willkommen zu heissen und Sie langfristig auf Ihrem Weg zu optimaler Mundgesundheit zu begleiten \u2013 mit Fachkompetenz, N\u00e4he und einer ausgepr\u00e4gten menschlichen Dimension.\\u003c\/p\\u003e\",\"_columns_0_text\":\"field_6226294b8a3ea\",\"columns_0_link_type\":\"none\",\"_columns_0_link_type\":\"field_623833b107a07\",\"columns\":1,\"_columns\":\"field_6238335007a05\"},\"mode\":\"edit\"} \/-->\n\n<!-- wp:acf\/clinique-head {\"name\":\"acf\/clinique-head\",\"data\":{\"members\":[\"11734\"],\"_members\":\"field_622f5635c857c\",\"display_shapes\":\"0\",\"_display_shapes\":\"field_62e25019f6eb2\",\"shapes\":\"shape1\",\"_shapes\":\"field_622f5635c8595\"},\"mode\":\"edit\"} \/-->\n\n<!-- wp:acf\/members {\"name\":\"acf\/members\",\"data\":{\"format\":\"slider\",\"_format\":\"field_65aa873152dbb\",\"subtitle\":\"Zu Ihren Diensten\",\"_subtitle\":\"field_65aa873152dc2\",\"title\":\"Adent Zahnarztzentrum in Fl\u00fcelen\",\"_title\":\"field_65aa873152dc9\",\"description\":\"Ein professionelles und herzliches Team, das bereit ist, Sie zu empfangen.\",\"_description\":\"field_65aa873152dcf\",\"button_text\":\"\",\"_button_text\":\"field_65aa873152dd6\",\"button_link\":\"\",\"_button_link\":\"field_65aa873152ddc\"},\"mode\":\"edit\"} \/-->\n\n<!-- wp:block {\"ref\":2108} \/-->\n\n<!-- wp:acf\/cta {\"name\":\"acf\/cta\",\"data\":{\"anchor\":\"\",\"_anchor\":\"field_635bcb8d94cbf\",\"type\":\"without_image\",\"_type\":\"field_62149e2d12aaf\",\"subtitle\":\"\",\"_subtitle\":\"field_62149e038cf5c\",\"title\":\"Zahnnotfall?\",\"_title\":\"field_62149edd2d388\",\"text\":\"Rufen Sie unser Zentrum jetzt an f\u00fcr eine schnelle Behandlung.\",\"_text\":\"field_62149e038cf52\",\"button_text\":\"Rufen Sie uns an\",\"_button_text\":\"field_62149f062d389\",\"button_link\":{\"title\":\"\",\"url\":\"tel:+41 41 870 20 61\",\"target\":\"\"},\"_button_link\":\"field_62149f112d38a\",\"button_color\":\"primary\",\"_button_color\":\"field_622b41428312a\",\"link_is_blank\":\"0\",\"_link_is_blank\":\"field_62285a3437980\"},\"mode\":\"edit\"} \/-->","post_title":"Fl\u00fcelen","post_excerpt":"","post_status":"publish","comment_status":"closed","ping_status":"closed","post_password":"","post_name":"fluelen","to_ping":"","pinged":"","post_modified":"2025-12-31 14:30:59","post_modified_gmt":"2025-12-31 13:30:59","post_content_filtered":"","post_parent":0,"guid":"https:\/\/adent.ch\/clinique\/fluelen\/","menu_order":0,"post_type":"clinique","post_mime_type":"","comment_count":"0","filter":"raw"},{"ID":4203,"post_author":"14","post_date":"2022-04-20 18:13:07","post_date_gmt":"2022-04-20 16:13:07","post_content":"<!-- wp:acf\/two-column {\"name\":\"acf\/two-column\",\"data\":{\"anchor\":\"\",\"_anchor\":\"field_635bd17ffcee6\",\"title\":\"Ihr Adent-Zahnarzt im Zentrum Rotkreuz\",\"_title\":\"field_622629438a3e9\",\"columns_0_column_type\":\"text\",\"_columns_0_column_type\":\"field_627221966b517\",\"columns_0_text\":\"Unser Zahnarztzentrum ist modern und hell. Mit modernster \\u003ca href=\\u0022https:\/\/adent.ch\/de\/info\/die-technologien-der-adent-gruppe\/\\u0022\\u003etechnologischer Ausstattung\\u003c\/a\\u003e, Produkten, die auf den neuesten Forschungsergebnissen basieren, und \\u003ca href=\\u0022https:\/\/adent.ch\/de\/team\/\\u0022\\u003eZahn\u00e4rzten\\u003c\/a\\u003e, die sich st\u00e4ndig weiterbilden, k\u00f6nnen wir Ihnen Zahnbehandlungen von h\u00f6chster Qualit\u00e4t anbieten.\\r\\n\\r\\nDank der Pr\u00e4senz unserer Zahn\u00e4rzte:innen und Dentalhygieniker:innen bieten wir unter einem Dach eine umfassende Palette an zahnmedizinischer Versorgung f\u00fcr Erwachsene und Kinder an. Bei Adent wird die ganze Familie betreut.\\r\\nVorgeschlagene Behandlungen :\\r\\n\\u003cul\\u003e\\r\\n \\t\\u003cli\\u003e\\u003ca href=\\u0022https:\/\/adent.ch\/de\/behandlung\/zahnsteinentfernung-und-zahnhygiene\/\\u0022\\u003eZahn\u00e4rztliche Prophylaxe\\u003c\/a\\u003e\\u003c\/li\\u003e\\r\\n \\t\\u003cli\\u003e\\u003ca href=\\u0022https:\/\/adent.ch\/de\/behandlung\/zahnbleaching-und-aesthetisch-e-en-behandlungen\/\\u0022\\u003eProfessionelles Zahnbleaching\\u003c\/a\\u003e (Philips Zoom!)\\u003c\/li\\u003e\\r\\n \\t\\u003cli\\u003e\\u003ca href=\\u0022https:\/\/adent.ch\/de\/behandlung\/zahnaerztliche-routineversorgung\/\\u0022\\u003e\u00dcbliche Zahnpflege\\u003c\/a\\u003e\\u003c\/li\\u003e\\r\\n \\t\\u003cli\\u003e\\u003ca href=\\u0022https:\/\/adent.ch\/de\/behandlung\/zahnbleaching-und-aesthetisch-e-en-behandlungen\/\\u0022\\u003e\u00c4sthetische Behandlungen\\u003c\/a\\u003e (z. B. Zahnverblendung)\\u003c\/li\\u003e\\r\\n \\t\\u003cli\\u003e\\u003ca href=\\u0022https:\/\/adent.ch\/de\/behandlung\/implantat-und-restauration\/\\u0022\\u003eZahnimplantat\\u003c\/a\\u003e\\u003c\/li\\u003e\\r\\n \\t\\u003cli\\u003e\\u003ca href=\\u0022https:\/\/adent.ch\/de\/behandlung\/kieferorthopaedie-fuer-kinder-und-erwachsene\/\\u0022\\u003eOrthodontische Behandlung\\u003c\/a\\u003e\\u003c\/li\\u003e\\r\\n \\t\\u003cli\\u003e\\u003ca href=\\u0022https:\/\/adent.ch\/de\/behandlung\/zahnbehandlung-fuer-kinder\/\\u0022\\u003eZahnbehandlungen f\u00fcr Kinder\\u003c\/a\\u003e\\u003c\/li\\u003e\\r\\n\\u003c\/ul\\u003e\",\"_columns_0_text\":\"field_6226294b8a3ea\",\"columns_0_link_type\":\"none\",\"_columns_0_link_type\":\"field_623833b107a07\",\"columns_1_column_type\":\"text\",\"_columns_1_column_type\":\"field_627221966b517\",\"columns_1_text\":\"\\u003ch4\\u003eAngst und Phobie vor dem Zahnarzt\\u003c\/h4\\u003e\\r\\nLeiden Sie unter Angst vor dem Zahnarztbesuch? Hat Ihr Kind Angst, uns zu besuchen, und ist eine Zahnbehandlung nicht m\u00f6glich? Wir haben eine L\u00f6sung. Wir behandeln die Angstzust\u00e4nde von Patienten mit \\u003ca href=\\u0022https:\/\/adent.ch\/de\/info\/die-zahnarztphobie\/\\u0022\\u003eLachgas\\u003c\/a\\u003e. Bei dieser Technik wird ein geruchloses Gemisch eingeatmet, das Sie in einen Zustand der bewussten Sedierung versetzt. Sie behalten die Kontrolle \u00fcber das, was um Sie herum geschieht, in einer entspannten Atmosph\u00e4re. Diese Technik der bewussten Sedierung wird sowohl bei Kindern als auch bei Erwachsenen angewendet.\\r\\n\\r\\nUnser hochmotiviertes Team, das an f\u00fchrenden Schulen ausgebildet wurde und mehrere Sprachen spricht, freut sich auf Ihren Besuch.\",\"_columns_1_text\":\"field_6226294b8a3ea\",\"columns_1_link_type\":\"none\",\"_columns_1_link_type\":\"field_623833b107a07\",\"columns\":2,\"_columns\":\"field_6238335007a05\",\"display_shapes\":\"0\",\"_display_shapes\":\"field_62e25403466d9\",\"shapes\":\"shape1\",\"_shapes\":\"field_62262422937e9\"},\"mode\":\"edit\"} \/-->\n\n<!-- wp:acf\/members {\"name\":\"acf\/members\",\"data\":{\"format\":\"slider\",\"_format\":\"field_65aa873152dbb\",\"subtitle\":\"Zu Ihren Diensten\",\"_subtitle\":\"field_65aa873152dc2\",\"title\":\"Adent Zahnarztzentrum in Rotkreuz\",\"_title\":\"field_65aa873152dc9\",\"description\":\"Ein professionelles und herzliches Team, das bereit ist, Sie zu empfangen.\",\"_description\":\"field_65aa873152dcf\",\"button_text\":\"\",\"_button_text\":\"field_65aa873152dd6\",\"button_link\":\"\",\"_button_link\":\"field_65aa873152ddc\"},\"mode\":\"edit\"} \/-->\n\n<!-- wp:block {\"ref\":2108} \/-->\n\n<!-- wp:acf\/cta {\"name\":\"acf\/cta\",\"data\":{\"anchor\":\"\",\"_anchor\":\"field_635bcb8d94cbf\",\"type\":\"without_image\",\"_type\":\"field_62149e2d12aaf\",\"subtitle\":\"\",\"_subtitle\":\"field_62149e038cf5c\",\"title\":\"Zahnnotfall? \",\"_title\":\"field_62149edd2d388\",\"text\":\"Rufen Sie unser Zentrum jetzt an f\u00fcr eine schnelle Behandlung.\",\"_text\":\"field_62149e038cf52\",\"button_text\":\"Rufen Sie uns an\",\"_button_text\":\"field_62149f062d389\",\"button_link\":{\"title\":\"\",\"url\":\"tel:+41 41 566 76 10\",\"target\":\"\"},\"_button_link\":\"field_62149f112d38a\",\"button_color\":\"primary\",\"_button_color\":\"field_622b41428312a\",\"link_is_blank\":\"0\",\"_link_is_blank\":\"field_62285a3437980\"},\"mode\":\"edit\"} \/-->","post_title":"Rotkreuz","post_excerpt":"","post_status":"publish","comment_status":"closed","ping_status":"closed","post_password":"","post_name":"rotkreuz","to_ping":"","pinged":"","post_modified":"2026-04-01 08:53:46","post_modified_gmt":"2026-04-01 06:53:46","post_content_filtered":"","post_parent":0,"guid":"https:\/\/adent.ch\/clinique\/rotkreuz\/","menu_order":0,"post_type":"clinique","post_mime_type":"","comment_count":"0","filter":"raw"},{"ID":13525,"post_author":"14","post_date":"2024-05-03 15:24:30","post_date_gmt":"2024-05-03 13:24:30","post_content":"<!-- wp:acf\/two-column {\"name\":\"acf\/two-column\",\"data\":{\"anchor\":\"\",\"_anchor\":\"field_635bd17ffcee6\",\"title\":\"Ihr Adent-Zahnarzt im Zentrum Oerlikon\",\"_title\":\"field_622629438a3e9\",\"columns_0_column_type\":\"text\",\"_columns_0_column_type\":\"field_627221966b517\",\"columns_0_text\":\"Unser Zahnarztzentrum befindet sich im modernen, urbanen Teil von Oerlikon, Z\u00fcrich. Die Anwesenheit eines \\u003ca href=\\u0022https:\/\/adent.ch\/de\/team\/\\u0022\\u003ekompletten Teams\\u003c\/a\\u003e von Zahn\u00e4rzten, Dentalhygienikern und Fachgebieten erm\u00f6glicht es Ihnen, \\u003ca href=\\u0022https:\/\/adent.ch\/de\/behandlungen\/\\u0022\\u003ealle zahn\u00e4rztlichen\\u003c\/a\\u003e Behandlungen unter einem Dach zu erhalten. Unsere Teams sind geschult und ausgestattet, um Kinder vom fr\u00fchesten Alter an zu betreuen. Bei Adent erh\u00e4lt die ganze Familie eine Zahnpflege, die auf jeden Einzelnen zugeschnitten ist.\\r\\n\\r\\nIn der Tat ist Weiterbildung ein integraler Bestandteil der \\u003ca href=\\u0022https:\/\/adent.ch\/de\/gruppe\/\\u0022\\u003eAdent-Gruppe\\u003c\/a\\u003e. Unsere Zahn\u00e4rzte und Dentalhygienikerinnen sind immer auf dem neuesten Stand der Entwicklung.\\r\\n\\r\\nUnser Zentrum in Z\u00fcrich ist mit modernster Technologie ausgestattet. Jedes Zentrum ist mit digitaler Technologie ausgestattet. Unsere Teams nehmen regelm\u00e4\u00dfig an Fortbildungen teil und sind so auf dem neuesten Stand der Entwicklungen und ihrer Nutzung. Weitere Informationen \u00fcber die Technologien, die bei Adent zum Einsatz kommen, finden Sie auf unserer speziellen Seite.\",\"_columns_0_text\":\"field_6226294b8a3ea\",\"columns_0_link_type\":\"bouton\",\"_columns_0_link_type\":\"field_623833b107a07\",\"columns_0_button_text\":\"Technologien bei Adent\",\"_columns_0_button_text\":\"field_6227212165677\",\"columns_0_button_link\":{\"title\":\"Technologien\",\"url\":\"https:\/\/adent.ch\/de\/info\/die-technologien-der-adent-gruppe\/\",\"target\":\"\"},\"_columns_0_button_link\":\"field_6227212f65678\",\"columns_0_link_is_blank\":\"0\",\"_columns_0_link_is_blank\":\"field_6227213d65679\",\"columns_1_column_type\":\"text\",\"_columns_1_column_type\":\"field_627221966b517\",\"columns_1_text\":\"Unsere Dentalhygienikerinnen stehen Ihnen f\u00fcr \\u003ca href=\\u0022https:\/\/adent.ch\/de\/behandlung\/zahnsteinentfernung-und-zahnhygiene\/\\u0022\\u003eZahnreinigungen und Polituren\\u003c\/a\\u003e zur Verf\u00fcgung. Als Fachgebiete f\u00fcr Hygiene und Pr\u00e4vention behandeln sie auch die parodontale Lockerung. Sie betreuen \\u003ca href=\\u0022https:\/\/adent.ch\/de\/behandlung\/zahnbehandlung-fuer-kinder\/\\u0022\\u003eKinder vom fr\u00fchesten Alter an\\u003c\/a\\u003e. Bei Bedarf erhalten Sie eine professionelle Beratung zur Mundhygiene. Unsere Hygienikerinnen sind f\u00fcr die Anwendung der innovativen Technik \\u003ca href=\\u0022https:\/\/adent.ch\/de\/info\/zahnsteinentfernung-guided-biofilm-technology\/\\u0022\\u003eGBT\u00ae - Guided Biofilm Therapy\\u003c\/a\\u003e der Schweizer Firma EMS Dental zertifiziert. Sie f\u00fchren auch \\u003ca href=\\u0022https:\/\/adent.ch\/de\/behandlung\/zahnbleaching-und-aesthetisch-e-en-behandlungen\/\\u0022\\u003eprofessionelle Zahnaufhellungen\\u003c\/a\\u003e durch.\\r\\n\\r\\nWenn Sie unter akuten Schmerzen leiden, ein Zahn abgebrochen ist oder Sie auf einen Zahn gefallen sind, wenden Sie sich an uns. Wir reservieren Zeitfenster f\u00fcr \\u003ca href=\\u0022https:\/\/adent.ch\/de\/zahnaerztliche-notfaelle\/zurich\/\\u0022\\u003eNotf\u00e4lle\\u003c\/a\\u003e. Sie k\u00f6nnen auch unsere \\u003ca href=\\u0022https:\/\/adent.ch\/de\/kieferorthopadie-zurich\/\\u0022\\u003ekieferorthop\u00e4dische Praxis in Z\u00fcrich\\u003c\/a\\u003e aufsuchen.\\r\\n\\r\\nDas Adent Zahnarztzentrum in Z\u00fcrich ist mit den \u00f6ffentlichen Verkehrsmitteln leicht zu erreichen. Ein geb\u00fchrenpflichtiger Parkplatz befindet sich direkt unterhalb des Zentrums. Die ebenerdige Lage erm\u00f6glicht einen einfachen Zugang f\u00fcr Kinderwagen und Personen mit eingeschr\u00e4nkter Mobilit\u00e4t.\\r\\n\\r\\nWillkommen!\\r\\n\\r\\n\\u0026nbsp;\",\"_columns_1_text\":\"field_6226294b8a3ea\",\"columns_1_link_type\":\"none\",\"_columns_1_link_type\":\"field_623833b107a07\",\"columns\":2,\"_columns\":\"field_6238335007a05\"},\"mode\":\"edit\"} \/-->\n\n<!-- wp:acf\/clinique-head {\"name\":\"acf\/clinique-head\",\"data\":{\"members\":[\"9106\"],\"_members\":\"field_622f5635c857c\",\"display_shapes\":\"0\",\"_display_shapes\":\"field_62e25019f6eb2\",\"shapes\":\"shape4\",\"_shapes\":\"field_622f5635c8595\"},\"mode\":\"edit\"} \/-->\n\n<!-- wp:acf\/members {\"name\":\"acf\/members\",\"data\":{\"format\":\"slider\",\"_format\":\"field_65aa873152dbb\",\"subtitle\":\"Adent Zahnarztzentrum Z\u00fcrich Zentrum  \",\"_subtitle\":\"field_65aa873152dc2\",\"title\":\"Zu Ihren Diensten\",\"_title\":\"field_65aa873152dc9\",\"description\":\"Ein professionelles und freundliches Team, das bereit ist, Sie zu empfangen.\",\"_description\":\"field_65aa873152dcf\",\"button_text\":\"\",\"_button_text\":\"field_65aa873152dd6\",\"button_link\":\"\",\"_button_link\":\"field_65aa873152ddc\"},\"mode\":\"edit\"} \/-->\n\n<!-- wp:block {\"ref\":2108} \/-->\n\n<!-- wp:acf\/cta {\"name\":\"acf\/cta\",\"data\":{\"anchor\":\"\",\"_anchor\":\"field_635bcb8d94cbf\",\"type\":\"without_image\",\"_type\":\"field_62149e2d12aaf\",\"subtitle\":\"\",\"_subtitle\":\"field_62149e038cf5c\",\"title\":\"Zahnnotfall? \",\"_title\":\"field_62149edd2d388\",\"text\":\"Rufen Sie unser Zentrum jetzt an f\u00fcr eine schnelle Behandlung.\",\"_text\":\"field_62149e038cf52\",\"button_text\":\"Rufen Sie uns an\",\"_button_text\":\"field_62149f062d389\",\"button_link\":{\"title\":\"\",\"url\":\"tel:+41 44 441 74 20\",\"target\":\"\"},\"_button_link\":\"field_62149f112d38a\",\"button_color\":\"primary\",\"_button_color\":\"field_622b41428312a\",\"link_is_blank\":\"0\",\"_link_is_blank\":\"field_62285a3437980\"},\"mode\":\"edit\"} \/-->","post_title":"Oerlikon","post_excerpt":"","post_status":"publish","comment_status":"closed","ping_status":"closed","post_password":"","post_name":"zuerich","to_ping":"","pinged":"","post_modified":"2025-09-09 17:04:04","post_modified_gmt":"2025-09-09 15:04:04","post_content_filtered":"","post_parent":0,"guid":"https:\/\/adent.ch\/clinique\/zuerich\/","menu_order":0,"post_type":"clinique","post_mime_type":"","comment_count":"0","filter":"raw"},{"ID":4199,"post_author":"14","post_date":"2022-04-20 18:17:28","post_date_gmt":"2022-04-20 16:17:28","post_content":"<!-- wp:acf\/two-column {\"name\":\"acf\/two-column\",\"data\":{\"anchor\":\"\",\"_anchor\":\"field_635bd17ffcee6\",\"title\":\"Ihr Adent-Zahnarzt im Zentrum Sarnen\",\"_title\":\"field_622629438a3e9\",\"columns_0_column_type\":\"text\",\"_columns_0_column_type\":\"field_627221966b517\",\"columns_0_text\":\"Unser Zahnarztzentrum befindet sich im Herzen von Sarnen, einem charmanten Dorf im Kanton Obwalden. Wir bieten einen multidisziplin\u00e4ren Ansatz in der Zahnheilkunde durch \\u003ca href=\\u0022https:\/\/adent.ch\/de\/team\/\\u0022\\u003eunser komplettes Team von Zahn\u00e4rzten\\u003c\/a\\u003e. Unser Team besteht aus Zahn\u00e4rzten, Prophylaxeassistentinnen und einem Kieferorthop\u00e4den. Erwachsene und \\u003ca href=\\u0022https:\/\/adent.ch\/de\/behandlung\/zahnbehandlung-fuer-kinder\/\\u0022\\u003eKinder\\u003c\/a\\u003e werden in dem Zahnarztzentrum in Sarnen betreut. Unsere Zahn\u00e4rzte bieten Ihnen alle g\u00e4ngigen zahn\u00e4rztlichen Behandlungen an: \\u003ca href=\\u0022https:\/\/adent.ch\/de\/info\/die-oralchirurgie\/\\u0022\\u003eWeisheitszahnentfernung\\u003c\/a\\u003e, Wurzelbehandlung, \\u003ca href=\\u0022https:\/\/adent.ch\/de\/behandlung\/implantat-und-restauration\/\\u0022\\u003eZahnspangen, Zahnimplantate\\u003c\/a\\u003e, aber auch \u00e4sthetische Behandlungen.\\r\\n\\r\\nMit Hilfe eines Kieferorthop\u00e4den k\u00f6nnen Sie Ihre Z\u00e4hne ausrichten und ein gesundes L\u00e4cheln erlangen. Unser \\u003ca href=\\u0022https:\/\/adent.ch\/de\/kieferorthopadie-sarnen\/\\u0022\\u003eKieferorthop\u00e4de in Sarnen\\u003c\/a\\u003e bietet verschiedene Ausrichtungstechniken an. Gemeinsam besprechen Sie das gew\u00fcnschte Ergebnis und die am besten geeignete kieferorthop\u00e4dische Technik.\",\"_columns_0_text\":\"field_6226294b8a3ea\",\"columns_0_link_type\":\"none\",\"_columns_0_link_type\":\"field_623833b107a07\",\"columns_1_column_type\":\"text\",\"_columns_1_column_type\":\"field_627221966b517\",\"columns_1_text\":\"Neben der normalen Zahnpflege bieten wir auch eine \\u003ca href=\\u0022https:\/\/adent.ch\/de\/zahnaerztliche-notfaelle\/\\u0022\\u003eNotfallversorgung\\u003c\/a\\u003e an. Sie haben akute Zahnschmerzen oder einen Zahnunfall? Jeden Tag stehen Zeitfenster f\u00fcr Notf\u00e4lle zur Verf\u00fcgung.\\r\\n\\r\\nUnsere Prophylaxeassistentinnen beraten Sie \u00fcber die richtigen Techniken zur Erhaltung gesunder Z\u00e4hne und gesunden Zahnfleisches. Regelm\u00e4\u00dfige Zahnreinigungen tragen zur Erhaltung gesunder Z\u00e4hne und gesunden Zahnfleisches bei. Unsere Prophylaxe-Assistentinnen sind die Fachleute f\u00fcr Mundgesundheit, besuchen Sie sie regelm\u00e4\u00dfig.\\r\\n\\r\\nIn Sarnen begr\u00fc\u00dfen wir Sie von Montag bis Freitag und an einem Samstag im Monat. Das Zentrum ist f\u00fcr Rollstuhlfahrer zug\u00e4nglich.\\r\\n\\r\\n\\u003cstrong\\u003eLeiter des Zahnarztzentrums : \\u003ca href=\\u0022https:\/\/adent.ch\/de\/zahnarzt\/basem-al-dalfi\/\\u0022\\u003eDr. Basem Al Dalfi \u00a0\\u003c\/a\\u003eSSO-diplomierter Zahnarzt\\u003c\/strong\\u003e\\r\\n\\r\\n\\u0026nbsp;\\r\\n\\r\\n\\u003cem\\u003eSamstag: 1x im Monat nach Absprache\\u003c\/em\\u003e\",\"_columns_1_text\":\"field_6226294b8a3ea\",\"columns_1_link_type\":\"none\",\"_columns_1_link_type\":\"field_623833b107a07\",\"columns\":2,\"_columns\":\"field_6238335007a05\"},\"mode\":\"edit\"} \/-->\n\n<!-- wp:acf\/clinique-head {\"name\":\"acf\/clinique-head\",\"data\":{\"members\":[\"9397\"],\"_members\":\"field_622f5635c857c\",\"display_shapes\":\"0\",\"_display_shapes\":\"field_62e25019f6eb2\",\"shapes\":\"shape1\",\"_shapes\":\"field_622f5635c8595\"},\"mode\":\"edit\"} \/-->\n\n<!-- wp:acf\/members {\"name\":\"acf\/members\",\"data\":{\"format\":\"slider\",\"_format\":\"field_65aa873152dbb\",\"subtitle\":\"Zu Ihren Diensten\",\"_subtitle\":\"field_65aa873152dc2\",\"title\":\"Adent Zahnarztzentrum in Sarnen\",\"_title\":\"field_65aa873152dc9\",\"description\":\"Ein professionelles und freundliches Team, das bereit ist, Sie zu empfangen.\",\"_description\":\"field_65aa873152dcf\",\"button_text\":\"\",\"_button_text\":\"field_65aa873152dd6\",\"button_link\":\"\",\"_button_link\":\"field_65aa873152ddc\"},\"mode\":\"edit\"} \/-->\n\n<!-- wp:block {\"ref\":2108} \/-->\n\n<!-- wp:acf\/cta {\"name\":\"acf\/cta\",\"data\":{\"anchor\":\"\",\"_anchor\":\"field_635bcb8d94cbf\",\"type\":\"without_image\",\"_type\":\"field_62149e2d12aaf\",\"subtitle\":\"\",\"_subtitle\":\"field_62149e038cf5c\",\"title\":\"Zahnnotfall? \",\"_title\":\"field_62149edd2d388\",\"text\":\"Rufen Sie unser Zentrum jetzt an f\u00fcr eine schnelle Behandlung.\",\"_text\":\"field_62149e038cf52\",\"button_text\":\"Rufen Sie uns an\",\"_button_text\":\"field_62149f062d389\",\"button_link\":{\"title\":\"\",\"url\":\"tel:+41 41 660 65 55\",\"target\":\"\"},\"_button_link\":\"field_62149f112d38a\",\"button_color\":\"primary\",\"_button_color\":\"field_622b41428312a\",\"link_is_blank\":\"0\",\"_link_is_blank\":\"field_62285a3437980\"},\"mode\":\"edit\"} \/-->","post_title":"Sarnen","post_excerpt":"","post_status":"publish","comment_status":"closed","ping_status":"closed","post_password":"","post_name":"sarnen","to_ping":"","pinged":"","post_modified":"2025-10-22 16:12:11","post_modified_gmt":"2025-10-22 14:12:11","post_content_filtered":"","post_parent":0,"guid":"https:\/\/adent.ch\/clinique\/sarnen\/","menu_order":0,"post_type":"clinique","post_mime_type":"","comment_count":"0","filter":"raw"}],"soins":[{"ID":4140,"post_author":"14","post_date":"2022-01-03 13:50:41","post_date_gmt":"2022-01-03 12:50:41","post_content":"<!-- wp:acf\/two-column {\"name\":\"acf\/two-column\",\"data\":{\"anchor\":\"\",\"_anchor\":\"field_635bd17ffcee6\",\"title\":\"Das Beste fu\u0308r kleine La\u0308cheln.\",\"_title\":\"field_622629438a3e9\",\"columns_0_column_type\":\"text\",\"_columns_0_column_type\":\"field_627221966b517\",\"columns_0_text\":\"Unsere Kinderzahn\u00e4rzte sind in einem kindgerechten psychologischen und p\u00e4dagogischen Ansatz geschult. Ihre Aufgabe ist es, zu beruhigen und mit einem altersgerechten Vokabular zu sprechen, um ein Klima des Vertrauens zu schaffen.\\r\\n\\r\\nWir f\u00fchren alle Arten von Zahnbehandlungen bei Kindern durch.\\r\\n\\u003cul\\u003e\\r\\n \\t\\u003cli\\u003eKariesbehandlung\\u003c\/li\\u003e\\r\\n \\t\\u003cli\\u003eabgebrochener Zahn\\u003c\/li\\u003e\\r\\n \\t\\u003cli\\u003e\\u003ca href=\\u0022https:\/\/adent.ch\/de\/behandlung\/zahnsteinentfernung-und-zahnhygiene\/\\u0022\\u003eZahnreinigung\\u003c\/a\\u003e\\u003c\/li\\u003e\\r\\n \\t\\u003cli\\u003eTipps zum B\u00fcrsten\\u003c\/li\\u003e\\r\\n \\t\\u003cli\\u003e\\u003ca href=\\u0022https:\/\/adent.ch\/de\/behandlung\/kieferorthopaedie-fuer-kinder-und-erwachsene\/\\u0022\\u003eKieferorthop\u00e4de\\u003c\/a\\u003e\\u003c\/li\\u003e\\r\\n\\u003c\/ul\\u003e\",\"_columns_0_text\":\"field_6226294b8a3ea\",\"columns_0_link_type\":\"bouton\",\"_columns_0_link_type\":\"field_623833b107a07\",\"columns_0_button_text\":\"Termin vereinbaren\",\"_columns_0_button_text\":\"field_6227212165677\",\"columns_0_button_link\":{\"title\":\"Termin Vereinbaren\",\"url\":\"https:\/\/adent.ch\/de\/termin-vereinbaren\/\",\"target\":\"\"},\"_columns_0_button_link\":\"field_6227212f65678\",\"columns_0_link_is_blank\":\"0\",\"_columns_0_link_is_blank\":\"field_6227213d65679\",\"columns_1_column_type\":\"image_video\",\"_columns_1_column_type\":\"field_627221966b517\",\"columns_1_image_video_type\":\"image\",\"_columns_1_image_video_type\":\"field_627222596b51c\",\"columns_1_image\":16375,\"_columns_1_image\":\"field_627222856b51d\",\"columns\":2,\"_columns\":\"field_6238335007a05\"},\"mode\":\"edit\"} \/-->\n\n<!-- wp:acf\/two-column {\"name\":\"acf\/two-column\",\"data\":{\"anchor\":\"\",\"_anchor\":\"field_635bd17ffcee6\",\"title\":\"Kieferorthop\u00e4dische Behandlungen\",\"_title\":\"field_622629438a3e9\",\"columns_0_column_type\":\"text\",\"_columns_0_column_type\":\"field_627221966b517\",\"columns_0_text\":\"Unsere Zahn\u00e4rzte, die sich auf Kieferorthop\u00e4die spezialisiert haben, bieten kieferorthop\u00e4dische Behandlung f\u00fcr Kinder an. Eine kieferorthop\u00e4dische Behandlung kann in jedem Alter begonnen werden, aber die meisten Eltern w\u00fcnschen sich f\u00fcr ihre Kinder eine fr\u00fchzeitige Behandlung. Je nach Art der erforderlichen Behandlung kann eine erste Phase des Abfangens von Kieferorthop\u00e4den bereits ab dem 4. Lebensjahr stattfinden. In den Adent Zahnarztzentren werden verschiedene kieferorthop\u00e4dische Behandlungen angeboten, die sich an die jeweilige Mundsituation anpassen. Weitere Informationen finden Sie \\u003ca href=\\u0022https:\/\/adent.ch\/de\/behandlung\/kieferorthopaedie-fuer-kinder-und-erwachsene\/\\u0022\\u003eauf unserer Seite \u00fcber Kieferorthop\u00e4de f\u00fcr Kinder\\u003c\/a\\u003e!\\r\\n\\r\\nZus\u00e4tzlich zu diesen zahn\u00e4rztlichen Behandlungen erkl\u00e4ren unsere diplomierten Dentalhygienikerinnen mit p\u00e4dagogischen Methoden, wie Z\u00e4hne und Zahnfleisch gesund erhalten werden k\u00f6nnen. Unsere Fachgebiete f\u00fcr zahn\u00e4rztliche Pr\u00e4vention helfen ihnen, die richtigen Verhaltensweisen zu erlernen, sobald sie die ersten Z\u00e4hne bekommen.\\r\\n\\r\\nHaben Sie Fragen zur Zahnhygiene bei Babys oder Jugendlichen? \\u003ca href=\\u0022https:\/\/adent.ch\/de\/behandlung\/zahnsteinentfernung-und-zahnhygiene\/\\u0022\\u003eBesuchen Sie unsere Seite zu diesen Themen\\u003c\/a\\u003e!\",\"_columns_0_text\":\"field_6226294b8a3ea\",\"columns_0_link_type\":\"bouton\",\"_columns_0_link_type\":\"field_623833b107a07\",\"columns_0_button_text\":\"Termin vereinbaren\",\"_columns_0_button_text\":\"field_6227212165677\",\"columns_0_button_link\":{\"title\":\"Termin Vereinbaren\",\"url\":\"https:\/\/adent.ch\/de\/termin-vereinbaren\/\",\"target\":\"\"},\"_columns_0_button_link\":\"field_6227212f65678\",\"columns_0_link_is_blank\":\"0\",\"_columns_0_link_is_blank\":\"field_6227213d65679\",\"columns_1_column_type\":\"text\",\"_columns_1_column_type\":\"field_627221966b517\",\"columns_1_text\":\"Jeder Zahn muss t\u00e4glich gereinigt werden, egal wie klein er ist. Nach der Nahrungsaufnahme bildet sich ein Biofilm auf der Oberfl\u00e4che des Zahnschmelzes. Dieser Biofilm entwickelt sich weiter, wenn er nicht regelm\u00e4\u00dfig gereinigt wird. Dies f\u00fchrt zu wei\u00dfen, weichen Ablagerungen auf der Oberfl\u00e4che der Z\u00e4hne, die als Plaque bezeichnet werden. Zahnbelag besteht unter anderem aus Bakterien. Bakterien k\u00f6nnen Karies verursachen, wenn die Reinigung nicht regelm\u00e4ssig erfolgt. Plaque kann sich auch zu Zahnstein entwickeln, einem harten, wei\u00dfen Belag, der mit der Zahnb\u00fcrste nicht entfernt werden kann.\\r\\n\\r\\nAuch wenn dies selten vorkommt, kann sich ein Schaden an einem Milchzahn auf einen Erwachsenenzahn auswirken. Die Keime der erwachsenen Z\u00e4hne, die sich unter dem Zahnfleisch bilden, sind empfindlich. Sie k\u00f6nnen besch\u00e4digt werden, wenn ein Milchzahn infiziert wird.\\r\\n\\r\\nHeutzutage gibt es eine breite Palette von Hilfsmitteln f\u00fcr die Zahnreinigung bei Kindern. Sie k\u00f6nnen leicht elektrische Zahnb\u00fcrsten, Zahnseide in Tierform, bunte Kinderzahnb\u00fcrsten usw. erwerben. Diese Hilfsmittel helfen Ihnen dabei, die Mundhygiene Ihres Kindes zu verbessern. Lassen Sie sich von \\u003ca href=\\u0022https:\/\/adent.ch\/de\/team\/?care_id=4134\\u0022\\u003eunseren Dentalhygienikerinnen\\u003c\/a\\u003e beraten.\",\"_columns_1_text\":\"field_6226294b8a3ea\",\"columns_1_link_type\":\"bouton\",\"_columns_1_link_type\":\"field_623833b107a07\",\"columns_1_button_text\":\"Zahnreinigung und Zahnhygiene\",\"_columns_1_button_text\":\"field_6227212165677\",\"columns_1_button_link\":{\"title\":\"Zahnreinigung und Zahnhygiene\",\"url\":\"https:\/\/adent.ch\/de\/behandlung\/zahnsteinentfernung-und-zahnhygiene\/\",\"target\":\"\"},\"_columns_1_button_link\":\"field_6227212f65678\",\"columns_1_link_is_blank\":\"0\",\"_columns_1_link_is_blank\":\"field_6227213d65679\",\"columns\":2,\"_columns\":\"field_6238335007a05\"},\"mode\":\"edit\"} \/-->\n\n<!-- wp:acf\/two-column {\"name\":\"acf\/two-column\",\"data\":{\"anchor\":\"Zahnarztangst\",\"_anchor\":\"field_635bd17ffcee6\",\"title\":\"Mein Kind hat Angst vor dem Zahnarzt, was kann ich tun?\",\"_title\":\"field_622629438a3e9\",\"columns_0_column_type\":\"text\",\"_columns_0_column_type\":\"field_627221966b517\",\"columns_0_text\":\"F\u00fcr Kinder mit Phobie oder Angst vor dem Zahnarzt haben wir L\u00f6sungen! Unsere Zahn\u00e4rzte bieten Lachgas- und Hypnosebehandlungen an, die auch bei Kindern einfach und sicher durchzuf\u00fchren sind. Weitere Informationen finden Sie hier.\",\"_columns_0_text\":\"field_6226294b8a3ea\",\"columns_0_link_type\":\"none\",\"_columns_0_link_type\":\"field_623833b107a07\",\"columns\":1,\"_columns\":\"field_6238335007a05\"},\"mode\":\"edit\"} \/-->\n\n<!-- wp:acf\/highlight-image {\"name\":\"acf\/highlight-image\",\"data\":{\"title\":\"Wie kann ich Zahnprobleme bei meinem Kind vermeiden?\",\"_title\":\"field_623c21dda6278\",\"blocs_0_image\":16307,\"_blocs_0_image\":\"field_623c222ba627a\",\"blocs_0_title\":\"Geben Sie gute Gewohnheiten weiter!\",\"_blocs_0_title\":\"field_623c22c4a627b\",\"blocs_0_description\":\"Das Z\u00e4hneputzen wird 3x\/Tag empfohlen: Putzen Sie die Z\u00e4hne nach jeder Mahlzeit und vermeiden Sie bei Ihren Kindern das st\u00e4ndige Naschen von S\u00fcssigkeiten, da dies Karies und Schmerzen verursachen kann.\",\"_blocs_0_description\":\"field_623c22cba627c\",\"blocs_0_button_type\":\"none\",\"_blocs_0_button_type\":\"field_623c34377e92d\",\"blocs_1_image\":16347,\"_blocs_1_image\":\"field_623c222ba627a\",\"blocs_1_title\":\"B\u00fcrsten ab den ersten Z\u00e4hnen.\",\"_blocs_1_title\":\"field_623c22c4a627b\",\"blocs_1_description\":\"Dies kann eine schwierige Aufgabe sein, aber alle Z\u00e4hne, auch wenn sie noch so klein sind, m\u00fcssen t\u00e4glich gereinigt werden. Tragen Sie ab dem ersten Zahn bis zum Alter von ca. 3 Jahren Zahnpasta in der Gr\u00f6sse eines Reiskorns auf, danach in der Gr\u00f6sse einer Erbse.\",\"_blocs_1_description\":\"field_623c22cba627c\",\"blocs_1_button_type\":\"none\",\"_blocs_1_button_type\":\"field_623c34377e92d\",\"blocs_2_image\":16350,\"_blocs_2_image\":\"field_623c222ba627a\",\"blocs_2_title\":\"S\u00fcssigkeiten ja, mit Sympadent\u00ae!\",\"_blocs_2_title\":\"field_623c22c4a627b\",\"blocs_2_description\":\"Bevorzugen Sie \\u003ca href=\\u0022https:\/\/zahnfreundlich.ch\/lassociation-sympadent-sengage-pour-des-dents-denfant-saines\/?lang=fr\\u0022 target=\\u0022_blank\\u0022 rel=\\u0022noopener\\u0022\\u003eSympadent\u00ae Bonbons\\u003c\/a\\u003e: Sie wurden getestet und f\u00fcr gut befunden. Diese S\u00fcssigkeiten schonen die Z\u00e4hne von Kindern und Erwachsenen. Sie k\u00f6nnen es in verschiedenen Gesch\u00e4ften in der Schweiz kaufen. Achten Sie auf das Zahnlogo unter dem Regenschirm.\",\"_blocs_2_description\":\"field_623c22cba627c\",\"blocs_2_button_type\":\"none\",\"_blocs_2_button_type\":\"field_623c34377e92d\",\"blocs_3_image\":16562,\"_blocs_3_image\":\"field_623c222ba627a\",\"blocs_3_title\":\"Alles miteinander teilen? Ja, aber...\",\"_blocs_3_title\":\"field_623c22c4a627b\",\"blocs_3_description\":\"Vermeiden Sie es, den L\u00f6ffel oder andere Gegenst\u00e4nde in den Mund zu nehmen, bevor Sie sie Ihrem Baby geben: Karies verursachende Bakterien werden \u00fcbertragen.\",\"_blocs_3_description\":\"field_623c22cba627c\",\"blocs_3_button_type\":\"none\",\"_blocs_3_button_type\":\"field_623c34377e92d\",\"blocs_4_image\":16311,\"_blocs_4_image\":\"field_623c222ba627a\",\"blocs_4_title\":\"Eine zus\u00e4tzliche Hilfe f\u00fcr eine optimale Reinigung.\",\"_blocs_4_title\":\"field_623c22c4a627b\",\"blocs_4_description\":\"Elektrische Zahnb\u00fcrsten sind eine gute Hilfe f\u00fcr Ihr Kind. Dies erleichtert das B\u00fcrsten und ermutigt sie. Unsere Dentalhygienikerinnen beraten Sie gerne.\",\"_blocs_4_description\":\"field_623c22cba627c\",\"blocs_4_button_type\":\"none\",\"_blocs_4_button_type\":\"field_623c34377e92d\",\"blocs_5_image\":16353,\"_blocs_5_image\":\"field_623c222ba627a\",\"blocs_5_title\":\"Eine fluoridierte Zahnpasta, die f\u00fcr sein Alter geeignet ist.\",\"_blocs_5_title\":\"field_623c22c4a627b\",\"blocs_5_description\":\"Fluor sch\u00fctzt die Z\u00e4hne vor Karies. Sie finden leicht Zahnpasta f\u00fcr Kinder unter 6 Jahren, f\u00fcr Kinder von 6 bis 12 Jahren und f\u00fcr Erwachsene. Wechseln Sie den Geschmack der Zahnpasta regelm\u00e4ssig: Kinder m\u00f6gen Abwechslung.\",\"_blocs_5_description\":\"field_623c22cba627c\",\"blocs_5_button_type\":\"none\",\"_blocs_5_button_type\":\"field_623c34377e92d\",\"blocs\":6,\"_blocs\":\"field_623c21f0a6279\"},\"mode\":\"edit\"} \/-->\n\n<!-- wp:acf\/cta {\"name\":\"acf\/cta\",\"data\":{\"anchor\":\"\",\"_anchor\":\"field_635bcb8d94cbf\",\"type\":\"without_image\",\"_type\":\"field_62149e2d12aaf\",\"subtitle\":\"Zahnpflege f\u00fcr Kinder\",\"_subtitle\":\"field_62149e038cf5c\",\"title\":\"Haben Sie Fragen?\",\"_title\":\"field_62149edd2d388\",\"text\":\"Kontaktieren Sie unsere Zahn\u00e4rzte, die auf die Behandlung von Kindern spezialisiert sind.\",\"_text\":\"field_62149e038cf52\",\"button_text\":\"Einen spezialisierten Zahnarzt finden\",\"_button_text\":\"field_62149f062d389\",\"button_link\":{\"title\":\"Team\",\"url\":\"https:\/\/adent.ch\/de\/team\/?care_id=4140\",\"target\":\"\"},\"_button_link\":\"field_62149f112d38a\",\"button_color\":\"primary\",\"_button_color\":\"field_622b41428312a\",\"link_is_blank\":\"0\",\"_link_is_blank\":\"field_62285a3437980\"},\"mode\":\"edit\"} \/-->","post_title":"Zahnpflege f\u00fcr Kinder","post_excerpt":"","post_status":"publish","comment_status":"closed","ping_status":"closed","post_password":"","post_name":"zahnbehandlung-fuer-kinder","to_ping":"","pinged":"","post_modified":"2026-01-19 15:07:44","post_modified_gmt":"2026-01-19 14:07:44","post_content_filtered":"","post_parent":0,"guid":"https:\/\/adent.ch\/soin\/soins-dentaires-pour-les-enfants\/","menu_order":0,"post_type":"soin","post_mime_type":"","comment_count":"0","filter":"raw"},{"ID":4132,"post_author":"14","post_date":"2022-01-01 13:49:42","post_date_gmt":"2022-01-01 12:49:42","post_content":"<!-- wp:acf\/two-column {\"name\":\"acf\/two-column\",\"data\":{\"anchor\":\"\",\"_anchor\":\"field_635bd17ffcee6\",\"title\":\"Ein gesundes L\u00e4cheln f\u00fcr das ganze Leben\",\"_title\":\"field_622629438a3e9\",\"columns_0_column_type\":\"text\",\"_columns_0_column_type\":\"field_627221966b517\",\"columns_0_text\":\"Die Kieferorthop\u00e4die bietet einen doppelten Nutzen: \u00e4sthetische und funktionelle Vorteile. Denn durch die Korrektur von Fehlstellungen, zu wenig oder zu viel Platz f\u00fcr die Z\u00e4hne, kann die Abnutzung langfristig begrenzt und das Z\u00e4hneputzen erleichtert werden. Ausserdem st\u00e4rkt ein gesundes, harmonisches L\u00e4cheln das Selbstbewusstsein.\\r\\n\\r\\nIn unseren \\u003ca href=\\u0022https:\/\/adent.ch\/de\/zahnkliniken\/\\u0022\\u003eAdent-Zahnarztzentren\\u003c\/a\\u003e bieten wir massgeschneiderte kieferorthop\u00e4dische Behandlungen f\u00fcr Erwachsene und Kinder an.\",\"_columns_0_text\":\"field_6226294b8a3ea\",\"columns_0_link_type\":\"none\",\"_columns_0_link_type\":\"field_623833b107a07\",\"columns_1_column_type\":\"text\",\"_columns_1_column_type\":\"field_627221966b517\",\"columns_1_text\":\"Eine pers\u00f6nliche Betreuung erm\u00f6glicht Ihnen, Ihr \u00e4sthetisches L\u00e4cheln und Ihr Wohlbefinden wiederzufinden. Unsere Kieferorthop\u00e4den verwenden \\u003ca href=\\u0022https:\/\/adent.ch\/de\/info\/die-technologien-der-adent-gruppe\/\\u0022\\u003edie neuesten Technologien\\u003c\/a\\u003e und bieten Ihnen je nach Ausgangssituation und gew\u00fcnschtem Ergebnis verschiedene kieferorthop\u00e4dische Behandlungen an. Diskrete Behandlungen (z. B. die kieferorthop\u00e4dische Methode mit \\u003ca href=\\u0022https:\/\/adent.ch\/de\/info\/invisalign-behandlung\/\\u0022\\u003eder transparenten Zahnschiene Invisalign\u00ae)\\u003c\/a\\u003e sind f\u00fcr Erwachsene und junge Erwachsene verf\u00fcgbar. Auch die klassische Zahnspange mit Brackets ist eine wirksame, bekannte und anerkannte Behandlungsmethode.\",\"_columns_1_text\":\"field_6226294b8a3ea\",\"columns_1_link_type\":\"bouton\",\"_columns_1_link_type\":\"field_623833b107a07\",\"columns_1_button_text\":\"Mein Zentrum finden\",\"_columns_1_button_text\":\"field_6227212165677\",\"columns_1_button_link\":{\"title\":\"zahnkliniken\",\"url\":\"https:\/\/adent.ch\/de\/zahnkliniken\/\",\"target\":\"\"},\"_columns_1_button_link\":\"field_6227212f65678\",\"columns_1_link_is_blank\":\"0\",\"_columns_1_link_is_blank\":\"field_6227213d65679\",\"columns\":2,\"_columns\":\"field_6238335007a05\",\"display_shapes\":\"0\",\"_display_shapes\":\"field_62e25403466d9\",\"shapes\":\"shape6\",\"_shapes\":\"field_62262422937e9\"},\"mode\":\"edit\"} \/-->\n\n<!-- wp:acf\/highlight-image {\"name\":\"acf\/highlight-image\",\"data\":{\"title\":\"Welche Techniken gibt es, um meine Z\u00e4hne zu richten?\",\"_title\":\"field_623c21dda6278\",\"blocs_0_image\":3727,\"_blocs_0_image\":\"field_623c222ba627a\",\"blocs_0_title\":\"1. Die vestibul\u00e4ren Brackets\",\"_blocs_0_title\":\"field_623c22c4a627b\",\"blocs_0_description\":\"Unsere Kieferorthop\u00e4den bieten Ihnen festsitzende (sichtbare und unsichtbare) oder herausnehmbare (sichtbare und unsichtbare) Zahnspangen an. Die traditionellen \\u0022Brackets\\u0022 der Zahnspange sind die beliebteste Behandlung. Sie werden einzeln auf jeden Zahn geklebt und ein Metallbogen verbindet die einzelnen Z\u00e4hne miteinander. Zahnspangen (Brackets), die derzeit bekannteste Zahnspange, sind auch in Keramik - zahnfarben - erh\u00e4ltlich. In regelm\u00e4ssigen Abst\u00e4nden werden leichte Spannungen ausge\u00fcbt, die eine sanfte Bewegung der Z\u00e4hne erm\u00f6glichen.\",\"_blocs_0_description\":\"field_623c22cba627c\",\"blocs_0_button_type\":\"button\",\"_blocs_0_button_type\":\"field_623c34377e92d\",\"blocs_0_button_text\":\"Mein Kieferorthop\u00e4de\",\"_blocs_0_button_text\":\"field_623c34767e92e\",\"blocs_0_button_link\":{\"title\":\"\u00c9quipe\",\"url\":\"https:\/\/adent.ch\/de\/team\/\",\"target\":\"_blank\"},\"_blocs_0_button_link\":\"field_623c347f7e92f\",\"blocs_0_is_blank\":\"0\",\"_blocs_0_is_blank\":\"field_623c34b67e930\",\"blocs_1_image\":3734,\"_blocs_1_image\":\"field_623c222ba627a\",\"blocs_1_title\":\"2. Durchsichtige Zahnspange\",\"_blocs_1_title\":\"field_623c22c4a627b\",\"blocs_1_description\":\"Eine kieferorthop\u00e4dische Behandlung ohne Zahnspange ist mit Invisalign\u00ae m\u00f6glich! Bei dieser Technik wird eine Reihe von herausnehmbaren, transparenten Schienen verwendet, um Ihre Z\u00e4hne ohne sichtbaren Dr\u00e4hte oder Brackets auszurichten. Sie tragen jede Serie von Schienen etwa zwei Wochen lang und nehmen sie nur zum Essen, Trinken und Z\u00e4hneputzen heraus. Da Sie jede durchsichtige Schiene durch die n\u00e4chste in der Reihe ersetzen, bewegen sich Ihre Z\u00e4hne Woche f\u00fcr Woche nach und nach, bis sie die endg\u00fcltige Position erreicht haben.\",\"_blocs_1_description\":\"field_623c22cba627c\",\"blocs_1_button_type\":\"button\",\"_blocs_1_button_type\":\"field_623c34377e92d\",\"blocs_1_button_text\":\"Invisalign\u00ae entdecken\",\"_blocs_1_button_text\":\"field_623c34767e92e\",\"blocs_1_button_link\":{\"title\":\"Invisalign Behandlung\",\"url\":\"https:\/\/adent.ch\/de\/info\/invisalign-behandlung\/\",\"target\":\"\"},\"_blocs_1_button_link\":\"field_623c347f7e92f\",\"blocs_1_is_blank\":\"0\",\"_blocs_1_is_blank\":\"field_623c34b67e930\",\"blocs_2_image\":3731,\"_blocs_2_image\":\"field_623c222ba627a\",\"blocs_2_title\":\"3. Die Lingualringe (an den Innenseiten)\",\"_blocs_2_title\":\"field_623c22c4a627b\",\"blocs_2_description\":\"Eine linguale Zahnspange ist eine Zahnspange, die hinter den Z\u00e4hnen und vor der Zunge sitzt (daher der Name: \\u0022lingual\\u0022). Gut versteckt und von aussen v\u00f6llig unsichtbar. Die Brackets sind durch einen Metallbogen miteinander verbunden, der den Druck auf die Z\u00e4hne aus\u00fcbt und sie sanft bewegt, bis die gew\u00fcnschte Ausrichtung erreicht ist.\\r\\nSie k\u00f6nnen aus verschiedenen Materialien und Formen hergestellt werden, je nachdem, welche Marke oder welches Modell der Kieferorthop\u00e4de verwendet.\",\"_blocs_2_description\":\"field_623c22cba627c\",\"blocs_2_button_type\":\"button\",\"_blocs_2_button_type\":\"field_623c34377e92d\",\"blocs_2_button_text\":\"Mein Zentrum finden\",\"_blocs_2_button_text\":\"field_623c34767e92e\",\"blocs_2_button_link\":{\"title\":\"Zahnkliniken\",\"url\":\"https:\/\/adent.ch\/de\/zahnkliniken\/\",\"target\":\"\"},\"_blocs_2_button_link\":\"field_623c347f7e92f\",\"blocs_2_is_blank\":\"0\",\"_blocs_2_is_blank\":\"field_623c34b67e930\",\"blocs\":3,\"_blocs\":\"field_623c21f0a6279\",\"display_shapes\":\"0\",\"_display_shapes\":\"field_62e25104d76c2\",\"shapes\":\"shape1\",\"_shapes\":\"field_623c20cd3ad28\"},\"mode\":\"edit\"} \/-->\n\n<!-- wp:acf\/tab {\"name\":\"acf\/tab\",\"data\":{\"anchor\":\"\",\"_anchor\":\"field_635bd13882c1f\",\"tabs_0_name\":\"Kind\",\"_tabs_0_name\":\"field_624449592e9bd\",\"tabs_0_tab\":13558,\"_tabs_0_tab\":\"field_624449622e9be\",\"tabs_1_name\":\"Erwachsener\",\"_tabs_1_name\":\"field_624449592e9bd\",\"tabs_1_tab\":13559,\"_tabs_1_tab\":\"field_624449622e9be\",\"tabs\":2,\"_tabs\":\"field_624449452e9bc\"},\"mode\":\"edit\"} \/-->\n\n<!-- wp:acf\/cta {\"name\":\"acf\/cta\",\"data\":{\"anchor\":\"\",\"_anchor\":\"field_635bcb8d94cbf\",\"type\":\"without_image\",\"_type\":\"field_62149e2d12aaf\",\"subtitle\":\"Kieferorthop\u00e4die f\u00fcr Kinder und Erwachsene\",\"_subtitle\":\"field_62149e038cf5c\",\"title\":\"Weitere Informationen \u00fcber Kieferorthop\u00e4die?\",\"_title\":\"field_62149edd2d388\",\"text\":\"Vereinbaren Sie einen Termin mit einem\/r Kieferorthop\u00e4den\/in, um die M\u00f6glichkeiten der Zahnstellung zu besprechen.\",\"_text\":\"field_62149e038cf52\",\"button_text\":\"Termin vereinbaren\",\"_button_text\":\"field_62149f062d389\",\"button_link\":{\"title\":\"Termin Vereinbaren\",\"url\":\"https:\/\/adent.ch\/de\/termin-vereinbaren\/\",\"target\":\"\"},\"_button_link\":\"field_62149f112d38a\",\"button_color\":\"primary\",\"_button_color\":\"field_622b41428312a\",\"link_is_blank\":\"0\",\"_link_is_blank\":\"field_62285a3437980\"},\"mode\":\"edit\"} \/-->\n\n<!-- wp:acf\/accordion {\"name\":\"acf\/accordion\",\"data\":{\"anchor\":\"\",\"_anchor\":\"field_635ba74f0bd13\",\"title\":\"FAQ - Kieferorthop\u00e4die f\u00fcr Kinder und Erwachsene\",\"_title\":\"field_626fdcfcf47bb\",\"description\":\"\",\"_description\":\"field_626fdd05f47bc\",\"accordions_0_title\":\"Warum sollte man sich f\u00fcr Kieferorthop\u00e4die entscheiden?\",\"_accordions_0_title\":\"field_626fdd3ff47be\",\"accordions_0_content\":\"An Kieferorthop\u00e4die denkt man oft zuerst aus \u00e4sthetischen Gr\u00fcnden, doch die Vorteile einer kieferorthop\u00e4dischen Behandlung sind weitaus zahlreicher. Denn Z\u00e4hne und Kiefer in Fehlstellungen k\u00f6nnen zu Funktionsst\u00f6rungen f\u00fchren und sind unter Umst\u00e4nden schwer zu reinigen. Eine schlechte Zahnreinigung f\u00fchrt zu einer Ansammlung von Plaque auf den Z\u00e4hnen und tr\u00e4gt zur Entwicklung von Karies und Zahnfleischerkrankungen (z. B. Zahnfleischschwund) bei. Aufgrund der Schmerzen kann das Kauen beeintr\u00e4chtigt werden und weniger effizient sein, was sich auf Ihre Ern\u00e4hrung und Verdauung auswirkt. Zahnfehlstellungen k\u00f6nnen auch zu \u00fcberm\u00e4ssiger Abnutzung der Z\u00e4hne, Schmerzen im Kiefer, im Kopf, im Nacken und in den Gesichtsmuskeln f\u00fchren.\",\"_accordions_0_content\":\"field_626fdd46f47bf\",\"accordions_1_title\":\"Was sind die Vorteile der Kieferorthop\u00e4die?\",\"_accordions_1_title\":\"field_626fdd3ff47be\",\"accordions_1_content\":\"Die Vorteile einer kieferorthop\u00e4dischen Behandlung mithilfe einer Zahnspange oder \\u003ca href=\\u0022https:\/\/adent.ch\/de\/info\/invisalign-behandlung\/\\u0022\\u003eeiner transparenten Invisalign\u00ae-Schiene\\u003c\/a\\u003e (z. B. bei Kindern oder Erwachsenen) sind vielf\u00e4ltig.\\r\\n\\u003col\\u003e\\r\\n \\t\\u003cli\\u003eStellt einen optimalen Biss wieder her: Ein guter Kontakt zwischen den oberen und unteren Z\u00e4hnen f\u00f6rdert das richtige Kauen.\\u003c\/li\\u003e\\r\\n \\t\\u003cli\\u003eVerhindert Zahnabnutzung: Wenn die Ausrichtung optimal ist, wird die Zahnabnutzung minimiert. Ihr Zahnschmelz sowie die Form Ihrer Z\u00e4hne bleiben erhalten.\\u003c\/li\\u003e\\r\\n \\t\\u003cli\\u003eSorgt f\u00fcr eine bessere Mundgesundheit: Anomalien in der Stellung Ihrer Z\u00e4hne oder Ihres Kiefers k\u00f6nnen zu Schmerzen und Entz\u00fcndungen des Zahnfleisches f\u00fchren. Harmonisch ausgerichtete Z\u00e4hne bieten einen besseren Zugang f\u00fcr die Reinigung.\\u003c\/li\\u003e\\r\\n \\t\\u003cli\\u003eStellt ein harmonisches Erscheinungsbild wieder her: Eine optimale Ausrichtung verleiht Selbstvertrauen. Finden Sie zu einem strahlenden L\u00e4cheln zur\u00fcck und steigern Sie Ihr Selbstvertrauen.\\u003c\/li\\u003e\\r\\n\\u003c\/ol\\u003e\",\"_accordions_1_content\":\"field_626fdd46f47bf\",\"accordions_2_title\":\"Wie viel kostet eine kieferorthop\u00e4dische Behandlung?\",\"_accordions_2_title\":\"field_626fdd3ff47be\",\"accordions_2_content\":\"Die Kosten f\u00fcr eine kieferorthop\u00e4dische Behandlung k\u00f6nnen erst nach einer umfassenden zahn\u00e4rztlichen Kontrolle bei Ihrem Kieferorthop\u00e4den festgelegt werden. Die Kontrolle wird im Zahnarztzentrum in Anwesenheit der Fachkraft durchgef\u00fchrt. Der Kieferorthop\u00e4de erh\u00e4lt so einen \u00dcberblick \u00fcber Ihren aktuellen Mund- und Zahnstatus und kann sich bei der vollst\u00e4ndigen Untersuchung auf das Vorhandensein von R\u00f6ntgenbildern st\u00fctzen. Sie besprechen die verschiedenen Behandlungsm\u00f6glichkeiten und legen gemeinsam das gew\u00fcnschte Ergebnis fest. Der Preis f\u00fcr eine kieferorthop\u00e4dische Behandlung wird daher erst nach einer Untersuchung durch einen unserer Experten f\u00fcr Kieferorthop\u00e4die festgelegt. Dabei sind mehrere Faktoren zu ber\u00fccksichtigen:\\r\\n\\u003cul\\u003e\\r\\n \\t\\u003cli\\u003edie verwendete Technik\\u003c\/li\\u003e\\r\\n \\t\\u003cli\\u003edie Dauer der Behandlung\\u003c\/li\\u003e\\r\\n \\t\\u003cli\\u003evorhandene Fehlstellungen\\u003c\/li\\u003e\\r\\n \\t\\u003cli\\u003edas gew\u00fcnschte Endergebnis beeinflusst auch die Kosten der Behandlung\\u003c\/li\\u003e\\r\\n\\u003c\/ul\\u003e\\r\\nDiese verschiedenen Aspekte sollten mit unseren Kieferorthop\u00e4den besprochen werden.\\r\\n\\r\\n\\u003ca href=\\u0022https:\/\/adent.ch\/de\/team\/?care_id=4132\\u0022\\u003eFinden Sie Ihren Kieferorthop\u00e4den.\\u003c\/a\\u003e\",\"_accordions_2_content\":\"field_626fdd46f47bf\",\"accordions_3_title\":\"Wie kann ich w\u00e4hrend meiner Behandlung den Kieferorthop\u00e4den in der Schweiz wechseln?\",\"_accordions_3_title\":\"field_626fdd3ff47be\",\"accordions_3_content\":\"Den Kieferorthop\u00e4den w\u00e4hrend der Behandlung zu wechseln, ist durchaus m\u00f6glich und kann verschiedene Gr\u00fcnde haben, z. B. einen Umzug, Unzufriedenheit mit der aktuellen Behandlung, Kommunikationsprobleme mit dem aktuellen Behandler oder eine Pr\u00e4ferenz f\u00fcr eine andere Art von Zahnspange.\\r\\n\\r\\nUm den Kieferorthop\u00e4den zu wechseln, m\u00fcssen Sie mehrere wichtige Schritte unternehmen:\\r\\n\\u003col\\u003e\\r\\n \\t\\u003cli\\u003eInformieren Sie Ihren derzeitigen Kieferorthop\u00e4den \u00fcber Ihre Entscheidung. Er ist f\u00fcr die Wartung Ihrer kieferorthop\u00e4dischen Ger\u00e4te und die \u00dcberwachung Ihrer Mundgesundheit verantwortlich und muss Ihre Unterlagen und alle relevanten Informationen an den neuen Zahnarzt weiterleiten.\\u003c\/li\\u003e\\r\\n \\t\\u003cli\\u003eVereinbaren Sie einen Termin f\u00fcr eine erste Beratung mit dem neuen Kieferorthop\u00e4den. Dieser Termin erm\u00f6glicht es dem neuen Spezialisten, Ihre Mundgesundheit zu beurteilen und die Komplexit\u00e4t Ihres Falls zu verstehen. Es ist auch sehr wichtig, dass Sie alle Unterlagen \u00fcber Ihre aktuelle Behandlung mitbringen, z. B. R\u00f6ntgenbilder oder Zahnabdr\u00fccke.\\u003c\/li\\u003e\\r\\n \\t\\u003cli\\u003eSorgen Sie f\u00fcr eine transparente Kommunikation mit dem neuen Kieferorthop\u00e4den. Erkl\u00e4ren Sie Ihre Erwartungen und die Gr\u00fcnde, warum Sie sich f\u00fcr einen Wechsel des Kieferorthop\u00e4den entschieden haben. Es ist wichtig, dass der neue Kieferorthop\u00e4de Ihre Bed\u00fcrfnisse und Vorlieben versteht, damit die Behandlung erfolgreich fortgesetzt werden kann.\\u003c\/li\\u003e\\r\\n\\u003c\/ol\\u003e\",\"_accordions_3_content\":\"field_626fdd46f47bf\",\"accordions_4_title\":\"Wird die Kieferorthop\u00e4die in der Schweiz erstattet?\",\"_accordions_4_title\":\"field_626fdd3ff47be\",\"accordions_4_content\":\"In der Schweiz werden kieferorthop\u00e4dische Behandlungen nicht von der Grundversicherung der Krankenkasse (KVG) gedeckt, die Zahnbehandlungen wird nur dann verg\u00fctet, wenn sie aufgrund einer schweren Krankheit oder eines Unfalls notwendig ist. Um eine Erstattung der Kosten f\u00fcr Kieferorthop\u00e4die zu erhalten, ist es wichtig, eine Zahnzusatzversicherung abzuschliessen.\\r\\n\\r\\nHier sind einige Schl\u00fcsselpunkte zur Erstattung kieferorthop\u00e4discher Behandlungen durch die Zusatzversicherungen in der Schweiz :\\r\\n\\u003cul\\u003e\\r\\n \\t\\u003cli\\u003eIn den Vertr\u00e4gen wird der Prozentsatz der Deckung angegeben, der zwischen 50% und 90% liegen kann, und der Restbetrag ist vom Patienten zu tragen.\\u003c\/li\\u003e\\r\\n \\t\\u003cli\\u003eDie Versicherungen k\u00f6nnen ein H\u00f6chstalter f\u00fcr die Kosten\u00fcbernahme angeben, das h\u00e4ufig zwischen 18 und 25 Jahren liegt, nach dem sie die Kosten f\u00fcr Kieferorthop\u00e4die nicht mehr \u00fcbernehmen.\\u003c\/li\\u003e\\r\\n \\t\\u003cli\\u003eEs kann eine Jahres- oder Gesamtobergrenze f\u00fcr die Erstattung der Behandlungskosten geben, die den Betrag begrenzt, den die Versicherung im Jahr oder \u00fcber die gesamte Dauer der Behandlung zahlt.\\u003c\/li\\u003e\\r\\n\\u003c\/ul\\u003e\\r\\nIm Durchschnitt bieten die Zusatzversicherungen eine R\u00fcckerstattung von 75% an, wobei die j\u00e4hrlichen H\u00f6chstgrenzen in der Regel zwischen CHF 1'000 und CHF 15'000 liegen. Es wird empfohlen, eine Versicherung mit einer maximalen Deckungssumme von mindestens CHF 5'000 zu haben, um gut versichert zu sein.\\r\\n\\r\\nBei Kindern k\u00f6nnen die Einzelheiten der Erstattung variieren, und es ist ratsam, die Leistungen der verschiedenen Versicherungsgesellschaften zu vergleichen. In der Regel m\u00fcssen Sie auch mit dem Versicherungsschutz immer einen Teil der Kosten selbst tragen.\",\"_accordions_4_content\":\"field_626fdd46f47bf\",\"accordions\":5,\"_accordions\":\"field_626fdd1ff47bd\",\"button_button_text\":\"\",\"_button_button_text\":\"field_635b9f5d3ed5e\",\"button_button_link\":\"\",\"_button_button_link\":\"field_635b9f7c3ed5f\",\"button\":\"\",\"_button\":\"field_635b9f2e3ed5d\"},\"mode\":\"edit\"} \/-->","post_title":"Kieferorthop\u00e4die f\u00fcr Kinder und Erwachsene","post_excerpt":"","post_status":"publish","comment_status":"closed","ping_status":"closed","post_password":"","post_name":"kieferorthopaedie-fuer-kinder-und-erwachsene","to_ping":"","pinged":"","post_modified":"2026-02-23 10:45:33","post_modified_gmt":"2026-02-23 09:45:33","post_content_filtered":"","post_parent":0,"guid":"https:\/\/adent.ch\/soin\/orthodontie-pour-enfants-et-adultes\/","menu_order":0,"post_type":"soin","post_mime_type":"","comment_count":"0","filter":"raw"}]},"yoast_head":"<!-- This site is optimized with the Yoast SEO plugin v27.5 - https:\/\/yoast.com\/product\/yoast-seo-wordpress\/ -->\n<title>Eva JOHANNSEN - Kieferorthop\u00e4de | Adent Zahnarztzentrum<\/title>\n<meta name=\"description\" content=\"Dr. med. dent. Eva Johannsen ist Zahn\u00e4rztin mit Spezialisierung auf Kieferorthop\u00e4de. Sie arbeitet in den Adent Zahnarztzentren in Rotkreuz, Fl\u00fcelen, Z\u00fcrich und Sarnen.\" \/>\n<meta name=\"robots\" content=\"index, follow, max-snippet:-1, max-image-preview:large, max-video-preview:-1\" \/>\n<link rel=\"canonical\" href=\"https:\/\/adent.ch\/de\/zahnarzt\/eva-johannsen\/\" \/>\n<meta property=\"og:locale\" content=\"de_DE\" \/>\n<meta property=\"og:type\" content=\"article\" \/>\n<meta property=\"og:title\" content=\"Eva JOHANNSEN - Kieferorthop\u00e4de | Adent Zahnarztzentrum\" \/>\n<meta property=\"og:description\" content=\"Dr. med. dent. Eva Johannsen ist Zahn\u00e4rztin mit Spezialisierung auf Kieferorthop\u00e4de. Sie arbeitet in den Adent Zahnarztzentren in Rotkreuz, Fl\u00fcelen, Z\u00fcrich und Sarnen.\" \/>\n<meta property=\"og:url\" content=\"https:\/\/adent.ch\/de\/zahnarzt\/eva-johannsen\/\" \/>\n<meta property=\"og:site_name\" content=\"Adent Zahnarztzentrum\" \/>\n<meta property=\"article:publisher\" content=\"https:\/\/www.facebook.com\/adentcliniquesdentaires\/\" \/>\n<meta property=\"article:modified_time\" content=\"2025-11-18T10:49:37+00:00\" \/>\n<meta property=\"og:image\" content=\"https:\/\/adent.ch\/wp-content\/uploads\/2024\/04\/adent-aubonne-mai-2022-igor-laski-web-hd-srvb-48.jpg\" \/>\n\t<meta property=\"og:image:width\" content=\"1619\" \/>\n\t<meta property=\"og:image:height\" content=\"1080\" \/>\n\t<meta property=\"og:image:type\" content=\"image\/jpeg\" \/>\n<meta name=\"twitter:card\" content=\"summary_large_image\" \/>\n<script type=\"application\/ld+json\" class=\"yoast-schema-graph\">{\"@context\":\"https:\\\/\\\/schema.org\",\"@graph\":[{\"@type\":\"WebPage\",\"@id\":\"https:\\\/\\\/adent.ch\\\/de\\\/zahnarzt\\\/eva-johannsen\\\/\",\"url\":\"https:\\\/\\\/adent.ch\\\/de\\\/zahnarzt\\\/eva-johannsen\\\/\",\"name\":\"Eva JOHANNSEN - Kieferorthop\u00e4de | Adent Zahnarztzentrum\",\"isPartOf\":{\"@id\":\"https:\\\/\\\/adent.ch\\\/de\\\/#website\"},\"datePublished\":\"2023-02-13T14:49:25+00:00\",\"dateModified\":\"2025-11-18T10:49:37+00:00\",\"description\":\"Dr. med. dent. Eva Johannsen ist Zahn\u00e4rztin mit Spezialisierung auf Kieferorthop\u00e4de. Sie arbeitet in den Adent Zahnarztzentren in Rotkreuz, Fl\u00fcelen, Z\u00fcrich und Sarnen.\",\"breadcrumb\":{\"@id\":\"https:\\\/\\\/adent.ch\\\/de\\\/zahnarzt\\\/eva-johannsen\\\/#breadcrumb\"},\"inLanguage\":\"de-CH\",\"potentialAction\":[{\"@type\":\"ReadAction\",\"target\":[\"https:\\\/\\\/adent.ch\\\/de\\\/zahnarzt\\\/eva-johannsen\\\/\"]}]},{\"@type\":\"BreadcrumbList\",\"@id\":\"https:\\\/\\\/adent.ch\\\/de\\\/zahnarzt\\\/eva-johannsen\\\/#breadcrumb\",\"itemListElement\":[{\"@type\":\"ListItem\",\"position\":1,\"name\":\"Team\",\"item\":\"https:\\\/\\\/adent.ch\\\/de\\\/team\\\/\"},{\"@type\":\"ListItem\",\"position\":2,\"name\":\"Eva JOHANNSEN\"}]},{\"@type\":\"WebSite\",\"@id\":\"https:\\\/\\\/adent.ch\\\/de\\\/#website\",\"url\":\"https:\\\/\\\/adent.ch\\\/de\\\/\",\"name\":\"Adent Zahnarztzentrum\",\"description\":\"\",\"publisher\":{\"@id\":\"https:\\\/\\\/adent.ch\\\/de\\\/#organization\"},\"potentialAction\":[{\"@type\":\"SearchAction\",\"target\":{\"@type\":\"EntryPoint\",\"urlTemplate\":\"https:\\\/\\\/adent.ch\\\/de\\\/?s={search_term_string}\"},\"query-input\":{\"@type\":\"PropertyValueSpecification\",\"valueRequired\":true,\"valueName\":\"search_term_string\"}}],\"inLanguage\":\"de-CH\"},{\"@type\":\"Organization\",\"@id\":\"https:\\\/\\\/adent.ch\\\/de\\\/#organization\",\"name\":\"Adent Cliniques Dentaires\",\"url\":\"https:\\\/\\\/adent.ch\\\/de\\\/\",\"logo\":{\"@type\":\"ImageObject\",\"inLanguage\":\"de-CH\",\"@id\":\"https:\\\/\\\/adent.ch\\\/de\\\/#\\\/schema\\\/logo\\\/image\\\/\",\"url\":\"https:\\\/\\\/adent.ch\\\/wp-content\\\/uploads\\\/2022\\\/09\\\/adent-habefast-logo-2018-fr-05032019-rvb-scaled.jpg\",\"contentUrl\":\"https:\\\/\\\/adent.ch\\\/wp-content\\\/uploads\\\/2022\\\/09\\\/adent-habefast-logo-2018-fr-05032019-rvb-scaled.jpg\",\"width\":2880,\"height\":750,\"caption\":\"Adent Cliniques Dentaires\"},\"image\":{\"@id\":\"https:\\\/\\\/adent.ch\\\/de\\\/#\\\/schema\\\/logo\\\/image\\\/\"},\"sameAs\":[\"https:\\\/\\\/www.facebook.com\\\/adentcliniquesdentaires\\\/\",\"https:\\\/\\\/www.instagram.com\\\/adent.ch\\\/\",\"https:\\\/\\\/www.youtube.com\\\/channel\\\/UCPd5UjY-ipuq3MhW6m0W-wg\",\"https:\\\/\\\/www.linkedin.com\\\/company\\\/adent-cliniques-dentaires\\\/?originalSubdomain=ch\"]}]}<\/script>\n<!-- \/ Yoast SEO plugin. -->","yoast_head_json":{"title":"Eva JOHANNSEN - Kieferorthop\u00e4de | Adent Zahnarztzentrum","description":"Dr. med. dent. Eva Johannsen ist Zahn\u00e4rztin mit Spezialisierung auf Kieferorthop\u00e4de. Sie arbeitet in den Adent Zahnarztzentren in Rotkreuz, Fl\u00fcelen, Z\u00fcrich und Sarnen.","robots":{"index":"index","follow":"follow","max-snippet":"max-snippet:-1","max-image-preview":"max-image-preview:large","max-video-preview":"max-video-preview:-1"},"canonical":"https:\/\/adent.ch\/de\/zahnarzt\/eva-johannsen\/","og_locale":"de_DE","og_type":"article","og_title":"Eva JOHANNSEN - Kieferorthop\u00e4de | Adent Zahnarztzentrum","og_description":"Dr. med. dent. Eva Johannsen ist Zahn\u00e4rztin mit Spezialisierung auf Kieferorthop\u00e4de. Sie arbeitet in den Adent Zahnarztzentren in Rotkreuz, Fl\u00fcelen, Z\u00fcrich und Sarnen.","og_url":"https:\/\/adent.ch\/de\/zahnarzt\/eva-johannsen\/","og_site_name":"Adent Zahnarztzentrum","article_publisher":"https:\/\/www.facebook.com\/adentcliniquesdentaires\/","article_modified_time":"2025-11-18T10:49:37+00:00","og_image":[{"width":1619,"height":1080,"url":"https:\/\/adent.ch\/wp-content\/uploads\/2024\/04\/adent-aubonne-mai-2022-igor-laski-web-hd-srvb-48.jpg","type":"image\/jpeg"}],"twitter_card":"summary_large_image","schema":{"@context":"https:\/\/schema.org","@graph":[{"@type":"WebPage","@id":"https:\/\/adent.ch\/de\/zahnarzt\/eva-johannsen\/","url":"https:\/\/adent.ch\/de\/zahnarzt\/eva-johannsen\/","name":"Eva JOHANNSEN - Kieferorthop\u00e4de | Adent Zahnarztzentrum","isPartOf":{"@id":"https:\/\/adent.ch\/de\/#website"},"datePublished":"2023-02-13T14:49:25+00:00","dateModified":"2025-11-18T10:49:37+00:00","description":"Dr. med. dent. Eva Johannsen ist Zahn\u00e4rztin mit Spezialisierung auf Kieferorthop\u00e4de. Sie arbeitet in den Adent Zahnarztzentren in Rotkreuz, Fl\u00fcelen, Z\u00fcrich und Sarnen.","breadcrumb":{"@id":"https:\/\/adent.ch\/de\/zahnarzt\/eva-johannsen\/#breadcrumb"},"inLanguage":"de-CH","potentialAction":[{"@type":"ReadAction","target":["https:\/\/adent.ch\/de\/zahnarzt\/eva-johannsen\/"]}]},{"@type":"BreadcrumbList","@id":"https:\/\/adent.ch\/de\/zahnarzt\/eva-johannsen\/#breadcrumb","itemListElement":[{"@type":"ListItem","position":1,"name":"Team","item":"https:\/\/adent.ch\/de\/team\/"},{"@type":"ListItem","position":2,"name":"Eva JOHANNSEN"}]},{"@type":"WebSite","@id":"https:\/\/adent.ch\/de\/#website","url":"https:\/\/adent.ch\/de\/","name":"Adent Zahnarztzentrum","description":"","publisher":{"@id":"https:\/\/adent.ch\/de\/#organization"},"potentialAction":[{"@type":"SearchAction","target":{"@type":"EntryPoint","urlTemplate":"https:\/\/adent.ch\/de\/?s={search_term_string}"},"query-input":{"@type":"PropertyValueSpecification","valueRequired":true,"valueName":"search_term_string"}}],"inLanguage":"de-CH"},{"@type":"Organization","@id":"https:\/\/adent.ch\/de\/#organization","name":"Adent Cliniques Dentaires","url":"https:\/\/adent.ch\/de\/","logo":{"@type":"ImageObject","inLanguage":"de-CH","@id":"https:\/\/adent.ch\/de\/#\/schema\/logo\/image\/","url":"https:\/\/adent.ch\/wp-content\/uploads\/2022\/09\/adent-habefast-logo-2018-fr-05032019-rvb-scaled.jpg","contentUrl":"https:\/\/adent.ch\/wp-content\/uploads\/2022\/09\/adent-habefast-logo-2018-fr-05032019-rvb-scaled.jpg","width":2880,"height":750,"caption":"Adent Cliniques Dentaires"},"image":{"@id":"https:\/\/adent.ch\/de\/#\/schema\/logo\/image\/"},"sameAs":["https:\/\/www.facebook.com\/adentcliniquesdentaires\/","https:\/\/www.instagram.com\/adent.ch\/","https:\/\/www.youtube.com\/channel\/UCPd5UjY-ipuq3MhW6m0W-wg","https:\/\/www.linkedin.com\/company\/adent-cliniques-dentaires\/?originalSubdomain=ch"]}]}},"_links":{"self":[{"href":"https:\/\/adent.ch\/de\/wp-json\/wp\/v2\/equipe\/10999","targetHints":{"allow":["GET"]}}],"collection":[{"href":"https:\/\/adent.ch\/de\/wp-json\/wp\/v2\/equipe"}],"about":[{"href":"https:\/\/adent.ch\/de\/wp-json\/wp\/v2\/types\/equipe"}],"wp:attachment":[{"href":"https:\/\/adent.ch\/de\/wp-json\/wp\/v2\/media?parent=10999"}],"wp:term":[{"taxonomy":"langue","embeddable":true,"href":"https:\/\/adent.ch\/de\/wp-json\/wp\/v2\/langue?post=10999"}],"curies":[{"name":"wp","href":"https:\/\/api.w.org\/{rel}","templated":true}]}}