{"id":12370,"date":"2024-01-10T17:00:51","date_gmt":"2024-01-10T16:00:51","guid":{"rendered":"https:\/\/adent.ch\/dentistes\/agnes-junalik-2\/"},"modified":"2026-03-02T09:58:51","modified_gmt":"2026-03-02T08:58:51","slug":"jalal-hamwi","status":"publish","type":"equipe","link":"https:\/\/adent.ch\/de\/zahnarzt\/jalal-hamwi\/","title":{"rendered":"Jalal HAMWI"},"content":{"rendered":"<div class=\"two-column-block\" >\n\t<div class=\"container\">\n\t\t\t\t\t\t\t<div class=\"row justify-content-between\" data-sal=\"slide-up\" data-sal-delay=\"200\" data-sal-easing=\"ease-in-out\" data-sal-duration=\"300\">\n\t\t\t\t\t\t\t\t\t\t\t\t\t\t\t<div class=\"col-md-6\">\n\t\t\t\t\t\t\t<div class=\"text-lg\">\n\t\t\t\t\t\t\t\t<p data-start=\"0\" data-end=\"704\">Der Zahnarzt Jalal Hamwi verfuegt ueber mehr als 20 Jahre Erfahrung in der Zahnmedizin und ist auf Endodontie spezialisiert. Nach seinem Studium an der Universitaet Tichrine in Syrien erweiterte er seine fachliche Qualifikation international, insbesondere in Schweden an der Universitaet Gothenburg, am Karolinska Institutet sowie an der Universitaet Lund. Er war als Zahnarzt in Syrien, Katar, Schweden und Belgien taetig und uebernahm zudem die Funktion als klinischer Supervisor fuer Endodontie in Syrien und Schweden. Im September 2024 trat er der Universitaet Genf bei, um seine Spezialisierung in Endodontie weiter zu vertiefen und seine Expertise im Bereich moderner Wurzelbehandlungen auszubauen.<\/p>\n<p data-start=\"706\" data-end=\"1233\">Die Entscheidung fuer den zahnmedizinischen Beruf basiert auf seiner Motivation, Menschen bei akuten Zahnschmerzen gezielt zu helfen und ihre Mundgesundheit langfristig zu erhalten. Jalal Hamwi legt grossen Wert auf eine praezise Diagnostik, strukturierte Behandlungsplaene und eine transparente Kommunikation. Im Zahnarztzentrum begleitet er seine Patientinnen und Patienten mit fachlicher Kompetenz, Einfuehlungsvermoegen und einem klaren Fokus auf nachhaltige, wissenschaftlich fundierte Therapien im Bereich der Endodontie.<\/p>\n<p data-start=\"1235\" data-end=\"1744\">Er spricht fliessend Arabisch, Englisch, Schwedisch und Franzoesisch und verfuegt ueber Grundkenntnisse in Niederlaendisch. Dank seiner Mehrsprachigkeit betreut er eine internationale Patientenschaft sicher und vertrauensvoll. Neben seiner Taetigkeit als Zahnarzt ist er professioneller Basketball-Coach, was seine Disziplin, sein Engagement und seinen Teamgeist unterstreicht \u2013 Eigenschaften, die auch seine Arbeit im Zahnarztzentrum praegen und zu einer qualitativ hochwertigen Patientenbetreuung beitragen.<\/p>\n\t\t\t\t\t\t\t<\/div>\n\t\t\t\t\t\t\t\t\t\t\t\t\t\t\t\t\t\t\t\t\t\t\t\t\t\t\t<\/div>\n\t\t\t\t\t\t\t\t\t\t\t\t<\/div>\n\t\t\t<\/div>\n<\/div>","protected":false},"template":"","langue":[141,101,103,145,140],"class_list":["post-12370","equipe","type-equipe","status-publish","hentry","langue-arabisch","langue-englisch","langue-franzoesisch","langue-niederlaendisch","langue-schwedisch"],"acf":{"first_name":"Jalal","last_name":"HAMWI","specialites":false,"higlight_specialite":"","higlight_specialite_short":"","job":"Zahnarzt","short_description":"<p>Zahnarzt, der alle allgemeinen zahn\u00e4rztlichen Behandlungen beherrscht und Kinder und Erwachsene betreut.<\/p>\n","zawin_codes":false,"image":{"ID":12721,"id":12721,"title":"Jalal Hamwi NA et ME","filename":"jalal-hamwi-na-et-me.png","filesize":1180723,"url":"https:\/\/adent.ch\/wp-content\/uploads\/2024\/01\/jalal-hamwi-na-et-me.png","link":"https:\/\/adent.ch\/de\/zahnarzt\/jalal-hamwi\/jalal-hamwi-na-et-me-2\/","alt":"","author":"14","description":"","caption":"","name":"jalal-hamwi-na-et-me-2","status":"inherit","uploaded_to":12370,"date":"2024-02-19 15:28:30","modified":"2024-02-19 15:28:30","menu_order":0,"mime_type":"image\/png","type":"image","subtype":"png","icon":"https:\/\/adent.ch\/wp-includes\/images\/media\/default.png","width":1880,"height":1410,"sizes":{"thumbnail":"https:\/\/adent.ch\/wp-content\/uploads\/2024\/01\/jalal-hamwi-na-et-me-150x150.png","thumbnail-width":150,"thumbnail-height":150,"medium":"https:\/\/adent.ch\/wp-content\/uploads\/2024\/01\/jalal-hamwi-na-et-me-300x225.png","medium-width":300,"medium-height":225,"medium_large":"https:\/\/adent.ch\/wp-content\/uploads\/2024\/01\/jalal-hamwi-na-et-me-768x576.png","medium_large-width":768,"medium_large-height":576,"large":"https:\/\/adent.ch\/wp-content\/uploads\/2024\/01\/jalal-hamwi-na-et-me-1307x980.png","large-width":1307,"large-height":980,"1536x1536":"https:\/\/adent.ch\/wp-content\/uploads\/2024\/01\/jalal-hamwi-na-et-me-1536x1152.png","1536x1536-width":1536,"1536x1536-height":1152,"2048x2048":"https:\/\/adent.ch\/wp-content\/uploads\/2024\/01\/jalal-hamwi-na-et-me.png","2048x2048-width":1880,"2048x2048-height":1410,"gform-image-choice-sm":"https:\/\/adent.ch\/wp-content\/uploads\/2024\/01\/jalal-hamwi-na-et-me.png","gform-image-choice-sm-width":300,"gform-image-choice-sm-height":225,"gform-image-choice-md":"https:\/\/adent.ch\/wp-content\/uploads\/2024\/01\/jalal-hamwi-na-et-me.png","gform-image-choice-md-width":400,"gform-image-choice-md-height":300,"gform-image-choice-lg":"https:\/\/adent.ch\/wp-content\/uploads\/2024\/01\/jalal-hamwi-na-et-me.png","gform-image-choice-lg-width":600,"gform-image-choice-lg-height":450}},"cliniques":[{"ID":4219,"post_author":"14","post_date":"2022-04-20 14:54:01","post_date_gmt":"2022-04-20 12:54:01","post_content":"<!-- wp:acf\/two-column {\"name\":\"acf\/two-column\",\"data\":{\"anchor\":\"\",\"_anchor\":\"field_635bd17ffcee6\",\"title\":\"Willkommen bei Adent Genf Meyrin\",\"_title\":\"field_622629438a3e9\",\"columns_0_column_type\":\"text\",\"_columns_0_column_type\":\"field_627221966b517\",\"columns_0_text\":\"\\u003cp data-start=\\u0022147\\u0022 data-end=\\u0022614\\u0022\\u003eSeit \u00fcber 10 Jahren begleitet das Adent Zahnarztzentrum in Meyrin, in der N\u00e4he von Genf, seine Patientinnen und Patienten mit fachlicher Kompetenz und herzlicher F\u00fcrsorge. Unter der Leitung von Dr. Latifa Didi sorgt unser Team aus Zahn\u00e4rztinnen, Zahn\u00e4rzten und Dentalhygienikerinnen daf\u00fcr, dass jeder Patient individuell und altersgerecht behandelt wird. Wir sprechen Franz\u00f6sisch, Englisch und Spanisch, um eine klare und vertrauensvolle Betreuung zu gew\u00e4hrleisten.\\u003c\/p\\u003e\\r\\n\\u003cp data-start=\\u0022616\\u0022 data-end=\\u00221051\\u0022\\u003eIm Adent Zahnarztzentrum profitieren Sie von einem umfassenden Angebot an zahn\u00e4rztlichen Leistungen unter einem Dach, von Routinebehandlungen bis hin zu spezialisierten Therapien wie Parodontologie, Endodontie oder oraler Chirurgie. Unsere Fachperson f\u00fcr Kieferorthop\u00e4die bietet zudem diskrete L\u00f6sungen wie transparente Invisalign\u00ae-Schienen, sowohl f\u00fcr Erwachsene als auch f\u00fcr Kinder, um Z\u00e4hne \u00e4sthetisch und schonend zu korrigieren.\\u003c\/p\\u003e\\r\\n\\u003cp data-start=\\u00221053\\u0022 data-end=\\u00221498\\u0022\\u003eEin besonderes Augenmerk legen wir auf Pr\u00e4vention und Zahnreinigung. Unsere GBT\u00ae-zertifizierten Dentalhygienikerinnen wenden die Guided Biofilm Therapy an, um eine gr\u00fcndliche und komfortable Zahnreinigung zu gew\u00e4hrleisten, und geben individuell angepasste Tipps f\u00fcr eine optimale Mundgesundheit. F\u00fcr Kinder bietet unsere Spezialistin f\u00fcr Kinderzahnmedizin eine altersgerechte Betreuung und vermittelt fr\u00fchzeitig gesunde Zahnpflegegewohnheiten.\\u003c\/p\\u003e\\r\\n\\u003cp data-start=\\u00221500\\u0022 data-end=\\u00221930\\u0022\\u003eDas Adent Zahnarztzentrum in Meyrin ist von Montag bis Samstag ge\u00f6ffnet, mit reservierten Zeiten f\u00fcr Zahn-Notf\u00e4lle, wie starke Schmerzen, Abszesse oder Zahnverletzungen. Unsere Zahn\u00e4rztinnen und Dentalhygienikerinnen f\u00fchren auch individuelle Zahnaufhellungen durch, sowohl im Zentrum als auch zu Hause, f\u00fcr ein sicheres und strahlendes L\u00e4cheln. F\u00fcr Notf\u00e4lle oder Terminvereinbarungen kontaktieren Sie uns bitte vor Ihrem Besuch.\\u003c\/p\\u003e\",\"_columns_0_text\":\"field_6226294b8a3ea\",\"columns_0_link_type\":\"none\",\"_columns_0_link_type\":\"field_623833b107a07\",\"columns\":1,\"_columns\":\"field_6238335007a05\"},\"mode\":\"edit\"} \/-->\n\n<!-- wp:acf\/clinique-head {\"name\":\"acf\/clinique-head\",\"data\":{\"members\":[\"2937\"],\"_members\":\"field_622f5635c857c\",\"shapes\":\"shape4\",\"_shapes\":\"field_622f5635c8595\"},\"mode\":\"edit\"} \/-->\n\n<!-- wp:acf\/members {\"name\":\"acf\/members\",\"data\":{\"format\":\"slider\",\"_format\":\"field_65aa873152dbb\",\"subtitle\":\"Zu Ihren Diensten\",\"_subtitle\":\"field_65aa873152dc2\",\"title\":\"Adent Zahnarztzentrum in Meyrin - Genf\",\"_title\":\"field_65aa873152dc9\",\"description\":\"Ein professionelles und herzliches Team, das bereit ist, Sie zu empfangen.\",\"_description\":\"field_65aa873152dcf\",\"button_text\":\"Alle unsere Praktiker\",\"_button_text\":\"field_65aa873152dd6\",\"button_link\":{\"title\":\"\u00c9quipe\",\"url\":\"https:\/\/adent.ch\/equipe\/\",\"target\":\"\"},\"_button_link\":\"field_65aa873152ddc\"},\"mode\":\"edit\"} \/-->\n\n<!-- wp:block {\"ref\":2108} \/-->\n\n<!-- wp:acf\/cta {\"name\":\"acf\/cta\",\"data\":{\"anchor\":\"\",\"_anchor\":\"field_635bcb8d94cbf\",\"type\":\"without_image\",\"_type\":\"field_62149e2d12aaf\",\"subtitle\":\"\",\"_subtitle\":\"field_62149e038cf5c\",\"title\":\"Zahnnotfall?\",\"_title\":\"field_62149edd2d388\",\"text\":\"Rufen Sie unser Zentrum jetzt an f\u00fcr eine schnelle Behandlung.\",\"_text\":\"field_62149e038cf52\",\"button_text\":\"Rufen Sie uns an\",\"_button_text\":\"field_62149f062d389\",\"button_link\":{\"title\":\"\",\"url\":\"tel:+41 22 989 80 00\",\"target\":\"\"},\"_button_link\":\"field_62149f112d38a\",\"button_color\":\"primary\",\"_button_color\":\"field_622b41428312a\",\"link_is_blank\":\"0\",\"_link_is_blank\":\"field_62285a3437980\"},\"mode\":\"edit\"} \/-->","post_title":"Genf Meyrin","post_excerpt":"","post_status":"publish","comment_status":"closed","ping_status":"closed","post_password":"","post_name":"genf-meyrin","to_ping":"","pinged":"","post_modified":"2025-12-29 15:05:57","post_modified_gmt":"2025-12-29 14:05:57","post_content_filtered":"","post_parent":0,"guid":"https:\/\/adent.ch\/clinique\/geneve-meyrin\/","menu_order":0,"post_type":"clinique","post_mime_type":"","comment_count":"0","filter":"raw"},{"ID":4241,"post_author":"14","post_date":"2022-04-20 14:35:51","post_date_gmt":"2022-04-20 12:35:51","post_content":"<!-- wp:acf\/two-column {\"name\":\"acf\/two-column\",\"data\":{\"anchor\":\"\",\"_anchor\":\"field_635bd17ffcee6\",\"title\":\"Willkommen bei Adent Genf Acacias\",\"_title\":\"field_622629438a3e9\",\"columns_0_column_type\":\"text\",\"_columns_0_column_type\":\"field_627221966b517\",\"columns_0_text\":\"\\u003cp data-start=\\u00220\\u0022 data-end=\\u0022687\\u0022\\u003eIm lebendigen Gesch\u00e4ftsviertel Acacias gelegen, geniesst das \\u003cstrong data-start=\\u002261\\u0022 data-end=\\u002293\\u0022\\u003eZahnarztzentrum Genf Acacias\\u003c\/strong\\u003e einen ausgezeichneten Ruf bei Patientinnen und Patienten, die in der N\u00e4he wohnen oder arbeiten. Dank der zentralen Lage ist es leicht erreichbar und bietet eine angenehme, moderne und vertrauensvolle Atmosph\u00e4re f\u00fcr Erwachsene und Kinder. Seit vielen Jahren in Genf etabliert, setzt das Zahnarztzentrum auf ein erfahrenes Team aus Zahn\u00e4rztinnen, Zahn\u00e4rzten sowie Dentalhygienikerinnen und -hygienikern, die den Menschen und sein Wohlbefinden in den Mittelpunkt stellen. Behandlungen werden auf Franz\u00f6sisch und Englisch angeboten, um auch einer internationalen Patientenschaft gerecht zu werden.\\u003c\/p\\u003e\\r\\n\\u003cp data-start=\\u0022689\\u0022 data-end=\\u00221241\\u0022\\u003eMit einem multidisziplin\u00e4ren Ansatz und dem Einsatz innovativer Technologien bietet das Zahnarztzentrum Genf Acacias ein umfassendes Spektrum an zahnmedizinischen Behandlungen. Von der Zahnreinigung und Pr\u00e4vention bis hin zu anspruchsvollen Therapien wird jede Situation sorgf\u00e4ltig analysiert, um individuelle, nachhaltige und schonende L\u00f6sungen zu entwickeln. Die fachliche Leitung liegt bei Zentrumsleiter Enguerrand Taillandier, dessen Expertise und Engagement massgeblich zur hohen Qualit\u00e4t und zur Vertrauensbasis des Zahnarztzentrums beitragen.\\u003c\/p\\u003e\\r\\n\\u003cp data-start=\\u00221243\\u0022 data-end=\\u00221681\\u0022\\u003eEin besonderes Augenmerk gilt der Kinderzahnmedizin, denn Pr\u00e4vention ist bereits ab den ersten Z\u00e4hnen entscheidend. Regelmaessige Termine bei der Dentalhygiene helfen dabei, gute Gewohnheiten fr\u00fchzeitig zu f\u00f6rdern und Karies vorzubeugen. Mit viel Einf\u00fchlungsverm\u00f6gen und p\u00e4dagogischem Geschick begleitet das Team die j\u00fcngsten Patientinnen und Patienten und unterst\u00fctzt Eltern dabei, die Zahngesundheit ihrer Kinder langfristig zu sichern.\\u003c\/p\\u003e\\r\\n\\u003cp data-start=\\u00221683\\u0022 data-end=\\u00222321\\u0022 data-is-last-node=\\u0022\\u0022 data-is-only-node=\\u0022\\u0022\\u003eDas Zahnarztzentrum Genf Acacias ist von Montag bis Freitag ge\u00f6ffnet und gew\u00e4hrleistet zudem eine rasche Betreuung bei zahnmedizinischen Notf\u00e4llen. Ob akute Schmerzen, ein abgebrochener Zahn oder eine Infektion, t\u00e4glich stehen reservierte Zeitfenster f\u00fcr Notfalltermine zur Verf\u00fcgung, auch f\u00fcr neue Patientinnen und Patienten. Implantologie, Wurzelbehandlungen, professionelle Zahnreinigung, Bleaching sowie moderne kieferorthop\u00e4dische L\u00f6sungen wie Invisalign\u00ae oder die unsichtbare Incognito\u00ae-Technik werden mit Fachkompetenz, Herzlichkeit und einem hohen Anspruch an Qualit\u00e4t durchgef\u00fchrt, damit Sie sich jederzeit gut aufgehoben f\u00fchlen.\\u003c\/p\\u003e\",\"_columns_0_text\":\"field_6226294b8a3ea\",\"columns_0_link_type\":\"none\",\"_columns_0_link_type\":\"field_623833b107a07\",\"columns\":1,\"_columns\":\"field_6238335007a05\"},\"mode\":\"edit\"} \/-->\n\n<!-- wp:acf\/clinique-head {\"name\":\"acf\/clinique-head\",\"data\":{\"members\":[\"2807\"],\"_members\":\"field_622f5635c857c\",\"display_shapes\":\"0\",\"_display_shapes\":\"field_62e25019f6eb2\",\"shapes\":\"shape1\",\"_shapes\":\"field_622f5635c8595\"},\"mode\":\"edit\"} \/-->\n\n<!-- wp:acf\/members {\"name\":\"acf\/members\",\"data\":{\"format\":\"slider\",\"_format\":\"field_65aa873152dbb\",\"subtitle\":\"Zu Ihren Diensten\",\"_subtitle\":\"field_65aa873152dc2\",\"title\":\"Adent Zahnarztzentrum in Genf - Acacias\",\"_title\":\"field_65aa873152dc9\",\"description\":\"Ein professionelles und herzliches Team, das bereit ist, Sie zu empfangen.\",\"_description\":\"field_65aa873152dcf\",\"button_text\":\"\",\"_button_text\":\"field_65aa873152dd6\",\"button_link\":\"\",\"_button_link\":\"field_65aa873152ddc\"},\"mode\":\"edit\"} \/-->\n\n<!-- wp:block {\"ref\":2108} \/-->\n\n<!-- wp:acf\/cta {\"name\":\"acf\/cta\",\"data\":{\"anchor\":\"\",\"_anchor\":\"field_635bcb8d94cbf\",\"type\":\"without_image\",\"_type\":\"field_62149e2d12aaf\",\"subtitle\":\"\",\"_subtitle\":\"field_62149e038cf5c\",\"title\":\"Zahnnotfall? \",\"_title\":\"field_62149edd2d388\",\"text\":\"Rufen Sie unser Zentrum jetzt an f\u00fcr eine schnelle Behandlung.\",\"_text\":\"field_62149e038cf52\",\"button_text\":\"Rufen Sie uns an\",\"_button_text\":\"field_62149f062d389\",\"button_link\":{\"title\":\"\",\"url\":\"tel:+41 22 304 17 50\",\"target\":\"\"},\"_button_link\":\"field_62149f112d38a\",\"button_color\":\"primary\",\"_button_color\":\"field_622b41428312a\",\"link_is_blank\":\"0\",\"_link_is_blank\":\"field_62285a3437980\"},\"mode\":\"edit\"} \/-->","post_title":"Genf Acacias","post_excerpt":"","post_status":"publish","comment_status":"closed","ping_status":"closed","post_password":"","post_name":"genf-acacias","to_ping":"","pinged":"","post_modified":"2025-12-29 14:07:15","post_modified_gmt":"2025-12-29 13:07:15","post_content_filtered":"","post_parent":0,"guid":"https:\/\/adent.ch\/clinique\/geneve-acacias\/","menu_order":0,"post_type":"clinique","post_mime_type":"","comment_count":"0","filter":"raw"},{"ID":4239,"post_author":"14","post_date":"2022-04-20 14:37:48","post_date_gmt":"2022-04-20 12:37:48","post_content":"<!-- wp:acf\/two-column {\"name\":\"acf\/two-column\",\"data\":{\"anchor\":\"\",\"_anchor\":\"field_635bd17ffcee6\",\"title\":\"Willkommen bei Adent Genf Charmilles\",\"_title\":\"field_622629438a3e9\",\"columns_0_column_type\":\"text\",\"_columns_0_column_type\":\"field_627221966b517\",\"columns_0_text\":\"\\u003cp data-start=\\u00220\\u0022 data-end=\\u0022441\\u0022\\u003eDas Adent Zahnarztzentrum Gen\u00e8ve-Charmilles empf\u00e4ngt Erwachsene und Kinder in einer warmen, beruhigenden Umgebung, die ganz auf Wohlbefinden und Vertrauen ausgerichtet ist. Zentral in Genf gelegen, direkt neben dem Einkaufszentrum Plan\u00e8te-Charmilles, ist das Zahnarztzentrum optimal erreichbar und eingebettet in ein lebendiges Quartier mit angenehmer, famili\u00e4rer Atmosph\u00e4re. So lassen sich Zahnarztbesuche einfach in den Alltag integrieren.\\u003c\/p\\u003e\\r\\n\\u003cp data-start=\\u0022443\\u0022 data-end=\\u0022985\\u0022\\u003eUnter einem Dach bietet das Adent Zahnarztzentrum Gen\u00e8ve-Charmilles das gesamte Spektrum der modernen Zahnmedizin, einschliesslich Kieferorthop\u00e4die f\u00fcr Kinder, Jugendliche und Erwachsene. Ge\u00f6ffnet von Montag bis Samstag passt sich das Team flexibel an individuelle Bed\u00fcrfnisse an und legt grossen Wert auf qualitativ hochwertige, pers\u00f6nliche und sorgf\u00e4ltig durchgef\u00fchrte Behandlungen. Die engagierten Fachpersonen begleiten jede Patientin und jeden Patienten aufmerksam und professionell, in mehreren Sprachen und stets mit einem offenen Ohr.\\u003c\/p\\u003e\\r\\n\\u003cp data-start=\\u0022987\\u0022 data-end=\\u00221461\\u0022\\u003eEin besonderer Fokus gilt angstbetroffenen Personen, Menschen mit Zahnarztangst sowie Patientinnen und Patienten mit leichten Beeintr\u00e4chtigungen. Dank angepasster Behandlungsmethoden, darunter auch Behandlungen unter Vollnarkose, sorgt das Adent Zahnarztzentrum Gen\u00e8ve-Charmilles f\u00fcr m\u00f6glichst entspannte und komfortable Abl\u00e4ufe. Dieser respektvolle, menschliche Ansatz ist fester Bestandteil der Philosophie des Teams und schafft ein hohes Mass an Sicherheit und Vertrauen.\\u003c\/p\\u003e\\r\\n\\u003cp data-start=\\u00221463\\u0022 data-end=\\u00222222\\u0022 data-is-last-node=\\u0022\\u0022 data-is-only-node=\\u0022\\u0022\\u003eDie Dentalhygienikerinnen spielen eine zentrale Rolle in der Pr\u00e4vention und der langfristigen Mundgesundheit. Mit moderner Zahnreinigung und der Behandlung von Zahnfleischr\u00fcckgang arbeiten sie unter anderem mit der innovativen GBT\u00ae-Technologie von EMS Dental, um Bel\u00e4ge, Zahnstein und Verf\u00e4rbungen schonend zu entfernen. Erg\u00e4nzend werden professionelle Zahnaufhellungen im Zahnarztzentrum oder f\u00fcr zu Hause angeboten, mit individuell angepassten Schienen und unter fachkundiger Kontrolle. Bei zahnmedizinischen Notf\u00e4llen ist zudem eine schnelle, schmerzfreie Betreuung gew\u00e4hrleistet. Verantwortet wird das Zahnarztzentrum von Dr. Ambrogio Feninno, Orthodontist und Chefarzt, dessen Expertise die Qualit\u00e4t und Verl\u00e4sslichkeit der Behandlungen nachhaltig pr\u00e4gt.\\u003c\/p\\u003e\",\"_columns_0_text\":\"field_6226294b8a3ea\",\"columns_0_link_type\":\"none\",\"_columns_0_link_type\":\"field_623833b107a07\",\"columns\":1,\"_columns\":\"field_6238335007a05\"},\"mode\":\"edit\"} \/-->\n\n<!-- wp:acf\/clinique-head {\"name\":\"acf\/clinique-head\",\"data\":{\"members\":[\"1685\"],\"_members\":\"field_622f5635c857c\",\"display_shapes\":\"1\",\"_display_shapes\":\"field_62e25019f6eb2\"},\"mode\":\"edit\"} \/-->\n\n<!-- wp:acf\/members {\"name\":\"acf\/members\",\"data\":{\"format\":\"slider\",\"_format\":\"field_65aa873152dbb\",\"subtitle\":\"Zu Ihren Diensten\",\"_subtitle\":\"field_65aa873152dc2\",\"title\":\"Adent Zahnarztzentrum in Genf Charmilles\",\"_title\":\"field_65aa873152dc9\",\"description\":\"Ein professionelles und herzliches Team, das bereit ist, Sie zu empfangen.\",\"_description\":\"field_65aa873152dcf\",\"button_text\":\"Alle unsere Praktiker\",\"_button_text\":\"field_65aa873152dd6\",\"button_link\":{\"title\":\"\u00c9quipe\",\"url\":\"https:\/\/adent.ch\/equipe\/\",\"target\":\"\"},\"_button_link\":\"field_65aa873152ddc\"},\"mode\":\"edit\"} \/-->\n\n<!-- wp:block {\"ref\":2108} \/-->\n\n<!-- wp:acf\/cta {\"name\":\"acf\/cta\",\"data\":{\"anchor\":\"\",\"_anchor\":\"field_635bcb8d94cbf\",\"type\":\"without_image\",\"_type\":\"field_62149e2d12aaf\",\"subtitle\":\"\",\"_subtitle\":\"field_62149e038cf5c\",\"title\":\"Zahnnotfall? \",\"_title\":\"field_62149edd2d388\",\"text\":\"Rufen Sie unser Zentrum jetzt an f\u00fcr eine schnelle Behandlung.\",\"_text\":\"field_62149e038cf52\",\"button_text\":\"Rufen Sie uns an\",\"_button_text\":\"field_62149f062d389\",\"button_link\":{\"title\":\"\",\"url\":\"tel:+41 22 338 02 00\",\"target\":\"\"},\"_button_link\":\"field_62149f112d38a\",\"button_color\":\"primary\",\"_button_color\":\"field_622b41428312a\",\"link_is_blank\":\"0\",\"_link_is_blank\":\"field_62285a3437980\"},\"mode\":\"edit\"} \/-->","post_title":"Genf Charmilles","post_excerpt":"","post_status":"publish","comment_status":"closed","ping_status":"closed","post_password":"","post_name":"genf-charmilles","to_ping":"","pinged":"","post_modified":"2026-04-16 16:20:12","post_modified_gmt":"2026-04-16 14:20:12","post_content_filtered":"","post_parent":0,"guid":"https:\/\/adent.ch\/clinique\/geneve-charmilles\/","menu_order":0,"post_type":"clinique","post_mime_type":"","comment_count":"0","filter":"raw"}],"soins":[{"ID":4138,"post_author":"14","post_date":"2022-01-05 10:58:49","post_date_gmt":"2022-01-05 09:58:49","post_content":"<!-- wp:acf\/two-column {\"name\":\"acf\/two-column\",\"data\":{\"anchor\":\"\",\"_anchor\":\"field_635bd17ffcee6\",\"title\":\"Mundgesundheit f\u00fcr Ihr Wohlbefinden.\",\"_title\":\"field_622629438a3e9\",\"columns_0_column_type\":\"text\",\"_columns_0_column_type\":\"field_627221966b517\",\"columns_0_text\":\"Verschiedene Studien zeigen den Zusammenhang zwischen Entz\u00fcndungen im Mund und allgemeinen Gesundheitsproblemen. Mehr als 600 Bakterienarten tummeln sich in unserem Mund. Einige k\u00f6nnen in den Blutkreislauf gelangen und Sch\u00e4den verursachen: Herz-Kreislauf-Probleme, Blutzucker-Diabetes, Atemwegserkrankungen, Gelenkentz\u00fcndungen, Risiko einer Fr\u00fchgeburt.\\r\\n\\r\\nDie zahn\u00e4rztliche Betreuung ist Teil der medizinischen Grundversorgung. Regelm\u00e4\u00dfige Zahnhygiene und regelm\u00e4\u00dfige Kontrollen sind daher der Schl\u00fcssel zu einer guten Zahngesundheit und einem gesunden L\u00e4cheln. Ein L\u00e4cheln verl\u00e4ngert die Lebenserwartung, reduziert Stress und hat eine positive Wirkung auf den Gespr\u00e4chspartner. Ein gesundes L\u00e4cheln gibt Selbstvertrauen und Wohlbefinden im t\u00e4glichen Leben, im Beruf und im Privatleben.\\r\\n\\r\\nEine regelm\u00e4\u00dfige zahn\u00e4rztliche Kontrolle hilft, Probleme, die die Gesundheit Ihrer Z\u00e4hne und Ihres Zahnfleisches beeintr\u00e4chtigen k\u00f6nnen, fr\u00fchzeitig zu erkennen.\\r\\n\\r\\nWir empfehlen einen j\u00e4hrlichen Besuch, um Erkrankungen zu erkennen, zu \u00fcberwachen und zu behandeln.\",\"_columns_0_text\":\"field_6226294b8a3ea\",\"columns_0_link_type\":\"bouton\",\"_columns_0_link_type\":\"field_623833b107a07\",\"columns_0_button_text\":\"Termin vereinbaren\",\"_columns_0_button_text\":\"field_6227212165677\",\"columns_0_button_link\":{\"title\":\"Termin\",\"url\":\"https:\/\/adent.ch\/de\/termin-vereinbaren\/\",\"target\":\"\"},\"_columns_0_button_link\":\"field_6227212f65678\",\"columns_0_link_is_blank\":\"0\",\"_columns_0_link_is_blank\":\"field_6227213d65679\",\"columns_1_column_type\":\"text\",\"_columns_1_column_type\":\"field_627221966b517\",\"columns_1_text\":\"Die Adent Zahnarztzentren bieten alle g\u00e4ngigen zahn\u00e4rztlichen Behandlungen f\u00fcr Erwachsene und Kinder unter einem Dach an:\\r\\n\\u003cul\\u003e\\r\\n \\t\\u003cli\\u003eWurzelbehandlung\\u003c\/li\\u003e\\r\\n \\t\\u003cli\\u003eF\u00fcllungen von abgebrochenen Z\u00e4hnen\\u003c\/li\\u003e\\r\\n \\t\\u003cli\\u003eEntfernung von Weisheitsz\u00e4hnen\\u003c\/li\\u003e\\r\\n \\t\\u003cli\\u003eBehandlung von Karies\\u003c\/li\\u003e\\r\\n \\t\\u003cli\\u003eWiederherstellung von Zahnfleischproblemen (Gingivitis, Zahnfleischr\u00fcckgang, Parodontitis, Abszesse usw.).\\u003c\/li\\u003e\\r\\n \\t\\u003cli\\u003e\\u003ca href=\\u0022https:\/\/adent.ch\/de\/behandlung\/kieferorthopaedie-fuer-kinder-und-erwachsene\/\\u0022\\u003eKieferorthop\u00e4de\\u003c\/a\\u003e\\u003c\/li\\u003e\\r\\n \\t\\u003cli\\u003e\\u003ca href=\\u0022https:\/\/adent.ch\/de\/behandlung\/zahnbleaching-und-aesthetisch-e-en-behandlungen\/\\u0022\\u003e\u00e4sthetische Behandlungen\\u003c\/a\\u003e\\u003c\/li\\u003e\\r\\n\\u003c\/ul\\u003e\\r\\nUnsere Dentalhygienikerinnen helfen Ihnen, eine individuelle Vorsorge zu treffen und k\u00f6nnen Ihnen eine Reihe von Reinigungshilfen empfehlen (B\u00fcrstchen, Zahnstocher, Faden usw.).\",\"_columns_1_text\":\"field_6226294b8a3ea\",\"columns_1_link_type\":\"bouton\",\"_columns_1_link_type\":\"field_623833b107a07\",\"columns_1_button_text\":\"Zahnreinigung und Zahnhygiene\",\"_columns_1_button_text\":\"field_6227212165677\",\"columns_1_button_link\":{\"title\":\"Zahnreinigung und Zahnhygiene\",\"url\":\"https:\/\/adent.ch\/de\/behandlung\/zahnsteinentfernung-und-zahnhygiene\/\",\"target\":\"\"},\"_columns_1_button_link\":\"field_6227212f65678\",\"columns_1_link_is_blank\":\"0\",\"_columns_1_link_is_blank\":\"field_6227213d65679\",\"columns\":2,\"_columns\":\"field_6238335007a05\"},\"mode\":\"edit\"} \/-->\n\n<!-- wp:acf\/two-column {\"name\":\"acf\/two-column\",\"data\":{\"anchor\":\"Karies\",\"_anchor\":\"field_635bd17ffcee6\",\"title\":\"Karies: Vorbeugen ist besser als heilen\",\"_title\":\"field_622629438a3e9\",\"columns_0_column_type\":\"text\",\"_columns_0_column_type\":\"field_627221966b517\",\"columns_0_text\":\"Die Hauptursachen f\u00fcr Karies sind eine zuckerhaltige Ern\u00e4hrung, unzureichende Mundpflege oder ein schwaches Immunsystem. Wenn Karies nicht behandelt wird, vergr\u00f6ssert sich der Hohlraum und greift auf das Dentin (die Schicht unter dem Zahnschmelz) oder den Zahnnerv. Es kann zu Schmerzen kommen, insbesondere bei Hitze, K\u00e4lte oder S\u00fcssem. Je gr\u00f6sser der Hohlraum wird, desto st\u00e4rker werden die Schmerzen. Das Zahnr\u00f6ntgenbild, das bei den regelm\u00e4ssigen Kontrollen gemacht wird, kann Anzeichen f\u00fcr eine fr\u00fche Karies erkennen.\\r\\n\\r\\n\\u003cstrong\\u003eWie wird Karies behandelt?\\u003c\/strong\\u003e\\r\\n\\r\\nDie Behandlung von Zahnkaries ist eine sehr h\u00e4ufige allgemeine zahn\u00e4rztliche Behandlung. Karies auf der Oberfl\u00e4che des Zahnschmelzes wird mit einfachen F\u00fcllungen behandelt, die die gleiche Farbe wie Ihr Zahn haben. Bei tieferer Karies kann manchmal eine Wurzelbehandlung und eine Zahnkrone erforderlich sein. Eine Zahnextraktion wird nur dann durchgef\u00fchrt, wenn es sich um eine weit fortgeschrittene Karies handelt, die das tiefe Gewebe des Zahns betrifft. Bei Eingriffen bei Erwachsenen und Kindern k\u00f6nnen wir selbstverst\u00e4ndlich eine An\u00e4sthesie durchf\u00fchren.\",\"_columns_0_text\":\"field_6226294b8a3ea\",\"columns_0_link_type\":\"bouton\",\"_columns_0_link_type\":\"field_623833b107a07\",\"columns_0_button_text\":\"Termin vereinbaren\",\"_columns_0_button_text\":\"field_6227212165677\",\"columns_0_button_link\":{\"title\":\"Termin\",\"url\":\"https:\/\/adent.ch\/de\/termin-vereinbaren\/\",\"target\":\"\"},\"_columns_0_button_link\":\"field_6227212f65678\",\"columns_0_link_is_blank\":\"0\",\"_columns_0_link_is_blank\":\"field_6227213d65679\",\"columns_1_column_type\":\"image_video\",\"_columns_1_column_type\":\"field_627221966b517\",\"columns_1_image_video_type\":\"image\",\"_columns_1_image_video_type\":\"field_627222596b51c\",\"columns_1_image\":3757,\"_columns_1_image\":\"field_627222856b51d\",\"columns\":2,\"_columns\":\"field_6238335007a05\"},\"mode\":\"edit\"} \/-->\n\n<!-- wp:acf\/two-column {\"name\":\"acf\/two-column\",\"data\":{\"anchor\":\"\",\"_anchor\":\"field_635bd17ffcee6\",\"title\":\"Die Wurzelbehandlung  \",\"_title\":\"field_622629438a3e9\",\"columns_0_column_type\":\"text\",\"_columns_0_column_type\":\"field_627221966b517\",\"columns_0_text\":\"Bei der Wurzelbehandlung wird der infizierte, besch\u00e4digte oder tote Nerv Ihres Zahns entfernt. Das Herz des Zahns enth\u00e4lt die Nerven und Blutgef\u00e4sse. Sie erm\u00f6glichen es dem Zahn, sich zu entwickeln. Bakterien, die durch Karies, Risse oder besch\u00e4digte F\u00fcllungen in Ihren Zahn eindringen, f\u00fchren zur Bildung eines Abszesses. Dieser Abszess wird durch eine Infektion des Zahnmarks verursacht. In diesem Fall muss das Fruchtfleisch entfernt werden.\\r\\n\\r\\nDer Vorteil der Wurzelbehandlung ist, dass Sie Ihren Zahn behalten k\u00f6nnen, anstatt ihn zu extrahieren. Indem Sie Ihren nat\u00fcrlichen Zahn erhalten, verhindern Sie, dass die anderen Z\u00e4hne ihre Ausrichtung verlieren.\\r\\n\\r\\n\\u003cstrong\\u003eWie l\u00e4uft eine Wurzelbehandlung ab?\\u003c\/strong\\u003e\\r\\n\\r\\nIhr Zahnarzt bet\u00e4ubt den Zahn \u00f6rtlich und legt eine isolierende Membran um den Zahn. Er macht eine kleine \u00d6ffnung in den Zahn, um an den Kanal und die besch\u00e4digte Pulpa (das Herz des Zahns) zu gelangen. Mit Hilfe von Pr\u00e4zisionsinstrumenten entfernt er die Pulpa, reinigt und erweitert den Kanal. Der Zahnarzt f\u00fcllt den Kanal und verschliesst den Zahn mit einer provisorischen oder permanenten F\u00fcllung. Der Zahn ist nicht mehr empfindlich gegen\u00fcber Hitze oder K\u00e4lte, beh\u00e4lt aber seine Eigenschaften. Eine Krone und ein Stift sind in der Regel notwendig, um die Lebensdauer des Zahns zu verl\u00e4ngern.\",\"_columns_0_text\":\"field_6226294b8a3ea\",\"columns_0_link_type\":\"bouton\",\"_columns_0_link_type\":\"field_623833b107a07\",\"columns_0_button_text\":\"Alles \u00fcber Zahnfleisch\",\"_columns_0_button_text\":\"field_6227212165677\",\"columns_0_button_link\":{\"title\":\"Pflege des zahnfleisches\",\"url\":\"https:\/\/adent.ch\/de\/info\/pflege-des-zahnfleisches\/\",\"target\":\"\"},\"_columns_0_button_link\":\"field_6227212f65678\",\"columns_0_link_is_blank\":\"0\",\"_columns_0_link_is_blank\":\"field_6227213d65679\",\"columns_1_column_type\":\"image_video\",\"_columns_1_column_type\":\"field_627221966b517\",\"columns_1_image_video_type\":\"image\",\"_columns_1_image_video_type\":\"field_627222596b51c\",\"columns_1_image\":3761,\"_columns_1_image\":\"field_627222856b51d\",\"columns\":2,\"_columns\":\"field_6238335007a05\"},\"mode\":\"edit\"} \/-->\n\n<!-- wp:acf\/accordion {\"name\":\"acf\/accordion\",\"data\":{\"anchor\":\"\",\"_anchor\":\"field_635ba74f0bd13\",\"title\":\"FAQ - Wurzelkanalbehandlung\",\"_title\":\"field_626fdcfcf47bb\",\"description\":\"\",\"_description\":\"field_626fdd05f47bc\",\"accordions_0_title\":\"Wie wird eine Wurzelkanalbehandlung durchgef\u00fchrt?\",\"_accordions_0_title\":\"field_626fdd3ff47be\",\"accordions_0_content\":\"Der Zahn wird zun\u00e4chst bet\u00e4ubt und mit einem Gummigewebe (Kofferdam) von der Mundh\u00f6hle isoliert.\\r\\nDer Zahn wird mit einem Bohrer ge\u00f6ffnet und die Eing\u00e4nge des Wurzelkanals dargestellt, die L\u00e4nge des Wurzelkanals wird elektrometrisch gemessen, entz\u00fcndetes und totes Gewebe wird vollst\u00e4ndig entfernt, alle Wurzelkan\u00e4le werden mit desinfizierenden L\u00f6sungen desinfiziert und mit dem Kunststoffmaterial gef\u00fcllt.\",\"_accordions_0_content\":\"field_626fdd46f47bf\",\"accordions_1_title\":\"Wie lange dauert eine Wurzelkanalbehandlung?\",\"_accordions_1_title\":\"field_626fdd3ff47be\",\"accordions_1_content\":\"Je nach Anzahl der Zahnwurzeln dauert die Behandlung des Wurzelkanals zwischen einer und zwei Stunden. Dank moderner Behandlungsmethoden f\u00fchren wir die geplante Wurzelbehandlung in der Regel in einer einzigen Sitzung durch, nur in sehr komplizierten F\u00e4llen sind mehrere Sitzungen erforderlich.\",\"_accordions_1_content\":\"field_626fdd46f47bf\",\"accordions_2_title\":\"Wann ist eine Wurzelkanalbehandlung notwendig?\",\"_accordions_2_title\":\"field_626fdd3ff47be\",\"accordions_2_content\":\"Bei Entz\u00fcndung oder Nekrose des Zahnnervs (kann mit starken Schmerzen einhergehen oder v\u00f6llig schmerzlos verlaufen), bei tieferer Karies, die bereits bis zum Zahnnerv vorgedrungen ist (meist mit einem oder wenigen Schmerzen verbunden) oder nach einem Unfall.\",\"_accordions_2_content\":\"field_626fdd46f47bf\",\"accordions_3_title\":\"Ist es m\u00f6glich, eine Wurzelbehandlung, die vor langer Zeit erfolglos durchgef\u00fchrt wurde, zu wiederholen?\",\"_accordions_3_title\":\"field_626fdd3ff47be\",\"accordions_3_content\":\"Selbstverst\u00e4ndlich k\u00f6nnen wir die Wurzelkanalbehandlung in den meisten F\u00e4llen wiederholen und durch den Einsatz der heutigen modernen Behandlungsmethoden hohe Behandlungsergebnisse erzielen.\",\"_accordions_3_content\":\"field_626fdd46f47bf\",\"accordions\":4,\"_accordions\":\"field_626fdd1ff47bd\",\"button_button_text\":\"\",\"_button_button_text\":\"field_635b9f5d3ed5e\",\"button_button_link\":\"\",\"_button_button_link\":\"field_635b9f7c3ed5f\",\"button\":\"\",\"_button\":\"field_635b9f2e3ed5d\",\"display_shapes\":\"0\",\"_display_shapes\":\"field_62e2499085dee\",\"shapes\":\"shape1\",\"_shapes\":\"field_626fd3f41491d\"},\"mode\":\"edit\"} \/-->\n\n<!-- wp:acf\/two-column {\"name\":\"acf\/two-column\",\"data\":{\"anchor\":\"\",\"_anchor\":\"field_635bd17ffcee6\",\"title\":\"Entfernung von Weisheitsz\u00e4hnen\",\"_title\":\"field_622629438a3e9\",\"columns_0_column_type\":\"text\",\"_columns_0_column_type\":\"field_627221966b517\",\"columns_0_text\":\"Die Entfernung von Weisheitsz\u00e4hnen ist Teil der Oralchirurgie und der allgemeinen Zahnheilkunde. Es ist ein chirurgischer Eingriff, der regelm\u00e4ssig von Adent durchgef\u00fchrt und beherrscht wird.\\r\\n\\r\\nDie Weisheitsz\u00e4hne wachsen in der Regel zwischen dem 16. und 24. Lebensjahr. Es kann auch vorkommen, dass sie die Weisheitsz\u00e4hne nicht vorhanden sind. In den meisten F\u00e4llen m\u00fcssen sie entfernt werden, da sie nicht in die richtige Richtung wachsen oder unter dem Zahnfleisch \\u0022eingeschlossen\\u0022 sind.\\r\\n\\r\\nInfektionen des umgebenden Gewebes und der Nachbarz\u00e4hne, schwer zu behandelnde Karies oder Verschiebungen von Nachbarz\u00e4hnen k\u00f6nnen die Folge sein.\\r\\n\\r\\n\\u003cstrong\\u003eW\u00fcrden Sie mir empfehlen, meine Weisheitsz\u00e4hne zu entfernen?\\u003c\/strong\\u003e\\r\\n\\r\\nUm die Lage und die Anzahl der vorhandenen Weisheitsz\u00e4hne zu bestimmen, muss der Zahnarzt ein Panoramar\u00f6ntgenaufnahme Ihres Mundes machen. Der Zahnarzt wird Ihnen dann alle notwendigen Informationen geben, um einen Behandlungsplan f\u00fcr die Entfernung eines oder mehrerer Weisheitsz\u00e4hne zu erstellen.\",\"_columns_0_text\":\"field_6226294b8a3ea\",\"columns_0_link_type\":\"bouton\",\"_columns_0_link_type\":\"field_623833b107a07\",\"columns_0_button_text\":\"Alles \u00fcber Extraktion\",\"_columns_0_button_text\":\"field_6227212165677\",\"columns_0_button_link\":{\"title\":\"entfernung von weisheitszaehnen\",\"url\":\"https:\/\/adent.ch\/de\/info\/entfernung-von-weisheitszaehnen\/\",\"target\":\"\"},\"_columns_0_button_link\":\"field_6227212f65678\",\"columns_0_link_is_blank\":\"0\",\"_columns_0_link_is_blank\":\"field_6227213d65679\",\"columns_1_column_type\":\"image_video\",\"_columns_1_column_type\":\"field_627221966b517\",\"columns_1_image_video_type\":\"image\",\"_columns_1_image_video_type\":\"field_627222596b51c\",\"columns_1_image\":3792,\"_columns_1_image\":\"field_627222856b51d\",\"columns\":2,\"_columns\":\"field_6238335007a05\"},\"mode\":\"edit\"} \/-->\n\n<!-- wp:columns -->\n<div class=\"wp-block-columns\"><!-- wp:column {\"width\":\"100%\"} -->\n<div class=\"wp-block-column\" style=\"flex-basis:100%\"><!-- wp:acf\/two-column {\"name\":\"acf\/two-column\",\"data\":{\"anchor\":\"\",\"_anchor\":\"field_635bd17ffcee6\",\"title\":\"Entz\u00fcndungen und Infektionen\",\"_title\":\"field_622629438a3e9\",\"columns_0_column_type\":\"text\",\"_columns_0_column_type\":\"field_627221966b517\",\"columns_0_text\":\"Das St\u00fctzgewebe, das Ihre Z\u00e4hne umgibt, ist wertvoll: Pflegen Sie es!\\r\\n\\r\\n\\u003cstrong\\u003eParodontitis\\u003c\/strong\\u003e (Zahnlockerung) ist eine Krankheit, die das St\u00fctzgewebe betrifft, das Ihren Zahn umgibt und st\u00fctzt. Die Zerst\u00f6rung dieses Gewebes f\u00fchrt zu Beweglichkeit und schliesslich zum Verlust des Zahns. Es gibt verschiedene Stadien der Zahnfleischerkrankung.\\r\\n\\r\\nDas Anfangsstadium ist \\u003cstrong\\u003eGingivitis\\u003c\/strong\\u003e. Sie betrifft nur das Zahnfleisch und ist durch eine Entz\u00fcndung gekennzeichnet: das Zahnfleisch blutet, ist rot und geschwollen.\\r\\n\\r\\nParodontalerkrankungen sind die Hauptursache f\u00fcr Zahnverlust bei Erwachsenen. Etwa 75% der Erwachsenen leiden im Laufe ihres Lebens in unterschiedlichem Ausmass an Zahnfleischproblemen. Die Krankheit kann jedoch auch junge Menschen betreffen.\",\"_columns_0_text\":\"field_6226294b8a3ea\",\"columns_0_link_type\":\"bouton\",\"_columns_0_link_type\":\"field_623833b107a07\",\"columns_0_button_text\":\"Alles \u00fcber Zahnfleisch\",\"_columns_0_button_text\":\"field_6227212165677\",\"columns_0_button_link\":{\"title\":\"pflege des zahnfleisches\",\"url\":\"https:\/\/adent.ch\/de\/info\/pflege-des-zahnfleisches\/\",\"target\":\"\"},\"_columns_0_button_link\":\"field_6227212f65678\",\"columns_0_link_is_blank\":\"0\",\"_columns_0_link_is_blank\":\"field_6227213d65679\",\"columns_1_column_type\":\"image_video\",\"_columns_1_column_type\":\"field_627221966b517\",\"columns_1_image_video_type\":\"image\",\"_columns_1_image_video_type\":\"field_627222596b51c\",\"columns_1_image\":3686,\"_columns_1_image\":\"field_627222856b51d\",\"columns\":2,\"_columns\":\"field_6238335007a05\",\"display_shapes\":\"0\",\"_display_shapes\":\"field_62e25403466d9\",\"shapes\":\"shape5\",\"_shapes\":\"field_62262422937e9\"},\"mode\":\"edit\"} \/--><\/div>\n<!-- \/wp:column --><\/div>\n<!-- \/wp:columns -->\n\n<!-- wp:acf\/two-column {\"name\":\"acf\/two-column\",\"data\":{\"anchor\":\"\",\"_anchor\":\"field_635bd17ffcee6\",\"title\":\"Gef\u00e4hrdete Zahnfleisch: schnell handeln\",\"_title\":\"field_622629438a3e9\",\"columns_0_column_type\":\"text\",\"_columns_0_column_type\":\"field_627221966b517\",\"columns_0_text\":\"\\u003cstrong\\u003eWas passiert bei einer Zahnfleischentz\u00fcndung?\\u003c\/strong\\u003e\\r\\n\\r\\nWenn die Gingivitis nicht behandelt wird, breitet sich die Entz\u00fcndung aus und greift auf den Knochen \u00fcber. Der Knochen umgibt Ihre Z\u00e4hne und sorgt daf\u00fcr, dass sie im Kiefer bleiben. Wenn nichts unternommen wird, wird der Knochen, die B\u00e4nder und das gesamte Gewebe, das Ihre Z\u00e4hne st\u00fctzt und umgibt, nach und nach zerst\u00f6rt. Diese Zerst\u00f6rung des Gewebes f\u00fchrt zum Verlust eines oder mehrerer Z\u00e4hne. Dies wird als Parodontitis bezeichnet.\\r\\n\\r\\nZahnlockerung (Parodontitis) ist eine Krankheit, die das Zahnhaltegewebe betrifft. Sie muss von Fachgebieten, die Parodontologen genannt werden, behandelt werden. Eine Zusammenarbeit zwischen Patient, Parodontologe und Dentalhygienikerin ist notwendig, um die Heilung zu optimieren. Um Ihnen die bestm\u00f6gliche Versorgung zu garantieren, bringen wir alle diese Berufe in jedem der Adent Zahnarztzentren zusammen.\",\"_columns_0_text\":\"field_6226294b8a3ea\",\"columns_0_link_type\":\"bouton\",\"_columns_0_link_type\":\"field_623833b107a07\",\"columns_0_button_text\":\"Termin vereinbaren\",\"_columns_0_button_text\":\"field_6227212165677\",\"columns_0_button_link\":{\"title\":\"Termin Vereinbaren\",\"url\":\"https:\/\/adent.ch\/de\/termin-vereinbaren\/\",\"target\":\"\"},\"_columns_0_button_link\":\"field_6227212f65678\",\"columns_0_link_is_blank\":\"0\",\"_columns_0_link_is_blank\":\"field_6227213d65679\",\"columns_1_column_type\":\"image_video\",\"_columns_1_column_type\":\"field_627221966b517\",\"columns_1_image_video_type\":\"image\",\"_columns_1_image_video_type\":\"field_627222596b51c\",\"columns_1_image\":3764,\"_columns_1_image\":\"field_627222856b51d\",\"columns\":2,\"_columns\":\"field_6238335007a05\"},\"mode\":\"edit\"} \/-->\n\n<!-- wp:acf\/cta {\"name\":\"acf\/cta\",\"data\":{\"anchor\":\"\",\"_anchor\":\"field_635bcb8d94cbf\",\"type\":\"without_image\",\"_type\":\"field_62149e2d12aaf\",\"subtitle\":\"\u00dcbliche Zahnpflege\",\"_subtitle\":\"field_62149e038cf5c\",\"title\":\"Haben Sie Fragen?\",\"_title\":\"field_62149edd2d388\",\"text\":\"Kontaktieren Sie das Zentrum Adent Zahnarztzentrum in Ihrer N\u00e4he.\",\"_text\":\"field_62149e038cf52\",\"button_text\":\"Mein Zentrum finden\",\"_button_text\":\"field_62149f062d389\",\"button_link\":{\"title\":\"Zahnkliniken\",\"url\":\"https:\/\/adent.ch\/de\/zahnkliniken\/\",\"target\":\"\"},\"_button_link\":\"field_62149f112d38a\",\"button_color\":\"primary\",\"_button_color\":\"field_622b41428312a\",\"link_is_blank\":\"0\",\"_link_is_blank\":\"field_62285a3437980\",\"display_shapes\":\"0\",\"_display_shapes\":\"field_62e250b73f5a9\",\"shapes\":\"shape8\",\"_shapes\":\"field_62149e038cf63\"},\"mode\":\"edit\"} \/-->","post_title":"\u00dcbliche Zahnpflege","post_excerpt":"","post_status":"publish","comment_status":"closed","ping_status":"closed","post_password":"","post_name":"zahnaerztliche-routineversorgung","to_ping":"","pinged":"","post_modified":"2025-06-04 17:12:12","post_modified_gmt":"2025-06-04 15:12:12","post_content_filtered":"","post_parent":0,"guid":"https:\/\/adent.ch\/soin\/soins-dentaires-courants\/","menu_order":0,"post_type":"soin","post_mime_type":"","comment_count":"0","filter":"raw"}]},"yoast_head":"<!-- This site is optimized with the Yoast SEO plugin v27.5 - https:\/\/yoast.com\/product\/yoast-seo-wordpress\/ -->\n<title>Jalal HAMWI | Adent Zahnarztzentrum<\/title>\n<meta name=\"description\" content=\"Jalal Hamwi, Zahnarzt mit Spezialisierung auf Endodontie und moderne Wurzelbehandlungen.\" \/>\n<meta name=\"robots\" content=\"index, follow, max-snippet:-1, max-image-preview:large, max-video-preview:-1\" \/>\n<link rel=\"canonical\" href=\"https:\/\/adent.ch\/de\/zahnarzt\/jalal-hamwi\/\" \/>\n<meta property=\"og:locale\" content=\"de_DE\" \/>\n<meta property=\"og:type\" content=\"article\" \/>\n<meta property=\"og:title\" content=\"Jalal HAMWI | Adent Zahnarztzentrum\" \/>\n<meta property=\"og:description\" content=\"Jalal Hamwi, Zahnarzt mit Spezialisierung auf Endodontie und moderne Wurzelbehandlungen.\" \/>\n<meta property=\"og:url\" content=\"https:\/\/adent.ch\/de\/zahnarzt\/jalal-hamwi\/\" \/>\n<meta property=\"og:site_name\" content=\"Adent Zahnarztzentrum\" \/>\n<meta property=\"article:publisher\" content=\"https:\/\/www.facebook.com\/adentcliniquesdentaires\/\" \/>\n<meta property=\"article:modified_time\" content=\"2026-03-02T08:58:51+00:00\" \/>\n<meta property=\"og:image\" content=\"https:\/\/adent.ch\/wp-content\/uploads\/2024\/04\/adent-aubonne-mai-2022-igor-laski-web-hd-srvb-48.jpg\" \/>\n\t<meta property=\"og:image:width\" content=\"1619\" \/>\n\t<meta property=\"og:image:height\" content=\"1080\" \/>\n\t<meta property=\"og:image:type\" content=\"image\/jpeg\" \/>\n<meta name=\"twitter:card\" content=\"summary_large_image\" \/>\n<script type=\"application\/ld+json\" class=\"yoast-schema-graph\">{\"@context\":\"https:\\\/\\\/schema.org\",\"@graph\":[{\"@type\":\"WebPage\",\"@id\":\"https:\\\/\\\/adent.ch\\\/de\\\/zahnarzt\\\/jalal-hamwi\\\/\",\"url\":\"https:\\\/\\\/adent.ch\\\/de\\\/zahnarzt\\\/jalal-hamwi\\\/\",\"name\":\"Jalal HAMWI | Adent Zahnarztzentrum\",\"isPartOf\":{\"@id\":\"https:\\\/\\\/adent.ch\\\/de\\\/#website\"},\"datePublished\":\"2024-01-10T16:00:51+00:00\",\"dateModified\":\"2026-03-02T08:58:51+00:00\",\"description\":\"Jalal Hamwi, Zahnarzt mit Spezialisierung auf Endodontie und moderne Wurzelbehandlungen.\",\"breadcrumb\":{\"@id\":\"https:\\\/\\\/adent.ch\\\/de\\\/zahnarzt\\\/jalal-hamwi\\\/#breadcrumb\"},\"inLanguage\":\"de-CH\",\"potentialAction\":[{\"@type\":\"ReadAction\",\"target\":[\"https:\\\/\\\/adent.ch\\\/de\\\/zahnarzt\\\/jalal-hamwi\\\/\"]}]},{\"@type\":\"BreadcrumbList\",\"@id\":\"https:\\\/\\\/adent.ch\\\/de\\\/zahnarzt\\\/jalal-hamwi\\\/#breadcrumb\",\"itemListElement\":[{\"@type\":\"ListItem\",\"position\":1,\"name\":\"Team\",\"item\":\"https:\\\/\\\/adent.ch\\\/de\\\/team\\\/\"},{\"@type\":\"ListItem\",\"position\":2,\"name\":\"Jalal HAMWI\"}]},{\"@type\":\"WebSite\",\"@id\":\"https:\\\/\\\/adent.ch\\\/de\\\/#website\",\"url\":\"https:\\\/\\\/adent.ch\\\/de\\\/\",\"name\":\"Adent Zahnarztzentrum\",\"description\":\"\",\"publisher\":{\"@id\":\"https:\\\/\\\/adent.ch\\\/de\\\/#organization\"},\"potentialAction\":[{\"@type\":\"SearchAction\",\"target\":{\"@type\":\"EntryPoint\",\"urlTemplate\":\"https:\\\/\\\/adent.ch\\\/de\\\/?s={search_term_string}\"},\"query-input\":{\"@type\":\"PropertyValueSpecification\",\"valueRequired\":true,\"valueName\":\"search_term_string\"}}],\"inLanguage\":\"de-CH\"},{\"@type\":\"Organization\",\"@id\":\"https:\\\/\\\/adent.ch\\\/de\\\/#organization\",\"name\":\"Adent Cliniques Dentaires\",\"url\":\"https:\\\/\\\/adent.ch\\\/de\\\/\",\"logo\":{\"@type\":\"ImageObject\",\"inLanguage\":\"de-CH\",\"@id\":\"https:\\\/\\\/adent.ch\\\/de\\\/#\\\/schema\\\/logo\\\/image\\\/\",\"url\":\"https:\\\/\\\/adent.ch\\\/wp-content\\\/uploads\\\/2022\\\/09\\\/adent-habefast-logo-2018-fr-05032019-rvb-scaled.jpg\",\"contentUrl\":\"https:\\\/\\\/adent.ch\\\/wp-content\\\/uploads\\\/2022\\\/09\\\/adent-habefast-logo-2018-fr-05032019-rvb-scaled.jpg\",\"width\":2880,\"height\":750,\"caption\":\"Adent Cliniques Dentaires\"},\"image\":{\"@id\":\"https:\\\/\\\/adent.ch\\\/de\\\/#\\\/schema\\\/logo\\\/image\\\/\"},\"sameAs\":[\"https:\\\/\\\/www.facebook.com\\\/adentcliniquesdentaires\\\/\",\"https:\\\/\\\/www.instagram.com\\\/adent.ch\\\/\",\"https:\\\/\\\/www.youtube.com\\\/channel\\\/UCPd5UjY-ipuq3MhW6m0W-wg\",\"https:\\\/\\\/www.linkedin.com\\\/company\\\/adent-cliniques-dentaires\\\/?originalSubdomain=ch\"]}]}<\/script>\n<!-- \/ Yoast SEO plugin. -->","yoast_head_json":{"title":"Jalal HAMWI | Adent Zahnarztzentrum","description":"Jalal Hamwi, Zahnarzt mit Spezialisierung auf Endodontie und moderne Wurzelbehandlungen.","robots":{"index":"index","follow":"follow","max-snippet":"max-snippet:-1","max-image-preview":"max-image-preview:large","max-video-preview":"max-video-preview:-1"},"canonical":"https:\/\/adent.ch\/de\/zahnarzt\/jalal-hamwi\/","og_locale":"de_DE","og_type":"article","og_title":"Jalal HAMWI | Adent Zahnarztzentrum","og_description":"Jalal Hamwi, Zahnarzt mit Spezialisierung auf Endodontie und moderne Wurzelbehandlungen.","og_url":"https:\/\/adent.ch\/de\/zahnarzt\/jalal-hamwi\/","og_site_name":"Adent Zahnarztzentrum","article_publisher":"https:\/\/www.facebook.com\/adentcliniquesdentaires\/","article_modified_time":"2026-03-02T08:58:51+00:00","og_image":[{"width":1619,"height":1080,"url":"https:\/\/adent.ch\/wp-content\/uploads\/2024\/04\/adent-aubonne-mai-2022-igor-laski-web-hd-srvb-48.jpg","type":"image\/jpeg"}],"twitter_card":"summary_large_image","schema":{"@context":"https:\/\/schema.org","@graph":[{"@type":"WebPage","@id":"https:\/\/adent.ch\/de\/zahnarzt\/jalal-hamwi\/","url":"https:\/\/adent.ch\/de\/zahnarzt\/jalal-hamwi\/","name":"Jalal HAMWI | Adent Zahnarztzentrum","isPartOf":{"@id":"https:\/\/adent.ch\/de\/#website"},"datePublished":"2024-01-10T16:00:51+00:00","dateModified":"2026-03-02T08:58:51+00:00","description":"Jalal Hamwi, Zahnarzt mit Spezialisierung auf Endodontie und moderne Wurzelbehandlungen.","breadcrumb":{"@id":"https:\/\/adent.ch\/de\/zahnarzt\/jalal-hamwi\/#breadcrumb"},"inLanguage":"de-CH","potentialAction":[{"@type":"ReadAction","target":["https:\/\/adent.ch\/de\/zahnarzt\/jalal-hamwi\/"]}]},{"@type":"BreadcrumbList","@id":"https:\/\/adent.ch\/de\/zahnarzt\/jalal-hamwi\/#breadcrumb","itemListElement":[{"@type":"ListItem","position":1,"name":"Team","item":"https:\/\/adent.ch\/de\/team\/"},{"@type":"ListItem","position":2,"name":"Jalal HAMWI"}]},{"@type":"WebSite","@id":"https:\/\/adent.ch\/de\/#website","url":"https:\/\/adent.ch\/de\/","name":"Adent Zahnarztzentrum","description":"","publisher":{"@id":"https:\/\/adent.ch\/de\/#organization"},"potentialAction":[{"@type":"SearchAction","target":{"@type":"EntryPoint","urlTemplate":"https:\/\/adent.ch\/de\/?s={search_term_string}"},"query-input":{"@type":"PropertyValueSpecification","valueRequired":true,"valueName":"search_term_string"}}],"inLanguage":"de-CH"},{"@type":"Organization","@id":"https:\/\/adent.ch\/de\/#organization","name":"Adent Cliniques Dentaires","url":"https:\/\/adent.ch\/de\/","logo":{"@type":"ImageObject","inLanguage":"de-CH","@id":"https:\/\/adent.ch\/de\/#\/schema\/logo\/image\/","url":"https:\/\/adent.ch\/wp-content\/uploads\/2022\/09\/adent-habefast-logo-2018-fr-05032019-rvb-scaled.jpg","contentUrl":"https:\/\/adent.ch\/wp-content\/uploads\/2022\/09\/adent-habefast-logo-2018-fr-05032019-rvb-scaled.jpg","width":2880,"height":750,"caption":"Adent Cliniques Dentaires"},"image":{"@id":"https:\/\/adent.ch\/de\/#\/schema\/logo\/image\/"},"sameAs":["https:\/\/www.facebook.com\/adentcliniquesdentaires\/","https:\/\/www.instagram.com\/adent.ch\/","https:\/\/www.youtube.com\/channel\/UCPd5UjY-ipuq3MhW6m0W-wg","https:\/\/www.linkedin.com\/company\/adent-cliniques-dentaires\/?originalSubdomain=ch"]}]}},"_links":{"self":[{"href":"https:\/\/adent.ch\/de\/wp-json\/wp\/v2\/equipe\/12370","targetHints":{"allow":["GET"]}}],"collection":[{"href":"https:\/\/adent.ch\/de\/wp-json\/wp\/v2\/equipe"}],"about":[{"href":"https:\/\/adent.ch\/de\/wp-json\/wp\/v2\/types\/equipe"}],"wp:attachment":[{"href":"https:\/\/adent.ch\/de\/wp-json\/wp\/v2\/media?parent=12370"}],"wp:term":[{"taxonomy":"langue","embeddable":true,"href":"https:\/\/adent.ch\/de\/wp-json\/wp\/v2\/langue?post=12370"}],"curies":[{"name":"wp","href":"https:\/\/api.w.org\/{rel}","templated":true}]}}