{"id":13921,"date":"2024-06-20T13:10:57","date_gmt":"2024-06-20T11:10:57","guid":{"rendered":"https:\/\/adent.ch\/dentistes\/kenan-diab\/"},"modified":"2025-12-05T12:04:38","modified_gmt":"2025-12-05T11:04:38","slug":"kenan-diab","status":"publish","type":"equipe","link":"https:\/\/adent.ch\/de\/zahnarzt\/kenan-diab\/","title":{"rendered":"Kenan DIAB"},"content":{"rendered":"<div class=\"two-column-block\" >\n\t<div class=\"container\">\n\t\t\t\t\t\t\t<div class=\"row justify-content-between\" data-sal=\"slide-up\" data-sal-delay=\"200\" data-sal-easing=\"ease-in-out\" data-sal-duration=\"300\">\n\t\t\t\t\t\t\t\t\t\t\t\t\t\t\t<div class=\"col-md-6\">\n\t\t\t\t\t\t\t<div class=\"text-lg\">\n\t\t\t\t\t\t\t\t<p>Nach einem Universit\u00e4tsabschluss in Zahn- und Kieferorthop\u00e4die in Paris, hat Dr. Bj\u00f6rn Busch seine Arbeit in der Zahnmedizin fortgesetzt. Kenan Diab setzte seine Ausbildung in <a href=\"https:\/\/adent.ch\/de\/behandlung\/kieferorthopaedie-fuer-kinder-und-erwachsene\/\">Kieferorthop\u00e4de<\/a> fort, indem er an den Seminaren des Lehrzyklus im Krankenhaus von Gonesse in Frankreich teilnahm. Anschliedssend erwarb er in Paris Descartes ein Certificat d&#8217;\u00e9tudes sup\u00e9rieures en chirurgie dentaire sp\u00e9cialis\u00e9e en p\u00e9dodontie pr\u00e9vention und absolvierte in \u00d6sterreich die Ausbildung zum Tiger Micro System (Powerscrew).<\/p>\n<p>Dr. Kenan Diab vertiefte seine Kenntnisse in p\u00e4diatrischer Stomatologie am Robert Debr\u00e9 Hospital in Frankreich und vervollst\u00e4ndigte seine Ausbildung durch ein Invisalign Masterclass-Zertifikat, das auf die <a href=\"https:\/\/adent.ch\/de\/info\/invisalign-behandlung\/\">Invisalign-Zahntechnik<\/a> spezialisiert ist. Dr. Diab ist mehrsprachig. Kenan Diab spricht fliessend Franz\u00f6sisch, Arabisch und Englisch, was die Kommunikation mit einem vielf\u00e4ltigen internationalen Patientenstamm erleichtert. Dank seiner umfassenden Ausbildung und seines breit gef\u00e4cherten Fachwissens beherrscht er verschiedene Techniken der Zahnregulierung und bietet seinen Patienten eine umfassende kieferorthop\u00e4dische Behandlung. Seine Spezialisierung konzentriert sich insbesondere auf die Techniken der Knochenverankerung in der Kieferorthop\u00e4de.<\/p>\n<p>F\u00fcr Dr. Laut Dr. Kenan Diab ist die kieferorthop\u00e4dische Behandlung f\u00fcr die F\u00f6rderung eines harmonischen Wachstums bei Kindern von entscheidender Bedeutung. Er empfiehlt dringend eine Erstuntersuchung ab dem Alter von 7 Jahren, um m\u00f6gliche kieferorthop\u00e4dische Probleme fr\u00fchzeitig abfangen zu k\u00f6nnen.<\/p>\n\t\t\t\t\t\t\t<\/div>\n\t\t\t\t\t\t\t\t\t\t\t\t\t\t\t\t\t\t\t\t\t\t\t\t\t\t\t<\/div>\n\t\t\t\t\t\t\t\t\t\t\t\t<\/div>\n\t\t\t<\/div>\n<\/div>","protected":false},"template":"","langue":[141,101,103],"class_list":["post-13921","equipe","type-equipe","status-publish","hentry","langue-arabisch","langue-englisch","langue-franzoesisch"],"acf":{"first_name":"Kenan","last_name":"DIAB","job":"Kieferorthop\u00e4de","short_description":"<p>Zahnarzt, der kieferorthop\u00e4dische Behandlung in vollem Umfang anbietet.<\/p>\n","specialites":false,"higlight_specialite":"","higlight_specialite_short":"","zawin_codes":false,"image":{"ID":11141,"id":11141,"title":"Vignettes Photo Praticien Site Web (12)","filename":"vignettes-photo-praticien-site-web-12.png","filesize":1947660,"url":"https:\/\/adent.ch\/wp-content\/uploads\/2022\/05\/vignettes-photo-praticien-site-web-12.png","link":"https:\/\/adent.ch\/de\/zahnarzt\/kenan-diab\/vignettes-photo-praticien-site-web-12-3\/","alt":"Kenan Diab","author":"2","description":"","caption":"","name":"vignettes-photo-praticien-site-web-12-3","status":"inherit","uploaded_to":13921,"date":"2023-03-21 12:22:22","modified":"2025-04-23 08:48:22","menu_order":0,"mime_type":"image\/png","type":"image","subtype":"png","icon":"https:\/\/adent.ch\/wp-includes\/images\/media\/default.png","width":1880,"height":1410,"sizes":{"thumbnail":"https:\/\/adent.ch\/wp-content\/uploads\/2022\/05\/vignettes-photo-praticien-site-web-12-150x150.png","thumbnail-width":150,"thumbnail-height":150,"medium":"https:\/\/adent.ch\/wp-content\/uploads\/2022\/05\/vignettes-photo-praticien-site-web-12-300x225.png","medium-width":300,"medium-height":225,"medium_large":"https:\/\/adent.ch\/wp-content\/uploads\/2022\/05\/vignettes-photo-praticien-site-web-12-768x576.png","medium_large-width":768,"medium_large-height":576,"large":"https:\/\/adent.ch\/wp-content\/uploads\/2022\/05\/vignettes-photo-praticien-site-web-12-1307x980.png","large-width":1307,"large-height":980,"1536x1536":"https:\/\/adent.ch\/wp-content\/uploads\/2022\/05\/vignettes-photo-praticien-site-web-12-1536x1152.png","1536x1536-width":1536,"1536x1536-height":1152,"2048x2048":"https:\/\/adent.ch\/wp-content\/uploads\/2022\/05\/vignettes-photo-praticien-site-web-12.png","2048x2048-width":1880,"2048x2048-height":1410,"gform-image-choice-sm":"https:\/\/adent.ch\/wp-content\/uploads\/2022\/05\/vignettes-photo-praticien-site-web-12.png","gform-image-choice-sm-width":300,"gform-image-choice-sm-height":225,"gform-image-choice-md":"https:\/\/adent.ch\/wp-content\/uploads\/2022\/05\/vignettes-photo-praticien-site-web-12.png","gform-image-choice-md-width":400,"gform-image-choice-md-height":300,"gform-image-choice-lg":"https:\/\/adent.ch\/wp-content\/uploads\/2022\/05\/vignettes-photo-praticien-site-web-12.png","gform-image-choice-lg-width":600,"gform-image-choice-lg-height":450}},"cliniques":[{"ID":4227,"post_author":"14","post_date":"2022-04-20 14:43:04","post_date_gmt":"2022-04-20 12:43:04","post_content":"<!-- wp:acf\/two-column {\"name\":\"acf\/two-column\",\"data\":{\"anchor\":\"\",\"_anchor\":\"field_635bd17ffcee6\",\"title\":\"Willkommen bei Adent Lausanne-Bl\u00e9cherette\",\"_title\":\"field_622629438a3e9\",\"columns_0_column_type\":\"text\",\"_columns_0_column_type\":\"field_627221966b517\",\"columns_0_text\":\"\\u003cstrong\\u003eINFORMATION: Ab dem 06.03.2026 \u00e4ndern sich die \u00d6ffnungszeiten am Freitag wie folgt: 8:00 \u2013 16:00 Uhr\\u003c\/strong\\u003e\\r\\n\\u003cp data-start=\\u00220\\u0022 data-end=\\u0022525\\u0022\\u003eIm Adent Zahnarztzentrum Lausanne steht Dr. R\u00e9mi Seam, Zahnarzt und Leiter des Zahnarztzentrums, f\u00fcr eine moderne, kompetente und menschliche Zahnmedizin. Zentral in Lausanne gelegen und gut erreichbar, betreut er gemeinsam mit einem engagierten Team Patientinnen und Patienten aus der Region und der Umgebung. Die Betreuung erfolgt in einer warmen, vertrauensvollen Atmosph\u00e4re, wobei die Kommunikation haupts\u00e4chlich auf Franz\u00f6sisch und Englisch m\u00f6glich ist, um eine verst\u00e4ndliche und pers\u00f6nliche Begleitung zu gew\u00e4hrleisten.\\u003c\/p\\u003e\\r\\n\\u003cp data-start=\\u0022527\\u0022 data-end=\\u00221007\\u0022\\u003eDr. R\u00e9mi Seam bietet ein breites Spektrum an zahnmedizinischen Behandlungen f\u00fcr Erwachsene und Kinder an. Unterst\u00fctzt wird er von erfahrenen Zahn\u00e4rztinnen und Zahn\u00e4rzten sowie spezialisierten Fachpersonen in den Bereichen orale Chirurgie und Parodontologie. Der Fokus liegt auf individuellen L\u00f6sungen, pr\u00e4zisen Diagnosen und nachhaltigen Behandlungskonzepten, mit dem Ziel, die Mundgesundheit langfristig zu erhalten und das Wohlbefinden der Patientinnen und Patienten zu st\u00e4rken.\\u003c\/p\\u003e\\r\\n\\u003cp data-start=\\u00221009\\u0022 data-end=\\u00221603\\u0022\\u003eEin zentraler Bestandteil der Pr\u00e4vention ist die professionelle Zahnreinigung, die im Adent Zahnarztzentrum Lausanne von qualifizierten Dentalhygienikerinnen durchgef\u00fchrt wird. Die Zahnreinigung wird ein- bis zweimal j\u00e4hrlich empfohlen und hilft, Zahnbelag und Zahnstein schonend zu entfernen. Dabei kommt die moderne GBT\u00ae-Methode, Guided Biofilm Therapy, zum Einsatz, eine innovative und sanfte Technologie, die in allen Adent Zahnarztzentren angewendet wird. Auch Kinder profitieren bereits ab den ersten Z\u00e4hnen von einer angepassten Zahnreinigung, um fr\u00fch gesunde Gewohnheiten zu entwickeln.\\u003c\/p\\u003e\\r\\n\\u003cp data-start=\\u00221605\\u0022 data-end=\\u00222128\\u0022 data-is-last-node=\\u0022\\u0022 data-is-only-node=\\u0022\\u0022\\u003eF\u00fcr Patientinnen und Patienten mit Zahnarztangst bietet Dr. R\u00e9mi Seam schonende L\u00f6sungen an, darunter Behandlungen unter Lachgassedierung, die Stress und Anspannung deutlich reduzieren k\u00f6nnen. Zus\u00e4tzlich sind Behandlungen unter medizinischer Hypnose m\u00f6glich, da entsprechende Ausbildungen am Institut Romand d\u2019Hypnose Suisse absolviert wurden. Diese einf\u00fchlsame Herangehensweise unterstreicht den hohen Anspruch an Qualit\u00e4t, Vertrauen und Menschlichkeit, f\u00fcr den Dr. R\u00e9mi Seam und das Adent Zahnarztzentrum Lausanne stehen.\\u003c\/p\\u003e\",\"_columns_0_text\":\"field_6226294b8a3ea\",\"columns_0_link_type\":\"none\",\"_columns_0_link_type\":\"field_623833b107a07\",\"columns\":1,\"_columns\":\"field_6238335007a05\"},\"mode\":\"edit\"} \/-->\n\n<!-- wp:acf\/clinique-head {\"name\":\"acf\/clinique-head\",\"data\":{\"members\":[\"3088\"],\"_members\":\"field_622f5635c857c\",\"shapes\":\"shape4\",\"_shapes\":\"field_622f5635c8595\"},\"mode\":\"edit\"} \/-->\n\n<!-- wp:acf\/members {\"name\":\"acf\/members\",\"data\":{\"format\":\"slider\",\"_format\":\"field_65aa873152dbb\",\"subtitle\":\"Zu Ihren Diensten\",\"_subtitle\":\"field_65aa873152dc2\",\"title\":\"Adent Zahnarztzentrum Lausanne-Bl\u00e9cherette\",\"_title\":\"field_65aa873152dc9\",\"description\":\"Ein professionelles und herzliches Team, das bereit ist, Sie zu empfangen.\",\"_description\":\"field_65aa873152dcf\",\"button_text\":\"\",\"_button_text\":\"field_65aa873152dd6\",\"button_link\":\"\",\"_button_link\":\"field_65aa873152ddc\"},\"mode\":\"edit\"} \/-->\n\n<!-- wp:block {\"ref\":2108} \/-->\n\n<!-- wp:acf\/cta {\"name\":\"acf\/cta\",\"data\":{\"anchor\":\"\",\"_anchor\":\"field_635bcb8d94cbf\",\"type\":\"without_image\",\"_type\":\"field_62149e2d12aaf\",\"subtitle\":\"\",\"_subtitle\":\"field_62149e038cf5c\",\"title\":\"Zahnnotfall? \",\"_title\":\"field_62149edd2d388\",\"text\":\"Rufen Sie unser Zentrum jetzt an f\u00fcr eine schnelle Behandlung.\",\"_text\":\"field_62149e038cf52\",\"button_text\":\"Rufen Sie uns an\",\"_button_text\":\"field_62149f062d389\",\"button_link\":{\"title\":\"\",\"url\":\"tel:+41 21 644 20 00\",\"target\":\"\"},\"_button_link\":\"field_62149f112d38a\",\"button_color\":\"primary\",\"_button_color\":\"field_622b41428312a\",\"link_is_blank\":\"0\",\"_link_is_blank\":\"field_62285a3437980\"},\"mode\":\"edit\"} \/-->","post_title":"Lausanne Bl\u00e9cherette","post_excerpt":"","post_status":"publish","comment_status":"closed","ping_status":"closed","post_password":"","post_name":"lausanne-blecherette-2","to_ping":"","pinged":"","post_modified":"2026-02-09 13:22:30","post_modified_gmt":"2026-02-09 12:22:30","post_content_filtered":"","post_parent":0,"guid":"https:\/\/adent.ch\/clinique\/lausanne-blecherette\/","menu_order":0,"post_type":"clinique","post_mime_type":"","comment_count":"0","filter":"raw"},{"ID":4229,"post_author":"14","post_date":"2022-04-20 14:42:54","post_date_gmt":"2022-04-20 12:42:54","post_content":"<!-- wp:acf\/signature-hero {\"name\":\"acf\/signature-hero\",\"data\":{\"anchor\":\"\",\"_anchor\":\"field_699c0fd216505\",\"pic\":16492,\"_pic\":\"field_699c0ff058702\",\"title\":\"Ein zahn\u00e4rztliches Erlebnis, das auf Ihren Komfort ausgerichtet ist\",\"_title\":\"field_699c0fd21650e\",\"text\":\"Unser Team aus Zahn\u00e4rzten und Dentalhygienikerinnen empf\u00e4ngt Sie von Montag bis Freitag mit besonderem Augenmerk auf Ihr Wohlbefinden. Hier wird Zeit bewusst gestaltet, Zuh\u00f6ren steht im Mittelpunkt, und jede Behandlung erfolgt mit einer sanften, kontrollierten Herangehensweise.\\r\\n\\r\\nJeder Besuch wird zu einer reibungslosen und beruhigenden Erfahrung, gepr\u00e4gt von Menschlichkeit, Eleganz und Respekt f\u00fcr Ihren Komfort \u2013 f\u00fcr eine massgeschneiderte und stressfreie Betreuung.\",\"_text\":\"field_699c0fe258701\"},\"mode\":\"edit\"} \/-->\n\n<!-- wp:acf\/signature-text-image {\"name\":\"acf\/signature-text-image\",\"data\":{\"sec_bkg\":\"primary\",\"_sec_bkg\":\"field_69972d6b4b804\",\"is-full\":\"0\",\"_is-full\":\"field_69972e7a4b807\",\"img_dir\":\"start\",\"_img_dir\":\"field_69972dc74b805\",\"img_style\":\"rounded\",\"_img_style\":\"field_69972e264b806\",\"image\":16495,\"_image\":\"field_69972ec24b809\",\"content\":\"\\u003ch2\\u003eZahnmedizinische Spitzentechnologie\\u003c\/h2\\u003e\\r\\nDas Zahnarztzentrum setzt auf modernste Ger\u00e4te, um pr\u00e4zise, effiziente und komfortable Behandlungen zu gew\u00e4hrleisten. Diese Technologien minimieren unangenehme Empfindungen, schonen das Gewebe und optimieren die Behandlungsergebnisse.\\r\\n\\r\\n3D-R\u00f6ntgenaufnahmen und digitale Abdr\u00fccke ersetzen traditionelle Methoden und bieten ein angenehmeres, schnelleres Erlebnis mit h\u00f6chster Pr\u00e4zision.\",\"_content\":\"field_69972ece4b80a\"},\"mode\":\"edit\"} \/-->\n\n<!-- wp:acf\/signature-text-image {\"name\":\"acf\/signature-text-image\",\"data\":{\"sec_bkg\":\"primary\",\"_sec_bkg\":\"field_69972d6b4b804\",\"is-full\":\"0\",\"_is-full\":\"field_69972e7a4b807\",\"img_dir\":\"end\",\"_img_dir\":\"field_69972dc74b805\",\"img_style\":\"half_rounded\",\"_img_style\":\"field_69972e264b806\",\"image\":16498,\"_image\":\"field_69972ec24b809\",\"content\":\"\\u003ch2\\u003eMassgeschneiderte Zahnreinigung \\u0026amp; Pr\u00e4vention\\u003c\/h2\\u003e\\r\\nUnsere Dentalhygienikerinnen wenden eine innovative Zahnreinigung an, die sanft, effektiv und schonend f\u00fcr das Zahnfleisch ist. In Kombination mit modernsten Instrumenten hat Dr. Philippe Germanier ein spezielles Pr\u00e4ventions- und Behandlungskonzept f\u00fcr Zahn- und Implantatgesundheit entwickelt.\\r\\n\\r\\nRegelm\u00e4ssige Kontrollen helfen, die Mundgesundheit langfristig zu erhalten und ein strahlendes L\u00e4cheln Jahr f\u00fcr Jahr zu bewahren.\",\"_content\":\"field_69972ece4b80a\"},\"mode\":\"edit\"} \/-->\n\n<!-- wp:acf\/signature-text-image {\"name\":\"acf\/signature-text-image\",\"data\":{\"sec_bkg\":\"default\",\"_sec_bkg\":\"field_69972d6b4b804\",\"is-full\":\"0\",\"_is-full\":\"field_69972e7a4b807\",\"img_dir\":\"start\",\"_img_dir\":\"field_69972dc74b805\",\"img_style\":\"rounded\",\"_img_style\":\"field_69972e264b806\",\"image\":16501,\"_image\":\"field_69972ec24b809\",\"content\":\"\\u003ch2\\u003eExzellente Zahnmedizin f\u00fcr die ganze Familie\\u003c\/h2\\u003e\\r\\nAls Teil der Adent Gruppe empf\u00e4ngt das Zahnarztzentrum St-Fran\u00e7ois Erwachsene und Kinder in einer Umgebung, die k\u00fcnstlerisch, anspruchsvoll und technologisch fortschrittlich zugleich ist. Design, Kunst und Innovation verschmelzen zu einer Atmosph\u00e4re, die sofort Vertrauen schafft.\\r\\n\\r\\nF\u00fcr Patienten mit Zahnarztangst \u2013 Kinder wie Erwachsene \u2013 bietet das Zentrum die bewusste Sedierung mit Lachgas an. Diese moderne und sichere Methode reduziert \u00c4ngste sp\u00fcrbar und erm\u00f6glicht die Behandlung in tiefster Entspannung.\",\"_content\":\"field_69972ece4b80a\"},\"mode\":\"edit\"} \/-->\n\n<!-- wp:acf\/signature-clinique-head {\"name\":\"acf\/signature-clinique-head\",\"data\":{\"member_id\":5040,\"_member_id\":\"field_69982c49cceaa\"},\"mode\":\"edit\"} \/-->\n\n<!-- wp:acf\/signature-cta {\"name\":\"acf\/signature-cta\",\"data\":{\"anchor\":\"\",\"_anchor\":\"field_69972a26d38c6\",\"title\":\"Zahnhygiene: Termin vereinbaren\",\"_title\":\"field_69972a26d38df\",\"text\":\"Ein strahlendes Laecheln beginnt mit guter Zahnhygiene. Vereinbaren Sie einen Termin fuer eine Zahnreinigung oder ein Zahnbleaching.\",\"_text\":\"field_69972a26d38e7\",\"cta\":{\"title\":\"RUFEN SIE UNS AN\",\"url\":\"tel:+41213123942\",\"target\":\"\"},\"_cta\":\"field_69972a75e0592\"},\"mode\":\"edit\"} \/-->\n\n<!-- wp:acf\/signature-members {\"name\":\"acf\/signature-members\",\"data\":{\"title\":\"Centre Dentaire de St-Fran\u00e7ois by Adent\",\"_title\":\"field_69972a9fcf8f2\",\"text\":\"Ein professionelles und herzliches Team, das bereit ist, Sie zu empfangen.\",\"_text\":\"field_69972a9fcf8fa\"},\"mode\":\"edit\"} \/-->\n\n<!-- wp:acf\/signature-cares-list {\"name\":\"acf\/signature-cares-list\",\"data\":{\"anchor\":\"\",\"_anchor\":\"field_69972c0308b99\",\"title\":\"Entdecken Sie unsere Pflege\",\"_title\":\"field_69972c0308ba2\",\"description\":\"Unsere Zahn\u00e4rzte und Dentalhygienikerinnen sind dazu da, all Ihre Bed\u00fcrfnisse in Bezug auf die Zahnpflege zu erf\u00fcllen. Bitte kontaktieren Sie uns f\u00fcr weitere Informationen.\",\"_description\":\"field_69972c0308baa\",\"cares\":[\"4138\",\"4140\",\"4134\",\"4132\",\"4136\",\"13554\",\"12151\"],\"_cares\":\"field_69972c0308bb2\"},\"mode\":\"edit\"} \/-->","post_title":"Lausanne Zentrum","post_excerpt":"","post_status":"publish","comment_status":"closed","ping_status":"closed","post_password":"","post_name":"lausanne-centre","to_ping":"","pinged":"","post_modified":"2026-03-05 11:59:53","post_modified_gmt":"2026-03-05 10:59:53","post_content_filtered":"","post_parent":0,"guid":"https:\/\/adent.ch\/clinique\/lausanne-centre\/","menu_order":0,"post_type":"clinique","post_mime_type":"","comment_count":"0","filter":"raw"},{"ID":4225,"post_author":"14","post_date":"2022-04-20 14:48:10","post_date_gmt":"2022-04-20 12:48:10","post_content":"<!-- wp:acf\/two-column {\"name\":\"acf\/two-column\",\"data\":{\"anchor\":\"\",\"_anchor\":\"field_635bd17ffcee6\",\"title\":\"Willkommen bei Adent Lausanne-Gare\",\"_title\":\"field_622629438a3e9\",\"columns_0_column_type\":\"text\",\"_columns_0_column_type\":\"field_627221966b517\",\"columns_0_text\":\"\\u003cp data-start=\\u00220\\u0022 data-end=\\u0022457\\u0022\\u003eWillkommen im \\u003cstrong data-start=\\u002214\\u0022 data-end=\\u002253\\u0022\\u003eAdent Zahnarztzentrum Lausanne-Gare\\u003c\/strong\\u003e, einem modernen und herzlichen Zahnarztzentrum in zentraler Lage, nur wenige Schritte unterhalb des Bahnhofs Lausanne im Quartier Montriond. Dank der unmittelbaren N\u00e4he zu den \u00f6ffentlichen Verkehrsmitteln ist das Zahnarztzentrum bequem erreichbar und bietet Patientinnen und Patienten im Herzen von Lausanne eine angenehme Atmosph\u00e4re, die ganz auf Komfort, Ruhe und Behandlungsqualit\u00e4t ausgerichtet ist.\\u003c\/p\\u003e\\r\\n\\u003cp data-start=\\u0022459\\u0022 data-end=\\u00221010\\u0022\\u003eDas Adent Zahnarztzentrum Lausanne-Gare deckt das gesamte Spektrum der allgemeinen Zahnmedizin sowie zahlreiche spezialisierte Behandlungen ab. Jede Behandlung erfolgt individuell und orientiert sich an den neuesten wissenschaftlichen Standards. Durch kontinuierliche Weiterbildung setzen Zahn\u00e4rztinnen und Zahn\u00e4rzte, Dentalhygienikerinnen und Spezialisten moderne, pr\u00e4zise und nachhaltige Techniken ein und schaffen dabei ein professionelles, dynamisches und zugleich menschliches Umfeld, in dem sich Patientinnen und Patienten gut aufgehoben f\u00fchlen.\\u003c\/p\\u003e\\r\\n\\u003cp data-start=\\u00221012\\u0022 data-end=\\u00221506\\u0022\\u003eAls interdisziplin\u00e4res Zahnarztzentrum vereint Adent Lausanne-Gare umfassende zahnmedizinische Kompetenzen f\u00fcr Kinder und Erwachsene unter einem Dach und erm\u00f6glicht so eine ganzheitliche Betreuung f\u00fcr die ganze Familie. Die pers\u00f6nliche N\u00e4he, das aufmerksame Zuh\u00f6ren und eine vertrauensvolle Begleitung stehen im Mittelpunkt der Philosophie. Das mehrsprachige Team erleichtert die Kommunikation und sorgt f\u00fcr eine klare, transparente und individuelle Betreuung w\u00e4hrend aller Behandlungsschritte.\\u003c\/p\\u003e\\r\\n\\u003cp data-start=\\u00221508\\u0022 data-end=\\u00222133\\u0022 data-is-last-node=\\u0022\\u0022 data-is-only-node=\\u0022\\u0022\\u003eGegr\u00fcndet von Dr. Olivier Marmy, Spezialist f\u00fcr rekonstruktive Zahnmedizin, steht das Adent Zahnarztzentrum Lausanne-Gare f\u00fcr h\u00f6chste Qualit\u00e4tsanspr\u00fcche, Innovation und technologische Exzellenz. Modernste Verfahren wie digitale Prothetik mit Cerec\u00ae, sanfte Zahnreinigung mit der GBT\u00ae-Methode sowie Behandlungen in Kieferfunktionsdiagnostik, \u00c4sthetik, Implantologie, Kieferchirurgie, Kinderzahnmedizin, Endodontie und Kieferorthop\u00e4die erm\u00f6glichen massgeschneiderte L\u00f6sungen f\u00fcr nachhaltige Zahngesundheit. Expertise, Technologie und Menschlichkeit verbinden sich hier zu einer patientenorientierten Betreuung auf hohem Niveau.\\u003c\/p\\u003e\",\"_columns_0_text\":\"field_6226294b8a3ea\",\"columns_0_link_type\":\"none\",\"_columns_0_link_type\":\"field_623833b107a07\",\"columns\":1,\"_columns\":\"field_6238335007a05\"},\"mode\":\"edit\"} \/-->\n\n<!-- wp:acf\/members {\"name\":\"acf\/members\",\"data\":{\"format\":\"slider\",\"_format\":\"field_65aa873152dbb\",\"subtitle\":\"Zu Ihren Diensten\",\"_subtitle\":\"field_65aa873152dc2\",\"title\":\"Adent Zahnarztzentrum in Lausanne-Gare\",\"_title\":\"field_65aa873152dc9\",\"description\":\"Ein professionelles und herzliches Team, das bereit ist, Sie zu empfangen.\",\"_description\":\"field_65aa873152dcf\",\"button_text\":\"\",\"_button_text\":\"field_65aa873152dd6\",\"button_link\":\"\",\"_button_link\":\"field_65aa873152ddc\"},\"mode\":\"edit\"} \/-->\n\n<!-- wp:block {\"ref\":2108} \/-->\n\n<!-- wp:acf\/cta {\"name\":\"acf\/cta\",\"data\":{\"anchor\":\"\",\"_anchor\":\"field_635bcb8d94cbf\",\"type\":\"without_image\",\"_type\":\"field_62149e2d12aaf\",\"subtitle\":\"\",\"_subtitle\":\"field_62149e038cf5c\",\"title\":\"Zahnnotfall?\",\"_title\":\"field_62149edd2d388\",\"text\":\"Rufen Sie unser Zentrum jetzt an f\u00fcr eine schnelle Behandlung.\",\"_text\":\"field_62149e038cf52\",\"button_text\":\"Rufen Sie uns an\",\"_button_text\":\"field_62149f062d389\",\"button_link\":{\"title\":\"\",\"url\":\"tel:+41 21 331 40 00\",\"target\":\"\"},\"_button_link\":\"field_62149f112d38a\",\"button_color\":\"primary\",\"_button_color\":\"field_622b41428312a\",\"link_is_blank\":\"0\",\"_link_is_blank\":\"field_62285a3437980\"},\"mode\":\"edit\"} \/-->","post_title":"Lausanne Bahnhof","post_excerpt":"","post_status":"publish","comment_status":"closed","ping_status":"closed","post_password":"","post_name":"lausanne-gare","to_ping":"","pinged":"","post_modified":"2025-12-30 15:51:58","post_modified_gmt":"2025-12-30 14:51:58","post_content_filtered":"","post_parent":0,"guid":"https:\/\/adent.ch\/clinique\/lausanne-gare\/","menu_order":0,"post_type":"clinique","post_mime_type":"","comment_count":"0","filter":"raw"}],"soins":[{"ID":4132,"post_author":"14","post_date":"2022-01-01 13:49:42","post_date_gmt":"2022-01-01 12:49:42","post_content":"<!-- wp:acf\/two-column {\"name\":\"acf\/two-column\",\"data\":{\"anchor\":\"\",\"_anchor\":\"field_635bd17ffcee6\",\"title\":\"Ein gesundes L\u00e4cheln f\u00fcr das ganze Leben\",\"_title\":\"field_622629438a3e9\",\"columns_0_column_type\":\"text\",\"_columns_0_column_type\":\"field_627221966b517\",\"columns_0_text\":\"Die Kieferorthop\u00e4die bietet einen doppelten Nutzen: \u00e4sthetische und funktionelle Vorteile. Denn durch die Korrektur von Fehlstellungen, zu wenig oder zu viel Platz f\u00fcr die Z\u00e4hne, kann die Abnutzung langfristig begrenzt und das Z\u00e4hneputzen erleichtert werden. Ausserdem st\u00e4rkt ein gesundes, harmonisches L\u00e4cheln das Selbstbewusstsein.\\r\\n\\r\\nIn unseren \\u003ca href=\\u0022https:\/\/adent.ch\/de\/zahnkliniken\/\\u0022\\u003eAdent-Zahnarztzentren\\u003c\/a\\u003e bieten wir massgeschneiderte kieferorthop\u00e4dische Behandlungen f\u00fcr Erwachsene und Kinder an.\",\"_columns_0_text\":\"field_6226294b8a3ea\",\"columns_0_link_type\":\"none\",\"_columns_0_link_type\":\"field_623833b107a07\",\"columns_1_column_type\":\"text\",\"_columns_1_column_type\":\"field_627221966b517\",\"columns_1_text\":\"Eine pers\u00f6nliche Betreuung erm\u00f6glicht Ihnen, Ihr \u00e4sthetisches L\u00e4cheln und Ihr Wohlbefinden wiederzufinden. Unsere Kieferorthop\u00e4den verwenden \\u003ca href=\\u0022https:\/\/adent.ch\/de\/info\/die-technologien-der-adent-gruppe\/\\u0022\\u003edie neuesten Technologien\\u003c\/a\\u003e und bieten Ihnen je nach Ausgangssituation und gew\u00fcnschtem Ergebnis verschiedene kieferorthop\u00e4dische Behandlungen an. Diskrete Behandlungen (z. B. die kieferorthop\u00e4dische Methode mit \\u003ca href=\\u0022https:\/\/adent.ch\/de\/info\/invisalign-behandlung\/\\u0022\\u003eder transparenten Zahnschiene Invisalign\u00ae)\\u003c\/a\\u003e sind f\u00fcr Erwachsene und junge Erwachsene verf\u00fcgbar. Auch die klassische Zahnspange mit Brackets ist eine wirksame, bekannte und anerkannte Behandlungsmethode.\",\"_columns_1_text\":\"field_6226294b8a3ea\",\"columns_1_link_type\":\"bouton\",\"_columns_1_link_type\":\"field_623833b107a07\",\"columns_1_button_text\":\"Mein Zentrum finden\",\"_columns_1_button_text\":\"field_6227212165677\",\"columns_1_button_link\":{\"title\":\"zahnkliniken\",\"url\":\"https:\/\/adent.ch\/de\/zahnkliniken\/\",\"target\":\"\"},\"_columns_1_button_link\":\"field_6227212f65678\",\"columns_1_link_is_blank\":\"0\",\"_columns_1_link_is_blank\":\"field_6227213d65679\",\"columns\":2,\"_columns\":\"field_6238335007a05\",\"display_shapes\":\"0\",\"_display_shapes\":\"field_62e25403466d9\",\"shapes\":\"shape6\",\"_shapes\":\"field_62262422937e9\"},\"mode\":\"edit\"} \/-->\n\n<!-- wp:acf\/highlight-image {\"name\":\"acf\/highlight-image\",\"data\":{\"title\":\"Welche Techniken gibt es, um meine Z\u00e4hne zu richten?\",\"_title\":\"field_623c21dda6278\",\"blocs_0_image\":3727,\"_blocs_0_image\":\"field_623c222ba627a\",\"blocs_0_title\":\"1. Die vestibul\u00e4ren Brackets\",\"_blocs_0_title\":\"field_623c22c4a627b\",\"blocs_0_description\":\"Unsere Kieferorthop\u00e4den bieten Ihnen festsitzende (sichtbare und unsichtbare) oder herausnehmbare (sichtbare und unsichtbare) Zahnspangen an. Die traditionellen \\u0022Brackets\\u0022 der Zahnspange sind die beliebteste Behandlung. Sie werden einzeln auf jeden Zahn geklebt und ein Metallbogen verbindet die einzelnen Z\u00e4hne miteinander. Zahnspangen (Brackets), die derzeit bekannteste Zahnspange, sind auch in Keramik - zahnfarben - erh\u00e4ltlich. In regelm\u00e4ssigen Abst\u00e4nden werden leichte Spannungen ausge\u00fcbt, die eine sanfte Bewegung der Z\u00e4hne erm\u00f6glichen.\",\"_blocs_0_description\":\"field_623c22cba627c\",\"blocs_0_button_type\":\"button\",\"_blocs_0_button_type\":\"field_623c34377e92d\",\"blocs_0_button_text\":\"Mein Kieferorthop\u00e4de\",\"_blocs_0_button_text\":\"field_623c34767e92e\",\"blocs_0_button_link\":{\"title\":\"\u00c9quipe\",\"url\":\"https:\/\/adent.ch\/de\/team\/\",\"target\":\"_blank\"},\"_blocs_0_button_link\":\"field_623c347f7e92f\",\"blocs_0_is_blank\":\"0\",\"_blocs_0_is_blank\":\"field_623c34b67e930\",\"blocs_1_image\":3734,\"_blocs_1_image\":\"field_623c222ba627a\",\"blocs_1_title\":\"2. Durchsichtige Zahnspange\",\"_blocs_1_title\":\"field_623c22c4a627b\",\"blocs_1_description\":\"Eine kieferorthop\u00e4dische Behandlung ohne Zahnspange ist mit Invisalign\u00ae m\u00f6glich! Bei dieser Technik wird eine Reihe von herausnehmbaren, transparenten Schienen verwendet, um Ihre Z\u00e4hne ohne sichtbaren Dr\u00e4hte oder Brackets auszurichten. Sie tragen jede Serie von Schienen etwa zwei Wochen lang und nehmen sie nur zum Essen, Trinken und Z\u00e4hneputzen heraus. Da Sie jede durchsichtige Schiene durch die n\u00e4chste in der Reihe ersetzen, bewegen sich Ihre Z\u00e4hne Woche f\u00fcr Woche nach und nach, bis sie die endg\u00fcltige Position erreicht haben.\",\"_blocs_1_description\":\"field_623c22cba627c\",\"blocs_1_button_type\":\"button\",\"_blocs_1_button_type\":\"field_623c34377e92d\",\"blocs_1_button_text\":\"Invisalign\u00ae entdecken\",\"_blocs_1_button_text\":\"field_623c34767e92e\",\"blocs_1_button_link\":{\"title\":\"Invisalign Behandlung\",\"url\":\"https:\/\/adent.ch\/de\/info\/invisalign-behandlung\/\",\"target\":\"\"},\"_blocs_1_button_link\":\"field_623c347f7e92f\",\"blocs_1_is_blank\":\"0\",\"_blocs_1_is_blank\":\"field_623c34b67e930\",\"blocs_2_image\":3731,\"_blocs_2_image\":\"field_623c222ba627a\",\"blocs_2_title\":\"3. Die Lingualringe (an den Innenseiten)\",\"_blocs_2_title\":\"field_623c22c4a627b\",\"blocs_2_description\":\"Eine linguale Zahnspange ist eine Zahnspange, die hinter den Z\u00e4hnen und vor der Zunge sitzt (daher der Name: \\u0022lingual\\u0022). Gut versteckt und von aussen v\u00f6llig unsichtbar. Die Brackets sind durch einen Metallbogen miteinander verbunden, der den Druck auf die Z\u00e4hne aus\u00fcbt und sie sanft bewegt, bis die gew\u00fcnschte Ausrichtung erreicht ist.\\r\\nSie k\u00f6nnen aus verschiedenen Materialien und Formen hergestellt werden, je nachdem, welche Marke oder welches Modell der Kieferorthop\u00e4de verwendet.\",\"_blocs_2_description\":\"field_623c22cba627c\",\"blocs_2_button_type\":\"button\",\"_blocs_2_button_type\":\"field_623c34377e92d\",\"blocs_2_button_text\":\"Mein Zentrum finden\",\"_blocs_2_button_text\":\"field_623c34767e92e\",\"blocs_2_button_link\":{\"title\":\"Zahnkliniken\",\"url\":\"https:\/\/adent.ch\/de\/zahnkliniken\/\",\"target\":\"\"},\"_blocs_2_button_link\":\"field_623c347f7e92f\",\"blocs_2_is_blank\":\"0\",\"_blocs_2_is_blank\":\"field_623c34b67e930\",\"blocs\":3,\"_blocs\":\"field_623c21f0a6279\",\"display_shapes\":\"0\",\"_display_shapes\":\"field_62e25104d76c2\",\"shapes\":\"shape1\",\"_shapes\":\"field_623c20cd3ad28\"},\"mode\":\"edit\"} \/-->\n\n<!-- wp:acf\/tab {\"name\":\"acf\/tab\",\"data\":{\"anchor\":\"\",\"_anchor\":\"field_635bd13882c1f\",\"tabs_0_name\":\"Kind\",\"_tabs_0_name\":\"field_624449592e9bd\",\"tabs_0_tab\":13558,\"_tabs_0_tab\":\"field_624449622e9be\",\"tabs_1_name\":\"Erwachsener\",\"_tabs_1_name\":\"field_624449592e9bd\",\"tabs_1_tab\":13559,\"_tabs_1_tab\":\"field_624449622e9be\",\"tabs\":2,\"_tabs\":\"field_624449452e9bc\"},\"mode\":\"edit\"} \/-->\n\n<!-- wp:acf\/cta {\"name\":\"acf\/cta\",\"data\":{\"anchor\":\"\",\"_anchor\":\"field_635bcb8d94cbf\",\"type\":\"without_image\",\"_type\":\"field_62149e2d12aaf\",\"subtitle\":\"Kieferorthop\u00e4die f\u00fcr Kinder und Erwachsene\",\"_subtitle\":\"field_62149e038cf5c\",\"title\":\"Weitere Informationen \u00fcber Kieferorthop\u00e4die?\",\"_title\":\"field_62149edd2d388\",\"text\":\"Vereinbaren Sie einen Termin mit einem\/r Kieferorthop\u00e4den\/in, um die M\u00f6glichkeiten der Zahnstellung zu besprechen.\",\"_text\":\"field_62149e038cf52\",\"button_text\":\"Termin vereinbaren\",\"_button_text\":\"field_62149f062d389\",\"button_link\":{\"title\":\"Termin Vereinbaren\",\"url\":\"https:\/\/adent.ch\/de\/termin-vereinbaren\/\",\"target\":\"\"},\"_button_link\":\"field_62149f112d38a\",\"button_color\":\"primary\",\"_button_color\":\"field_622b41428312a\",\"link_is_blank\":\"0\",\"_link_is_blank\":\"field_62285a3437980\"},\"mode\":\"edit\"} \/-->\n\n<!-- wp:acf\/accordion {\"name\":\"acf\/accordion\",\"data\":{\"anchor\":\"\",\"_anchor\":\"field_635ba74f0bd13\",\"title\":\"FAQ - Kieferorthop\u00e4die f\u00fcr Kinder und Erwachsene\",\"_title\":\"field_626fdcfcf47bb\",\"description\":\"\",\"_description\":\"field_626fdd05f47bc\",\"accordions_0_title\":\"Warum sollte man sich f\u00fcr Kieferorthop\u00e4die entscheiden?\",\"_accordions_0_title\":\"field_626fdd3ff47be\",\"accordions_0_content\":\"An Kieferorthop\u00e4die denkt man oft zuerst aus \u00e4sthetischen Gr\u00fcnden, doch die Vorteile einer kieferorthop\u00e4dischen Behandlung sind weitaus zahlreicher. Denn Z\u00e4hne und Kiefer in Fehlstellungen k\u00f6nnen zu Funktionsst\u00f6rungen f\u00fchren und sind unter Umst\u00e4nden schwer zu reinigen. Eine schlechte Zahnreinigung f\u00fchrt zu einer Ansammlung von Plaque auf den Z\u00e4hnen und tr\u00e4gt zur Entwicklung von Karies und Zahnfleischerkrankungen (z. B. Zahnfleischschwund) bei. Aufgrund der Schmerzen kann das Kauen beeintr\u00e4chtigt werden und weniger effizient sein, was sich auf Ihre Ern\u00e4hrung und Verdauung auswirkt. Zahnfehlstellungen k\u00f6nnen auch zu \u00fcberm\u00e4ssiger Abnutzung der Z\u00e4hne, Schmerzen im Kiefer, im Kopf, im Nacken und in den Gesichtsmuskeln f\u00fchren.\",\"_accordions_0_content\":\"field_626fdd46f47bf\",\"accordions_1_title\":\"Was sind die Vorteile der Kieferorthop\u00e4die?\",\"_accordions_1_title\":\"field_626fdd3ff47be\",\"accordions_1_content\":\"Die Vorteile einer kieferorthop\u00e4dischen Behandlung mithilfe einer Zahnspange oder \\u003ca href=\\u0022https:\/\/adent.ch\/de\/info\/invisalign-behandlung\/\\u0022\\u003eeiner transparenten Invisalign\u00ae-Schiene\\u003c\/a\\u003e (z. B. bei Kindern oder Erwachsenen) sind vielf\u00e4ltig.\\r\\n\\u003col\\u003e\\r\\n \\t\\u003cli\\u003eStellt einen optimalen Biss wieder her: Ein guter Kontakt zwischen den oberen und unteren Z\u00e4hnen f\u00f6rdert das richtige Kauen.\\u003c\/li\\u003e\\r\\n \\t\\u003cli\\u003eVerhindert Zahnabnutzung: Wenn die Ausrichtung optimal ist, wird die Zahnabnutzung minimiert. Ihr Zahnschmelz sowie die Form Ihrer Z\u00e4hne bleiben erhalten.\\u003c\/li\\u003e\\r\\n \\t\\u003cli\\u003eSorgt f\u00fcr eine bessere Mundgesundheit: Anomalien in der Stellung Ihrer Z\u00e4hne oder Ihres Kiefers k\u00f6nnen zu Schmerzen und Entz\u00fcndungen des Zahnfleisches f\u00fchren. Harmonisch ausgerichtete Z\u00e4hne bieten einen besseren Zugang f\u00fcr die Reinigung.\\u003c\/li\\u003e\\r\\n \\t\\u003cli\\u003eStellt ein harmonisches Erscheinungsbild wieder her: Eine optimale Ausrichtung verleiht Selbstvertrauen. Finden Sie zu einem strahlenden L\u00e4cheln zur\u00fcck und steigern Sie Ihr Selbstvertrauen.\\u003c\/li\\u003e\\r\\n\\u003c\/ol\\u003e\",\"_accordions_1_content\":\"field_626fdd46f47bf\",\"accordions_2_title\":\"Wie viel kostet eine kieferorthop\u00e4dische Behandlung?\",\"_accordions_2_title\":\"field_626fdd3ff47be\",\"accordions_2_content\":\"Die Kosten f\u00fcr eine kieferorthop\u00e4dische Behandlung k\u00f6nnen erst nach einer umfassenden zahn\u00e4rztlichen Kontrolle bei Ihrem Kieferorthop\u00e4den festgelegt werden. Die Kontrolle wird im Zahnarztzentrum in Anwesenheit der Fachkraft durchgef\u00fchrt. Der Kieferorthop\u00e4de erh\u00e4lt so einen \u00dcberblick \u00fcber Ihren aktuellen Mund- und Zahnstatus und kann sich bei der vollst\u00e4ndigen Untersuchung auf das Vorhandensein von R\u00f6ntgenbildern st\u00fctzen. Sie besprechen die verschiedenen Behandlungsm\u00f6glichkeiten und legen gemeinsam das gew\u00fcnschte Ergebnis fest. Der Preis f\u00fcr eine kieferorthop\u00e4dische Behandlung wird daher erst nach einer Untersuchung durch einen unserer Experten f\u00fcr Kieferorthop\u00e4die festgelegt. Dabei sind mehrere Faktoren zu ber\u00fccksichtigen:\\r\\n\\u003cul\\u003e\\r\\n \\t\\u003cli\\u003edie verwendete Technik\\u003c\/li\\u003e\\r\\n \\t\\u003cli\\u003edie Dauer der Behandlung\\u003c\/li\\u003e\\r\\n \\t\\u003cli\\u003evorhandene Fehlstellungen\\u003c\/li\\u003e\\r\\n \\t\\u003cli\\u003edas gew\u00fcnschte Endergebnis beeinflusst auch die Kosten der Behandlung\\u003c\/li\\u003e\\r\\n\\u003c\/ul\\u003e\\r\\nDiese verschiedenen Aspekte sollten mit unseren Kieferorthop\u00e4den besprochen werden.\\r\\n\\r\\n\\u003ca href=\\u0022https:\/\/adent.ch\/de\/team\/?care_id=4132\\u0022\\u003eFinden Sie Ihren Kieferorthop\u00e4den.\\u003c\/a\\u003e\",\"_accordions_2_content\":\"field_626fdd46f47bf\",\"accordions_3_title\":\"Wie kann ich w\u00e4hrend meiner Behandlung den Kieferorthop\u00e4den in der Schweiz wechseln?\",\"_accordions_3_title\":\"field_626fdd3ff47be\",\"accordions_3_content\":\"Den Kieferorthop\u00e4den w\u00e4hrend der Behandlung zu wechseln, ist durchaus m\u00f6glich und kann verschiedene Gr\u00fcnde haben, z. B. einen Umzug, Unzufriedenheit mit der aktuellen Behandlung, Kommunikationsprobleme mit dem aktuellen Behandler oder eine Pr\u00e4ferenz f\u00fcr eine andere Art von Zahnspange.\\r\\n\\r\\nUm den Kieferorthop\u00e4den zu wechseln, m\u00fcssen Sie mehrere wichtige Schritte unternehmen:\\r\\n\\u003col\\u003e\\r\\n \\t\\u003cli\\u003eInformieren Sie Ihren derzeitigen Kieferorthop\u00e4den \u00fcber Ihre Entscheidung. Er ist f\u00fcr die Wartung Ihrer kieferorthop\u00e4dischen Ger\u00e4te und die \u00dcberwachung Ihrer Mundgesundheit verantwortlich und muss Ihre Unterlagen und alle relevanten Informationen an den neuen Zahnarzt weiterleiten.\\u003c\/li\\u003e\\r\\n \\t\\u003cli\\u003eVereinbaren Sie einen Termin f\u00fcr eine erste Beratung mit dem neuen Kieferorthop\u00e4den. Dieser Termin erm\u00f6glicht es dem neuen Spezialisten, Ihre Mundgesundheit zu beurteilen und die Komplexit\u00e4t Ihres Falls zu verstehen. Es ist auch sehr wichtig, dass Sie alle Unterlagen \u00fcber Ihre aktuelle Behandlung mitbringen, z. B. R\u00f6ntgenbilder oder Zahnabdr\u00fccke.\\u003c\/li\\u003e\\r\\n \\t\\u003cli\\u003eSorgen Sie f\u00fcr eine transparente Kommunikation mit dem neuen Kieferorthop\u00e4den. Erkl\u00e4ren Sie Ihre Erwartungen und die Gr\u00fcnde, warum Sie sich f\u00fcr einen Wechsel des Kieferorthop\u00e4den entschieden haben. Es ist wichtig, dass der neue Kieferorthop\u00e4de Ihre Bed\u00fcrfnisse und Vorlieben versteht, damit die Behandlung erfolgreich fortgesetzt werden kann.\\u003c\/li\\u003e\\r\\n\\u003c\/ol\\u003e\",\"_accordions_3_content\":\"field_626fdd46f47bf\",\"accordions_4_title\":\"Wird die Kieferorthop\u00e4die in der Schweiz erstattet?\",\"_accordions_4_title\":\"field_626fdd3ff47be\",\"accordions_4_content\":\"In der Schweiz werden kieferorthop\u00e4dische Behandlungen nicht von der Grundversicherung der Krankenkasse (KVG) gedeckt, die Zahnbehandlungen wird nur dann verg\u00fctet, wenn sie aufgrund einer schweren Krankheit oder eines Unfalls notwendig ist. Um eine Erstattung der Kosten f\u00fcr Kieferorthop\u00e4die zu erhalten, ist es wichtig, eine Zahnzusatzversicherung abzuschliessen.\\r\\n\\r\\nHier sind einige Schl\u00fcsselpunkte zur Erstattung kieferorthop\u00e4discher Behandlungen durch die Zusatzversicherungen in der Schweiz :\\r\\n\\u003cul\\u003e\\r\\n \\t\\u003cli\\u003eIn den Vertr\u00e4gen wird der Prozentsatz der Deckung angegeben, der zwischen 50% und 90% liegen kann, und der Restbetrag ist vom Patienten zu tragen.\\u003c\/li\\u003e\\r\\n \\t\\u003cli\\u003eDie Versicherungen k\u00f6nnen ein H\u00f6chstalter f\u00fcr die Kosten\u00fcbernahme angeben, das h\u00e4ufig zwischen 18 und 25 Jahren liegt, nach dem sie die Kosten f\u00fcr Kieferorthop\u00e4die nicht mehr \u00fcbernehmen.\\u003c\/li\\u003e\\r\\n \\t\\u003cli\\u003eEs kann eine Jahres- oder Gesamtobergrenze f\u00fcr die Erstattung der Behandlungskosten geben, die den Betrag begrenzt, den die Versicherung im Jahr oder \u00fcber die gesamte Dauer der Behandlung zahlt.\\u003c\/li\\u003e\\r\\n\\u003c\/ul\\u003e\\r\\nIm Durchschnitt bieten die Zusatzversicherungen eine R\u00fcckerstattung von 75% an, wobei die j\u00e4hrlichen H\u00f6chstgrenzen in der Regel zwischen CHF 1'000 und CHF 15'000 liegen. Es wird empfohlen, eine Versicherung mit einer maximalen Deckungssumme von mindestens CHF 5'000 zu haben, um gut versichert zu sein.\\r\\n\\r\\nBei Kindern k\u00f6nnen die Einzelheiten der Erstattung variieren, und es ist ratsam, die Leistungen der verschiedenen Versicherungsgesellschaften zu vergleichen. In der Regel m\u00fcssen Sie auch mit dem Versicherungsschutz immer einen Teil der Kosten selbst tragen.\",\"_accordions_4_content\":\"field_626fdd46f47bf\",\"accordions\":5,\"_accordions\":\"field_626fdd1ff47bd\",\"button_button_text\":\"\",\"_button_button_text\":\"field_635b9f5d3ed5e\",\"button_button_link\":\"\",\"_button_button_link\":\"field_635b9f7c3ed5f\",\"button\":\"\",\"_button\":\"field_635b9f2e3ed5d\"},\"mode\":\"edit\"} \/-->","post_title":"Kieferorthop\u00e4die f\u00fcr Kinder und Erwachsene","post_excerpt":"","post_status":"publish","comment_status":"closed","ping_status":"closed","post_password":"","post_name":"kieferorthopaedie-fuer-kinder-und-erwachsene","to_ping":"","pinged":"","post_modified":"2026-02-23 10:45:33","post_modified_gmt":"2026-02-23 09:45:33","post_content_filtered":"","post_parent":0,"guid":"https:\/\/adent.ch\/soin\/orthodontie-pour-enfants-et-adultes\/","menu_order":0,"post_type":"soin","post_mime_type":"","comment_count":"0","filter":"raw"},{"ID":13554,"post_author":"14","post_date":"2024-05-06 16:49:02","post_date_gmt":"2024-05-06 14:49:02","post_content":"<!-- wp:acf\/two-column {\"name\":\"acf\/two-column\",\"data\":{\"anchor\":\"\",\"_anchor\":\"field_635bd17ffcee6\",\"title\":\"Zahnimplantate: Komfort \\u0026 A\u0308sthetik\",\"_title\":\"field_622629438a3e9\",\"columns_0_column_type\":\"text\",\"_columns_0_column_type\":\"field_627221966b517\",\"columns_0_text\":\"Der Ersatz eines fehlenden Zahns durch ein Zahnimplantat bietet erhebliche Vorteile in Bezug auf Gesundheit, Komfort und \u00c4sthetik. In unseren Adent Zahnarztzentren profitieren Sie von der Expertise unserer Zahn\u00e4rzte f\u00fcr Implantologie in Verbindung mit der Qualit\u00e4t der Schweizer Zahnimplantate der Marke \\u003ca href=\\u0022https:\/\/www.straumann.com\/ch\/fr\/professionnels-dentaires.html\\u0022 target=\\u0022_blank\\u0022 rel=\\u0022noopener\\u0022\\u003eStraumann\u00ae\\u003c\/a\\u003e, mit denen wir exklusiv zusammenarbeiten.\\r\\n\\r\\nWir haben Dentallabors in unseren R\u00e4umlichkeiten, was eine privilegierte Beziehung zwischen Patient, Zahnarzt und Zahntechniker erm\u00f6glicht und die Herstellung von Zahnimplantaten und Zahnprothesen von \u00e4sthetischer und exzellenter \\u0022Swiss Made\\u0022 Qualit\u00e4t erlaubt.\",\"_columns_0_text\":\"field_6226294b8a3ea\",\"columns_0_link_type\":\"bouton\",\"_columns_0_link_type\":\"field_623833b107a07\",\"columns_0_button_text\":\"Termin vereinbaren\",\"_columns_0_button_text\":\"field_6227212165677\",\"columns_0_button_link\":{\"title\":\"Formulaire \u2013 Prise de rendez-vous\",\"url\":\"https:\/\/adent.ch\/de\/termin-vereinbaren\/\",\"target\":\"\"},\"_columns_0_button_link\":\"field_6227212f65678\",\"columns_0_link_is_blank\":\"0\",\"_columns_0_link_is_blank\":\"field_6227213d65679\",\"columns_1_column_type\":\"text\",\"_columns_1_column_type\":\"field_627221966b517\",\"columns_1_text\":\"\\u003ch4\\u003eAuf dem neuesten Stand der Technik\\u003c\/h4\\u003e\\r\\nDie Adent Gruppe verf\u00fcgt in ihren Zentren \u00fcber hochmoderne \\u003ca href=\\u0022https:\/\/adent.ch\/de\/info\/die-technologien-der-adent-gruppe\/\\u0022\\u003eIntraoralscanner\\u003c\/a\\u003e und eine Bearbeitungsmaschine f\u00fcr das interne Labor. Die intraoralen Scanner und die Bearbeitungsmaschine erg\u00e4nzen sich und revolutionieren die Herstellungskette von Zahnersatz wie z.B. Zahnprothesen, Zahnkronen und Inlays.\",\"_columns_1_text\":\"field_6226294b8a3ea\",\"columns_1_link_type\":\"bouton\",\"_columns_1_link_type\":\"field_623833b107a07\",\"columns_1_button_text\":\"Weitere Informationen\",\"_columns_1_button_text\":\"field_6227212165677\",\"columns_1_button_link\":{\"title\":\"Les technologies du groupe Adent\",\"url\":\"https:\/\/adent.ch\/info\/les-technologies-du-groupe-adent\/\",\"target\":\"\"},\"_columns_1_button_link\":\"field_6227212f65678\",\"columns_1_link_is_blank\":\"0\",\"_columns_1_link_is_blank\":\"field_6227213d65679\",\"columns\":2,\"_columns\":\"field_6238335007a05\"},\"mode\":\"edit\"} \/-->\n\n<!-- wp:acf\/accordion {\"name\":\"acf\/accordion\",\"data\":{\"anchor\":\"\",\"_anchor\":\"field_635ba74f0bd13\",\"title\":\"FAQ - Implantate und Restauration\",\"_title\":\"field_626fdcfcf47bb\",\"description\":\"\",\"_description\":\"field_626fdd05f47bc\",\"accordions_0_title\":\"Was ist ein Zahnimplantat?\",\"_accordions_0_title\":\"field_626fdd3ff47be\",\"accordions_0_content\":\"Ein Zahnimplantat ist eine k\u00fcnstliche Wurzel - eine Art Schraube aus Titan, Zirkoniumdioxid oder Polymer -, die in den Knochen Ihres Kiefers eingesetzt wird. Das Implantat (die Schraube) ersetzt die Wurzel des fehlenden oder nicht vorhandenen Zahns. Das Implantat dient als Halterung f\u00fcr die Befestigung einer Zahnkrone oder einer Zahnprothese. Bei Tr\u00e4gern von Vollprothesen stabilisiert und verbessert das Implantat den Lebenskomfort erheblich. Das Zahnimplantat bietet einen optimalen Halt f\u00fcr eine untere Prothese und entfernt Plaque vom Gaumen f\u00fcr eine obere Prothese, wodurch der Geschmack wiederentdeckt wird.\\r\\n\\r\\nEin und dasselbe Zahnimplantat kann im Laufe des Lebens auch seine Funktion \u00e4ndern: zun\u00e4chst kann es als Tr\u00e4ger f\u00fcr eine Zahnkrone dienen, sp\u00e4ter kann es das Geschiebe f\u00fcr eine bewegliche Prothese sein.\",\"_accordions_0_content\":\"field_626fdd46f47bf\",\"accordions_1_title\":\"F\u00fcr wen ist ein Zahnimplantat geeignet?\",\"_accordions_1_title\":\"field_626fdd3ff47be\",\"accordions_1_content\":\"Ein Zahnimplantat ist f\u00fcr jeden geeignet, dem Z\u00e4hne fehlen oder nicht vorhanden sind und der gen\u00fcgend Knochen im Kiefer hat, um das Implantat zu tragen. Eine gute Qualit\u00e4t und Quantit\u00e4t des Kieferknochens ist eine der wichtigsten Voraussetzungen f\u00fcr das Einsetzen eines Zahnimplantats. Eine gute allgemeine Gesundheit ist ebenfalls wichtig, und zwar viel wichtiger als das Alter. Das Einsetzen von Zahnimplantaten kann bei bestimmten chronischen Krankheiten kontraindiziert sein. F\u00fcr weitere Informationen wenden Sie sich bitte an \\u003ca href=\\u0022https:\/\/adent.ch\/de\/team\/?care_id=13554\\u0022\\u003eunsere Zahn\u00e4rzte f\u00fcr Implantologie.\\u003c\/a\\u003e\",\"_accordions_1_content\":\"field_626fdd46f47bf\",\"accordions_2_title\":\"Wie lange dauert die Behandlung?\",\"_accordions_2_title\":\"field_626fdd3ff47be\",\"accordions_2_content\":\"Die Gesamtdauer der Behandlung f\u00fcr das Einsetzen eines Zahnimplantats h\u00e4ngt von vielen Faktoren ab. Die folgenden Informationen werden daher nur zu Informationszwecken zur Verf\u00fcgung gestellt.\\r\\n\\r\\nIn der Praxis dauert das Einsetzen eines Implantats und die Einheilung durchschnittlich zwischen 3 und 6 Monaten. Wenn die Einheilung des Implantats abgeschlossen ist, kann mit der Herstellung der Zahnkrone oder der endg\u00fcltigen Prothese (Gebiss) begonnen werden. Die Wartezeit h\u00e4ngt von der Komplexit\u00e4t des jeweiligen Falles ab.\",\"_accordions_2_content\":\"field_626fdd46f47bf\",\"accordions_3_title\":\"Wie hoch ist der Preis f\u00fcr ein Zahnimplantat?\",\"_accordions_3_title\":\"field_626fdd3ff47be\",\"accordions_3_content\":\"Der Preis f\u00fcr ein Zahnimplantat h\u00e4ngt von vielen Faktoren ab. Um einen Kostenvoranschlag zu erstellen, muss sich der Zahnarzt f\u00fcr Implantologie mit Ihnen treffen und Ihren aktuellen Mundzustand kennenlernen, um die genauen Kosten f\u00fcr das Einsetzen des Zahnimplantats zu bestimmen. Auch die zahn\u00e4rztlichen Behandlungen, die vor dem Einsetzen durchgef\u00fchrt werden m\u00fcssen, sind zu ber\u00fccksichtigen (z.B. die Behandlung von Karies oder Zahnfleischentz\u00fcndungen). Um den Preis festzulegen, ist es daher wichtig, dass der Zahnarzt eine vorl\u00e4ufige Munduntersuchung durchf\u00fchrt, um die Zahnpflege und die Durchf\u00fchrbarkeit des Einsetzens zu beurteilen und Ihnen einen detaillierten Kostenvoranschlag zu unterbreiten. Es ist auch wichtig, dass Sie mit Ihrem Zahnarzt sprechen und ihm alle Fragen \u00fcber die bevorstehende zahn\u00e4rztliche Behandlung stellen k\u00f6nnen.\\r\\n\\r\\nWenn Sie weitere Informationen w\u00fcnschen, vereinbaren Sie einen Termin mit einem Spezialisten in einem \\u003ca href=\\u0022https:\/\/adent.ch\/de\/zahnkliniken\/\\u0022\\u003eZahnarztzentrum in Ihrer N\u00e4he\\u003c\/a\\u003e.\",\"_accordions_3_content\":\"field_626fdd46f47bf\",\"accordions\":4,\"_accordions\":\"field_626fdd1ff47bd\",\"button_button_text\":\"\",\"_button_button_text\":\"field_635b9f5d3ed5e\",\"button_button_link\":\"\",\"_button_button_link\":\"field_635b9f7c3ed5f\",\"button\":\"\",\"_button\":\"field_635b9f2e3ed5d\"},\"mode\":\"edit\"} \/-->\n\n<!-- wp:acf\/highlight-image {\"name\":\"acf\/highlight-image\",\"data\":{\"title\":\"Welche Techniken stehen zur Verf\u00fcgung, um einen gebrochenen oder besch\u00e4digten Zahn zu reparieren?\",\"_title\":\"field_623c21dda6278\",\"blocs_0_image\":3741,\"_blocs_0_image\":\"field_623c222ba627a\",\"blocs_0_title\":\"1. Die Krone\",\"_blocs_0_title\":\"field_623c22c4a627b\",\"blocs_0_description\":\"Ersetzen Sie Ihren Zahn auf \u00e4sthetische, komfortable und nat\u00fcrliche Weise.\",\"_blocs_0_description\":\"field_623c22cba627c\",\"blocs_0_button_type\":\"none\",\"_blocs_0_button_type\":\"field_623c34377e92d\",\"blocs_1_image\":3745,\"_blocs_1_image\":\"field_623c222ba627a\",\"blocs_1_title\":\"2. Die Br\u00fccke\",\"_blocs_1_title\":\"field_623c22c4a627b\",\"blocs_1_description\":\"Stellen Sie Ihre Mundfunktionen und ein harmonisches L\u00e4cheln wieder her.\",\"_blocs_1_description\":\"field_623c22cba627c\",\"blocs_1_button_type\":\"none\",\"_blocs_1_button_type\":\"field_623c34377e92d\",\"blocs_2_image\":3748,\"_blocs_2_image\":\"field_623c222ba627a\",\"blocs_2_title\":\"3. Die Facetten\",\"_blocs_2_title\":\"field_623c22c4a627b\",\"blocs_2_description\":\"Ein ausgewogenes L\u00e4cheln mit Veneers.\",\"_blocs_2_description\":\"field_623c22cba627c\",\"blocs_2_button_type\":\"none\",\"_blocs_2_button_type\":\"field_623c34377e92d\",\"blocs_3_image\":3751,\"_blocs_3_image\":\"field_623c222ba627a\",\"blocs_3_title\":\"4. Die Verbundstoffe\",\"_blocs_3_title\":\"field_623c22c4a627b\",\"blocs_3_description\":\"Minimale Invasion f\u00fcr maximale Wirkung.\",\"_blocs_3_description\":\"field_623c22cba627c\",\"blocs_3_button_type\":\"none\",\"_blocs_3_button_type\":\"field_623c34377e92d\",\"blocs_4_image\":3754,\"_blocs_4_image\":\"field_623c222ba627a\",\"blocs_4_title\":\"5. Onlays \\u0026amp; Inlays\",\"_blocs_4_title\":\"field_623c22c4a627b\",\"blocs_4_description\":\"Eine Alternative f\u00fcr grosse Bauvorhaben.\",\"_blocs_4_description\":\"field_623c22cba627c\",\"blocs_4_button_type\":\"none\",\"_blocs_4_button_type\":\"field_623c34377e92d\",\"blocs\":5,\"_blocs\":\"field_623c21f0a6279\",\"display_shapes\":\"0\",\"_display_shapes\":\"field_62e25104d76c2\",\"shapes\":\"shape1\",\"_shapes\":\"field_623c20cd3ad28\"},\"mode\":\"edit\"} \/-->\n\n<!-- wp:acf\/one-column {\"name\":\"acf\/one-column\",\"data\":{\"anchor\":\"\",\"_anchor\":\"field_635bd0735637b\",\"title\":\"Die verf\u00fcgbaren Techniken im Detail\",\"_title\":\"field_621cdc025d304\",\"content\":\"\\u003ch4\\u003e1. Die Krone - Ersetzen Sie Ihren Zahn auf \u00e4sthetische, komfortable und nat\u00fcrliche Weise.\\u003c\/h4\\u003e\\r\\nDie Krone ist ein Zahnersatz aus Keramik, der den sichtbaren Teil des Zahns ersetzt, wenn dieser durch Karies oder eine Fraktur stark besch\u00e4digt wurde. Sie sch\u00fctzt den Zahn vor Abnutzung und erm\u00f6glicht die Abdeckung eines Implantats, das einen fehlenden Zahn ersetzt. Diese Methode mit Kronen vermeidet die vollst\u00e4ndige Extraktion des Zahns und verbessert den \u00e4sthetischen Wert und Komfort Ihres L\u00e4chelns. Die Herstellung der Zahnkronen wird von den Handwerkern unseres Dentallabors durchgef\u00fchrt, um die Qualit\u00e4t von Adent zu gew\u00e4hrleisten. Diese Arbeiten sind massgeschneidert und werden in Zusammenarbeit mit dem Patienten, dem Zahnarzt und dem Zahntechniker durchgef\u00fchrt.\\r\\n\\u003ch4\\u003e2. Die Br\u00fccke - Stellen Sie Ihre Mundfunktionen und ein harmonisches L\u00e4cheln wieder her.\\u003c\/h4\\u003e\\r\\nDie Br\u00fccke, auch bekannt als Bridge, ist ein Zahnersatz, der einen oder mehrere fehlende Z\u00e4hne ersetzt. Sie bietet einen \u00e4sthetischen und angenehmen Mundraum. Die Pfeiler der Zahnbr\u00fccke befinden sich in der Regel auf beiden Seiten des zahnlosen Kiefers und werden in Form von Implantaten oder gefr\u00e4sten Z\u00e4hnen eingesetzt. Auf diesen Pfeilern ruht die Br\u00fccke. Die Br\u00fccke ist fest und kann nicht entfernt werden. Eine gute Mundgesundheit ist f\u00fcr die Langlebigkeit dieses Zahnersatzes von entscheidender Bedeutung. Eine regelm\u00e4ssige Kontrolle und Zahnreinigung wird von Fachleuten verlangt.\\r\\n\\u003ch4\\u003e3. Veneers - Ein ausgewogenes L\u00e4cheln mit Veneers\\u003c\/h4\\u003e\\r\\nErleben Sie ein strahlenderes, attraktiveres und dauerhaft weisses L\u00e4cheln mit Veneers. Diese Technik ist g\u00fcltig f\u00fcr :\\r\\n\\u003cul\\u003e\\r\\n \\t\\u003cli\\u003eKorrektur der Zahnfarbe (wenn das Bleichmittel nicht ausreicht)\\u003c\/li\\u003e\\r\\n \\t\\u003cli\\u003eAbgenutzte, abgebrochene oder zu kurze Z\u00e4hne\\u003c\/li\\u003e\\r\\n \\t\\u003cli\\u003eLeichte Zahnfehlstellungen (kleine \u00dcberlappungen oder L\u00fccken)\\u003c\/li\\u003e\\r\\n\\u003c\/ul\\u003e\\r\\nDas Veneer ist eine kleine, sehr d\u00fcnne, aber sehr starke Keramikschale, die auf der Vorderseite der Z\u00e4hne befestigt wird. Sie hat eine vordefinierte Farbe, die zu Ihrem L\u00e4cheln passt, und deckt den nat\u00fcrlichen Zahn ab. Sie werden auf die sichtbaren Vorderz\u00e4hne gesetzt, um deren Kontur, Farbe und Gr\u00f6sse zu korrigieren, um das Aussehen des L\u00e4chelns zu verbessern. Sie werden nach Mass angefertigt, um Ihnen ein optimales Ergebnis, einen nat\u00fcrlichen Effekt und vor allem eine lange Lebensdauer zu bieten.\\r\\n\\u003ch4\\u003e4. Kompositen - Minimale Invasion f\u00fcr maximale Wirkung\\u003c\/h4\\u003e\\r\\nKompositmaterialien sind Materialien in Form von Pasten oder Fl\u00fcssigkeiten, die unsichtbare Restaurationen von abgebrochenen oder abgenutzten Z\u00e4hnen durch eine Vielzahl von Farbt\u00f6nen erm\u00f6glichen.\\r\\n\\r\\nIn der \u00e4sthetischen Zahnheilkunde werden h\u00e4ufig Kompositf\u00fcllungen verwendet, insbesondere f\u00fcr kleine bis mittelgrosse Restaurationen. Neben dem \u00e4sthetischen Hauptvorteil erm\u00f6glichen Kompositf\u00fcllungen eine F\u00fcllung, ohne dass viel gesunde Zahnsubstanz entfernt werden muss.\\r\\n\\u003ch4\\u003e5. Onlays \\u0026amp; Inlays - Eine Alternative f\u00fcr gro\u00dfe Arbeiten\\u003c\/h4\\u003e\\r\\nOnlays und Inlays sind eine gute Alternative zu grossvolumigen Kompositf\u00fcllungen. Inlays und Onlays sind prothetische Teile, die auf den Zahn aufgesetzt werden, um den Wiederaufbau eines Zahns zu unterst\u00fctzen, der unter Mundhygieneproblemen, Karies oder Rissen gelitten hat. Im Gegensatz zu Kronen, die eine Wurzelbehandlung erfordern, k\u00f6nnen Onlays und Inlays auf einem lebenden Zahn angebracht werden. Inlays und Onlays sind besonders beliebt, weil sie sehr \u00e4sthetisch sind und den besch\u00e4digten Teil des Zahns identisch wiederherstellen k\u00f6nnen.\\r\\n\\r\\nBevor die Inlays und Onlays eingesetzt werden, beschneidet der Zahnarzt den zu rekonstruierenden Zahn und nimmt dann einen Zahnabdruck. Um Ihnen die bestm\u00f6gliche Qualit\u00e4t zu garantieren, werden die Restaurationen in unseren Adent 3D-Laboren und in unseren Partnerlaboren aus verschiedenen Materialien wie Keramik oder einer Kombination aus Komposit und Porzellan individuell angefertigt.\\r\\n\\r\\n\\u003ca href=\\u0022https:\/\/adent.ch\/de\/termin-vereinbaren\/\\u0022\\u003eTermin vereinbaren\\u003c\/a\\u003e\",\"_content\":\"field_621cdc544043f\"},\"mode\":\"edit\"} \/-->\n\n<!-- wp:acf\/accordion {\"name\":\"acf\/accordion\",\"data\":{\"anchor\":\"\",\"_anchor\":\"field_635ba74f0bd13\",\"title\":\"FAQ - Verf\u00fcgbare Techniken\",\"_title\":\"field_626fdcfcf47bb\",\"description\":\"\",\"_description\":\"field_626fdd05f47bc\",\"accordions_0_title\":\"Die Krone: Wie viel kostet eine Krone?\",\"_accordions_0_title\":\"field_626fdd3ff47be\",\"accordions_0_content\":\"Die Kosten f\u00fcr eine Zahnkrone h\u00e4ngen von der Gr\u00f6sse und dem Ort ab, an dem sie angebracht wird. Wenden Sie sich an Ihren Zahnarzt, um eine gr\u00fcndliche Untersuchung durchzuf\u00fchren und einen genauen Kostenvoranschlag zu erstellen.\",\"_accordions_0_content\":\"field_626fdd46f47bf\",\"accordions_1_title\":\"Die Br\u00fccke: An wen richtet sich die Br\u00fccke?\",\"_accordions_1_title\":\"field_626fdd3ff47be\",\"accordions_1_content\":\"Jeder, der einen oder mehrere Z\u00e4hne verloren hat, kann eine Br\u00fccke verwenden, um die L\u00fccke zu schliessen, sofern der Zahnarzt keine Kontraindikationen angibt.\\r\\nDie Zahnbr\u00fccke repariert besch\u00e4digte Z\u00e4hne oder ersetzt fehlende Z\u00e4hne.\\r\\nDer Zahnersatz verhindert die Verschiebung, die Lockerung und den m\u00f6glichen Verlust der anderen Z\u00e4hne. Das Kauen wird erleichtert, wodurch eine optimale Verdauung gef\u00f6rdert wird. Das L\u00e4cheln ist harmonisiert.\",\"_accordions_1_content\":\"field_626fdd46f47bf\",\"accordions_2_title\":\"Le pont: Wie lange dauert die Behandlung?\",\"_accordions_2_title\":\"field_626fdd3ff47be\",\"accordions_2_content\":\"Die Gesamtdauer der Behandlung h\u00e4ngt von vielen Faktoren ab, die Ihnen nur Ihr Zahnarzt mitteilen kann, je nach Ihrer Mundsituation (Fehlen eines oder mehrerer Z\u00e4hne, Einsetzen von Zahnimplantaten usw.). F\u00fcr weitere Informationen wenden Sie sich bitte an einen unserer Zahn\u00e4rzte.\",\"_accordions_2_content\":\"field_626fdd46f47bf\",\"accordions_3_title\":\"Die Br\u00fccke: Wie viel kostet eine Br\u00fccke?\",\"_accordions_3_title\":\"field_626fdd3ff47be\",\"accordions_3_content\":\"Der Preis kann erst nach einer gr\u00fcndlichen Untersuchung durch einen unserer qualifizierten Zahn\u00e4rzte festgelegt werden. Er\/Sie wird Ihnen einen detaillierten Kostenvoranschlag gem\u00e4ss dem besprochenen Behandlungsplan vorlegen.\",\"_accordions_3_content\":\"field_626fdd46f47bf\",\"accordions_4_title\":\"Veneers: Wie viel kostet ein Veneer?\",\"_accordions_4_title\":\"field_626fdd3ff47be\",\"accordions_4_content\":\"Der Preis kann erst nach einer eingehenden Pr\u00fcfung durch einen unserer qualifizierten Zahn\u00e4rzte festgelegt werden. Er\/Sie wird einen detaillierten Kostenvoranschlag gem\u00e4ss dem besprochenen Behandlungsplan vorlegen. Bitte wenden Sie sich an einen unserer Zahn\u00e4rzte, um die verschiedenen M\u00f6glichkeiten zu besprechen.\",\"_accordions_4_content\":\"field_626fdd46f47bf\",\"accordions_5_title\":\"Verbundwerkstoffe: Wie werden Verbundwerkstoffe verwendet?\",\"_accordions_5_title\":\"field_626fdd3ff47be\",\"accordions_5_content\":\"Das Komposit und das Adh\u00e4siv sind feuchtigkeitsempfindlich, so dass der Zahnarzt besondere Massnahmen ergreifen muss, um den Eingriffsbereich trocken zu halten. Manchmal ist eine \u00f6rtliche Bet\u00e4ubung erforderlich, um Schmerzen zu vermeiden. Der Zahnarzt tr\u00e4gt dann eine S\u00e4ure auf, die die Oberfl\u00e4che des Zahns aufraut. Anschliessend wird ein fl\u00fcssiges oder pastenf\u00f6rmiges Komposit aufgetragen, das mit Hilfe einer Polymerisationslampe ausgeh\u00e4rtet wird. Das Modellieren und Polieren des Zahns ist die letzte Phase.\",\"_accordions_5_content\":\"field_626fdd46f47bf\",\"accordions_6_title\":\"Kompositf\u00fcllungen: Wie viel kostet eine Kompositf\u00fcllung?\",\"_accordions_6_title\":\"field_626fdd3ff47be\",\"accordions_6_content\":\"Der Preis h\u00e4ngt von der Gr\u00f6sse und der Oberfl\u00e4che des aufzutragenden Komposits ab. Die Kosten werden auch dadurch beeinflusst, ob R\u00f6ntgenaufnahmen gemacht werden m\u00fcssen oder ob eine An\u00e4sthesie erforderlich ist. Eine gr\u00fcndliche Untersuchung durch einen Zahnarzt ist notwendig, um einen genauen Kostenvoranschlag zu erstellen.\",\"_accordions_6_content\":\"field_626fdd46f47bf\",\"accordions_7_title\":\"Onlays \\u0026amp; Inlays: Wie viel kostet ein Onlay oder ein Inlay?\",\"_accordions_7_title\":\"field_626fdd3ff47be\",\"accordions_7_content\":\"Der Preis h\u00e4ngt von der Gr\u00f6sse des zu behandelnden Gebiets ab. Er kann daher erst nach einer Kontrolle durch Ihren Zahnarzt festgelegt werden. Bitte vereinbaren Sie einen Termin mit einem unserer Zahn\u00e4rzte f\u00fcr eine Informationsberatung.\",\"_accordions_7_content\":\"field_626fdd46f47bf\",\"accordions\":8,\"_accordions\":\"field_626fdd1ff47bd\",\"button_button_text\":\"\",\"_button_button_text\":\"field_635b9f5d3ed5e\",\"button_button_link\":\"\",\"_button_button_link\":\"field_635b9f7c3ed5f\",\"button\":\"\",\"_button\":\"field_635b9f2e3ed5d\",\"display_shapes\":\"0\",\"_display_shapes\":\"field_62e2499085dee\",\"shapes\":\"shape1\",\"_shapes\":\"field_626fd3f41491d\"},\"mode\":\"edit\"} \/-->\n\n<!-- wp:acf\/cta {\"name\":\"acf\/cta\",\"data\":{\"anchor\":\"\",\"_anchor\":\"field_635bcb8d94cbf\",\"type\":\"without_image\",\"_type\":\"field_62149e2d12aaf\",\"subtitle\":\"Implantate und Restauration\",\"_subtitle\":\"field_62149e038cf5c\",\"title\":\"Haben Sie Fragen?\",\"_title\":\"field_62149edd2d388\",\"text\":\"Contactez la clinique dentaire Adent la plus proche de chez vous.\",\"_text\":\"field_62149e038cf52\",\"button_text\":\"Mein Zentrum finden\",\"_button_text\":\"field_62149f062d389\",\"button_link\":{\"title\":\"Cliniques\",\"url\":\"https:\/\/adent.ch\/cliniques\/\",\"target\":\"\"},\"_button_link\":\"field_62149f112d38a\",\"button_color\":\"primary\",\"_button_color\":\"field_622b41428312a\",\"link_is_blank\":\"0\",\"_link_is_blank\":\"field_62285a3437980\",\"display_shapes\":\"0\",\"_display_shapes\":\"field_62e250b73f5a9\",\"shapes\":\"shape6\",\"_shapes\":\"field_62149e038cf63\"},\"mode\":\"edit\"} \/-->","post_title":"Implantat und Restauration","post_excerpt":"","post_status":"publish","comment_status":"closed","ping_status":"closed","post_password":"","post_name":"implantat-und-restauration","to_ping":"","pinged":"","post_modified":"2025-06-04 17:05:59","post_modified_gmt":"2025-06-04 15:05:59","post_content_filtered":"","post_parent":0,"guid":"https:\/\/adent.ch\/soin\/implantat-und-restauration\/","menu_order":0,"post_type":"soin","post_mime_type":"","comment_count":"0","filter":"raw"},{"ID":4140,"post_author":"14","post_date":"2022-01-03 13:50:41","post_date_gmt":"2022-01-03 12:50:41","post_content":"<!-- wp:acf\/two-column {\"name\":\"acf\/two-column\",\"data\":{\"anchor\":\"\",\"_anchor\":\"field_635bd17ffcee6\",\"title\":\"Das Beste fu\u0308r kleine La\u0308cheln.\",\"_title\":\"field_622629438a3e9\",\"columns_0_column_type\":\"text\",\"_columns_0_column_type\":\"field_627221966b517\",\"columns_0_text\":\"Unsere Kinderzahn\u00e4rzte sind in einem kindgerechten psychologischen und p\u00e4dagogischen Ansatz geschult. Ihre Aufgabe ist es, zu beruhigen und mit einem altersgerechten Vokabular zu sprechen, um ein Klima des Vertrauens zu schaffen.\\r\\n\\r\\nWir f\u00fchren alle Arten von Zahnbehandlungen bei Kindern durch.\\r\\n\\u003cul\\u003e\\r\\n \\t\\u003cli\\u003eKariesbehandlung\\u003c\/li\\u003e\\r\\n \\t\\u003cli\\u003eabgebrochener Zahn\\u003c\/li\\u003e\\r\\n \\t\\u003cli\\u003e\\u003ca href=\\u0022https:\/\/adent.ch\/de\/behandlung\/zahnsteinentfernung-und-zahnhygiene\/\\u0022\\u003eZahnreinigung\\u003c\/a\\u003e\\u003c\/li\\u003e\\r\\n \\t\\u003cli\\u003eTipps zum B\u00fcrsten\\u003c\/li\\u003e\\r\\n \\t\\u003cli\\u003e\\u003ca href=\\u0022https:\/\/adent.ch\/de\/behandlung\/kieferorthopaedie-fuer-kinder-und-erwachsene\/\\u0022\\u003eKieferorthop\u00e4de\\u003c\/a\\u003e\\u003c\/li\\u003e\\r\\n\\u003c\/ul\\u003e\",\"_columns_0_text\":\"field_6226294b8a3ea\",\"columns_0_link_type\":\"bouton\",\"_columns_0_link_type\":\"field_623833b107a07\",\"columns_0_button_text\":\"Termin vereinbaren\",\"_columns_0_button_text\":\"field_6227212165677\",\"columns_0_button_link\":{\"title\":\"Termin Vereinbaren\",\"url\":\"https:\/\/adent.ch\/de\/termin-vereinbaren\/\",\"target\":\"\"},\"_columns_0_button_link\":\"field_6227212f65678\",\"columns_0_link_is_blank\":\"0\",\"_columns_0_link_is_blank\":\"field_6227213d65679\",\"columns_1_column_type\":\"image_video\",\"_columns_1_column_type\":\"field_627221966b517\",\"columns_1_image_video_type\":\"image\",\"_columns_1_image_video_type\":\"field_627222596b51c\",\"columns_1_image\":16375,\"_columns_1_image\":\"field_627222856b51d\",\"columns\":2,\"_columns\":\"field_6238335007a05\"},\"mode\":\"edit\"} \/-->\n\n<!-- wp:acf\/two-column {\"name\":\"acf\/two-column\",\"data\":{\"anchor\":\"\",\"_anchor\":\"field_635bd17ffcee6\",\"title\":\"Kieferorthop\u00e4dische Behandlungen\",\"_title\":\"field_622629438a3e9\",\"columns_0_column_type\":\"text\",\"_columns_0_column_type\":\"field_627221966b517\",\"columns_0_text\":\"Unsere Zahn\u00e4rzte, die sich auf Kieferorthop\u00e4die spezialisiert haben, bieten kieferorthop\u00e4dische Behandlung f\u00fcr Kinder an. Eine kieferorthop\u00e4dische Behandlung kann in jedem Alter begonnen werden, aber die meisten Eltern w\u00fcnschen sich f\u00fcr ihre Kinder eine fr\u00fchzeitige Behandlung. Je nach Art der erforderlichen Behandlung kann eine erste Phase des Abfangens von Kieferorthop\u00e4den bereits ab dem 4. Lebensjahr stattfinden. In den Adent Zahnarztzentren werden verschiedene kieferorthop\u00e4dische Behandlungen angeboten, die sich an die jeweilige Mundsituation anpassen. Weitere Informationen finden Sie \\u003ca href=\\u0022https:\/\/adent.ch\/de\/behandlung\/kieferorthopaedie-fuer-kinder-und-erwachsene\/\\u0022\\u003eauf unserer Seite \u00fcber Kieferorthop\u00e4de f\u00fcr Kinder\\u003c\/a\\u003e!\\r\\n\\r\\nZus\u00e4tzlich zu diesen zahn\u00e4rztlichen Behandlungen erkl\u00e4ren unsere diplomierten Dentalhygienikerinnen mit p\u00e4dagogischen Methoden, wie Z\u00e4hne und Zahnfleisch gesund erhalten werden k\u00f6nnen. Unsere Fachgebiete f\u00fcr zahn\u00e4rztliche Pr\u00e4vention helfen ihnen, die richtigen Verhaltensweisen zu erlernen, sobald sie die ersten Z\u00e4hne bekommen.\\r\\n\\r\\nHaben Sie Fragen zur Zahnhygiene bei Babys oder Jugendlichen? \\u003ca href=\\u0022https:\/\/adent.ch\/de\/behandlung\/zahnsteinentfernung-und-zahnhygiene\/\\u0022\\u003eBesuchen Sie unsere Seite zu diesen Themen\\u003c\/a\\u003e!\",\"_columns_0_text\":\"field_6226294b8a3ea\",\"columns_0_link_type\":\"bouton\",\"_columns_0_link_type\":\"field_623833b107a07\",\"columns_0_button_text\":\"Termin vereinbaren\",\"_columns_0_button_text\":\"field_6227212165677\",\"columns_0_button_link\":{\"title\":\"Termin Vereinbaren\",\"url\":\"https:\/\/adent.ch\/de\/termin-vereinbaren\/\",\"target\":\"\"},\"_columns_0_button_link\":\"field_6227212f65678\",\"columns_0_link_is_blank\":\"0\",\"_columns_0_link_is_blank\":\"field_6227213d65679\",\"columns_1_column_type\":\"text\",\"_columns_1_column_type\":\"field_627221966b517\",\"columns_1_text\":\"Jeder Zahn muss t\u00e4glich gereinigt werden, egal wie klein er ist. Nach der Nahrungsaufnahme bildet sich ein Biofilm auf der Oberfl\u00e4che des Zahnschmelzes. Dieser Biofilm entwickelt sich weiter, wenn er nicht regelm\u00e4\u00dfig gereinigt wird. Dies f\u00fchrt zu wei\u00dfen, weichen Ablagerungen auf der Oberfl\u00e4che der Z\u00e4hne, die als Plaque bezeichnet werden. Zahnbelag besteht unter anderem aus Bakterien. Bakterien k\u00f6nnen Karies verursachen, wenn die Reinigung nicht regelm\u00e4ssig erfolgt. Plaque kann sich auch zu Zahnstein entwickeln, einem harten, wei\u00dfen Belag, der mit der Zahnb\u00fcrste nicht entfernt werden kann.\\r\\n\\r\\nAuch wenn dies selten vorkommt, kann sich ein Schaden an einem Milchzahn auf einen Erwachsenenzahn auswirken. Die Keime der erwachsenen Z\u00e4hne, die sich unter dem Zahnfleisch bilden, sind empfindlich. Sie k\u00f6nnen besch\u00e4digt werden, wenn ein Milchzahn infiziert wird.\\r\\n\\r\\nHeutzutage gibt es eine breite Palette von Hilfsmitteln f\u00fcr die Zahnreinigung bei Kindern. Sie k\u00f6nnen leicht elektrische Zahnb\u00fcrsten, Zahnseide in Tierform, bunte Kinderzahnb\u00fcrsten usw. erwerben. Diese Hilfsmittel helfen Ihnen dabei, die Mundhygiene Ihres Kindes zu verbessern. Lassen Sie sich von \\u003ca href=\\u0022https:\/\/adent.ch\/de\/team\/?care_id=4134\\u0022\\u003eunseren Dentalhygienikerinnen\\u003c\/a\\u003e beraten.\",\"_columns_1_text\":\"field_6226294b8a3ea\",\"columns_1_link_type\":\"bouton\",\"_columns_1_link_type\":\"field_623833b107a07\",\"columns_1_button_text\":\"Zahnreinigung und Zahnhygiene\",\"_columns_1_button_text\":\"field_6227212165677\",\"columns_1_button_link\":{\"title\":\"Zahnreinigung und Zahnhygiene\",\"url\":\"https:\/\/adent.ch\/de\/behandlung\/zahnsteinentfernung-und-zahnhygiene\/\",\"target\":\"\"},\"_columns_1_button_link\":\"field_6227212f65678\",\"columns_1_link_is_blank\":\"0\",\"_columns_1_link_is_blank\":\"field_6227213d65679\",\"columns\":2,\"_columns\":\"field_6238335007a05\"},\"mode\":\"edit\"} \/-->\n\n<!-- wp:acf\/two-column {\"name\":\"acf\/two-column\",\"data\":{\"anchor\":\"Zahnarztangst\",\"_anchor\":\"field_635bd17ffcee6\",\"title\":\"Mein Kind hat Angst vor dem Zahnarzt, was kann ich tun?\",\"_title\":\"field_622629438a3e9\",\"columns_0_column_type\":\"text\",\"_columns_0_column_type\":\"field_627221966b517\",\"columns_0_text\":\"F\u00fcr Kinder mit Phobie oder Angst vor dem Zahnarzt haben wir L\u00f6sungen! Unsere Zahn\u00e4rzte bieten Lachgas- und Hypnosebehandlungen an, die auch bei Kindern einfach und sicher durchzuf\u00fchren sind. Weitere Informationen finden Sie hier.\",\"_columns_0_text\":\"field_6226294b8a3ea\",\"columns_0_link_type\":\"none\",\"_columns_0_link_type\":\"field_623833b107a07\",\"columns\":1,\"_columns\":\"field_6238335007a05\"},\"mode\":\"edit\"} \/-->\n\n<!-- wp:acf\/highlight-image {\"name\":\"acf\/highlight-image\",\"data\":{\"title\":\"Wie kann ich Zahnprobleme bei meinem Kind vermeiden?\",\"_title\":\"field_623c21dda6278\",\"blocs_0_image\":16307,\"_blocs_0_image\":\"field_623c222ba627a\",\"blocs_0_title\":\"Geben Sie gute Gewohnheiten weiter!\",\"_blocs_0_title\":\"field_623c22c4a627b\",\"blocs_0_description\":\"Das Z\u00e4hneputzen wird 3x\/Tag empfohlen: Putzen Sie die Z\u00e4hne nach jeder Mahlzeit und vermeiden Sie bei Ihren Kindern das st\u00e4ndige Naschen von S\u00fcssigkeiten, da dies Karies und Schmerzen verursachen kann.\",\"_blocs_0_description\":\"field_623c22cba627c\",\"blocs_0_button_type\":\"none\",\"_blocs_0_button_type\":\"field_623c34377e92d\",\"blocs_1_image\":16347,\"_blocs_1_image\":\"field_623c222ba627a\",\"blocs_1_title\":\"B\u00fcrsten ab den ersten Z\u00e4hnen.\",\"_blocs_1_title\":\"field_623c22c4a627b\",\"blocs_1_description\":\"Dies kann eine schwierige Aufgabe sein, aber alle Z\u00e4hne, auch wenn sie noch so klein sind, m\u00fcssen t\u00e4glich gereinigt werden. Tragen Sie ab dem ersten Zahn bis zum Alter von ca. 3 Jahren Zahnpasta in der Gr\u00f6sse eines Reiskorns auf, danach in der Gr\u00f6sse einer Erbse.\",\"_blocs_1_description\":\"field_623c22cba627c\",\"blocs_1_button_type\":\"none\",\"_blocs_1_button_type\":\"field_623c34377e92d\",\"blocs_2_image\":16350,\"_blocs_2_image\":\"field_623c222ba627a\",\"blocs_2_title\":\"S\u00fcssigkeiten ja, mit Sympadent\u00ae!\",\"_blocs_2_title\":\"field_623c22c4a627b\",\"blocs_2_description\":\"Bevorzugen Sie \\u003ca href=\\u0022https:\/\/zahnfreundlich.ch\/lassociation-sympadent-sengage-pour-des-dents-denfant-saines\/?lang=fr\\u0022 target=\\u0022_blank\\u0022 rel=\\u0022noopener\\u0022\\u003eSympadent\u00ae Bonbons\\u003c\/a\\u003e: Sie wurden getestet und f\u00fcr gut befunden. Diese S\u00fcssigkeiten schonen die Z\u00e4hne von Kindern und Erwachsenen. Sie k\u00f6nnen es in verschiedenen Gesch\u00e4ften in der Schweiz kaufen. Achten Sie auf das Zahnlogo unter dem Regenschirm.\",\"_blocs_2_description\":\"field_623c22cba627c\",\"blocs_2_button_type\":\"none\",\"_blocs_2_button_type\":\"field_623c34377e92d\",\"blocs_3_image\":16562,\"_blocs_3_image\":\"field_623c222ba627a\",\"blocs_3_title\":\"Alles miteinander teilen? Ja, aber...\",\"_blocs_3_title\":\"field_623c22c4a627b\",\"blocs_3_description\":\"Vermeiden Sie es, den L\u00f6ffel oder andere Gegenst\u00e4nde in den Mund zu nehmen, bevor Sie sie Ihrem Baby geben: Karies verursachende Bakterien werden \u00fcbertragen.\",\"_blocs_3_description\":\"field_623c22cba627c\",\"blocs_3_button_type\":\"none\",\"_blocs_3_button_type\":\"field_623c34377e92d\",\"blocs_4_image\":16311,\"_blocs_4_image\":\"field_623c222ba627a\",\"blocs_4_title\":\"Eine zus\u00e4tzliche Hilfe f\u00fcr eine optimale Reinigung.\",\"_blocs_4_title\":\"field_623c22c4a627b\",\"blocs_4_description\":\"Elektrische Zahnb\u00fcrsten sind eine gute Hilfe f\u00fcr Ihr Kind. Dies erleichtert das B\u00fcrsten und ermutigt sie. Unsere Dentalhygienikerinnen beraten Sie gerne.\",\"_blocs_4_description\":\"field_623c22cba627c\",\"blocs_4_button_type\":\"none\",\"_blocs_4_button_type\":\"field_623c34377e92d\",\"blocs_5_image\":16353,\"_blocs_5_image\":\"field_623c222ba627a\",\"blocs_5_title\":\"Eine fluoridierte Zahnpasta, die f\u00fcr sein Alter geeignet ist.\",\"_blocs_5_title\":\"field_623c22c4a627b\",\"blocs_5_description\":\"Fluor sch\u00fctzt die Z\u00e4hne vor Karies. Sie finden leicht Zahnpasta f\u00fcr Kinder unter 6 Jahren, f\u00fcr Kinder von 6 bis 12 Jahren und f\u00fcr Erwachsene. Wechseln Sie den Geschmack der Zahnpasta regelm\u00e4ssig: Kinder m\u00f6gen Abwechslung.\",\"_blocs_5_description\":\"field_623c22cba627c\",\"blocs_5_button_type\":\"none\",\"_blocs_5_button_type\":\"field_623c34377e92d\",\"blocs\":6,\"_blocs\":\"field_623c21f0a6279\"},\"mode\":\"edit\"} \/-->\n\n<!-- wp:acf\/cta {\"name\":\"acf\/cta\",\"data\":{\"anchor\":\"\",\"_anchor\":\"field_635bcb8d94cbf\",\"type\":\"without_image\",\"_type\":\"field_62149e2d12aaf\",\"subtitle\":\"Zahnpflege f\u00fcr Kinder\",\"_subtitle\":\"field_62149e038cf5c\",\"title\":\"Haben Sie Fragen?\",\"_title\":\"field_62149edd2d388\",\"text\":\"Kontaktieren Sie unsere Zahn\u00e4rzte, die auf die Behandlung von Kindern spezialisiert sind.\",\"_text\":\"field_62149e038cf52\",\"button_text\":\"Einen spezialisierten Zahnarzt finden\",\"_button_text\":\"field_62149f062d389\",\"button_link\":{\"title\":\"Team\",\"url\":\"https:\/\/adent.ch\/de\/team\/?care_id=4140\",\"target\":\"\"},\"_button_link\":\"field_62149f112d38a\",\"button_color\":\"primary\",\"_button_color\":\"field_622b41428312a\",\"link_is_blank\":\"0\",\"_link_is_blank\":\"field_62285a3437980\"},\"mode\":\"edit\"} \/-->","post_title":"Zahnpflege f\u00fcr Kinder","post_excerpt":"","post_status":"publish","comment_status":"closed","ping_status":"closed","post_password":"","post_name":"zahnbehandlung-fuer-kinder","to_ping":"","pinged":"","post_modified":"2026-01-19 15:07:44","post_modified_gmt":"2026-01-19 14:07:44","post_content_filtered":"","post_parent":0,"guid":"https:\/\/adent.ch\/soin\/soins-dentaires-pour-les-enfants\/","menu_order":0,"post_type":"soin","post_mime_type":"","comment_count":"0","filter":"raw"}]},"yoast_head":"<!-- This site is optimized with the Yoast SEO plugin v27.5 - https:\/\/yoast.com\/product\/yoast-seo-wordpress\/ -->\n<title>Kenan DIAB | Adent Zahnarztzentrum<\/title>\n<meta name=\"description\" content=\"Kenan Diab praktiziert in den Zentren Adent in Lausanne.\" \/>\n<meta name=\"robots\" content=\"index, follow, max-snippet:-1, max-image-preview:large, max-video-preview:-1\" \/>\n<link rel=\"canonical\" href=\"https:\/\/adent.ch\/de\/zahnarzt\/kenan-diab\/\" \/>\n<meta property=\"og:locale\" content=\"de_DE\" \/>\n<meta property=\"og:type\" content=\"article\" \/>\n<meta property=\"og:title\" content=\"Kenan DIAB | Adent Zahnarztzentrum\" \/>\n<meta property=\"og:description\" content=\"Kenan Diab praktiziert in den Zentren Adent in Lausanne.\" \/>\n<meta property=\"og:url\" content=\"https:\/\/adent.ch\/de\/zahnarzt\/kenan-diab\/\" \/>\n<meta property=\"og:site_name\" content=\"Adent Zahnarztzentrum\" \/>\n<meta property=\"article:publisher\" content=\"https:\/\/www.facebook.com\/adentcliniquesdentaires\/\" \/>\n<meta property=\"article:modified_time\" content=\"2025-12-05T11:04:38+00:00\" \/>\n<meta property=\"og:image\" content=\"https:\/\/adent.ch\/wp-content\/uploads\/2024\/04\/adent-aubonne-mai-2022-igor-laski-web-hd-srvb-48.jpg\" \/>\n\t<meta property=\"og:image:width\" content=\"1619\" \/>\n\t<meta property=\"og:image:height\" content=\"1080\" \/>\n\t<meta property=\"og:image:type\" content=\"image\/jpeg\" \/>\n<meta name=\"twitter:card\" content=\"summary_large_image\" \/>\n<script type=\"application\/ld+json\" class=\"yoast-schema-graph\">{\"@context\":\"https:\\\/\\\/schema.org\",\"@graph\":[{\"@type\":\"WebPage\",\"@id\":\"https:\\\/\\\/adent.ch\\\/de\\\/zahnarzt\\\/kenan-diab\\\/\",\"url\":\"https:\\\/\\\/adent.ch\\\/de\\\/zahnarzt\\\/kenan-diab\\\/\",\"name\":\"Kenan DIAB | Adent Zahnarztzentrum\",\"isPartOf\":{\"@id\":\"https:\\\/\\\/adent.ch\\\/de\\\/#website\"},\"datePublished\":\"2024-06-20T11:10:57+00:00\",\"dateModified\":\"2025-12-05T11:04:38+00:00\",\"description\":\"Kenan Diab praktiziert in den Zentren Adent in Lausanne.\",\"breadcrumb\":{\"@id\":\"https:\\\/\\\/adent.ch\\\/de\\\/zahnarzt\\\/kenan-diab\\\/#breadcrumb\"},\"inLanguage\":\"de-CH\",\"potentialAction\":[{\"@type\":\"ReadAction\",\"target\":[\"https:\\\/\\\/adent.ch\\\/de\\\/zahnarzt\\\/kenan-diab\\\/\"]}]},{\"@type\":\"BreadcrumbList\",\"@id\":\"https:\\\/\\\/adent.ch\\\/de\\\/zahnarzt\\\/kenan-diab\\\/#breadcrumb\",\"itemListElement\":[{\"@type\":\"ListItem\",\"position\":1,\"name\":\"Team\",\"item\":\"https:\\\/\\\/adent.ch\\\/de\\\/team\\\/\"},{\"@type\":\"ListItem\",\"position\":2,\"name\":\"Kenan DIAB\"}]},{\"@type\":\"WebSite\",\"@id\":\"https:\\\/\\\/adent.ch\\\/de\\\/#website\",\"url\":\"https:\\\/\\\/adent.ch\\\/de\\\/\",\"name\":\"Adent Zahnarztzentrum\",\"description\":\"\",\"publisher\":{\"@id\":\"https:\\\/\\\/adent.ch\\\/de\\\/#organization\"},\"potentialAction\":[{\"@type\":\"SearchAction\",\"target\":{\"@type\":\"EntryPoint\",\"urlTemplate\":\"https:\\\/\\\/adent.ch\\\/de\\\/?s={search_term_string}\"},\"query-input\":{\"@type\":\"PropertyValueSpecification\",\"valueRequired\":true,\"valueName\":\"search_term_string\"}}],\"inLanguage\":\"de-CH\"},{\"@type\":\"Organization\",\"@id\":\"https:\\\/\\\/adent.ch\\\/de\\\/#organization\",\"name\":\"Adent Cliniques Dentaires\",\"url\":\"https:\\\/\\\/adent.ch\\\/de\\\/\",\"logo\":{\"@type\":\"ImageObject\",\"inLanguage\":\"de-CH\",\"@id\":\"https:\\\/\\\/adent.ch\\\/de\\\/#\\\/schema\\\/logo\\\/image\\\/\",\"url\":\"https:\\\/\\\/adent.ch\\\/wp-content\\\/uploads\\\/2022\\\/09\\\/adent-habefast-logo-2018-fr-05032019-rvb-scaled.jpg\",\"contentUrl\":\"https:\\\/\\\/adent.ch\\\/wp-content\\\/uploads\\\/2022\\\/09\\\/adent-habefast-logo-2018-fr-05032019-rvb-scaled.jpg\",\"width\":2880,\"height\":750,\"caption\":\"Adent Cliniques Dentaires\"},\"image\":{\"@id\":\"https:\\\/\\\/adent.ch\\\/de\\\/#\\\/schema\\\/logo\\\/image\\\/\"},\"sameAs\":[\"https:\\\/\\\/www.facebook.com\\\/adentcliniquesdentaires\\\/\",\"https:\\\/\\\/www.instagram.com\\\/adent.ch\\\/\",\"https:\\\/\\\/www.youtube.com\\\/channel\\\/UCPd5UjY-ipuq3MhW6m0W-wg\",\"https:\\\/\\\/www.linkedin.com\\\/company\\\/adent-cliniques-dentaires\\\/?originalSubdomain=ch\"]}]}<\/script>\n<!-- \/ Yoast SEO plugin. -->","yoast_head_json":{"title":"Kenan DIAB | Adent Zahnarztzentrum","description":"Kenan Diab praktiziert in den Zentren Adent in Lausanne.","robots":{"index":"index","follow":"follow","max-snippet":"max-snippet:-1","max-image-preview":"max-image-preview:large","max-video-preview":"max-video-preview:-1"},"canonical":"https:\/\/adent.ch\/de\/zahnarzt\/kenan-diab\/","og_locale":"de_DE","og_type":"article","og_title":"Kenan DIAB | Adent Zahnarztzentrum","og_description":"Kenan Diab praktiziert in den Zentren Adent in Lausanne.","og_url":"https:\/\/adent.ch\/de\/zahnarzt\/kenan-diab\/","og_site_name":"Adent Zahnarztzentrum","article_publisher":"https:\/\/www.facebook.com\/adentcliniquesdentaires\/","article_modified_time":"2025-12-05T11:04:38+00:00","og_image":[{"width":1619,"height":1080,"url":"https:\/\/adent.ch\/wp-content\/uploads\/2024\/04\/adent-aubonne-mai-2022-igor-laski-web-hd-srvb-48.jpg","type":"image\/jpeg"}],"twitter_card":"summary_large_image","schema":{"@context":"https:\/\/schema.org","@graph":[{"@type":"WebPage","@id":"https:\/\/adent.ch\/de\/zahnarzt\/kenan-diab\/","url":"https:\/\/adent.ch\/de\/zahnarzt\/kenan-diab\/","name":"Kenan DIAB | Adent Zahnarztzentrum","isPartOf":{"@id":"https:\/\/adent.ch\/de\/#website"},"datePublished":"2024-06-20T11:10:57+00:00","dateModified":"2025-12-05T11:04:38+00:00","description":"Kenan Diab praktiziert in den Zentren Adent in Lausanne.","breadcrumb":{"@id":"https:\/\/adent.ch\/de\/zahnarzt\/kenan-diab\/#breadcrumb"},"inLanguage":"de-CH","potentialAction":[{"@type":"ReadAction","target":["https:\/\/adent.ch\/de\/zahnarzt\/kenan-diab\/"]}]},{"@type":"BreadcrumbList","@id":"https:\/\/adent.ch\/de\/zahnarzt\/kenan-diab\/#breadcrumb","itemListElement":[{"@type":"ListItem","position":1,"name":"Team","item":"https:\/\/adent.ch\/de\/team\/"},{"@type":"ListItem","position":2,"name":"Kenan DIAB"}]},{"@type":"WebSite","@id":"https:\/\/adent.ch\/de\/#website","url":"https:\/\/adent.ch\/de\/","name":"Adent Zahnarztzentrum","description":"","publisher":{"@id":"https:\/\/adent.ch\/de\/#organization"},"potentialAction":[{"@type":"SearchAction","target":{"@type":"EntryPoint","urlTemplate":"https:\/\/adent.ch\/de\/?s={search_term_string}"},"query-input":{"@type":"PropertyValueSpecification","valueRequired":true,"valueName":"search_term_string"}}],"inLanguage":"de-CH"},{"@type":"Organization","@id":"https:\/\/adent.ch\/de\/#organization","name":"Adent Cliniques Dentaires","url":"https:\/\/adent.ch\/de\/","logo":{"@type":"ImageObject","inLanguage":"de-CH","@id":"https:\/\/adent.ch\/de\/#\/schema\/logo\/image\/","url":"https:\/\/adent.ch\/wp-content\/uploads\/2022\/09\/adent-habefast-logo-2018-fr-05032019-rvb-scaled.jpg","contentUrl":"https:\/\/adent.ch\/wp-content\/uploads\/2022\/09\/adent-habefast-logo-2018-fr-05032019-rvb-scaled.jpg","width":2880,"height":750,"caption":"Adent Cliniques Dentaires"},"image":{"@id":"https:\/\/adent.ch\/de\/#\/schema\/logo\/image\/"},"sameAs":["https:\/\/www.facebook.com\/adentcliniquesdentaires\/","https:\/\/www.instagram.com\/adent.ch\/","https:\/\/www.youtube.com\/channel\/UCPd5UjY-ipuq3MhW6m0W-wg","https:\/\/www.linkedin.com\/company\/adent-cliniques-dentaires\/?originalSubdomain=ch"]}]}},"_links":{"self":[{"href":"https:\/\/adent.ch\/de\/wp-json\/wp\/v2\/equipe\/13921","targetHints":{"allow":["GET"]}}],"collection":[{"href":"https:\/\/adent.ch\/de\/wp-json\/wp\/v2\/equipe"}],"about":[{"href":"https:\/\/adent.ch\/de\/wp-json\/wp\/v2\/types\/equipe"}],"wp:attachment":[{"href":"https:\/\/adent.ch\/de\/wp-json\/wp\/v2\/media?parent=13921"}],"wp:term":[{"taxonomy":"langue","embeddable":true,"href":"https:\/\/adent.ch\/de\/wp-json\/wp\/v2\/langue?post=13921"}],"curies":[{"name":"wp","href":"https:\/\/api.w.org\/{rel}","templated":true}]}}