{"id":14125,"date":"2024-07-10T10:16:42","date_gmt":"2024-07-10T08:16:42","guid":{"rendered":"https:\/\/adent.ch\/dentistes\/silvia-per\/"},"modified":"2024-12-03T07:53:00","modified_gmt":"2024-12-03T06:53:00","slug":"silvia-per","status":"publish","type":"equipe","link":"https:\/\/adent.ch\/de\/zahnarzt\/silvia-per\/","title":{"rendered":"Silvia PER"},"content":{"rendered":"<div class=\"two-column-block\" >\n\t<div class=\"container\">\n\t\t\t\t\t\t\t<div class=\"row justify-content-between\" data-sal=\"slide-up\" data-sal-delay=\"200\" data-sal-easing=\"ease-in-out\" data-sal-duration=\"300\">\n\t\t\t\t\t\t\t\t\t\t\t\t\t\t\t<div class=\"col-md-6\">\n\t\t\t\t\t\t\t<div class=\"text-lg\">\n\t\t\t\t\t\t\t\t<p>Silvia Per ist Kinderzahn\u00e4rztin und praktiziert in den Zahnarztzentren von <a href=\"https:\/\/adent.ch\/de\/klinik\/st-gallen\/\">St. Gallen,<\/a> <a href=\"https:\/\/adent.ch\/de\/klinik\/windisch\/\">Windisch<\/a> <a href=\"https:\/\/adent.ch\/de\/klinik\/rotkreuz\/\">Rotkreuz<\/a> und <a href=\"https:\/\/adent.ch\/de\/klinik\/zuerich\/\">Z\u00fcrich.<\/a><\/p>\n<p>Die Kinderzahn\u00e4rztin Silvia Per ist seit 2012 diplomierte Zahn\u00e4rztin und hat ihre F\u00e4higkeiten in der Kinderzahnheilkunde in den letzten 10 Jahren durch verschiedene Fortbildungen und Spezialisierungen st\u00e4ndig weiterentwickelt. Im Jahr 2020 promovierte sie in Zahnmedizin und baute damit ihre Expertise in diesem Bereich weiter aus.<\/p>\n<p>Die Kinderzahn\u00e4rztin Silvia Per behandelt die Kinder mit Freude und Einf\u00fchlungsverm\u00f6gen und sorgt daf\u00fcr, dass jeder Zahnarztbesuch zu einem positiven und beruhigenden Erlebnis wird. Sie ber\u00e4t auch die Eltern mit Geduld und Verst\u00e4ndnis und hilft ihnen, die besten Praktiken f\u00fcr die Mundgesundheit ihrer Kinder zu \u00fcbernehmen. Das Wohlbefinden der Kinder ist ein Thema, das sie seit ihrer Schulzeit begleitet und besch\u00e4ftigt, und diese Leidenschaft leitet ihren beruflichen Ansatz.<\/p>\n<p>Seine Fachkenntnisse umfassen die <a href=\"https:\/\/adent.ch\/de\/behandlung\/zahnbehandlung-fuer-kinder\/\">allgemeine Kinderzahnheilkunde,<\/a> einschliesslich spezieller Behandlungen wie Lachgasbehandlungen, um das Wohlbefinden der jungen Patienten zu gew\u00e4hrleisten, sowie Techniken f\u00fcr <a href=\"https:\/\/adent.ch\/de\/info\/die-zahnarztphobie\/\">\u00e4ngstliche Patienten<\/a>. Sein Ziel ist es, eine freundliche und ruhige Umgebung zu schaffen, in der sich jedes Kind sicher und verstanden f\u00fchlt.<\/p>\n<p>Sie ist mehrsprachig und spricht fliessend Deutsch, Englisch, Spanisch und Rum\u00e4nisch, was ihr erm\u00f6glicht, effektiv mit einer Vielzahl von Patienten und deren Familien zu kommunizieren.<\/p>\n\t\t\t\t\t\t\t<\/div>\n\t\t\t\t\t\t\t\t\t\t\t\t\t\t\t\t\t\t\t\t\t\t\t\t\t\t\t<\/div>\n\t\t\t\t\t\t\t\t\t\t\t\t\t\t\t\t\t\t\t\t<div class=\"col-md-6\">\n\t\t\t\t\t\t\t<div class=\"text-lg\">\n\t\t\t\t\t\t\t\t<h4>FACHGEBIETE<\/h4>\n<ul>\n<li><a href=\"https:\/\/adent.ch\/de\/behandlung\/zahnbehandlung-fuer-kinder\/\">Zahnpflege f\u00fcr Kinder<\/a><\/li>\n<li><a href=\"https:\/\/adent.ch\/de\/zahnaerztliche-notfaelle\/\">Zahn\u00e4rztliche Notf\u00e4lle<\/a><\/li>\n<\/ul>\n\t\t\t\t\t\t\t<\/div>\n\t\t\t\t\t\t\t\t\t\t\t\t\t\t\t\t\t\t\t\t\t\t\t\t\t\t\t<\/div>\n\t\t\t\t\t\t\t\t\t\t\t\t<\/div>\n\t\t\t<\/div>\n<\/div>","protected":false},"template":"","langue":[135,101,143,102],"class_list":["post-14125","equipe","type-equipe","status-publish","hentry","langue-deutsch","langue-englisch","langue-rumaenisch","langue-spanisch"],"acf":{"last_name":"PER","first_name":"Silvia","image":{"ID":14123,"id":14123,"title":"Silvia_Per_StGall_Windisch_Zurich","filename":"silvia_per_stgall_windisch_zurich.png","filesize":2773221,"url":"https:\/\/adent.ch\/wp-content\/uploads\/2024\/07\/silvia_per_stgall_windisch_zurich.png","link":"https:\/\/adent.ch\/de\/zahnarzt\/silvia-per\/silvia_per_stgall_windisch_zurich-2\/","alt":"","author":"14","description":"","caption":"","name":"silvia_per_stgall_windisch_zurich-2","status":"inherit","uploaded_to":14125,"date":"2024-07-10 08:12:23","modified":"2024-07-10 08:59:05","menu_order":0,"mime_type":"image\/png","type":"image","subtype":"png","icon":"https:\/\/adent.ch\/wp-includes\/images\/media\/default.png","width":1880,"height":1410,"sizes":{"thumbnail":"https:\/\/adent.ch\/wp-content\/uploads\/2024\/07\/silvia_per_stgall_windisch_zurich-150x150.png","thumbnail-width":150,"thumbnail-height":150,"medium":"https:\/\/adent.ch\/wp-content\/uploads\/2024\/07\/silvia_per_stgall_windisch_zurich-300x225.png","medium-width":300,"medium-height":225,"medium_large":"https:\/\/adent.ch\/wp-content\/uploads\/2024\/07\/silvia_per_stgall_windisch_zurich-768x576.png","medium_large-width":768,"medium_large-height":576,"large":"https:\/\/adent.ch\/wp-content\/uploads\/2024\/07\/silvia_per_stgall_windisch_zurich-1307x980.png","large-width":1307,"large-height":980,"1536x1536":"https:\/\/adent.ch\/wp-content\/uploads\/2024\/07\/silvia_per_stgall_windisch_zurich-1536x1152.png","1536x1536-width":1536,"1536x1536-height":1152,"2048x2048":"https:\/\/adent.ch\/wp-content\/uploads\/2024\/07\/silvia_per_stgall_windisch_zurich.png","2048x2048-width":1880,"2048x2048-height":1410,"gform-image-choice-sm":"https:\/\/adent.ch\/wp-content\/uploads\/2024\/07\/silvia_per_stgall_windisch_zurich.png","gform-image-choice-sm-width":300,"gform-image-choice-sm-height":225,"gform-image-choice-md":"https:\/\/adent.ch\/wp-content\/uploads\/2024\/07\/silvia_per_stgall_windisch_zurich.png","gform-image-choice-md-width":400,"gform-image-choice-md-height":300,"gform-image-choice-lg":"https:\/\/adent.ch\/wp-content\/uploads\/2024\/07\/silvia_per_stgall_windisch_zurich.png","gform-image-choice-lg-width":600,"gform-image-choice-lg-height":450}},"cliniques":[{"ID":4201,"post_author":"14","post_date":"2022-04-20 18:17:09","post_date_gmt":"2022-04-20 16:17:09","post_content":"<!-- wp:acf\/two-column {\"name\":\"acf\/two-column\",\"data\":{\"anchor\":\"\",\"_anchor\":\"field_635bd17ffcee6\",\"title\":\"Ihr Adent-Zahnarzt im Zentrum St. Gallen\",\"_title\":\"field_622629438a3e9\",\"columns_0_column_type\":\"text\",\"_columns_0_column_type\":\"field_627221966b517\",\"columns_0_text\":\"Ein kompetentes Team von Zahn\u00e4rzten und Dentalhygienikerinnen, der Einsatz innovativer Technologien und garantierte swiss made Qualit\u00e4t - es gibt nur gute Gr\u00fcnde, Ihrer Zahnklinik Adent in St. Gallen zu vertrauen. Als moderne Zahnklinik bieten wir Ihnen eine allgemeine zahnmedizinische Versorgung zu besten Konditionen.\\r\\n\\r\\nDa unsere Zahn\u00e4rzte auf Ihre Bed\u00fcrfnisse eingehen, bieten sie Ihnen geeignete L\u00f6sungen f\u00fcr \\u003ca href=\\u0022https:\/\/adent.ch\/de\/behandlung\/zahnsteinentfernung-und-zahnhygiene\/\\u0022\\u003eIhre Mundgesundheit\\u003c\/a\\u003e. Die Anwesenheit eines kompletten Teams von Zahn\u00e4rzten, Prophylaxeassistentinnen und \\u003ca href=\\u0022https:\/\/adent.ch\/de\/kieferorthopadie-st-gallen\/\\u0022\\u003eKieferorthop\u00e4den\\u003c\/a\\u003e erm\u00f6glicht es Ihnen, \\u003ca href=\\u0022https:\/\/adent.ch\/de\/behandlungen\/\\u0022\\u003ealle zahnmedizinischen Behandlungen\\u003c\/a\\u003e unter einem Dach in Anspruch zu nehmen.\\r\\n\\r\\nWir bieten Diagnosen und Therapien, die auf Ihre individuellen Bed\u00fcrfnisse zugeschnitten sind, unter Verwendung der neuesten Technologien und nach modernsten Standards. Haben Sie Angst vor dem Besuch beim Zahnarzt? Unser Zahn\u00e4rzteteam ist in der Anwendung von \\u003ca href=\\u0022https:\/\/adent.ch\/de\/info\/die-zahnarztphobie\/\\u0022\\u003eLachgas\\u003c\/a\\u003e geschult. Lachgas oder \\u0022MEOPA\\u0022 ist eine schmerzfreie L\u00f6sung, bei der Sie Gas einatmen, das Sie entspannt. So verbringen Sie eine entspannte Sitzung bei Ihrer Zahn\u00e4rztin oder Ihrem Zahnarzt. Auch Zahnbehandlungen unter Vollnarkose sind m\u00f6glich.\",\"_columns_0_text\":\"field_6226294b8a3ea\",\"columns_0_link_type\":\"none\",\"_columns_0_link_type\":\"field_623833b107a07\",\"columns_1_column_type\":\"text\",\"_columns_1_column_type\":\"field_627221966b517\",\"columns_1_text\":\"Wir konzentrieren uns auf die vorbeugende Pflege. Wir helfen Ihnen, Karies und Parodontose vorzubeugen, und erstellen mit Ihnen individuelle Behandlungspl\u00e4ne. Mit konkreten Tipps veranschaulichen wir, wie Sie Ihre pers\u00f6nliche Zahn- und Mundpflege optimieren k\u00f6nnen.\\r\\n\\r\\nUnsere Zahn\u00e4rzte nehmen regelm\u00e4\u00dfig an Fortbildungen teil, um stets \u00fcber die neuesten Entwicklungen in der Zahnheilkunde und Zahngesundheit informiert zu sein.\\r\\n\\r\\nUnser Team aus Zahn\u00e4rzten, Prophylaxeassistentinnen und Kieferorthop\u00e4den ist von Montag bis Samstag f\u00fcr Ihre Zahnbehandlung da.\\r\\n\\r\\n\\u003cstrong\\u003eZentrumsleiter:\\u003c\/strong\\u003e Med. Dent. Omar Hassan, Zahnarzt\",\"_columns_1_text\":\"field_6226294b8a3ea\",\"columns_1_link_type\":\"none\",\"_columns_1_link_type\":\"field_623833b107a07\",\"columns\":2,\"_columns\":\"field_6238335007a05\"},\"mode\":\"edit\"} \/-->\n\n<!-- wp:acf\/clinique-head {\"name\":\"acf\/clinique-head\",\"data\":{\"members\":[\"14109\"],\"_members\":\"field_622f5635c857c\",\"display_shapes\":\"0\",\"_display_shapes\":\"field_62e25019f6eb2\",\"shapes\":\"shape4\",\"_shapes\":\"field_622f5635c8595\"},\"mode\":\"edit\"} \/-->\n\n<!-- wp:acf\/members {\"name\":\"acf\/members\",\"data\":{\"format\":\"slider\",\"_format\":\"field_65aa873152dbb\",\"subtitle\":\"Zu Ihren Diensten\",\"_subtitle\":\"field_65aa873152dc2\",\"title\":\"Adent Zahnarztzentrum St. Gallen\",\"_title\":\"field_65aa873152dc9\",\"description\":\"Ein professionelles und freundliches Team, das bereit ist, Sie zu empfangen.\",\"_description\":\"field_65aa873152dcf\",\"button_text\":\"\",\"_button_text\":\"field_65aa873152dd6\",\"button_link\":\"\",\"_button_link\":\"field_65aa873152ddc\"},\"mode\":\"edit\"} \/-->\n\n<!-- wp:block {\"ref\":2108} \/-->\n\n<!-- wp:acf\/cta {\"name\":\"acf\/cta\",\"data\":{\"anchor\":\"\",\"_anchor\":\"field_635bcb8d94cbf\",\"type\":\"without_image\",\"_type\":\"field_62149e2d12aaf\",\"subtitle\":\"\",\"_subtitle\":\"field_62149e038cf5c\",\"title\":\"Zahnnotfall? \",\"_title\":\"field_62149edd2d388\",\"text\":\"Rufen Sie unser Zentrum jetzt an f\u00fcr eine schnelle Behandlung.\",\"_text\":\"field_62149e038cf52\",\"button_text\":\"Rufen Sie uns an\",\"_button_text\":\"field_62149f062d389\",\"button_link\":{\"title\":\"\",\"url\":\"tel:+41 71 222 66 22\",\"target\":\"\"},\"_button_link\":\"field_62149f112d38a\",\"button_color\":\"primary\",\"_button_color\":\"field_622b41428312a\",\"link_is_blank\":\"0\",\"_link_is_blank\":\"field_62285a3437980\"},\"mode\":\"edit\"} \/-->","post_title":"St. Gallen","post_excerpt":"","post_status":"publish","comment_status":"closed","ping_status":"closed","post_password":"","post_name":"st-gallen","to_ping":"","pinged":"","post_modified":"2025-09-10 09:40:27","post_modified_gmt":"2025-09-10 07:40:27","post_content_filtered":"","post_parent":0,"guid":"https:\/\/adent.ch\/clinique\/saint-gall\/","menu_order":0,"post_type":"clinique","post_mime_type":"","comment_count":"0","filter":"raw"},{"ID":4197,"post_author":"14","post_date":"2022-04-21 14:15:55","post_date_gmt":"2022-04-21 12:15:55","post_content":"<!-- wp:acf\/two-column {\"name\":\"acf\/two-column\",\"data\":{\"anchor\":\"\",\"_anchor\":\"field_635bd17ffcee6\",\"title\":\"Ihr Adent Zahnarztzentrum Windisch\",\"_title\":\"field_622629438a3e9\",\"columns_0_column_type\":\"text\",\"_columns_0_column_type\":\"field_627221966b517\",\"columns_0_text\":\"Willkommen in unserem zentral gelegenen Zahnarztzentrum am Bahnhof Brugg-Windisch, Campus FHNW!\\r\\n\\r\\nDank modernster technologischer Ausstattung, Produkten, die auf den neuesten Forschungsergebnissen basieren, und Zahn\u00e4rztInnen, die sich st\u00e4ndig weiterbilden, k\u00f6nnen wir Ihnen Zahnbehandlungen von h\u00f6chster Qualit\u00e4t anbieten.\\r\\n\\r\\nUnter einem Dach k\u00fcmmern wir uns um die ganze Familie, vom ersten Zahn an. Es liegt uns am Herzen, Erwachsenen und Kindern aller Altersgruppen eine sorgf\u00e4ltige und vertrauensvolle Zahnvorsorge und -behandlung zu bieten.\\r\\n\\r\\nWir bieten :\\r\\n\\u003cul\\u003e\\r\\n \\t\\u003cli\\u003eSchienen gegen das Schnarchen (auch bei Schlafapnoe)\\u003c\/li\\u003e\\r\\n \\t\\u003cli\\u003e\\u003ca href=\\u0022https:\/\/adent.ch\/de\/behandlung\/kieferorthopaedie-fuer-kinder-und-erwachsene\/\\u0022\\u003e\u00a0kieferorthop\u00e4dische Behandlungen f\u00fcr Kinder und Erwachsene\\u003c\/a\\u003e (Invisalign\u00ae)spezialisierte Behandlungen von Parodontitis (Zahnlockerung)\\u003c\/li\\u003e\\r\\n \\t\\u003cli\\u003eZahnchirurgie\\u003c\/li\\u003e\\r\\n\\u003c\/ul\\u003e\",\"_columns_0_text\":\"field_6226294b8a3ea\",\"columns_0_link_type\":\"none\",\"_columns_0_link_type\":\"field_623833b107a07\",\"columns_1_column_type\":\"text\",\"_columns_1_column_type\":\"field_627221966b517\",\"columns_1_text\":\"\\u003cul\\u003e\\r\\n \\t\\u003cli\\u003eWurzelbehandlungen\\u003c\/li\\u003e\\r\\n \\t\\u003cli\\u003eZahnprophylaxe\\u003c\/li\\u003e\\r\\n \\t\\u003cli\\u003eZahnersatz\\u003c\/li\\u003e\\r\\n \\t\\u003cli\\u003e\\u003ca href=\\u0022https:\/\/adent.ch\/de\/behandlung\/implantate-und-zahnsanierung\/\\u0022\\u003eZahnimplantate der Schweizer Marke Straumann\u00ae\\u003c\/a\\u003e.\\u003c\/li\\u003e\\r\\n \\t\\u003cli\\u003e\\u003ca href=\\u0022https:\/\/adent.ch\/de\/behandlung\/zahnbleaching-und-aesthetisch-e-en-behandlungen\/\\u0022\\u003eProfessionelle Zahnaufhellung und \u00e4sthetische Behandlungen\\u003c\/a\\u003e (Philips Zoom, Blancone)\\u003c\/li\\u003e\\r\\n \\t\\u003cli\\u003eAllgemeine Zahnmedizin\\u003c\/li\\u003e\\r\\n\\u003c\/ul\\u003e\\r\\nUnser hochmotiviertes Team, das an renommierten Schulen ausgebildet wurde und mehrere Sprachen spricht, freut sich auf Ihren Besuch.\\r\\n\\r\\n\\u003cstrong\\u003eZentrumsleiterin :\\u003c\/strong\\u003e \\u003ca href=\\u0022https:\/\/adent.ch\/de\/zahnarzt\/anna-tulowitzki\/\\u0022\\u003eDr. Anna Tulowitzki\\u003c\/a\\u003e, Zahn\u00e4rztin\",\"_columns_1_text\":\"field_6226294b8a3ea\",\"columns_1_link_type\":\"none\",\"_columns_1_link_type\":\"field_623833b107a07\",\"columns\":2,\"_columns\":\"field_6238335007a05\",\"display_shapes\":\"0\",\"_display_shapes\":\"field_62e25403466d9\",\"shapes\":\"shape1\",\"_shapes\":\"field_62262422937e9\"},\"mode\":\"edit\"} \/-->\n\n<!-- wp:acf\/clinique-head {\"name\":\"acf\/clinique-head\",\"data\":{\"members\":[\"1705\"],\"_members\":\"field_622f5635c857c\",\"display_shapes\":\"0\",\"_display_shapes\":\"field_62e25019f6eb2\",\"shapes\":\"shape4\",\"_shapes\":\"field_622f5635c8595\"},\"mode\":\"edit\"} \/-->\n\n<!-- wp:acf\/members {\"name\":\"acf\/members\",\"data\":{\"format\":\"slider\",\"_format\":\"field_65aa873152dbb\",\"subtitle\":\"Zu Ihren Diensten\",\"_subtitle\":\"field_65aa873152dc2\",\"title\":\"Adent Zahnarztzentrum in Windisch\",\"_title\":\"field_65aa873152dc9\",\"description\":\"Ein professionelles und herzliches Team, das bereit ist, Sie zu empfangen.\",\"_description\":\"field_65aa873152dcf\",\"button_text\":\"\",\"_button_text\":\"field_65aa873152dd6\",\"button_link\":\"\",\"_button_link\":\"field_65aa873152ddc\"},\"mode\":\"edit\"} \/-->\n\n<!-- wp:block {\"ref\":2108} \/-->\n\n<!-- wp:acf\/cta {\"name\":\"acf\/cta\",\"data\":{\"anchor\":\"\",\"_anchor\":\"field_635bcb8d94cbf\",\"type\":\"without_image\",\"_type\":\"field_62149e2d12aaf\",\"subtitle\":\"\",\"_subtitle\":\"field_62149e038cf5c\",\"title\":\"Zahnnotfall? \",\"_title\":\"field_62149edd2d388\",\"text\":\"Rufen Sie unser Zentrum jetzt an f\u00fcr eine schnelle Behandlung.\",\"_text\":\"field_62149e038cf52\",\"button_text\":\"Rufen Sie uns an\",\"_button_text\":\"field_62149f062d389\",\"button_link\":{\"title\":\"\",\"url\":\"tel:+41 56 566 73 00\",\"target\":\"\"},\"_button_link\":\"field_62149f112d38a\",\"button_color\":\"primary\",\"_button_color\":\"field_622b41428312a\",\"link_is_blank\":\"0\",\"_link_is_blank\":\"field_62285a3437980\"},\"mode\":\"edit\"} \/-->","post_title":"Windisch","post_excerpt":"","post_status":"publish","comment_status":"closed","ping_status":"closed","post_password":"","post_name":"windisch","to_ping":"","pinged":"","post_modified":"2025-09-10 09:37:09","post_modified_gmt":"2025-09-10 07:37:09","post_content_filtered":"","post_parent":0,"guid":"https:\/\/adent.ch\/clinique\/windisch\/","menu_order":0,"post_type":"clinique","post_mime_type":"","comment_count":"0","filter":"raw"},{"ID":13525,"post_author":"14","post_date":"2024-05-03 15:24:30","post_date_gmt":"2024-05-03 13:24:30","post_content":"<!-- wp:acf\/two-column {\"name\":\"acf\/two-column\",\"data\":{\"anchor\":\"\",\"_anchor\":\"field_635bd17ffcee6\",\"title\":\"Ihr Adent-Zahnarzt im Zentrum Oerlikon\",\"_title\":\"field_622629438a3e9\",\"columns_0_column_type\":\"text\",\"_columns_0_column_type\":\"field_627221966b517\",\"columns_0_text\":\"Unser Zahnarztzentrum befindet sich im modernen, urbanen Teil von Oerlikon, Z\u00fcrich. Die Anwesenheit eines \\u003ca href=\\u0022https:\/\/adent.ch\/de\/team\/\\u0022\\u003ekompletten Teams\\u003c\/a\\u003e von Zahn\u00e4rzten, Dentalhygienikern und Fachgebieten erm\u00f6glicht es Ihnen, \\u003ca href=\\u0022https:\/\/adent.ch\/de\/behandlungen\/\\u0022\\u003ealle zahn\u00e4rztlichen\\u003c\/a\\u003e Behandlungen unter einem Dach zu erhalten. Unsere Teams sind geschult und ausgestattet, um Kinder vom fr\u00fchesten Alter an zu betreuen. Bei Adent erh\u00e4lt die ganze Familie eine Zahnpflege, die auf jeden Einzelnen zugeschnitten ist.\\r\\n\\r\\nIn der Tat ist Weiterbildung ein integraler Bestandteil der \\u003ca href=\\u0022https:\/\/adent.ch\/de\/gruppe\/\\u0022\\u003eAdent-Gruppe\\u003c\/a\\u003e. Unsere Zahn\u00e4rzte und Dentalhygienikerinnen sind immer auf dem neuesten Stand der Entwicklung.\\r\\n\\r\\nUnser Zentrum in Z\u00fcrich ist mit modernster Technologie ausgestattet. Jedes Zentrum ist mit digitaler Technologie ausgestattet. Unsere Teams nehmen regelm\u00e4\u00dfig an Fortbildungen teil und sind so auf dem neuesten Stand der Entwicklungen und ihrer Nutzung. Weitere Informationen \u00fcber die Technologien, die bei Adent zum Einsatz kommen, finden Sie auf unserer speziellen Seite.\",\"_columns_0_text\":\"field_6226294b8a3ea\",\"columns_0_link_type\":\"bouton\",\"_columns_0_link_type\":\"field_623833b107a07\",\"columns_0_button_text\":\"Technologien bei Adent\",\"_columns_0_button_text\":\"field_6227212165677\",\"columns_0_button_link\":{\"title\":\"Technologien\",\"url\":\"https:\/\/adent.ch\/de\/info\/die-technologien-der-adent-gruppe\/\",\"target\":\"\"},\"_columns_0_button_link\":\"field_6227212f65678\",\"columns_0_link_is_blank\":\"0\",\"_columns_0_link_is_blank\":\"field_6227213d65679\",\"columns_1_column_type\":\"text\",\"_columns_1_column_type\":\"field_627221966b517\",\"columns_1_text\":\"Unsere Dentalhygienikerinnen stehen Ihnen f\u00fcr \\u003ca href=\\u0022https:\/\/adent.ch\/de\/behandlung\/zahnsteinentfernung-und-zahnhygiene\/\\u0022\\u003eZahnreinigungen und Polituren\\u003c\/a\\u003e zur Verf\u00fcgung. Als Fachgebiete f\u00fcr Hygiene und Pr\u00e4vention behandeln sie auch die parodontale Lockerung. Sie betreuen \\u003ca href=\\u0022https:\/\/adent.ch\/de\/behandlung\/zahnbehandlung-fuer-kinder\/\\u0022\\u003eKinder vom fr\u00fchesten Alter an\\u003c\/a\\u003e. Bei Bedarf erhalten Sie eine professionelle Beratung zur Mundhygiene. Unsere Hygienikerinnen sind f\u00fcr die Anwendung der innovativen Technik \\u003ca href=\\u0022https:\/\/adent.ch\/de\/info\/zahnsteinentfernung-guided-biofilm-technology\/\\u0022\\u003eGBT\u00ae - Guided Biofilm Therapy\\u003c\/a\\u003e der Schweizer Firma EMS Dental zertifiziert. Sie f\u00fchren auch \\u003ca href=\\u0022https:\/\/adent.ch\/de\/behandlung\/zahnbleaching-und-aesthetisch-e-en-behandlungen\/\\u0022\\u003eprofessionelle Zahnaufhellungen\\u003c\/a\\u003e durch.\\r\\n\\r\\nWenn Sie unter akuten Schmerzen leiden, ein Zahn abgebrochen ist oder Sie auf einen Zahn gefallen sind, wenden Sie sich an uns. Wir reservieren Zeitfenster f\u00fcr \\u003ca href=\\u0022https:\/\/adent.ch\/de\/zahnaerztliche-notfaelle\/zurich\/\\u0022\\u003eNotf\u00e4lle\\u003c\/a\\u003e. Sie k\u00f6nnen auch unsere \\u003ca href=\\u0022https:\/\/adent.ch\/de\/kieferorthopadie-zurich\/\\u0022\\u003ekieferorthop\u00e4dische Praxis in Z\u00fcrich\\u003c\/a\\u003e aufsuchen.\\r\\n\\r\\nDas Adent Zahnarztzentrum in Z\u00fcrich ist mit den \u00f6ffentlichen Verkehrsmitteln leicht zu erreichen. Ein geb\u00fchrenpflichtiger Parkplatz befindet sich direkt unterhalb des Zentrums. Die ebenerdige Lage erm\u00f6glicht einen einfachen Zugang f\u00fcr Kinderwagen und Personen mit eingeschr\u00e4nkter Mobilit\u00e4t.\\r\\n\\r\\nWillkommen!\\r\\n\\r\\n\\u0026nbsp;\",\"_columns_1_text\":\"field_6226294b8a3ea\",\"columns_1_link_type\":\"none\",\"_columns_1_link_type\":\"field_623833b107a07\",\"columns\":2,\"_columns\":\"field_6238335007a05\"},\"mode\":\"edit\"} \/-->\n\n<!-- wp:acf\/clinique-head {\"name\":\"acf\/clinique-head\",\"data\":{\"members\":[\"9106\"],\"_members\":\"field_622f5635c857c\",\"display_shapes\":\"0\",\"_display_shapes\":\"field_62e25019f6eb2\",\"shapes\":\"shape4\",\"_shapes\":\"field_622f5635c8595\"},\"mode\":\"edit\"} \/-->\n\n<!-- wp:acf\/members {\"name\":\"acf\/members\",\"data\":{\"format\":\"slider\",\"_format\":\"field_65aa873152dbb\",\"subtitle\":\"Adent Zahnarztzentrum Z\u00fcrich Zentrum  \",\"_subtitle\":\"field_65aa873152dc2\",\"title\":\"Zu Ihren Diensten\",\"_title\":\"field_65aa873152dc9\",\"description\":\"Ein professionelles und freundliches Team, das bereit ist, Sie zu empfangen.\",\"_description\":\"field_65aa873152dcf\",\"button_text\":\"\",\"_button_text\":\"field_65aa873152dd6\",\"button_link\":\"\",\"_button_link\":\"field_65aa873152ddc\"},\"mode\":\"edit\"} \/-->\n\n<!-- wp:block {\"ref\":2108} \/-->\n\n<!-- wp:acf\/cta {\"name\":\"acf\/cta\",\"data\":{\"anchor\":\"\",\"_anchor\":\"field_635bcb8d94cbf\",\"type\":\"without_image\",\"_type\":\"field_62149e2d12aaf\",\"subtitle\":\"\",\"_subtitle\":\"field_62149e038cf5c\",\"title\":\"Zahnnotfall? \",\"_title\":\"field_62149edd2d388\",\"text\":\"Rufen Sie unser Zentrum jetzt an f\u00fcr eine schnelle Behandlung.\",\"_text\":\"field_62149e038cf52\",\"button_text\":\"Rufen Sie uns an\",\"_button_text\":\"field_62149f062d389\",\"button_link\":{\"title\":\"\",\"url\":\"tel:+41 44 441 74 20\",\"target\":\"\"},\"_button_link\":\"field_62149f112d38a\",\"button_color\":\"primary\",\"_button_color\":\"field_622b41428312a\",\"link_is_blank\":\"0\",\"_link_is_blank\":\"field_62285a3437980\"},\"mode\":\"edit\"} \/-->","post_title":"Oerlikon","post_excerpt":"","post_status":"publish","comment_status":"closed","ping_status":"closed","post_password":"","post_name":"zuerich","to_ping":"","pinged":"","post_modified":"2025-09-09 17:04:04","post_modified_gmt":"2025-09-09 15:04:04","post_content_filtered":"","post_parent":0,"guid":"https:\/\/adent.ch\/clinique\/zuerich\/","menu_order":0,"post_type":"clinique","post_mime_type":"","comment_count":"0","filter":"raw"},{"ID":4203,"post_author":"14","post_date":"2022-04-20 18:13:07","post_date_gmt":"2022-04-20 16:13:07","post_content":"<!-- wp:acf\/two-column {\"name\":\"acf\/two-column\",\"data\":{\"anchor\":\"\",\"_anchor\":\"field_635bd17ffcee6\",\"title\":\"Ihr Adent-Zahnarzt im Zentrum Rotkreuz\",\"_title\":\"field_622629438a3e9\",\"columns_0_column_type\":\"text\",\"_columns_0_column_type\":\"field_627221966b517\",\"columns_0_text\":\"Unser Zahnarztzentrum ist modern und hell. Mit modernster \\u003ca href=\\u0022https:\/\/adent.ch\/de\/info\/die-technologien-der-adent-gruppe\/\\u0022\\u003etechnologischer Ausstattung\\u003c\/a\\u003e, Produkten, die auf den neuesten Forschungsergebnissen basieren, und \\u003ca href=\\u0022https:\/\/adent.ch\/de\/team\/\\u0022\\u003eZahn\u00e4rzten\\u003c\/a\\u003e, die sich st\u00e4ndig weiterbilden, k\u00f6nnen wir Ihnen Zahnbehandlungen von h\u00f6chster Qualit\u00e4t anbieten.\\r\\n\\r\\nDank der Pr\u00e4senz unserer Zahn\u00e4rzte:innen und Dentalhygieniker:innen bieten wir unter einem Dach eine umfassende Palette an zahnmedizinischer Versorgung f\u00fcr Erwachsene und Kinder an. Bei Adent wird die ganze Familie betreut.\\r\\nVorgeschlagene Behandlungen :\\r\\n\\u003cul\\u003e\\r\\n \\t\\u003cli\\u003e\\u003ca href=\\u0022https:\/\/adent.ch\/de\/behandlung\/zahnsteinentfernung-und-zahnhygiene\/\\u0022\\u003eZahn\u00e4rztliche Prophylaxe\\u003c\/a\\u003e\\u003c\/li\\u003e\\r\\n \\t\\u003cli\\u003e\\u003ca href=\\u0022https:\/\/adent.ch\/de\/behandlung\/zahnbleaching-und-aesthetisch-e-en-behandlungen\/\\u0022\\u003eProfessionelles Zahnbleaching\\u003c\/a\\u003e (Philips Zoom!)\\u003c\/li\\u003e\\r\\n \\t\\u003cli\\u003e\\u003ca href=\\u0022https:\/\/adent.ch\/de\/behandlung\/zahnaerztliche-routineversorgung\/\\u0022\\u003e\u00dcbliche Zahnpflege\\u003c\/a\\u003e\\u003c\/li\\u003e\\r\\n \\t\\u003cli\\u003e\\u003ca href=\\u0022https:\/\/adent.ch\/de\/behandlung\/zahnbleaching-und-aesthetisch-e-en-behandlungen\/\\u0022\\u003e\u00c4sthetische Behandlungen\\u003c\/a\\u003e (z. B. Zahnverblendung)\\u003c\/li\\u003e\\r\\n \\t\\u003cli\\u003e\\u003ca href=\\u0022https:\/\/adent.ch\/de\/behandlung\/implantat-und-restauration\/\\u0022\\u003eZahnimplantat\\u003c\/a\\u003e\\u003c\/li\\u003e\\r\\n \\t\\u003cli\\u003e\\u003ca href=\\u0022https:\/\/adent.ch\/de\/behandlung\/kieferorthopaedie-fuer-kinder-und-erwachsene\/\\u0022\\u003eOrthodontische Behandlung\\u003c\/a\\u003e\\u003c\/li\\u003e\\r\\n \\t\\u003cli\\u003e\\u003ca href=\\u0022https:\/\/adent.ch\/de\/behandlung\/zahnbehandlung-fuer-kinder\/\\u0022\\u003eZahnbehandlungen f\u00fcr Kinder\\u003c\/a\\u003e\\u003c\/li\\u003e\\r\\n\\u003c\/ul\\u003e\",\"_columns_0_text\":\"field_6226294b8a3ea\",\"columns_0_link_type\":\"none\",\"_columns_0_link_type\":\"field_623833b107a07\",\"columns_1_column_type\":\"text\",\"_columns_1_column_type\":\"field_627221966b517\",\"columns_1_text\":\"\\u003ch4\\u003eAngst und Phobie vor dem Zahnarzt\\u003c\/h4\\u003e\\r\\nLeiden Sie unter Angst vor dem Zahnarztbesuch? Hat Ihr Kind Angst, uns zu besuchen, und ist eine Zahnbehandlung nicht m\u00f6glich? Wir haben eine L\u00f6sung. Wir behandeln die Angstzust\u00e4nde von Patienten mit \\u003ca href=\\u0022https:\/\/adent.ch\/de\/info\/die-zahnarztphobie\/\\u0022\\u003eLachgas\\u003c\/a\\u003e. Bei dieser Technik wird ein geruchloses Gemisch eingeatmet, das Sie in einen Zustand der bewussten Sedierung versetzt. Sie behalten die Kontrolle \u00fcber das, was um Sie herum geschieht, in einer entspannten Atmosph\u00e4re. Diese Technik der bewussten Sedierung wird sowohl bei Kindern als auch bei Erwachsenen angewendet.\\r\\n\\r\\nUnser hochmotiviertes Team, das an f\u00fchrenden Schulen ausgebildet wurde und mehrere Sprachen spricht, freut sich auf Ihren Besuch.\",\"_columns_1_text\":\"field_6226294b8a3ea\",\"columns_1_link_type\":\"none\",\"_columns_1_link_type\":\"field_623833b107a07\",\"columns\":2,\"_columns\":\"field_6238335007a05\",\"display_shapes\":\"0\",\"_display_shapes\":\"field_62e25403466d9\",\"shapes\":\"shape1\",\"_shapes\":\"field_62262422937e9\"},\"mode\":\"edit\"} \/-->\n\n<!-- wp:acf\/members {\"name\":\"acf\/members\",\"data\":{\"format\":\"slider\",\"_format\":\"field_65aa873152dbb\",\"subtitle\":\"Zu Ihren Diensten\",\"_subtitle\":\"field_65aa873152dc2\",\"title\":\"Adent Zahnarztzentrum in Rotkreuz\",\"_title\":\"field_65aa873152dc9\",\"description\":\"Ein professionelles und herzliches Team, das bereit ist, Sie zu empfangen.\",\"_description\":\"field_65aa873152dcf\",\"button_text\":\"\",\"_button_text\":\"field_65aa873152dd6\",\"button_link\":\"\",\"_button_link\":\"field_65aa873152ddc\"},\"mode\":\"edit\"} \/-->\n\n<!-- wp:block {\"ref\":2108} \/-->\n\n<!-- wp:acf\/cta {\"name\":\"acf\/cta\",\"data\":{\"anchor\":\"\",\"_anchor\":\"field_635bcb8d94cbf\",\"type\":\"without_image\",\"_type\":\"field_62149e2d12aaf\",\"subtitle\":\"\",\"_subtitle\":\"field_62149e038cf5c\",\"title\":\"Zahnnotfall? \",\"_title\":\"field_62149edd2d388\",\"text\":\"Rufen Sie unser Zentrum jetzt an f\u00fcr eine schnelle Behandlung.\",\"_text\":\"field_62149e038cf52\",\"button_text\":\"Rufen Sie uns an\",\"_button_text\":\"field_62149f062d389\",\"button_link\":{\"title\":\"\",\"url\":\"tel:+41 41 566 76 10\",\"target\":\"\"},\"_button_link\":\"field_62149f112d38a\",\"button_color\":\"primary\",\"_button_color\":\"field_622b41428312a\",\"link_is_blank\":\"0\",\"_link_is_blank\":\"field_62285a3437980\"},\"mode\":\"edit\"} \/-->","post_title":"Rotkreuz","post_excerpt":"","post_status":"publish","comment_status":"closed","ping_status":"closed","post_password":"","post_name":"rotkreuz","to_ping":"","pinged":"","post_modified":"2026-04-01 08:53:46","post_modified_gmt":"2026-04-01 06:53:46","post_content_filtered":"","post_parent":0,"guid":"https:\/\/adent.ch\/clinique\/rotkreuz\/","menu_order":0,"post_type":"clinique","post_mime_type":"","comment_count":"0","filter":"raw"}],"soins":[{"ID":4140,"post_author":"14","post_date":"2022-01-03 13:50:41","post_date_gmt":"2022-01-03 12:50:41","post_content":"<!-- wp:acf\/two-column {\"name\":\"acf\/two-column\",\"data\":{\"anchor\":\"\",\"_anchor\":\"field_635bd17ffcee6\",\"title\":\"Das Beste fu\u0308r kleine La\u0308cheln.\",\"_title\":\"field_622629438a3e9\",\"columns_0_column_type\":\"text\",\"_columns_0_column_type\":\"field_627221966b517\",\"columns_0_text\":\"Unsere Kinderzahn\u00e4rzte sind in einem kindgerechten psychologischen und p\u00e4dagogischen Ansatz geschult. Ihre Aufgabe ist es, zu beruhigen und mit einem altersgerechten Vokabular zu sprechen, um ein Klima des Vertrauens zu schaffen.\\r\\n\\r\\nWir f\u00fchren alle Arten von Zahnbehandlungen bei Kindern durch.\\r\\n\\u003cul\\u003e\\r\\n \\t\\u003cli\\u003eKariesbehandlung\\u003c\/li\\u003e\\r\\n \\t\\u003cli\\u003eabgebrochener Zahn\\u003c\/li\\u003e\\r\\n \\t\\u003cli\\u003e\\u003ca href=\\u0022https:\/\/adent.ch\/de\/behandlung\/zahnsteinentfernung-und-zahnhygiene\/\\u0022\\u003eZahnreinigung\\u003c\/a\\u003e\\u003c\/li\\u003e\\r\\n \\t\\u003cli\\u003eTipps zum B\u00fcrsten\\u003c\/li\\u003e\\r\\n \\t\\u003cli\\u003e\\u003ca href=\\u0022https:\/\/adent.ch\/de\/behandlung\/kieferorthopaedie-fuer-kinder-und-erwachsene\/\\u0022\\u003eKieferorthop\u00e4de\\u003c\/a\\u003e\\u003c\/li\\u003e\\r\\n\\u003c\/ul\\u003e\",\"_columns_0_text\":\"field_6226294b8a3ea\",\"columns_0_link_type\":\"bouton\",\"_columns_0_link_type\":\"field_623833b107a07\",\"columns_0_button_text\":\"Termin vereinbaren\",\"_columns_0_button_text\":\"field_6227212165677\",\"columns_0_button_link\":{\"title\":\"Termin Vereinbaren\",\"url\":\"https:\/\/adent.ch\/de\/termin-vereinbaren\/\",\"target\":\"\"},\"_columns_0_button_link\":\"field_6227212f65678\",\"columns_0_link_is_blank\":\"0\",\"_columns_0_link_is_blank\":\"field_6227213d65679\",\"columns_1_column_type\":\"image_video\",\"_columns_1_column_type\":\"field_627221966b517\",\"columns_1_image_video_type\":\"image\",\"_columns_1_image_video_type\":\"field_627222596b51c\",\"columns_1_image\":16375,\"_columns_1_image\":\"field_627222856b51d\",\"columns\":2,\"_columns\":\"field_6238335007a05\"},\"mode\":\"edit\"} \/-->\n\n<!-- wp:acf\/two-column {\"name\":\"acf\/two-column\",\"data\":{\"anchor\":\"\",\"_anchor\":\"field_635bd17ffcee6\",\"title\":\"Kieferorthop\u00e4dische Behandlungen\",\"_title\":\"field_622629438a3e9\",\"columns_0_column_type\":\"text\",\"_columns_0_column_type\":\"field_627221966b517\",\"columns_0_text\":\"Unsere Zahn\u00e4rzte, die sich auf Kieferorthop\u00e4die spezialisiert haben, bieten kieferorthop\u00e4dische Behandlung f\u00fcr Kinder an. Eine kieferorthop\u00e4dische Behandlung kann in jedem Alter begonnen werden, aber die meisten Eltern w\u00fcnschen sich f\u00fcr ihre Kinder eine fr\u00fchzeitige Behandlung. Je nach Art der erforderlichen Behandlung kann eine erste Phase des Abfangens von Kieferorthop\u00e4den bereits ab dem 4. Lebensjahr stattfinden. In den Adent Zahnarztzentren werden verschiedene kieferorthop\u00e4dische Behandlungen angeboten, die sich an die jeweilige Mundsituation anpassen. Weitere Informationen finden Sie \\u003ca href=\\u0022https:\/\/adent.ch\/de\/behandlung\/kieferorthopaedie-fuer-kinder-und-erwachsene\/\\u0022\\u003eauf unserer Seite \u00fcber Kieferorthop\u00e4de f\u00fcr Kinder\\u003c\/a\\u003e!\\r\\n\\r\\nZus\u00e4tzlich zu diesen zahn\u00e4rztlichen Behandlungen erkl\u00e4ren unsere diplomierten Dentalhygienikerinnen mit p\u00e4dagogischen Methoden, wie Z\u00e4hne und Zahnfleisch gesund erhalten werden k\u00f6nnen. Unsere Fachgebiete f\u00fcr zahn\u00e4rztliche Pr\u00e4vention helfen ihnen, die richtigen Verhaltensweisen zu erlernen, sobald sie die ersten Z\u00e4hne bekommen.\\r\\n\\r\\nHaben Sie Fragen zur Zahnhygiene bei Babys oder Jugendlichen? \\u003ca href=\\u0022https:\/\/adent.ch\/de\/behandlung\/zahnsteinentfernung-und-zahnhygiene\/\\u0022\\u003eBesuchen Sie unsere Seite zu diesen Themen\\u003c\/a\\u003e!\",\"_columns_0_text\":\"field_6226294b8a3ea\",\"columns_0_link_type\":\"bouton\",\"_columns_0_link_type\":\"field_623833b107a07\",\"columns_0_button_text\":\"Termin vereinbaren\",\"_columns_0_button_text\":\"field_6227212165677\",\"columns_0_button_link\":{\"title\":\"Termin Vereinbaren\",\"url\":\"https:\/\/adent.ch\/de\/termin-vereinbaren\/\",\"target\":\"\"},\"_columns_0_button_link\":\"field_6227212f65678\",\"columns_0_link_is_blank\":\"0\",\"_columns_0_link_is_blank\":\"field_6227213d65679\",\"columns_1_column_type\":\"text\",\"_columns_1_column_type\":\"field_627221966b517\",\"columns_1_text\":\"Jeder Zahn muss t\u00e4glich gereinigt werden, egal wie klein er ist. Nach der Nahrungsaufnahme bildet sich ein Biofilm auf der Oberfl\u00e4che des Zahnschmelzes. Dieser Biofilm entwickelt sich weiter, wenn er nicht regelm\u00e4\u00dfig gereinigt wird. Dies f\u00fchrt zu wei\u00dfen, weichen Ablagerungen auf der Oberfl\u00e4che der Z\u00e4hne, die als Plaque bezeichnet werden. Zahnbelag besteht unter anderem aus Bakterien. Bakterien k\u00f6nnen Karies verursachen, wenn die Reinigung nicht regelm\u00e4ssig erfolgt. Plaque kann sich auch zu Zahnstein entwickeln, einem harten, wei\u00dfen Belag, der mit der Zahnb\u00fcrste nicht entfernt werden kann.\\r\\n\\r\\nAuch wenn dies selten vorkommt, kann sich ein Schaden an einem Milchzahn auf einen Erwachsenenzahn auswirken. Die Keime der erwachsenen Z\u00e4hne, die sich unter dem Zahnfleisch bilden, sind empfindlich. Sie k\u00f6nnen besch\u00e4digt werden, wenn ein Milchzahn infiziert wird.\\r\\n\\r\\nHeutzutage gibt es eine breite Palette von Hilfsmitteln f\u00fcr die Zahnreinigung bei Kindern. Sie k\u00f6nnen leicht elektrische Zahnb\u00fcrsten, Zahnseide in Tierform, bunte Kinderzahnb\u00fcrsten usw. erwerben. Diese Hilfsmittel helfen Ihnen dabei, die Mundhygiene Ihres Kindes zu verbessern. Lassen Sie sich von \\u003ca href=\\u0022https:\/\/adent.ch\/de\/team\/?care_id=4134\\u0022\\u003eunseren Dentalhygienikerinnen\\u003c\/a\\u003e beraten.\",\"_columns_1_text\":\"field_6226294b8a3ea\",\"columns_1_link_type\":\"bouton\",\"_columns_1_link_type\":\"field_623833b107a07\",\"columns_1_button_text\":\"Zahnreinigung und Zahnhygiene\",\"_columns_1_button_text\":\"field_6227212165677\",\"columns_1_button_link\":{\"title\":\"Zahnreinigung und Zahnhygiene\",\"url\":\"https:\/\/adent.ch\/de\/behandlung\/zahnsteinentfernung-und-zahnhygiene\/\",\"target\":\"\"},\"_columns_1_button_link\":\"field_6227212f65678\",\"columns_1_link_is_blank\":\"0\",\"_columns_1_link_is_blank\":\"field_6227213d65679\",\"columns\":2,\"_columns\":\"field_6238335007a05\"},\"mode\":\"edit\"} \/-->\n\n<!-- wp:acf\/two-column {\"name\":\"acf\/two-column\",\"data\":{\"anchor\":\"Zahnarztangst\",\"_anchor\":\"field_635bd17ffcee6\",\"title\":\"Mein Kind hat Angst vor dem Zahnarzt, was kann ich tun?\",\"_title\":\"field_622629438a3e9\",\"columns_0_column_type\":\"text\",\"_columns_0_column_type\":\"field_627221966b517\",\"columns_0_text\":\"F\u00fcr Kinder mit Phobie oder Angst vor dem Zahnarzt haben wir L\u00f6sungen! Unsere Zahn\u00e4rzte bieten Lachgas- und Hypnosebehandlungen an, die auch bei Kindern einfach und sicher durchzuf\u00fchren sind. Weitere Informationen finden Sie hier.\",\"_columns_0_text\":\"field_6226294b8a3ea\",\"columns_0_link_type\":\"none\",\"_columns_0_link_type\":\"field_623833b107a07\",\"columns\":1,\"_columns\":\"field_6238335007a05\"},\"mode\":\"edit\"} \/-->\n\n<!-- wp:acf\/highlight-image {\"name\":\"acf\/highlight-image\",\"data\":{\"title\":\"Wie kann ich Zahnprobleme bei meinem Kind vermeiden?\",\"_title\":\"field_623c21dda6278\",\"blocs_0_image\":16307,\"_blocs_0_image\":\"field_623c222ba627a\",\"blocs_0_title\":\"Geben Sie gute Gewohnheiten weiter!\",\"_blocs_0_title\":\"field_623c22c4a627b\",\"blocs_0_description\":\"Das Z\u00e4hneputzen wird 3x\/Tag empfohlen: Putzen Sie die Z\u00e4hne nach jeder Mahlzeit und vermeiden Sie bei Ihren Kindern das st\u00e4ndige Naschen von S\u00fcssigkeiten, da dies Karies und Schmerzen verursachen kann.\",\"_blocs_0_description\":\"field_623c22cba627c\",\"blocs_0_button_type\":\"none\",\"_blocs_0_button_type\":\"field_623c34377e92d\",\"blocs_1_image\":16347,\"_blocs_1_image\":\"field_623c222ba627a\",\"blocs_1_title\":\"B\u00fcrsten ab den ersten Z\u00e4hnen.\",\"_blocs_1_title\":\"field_623c22c4a627b\",\"blocs_1_description\":\"Dies kann eine schwierige Aufgabe sein, aber alle Z\u00e4hne, auch wenn sie noch so klein sind, m\u00fcssen t\u00e4glich gereinigt werden. Tragen Sie ab dem ersten Zahn bis zum Alter von ca. 3 Jahren Zahnpasta in der Gr\u00f6sse eines Reiskorns auf, danach in der Gr\u00f6sse einer Erbse.\",\"_blocs_1_description\":\"field_623c22cba627c\",\"blocs_1_button_type\":\"none\",\"_blocs_1_button_type\":\"field_623c34377e92d\",\"blocs_2_image\":16350,\"_blocs_2_image\":\"field_623c222ba627a\",\"blocs_2_title\":\"S\u00fcssigkeiten ja, mit Sympadent\u00ae!\",\"_blocs_2_title\":\"field_623c22c4a627b\",\"blocs_2_description\":\"Bevorzugen Sie \\u003ca href=\\u0022https:\/\/zahnfreundlich.ch\/lassociation-sympadent-sengage-pour-des-dents-denfant-saines\/?lang=fr\\u0022 target=\\u0022_blank\\u0022 rel=\\u0022noopener\\u0022\\u003eSympadent\u00ae Bonbons\\u003c\/a\\u003e: Sie wurden getestet und f\u00fcr gut befunden. Diese S\u00fcssigkeiten schonen die Z\u00e4hne von Kindern und Erwachsenen. Sie k\u00f6nnen es in verschiedenen Gesch\u00e4ften in der Schweiz kaufen. Achten Sie auf das Zahnlogo unter dem Regenschirm.\",\"_blocs_2_description\":\"field_623c22cba627c\",\"blocs_2_button_type\":\"none\",\"_blocs_2_button_type\":\"field_623c34377e92d\",\"blocs_3_image\":16562,\"_blocs_3_image\":\"field_623c222ba627a\",\"blocs_3_title\":\"Alles miteinander teilen? Ja, aber...\",\"_blocs_3_title\":\"field_623c22c4a627b\",\"blocs_3_description\":\"Vermeiden Sie es, den L\u00f6ffel oder andere Gegenst\u00e4nde in den Mund zu nehmen, bevor Sie sie Ihrem Baby geben: Karies verursachende Bakterien werden \u00fcbertragen.\",\"_blocs_3_description\":\"field_623c22cba627c\",\"blocs_3_button_type\":\"none\",\"_blocs_3_button_type\":\"field_623c34377e92d\",\"blocs_4_image\":16311,\"_blocs_4_image\":\"field_623c222ba627a\",\"blocs_4_title\":\"Eine zus\u00e4tzliche Hilfe f\u00fcr eine optimale Reinigung.\",\"_blocs_4_title\":\"field_623c22c4a627b\",\"blocs_4_description\":\"Elektrische Zahnb\u00fcrsten sind eine gute Hilfe f\u00fcr Ihr Kind. Dies erleichtert das B\u00fcrsten und ermutigt sie. Unsere Dentalhygienikerinnen beraten Sie gerne.\",\"_blocs_4_description\":\"field_623c22cba627c\",\"blocs_4_button_type\":\"none\",\"_blocs_4_button_type\":\"field_623c34377e92d\",\"blocs_5_image\":16353,\"_blocs_5_image\":\"field_623c222ba627a\",\"blocs_5_title\":\"Eine fluoridierte Zahnpasta, die f\u00fcr sein Alter geeignet ist.\",\"_blocs_5_title\":\"field_623c22c4a627b\",\"blocs_5_description\":\"Fluor sch\u00fctzt die Z\u00e4hne vor Karies. Sie finden leicht Zahnpasta f\u00fcr Kinder unter 6 Jahren, f\u00fcr Kinder von 6 bis 12 Jahren und f\u00fcr Erwachsene. Wechseln Sie den Geschmack der Zahnpasta regelm\u00e4ssig: Kinder m\u00f6gen Abwechslung.\",\"_blocs_5_description\":\"field_623c22cba627c\",\"blocs_5_button_type\":\"none\",\"_blocs_5_button_type\":\"field_623c34377e92d\",\"blocs\":6,\"_blocs\":\"field_623c21f0a6279\"},\"mode\":\"edit\"} \/-->\n\n<!-- wp:acf\/cta {\"name\":\"acf\/cta\",\"data\":{\"anchor\":\"\",\"_anchor\":\"field_635bcb8d94cbf\",\"type\":\"without_image\",\"_type\":\"field_62149e2d12aaf\",\"subtitle\":\"Zahnpflege f\u00fcr Kinder\",\"_subtitle\":\"field_62149e038cf5c\",\"title\":\"Haben Sie Fragen?\",\"_title\":\"field_62149edd2d388\",\"text\":\"Kontaktieren Sie unsere Zahn\u00e4rzte, die auf die Behandlung von Kindern spezialisiert sind.\",\"_text\":\"field_62149e038cf52\",\"button_text\":\"Einen spezialisierten Zahnarzt finden\",\"_button_text\":\"field_62149f062d389\",\"button_link\":{\"title\":\"Team\",\"url\":\"https:\/\/adent.ch\/de\/team\/?care_id=4140\",\"target\":\"\"},\"_button_link\":\"field_62149f112d38a\",\"button_color\":\"primary\",\"_button_color\":\"field_622b41428312a\",\"link_is_blank\":\"0\",\"_link_is_blank\":\"field_62285a3437980\"},\"mode\":\"edit\"} \/-->","post_title":"Zahnpflege f\u00fcr Kinder","post_excerpt":"","post_status":"publish","comment_status":"closed","ping_status":"closed","post_password":"","post_name":"zahnbehandlung-fuer-kinder","to_ping":"","pinged":"","post_modified":"2026-01-19 15:07:44","post_modified_gmt":"2026-01-19 14:07:44","post_content_filtered":"","post_parent":0,"guid":"https:\/\/adent.ch\/soin\/soins-dentaires-pour-les-enfants\/","menu_order":0,"post_type":"soin","post_mime_type":"","comment_count":"0","filter":"raw"}],"job":"Zahn\u00e4rztin","short_description":"<p>Zahn\u00e4rztin, der sich auf Kinderzahnpflege spezialisiert hat und Kinder betreut.<\/p>\n"},"yoast_head":"<!-- This site is optimized with the Yoast SEO plugin v27.3 - https:\/\/yoast.com\/product\/yoast-seo-wordpress\/ -->\n<title>Silvia PER | Adent Zahnarztzentrum<\/title>\n<meta name=\"description\" content=\"Silvia Per ist Kinderzahn\u00e4rztin mit Praxen in St. Gallen, Windisch Rotkreuz und Z\u00fcrich. Sie spricht Deutsch, Englisch, Spanisch und Rum\u00e4nisch.\" \/>\n<meta name=\"robots\" content=\"index, follow, max-snippet:-1, max-image-preview:large, max-video-preview:-1\" \/>\n<link rel=\"canonical\" href=\"https:\/\/adent.ch\/de\/zahnarzt\/silvia-per\/\" \/>\n<meta property=\"og:locale\" content=\"de_DE\" \/>\n<meta property=\"og:type\" content=\"article\" \/>\n<meta property=\"og:title\" content=\"Silvia PER | Adent Zahnarztzentrum\" \/>\n<meta property=\"og:description\" content=\"Silvia Per ist Kinderzahn\u00e4rztin mit Praxen in St. Gallen, Windisch Rotkreuz und Z\u00fcrich. Sie spricht Deutsch, Englisch, Spanisch und Rum\u00e4nisch.\" \/>\n<meta property=\"og:url\" content=\"https:\/\/adent.ch\/de\/zahnarzt\/silvia-per\/\" \/>\n<meta property=\"og:site_name\" content=\"Adent Zahnarztzentrum\" \/>\n<meta property=\"article:publisher\" content=\"https:\/\/www.facebook.com\/adentcliniquesdentaires\/\" \/>\n<meta property=\"article:modified_time\" content=\"2024-12-03T06:53:00+00:00\" \/>\n<meta property=\"og:image\" content=\"https:\/\/adent.ch\/wp-content\/uploads\/2024\/04\/adent-aubonne-mai-2022-igor-laski-web-hd-srvb-48.jpg\" \/>\n\t<meta property=\"og:image:width\" content=\"1619\" \/>\n\t<meta property=\"og:image:height\" content=\"1080\" \/>\n\t<meta property=\"og:image:type\" content=\"image\/jpeg\" \/>\n<meta name=\"twitter:card\" content=\"summary_large_image\" \/>\n<script type=\"application\/ld+json\" class=\"yoast-schema-graph\">{\"@context\":\"https:\\\/\\\/schema.org\",\"@graph\":[{\"@type\":\"WebPage\",\"@id\":\"https:\\\/\\\/adent.ch\\\/de\\\/zahnarzt\\\/silvia-per\\\/\",\"url\":\"https:\\\/\\\/adent.ch\\\/de\\\/zahnarzt\\\/silvia-per\\\/\",\"name\":\"Silvia PER | Adent Zahnarztzentrum\",\"isPartOf\":{\"@id\":\"https:\\\/\\\/adent.ch\\\/de\\\/#website\"},\"datePublished\":\"2024-07-10T08:16:42+00:00\",\"dateModified\":\"2024-12-03T06:53:00+00:00\",\"description\":\"Silvia Per ist Kinderzahn\u00e4rztin mit Praxen in St. Gallen, Windisch Rotkreuz und Z\u00fcrich. Sie spricht Deutsch, Englisch, Spanisch und Rum\u00e4nisch.\",\"breadcrumb\":{\"@id\":\"https:\\\/\\\/adent.ch\\\/de\\\/zahnarzt\\\/silvia-per\\\/#breadcrumb\"},\"inLanguage\":\"de-CH\",\"potentialAction\":[{\"@type\":\"ReadAction\",\"target\":[\"https:\\\/\\\/adent.ch\\\/de\\\/zahnarzt\\\/silvia-per\\\/\"]}]},{\"@type\":\"BreadcrumbList\",\"@id\":\"https:\\\/\\\/adent.ch\\\/de\\\/zahnarzt\\\/silvia-per\\\/#breadcrumb\",\"itemListElement\":[{\"@type\":\"ListItem\",\"position\":1,\"name\":\"Team\",\"item\":\"https:\\\/\\\/adent.ch\\\/de\\\/team\\\/\"},{\"@type\":\"ListItem\",\"position\":2,\"name\":\"Silvia PER\"}]},{\"@type\":\"WebSite\",\"@id\":\"https:\\\/\\\/adent.ch\\\/de\\\/#website\",\"url\":\"https:\\\/\\\/adent.ch\\\/de\\\/\",\"name\":\"Adent Zahnarztzentrum\",\"description\":\"\",\"publisher\":{\"@id\":\"https:\\\/\\\/adent.ch\\\/de\\\/#organization\"},\"potentialAction\":[{\"@type\":\"SearchAction\",\"target\":{\"@type\":\"EntryPoint\",\"urlTemplate\":\"https:\\\/\\\/adent.ch\\\/de\\\/?s={search_term_string}\"},\"query-input\":{\"@type\":\"PropertyValueSpecification\",\"valueRequired\":true,\"valueName\":\"search_term_string\"}}],\"inLanguage\":\"de-CH\"},{\"@type\":\"Organization\",\"@id\":\"https:\\\/\\\/adent.ch\\\/de\\\/#organization\",\"name\":\"Adent Cliniques Dentaires\",\"url\":\"https:\\\/\\\/adent.ch\\\/de\\\/\",\"logo\":{\"@type\":\"ImageObject\",\"inLanguage\":\"de-CH\",\"@id\":\"https:\\\/\\\/adent.ch\\\/de\\\/#\\\/schema\\\/logo\\\/image\\\/\",\"url\":\"https:\\\/\\\/adent.ch\\\/wp-content\\\/uploads\\\/2022\\\/09\\\/adent-habefast-logo-2018-fr-05032019-rvb-scaled.jpg\",\"contentUrl\":\"https:\\\/\\\/adent.ch\\\/wp-content\\\/uploads\\\/2022\\\/09\\\/adent-habefast-logo-2018-fr-05032019-rvb-scaled.jpg\",\"width\":2880,\"height\":750,\"caption\":\"Adent Cliniques Dentaires\"},\"image\":{\"@id\":\"https:\\\/\\\/adent.ch\\\/de\\\/#\\\/schema\\\/logo\\\/image\\\/\"},\"sameAs\":[\"https:\\\/\\\/www.facebook.com\\\/adentcliniquesdentaires\\\/\",\"https:\\\/\\\/www.instagram.com\\\/adent.ch\\\/\",\"https:\\\/\\\/www.youtube.com\\\/channel\\\/UCPd5UjY-ipuq3MhW6m0W-wg\",\"https:\\\/\\\/www.linkedin.com\\\/company\\\/adent-cliniques-dentaires\\\/?originalSubdomain=ch\"]}]}<\/script>\n<!-- \/ Yoast SEO plugin. -->","yoast_head_json":{"title":"Silvia PER | Adent Zahnarztzentrum","description":"Silvia Per ist Kinderzahn\u00e4rztin mit Praxen in St. Gallen, Windisch Rotkreuz und Z\u00fcrich. Sie spricht Deutsch, Englisch, Spanisch und Rum\u00e4nisch.","robots":{"index":"index","follow":"follow","max-snippet":"max-snippet:-1","max-image-preview":"max-image-preview:large","max-video-preview":"max-video-preview:-1"},"canonical":"https:\/\/adent.ch\/de\/zahnarzt\/silvia-per\/","og_locale":"de_DE","og_type":"article","og_title":"Silvia PER | Adent Zahnarztzentrum","og_description":"Silvia Per ist Kinderzahn\u00e4rztin mit Praxen in St. Gallen, Windisch Rotkreuz und Z\u00fcrich. Sie spricht Deutsch, Englisch, Spanisch und Rum\u00e4nisch.","og_url":"https:\/\/adent.ch\/de\/zahnarzt\/silvia-per\/","og_site_name":"Adent Zahnarztzentrum","article_publisher":"https:\/\/www.facebook.com\/adentcliniquesdentaires\/","article_modified_time":"2024-12-03T06:53:00+00:00","og_image":[{"width":1619,"height":1080,"url":"https:\/\/adent.ch\/wp-content\/uploads\/2024\/04\/adent-aubonne-mai-2022-igor-laski-web-hd-srvb-48.jpg","type":"image\/jpeg"}],"twitter_card":"summary_large_image","schema":{"@context":"https:\/\/schema.org","@graph":[{"@type":"WebPage","@id":"https:\/\/adent.ch\/de\/zahnarzt\/silvia-per\/","url":"https:\/\/adent.ch\/de\/zahnarzt\/silvia-per\/","name":"Silvia PER | Adent Zahnarztzentrum","isPartOf":{"@id":"https:\/\/adent.ch\/de\/#website"},"datePublished":"2024-07-10T08:16:42+00:00","dateModified":"2024-12-03T06:53:00+00:00","description":"Silvia Per ist Kinderzahn\u00e4rztin mit Praxen in St. Gallen, Windisch Rotkreuz und Z\u00fcrich. Sie spricht Deutsch, Englisch, Spanisch und Rum\u00e4nisch.","breadcrumb":{"@id":"https:\/\/adent.ch\/de\/zahnarzt\/silvia-per\/#breadcrumb"},"inLanguage":"de-CH","potentialAction":[{"@type":"ReadAction","target":["https:\/\/adent.ch\/de\/zahnarzt\/silvia-per\/"]}]},{"@type":"BreadcrumbList","@id":"https:\/\/adent.ch\/de\/zahnarzt\/silvia-per\/#breadcrumb","itemListElement":[{"@type":"ListItem","position":1,"name":"Team","item":"https:\/\/adent.ch\/de\/team\/"},{"@type":"ListItem","position":2,"name":"Silvia PER"}]},{"@type":"WebSite","@id":"https:\/\/adent.ch\/de\/#website","url":"https:\/\/adent.ch\/de\/","name":"Adent Zahnarztzentrum","description":"","publisher":{"@id":"https:\/\/adent.ch\/de\/#organization"},"potentialAction":[{"@type":"SearchAction","target":{"@type":"EntryPoint","urlTemplate":"https:\/\/adent.ch\/de\/?s={search_term_string}"},"query-input":{"@type":"PropertyValueSpecification","valueRequired":true,"valueName":"search_term_string"}}],"inLanguage":"de-CH"},{"@type":"Organization","@id":"https:\/\/adent.ch\/de\/#organization","name":"Adent Cliniques Dentaires","url":"https:\/\/adent.ch\/de\/","logo":{"@type":"ImageObject","inLanguage":"de-CH","@id":"https:\/\/adent.ch\/de\/#\/schema\/logo\/image\/","url":"https:\/\/adent.ch\/wp-content\/uploads\/2022\/09\/adent-habefast-logo-2018-fr-05032019-rvb-scaled.jpg","contentUrl":"https:\/\/adent.ch\/wp-content\/uploads\/2022\/09\/adent-habefast-logo-2018-fr-05032019-rvb-scaled.jpg","width":2880,"height":750,"caption":"Adent Cliniques Dentaires"},"image":{"@id":"https:\/\/adent.ch\/de\/#\/schema\/logo\/image\/"},"sameAs":["https:\/\/www.facebook.com\/adentcliniquesdentaires\/","https:\/\/www.instagram.com\/adent.ch\/","https:\/\/www.youtube.com\/channel\/UCPd5UjY-ipuq3MhW6m0W-wg","https:\/\/www.linkedin.com\/company\/adent-cliniques-dentaires\/?originalSubdomain=ch"]}]}},"_links":{"self":[{"href":"https:\/\/adent.ch\/de\/wp-json\/wp\/v2\/equipe\/14125","targetHints":{"allow":["GET"]}}],"collection":[{"href":"https:\/\/adent.ch\/de\/wp-json\/wp\/v2\/equipe"}],"about":[{"href":"https:\/\/adent.ch\/de\/wp-json\/wp\/v2\/types\/equipe"}],"wp:attachment":[{"href":"https:\/\/adent.ch\/de\/wp-json\/wp\/v2\/media?parent=14125"}],"wp:term":[{"taxonomy":"langue","embeddable":true,"href":"https:\/\/adent.ch\/de\/wp-json\/wp\/v2\/langue?post=14125"}],"curies":[{"name":"wp","href":"https:\/\/api.w.org\/{rel}","templated":true}]}}