{"id":15260,"date":"2025-04-09T13:05:29","date_gmt":"2025-04-09T11:05:29","guid":{"rendered":"https:\/\/adent.ch\/dentistes\/gorica-jovanovic\/"},"modified":"2025-04-09T13:05:31","modified_gmt":"2025-04-09T11:05:31","slug":"gorica-jovanovic","status":"publish","type":"equipe","link":"https:\/\/adent.ch\/de\/zahnarzt\/gorica-jovanovic\/","title":{"rendered":"Gorica JOVANOVIC"},"content":{"rendered":"<div class=\"two-column-block\" >\n\t<div class=\"container\">\n\t\t\t\t\t\t\t<div class=\"row justify-content-between\" data-sal=\"slide-up\" data-sal-delay=\"200\" data-sal-easing=\"ease-in-out\" data-sal-duration=\"300\">\n\t\t\t\t\t\t\t\t\t\t\t\t\t\t\t<div class=\"col-md-6\">\n\t\t\t\t\t\t\t<div class=\"text-lg\">\n\t\t\t\t\t\t\t\t<p class=\"\" data-start=\"206\" data-end=\"520\"><strong data-start=\"209\" data-end=\"246\">Zahnarztzentrum Adent in <a href=\"https:\/\/adent.ch\/de\/klinik\/aubonne\/\">Aubonne<\/a><\/strong> ist stolz darauf, <strong data-start=\"285\" data-end=\"316\">Dr. Gorica Jovanovic<\/strong>, eine <strong data-start=\"318\" data-end=\"347\">diplomierte<\/strong> und leidenschaftliche <strong data-start=\"318\" data-end=\"347\">Zahn\u00e4rztin<\/strong>, zu seinem Team z\u00e4hlen zu d\u00fcrfen. Dank ihrer strengen Ausbildung und ihres menschlichen Ansatzes kann sie ihren Patienten eine qualitativ hochwertige Behandlung in einer beruhigenden und modernen Umgebung bieten. <\/p>\n<p class=\"\" data-start=\"588\" data-end=\"1039\">Gorica Jovanovic begann ihre Laufbahn mit einem <strong data-start=\"634\" data-end=\"667\">Bachelor in Zahnmedizin<\/strong> an der Universit\u00e4t Genf, den sie 2019 abschloss. Sie setzte ihr Studium mit einem <strong data-start=\"735\" data-end=\"766\">Master in Zahnmedizin<\/strong> fort, ebenfalls in Genf, den sie 2021 abschloss. Im selben Jahr erhielt sie ihr <strong data-start=\"851\" data-end=\"877\">schweizerisches eidgen\u00f6ssisches Diplom<\/strong>, das ihr hohes Kompetenzniveau und ihre professionelle Strenge belegt. Diese solide akademische Ausbildung macht sie zu einer zuverl\u00e4ssigen und aufmerksamen Praktikerin.   <\/p>\n<p class=\"\" data-start=\"1041\" data-end=\"1100\">Gorica Jovanovic hat sich aus Leidenschaft f\u00fcr die <strong data-start=\"1138\" data-end=\"1159\">Zahnmedizin<\/strong> und das <strong data-start=\"1166\" data-end=\"1194\">Wohlbefinden der Patienten<\/strong> f\u00fcr diesen Beruf entschieden. Sie ist aufmerksam, sanft und professionell und legt grossen Wert darauf, ein Klima des Vertrauens zu schaffen und die Behandlungen auf die Bed\u00fcrfnisse jedes Einzelnen abzustimmen. Ihre pers\u00f6nliche Herangehensweise macht sie zu einer beliebten Zahn\u00e4rztin im Zentrum von Aubonne.  <\/p>\n<p class=\"\" data-start=\"1530\" data-end=\"1584\">Gorica Jovanovic spricht fliessend <strong data-start=\"1644\" data-end=\"1682\">Franz\u00f6sisch, Englisch und Serbisch<\/strong>, was es ihr erm\u00f6glicht, mit einem internationalen Patientenstamm zu kommunizieren. Diese Sprachkenntnisse verst\u00e4rken die N\u00e4he zu seinen Patienten und erleichtern die Gespr\u00e4che w\u00e4hrend der Sprechstunde. <\/p>\n\t\t\t\t\t\t\t<\/div>\n\t\t\t\t\t\t\t\t\t\t\t\t\t\t\t\t\t\t\t\t\t\t\t\t\t\t\t<\/div>\n\t\t\t\t\t\t\t\t\t\t\t\t\t\t\t\t\t\t\t\t<div class=\"col-md-6\">\n\t\t\t\t\t\t\t<div class=\"text-lg\">\n\t\t\t\t\t\t\t\t<h4>FACHGEBIETE<\/h4>\n<ul>\n<li style=\"list-style-type: none;\">\n<ul>\n<li><a href=\"https:\/\/adent.ch\/de\/behandlung\/zahnaerztliche-routineversorgung\/\">\u00dcbliche Zahnpflege<\/a><\/li>\n<li><a href=\"https:\/\/adent.ch\/de\/zahnaerztliche-notfaelle\/\">Zahn\u00e4rztliche Notf\u00e4lle<\/a><\/li>\n<\/ul>\n<\/li>\n<\/ul>\n<p>&nbsp;<\/p>\n\t\t\t\t\t\t\t<\/div>\n\t\t\t\t\t\t\t\t\t\t\t\t\t\t\t\t\t\t\t\t\t\t\t\t\t\t\t<\/div>\n\t\t\t\t\t\t\t\t\t\t\t\t<\/div>\n\t\t\t<\/div>\n<\/div>","protected":false},"template":"","langue":[101,103,147],"class_list":["post-15260","equipe","type-equipe","status-publish","hentry","langue-englisch","langue-franzoesisch","langue-serbisch"],"acf":{"image":{"ID":15258,"id":15258,"title":"Gorica Jovanovic_Aubonne","filename":"gorica-jovanovic_aubonne.png","filesize":2554865,"url":"https:\/\/adent.ch\/wp-content\/uploads\/2025\/04\/gorica-jovanovic_aubonne.png","link":"https:\/\/adent.ch\/de\/gorica-jovanovic_aubonne-2\/","alt":"","author":"14","description":"","caption":"","name":"gorica-jovanovic_aubonne-2","status":"inherit","uploaded_to":0,"date":"2025-04-09 11:02:22","modified":"2025-04-09 11:02:22","menu_order":0,"mime_type":"image\/png","type":"image","subtype":"png","icon":"https:\/\/adent.ch\/wp-includes\/images\/media\/default.png","width":1880,"height":1410,"sizes":{"thumbnail":"https:\/\/adent.ch\/wp-content\/uploads\/2025\/04\/gorica-jovanovic_aubonne-150x150.png","thumbnail-width":150,"thumbnail-height":150,"medium":"https:\/\/adent.ch\/wp-content\/uploads\/2025\/04\/gorica-jovanovic_aubonne-300x225.png","medium-width":300,"medium-height":225,"medium_large":"https:\/\/adent.ch\/wp-content\/uploads\/2025\/04\/gorica-jovanovic_aubonne-768x576.png","medium_large-width":768,"medium_large-height":576,"large":"https:\/\/adent.ch\/wp-content\/uploads\/2025\/04\/gorica-jovanovic_aubonne-1307x980.png","large-width":1307,"large-height":980,"1536x1536":"https:\/\/adent.ch\/wp-content\/uploads\/2025\/04\/gorica-jovanovic_aubonne-1536x1152.png","1536x1536-width":1536,"1536x1536-height":1152,"2048x2048":"https:\/\/adent.ch\/wp-content\/uploads\/2025\/04\/gorica-jovanovic_aubonne.png","2048x2048-width":1880,"2048x2048-height":1410,"gform-image-choice-sm":"https:\/\/adent.ch\/wp-content\/uploads\/2025\/04\/gorica-jovanovic_aubonne.png","gform-image-choice-sm-width":300,"gform-image-choice-sm-height":225,"gform-image-choice-md":"https:\/\/adent.ch\/wp-content\/uploads\/2025\/04\/gorica-jovanovic_aubonne.png","gform-image-choice-md-width":400,"gform-image-choice-md-height":300,"gform-image-choice-lg":"https:\/\/adent.ch\/wp-content\/uploads\/2025\/04\/gorica-jovanovic_aubonne.png","gform-image-choice-lg-width":600,"gform-image-choice-lg-height":450}},"first_name":"Gorica","last_name":"JOVANOVIC","cliniques":[{"ID":13567,"post_author":"14","post_date":"2024-05-06 18:54:00","post_date_gmt":"2024-05-06 16:54:00","post_content":"<!-- wp:acf\/two-column {\"name\":\"acf\/two-column\",\"data\":{\"anchor\":\"\",\"_anchor\":\"field_635bd17ffcee6\",\"title\":\"Ihr Zahnarzt im Adent Zahnarztzentrum Aubonne \",\"_title\":\"field_622629438a3e9\",\"columns_0_column_type\":\"text\",\"_columns_0_column_type\":\"field_627221966b517\",\"columns_0_text\":\"Mit \\u003ca href=\\u0022https:\/\/adent.ch\/de\/info\/die-technologien-der-adent-gruppe\/\\u0022\\u003emodernster Technik\\u003c\/a\\u003e und einem Team von Fachgebieten, die bei allen zahn\u00e4rztlichen Behandlungen zusammenarbeiten, bieten wir eine \\u003ca href=\\u0022https:\/\/adent.ch\/de\/behandlungen\/\\u0022\\u003eumfassende\\u003c\/a\\u003e Betreuung f\u00fcr Erwachsene und Kinder.\\r\\n\\r\\nDie entspannte und freundliche Atmosph\u00e4re im Zentrum\u00a0erm\u00f6glicht es \\u003ca href=\\u0022https:\/\/adent.ch\/de\/team\/\\u0022\\u003eunseren Zahn\u00e4rzten und Dentalhygienikerinnen\\u003c\/a\\u003e, Ihnen eine ungest\u00f6rte Zahnpflege zu bieten. Unsere zahn\u00e4rztliche Versorgung gilt f\u00fcr die ganze Familie.\\r\\n\\r\\nDas Zentrum in Aubonne liegt im Herzen des Kantons Waadt und ist mit dem Auto leicht zu erreichen. Kostenlose Parkpl\u00e4tze sind f\u00fcr Sie reserviert. Die \u00d6ffentlichen Verkehrsmittel bringen Sie ebenfalls in die N\u00e4he unseres Zentrums.\",\"_columns_0_text\":\"field_6226294b8a3ea\",\"columns_0_link_type\":\"none\",\"_columns_0_link_type\":\"field_623833b107a07\",\"columns_1_column_type\":\"text\",\"_columns_1_column_type\":\"field_627221966b517\",\"columns_1_text\":\"Unsere Zahn\u00e4rzte und Dentalhygienikerinnen haben ein offenes Ohr f\u00fcr Ihre Bed\u00fcrfnisse und stellen sich auf jede Situation ein. Durch den Einsatz moderner und vielf\u00e4ltiger Techniken bieten wir Ihnen massgeschneiderte L\u00f6sungen, die Ihren W\u00fcnschen und Bed\u00fcrfnissen entsprechen.\\r\\n\\r\\nLeiden Sie unter akuten Zahnschmerzen?\\r\\n\\r\\nF\u00fcr neue und laufende Patienten haben wir spezielle Zeiten f\u00fcr zahn\u00e4rztliche Notf\u00e4lle reserviert.\\r\\n\\r\\n\\u0026nbsp;\",\"_columns_1_text\":\"field_6226294b8a3ea\",\"columns_1_link_type\":\"none\",\"_columns_1_link_type\":\"field_623833b107a07\",\"columns\":2,\"_columns\":\"field_6238335007a05\",\"display_shapes\":\"0\",\"_display_shapes\":\"field_62e25403466d9\",\"shapes\":\"shape1\",\"_shapes\":\"field_62262422937e9\"},\"mode\":\"edit\"} \/-->\n\n<!-- wp:acf\/members {\"name\":\"acf\/members\",\"data\":{\"format\":\"slider\",\"_format\":\"field_65aa873152dbb\",\"subtitle\":\"Zu Ihren Diensten\",\"_subtitle\":\"field_65aa873152dc2\",\"title\":\"Zahnarztzentrum Adent d'Aubonne Zentrum\",\"_title\":\"field_65aa873152dc9\",\"description\":\"Ein professionelles und freundliches Team, das bereit ist, Sie zu empfangen.\",\"_description\":\"field_65aa873152dcf\",\"button_text\":\"\",\"_button_text\":\"field_65aa873152dd6\",\"button_link\":\"\",\"_button_link\":\"field_65aa873152ddc\"},\"mode\":\"edit\"} \/-->\n\n<!-- wp:block {\"ref\":2108} \/-->\n\n<!-- wp:acf\/cta {\"name\":\"acf\/cta\",\"data\":{\"anchor\":\"\",\"_anchor\":\"field_635bcb8d94cbf\",\"type\":\"without_image\",\"_type\":\"field_62149e2d12aaf\",\"subtitle\":\"\",\"_subtitle\":\"field_62149e038cf5c\",\"title\":\"Zahnnotfall? \",\"_title\":\"field_62149edd2d388\",\"text\":\"Rufen Sie unser Zentrum jetzt an f\u00fcr eine schnelle Behandlung.\",\"_text\":\"field_62149e038cf52\",\"button_text\":\"Rufen Sie uns an\",\"_button_text\":\"field_62149f062d389\",\"button_link\":{\"title\":\"\",\"url\":\"tel:+41 21 807 44 44\",\"target\":\"\"},\"_button_link\":\"field_62149f112d38a\",\"button_color\":\"primary\",\"_button_color\":\"field_622b41428312a\",\"link_is_blank\":\"0\",\"_link_is_blank\":\"field_62285a3437980\"},\"mode\":\"edit\"} \/-->","post_title":"Aubonne","post_excerpt":"","post_status":"publish","comment_status":"closed","ping_status":"closed","post_password":"","post_name":"aubonne","to_ping":"","pinged":"","post_modified":"2025-12-02 13:14:13","post_modified_gmt":"2025-12-02 12:14:13","post_content_filtered":"","post_parent":0,"guid":"https:\/\/adent.ch\/clinique\/aubonne\/","menu_order":0,"post_type":"clinique","post_mime_type":"","comment_count":"0","filter":"raw"}],"soins":[{"ID":4138,"post_author":"14","post_date":"2022-01-05 10:58:49","post_date_gmt":"2022-01-05 09:58:49","post_content":"<!-- wp:acf\/two-column {\"name\":\"acf\/two-column\",\"data\":{\"anchor\":\"\",\"_anchor\":\"field_635bd17ffcee6\",\"title\":\"Mundgesundheit f\u00fcr Ihr Wohlbefinden.\",\"_title\":\"field_622629438a3e9\",\"columns_0_column_type\":\"text\",\"_columns_0_column_type\":\"field_627221966b517\",\"columns_0_text\":\"Verschiedene Studien zeigen den Zusammenhang zwischen Entz\u00fcndungen im Mund und allgemeinen Gesundheitsproblemen. Mehr als 600 Bakterienarten tummeln sich in unserem Mund. Einige k\u00f6nnen in den Blutkreislauf gelangen und Sch\u00e4den verursachen: Herz-Kreislauf-Probleme, Blutzucker-Diabetes, Atemwegserkrankungen, Gelenkentz\u00fcndungen, Risiko einer Fr\u00fchgeburt.\\r\\n\\r\\nDie zahn\u00e4rztliche Betreuung ist Teil der medizinischen Grundversorgung. Regelm\u00e4\u00dfige Zahnhygiene und regelm\u00e4\u00dfige Kontrollen sind daher der Schl\u00fcssel zu einer guten Zahngesundheit und einem gesunden L\u00e4cheln. Ein L\u00e4cheln verl\u00e4ngert die Lebenserwartung, reduziert Stress und hat eine positive Wirkung auf den Gespr\u00e4chspartner. Ein gesundes L\u00e4cheln gibt Selbstvertrauen und Wohlbefinden im t\u00e4glichen Leben, im Beruf und im Privatleben.\\r\\n\\r\\nEine regelm\u00e4\u00dfige zahn\u00e4rztliche Kontrolle hilft, Probleme, die die Gesundheit Ihrer Z\u00e4hne und Ihres Zahnfleisches beeintr\u00e4chtigen k\u00f6nnen, fr\u00fchzeitig zu erkennen.\\r\\n\\r\\nWir empfehlen einen j\u00e4hrlichen Besuch, um Erkrankungen zu erkennen, zu \u00fcberwachen und zu behandeln.\",\"_columns_0_text\":\"field_6226294b8a3ea\",\"columns_0_link_type\":\"bouton\",\"_columns_0_link_type\":\"field_623833b107a07\",\"columns_0_button_text\":\"Termin vereinbaren\",\"_columns_0_button_text\":\"field_6227212165677\",\"columns_0_button_link\":{\"title\":\"Termin\",\"url\":\"https:\/\/adent.ch\/de\/termin-vereinbaren\/\",\"target\":\"\"},\"_columns_0_button_link\":\"field_6227212f65678\",\"columns_0_link_is_blank\":\"0\",\"_columns_0_link_is_blank\":\"field_6227213d65679\",\"columns_1_column_type\":\"text\",\"_columns_1_column_type\":\"field_627221966b517\",\"columns_1_text\":\"Die Adent Zahnarztzentren bieten alle g\u00e4ngigen zahn\u00e4rztlichen Behandlungen f\u00fcr Erwachsene und Kinder unter einem Dach an:\\r\\n\\u003cul\\u003e\\r\\n \\t\\u003cli\\u003eWurzelbehandlung\\u003c\/li\\u003e\\r\\n \\t\\u003cli\\u003eF\u00fcllungen von abgebrochenen Z\u00e4hnen\\u003c\/li\\u003e\\r\\n \\t\\u003cli\\u003eEntfernung von Weisheitsz\u00e4hnen\\u003c\/li\\u003e\\r\\n \\t\\u003cli\\u003eBehandlung von Karies\\u003c\/li\\u003e\\r\\n \\t\\u003cli\\u003eWiederherstellung von Zahnfleischproblemen (Gingivitis, Zahnfleischr\u00fcckgang, Parodontitis, Abszesse usw.).\\u003c\/li\\u003e\\r\\n \\t\\u003cli\\u003e\\u003ca href=\\u0022https:\/\/adent.ch\/de\/behandlung\/kieferorthopaedie-fuer-kinder-und-erwachsene\/\\u0022\\u003eKieferorthop\u00e4de\\u003c\/a\\u003e\\u003c\/li\\u003e\\r\\n \\t\\u003cli\\u003e\\u003ca href=\\u0022https:\/\/adent.ch\/de\/behandlung\/zahnbleaching-und-aesthetisch-e-en-behandlungen\/\\u0022\\u003e\u00e4sthetische Behandlungen\\u003c\/a\\u003e\\u003c\/li\\u003e\\r\\n\\u003c\/ul\\u003e\\r\\nUnsere Dentalhygienikerinnen helfen Ihnen, eine individuelle Vorsorge zu treffen und k\u00f6nnen Ihnen eine Reihe von Reinigungshilfen empfehlen (B\u00fcrstchen, Zahnstocher, Faden usw.).\",\"_columns_1_text\":\"field_6226294b8a3ea\",\"columns_1_link_type\":\"bouton\",\"_columns_1_link_type\":\"field_623833b107a07\",\"columns_1_button_text\":\"Zahnreinigung und Zahnhygiene\",\"_columns_1_button_text\":\"field_6227212165677\",\"columns_1_button_link\":{\"title\":\"Zahnreinigung und Zahnhygiene\",\"url\":\"https:\/\/adent.ch\/de\/behandlung\/zahnsteinentfernung-und-zahnhygiene\/\",\"target\":\"\"},\"_columns_1_button_link\":\"field_6227212f65678\",\"columns_1_link_is_blank\":\"0\",\"_columns_1_link_is_blank\":\"field_6227213d65679\",\"columns\":2,\"_columns\":\"field_6238335007a05\"},\"mode\":\"edit\"} \/-->\n\n<!-- wp:acf\/two-column {\"name\":\"acf\/two-column\",\"data\":{\"anchor\":\"Karies\",\"_anchor\":\"field_635bd17ffcee6\",\"title\":\"Karies: Vorbeugen ist besser als heilen\",\"_title\":\"field_622629438a3e9\",\"columns_0_column_type\":\"text\",\"_columns_0_column_type\":\"field_627221966b517\",\"columns_0_text\":\"Die Hauptursachen f\u00fcr Karies sind eine zuckerhaltige Ern\u00e4hrung, unzureichende Mundpflege oder ein schwaches Immunsystem. Wenn Karies nicht behandelt wird, vergr\u00f6ssert sich der Hohlraum und greift auf das Dentin (die Schicht unter dem Zahnschmelz) oder den Zahnnerv. Es kann zu Schmerzen kommen, insbesondere bei Hitze, K\u00e4lte oder S\u00fcssem. Je gr\u00f6sser der Hohlraum wird, desto st\u00e4rker werden die Schmerzen. Das Zahnr\u00f6ntgenbild, das bei den regelm\u00e4ssigen Kontrollen gemacht wird, kann Anzeichen f\u00fcr eine fr\u00fche Karies erkennen.\\r\\n\\r\\n\\u003cstrong\\u003eWie wird Karies behandelt?\\u003c\/strong\\u003e\\r\\n\\r\\nDie Behandlung von Zahnkaries ist eine sehr h\u00e4ufige allgemeine zahn\u00e4rztliche Behandlung. Karies auf der Oberfl\u00e4che des Zahnschmelzes wird mit einfachen F\u00fcllungen behandelt, die die gleiche Farbe wie Ihr Zahn haben. Bei tieferer Karies kann manchmal eine Wurzelbehandlung und eine Zahnkrone erforderlich sein. Eine Zahnextraktion wird nur dann durchgef\u00fchrt, wenn es sich um eine weit fortgeschrittene Karies handelt, die das tiefe Gewebe des Zahns betrifft. Bei Eingriffen bei Erwachsenen und Kindern k\u00f6nnen wir selbstverst\u00e4ndlich eine An\u00e4sthesie durchf\u00fchren.\",\"_columns_0_text\":\"field_6226294b8a3ea\",\"columns_0_link_type\":\"bouton\",\"_columns_0_link_type\":\"field_623833b107a07\",\"columns_0_button_text\":\"Termin vereinbaren\",\"_columns_0_button_text\":\"field_6227212165677\",\"columns_0_button_link\":{\"title\":\"Termin\",\"url\":\"https:\/\/adent.ch\/de\/termin-vereinbaren\/\",\"target\":\"\"},\"_columns_0_button_link\":\"field_6227212f65678\",\"columns_0_link_is_blank\":\"0\",\"_columns_0_link_is_blank\":\"field_6227213d65679\",\"columns_1_column_type\":\"image_video\",\"_columns_1_column_type\":\"field_627221966b517\",\"columns_1_image_video_type\":\"image\",\"_columns_1_image_video_type\":\"field_627222596b51c\",\"columns_1_image\":3757,\"_columns_1_image\":\"field_627222856b51d\",\"columns\":2,\"_columns\":\"field_6238335007a05\"},\"mode\":\"edit\"} \/-->\n\n<!-- wp:acf\/two-column {\"name\":\"acf\/two-column\",\"data\":{\"anchor\":\"\",\"_anchor\":\"field_635bd17ffcee6\",\"title\":\"Die Wurzelbehandlung  \",\"_title\":\"field_622629438a3e9\",\"columns_0_column_type\":\"text\",\"_columns_0_column_type\":\"field_627221966b517\",\"columns_0_text\":\"Bei der Wurzelbehandlung wird der infizierte, besch\u00e4digte oder tote Nerv Ihres Zahns entfernt. Das Herz des Zahns enth\u00e4lt die Nerven und Blutgef\u00e4sse. Sie erm\u00f6glichen es dem Zahn, sich zu entwickeln. Bakterien, die durch Karies, Risse oder besch\u00e4digte F\u00fcllungen in Ihren Zahn eindringen, f\u00fchren zur Bildung eines Abszesses. Dieser Abszess wird durch eine Infektion des Zahnmarks verursacht. In diesem Fall muss das Fruchtfleisch entfernt werden.\\r\\n\\r\\nDer Vorteil der Wurzelbehandlung ist, dass Sie Ihren Zahn behalten k\u00f6nnen, anstatt ihn zu extrahieren. Indem Sie Ihren nat\u00fcrlichen Zahn erhalten, verhindern Sie, dass die anderen Z\u00e4hne ihre Ausrichtung verlieren.\\r\\n\\r\\n\\u003cstrong\\u003eWie l\u00e4uft eine Wurzelbehandlung ab?\\u003c\/strong\\u003e\\r\\n\\r\\nIhr Zahnarzt bet\u00e4ubt den Zahn \u00f6rtlich und legt eine isolierende Membran um den Zahn. Er macht eine kleine \u00d6ffnung in den Zahn, um an den Kanal und die besch\u00e4digte Pulpa (das Herz des Zahns) zu gelangen. Mit Hilfe von Pr\u00e4zisionsinstrumenten entfernt er die Pulpa, reinigt und erweitert den Kanal. Der Zahnarzt f\u00fcllt den Kanal und verschliesst den Zahn mit einer provisorischen oder permanenten F\u00fcllung. Der Zahn ist nicht mehr empfindlich gegen\u00fcber Hitze oder K\u00e4lte, beh\u00e4lt aber seine Eigenschaften. Eine Krone und ein Stift sind in der Regel notwendig, um die Lebensdauer des Zahns zu verl\u00e4ngern.\",\"_columns_0_text\":\"field_6226294b8a3ea\",\"columns_0_link_type\":\"bouton\",\"_columns_0_link_type\":\"field_623833b107a07\",\"columns_0_button_text\":\"Alles \u00fcber Zahnfleisch\",\"_columns_0_button_text\":\"field_6227212165677\",\"columns_0_button_link\":{\"title\":\"Pflege des zahnfleisches\",\"url\":\"https:\/\/adent.ch\/de\/info\/pflege-des-zahnfleisches\/\",\"target\":\"\"},\"_columns_0_button_link\":\"field_6227212f65678\",\"columns_0_link_is_blank\":\"0\",\"_columns_0_link_is_blank\":\"field_6227213d65679\",\"columns_1_column_type\":\"image_video\",\"_columns_1_column_type\":\"field_627221966b517\",\"columns_1_image_video_type\":\"image\",\"_columns_1_image_video_type\":\"field_627222596b51c\",\"columns_1_image\":3761,\"_columns_1_image\":\"field_627222856b51d\",\"columns\":2,\"_columns\":\"field_6238335007a05\"},\"mode\":\"edit\"} \/-->\n\n<!-- wp:acf\/accordion {\"name\":\"acf\/accordion\",\"data\":{\"anchor\":\"\",\"_anchor\":\"field_635ba74f0bd13\",\"title\":\"FAQ - Wurzelkanalbehandlung\",\"_title\":\"field_626fdcfcf47bb\",\"description\":\"\",\"_description\":\"field_626fdd05f47bc\",\"accordions_0_title\":\"Wie wird eine Wurzelkanalbehandlung durchgef\u00fchrt?\",\"_accordions_0_title\":\"field_626fdd3ff47be\",\"accordions_0_content\":\"Der Zahn wird zun\u00e4chst bet\u00e4ubt und mit einem Gummigewebe (Kofferdam) von der Mundh\u00f6hle isoliert.\\r\\nDer Zahn wird mit einem Bohrer ge\u00f6ffnet und die Eing\u00e4nge des Wurzelkanals dargestellt, die L\u00e4nge des Wurzelkanals wird elektrometrisch gemessen, entz\u00fcndetes und totes Gewebe wird vollst\u00e4ndig entfernt, alle Wurzelkan\u00e4le werden mit desinfizierenden L\u00f6sungen desinfiziert und mit dem Kunststoffmaterial gef\u00fcllt.\",\"_accordions_0_content\":\"field_626fdd46f47bf\",\"accordions_1_title\":\"Wie lange dauert eine Wurzelkanalbehandlung?\",\"_accordions_1_title\":\"field_626fdd3ff47be\",\"accordions_1_content\":\"Je nach Anzahl der Zahnwurzeln dauert die Behandlung des Wurzelkanals zwischen einer und zwei Stunden. Dank moderner Behandlungsmethoden f\u00fchren wir die geplante Wurzelbehandlung in der Regel in einer einzigen Sitzung durch, nur in sehr komplizierten F\u00e4llen sind mehrere Sitzungen erforderlich.\",\"_accordions_1_content\":\"field_626fdd46f47bf\",\"accordions_2_title\":\"Wann ist eine Wurzelkanalbehandlung notwendig?\",\"_accordions_2_title\":\"field_626fdd3ff47be\",\"accordions_2_content\":\"Bei Entz\u00fcndung oder Nekrose des Zahnnervs (kann mit starken Schmerzen einhergehen oder v\u00f6llig schmerzlos verlaufen), bei tieferer Karies, die bereits bis zum Zahnnerv vorgedrungen ist (meist mit einem oder wenigen Schmerzen verbunden) oder nach einem Unfall.\",\"_accordions_2_content\":\"field_626fdd46f47bf\",\"accordions_3_title\":\"Ist es m\u00f6glich, eine Wurzelbehandlung, die vor langer Zeit erfolglos durchgef\u00fchrt wurde, zu wiederholen?\",\"_accordions_3_title\":\"field_626fdd3ff47be\",\"accordions_3_content\":\"Selbstverst\u00e4ndlich k\u00f6nnen wir die Wurzelkanalbehandlung in den meisten F\u00e4llen wiederholen und durch den Einsatz der heutigen modernen Behandlungsmethoden hohe Behandlungsergebnisse erzielen.\",\"_accordions_3_content\":\"field_626fdd46f47bf\",\"accordions\":4,\"_accordions\":\"field_626fdd1ff47bd\",\"button_button_text\":\"\",\"_button_button_text\":\"field_635b9f5d3ed5e\",\"button_button_link\":\"\",\"_button_button_link\":\"field_635b9f7c3ed5f\",\"button\":\"\",\"_button\":\"field_635b9f2e3ed5d\",\"display_shapes\":\"0\",\"_display_shapes\":\"field_62e2499085dee\",\"shapes\":\"shape1\",\"_shapes\":\"field_626fd3f41491d\"},\"mode\":\"edit\"} \/-->\n\n<!-- wp:acf\/two-column {\"name\":\"acf\/two-column\",\"data\":{\"anchor\":\"\",\"_anchor\":\"field_635bd17ffcee6\",\"title\":\"Entfernung von Weisheitsz\u00e4hnen\",\"_title\":\"field_622629438a3e9\",\"columns_0_column_type\":\"text\",\"_columns_0_column_type\":\"field_627221966b517\",\"columns_0_text\":\"Die Entfernung von Weisheitsz\u00e4hnen ist Teil der Oralchirurgie und der allgemeinen Zahnheilkunde. Es ist ein chirurgischer Eingriff, der regelm\u00e4ssig von Adent durchgef\u00fchrt und beherrscht wird.\\r\\n\\r\\nDie Weisheitsz\u00e4hne wachsen in der Regel zwischen dem 16. und 24. Lebensjahr. Es kann auch vorkommen, dass sie die Weisheitsz\u00e4hne nicht vorhanden sind. In den meisten F\u00e4llen m\u00fcssen sie entfernt werden, da sie nicht in die richtige Richtung wachsen oder unter dem Zahnfleisch \\u0022eingeschlossen\\u0022 sind.\\r\\n\\r\\nInfektionen des umgebenden Gewebes und der Nachbarz\u00e4hne, schwer zu behandelnde Karies oder Verschiebungen von Nachbarz\u00e4hnen k\u00f6nnen die Folge sein.\\r\\n\\r\\n\\u003cstrong\\u003eW\u00fcrden Sie mir empfehlen, meine Weisheitsz\u00e4hne zu entfernen?\\u003c\/strong\\u003e\\r\\n\\r\\nUm die Lage und die Anzahl der vorhandenen Weisheitsz\u00e4hne zu bestimmen, muss der Zahnarzt ein Panoramar\u00f6ntgenaufnahme Ihres Mundes machen. Der Zahnarzt wird Ihnen dann alle notwendigen Informationen geben, um einen Behandlungsplan f\u00fcr die Entfernung eines oder mehrerer Weisheitsz\u00e4hne zu erstellen.\",\"_columns_0_text\":\"field_6226294b8a3ea\",\"columns_0_link_type\":\"bouton\",\"_columns_0_link_type\":\"field_623833b107a07\",\"columns_0_button_text\":\"Alles \u00fcber Extraktion\",\"_columns_0_button_text\":\"field_6227212165677\",\"columns_0_button_link\":{\"title\":\"entfernung von weisheitszaehnen\",\"url\":\"https:\/\/adent.ch\/de\/info\/entfernung-von-weisheitszaehnen\/\",\"target\":\"\"},\"_columns_0_button_link\":\"field_6227212f65678\",\"columns_0_link_is_blank\":\"0\",\"_columns_0_link_is_blank\":\"field_6227213d65679\",\"columns_1_column_type\":\"image_video\",\"_columns_1_column_type\":\"field_627221966b517\",\"columns_1_image_video_type\":\"image\",\"_columns_1_image_video_type\":\"field_627222596b51c\",\"columns_1_image\":3792,\"_columns_1_image\":\"field_627222856b51d\",\"columns\":2,\"_columns\":\"field_6238335007a05\"},\"mode\":\"edit\"} \/-->\n\n<!-- wp:columns -->\n<div class=\"wp-block-columns\"><!-- wp:column {\"width\":\"100%\"} -->\n<div class=\"wp-block-column\" style=\"flex-basis:100%\"><!-- wp:acf\/two-column {\"name\":\"acf\/two-column\",\"data\":{\"anchor\":\"\",\"_anchor\":\"field_635bd17ffcee6\",\"title\":\"Entz\u00fcndungen und Infektionen\",\"_title\":\"field_622629438a3e9\",\"columns_0_column_type\":\"text\",\"_columns_0_column_type\":\"field_627221966b517\",\"columns_0_text\":\"Das St\u00fctzgewebe, das Ihre Z\u00e4hne umgibt, ist wertvoll: Pflegen Sie es!\\r\\n\\r\\n\\u003cstrong\\u003eParodontitis\\u003c\/strong\\u003e (Zahnlockerung) ist eine Krankheit, die das St\u00fctzgewebe betrifft, das Ihren Zahn umgibt und st\u00fctzt. Die Zerst\u00f6rung dieses Gewebes f\u00fchrt zu Beweglichkeit und schliesslich zum Verlust des Zahns. Es gibt verschiedene Stadien der Zahnfleischerkrankung.\\r\\n\\r\\nDas Anfangsstadium ist \\u003cstrong\\u003eGingivitis\\u003c\/strong\\u003e. Sie betrifft nur das Zahnfleisch und ist durch eine Entz\u00fcndung gekennzeichnet: das Zahnfleisch blutet, ist rot und geschwollen.\\r\\n\\r\\nParodontalerkrankungen sind die Hauptursache f\u00fcr Zahnverlust bei Erwachsenen. Etwa 75% der Erwachsenen leiden im Laufe ihres Lebens in unterschiedlichem Ausmass an Zahnfleischproblemen. Die Krankheit kann jedoch auch junge Menschen betreffen.\",\"_columns_0_text\":\"field_6226294b8a3ea\",\"columns_0_link_type\":\"bouton\",\"_columns_0_link_type\":\"field_623833b107a07\",\"columns_0_button_text\":\"Alles \u00fcber Zahnfleisch\",\"_columns_0_button_text\":\"field_6227212165677\",\"columns_0_button_link\":{\"title\":\"pflege des zahnfleisches\",\"url\":\"https:\/\/adent.ch\/de\/info\/pflege-des-zahnfleisches\/\",\"target\":\"\"},\"_columns_0_button_link\":\"field_6227212f65678\",\"columns_0_link_is_blank\":\"0\",\"_columns_0_link_is_blank\":\"field_6227213d65679\",\"columns_1_column_type\":\"image_video\",\"_columns_1_column_type\":\"field_627221966b517\",\"columns_1_image_video_type\":\"image\",\"_columns_1_image_video_type\":\"field_627222596b51c\",\"columns_1_image\":3686,\"_columns_1_image\":\"field_627222856b51d\",\"columns\":2,\"_columns\":\"field_6238335007a05\",\"display_shapes\":\"0\",\"_display_shapes\":\"field_62e25403466d9\",\"shapes\":\"shape5\",\"_shapes\":\"field_62262422937e9\"},\"mode\":\"edit\"} \/--><\/div>\n<!-- \/wp:column --><\/div>\n<!-- \/wp:columns -->\n\n<!-- wp:acf\/two-column {\"name\":\"acf\/two-column\",\"data\":{\"anchor\":\"\",\"_anchor\":\"field_635bd17ffcee6\",\"title\":\"Gef\u00e4hrdete Zahnfleisch: schnell handeln\",\"_title\":\"field_622629438a3e9\",\"columns_0_column_type\":\"text\",\"_columns_0_column_type\":\"field_627221966b517\",\"columns_0_text\":\"\\u003cstrong\\u003eWas passiert bei einer Zahnfleischentz\u00fcndung?\\u003c\/strong\\u003e\\r\\n\\r\\nWenn die Gingivitis nicht behandelt wird, breitet sich die Entz\u00fcndung aus und greift auf den Knochen \u00fcber. Der Knochen umgibt Ihre Z\u00e4hne und sorgt daf\u00fcr, dass sie im Kiefer bleiben. Wenn nichts unternommen wird, wird der Knochen, die B\u00e4nder und das gesamte Gewebe, das Ihre Z\u00e4hne st\u00fctzt und umgibt, nach und nach zerst\u00f6rt. Diese Zerst\u00f6rung des Gewebes f\u00fchrt zum Verlust eines oder mehrerer Z\u00e4hne. Dies wird als Parodontitis bezeichnet.\\r\\n\\r\\nZahnlockerung (Parodontitis) ist eine Krankheit, die das Zahnhaltegewebe betrifft. Sie muss von Fachgebieten, die Parodontologen genannt werden, behandelt werden. Eine Zusammenarbeit zwischen Patient, Parodontologe und Dentalhygienikerin ist notwendig, um die Heilung zu optimieren. Um Ihnen die bestm\u00f6gliche Versorgung zu garantieren, bringen wir alle diese Berufe in jedem der Adent Zahnarztzentren zusammen.\",\"_columns_0_text\":\"field_6226294b8a3ea\",\"columns_0_link_type\":\"bouton\",\"_columns_0_link_type\":\"field_623833b107a07\",\"columns_0_button_text\":\"Termin vereinbaren\",\"_columns_0_button_text\":\"field_6227212165677\",\"columns_0_button_link\":{\"title\":\"Termin Vereinbaren\",\"url\":\"https:\/\/adent.ch\/de\/termin-vereinbaren\/\",\"target\":\"\"},\"_columns_0_button_link\":\"field_6227212f65678\",\"columns_0_link_is_blank\":\"0\",\"_columns_0_link_is_blank\":\"field_6227213d65679\",\"columns_1_column_type\":\"image_video\",\"_columns_1_column_type\":\"field_627221966b517\",\"columns_1_image_video_type\":\"image\",\"_columns_1_image_video_type\":\"field_627222596b51c\",\"columns_1_image\":3764,\"_columns_1_image\":\"field_627222856b51d\",\"columns\":2,\"_columns\":\"field_6238335007a05\"},\"mode\":\"edit\"} \/-->\n\n<!-- wp:acf\/cta {\"name\":\"acf\/cta\",\"data\":{\"anchor\":\"\",\"_anchor\":\"field_635bcb8d94cbf\",\"type\":\"without_image\",\"_type\":\"field_62149e2d12aaf\",\"subtitle\":\"\u00dcbliche Zahnpflege\",\"_subtitle\":\"field_62149e038cf5c\",\"title\":\"Haben Sie Fragen?\",\"_title\":\"field_62149edd2d388\",\"text\":\"Kontaktieren Sie das Zentrum Adent Zahnarztzentrum in Ihrer N\u00e4he.\",\"_text\":\"field_62149e038cf52\",\"button_text\":\"Mein Zentrum finden\",\"_button_text\":\"field_62149f062d389\",\"button_link\":{\"title\":\"Zahnkliniken\",\"url\":\"https:\/\/adent.ch\/de\/zahnkliniken\/\",\"target\":\"\"},\"_button_link\":\"field_62149f112d38a\",\"button_color\":\"primary\",\"_button_color\":\"field_622b41428312a\",\"link_is_blank\":\"0\",\"_link_is_blank\":\"field_62285a3437980\",\"display_shapes\":\"0\",\"_display_shapes\":\"field_62e250b73f5a9\",\"shapes\":\"shape8\",\"_shapes\":\"field_62149e038cf63\"},\"mode\":\"edit\"} \/-->","post_title":"\u00dcbliche Zahnpflege","post_excerpt":"","post_status":"publish","comment_status":"closed","ping_status":"closed","post_password":"","post_name":"zahnaerztliche-routineversorgung","to_ping":"","pinged":"","post_modified":"2025-06-04 17:12:12","post_modified_gmt":"2025-06-04 15:12:12","post_content_filtered":"","post_parent":0,"guid":"https:\/\/adent.ch\/soin\/soins-dentaires-courants\/","menu_order":0,"post_type":"soin","post_mime_type":"","comment_count":"0","filter":"raw"}],"job":"Zahn\u00e4rztin","short_description":"<p>Zahn\u00e4rztin, der eine auf Ihre Bed\u00fcrfnisse zugeschnittene zahn\u00e4rztliche Versorgung anbietet.<\/p>\n"},"yoast_head":"<!-- This site is optimized with the Yoast SEO plugin v26.5 - https:\/\/yoast.com\/wordpress\/plugins\/seo\/ -->\n<title>Gorica JOVANOVIC | Adent Zahnarztzentrum<\/title>\n<meta name=\"description\" content=\"Dr. Gorica Jovanovic Zahn\u00e4rztin im Zentrum von Aubonne, bietet Zahnbehandlungen an, die auf Ihre Bed\u00fcrfnisse zugeschnitten sind.\" \/>\n<meta name=\"robots\" content=\"index, follow, max-snippet:-1, max-image-preview:large, max-video-preview:-1\" \/>\n<link rel=\"canonical\" href=\"https:\/\/adent.ch\/de\/zahnarzt\/gorica-jovanovic\/\" \/>\n<meta property=\"og:locale\" content=\"de_DE\" \/>\n<meta property=\"og:type\" content=\"article\" \/>\n<meta property=\"og:title\" content=\"Gorica JOVANOVIC | Adent Zahnarztzentrum\" \/>\n<meta property=\"og:description\" content=\"Dr. Gorica Jovanovic Zahn\u00e4rztin im Zentrum von Aubonne, bietet Zahnbehandlungen an, die auf Ihre Bed\u00fcrfnisse zugeschnitten sind.\" \/>\n<meta property=\"og:url\" content=\"https:\/\/adent.ch\/de\/zahnarzt\/gorica-jovanovic\/\" \/>\n<meta property=\"og:site_name\" content=\"Adent Zahnarztzentrum\" \/>\n<meta property=\"article:publisher\" content=\"https:\/\/www.facebook.com\/adentcliniquesdentaires\/\" \/>\n<meta property=\"article:modified_time\" content=\"2025-04-09T11:05:31+00:00\" \/>\n<meta property=\"og:image\" content=\"https:\/\/adent.ch\/wp-content\/uploads\/2024\/04\/adent-aubonne-mai-2022-igor-laski-web-hd-srvb-48.jpg\" \/>\n\t<meta property=\"og:image:width\" content=\"1619\" \/>\n\t<meta property=\"og:image:height\" content=\"1080\" \/>\n\t<meta property=\"og:image:type\" content=\"image\/jpeg\" \/>\n<meta name=\"twitter:card\" content=\"summary_large_image\" \/>\n<script type=\"application\/ld+json\" class=\"yoast-schema-graph\">{\"@context\":\"https:\/\/schema.org\",\"@graph\":[{\"@type\":\"WebPage\",\"@id\":\"https:\/\/adent.ch\/de\/zahnarzt\/gorica-jovanovic\/\",\"url\":\"https:\/\/adent.ch\/de\/zahnarzt\/gorica-jovanovic\/\",\"name\":\"Gorica JOVANOVIC | Adent Zahnarztzentrum\",\"isPartOf\":{\"@id\":\"https:\/\/adent.ch\/de\/#website\"},\"datePublished\":\"2025-04-09T11:05:29+00:00\",\"dateModified\":\"2025-04-09T11:05:31+00:00\",\"description\":\"Dr. Gorica Jovanovic Zahn\u00e4rztin im Zentrum von Aubonne, bietet Zahnbehandlungen an, die auf Ihre Bed\u00fcrfnisse zugeschnitten sind.\",\"breadcrumb\":{\"@id\":\"https:\/\/adent.ch\/de\/zahnarzt\/gorica-jovanovic\/#breadcrumb\"},\"inLanguage\":\"de-CH\",\"potentialAction\":[{\"@type\":\"ReadAction\",\"target\":[\"https:\/\/adent.ch\/de\/zahnarzt\/gorica-jovanovic\/\"]}]},{\"@type\":\"BreadcrumbList\",\"@id\":\"https:\/\/adent.ch\/de\/zahnarzt\/gorica-jovanovic\/#breadcrumb\",\"itemListElement\":[{\"@type\":\"ListItem\",\"position\":1,\"name\":\"Team\",\"item\":\"https:\/\/adent.ch\/de\/team\/\"},{\"@type\":\"ListItem\",\"position\":2,\"name\":\"Gorica JOVANOVIC\"}]},{\"@type\":\"WebSite\",\"@id\":\"https:\/\/adent.ch\/de\/#website\",\"url\":\"https:\/\/adent.ch\/de\/\",\"name\":\"Adent Zahnarztzentrum\",\"description\":\"\",\"publisher\":{\"@id\":\"https:\/\/adent.ch\/de\/#organization\"},\"potentialAction\":[{\"@type\":\"SearchAction\",\"target\":{\"@type\":\"EntryPoint\",\"urlTemplate\":\"https:\/\/adent.ch\/de\/?s={search_term_string}\"},\"query-input\":{\"@type\":\"PropertyValueSpecification\",\"valueRequired\":true,\"valueName\":\"search_term_string\"}}],\"inLanguage\":\"de-CH\"},{\"@type\":\"Organization\",\"@id\":\"https:\/\/adent.ch\/de\/#organization\",\"name\":\"Adent Cliniques Dentaires\",\"url\":\"https:\/\/adent.ch\/de\/\",\"logo\":{\"@type\":\"ImageObject\",\"inLanguage\":\"de-CH\",\"@id\":\"https:\/\/adent.ch\/de\/#\/schema\/logo\/image\/\",\"url\":\"https:\/\/adent.ch\/wp-content\/uploads\/2022\/09\/adent-habefast-logo-2018-fr-05032019-rvb-scaled.jpg\",\"contentUrl\":\"https:\/\/adent.ch\/wp-content\/uploads\/2022\/09\/adent-habefast-logo-2018-fr-05032019-rvb-scaled.jpg\",\"width\":2880,\"height\":750,\"caption\":\"Adent Cliniques Dentaires\"},\"image\":{\"@id\":\"https:\/\/adent.ch\/de\/#\/schema\/logo\/image\/\"},\"sameAs\":[\"https:\/\/www.facebook.com\/adentcliniquesdentaires\/\",\"https:\/\/www.instagram.com\/adent.ch\/\",\"https:\/\/www.youtube.com\/channel\/UCPd5UjY-ipuq3MhW6m0W-wg\",\"https:\/\/www.linkedin.com\/company\/adent-cliniques-dentaires\/?originalSubdomain=ch\"]}]}<\/script>\n<!-- \/ Yoast SEO plugin. -->","yoast_head_json":{"title":"Gorica JOVANOVIC | Adent Zahnarztzentrum","description":"Dr. Gorica Jovanovic Zahn\u00e4rztin im Zentrum von Aubonne, bietet Zahnbehandlungen an, die auf Ihre Bed\u00fcrfnisse zugeschnitten sind.","robots":{"index":"index","follow":"follow","max-snippet":"max-snippet:-1","max-image-preview":"max-image-preview:large","max-video-preview":"max-video-preview:-1"},"canonical":"https:\/\/adent.ch\/de\/zahnarzt\/gorica-jovanovic\/","og_locale":"de_DE","og_type":"article","og_title":"Gorica JOVANOVIC | Adent Zahnarztzentrum","og_description":"Dr. Gorica Jovanovic Zahn\u00e4rztin im Zentrum von Aubonne, bietet Zahnbehandlungen an, die auf Ihre Bed\u00fcrfnisse zugeschnitten sind.","og_url":"https:\/\/adent.ch\/de\/zahnarzt\/gorica-jovanovic\/","og_site_name":"Adent Zahnarztzentrum","article_publisher":"https:\/\/www.facebook.com\/adentcliniquesdentaires\/","article_modified_time":"2025-04-09T11:05:31+00:00","og_image":[{"width":1619,"height":1080,"url":"https:\/\/adent.ch\/wp-content\/uploads\/2024\/04\/adent-aubonne-mai-2022-igor-laski-web-hd-srvb-48.jpg","type":"image\/jpeg"}],"twitter_card":"summary_large_image","schema":{"@context":"https:\/\/schema.org","@graph":[{"@type":"WebPage","@id":"https:\/\/adent.ch\/de\/zahnarzt\/gorica-jovanovic\/","url":"https:\/\/adent.ch\/de\/zahnarzt\/gorica-jovanovic\/","name":"Gorica JOVANOVIC | Adent Zahnarztzentrum","isPartOf":{"@id":"https:\/\/adent.ch\/de\/#website"},"datePublished":"2025-04-09T11:05:29+00:00","dateModified":"2025-04-09T11:05:31+00:00","description":"Dr. Gorica Jovanovic Zahn\u00e4rztin im Zentrum von Aubonne, bietet Zahnbehandlungen an, die auf Ihre Bed\u00fcrfnisse zugeschnitten sind.","breadcrumb":{"@id":"https:\/\/adent.ch\/de\/zahnarzt\/gorica-jovanovic\/#breadcrumb"},"inLanguage":"de-CH","potentialAction":[{"@type":"ReadAction","target":["https:\/\/adent.ch\/de\/zahnarzt\/gorica-jovanovic\/"]}]},{"@type":"BreadcrumbList","@id":"https:\/\/adent.ch\/de\/zahnarzt\/gorica-jovanovic\/#breadcrumb","itemListElement":[{"@type":"ListItem","position":1,"name":"Team","item":"https:\/\/adent.ch\/de\/team\/"},{"@type":"ListItem","position":2,"name":"Gorica JOVANOVIC"}]},{"@type":"WebSite","@id":"https:\/\/adent.ch\/de\/#website","url":"https:\/\/adent.ch\/de\/","name":"Adent Zahnarztzentrum","description":"","publisher":{"@id":"https:\/\/adent.ch\/de\/#organization"},"potentialAction":[{"@type":"SearchAction","target":{"@type":"EntryPoint","urlTemplate":"https:\/\/adent.ch\/de\/?s={search_term_string}"},"query-input":{"@type":"PropertyValueSpecification","valueRequired":true,"valueName":"search_term_string"}}],"inLanguage":"de-CH"},{"@type":"Organization","@id":"https:\/\/adent.ch\/de\/#organization","name":"Adent Cliniques Dentaires","url":"https:\/\/adent.ch\/de\/","logo":{"@type":"ImageObject","inLanguage":"de-CH","@id":"https:\/\/adent.ch\/de\/#\/schema\/logo\/image\/","url":"https:\/\/adent.ch\/wp-content\/uploads\/2022\/09\/adent-habefast-logo-2018-fr-05032019-rvb-scaled.jpg","contentUrl":"https:\/\/adent.ch\/wp-content\/uploads\/2022\/09\/adent-habefast-logo-2018-fr-05032019-rvb-scaled.jpg","width":2880,"height":750,"caption":"Adent Cliniques Dentaires"},"image":{"@id":"https:\/\/adent.ch\/de\/#\/schema\/logo\/image\/"},"sameAs":["https:\/\/www.facebook.com\/adentcliniquesdentaires\/","https:\/\/www.instagram.com\/adent.ch\/","https:\/\/www.youtube.com\/channel\/UCPd5UjY-ipuq3MhW6m0W-wg","https:\/\/www.linkedin.com\/company\/adent-cliniques-dentaires\/?originalSubdomain=ch"]}]}},"_links":{"self":[{"href":"https:\/\/adent.ch\/de\/wp-json\/wp\/v2\/equipe\/15260","targetHints":{"allow":["GET"]}}],"collection":[{"href":"https:\/\/adent.ch\/de\/wp-json\/wp\/v2\/equipe"}],"about":[{"href":"https:\/\/adent.ch\/de\/wp-json\/wp\/v2\/types\/equipe"}],"wp:attachment":[{"href":"https:\/\/adent.ch\/de\/wp-json\/wp\/v2\/media?parent=15260"}],"wp:term":[{"taxonomy":"langue","embeddable":true,"href":"https:\/\/adent.ch\/de\/wp-json\/wp\/v2\/langue?post=15260"}],"curies":[{"name":"wp","href":"https:\/\/api.w.org\/{rel}","templated":true}]}}