{"id":4267,"date":"2022-04-24T15:07:08","date_gmt":"2022-04-24T13:07:08","guid":{"rendered":"https:\/\/adent.ch\/dentistes\/ambrogio-feninno\/"},"modified":"2025-09-24T11:31:50","modified_gmt":"2025-09-24T09:31:50","slug":"ambrogio-feninno","status":"publish","type":"equipe","link":"https:\/\/adent.ch\/de\/zahnarzt\/ambrogio-feninno\/","title":{"rendered":"Ambrogio FENINNO"},"content":{"rendered":"<div class=\"two-column-block\" >\n\t<div class=\"container\">\n\t\t\t\t\t\t\t<div class=\"row justify-content-between\" data-sal=\"slide-up\" data-sal-delay=\"200\" data-sal-easing=\"ease-in-out\" data-sal-duration=\"300\">\n\t\t\t\t\t\t\t\t\t\t\t\t\t\t\t<div class=\"col-md-6\">\n\t\t\t\t\t\t\t<div class=\"text-lg\">\n\t\t\t\t\t\t\t\t<p>Dr. Ambrogio Feninno ist Zahnarzt und Facharzt f\u00fcr Kieferorthop\u00e4die. Er ist auch Leiter des <a href=\"https:\/\/adent.ch\/de\/klinik\/genf-charmilles\/\">Zentrums dem Adent Zanharzentrum in Genf-Charmilles<\/a>.<\/p>\n<p>Dr. Feninno hat Abschl\u00fcsse in Zahnheilkunde und Kieferorthop\u00e4die und besitzt ausserdem eine internationale Graduiertenzertifizierung in Kieferorthop\u00e4die, die er an der New York University erworben hat. Neben <a href=\"https:\/\/adent.ch\/de\/behandlung\/kieferorthopaedie-fuer-kinder-und-erwachsene\/\">kieferorthop\u00e4dischen Behandlungen<\/a> mit Zahnspangen bietet er auch Behandlungen mit der unsichtbaren Behandlung <a href=\"https:\/\/adent.ch\/de\/info\/invisalign-behandlung\/\">Invisalign<\/a> an. Bei dieser Technik wird eine Reihe von herausnehmbaren, transparenten Schienen verwendet, um Ihre Z\u00e4hne ohne Draht oder Metallringe zu begradigen. Mit Invisalign k\u00f6nnen Sie sich f\u00fcr Eleganz entscheiden, auch w\u00e4hrend der Behandlung.<\/p>\n<p>Dr. Ambrogio Feninno und <a href=\"https:\/\/adent.ch\/de\/klinik\/genf-charmilles\/\">das Zentrum Adent in Genf-Charmilles<\/a> arbeiten regelm\u00e4ssig mit Kindern und verwenden <a href=\"https:\/\/adent.ch\/de\/behandlung\/zahnbehandlung-fuer-kinder\/\">eine auf das junge Alter abgestimmte Pflege<\/a>.<\/p>\n<p>Weitere Informationen finden Sie auf seiner <a href=\"https:\/\/ch.linkedin.com\/in\/ambrogio-feninno-737028132\" target=\"_blank\" rel=\"noopener\">LinkedIn-Seite<\/a>.<\/p>\n\t\t\t\t\t\t\t<\/div>\n\t\t\t\t\t\t\t\t\t\t\t\t\t\t\t\t\t\t\t\t\t\t\t\t\t\t\t<\/div>\n\t\t\t\t\t\t\t\t\t\t\t\t\t\t\t\t\t\t\t\t<div class=\"col-md-6\">\n\t\t\t\t\t\t\t<div class=\"text-lg\">\n\t\t\t\t\t\t\t\t<h4>FACHGEBIETE<\/h4>\n<ul>\n<li><a href=\"https:\/\/adent.ch\/de\/behandlung\/kieferorthopaedie-fuer-kinder-und-erwachsene\/\">Kieferorthop\u00e4die f\u00fcr Kinder und Erwachsene<\/a><\/li>\n<li><a href=\"https:\/\/adent.ch\/de\/behandlung\/zahnbehandlung-fuer-kinder\/\">Zahnpflege f\u00fcr Kinder<\/a><\/li>\n<li><a href=\"https:\/\/adent.ch\/de\/zahnaerztliche-notfaelle\/\">Zahn\u00e4rztliche Notf\u00e4lle<\/a><\/li>\n<\/ul>\n\t\t\t\t\t\t\t<\/div>\n\t\t\t\t\t\t\t\t\t\t\t\t\t\t\t\t\t\t\t\t\t\t\t\t\t\t\t<\/div>\n\t\t\t\t\t\t\t\t\t\t\t\t<\/div>\n\t\t\t<\/div>\n<\/div>","protected":false},"template":"","langue":[101,103,104],"class_list":["post-4267","equipe","type-equipe","status-publish","hentry","langue-englisch","langue-franzoesisch","langue-italienisch"],"acf":{"first_name":"Ambrogio","last_name":"FENINNO","job":"Zentrumsleiter, Kieferorthop\u00e4de","short_description":"<p>Leiter des Zentrums und Fachzahnarzt f\u00fcr Kieferorthop\u00e4die mit grosser Erfahrung in der kieferorthop\u00e4dischen Behandlung mit transparenten Invisalign\u00ae-Schienen. Er betreut Erwachsene, Jugendliche und Kinder.<\/p>\n","specialites":false,"higlight_specialite":"","higlight_specialite_short":"","image":{"ID":13730,"id":13730,"title":"Ambrogio_Feninno_CH","filename":"ambrogio_feninno_ch.png","filesize":2382803,"url":"https:\/\/adent.ch\/wp-content\/uploads\/2022\/04\/ambrogio_feninno_ch.png","link":"https:\/\/adent.ch\/de\/zahnarzt\/ambrogio-feninno\/ambrogio_feninno_ch-2\/","alt":"","author":"14","description":"","caption":"","name":"ambrogio_feninno_ch-2","status":"inherit","uploaded_to":4267,"date":"2024-05-21 13:30:33","modified":"2024-05-21 13:30:33","menu_order":0,"mime_type":"image\/png","type":"image","subtype":"png","icon":"https:\/\/adent.ch\/wp-includes\/images\/media\/default.png","width":1880,"height":1410,"sizes":{"thumbnail":"https:\/\/adent.ch\/wp-content\/uploads\/2022\/04\/ambrogio_feninno_ch-150x150.png","thumbnail-width":150,"thumbnail-height":150,"medium":"https:\/\/adent.ch\/wp-content\/uploads\/2022\/04\/ambrogio_feninno_ch-300x225.png","medium-width":300,"medium-height":225,"medium_large":"https:\/\/adent.ch\/wp-content\/uploads\/2022\/04\/ambrogio_feninno_ch-768x576.png","medium_large-width":768,"medium_large-height":576,"large":"https:\/\/adent.ch\/wp-content\/uploads\/2022\/04\/ambrogio_feninno_ch-1307x980.png","large-width":1307,"large-height":980,"1536x1536":"https:\/\/adent.ch\/wp-content\/uploads\/2022\/04\/ambrogio_feninno_ch-1536x1152.png","1536x1536-width":1536,"1536x1536-height":1152,"2048x2048":"https:\/\/adent.ch\/wp-content\/uploads\/2022\/04\/ambrogio_feninno_ch.png","2048x2048-width":1880,"2048x2048-height":1410,"gform-image-choice-sm":"https:\/\/adent.ch\/wp-content\/uploads\/2022\/04\/ambrogio_feninno_ch.png","gform-image-choice-sm-width":300,"gform-image-choice-sm-height":225,"gform-image-choice-md":"https:\/\/adent.ch\/wp-content\/uploads\/2022\/04\/ambrogio_feninno_ch.png","gform-image-choice-md-width":400,"gform-image-choice-md-height":300,"gform-image-choice-lg":"https:\/\/adent.ch\/wp-content\/uploads\/2022\/04\/ambrogio_feninno_ch.png","gform-image-choice-lg-width":600,"gform-image-choice-lg-height":450}},"cliniques":[{"ID":4239,"post_author":"14","post_date":"2022-04-20 14:37:48","post_date_gmt":"2022-04-20 12:37:48","post_content":"<!-- wp:acf\/two-column {\"name\":\"acf\/two-column\",\"data\":{\"anchor\":\"\",\"_anchor\":\"field_635bd17ffcee6\",\"title\":\"Willkommen bei Adent Genf Charmilles\",\"_title\":\"field_622629438a3e9\",\"columns_0_column_type\":\"text\",\"_columns_0_column_type\":\"field_627221966b517\",\"columns_0_text\":\"\\u003cp data-start=\\u00220\\u0022 data-end=\\u0022441\\u0022\\u003eDas Adent Zahnarztzentrum Gen\u00e8ve-Charmilles empf\u00e4ngt Erwachsene und Kinder in einer warmen, beruhigenden Umgebung, die ganz auf Wohlbefinden und Vertrauen ausgerichtet ist. Zentral in Genf gelegen, direkt neben dem Einkaufszentrum Plan\u00e8te-Charmilles, ist das Zahnarztzentrum optimal erreichbar und eingebettet in ein lebendiges Quartier mit angenehmer, famili\u00e4rer Atmosph\u00e4re. So lassen sich Zahnarztbesuche einfach in den Alltag integrieren.\\u003c\/p\\u003e\\r\\n\\u003cp data-start=\\u0022443\\u0022 data-end=\\u0022985\\u0022\\u003eUnter einem Dach bietet das Adent Zahnarztzentrum Gen\u00e8ve-Charmilles das gesamte Spektrum der modernen Zahnmedizin, einschliesslich Kieferorthop\u00e4die f\u00fcr Kinder, Jugendliche und Erwachsene. Ge\u00f6ffnet von Montag bis Samstag passt sich das Team flexibel an individuelle Bed\u00fcrfnisse an und legt grossen Wert auf qualitativ hochwertige, pers\u00f6nliche und sorgf\u00e4ltig durchgef\u00fchrte Behandlungen. Die engagierten Fachpersonen begleiten jede Patientin und jeden Patienten aufmerksam und professionell, in mehreren Sprachen und stets mit einem offenen Ohr.\\u003c\/p\\u003e\\r\\n\\u003cp data-start=\\u0022987\\u0022 data-end=\\u00221461\\u0022\\u003eEin besonderer Fokus gilt angstbetroffenen Personen, Menschen mit Zahnarztangst sowie Patientinnen und Patienten mit leichten Beeintr\u00e4chtigungen. Dank angepasster Behandlungsmethoden, darunter auch Behandlungen unter Vollnarkose, sorgt das Adent Zahnarztzentrum Gen\u00e8ve-Charmilles f\u00fcr m\u00f6glichst entspannte und komfortable Abl\u00e4ufe. Dieser respektvolle, menschliche Ansatz ist fester Bestandteil der Philosophie des Teams und schafft ein hohes Mass an Sicherheit und Vertrauen.\\u003c\/p\\u003e\\r\\n\\u003cp data-start=\\u00221463\\u0022 data-end=\\u00222222\\u0022 data-is-last-node=\\u0022\\u0022 data-is-only-node=\\u0022\\u0022\\u003eDie Dentalhygienikerinnen spielen eine zentrale Rolle in der Pr\u00e4vention und der langfristigen Mundgesundheit. Mit moderner Zahnreinigung und der Behandlung von Zahnfleischr\u00fcckgang arbeiten sie unter anderem mit der innovativen GBT\u00ae-Technologie von EMS Dental, um Bel\u00e4ge, Zahnstein und Verf\u00e4rbungen schonend zu entfernen. Erg\u00e4nzend werden professionelle Zahnaufhellungen im Zahnarztzentrum oder f\u00fcr zu Hause angeboten, mit individuell angepassten Schienen und unter fachkundiger Kontrolle. Bei zahnmedizinischen Notf\u00e4llen ist zudem eine schnelle, schmerzfreie Betreuung gew\u00e4hrleistet. Verantwortet wird das Zahnarztzentrum von Dr. Ambrogio Feninno, Orthodontist und Chefarzt, dessen Expertise die Qualit\u00e4t und Verl\u00e4sslichkeit der Behandlungen nachhaltig pr\u00e4gt.\\u003c\/p\\u003e\",\"_columns_0_text\":\"field_6226294b8a3ea\",\"columns_0_link_type\":\"none\",\"_columns_0_link_type\":\"field_623833b107a07\",\"columns\":1,\"_columns\":\"field_6238335007a05\"},\"mode\":\"edit\"} \/-->\n\n<!-- wp:acf\/clinique-head {\"name\":\"acf\/clinique-head\",\"data\":{\"members\":[\"1685\"],\"_members\":\"field_622f5635c857c\",\"display_shapes\":\"1\",\"_display_shapes\":\"field_62e25019f6eb2\"},\"mode\":\"edit\"} \/-->\n\n<!-- wp:acf\/members {\"name\":\"acf\/members\",\"data\":{\"format\":\"slider\",\"_format\":\"field_65aa873152dbb\",\"subtitle\":\"Zu Ihren Diensten\",\"_subtitle\":\"field_65aa873152dc2\",\"title\":\"Adent Zahnarztzentrum in Genf Charmilles\",\"_title\":\"field_65aa873152dc9\",\"description\":\"Ein professionelles und herzliches Team, das bereit ist, Sie zu empfangen.\",\"_description\":\"field_65aa873152dcf\",\"button_text\":\"Alle unsere Praktiker\",\"_button_text\":\"field_65aa873152dd6\",\"button_link\":{\"title\":\"\u00c9quipe\",\"url\":\"https:\/\/adent.ch\/equipe\/\",\"target\":\"\"},\"_button_link\":\"field_65aa873152ddc\"},\"mode\":\"edit\"} \/-->\n\n<!-- wp:block {\"ref\":2108} \/-->\n\n<!-- wp:acf\/cta {\"name\":\"acf\/cta\",\"data\":{\"anchor\":\"\",\"_anchor\":\"field_635bcb8d94cbf\",\"type\":\"without_image\",\"_type\":\"field_62149e2d12aaf\",\"subtitle\":\"\",\"_subtitle\":\"field_62149e038cf5c\",\"title\":\"Zahnnotfall? \",\"_title\":\"field_62149edd2d388\",\"text\":\"Rufen Sie unser Zentrum jetzt an f\u00fcr eine schnelle Behandlung.\",\"_text\":\"field_62149e038cf52\",\"button_text\":\"Rufen Sie uns an\",\"_button_text\":\"field_62149f062d389\",\"button_link\":{\"title\":\"\",\"url\":\"tel:+41 22 338 02 00\",\"target\":\"\"},\"_button_link\":\"field_62149f112d38a\",\"button_color\":\"primary\",\"_button_color\":\"field_622b41428312a\",\"link_is_blank\":\"0\",\"_link_is_blank\":\"field_62285a3437980\"},\"mode\":\"edit\"} \/-->","post_title":"Genf Charmilles","post_excerpt":"","post_status":"publish","comment_status":"closed","ping_status":"closed","post_password":"","post_name":"genf-charmilles","to_ping":"","pinged":"","post_modified":"2026-04-16 16:20:12","post_modified_gmt":"2026-04-16 14:20:12","post_content_filtered":"","post_parent":0,"guid":"https:\/\/adent.ch\/clinique\/geneve-charmilles\/","menu_order":0,"post_type":"clinique","post_mime_type":"","comment_count":"0","filter":"raw"}],"soins":[{"ID":4132,"post_author":"14","post_date":"2022-01-01 13:49:42","post_date_gmt":"2022-01-01 12:49:42","post_content":"<!-- wp:acf\/two-column {\"name\":\"acf\/two-column\",\"data\":{\"anchor\":\"\",\"_anchor\":\"field_635bd17ffcee6\",\"title\":\"Ein gesundes L\u00e4cheln f\u00fcr das ganze Leben\",\"_title\":\"field_622629438a3e9\",\"columns_0_column_type\":\"text\",\"_columns_0_column_type\":\"field_627221966b517\",\"columns_0_text\":\"Die Kieferorthop\u00e4die bietet einen doppelten Nutzen: \u00e4sthetische und funktionelle Vorteile. Denn durch die Korrektur von Fehlstellungen, zu wenig oder zu viel Platz f\u00fcr die Z\u00e4hne, kann die Abnutzung langfristig begrenzt und das Z\u00e4hneputzen erleichtert werden. Ausserdem st\u00e4rkt ein gesundes, harmonisches L\u00e4cheln das Selbstbewusstsein.\\r\\n\\r\\nIn unseren \\u003ca href=\\u0022https:\/\/adent.ch\/de\/zahnkliniken\/\\u0022\\u003eAdent-Zahnarztzentren\\u003c\/a\\u003e bieten wir massgeschneiderte kieferorthop\u00e4dische Behandlungen f\u00fcr Erwachsene und Kinder an.\",\"_columns_0_text\":\"field_6226294b8a3ea\",\"columns_0_link_type\":\"none\",\"_columns_0_link_type\":\"field_623833b107a07\",\"columns_1_column_type\":\"text\",\"_columns_1_column_type\":\"field_627221966b517\",\"columns_1_text\":\"Eine pers\u00f6nliche Betreuung erm\u00f6glicht Ihnen, Ihr \u00e4sthetisches L\u00e4cheln und Ihr Wohlbefinden wiederzufinden. Unsere Kieferorthop\u00e4den verwenden \\u003ca href=\\u0022https:\/\/adent.ch\/de\/info\/die-technologien-der-adent-gruppe\/\\u0022\\u003edie neuesten Technologien\\u003c\/a\\u003e und bieten Ihnen je nach Ausgangssituation und gew\u00fcnschtem Ergebnis verschiedene kieferorthop\u00e4dische Behandlungen an. Diskrete Behandlungen (z. B. die kieferorthop\u00e4dische Methode mit \\u003ca href=\\u0022https:\/\/adent.ch\/de\/info\/invisalign-behandlung\/\\u0022\\u003eder transparenten Zahnschiene Invisalign\u00ae)\\u003c\/a\\u003e sind f\u00fcr Erwachsene und junge Erwachsene verf\u00fcgbar. Auch die klassische Zahnspange mit Brackets ist eine wirksame, bekannte und anerkannte Behandlungsmethode.\",\"_columns_1_text\":\"field_6226294b8a3ea\",\"columns_1_link_type\":\"bouton\",\"_columns_1_link_type\":\"field_623833b107a07\",\"columns_1_button_text\":\"Mein Zentrum finden\",\"_columns_1_button_text\":\"field_6227212165677\",\"columns_1_button_link\":{\"title\":\"zahnkliniken\",\"url\":\"https:\/\/adent.ch\/de\/zahnkliniken\/\",\"target\":\"\"},\"_columns_1_button_link\":\"field_6227212f65678\",\"columns_1_link_is_blank\":\"0\",\"_columns_1_link_is_blank\":\"field_6227213d65679\",\"columns\":2,\"_columns\":\"field_6238335007a05\",\"display_shapes\":\"0\",\"_display_shapes\":\"field_62e25403466d9\",\"shapes\":\"shape6\",\"_shapes\":\"field_62262422937e9\"},\"mode\":\"edit\"} \/-->\n\n<!-- wp:acf\/highlight-image {\"name\":\"acf\/highlight-image\",\"data\":{\"title\":\"Welche Techniken gibt es, um meine Z\u00e4hne zu richten?\",\"_title\":\"field_623c21dda6278\",\"blocs_0_image\":3727,\"_blocs_0_image\":\"field_623c222ba627a\",\"blocs_0_title\":\"1. Die vestibul\u00e4ren Brackets\",\"_blocs_0_title\":\"field_623c22c4a627b\",\"blocs_0_description\":\"Unsere Kieferorthop\u00e4den bieten Ihnen festsitzende (sichtbare und unsichtbare) oder herausnehmbare (sichtbare und unsichtbare) Zahnspangen an. Die traditionellen \\u0022Brackets\\u0022 der Zahnspange sind die beliebteste Behandlung. Sie werden einzeln auf jeden Zahn geklebt und ein Metallbogen verbindet die einzelnen Z\u00e4hne miteinander. Zahnspangen (Brackets), die derzeit bekannteste Zahnspange, sind auch in Keramik - zahnfarben - erh\u00e4ltlich. In regelm\u00e4ssigen Abst\u00e4nden werden leichte Spannungen ausge\u00fcbt, die eine sanfte Bewegung der Z\u00e4hne erm\u00f6glichen.\",\"_blocs_0_description\":\"field_623c22cba627c\",\"blocs_0_button_type\":\"button\",\"_blocs_0_button_type\":\"field_623c34377e92d\",\"blocs_0_button_text\":\"Mein Kieferorthop\u00e4de\",\"_blocs_0_button_text\":\"field_623c34767e92e\",\"blocs_0_button_link\":{\"title\":\"\u00c9quipe\",\"url\":\"https:\/\/adent.ch\/de\/team\/\",\"target\":\"_blank\"},\"_blocs_0_button_link\":\"field_623c347f7e92f\",\"blocs_0_is_blank\":\"0\",\"_blocs_0_is_blank\":\"field_623c34b67e930\",\"blocs_1_image\":3734,\"_blocs_1_image\":\"field_623c222ba627a\",\"blocs_1_title\":\"2. Durchsichtige Zahnspange\",\"_blocs_1_title\":\"field_623c22c4a627b\",\"blocs_1_description\":\"Eine kieferorthop\u00e4dische Behandlung ohne Zahnspange ist mit Invisalign\u00ae m\u00f6glich! Bei dieser Technik wird eine Reihe von herausnehmbaren, transparenten Schienen verwendet, um Ihre Z\u00e4hne ohne sichtbaren Dr\u00e4hte oder Brackets auszurichten. Sie tragen jede Serie von Schienen etwa zwei Wochen lang und nehmen sie nur zum Essen, Trinken und Z\u00e4hneputzen heraus. Da Sie jede durchsichtige Schiene durch die n\u00e4chste in der Reihe ersetzen, bewegen sich Ihre Z\u00e4hne Woche f\u00fcr Woche nach und nach, bis sie die endg\u00fcltige Position erreicht haben.\",\"_blocs_1_description\":\"field_623c22cba627c\",\"blocs_1_button_type\":\"button\",\"_blocs_1_button_type\":\"field_623c34377e92d\",\"blocs_1_button_text\":\"Invisalign\u00ae entdecken\",\"_blocs_1_button_text\":\"field_623c34767e92e\",\"blocs_1_button_link\":{\"title\":\"Invisalign Behandlung\",\"url\":\"https:\/\/adent.ch\/de\/info\/invisalign-behandlung\/\",\"target\":\"\"},\"_blocs_1_button_link\":\"field_623c347f7e92f\",\"blocs_1_is_blank\":\"0\",\"_blocs_1_is_blank\":\"field_623c34b67e930\",\"blocs_2_image\":3731,\"_blocs_2_image\":\"field_623c222ba627a\",\"blocs_2_title\":\"3. Die Lingualringe (an den Innenseiten)\",\"_blocs_2_title\":\"field_623c22c4a627b\",\"blocs_2_description\":\"Eine linguale Zahnspange ist eine Zahnspange, die hinter den Z\u00e4hnen und vor der Zunge sitzt (daher der Name: \\u0022lingual\\u0022). Gut versteckt und von aussen v\u00f6llig unsichtbar. Die Brackets sind durch einen Metallbogen miteinander verbunden, der den Druck auf die Z\u00e4hne aus\u00fcbt und sie sanft bewegt, bis die gew\u00fcnschte Ausrichtung erreicht ist.\\r\\nSie k\u00f6nnen aus verschiedenen Materialien und Formen hergestellt werden, je nachdem, welche Marke oder welches Modell der Kieferorthop\u00e4de verwendet.\",\"_blocs_2_description\":\"field_623c22cba627c\",\"blocs_2_button_type\":\"button\",\"_blocs_2_button_type\":\"field_623c34377e92d\",\"blocs_2_button_text\":\"Mein Zentrum finden\",\"_blocs_2_button_text\":\"field_623c34767e92e\",\"blocs_2_button_link\":{\"title\":\"Zahnkliniken\",\"url\":\"https:\/\/adent.ch\/de\/zahnkliniken\/\",\"target\":\"\"},\"_blocs_2_button_link\":\"field_623c347f7e92f\",\"blocs_2_is_blank\":\"0\",\"_blocs_2_is_blank\":\"field_623c34b67e930\",\"blocs\":3,\"_blocs\":\"field_623c21f0a6279\",\"display_shapes\":\"0\",\"_display_shapes\":\"field_62e25104d76c2\",\"shapes\":\"shape1\",\"_shapes\":\"field_623c20cd3ad28\"},\"mode\":\"edit\"} \/-->\n\n<!-- wp:acf\/tab {\"name\":\"acf\/tab\",\"data\":{\"anchor\":\"\",\"_anchor\":\"field_635bd13882c1f\",\"tabs_0_name\":\"Kind\",\"_tabs_0_name\":\"field_624449592e9bd\",\"tabs_0_tab\":13558,\"_tabs_0_tab\":\"field_624449622e9be\",\"tabs_1_name\":\"Erwachsener\",\"_tabs_1_name\":\"field_624449592e9bd\",\"tabs_1_tab\":13559,\"_tabs_1_tab\":\"field_624449622e9be\",\"tabs\":2,\"_tabs\":\"field_624449452e9bc\"},\"mode\":\"edit\"} \/-->\n\n<!-- wp:acf\/cta {\"name\":\"acf\/cta\",\"data\":{\"anchor\":\"\",\"_anchor\":\"field_635bcb8d94cbf\",\"type\":\"without_image\",\"_type\":\"field_62149e2d12aaf\",\"subtitle\":\"Kieferorthop\u00e4die f\u00fcr Kinder und Erwachsene\",\"_subtitle\":\"field_62149e038cf5c\",\"title\":\"Weitere Informationen \u00fcber Kieferorthop\u00e4die?\",\"_title\":\"field_62149edd2d388\",\"text\":\"Vereinbaren Sie einen Termin mit einem\/r Kieferorthop\u00e4den\/in, um die M\u00f6glichkeiten der Zahnstellung zu besprechen.\",\"_text\":\"field_62149e038cf52\",\"button_text\":\"Termin vereinbaren\",\"_button_text\":\"field_62149f062d389\",\"button_link\":{\"title\":\"Termin Vereinbaren\",\"url\":\"https:\/\/adent.ch\/de\/termin-vereinbaren\/\",\"target\":\"\"},\"_button_link\":\"field_62149f112d38a\",\"button_color\":\"primary\",\"_button_color\":\"field_622b41428312a\",\"link_is_blank\":\"0\",\"_link_is_blank\":\"field_62285a3437980\"},\"mode\":\"edit\"} \/-->\n\n<!-- wp:acf\/accordion {\"name\":\"acf\/accordion\",\"data\":{\"anchor\":\"\",\"_anchor\":\"field_635ba74f0bd13\",\"title\":\"FAQ - Kieferorthop\u00e4die f\u00fcr Kinder und Erwachsene\",\"_title\":\"field_626fdcfcf47bb\",\"description\":\"\",\"_description\":\"field_626fdd05f47bc\",\"accordions_0_title\":\"Warum sollte man sich f\u00fcr Kieferorthop\u00e4die entscheiden?\",\"_accordions_0_title\":\"field_626fdd3ff47be\",\"accordions_0_content\":\"An Kieferorthop\u00e4die denkt man oft zuerst aus \u00e4sthetischen Gr\u00fcnden, doch die Vorteile einer kieferorthop\u00e4dischen Behandlung sind weitaus zahlreicher. Denn Z\u00e4hne und Kiefer in Fehlstellungen k\u00f6nnen zu Funktionsst\u00f6rungen f\u00fchren und sind unter Umst\u00e4nden schwer zu reinigen. Eine schlechte Zahnreinigung f\u00fchrt zu einer Ansammlung von Plaque auf den Z\u00e4hnen und tr\u00e4gt zur Entwicklung von Karies und Zahnfleischerkrankungen (z. B. Zahnfleischschwund) bei. Aufgrund der Schmerzen kann das Kauen beeintr\u00e4chtigt werden und weniger effizient sein, was sich auf Ihre Ern\u00e4hrung und Verdauung auswirkt. Zahnfehlstellungen k\u00f6nnen auch zu \u00fcberm\u00e4ssiger Abnutzung der Z\u00e4hne, Schmerzen im Kiefer, im Kopf, im Nacken und in den Gesichtsmuskeln f\u00fchren.\",\"_accordions_0_content\":\"field_626fdd46f47bf\",\"accordions_1_title\":\"Was sind die Vorteile der Kieferorthop\u00e4die?\",\"_accordions_1_title\":\"field_626fdd3ff47be\",\"accordions_1_content\":\"Die Vorteile einer kieferorthop\u00e4dischen Behandlung mithilfe einer Zahnspange oder \\u003ca href=\\u0022https:\/\/adent.ch\/de\/info\/invisalign-behandlung\/\\u0022\\u003eeiner transparenten Invisalign\u00ae-Schiene\\u003c\/a\\u003e (z. B. bei Kindern oder Erwachsenen) sind vielf\u00e4ltig.\\r\\n\\u003col\\u003e\\r\\n \\t\\u003cli\\u003eStellt einen optimalen Biss wieder her: Ein guter Kontakt zwischen den oberen und unteren Z\u00e4hnen f\u00f6rdert das richtige Kauen.\\u003c\/li\\u003e\\r\\n \\t\\u003cli\\u003eVerhindert Zahnabnutzung: Wenn die Ausrichtung optimal ist, wird die Zahnabnutzung minimiert. Ihr Zahnschmelz sowie die Form Ihrer Z\u00e4hne bleiben erhalten.\\u003c\/li\\u003e\\r\\n \\t\\u003cli\\u003eSorgt f\u00fcr eine bessere Mundgesundheit: Anomalien in der Stellung Ihrer Z\u00e4hne oder Ihres Kiefers k\u00f6nnen zu Schmerzen und Entz\u00fcndungen des Zahnfleisches f\u00fchren. Harmonisch ausgerichtete Z\u00e4hne bieten einen besseren Zugang f\u00fcr die Reinigung.\\u003c\/li\\u003e\\r\\n \\t\\u003cli\\u003eStellt ein harmonisches Erscheinungsbild wieder her: Eine optimale Ausrichtung verleiht Selbstvertrauen. Finden Sie zu einem strahlenden L\u00e4cheln zur\u00fcck und steigern Sie Ihr Selbstvertrauen.\\u003c\/li\\u003e\\r\\n\\u003c\/ol\\u003e\",\"_accordions_1_content\":\"field_626fdd46f47bf\",\"accordions_2_title\":\"Wie viel kostet eine kieferorthop\u00e4dische Behandlung?\",\"_accordions_2_title\":\"field_626fdd3ff47be\",\"accordions_2_content\":\"Die Kosten f\u00fcr eine kieferorthop\u00e4dische Behandlung k\u00f6nnen erst nach einer umfassenden zahn\u00e4rztlichen Kontrolle bei Ihrem Kieferorthop\u00e4den festgelegt werden. Die Kontrolle wird im Zahnarztzentrum in Anwesenheit der Fachkraft durchgef\u00fchrt. Der Kieferorthop\u00e4de erh\u00e4lt so einen \u00dcberblick \u00fcber Ihren aktuellen Mund- und Zahnstatus und kann sich bei der vollst\u00e4ndigen Untersuchung auf das Vorhandensein von R\u00f6ntgenbildern st\u00fctzen. Sie besprechen die verschiedenen Behandlungsm\u00f6glichkeiten und legen gemeinsam das gew\u00fcnschte Ergebnis fest. Der Preis f\u00fcr eine kieferorthop\u00e4dische Behandlung wird daher erst nach einer Untersuchung durch einen unserer Experten f\u00fcr Kieferorthop\u00e4die festgelegt. Dabei sind mehrere Faktoren zu ber\u00fccksichtigen:\\r\\n\\u003cul\\u003e\\r\\n \\t\\u003cli\\u003edie verwendete Technik\\u003c\/li\\u003e\\r\\n \\t\\u003cli\\u003edie Dauer der Behandlung\\u003c\/li\\u003e\\r\\n \\t\\u003cli\\u003evorhandene Fehlstellungen\\u003c\/li\\u003e\\r\\n \\t\\u003cli\\u003edas gew\u00fcnschte Endergebnis beeinflusst auch die Kosten der Behandlung\\u003c\/li\\u003e\\r\\n\\u003c\/ul\\u003e\\r\\nDiese verschiedenen Aspekte sollten mit unseren Kieferorthop\u00e4den besprochen werden.\\r\\n\\r\\n\\u003ca href=\\u0022https:\/\/adent.ch\/de\/team\/?care_id=4132\\u0022\\u003eFinden Sie Ihren Kieferorthop\u00e4den.\\u003c\/a\\u003e\",\"_accordions_2_content\":\"field_626fdd46f47bf\",\"accordions_3_title\":\"Wie kann ich w\u00e4hrend meiner Behandlung den Kieferorthop\u00e4den in der Schweiz wechseln?\",\"_accordions_3_title\":\"field_626fdd3ff47be\",\"accordions_3_content\":\"Den Kieferorthop\u00e4den w\u00e4hrend der Behandlung zu wechseln, ist durchaus m\u00f6glich und kann verschiedene Gr\u00fcnde haben, z. B. einen Umzug, Unzufriedenheit mit der aktuellen Behandlung, Kommunikationsprobleme mit dem aktuellen Behandler oder eine Pr\u00e4ferenz f\u00fcr eine andere Art von Zahnspange.\\r\\n\\r\\nUm den Kieferorthop\u00e4den zu wechseln, m\u00fcssen Sie mehrere wichtige Schritte unternehmen:\\r\\n\\u003col\\u003e\\r\\n \\t\\u003cli\\u003eInformieren Sie Ihren derzeitigen Kieferorthop\u00e4den \u00fcber Ihre Entscheidung. Er ist f\u00fcr die Wartung Ihrer kieferorthop\u00e4dischen Ger\u00e4te und die \u00dcberwachung Ihrer Mundgesundheit verantwortlich und muss Ihre Unterlagen und alle relevanten Informationen an den neuen Zahnarzt weiterleiten.\\u003c\/li\\u003e\\r\\n \\t\\u003cli\\u003eVereinbaren Sie einen Termin f\u00fcr eine erste Beratung mit dem neuen Kieferorthop\u00e4den. Dieser Termin erm\u00f6glicht es dem neuen Spezialisten, Ihre Mundgesundheit zu beurteilen und die Komplexit\u00e4t Ihres Falls zu verstehen. Es ist auch sehr wichtig, dass Sie alle Unterlagen \u00fcber Ihre aktuelle Behandlung mitbringen, z. B. R\u00f6ntgenbilder oder Zahnabdr\u00fccke.\\u003c\/li\\u003e\\r\\n \\t\\u003cli\\u003eSorgen Sie f\u00fcr eine transparente Kommunikation mit dem neuen Kieferorthop\u00e4den. Erkl\u00e4ren Sie Ihre Erwartungen und die Gr\u00fcnde, warum Sie sich f\u00fcr einen Wechsel des Kieferorthop\u00e4den entschieden haben. Es ist wichtig, dass der neue Kieferorthop\u00e4de Ihre Bed\u00fcrfnisse und Vorlieben versteht, damit die Behandlung erfolgreich fortgesetzt werden kann.\\u003c\/li\\u003e\\r\\n\\u003c\/ol\\u003e\",\"_accordions_3_content\":\"field_626fdd46f47bf\",\"accordions_4_title\":\"Wird die Kieferorthop\u00e4die in der Schweiz erstattet?\",\"_accordions_4_title\":\"field_626fdd3ff47be\",\"accordions_4_content\":\"In der Schweiz werden kieferorthop\u00e4dische Behandlungen nicht von der Grundversicherung der Krankenkasse (KVG) gedeckt, die Zahnbehandlungen wird nur dann verg\u00fctet, wenn sie aufgrund einer schweren Krankheit oder eines Unfalls notwendig ist. Um eine Erstattung der Kosten f\u00fcr Kieferorthop\u00e4die zu erhalten, ist es wichtig, eine Zahnzusatzversicherung abzuschliessen.\\r\\n\\r\\nHier sind einige Schl\u00fcsselpunkte zur Erstattung kieferorthop\u00e4discher Behandlungen durch die Zusatzversicherungen in der Schweiz :\\r\\n\\u003cul\\u003e\\r\\n \\t\\u003cli\\u003eIn den Vertr\u00e4gen wird der Prozentsatz der Deckung angegeben, der zwischen 50% und 90% liegen kann, und der Restbetrag ist vom Patienten zu tragen.\\u003c\/li\\u003e\\r\\n \\t\\u003cli\\u003eDie Versicherungen k\u00f6nnen ein H\u00f6chstalter f\u00fcr die Kosten\u00fcbernahme angeben, das h\u00e4ufig zwischen 18 und 25 Jahren liegt, nach dem sie die Kosten f\u00fcr Kieferorthop\u00e4die nicht mehr \u00fcbernehmen.\\u003c\/li\\u003e\\r\\n \\t\\u003cli\\u003eEs kann eine Jahres- oder Gesamtobergrenze f\u00fcr die Erstattung der Behandlungskosten geben, die den Betrag begrenzt, den die Versicherung im Jahr oder \u00fcber die gesamte Dauer der Behandlung zahlt.\\u003c\/li\\u003e\\r\\n\\u003c\/ul\\u003e\\r\\nIm Durchschnitt bieten die Zusatzversicherungen eine R\u00fcckerstattung von 75% an, wobei die j\u00e4hrlichen H\u00f6chstgrenzen in der Regel zwischen CHF 1'000 und CHF 15'000 liegen. Es wird empfohlen, eine Versicherung mit einer maximalen Deckungssumme von mindestens CHF 5'000 zu haben, um gut versichert zu sein.\\r\\n\\r\\nBei Kindern k\u00f6nnen die Einzelheiten der Erstattung variieren, und es ist ratsam, die Leistungen der verschiedenen Versicherungsgesellschaften zu vergleichen. In der Regel m\u00fcssen Sie auch mit dem Versicherungsschutz immer einen Teil der Kosten selbst tragen.\",\"_accordions_4_content\":\"field_626fdd46f47bf\",\"accordions\":5,\"_accordions\":\"field_626fdd1ff47bd\",\"button_button_text\":\"\",\"_button_button_text\":\"field_635b9f5d3ed5e\",\"button_button_link\":\"\",\"_button_button_link\":\"field_635b9f7c3ed5f\",\"button\":\"\",\"_button\":\"field_635b9f2e3ed5d\"},\"mode\":\"edit\"} \/-->","post_title":"Kieferorthop\u00e4die f\u00fcr Kinder und Erwachsene","post_excerpt":"","post_status":"publish","comment_status":"closed","ping_status":"closed","post_password":"","post_name":"kieferorthopaedie-fuer-kinder-und-erwachsene","to_ping":"","pinged":"","post_modified":"2026-02-23 10:45:33","post_modified_gmt":"2026-02-23 09:45:33","post_content_filtered":"","post_parent":0,"guid":"https:\/\/adent.ch\/soin\/orthodontie-pour-enfants-et-adultes\/","menu_order":0,"post_type":"soin","post_mime_type":"","comment_count":"0","filter":"raw"},{"ID":4140,"post_author":"14","post_date":"2022-01-03 13:50:41","post_date_gmt":"2022-01-03 12:50:41","post_content":"<!-- wp:acf\/two-column {\"name\":\"acf\/two-column\",\"data\":{\"anchor\":\"\",\"_anchor\":\"field_635bd17ffcee6\",\"title\":\"Das Beste fu\u0308r kleine La\u0308cheln.\",\"_title\":\"field_622629438a3e9\",\"columns_0_column_type\":\"text\",\"_columns_0_column_type\":\"field_627221966b517\",\"columns_0_text\":\"Unsere Kinderzahn\u00e4rzte sind in einem kindgerechten psychologischen und p\u00e4dagogischen Ansatz geschult. Ihre Aufgabe ist es, zu beruhigen und mit einem altersgerechten Vokabular zu sprechen, um ein Klima des Vertrauens zu schaffen.\\r\\n\\r\\nWir f\u00fchren alle Arten von Zahnbehandlungen bei Kindern durch.\\r\\n\\u003cul\\u003e\\r\\n \\t\\u003cli\\u003eKariesbehandlung\\u003c\/li\\u003e\\r\\n \\t\\u003cli\\u003eabgebrochener Zahn\\u003c\/li\\u003e\\r\\n \\t\\u003cli\\u003e\\u003ca href=\\u0022https:\/\/adent.ch\/de\/behandlung\/zahnsteinentfernung-und-zahnhygiene\/\\u0022\\u003eZahnreinigung\\u003c\/a\\u003e\\u003c\/li\\u003e\\r\\n \\t\\u003cli\\u003eTipps zum B\u00fcrsten\\u003c\/li\\u003e\\r\\n \\t\\u003cli\\u003e\\u003ca href=\\u0022https:\/\/adent.ch\/de\/behandlung\/kieferorthopaedie-fuer-kinder-und-erwachsene\/\\u0022\\u003eKieferorthop\u00e4de\\u003c\/a\\u003e\\u003c\/li\\u003e\\r\\n\\u003c\/ul\\u003e\",\"_columns_0_text\":\"field_6226294b8a3ea\",\"columns_0_link_type\":\"bouton\",\"_columns_0_link_type\":\"field_623833b107a07\",\"columns_0_button_text\":\"Termin vereinbaren\",\"_columns_0_button_text\":\"field_6227212165677\",\"columns_0_button_link\":{\"title\":\"Termin Vereinbaren\",\"url\":\"https:\/\/adent.ch\/de\/termin-vereinbaren\/\",\"target\":\"\"},\"_columns_0_button_link\":\"field_6227212f65678\",\"columns_0_link_is_blank\":\"0\",\"_columns_0_link_is_blank\":\"field_6227213d65679\",\"columns_1_column_type\":\"image_video\",\"_columns_1_column_type\":\"field_627221966b517\",\"columns_1_image_video_type\":\"image\",\"_columns_1_image_video_type\":\"field_627222596b51c\",\"columns_1_image\":16375,\"_columns_1_image\":\"field_627222856b51d\",\"columns\":2,\"_columns\":\"field_6238335007a05\"},\"mode\":\"edit\"} \/-->\n\n<!-- wp:acf\/two-column {\"name\":\"acf\/two-column\",\"data\":{\"anchor\":\"\",\"_anchor\":\"field_635bd17ffcee6\",\"title\":\"Kieferorthop\u00e4dische Behandlungen\",\"_title\":\"field_622629438a3e9\",\"columns_0_column_type\":\"text\",\"_columns_0_column_type\":\"field_627221966b517\",\"columns_0_text\":\"Unsere Zahn\u00e4rzte, die sich auf Kieferorthop\u00e4die spezialisiert haben, bieten kieferorthop\u00e4dische Behandlung f\u00fcr Kinder an. Eine kieferorthop\u00e4dische Behandlung kann in jedem Alter begonnen werden, aber die meisten Eltern w\u00fcnschen sich f\u00fcr ihre Kinder eine fr\u00fchzeitige Behandlung. Je nach Art der erforderlichen Behandlung kann eine erste Phase des Abfangens von Kieferorthop\u00e4den bereits ab dem 4. Lebensjahr stattfinden. In den Adent Zahnarztzentren werden verschiedene kieferorthop\u00e4dische Behandlungen angeboten, die sich an die jeweilige Mundsituation anpassen. Weitere Informationen finden Sie \\u003ca href=\\u0022https:\/\/adent.ch\/de\/behandlung\/kieferorthopaedie-fuer-kinder-und-erwachsene\/\\u0022\\u003eauf unserer Seite \u00fcber Kieferorthop\u00e4de f\u00fcr Kinder\\u003c\/a\\u003e!\\r\\n\\r\\nZus\u00e4tzlich zu diesen zahn\u00e4rztlichen Behandlungen erkl\u00e4ren unsere diplomierten Dentalhygienikerinnen mit p\u00e4dagogischen Methoden, wie Z\u00e4hne und Zahnfleisch gesund erhalten werden k\u00f6nnen. Unsere Fachgebiete f\u00fcr zahn\u00e4rztliche Pr\u00e4vention helfen ihnen, die richtigen Verhaltensweisen zu erlernen, sobald sie die ersten Z\u00e4hne bekommen.\\r\\n\\r\\nHaben Sie Fragen zur Zahnhygiene bei Babys oder Jugendlichen? \\u003ca href=\\u0022https:\/\/adent.ch\/de\/behandlung\/zahnsteinentfernung-und-zahnhygiene\/\\u0022\\u003eBesuchen Sie unsere Seite zu diesen Themen\\u003c\/a\\u003e!\",\"_columns_0_text\":\"field_6226294b8a3ea\",\"columns_0_link_type\":\"bouton\",\"_columns_0_link_type\":\"field_623833b107a07\",\"columns_0_button_text\":\"Termin vereinbaren\",\"_columns_0_button_text\":\"field_6227212165677\",\"columns_0_button_link\":{\"title\":\"Termin Vereinbaren\",\"url\":\"https:\/\/adent.ch\/de\/termin-vereinbaren\/\",\"target\":\"\"},\"_columns_0_button_link\":\"field_6227212f65678\",\"columns_0_link_is_blank\":\"0\",\"_columns_0_link_is_blank\":\"field_6227213d65679\",\"columns_1_column_type\":\"text\",\"_columns_1_column_type\":\"field_627221966b517\",\"columns_1_text\":\"Jeder Zahn muss t\u00e4glich gereinigt werden, egal wie klein er ist. Nach der Nahrungsaufnahme bildet sich ein Biofilm auf der Oberfl\u00e4che des Zahnschmelzes. Dieser Biofilm entwickelt sich weiter, wenn er nicht regelm\u00e4\u00dfig gereinigt wird. Dies f\u00fchrt zu wei\u00dfen, weichen Ablagerungen auf der Oberfl\u00e4che der Z\u00e4hne, die als Plaque bezeichnet werden. Zahnbelag besteht unter anderem aus Bakterien. Bakterien k\u00f6nnen Karies verursachen, wenn die Reinigung nicht regelm\u00e4ssig erfolgt. Plaque kann sich auch zu Zahnstein entwickeln, einem harten, wei\u00dfen Belag, der mit der Zahnb\u00fcrste nicht entfernt werden kann.\\r\\n\\r\\nAuch wenn dies selten vorkommt, kann sich ein Schaden an einem Milchzahn auf einen Erwachsenenzahn auswirken. Die Keime der erwachsenen Z\u00e4hne, die sich unter dem Zahnfleisch bilden, sind empfindlich. Sie k\u00f6nnen besch\u00e4digt werden, wenn ein Milchzahn infiziert wird.\\r\\n\\r\\nHeutzutage gibt es eine breite Palette von Hilfsmitteln f\u00fcr die Zahnreinigung bei Kindern. Sie k\u00f6nnen leicht elektrische Zahnb\u00fcrsten, Zahnseide in Tierform, bunte Kinderzahnb\u00fcrsten usw. erwerben. Diese Hilfsmittel helfen Ihnen dabei, die Mundhygiene Ihres Kindes zu verbessern. Lassen Sie sich von \\u003ca href=\\u0022https:\/\/adent.ch\/de\/team\/?care_id=4134\\u0022\\u003eunseren Dentalhygienikerinnen\\u003c\/a\\u003e beraten.\",\"_columns_1_text\":\"field_6226294b8a3ea\",\"columns_1_link_type\":\"bouton\",\"_columns_1_link_type\":\"field_623833b107a07\",\"columns_1_button_text\":\"Zahnreinigung und Zahnhygiene\",\"_columns_1_button_text\":\"field_6227212165677\",\"columns_1_button_link\":{\"title\":\"Zahnreinigung und Zahnhygiene\",\"url\":\"https:\/\/adent.ch\/de\/behandlung\/zahnsteinentfernung-und-zahnhygiene\/\",\"target\":\"\"},\"_columns_1_button_link\":\"field_6227212f65678\",\"columns_1_link_is_blank\":\"0\",\"_columns_1_link_is_blank\":\"field_6227213d65679\",\"columns\":2,\"_columns\":\"field_6238335007a05\"},\"mode\":\"edit\"} \/-->\n\n<!-- wp:acf\/two-column {\"name\":\"acf\/two-column\",\"data\":{\"anchor\":\"Zahnarztangst\",\"_anchor\":\"field_635bd17ffcee6\",\"title\":\"Mein Kind hat Angst vor dem Zahnarzt, was kann ich tun?\",\"_title\":\"field_622629438a3e9\",\"columns_0_column_type\":\"text\",\"_columns_0_column_type\":\"field_627221966b517\",\"columns_0_text\":\"F\u00fcr Kinder mit Phobie oder Angst vor dem Zahnarzt haben wir L\u00f6sungen! Unsere Zahn\u00e4rzte bieten Lachgas- und Hypnosebehandlungen an, die auch bei Kindern einfach und sicher durchzuf\u00fchren sind. Weitere Informationen finden Sie hier.\",\"_columns_0_text\":\"field_6226294b8a3ea\",\"columns_0_link_type\":\"none\",\"_columns_0_link_type\":\"field_623833b107a07\",\"columns\":1,\"_columns\":\"field_6238335007a05\"},\"mode\":\"edit\"} \/-->\n\n<!-- wp:acf\/highlight-image {\"name\":\"acf\/highlight-image\",\"data\":{\"title\":\"Wie kann ich Zahnprobleme bei meinem Kind vermeiden?\",\"_title\":\"field_623c21dda6278\",\"blocs_0_image\":16307,\"_blocs_0_image\":\"field_623c222ba627a\",\"blocs_0_title\":\"Geben Sie gute Gewohnheiten weiter!\",\"_blocs_0_title\":\"field_623c22c4a627b\",\"blocs_0_description\":\"Das Z\u00e4hneputzen wird 3x\/Tag empfohlen: Putzen Sie die Z\u00e4hne nach jeder Mahlzeit und vermeiden Sie bei Ihren Kindern das st\u00e4ndige Naschen von S\u00fcssigkeiten, da dies Karies und Schmerzen verursachen kann.\",\"_blocs_0_description\":\"field_623c22cba627c\",\"blocs_0_button_type\":\"none\",\"_blocs_0_button_type\":\"field_623c34377e92d\",\"blocs_1_image\":16347,\"_blocs_1_image\":\"field_623c222ba627a\",\"blocs_1_title\":\"B\u00fcrsten ab den ersten Z\u00e4hnen.\",\"_blocs_1_title\":\"field_623c22c4a627b\",\"blocs_1_description\":\"Dies kann eine schwierige Aufgabe sein, aber alle Z\u00e4hne, auch wenn sie noch so klein sind, m\u00fcssen t\u00e4glich gereinigt werden. Tragen Sie ab dem ersten Zahn bis zum Alter von ca. 3 Jahren Zahnpasta in der Gr\u00f6sse eines Reiskorns auf, danach in der Gr\u00f6sse einer Erbse.\",\"_blocs_1_description\":\"field_623c22cba627c\",\"blocs_1_button_type\":\"none\",\"_blocs_1_button_type\":\"field_623c34377e92d\",\"blocs_2_image\":16350,\"_blocs_2_image\":\"field_623c222ba627a\",\"blocs_2_title\":\"S\u00fcssigkeiten ja, mit Sympadent\u00ae!\",\"_blocs_2_title\":\"field_623c22c4a627b\",\"blocs_2_description\":\"Bevorzugen Sie \\u003ca href=\\u0022https:\/\/zahnfreundlich.ch\/lassociation-sympadent-sengage-pour-des-dents-denfant-saines\/?lang=fr\\u0022 target=\\u0022_blank\\u0022 rel=\\u0022noopener\\u0022\\u003eSympadent\u00ae Bonbons\\u003c\/a\\u003e: Sie wurden getestet und f\u00fcr gut befunden. Diese S\u00fcssigkeiten schonen die Z\u00e4hne von Kindern und Erwachsenen. Sie k\u00f6nnen es in verschiedenen Gesch\u00e4ften in der Schweiz kaufen. Achten Sie auf das Zahnlogo unter dem Regenschirm.\",\"_blocs_2_description\":\"field_623c22cba627c\",\"blocs_2_button_type\":\"none\",\"_blocs_2_button_type\":\"field_623c34377e92d\",\"blocs_3_image\":16562,\"_blocs_3_image\":\"field_623c222ba627a\",\"blocs_3_title\":\"Alles miteinander teilen? Ja, aber...\",\"_blocs_3_title\":\"field_623c22c4a627b\",\"blocs_3_description\":\"Vermeiden Sie es, den L\u00f6ffel oder andere Gegenst\u00e4nde in den Mund zu nehmen, bevor Sie sie Ihrem Baby geben: Karies verursachende Bakterien werden \u00fcbertragen.\",\"_blocs_3_description\":\"field_623c22cba627c\",\"blocs_3_button_type\":\"none\",\"_blocs_3_button_type\":\"field_623c34377e92d\",\"blocs_4_image\":16311,\"_blocs_4_image\":\"field_623c222ba627a\",\"blocs_4_title\":\"Eine zus\u00e4tzliche Hilfe f\u00fcr eine optimale Reinigung.\",\"_blocs_4_title\":\"field_623c22c4a627b\",\"blocs_4_description\":\"Elektrische Zahnb\u00fcrsten sind eine gute Hilfe f\u00fcr Ihr Kind. Dies erleichtert das B\u00fcrsten und ermutigt sie. Unsere Dentalhygienikerinnen beraten Sie gerne.\",\"_blocs_4_description\":\"field_623c22cba627c\",\"blocs_4_button_type\":\"none\",\"_blocs_4_button_type\":\"field_623c34377e92d\",\"blocs_5_image\":16353,\"_blocs_5_image\":\"field_623c222ba627a\",\"blocs_5_title\":\"Eine fluoridierte Zahnpasta, die f\u00fcr sein Alter geeignet ist.\",\"_blocs_5_title\":\"field_623c22c4a627b\",\"blocs_5_description\":\"Fluor sch\u00fctzt die Z\u00e4hne vor Karies. Sie finden leicht Zahnpasta f\u00fcr Kinder unter 6 Jahren, f\u00fcr Kinder von 6 bis 12 Jahren und f\u00fcr Erwachsene. Wechseln Sie den Geschmack der Zahnpasta regelm\u00e4ssig: Kinder m\u00f6gen Abwechslung.\",\"_blocs_5_description\":\"field_623c22cba627c\",\"blocs_5_button_type\":\"none\",\"_blocs_5_button_type\":\"field_623c34377e92d\",\"blocs\":6,\"_blocs\":\"field_623c21f0a6279\"},\"mode\":\"edit\"} \/-->\n\n<!-- wp:acf\/cta {\"name\":\"acf\/cta\",\"data\":{\"anchor\":\"\",\"_anchor\":\"field_635bcb8d94cbf\",\"type\":\"without_image\",\"_type\":\"field_62149e2d12aaf\",\"subtitle\":\"Zahnpflege f\u00fcr Kinder\",\"_subtitle\":\"field_62149e038cf5c\",\"title\":\"Haben Sie Fragen?\",\"_title\":\"field_62149edd2d388\",\"text\":\"Kontaktieren Sie unsere Zahn\u00e4rzte, die auf die Behandlung von Kindern spezialisiert sind.\",\"_text\":\"field_62149e038cf52\",\"button_text\":\"Einen spezialisierten Zahnarzt finden\",\"_button_text\":\"field_62149f062d389\",\"button_link\":{\"title\":\"Team\",\"url\":\"https:\/\/adent.ch\/de\/team\/?care_id=4140\",\"target\":\"\"},\"_button_link\":\"field_62149f112d38a\",\"button_color\":\"primary\",\"_button_color\":\"field_622b41428312a\",\"link_is_blank\":\"0\",\"_link_is_blank\":\"field_62285a3437980\"},\"mode\":\"edit\"} \/-->","post_title":"Zahnpflege f\u00fcr Kinder","post_excerpt":"","post_status":"publish","comment_status":"closed","ping_status":"closed","post_password":"","post_name":"zahnbehandlung-fuer-kinder","to_ping":"","pinged":"","post_modified":"2026-01-19 15:07:44","post_modified_gmt":"2026-01-19 14:07:44","post_content_filtered":"","post_parent":0,"guid":"https:\/\/adent.ch\/soin\/soins-dentaires-pour-les-enfants\/","menu_order":0,"post_type":"soin","post_mime_type":"","comment_count":"0","filter":"raw"}]},"yoast_head":"<!-- This site is optimized with the Yoast SEO plugin v27.5 - https:\/\/yoast.com\/product\/yoast-seo-wordpress\/ -->\n<title>Ambrogio FENINNO | Adent Zahnarztzentrum<\/title>\n<meta name=\"description\" content=\"Der Oberarzt Dr. Ambrogio Feninno ist Fachzahnarzt f\u00fcr Kieferorthop\u00e4die. Er praktiziert am Zentrum f\u00fcr Zahnmedizin Adent in Genf-Charmilles.\" \/>\n<meta name=\"robots\" content=\"index, follow, max-snippet:-1, max-image-preview:large, max-video-preview:-1\" \/>\n<link rel=\"canonical\" href=\"https:\/\/adent.ch\/de\/zahnarzt\/ambrogio-feninno\/\" \/>\n<meta property=\"og:locale\" content=\"de_DE\" \/>\n<meta property=\"og:type\" content=\"article\" \/>\n<meta property=\"og:title\" content=\"Ambrogio FENINNO | Adent Zahnarztzentrum\" \/>\n<meta property=\"og:description\" content=\"Der Oberarzt Dr. Ambrogio Feninno ist Fachzahnarzt f\u00fcr Kieferorthop\u00e4die. Er praktiziert am Zentrum f\u00fcr Zahnmedizin Adent in Genf-Charmilles.\" \/>\n<meta property=\"og:url\" content=\"https:\/\/adent.ch\/de\/zahnarzt\/ambrogio-feninno\/\" \/>\n<meta property=\"og:site_name\" content=\"Adent Zahnarztzentrum\" \/>\n<meta property=\"article:publisher\" content=\"https:\/\/www.facebook.com\/adentcliniquesdentaires\/\" \/>\n<meta property=\"article:modified_time\" content=\"2025-09-24T09:31:50+00:00\" \/>\n<meta property=\"og:image\" content=\"https:\/\/adent.ch\/wp-content\/uploads\/2024\/04\/adent-aubonne-mai-2022-igor-laski-web-hd-srvb-48.jpg\" \/>\n\t<meta property=\"og:image:width\" content=\"1619\" \/>\n\t<meta property=\"og:image:height\" content=\"1080\" \/>\n\t<meta property=\"og:image:type\" content=\"image\/jpeg\" \/>\n<meta name=\"twitter:card\" content=\"summary_large_image\" \/>\n<script type=\"application\/ld+json\" class=\"yoast-schema-graph\">{\"@context\":\"https:\\\/\\\/schema.org\",\"@graph\":[{\"@type\":\"WebPage\",\"@id\":\"https:\\\/\\\/adent.ch\\\/de\\\/zahnarzt\\\/ambrogio-feninno\\\/\",\"url\":\"https:\\\/\\\/adent.ch\\\/de\\\/zahnarzt\\\/ambrogio-feninno\\\/\",\"name\":\"Ambrogio FENINNO | Adent Zahnarztzentrum\",\"isPartOf\":{\"@id\":\"https:\\\/\\\/adent.ch\\\/de\\\/#website\"},\"datePublished\":\"2022-04-24T13:07:08+00:00\",\"dateModified\":\"2025-09-24T09:31:50+00:00\",\"description\":\"Der Oberarzt Dr. Ambrogio Feninno ist Fachzahnarzt f\u00fcr Kieferorthop\u00e4die. Er praktiziert am Zentrum f\u00fcr Zahnmedizin Adent in Genf-Charmilles.\",\"breadcrumb\":{\"@id\":\"https:\\\/\\\/adent.ch\\\/de\\\/zahnarzt\\\/ambrogio-feninno\\\/#breadcrumb\"},\"inLanguage\":\"de-CH\",\"potentialAction\":[{\"@type\":\"ReadAction\",\"target\":[\"https:\\\/\\\/adent.ch\\\/de\\\/zahnarzt\\\/ambrogio-feninno\\\/\"]}]},{\"@type\":\"BreadcrumbList\",\"@id\":\"https:\\\/\\\/adent.ch\\\/de\\\/zahnarzt\\\/ambrogio-feninno\\\/#breadcrumb\",\"itemListElement\":[{\"@type\":\"ListItem\",\"position\":1,\"name\":\"Team\",\"item\":\"https:\\\/\\\/adent.ch\\\/de\\\/team\\\/\"},{\"@type\":\"ListItem\",\"position\":2,\"name\":\"Ambrogio FENINNO\"}]},{\"@type\":\"WebSite\",\"@id\":\"https:\\\/\\\/adent.ch\\\/de\\\/#website\",\"url\":\"https:\\\/\\\/adent.ch\\\/de\\\/\",\"name\":\"Adent Zahnarztzentrum\",\"description\":\"\",\"publisher\":{\"@id\":\"https:\\\/\\\/adent.ch\\\/de\\\/#organization\"},\"potentialAction\":[{\"@type\":\"SearchAction\",\"target\":{\"@type\":\"EntryPoint\",\"urlTemplate\":\"https:\\\/\\\/adent.ch\\\/de\\\/?s={search_term_string}\"},\"query-input\":{\"@type\":\"PropertyValueSpecification\",\"valueRequired\":true,\"valueName\":\"search_term_string\"}}],\"inLanguage\":\"de-CH\"},{\"@type\":\"Organization\",\"@id\":\"https:\\\/\\\/adent.ch\\\/de\\\/#organization\",\"name\":\"Adent Cliniques Dentaires\",\"url\":\"https:\\\/\\\/adent.ch\\\/de\\\/\",\"logo\":{\"@type\":\"ImageObject\",\"inLanguage\":\"de-CH\",\"@id\":\"https:\\\/\\\/adent.ch\\\/de\\\/#\\\/schema\\\/logo\\\/image\\\/\",\"url\":\"https:\\\/\\\/adent.ch\\\/wp-content\\\/uploads\\\/2022\\\/09\\\/adent-habefast-logo-2018-fr-05032019-rvb-scaled.jpg\",\"contentUrl\":\"https:\\\/\\\/adent.ch\\\/wp-content\\\/uploads\\\/2022\\\/09\\\/adent-habefast-logo-2018-fr-05032019-rvb-scaled.jpg\",\"width\":2880,\"height\":750,\"caption\":\"Adent Cliniques Dentaires\"},\"image\":{\"@id\":\"https:\\\/\\\/adent.ch\\\/de\\\/#\\\/schema\\\/logo\\\/image\\\/\"},\"sameAs\":[\"https:\\\/\\\/www.facebook.com\\\/adentcliniquesdentaires\\\/\",\"https:\\\/\\\/www.instagram.com\\\/adent.ch\\\/\",\"https:\\\/\\\/www.youtube.com\\\/channel\\\/UCPd5UjY-ipuq3MhW6m0W-wg\",\"https:\\\/\\\/www.linkedin.com\\\/company\\\/adent-cliniques-dentaires\\\/?originalSubdomain=ch\"]}]}<\/script>\n<!-- \/ Yoast SEO plugin. -->","yoast_head_json":{"title":"Ambrogio FENINNO | Adent Zahnarztzentrum","description":"Der Oberarzt Dr. Ambrogio Feninno ist Fachzahnarzt f\u00fcr Kieferorthop\u00e4die. Er praktiziert am Zentrum f\u00fcr Zahnmedizin Adent in Genf-Charmilles.","robots":{"index":"index","follow":"follow","max-snippet":"max-snippet:-1","max-image-preview":"max-image-preview:large","max-video-preview":"max-video-preview:-1"},"canonical":"https:\/\/adent.ch\/de\/zahnarzt\/ambrogio-feninno\/","og_locale":"de_DE","og_type":"article","og_title":"Ambrogio FENINNO | Adent Zahnarztzentrum","og_description":"Der Oberarzt Dr. Ambrogio Feninno ist Fachzahnarzt f\u00fcr Kieferorthop\u00e4die. Er praktiziert am Zentrum f\u00fcr Zahnmedizin Adent in Genf-Charmilles.","og_url":"https:\/\/adent.ch\/de\/zahnarzt\/ambrogio-feninno\/","og_site_name":"Adent Zahnarztzentrum","article_publisher":"https:\/\/www.facebook.com\/adentcliniquesdentaires\/","article_modified_time":"2025-09-24T09:31:50+00:00","og_image":[{"width":1619,"height":1080,"url":"https:\/\/adent.ch\/wp-content\/uploads\/2024\/04\/adent-aubonne-mai-2022-igor-laski-web-hd-srvb-48.jpg","type":"image\/jpeg"}],"twitter_card":"summary_large_image","schema":{"@context":"https:\/\/schema.org","@graph":[{"@type":"WebPage","@id":"https:\/\/adent.ch\/de\/zahnarzt\/ambrogio-feninno\/","url":"https:\/\/adent.ch\/de\/zahnarzt\/ambrogio-feninno\/","name":"Ambrogio FENINNO | Adent Zahnarztzentrum","isPartOf":{"@id":"https:\/\/adent.ch\/de\/#website"},"datePublished":"2022-04-24T13:07:08+00:00","dateModified":"2025-09-24T09:31:50+00:00","description":"Der Oberarzt Dr. Ambrogio Feninno ist Fachzahnarzt f\u00fcr Kieferorthop\u00e4die. Er praktiziert am Zentrum f\u00fcr Zahnmedizin Adent in Genf-Charmilles.","breadcrumb":{"@id":"https:\/\/adent.ch\/de\/zahnarzt\/ambrogio-feninno\/#breadcrumb"},"inLanguage":"de-CH","potentialAction":[{"@type":"ReadAction","target":["https:\/\/adent.ch\/de\/zahnarzt\/ambrogio-feninno\/"]}]},{"@type":"BreadcrumbList","@id":"https:\/\/adent.ch\/de\/zahnarzt\/ambrogio-feninno\/#breadcrumb","itemListElement":[{"@type":"ListItem","position":1,"name":"Team","item":"https:\/\/adent.ch\/de\/team\/"},{"@type":"ListItem","position":2,"name":"Ambrogio FENINNO"}]},{"@type":"WebSite","@id":"https:\/\/adent.ch\/de\/#website","url":"https:\/\/adent.ch\/de\/","name":"Adent Zahnarztzentrum","description":"","publisher":{"@id":"https:\/\/adent.ch\/de\/#organization"},"potentialAction":[{"@type":"SearchAction","target":{"@type":"EntryPoint","urlTemplate":"https:\/\/adent.ch\/de\/?s={search_term_string}"},"query-input":{"@type":"PropertyValueSpecification","valueRequired":true,"valueName":"search_term_string"}}],"inLanguage":"de-CH"},{"@type":"Organization","@id":"https:\/\/adent.ch\/de\/#organization","name":"Adent Cliniques Dentaires","url":"https:\/\/adent.ch\/de\/","logo":{"@type":"ImageObject","inLanguage":"de-CH","@id":"https:\/\/adent.ch\/de\/#\/schema\/logo\/image\/","url":"https:\/\/adent.ch\/wp-content\/uploads\/2022\/09\/adent-habefast-logo-2018-fr-05032019-rvb-scaled.jpg","contentUrl":"https:\/\/adent.ch\/wp-content\/uploads\/2022\/09\/adent-habefast-logo-2018-fr-05032019-rvb-scaled.jpg","width":2880,"height":750,"caption":"Adent Cliniques Dentaires"},"image":{"@id":"https:\/\/adent.ch\/de\/#\/schema\/logo\/image\/"},"sameAs":["https:\/\/www.facebook.com\/adentcliniquesdentaires\/","https:\/\/www.instagram.com\/adent.ch\/","https:\/\/www.youtube.com\/channel\/UCPd5UjY-ipuq3MhW6m0W-wg","https:\/\/www.linkedin.com\/company\/adent-cliniques-dentaires\/?originalSubdomain=ch"]}]}},"_links":{"self":[{"href":"https:\/\/adent.ch\/de\/wp-json\/wp\/v2\/equipe\/4267","targetHints":{"allow":["GET"]}}],"collection":[{"href":"https:\/\/adent.ch\/de\/wp-json\/wp\/v2\/equipe"}],"about":[{"href":"https:\/\/adent.ch\/de\/wp-json\/wp\/v2\/types\/equipe"}],"wp:attachment":[{"href":"https:\/\/adent.ch\/de\/wp-json\/wp\/v2\/media?parent=4267"}],"wp:term":[{"taxonomy":"langue","embeddable":true,"href":"https:\/\/adent.ch\/de\/wp-json\/wp\/v2\/langue?post=4267"}],"curies":[{"name":"wp","href":"https:\/\/api.w.org\/{rel}","templated":true}]}}