{"id":12032,"date":"2023-11-06T13:44:09","date_gmt":"2023-11-06T12:44:09","guid":{"rendered":"https:\/\/adent.ch\/dentiste-lausanne-2-3\/"},"modified":"2024-03-28T09:02:39","modified_gmt":"2024-03-28T08:02:39","slug":"kieferorthopadie-luzern","status":"publish","type":"page","link":"https:\/\/adent.ch\/de\/kieferorthopadie-luzern\/","title":{"rendered":"Unsere kieferorthop\u00e4die-praxis in luzern"},"content":{"rendered":"\n<p><\/p>\n\n\n<div class=\"one-column-block\" >\n\t<div class=\"container\" data-sal=\"slide-up\" data-sal-delay=\"200\" data-sal-easing=\"ease-in-out\" data-sal-duration=\"300\">\n\t\t<div class=\"row justify-content-center\">\n\t\t\t<div class=\"col-md-8\">\n\t\t\t\t\t\t\t\t\t<h3 class=\"h2\">Sie sind auf der suche nach einer kieferorthop\u00e4dischen praxis in Luzern?<\/h3>\n\t\t\t\t\t\t\t\t<div class=\"content\"><p>Adent ist mit 26 Zahnkliniken in der gesamten Schweiz vertreten \u2013 unser zahnmedizinisches Netzwerk erstreckt sich von Genf \u00fcber Lausanne bis hin nach Z\u00fcrich und St. Gallen. So sind wir stets in Ihrer N\u00e4he, um Sie bei Ihren zahn\u00e4rztlichen oder kieferorthop\u00e4dischen Anliegen effizient zu unterst\u00fctzen. Die Adent-<a href=\"https:\/\/adent.ch\/de\/klinik\/luzern\/\">Zahnklinik von Luzern<\/a> empf\u00e4ngt Sie von Montag bis Freitag f\u00fcr eine umfangreiche Auswahl an hochmodernen zahn\u00e4rztlichen und kieferorthop\u00e4dischen Behandlungen in einer angenehmen Atmosph\u00e4re.<\/p>\n<p>Unsere barrierefreie Zahnarztpraxis ist zentral in Bahnhofsn\u00e4he gelegen und leicht mit den \u00f6ffentlichen Verkehrsmitteln zu erreichen. Die n\u00e4chstgelegene Parkm\u00f6glichkeit ist der Parkplatz Schweizerhof. Vereinbaren Sie direkt online einen Termin oder kontaktieren Sie uns telefonisch, um eine kieferorthop\u00e4dische Untersuchung zu vereinbaren und von einem gesunden, strahlenden L\u00e4cheln zu profitieren. Bei akuten Notf\u00e4llen steht unser zahn\u00e4rztlicher Notdienst, mit dem Sie unkompliziert Kontakt aufnehmen k\u00f6nnen, f\u00fcr Sie bereit.<\/p>\n<\/div>\n\t\t\t<\/div>\n\t\t<\/div>\n\t<\/div>\n<\/div>\n\n\n<div class=\"clinique-datas\" id=\"clinique-datas\">\n\t<div class=\"flex-content\" data-sal=\"slide-up\" data-sal-delay=\"200\" data-sal-easing=\"ease-in-out\" data-sal-duration=\"300\">\n\n\t\t<div class=\"datas\">\n\t\t\t\t\t\t\t<div class=\"address-container\">\n\t\t\t\t\t<i class=\"fas fa-map-marker-alt\"><\/i>\n\t\t\t\t\t<div class=\"address\">\n\t\t\t\t\t\tHertensteinstrasse 51<br\/>6004 Luzern\t\t\t\t\t<\/div>\n\t\t\t\t<\/div>\n\t\t\t\n\t\t\t\t\t\t\t<div class=\"phone-container\">\n\t\t\t\t\t<i class=\"fas fa-phone\"><\/i>\n\t\t\t\t\t<a href=\"tel:+41 41 420 90 80\" class=\"phone\">+41 41 420 90 80<\/a>\n\t\t\t\t<\/div>\n\t\t\t\n\t\t\t\t\t\t\t<div class=\"email-container\">\n\t\t\t\t\t<i class=\"fas fa-envelope\"><\/i>\n\t\t\t\t\t<a href=\"mailto:luzern@adent.ch\" class=\"email\">luzern@adent.ch<\/a>\n\t\t\t\t<\/div>\n\t\t\t\n\t\t\t<div class=\"buttons\">\n\t\t\t\t\t\t\t\t\t<a href=\"https:\/\/adent.ch\/de\/formulaire-zawin\/?id=4207&#038;code=https:\/\/oa.zawin.ch\/k6388_01\" class=\"primary-btn white\">Termin<\/a>\n\t\t\t\t\t\t\t\t<a href=\"https:\/\/adent.ch\/de\/zahnaerztliche-notfaelle\/?location=162\" class=\"secondary-btn\">Notf\u00e4lle<\/a>\n\t\t\t<\/div>\n\n\t\t\t<div class=\"separator\"><\/div>\n\n\t\t\t<div class=\"access-container\">\n\t\t\t\t\t\t\t\t\t\t\t\t\t\t\t\t\t\t\t<div class=\"access train\">\n\t\t\t\t\t\t<i class=\"fas fa-subway\"><\/i>\n\t\t\t\t\t\t<div class=\"access-content\">\n\t\t\t\t\t\t\tBahnhof Luzern, 600 m.\t\t\t\t\t\t\t\t\t\t\t\t\t<\/div>\n\t\t\t\t\t<\/div>\n\t\t\t\t\t\t\t\t\t\t\t\t\t\t<div class=\"access parking\">\n\t\t\t\t\t\t<i class=\"fas fa-parking\"><\/i>\n\t\t\t\t\t\t<div class=\"access-content\">\n\t\t\t\t\t\t\tTiefgarage Schweizerhof\t\t\t\t\t\t\t\t\t\t\t\t\t<\/div>\n\t\t\t\t\t<\/div>\n\t\t\t\t\t\t\t<\/div>\n\n\t\t\t\t\t\t\t\t\t\t\t\t\t\t\t\t<div class=\"separator second\"><\/div>\n\n\t\t\t\t\t<div class=\"schedule-container\">\n\t\t\t\t\t\t<div class=\"title\">\u00d6ffnungszeiten<\/div>\n\t\t\t\t\t\t<div class=\"description\"><p>Freitag 27.12.24 : Zahn\u00e4rztliche Notf\u00e4lle nur auf Anruf<\/p>\n<\/div>\n\t\t\t\t\t\t<div class=\"schedule\">\n\t\t\t\t\t\t\t<b>Montag<\/b> : 07:00 &#8211; 20:00<br><b>Dienstag<\/b> : 07:00 &#8211; 20:00<br><b>Mittwoch<\/b> : 07:00 &#8211; 20:00<br><b>Donnerstag<\/b> : 08:00 &#8211; 12:00, 13:00 &#8211; 17:30<br><b>Freitag<\/b> : 08:00 &#8211; 16:00<br><b>Samstag<\/b> : Geschlossen<br><b>Sonntag<\/b> : Geschlossen<br>\t\t\t\t\t\t<\/div>\n\t\t\t\t\t<\/div>\n\t\t\t\t\t\t\t\t\t<\/div>\n\n\t\t<div class=\"google-map-container\">\n\t\t\t<div class=\"google-map\" data-marker=\"https:\/\/adent.ch\/wp-content\/themes\/adent\/assets\/images\/marker-map.svg\" data-marker-active=\"https:\/\/adent.ch\/wp-content\/themes\/adent\/assets\/images\/marker-map-active.svg\"><\/div>\n\t\t\t<div class=\"google-map-markers\">\n\t\t\t\t<div class=\"marker active\" data-lat=\"47.05363\" data-lng=\"8.30708\">\n\t\t\t\t\t<div class=\"marker-content\">\n\t\t\t\t\t\t<div class=\"marker-left\">\n\t\t\t\t\t\t\t\t\t\t\t\t\t\t\t<div class=\"image\" style=\"background-image: url(https:\/\/adent.ch\/wp-content\/uploads\/2022\/07\/adent_clinique_lucerne_map_1024x768-2-300x225.jpg)\"><\/div>\n\t\t\t\t\t\t\t\t\t\t\t\t\t\t<div class=\"reviews\">\n\t\t\t\t\t\t\t\t\t\t\t\t\t\t\t\t\t\t<div class=\"rating\">4.8<\/div>\n\t\t\t\t\t\t\t\t\t\t<div class=\"stars\"><i class=\"fas fa-star\"><\/i><i class=\"fas fa-star\"><\/i><i class=\"fas fa-star\"><\/i><i class=\"fas fa-star\"><\/i><i class=\"fas fa-star\"><\/i><\/div>\t\t\t\t\t\t\t\t\t\t\t\t\t\t\t\t\t\t\t<div class=\"reviews-count\">188 reviews<\/div>\n\t\t\t\t\t\t\t\t\t\t\t\t\t\t\t<\/div>\n\t\t\t\t\t\t<\/div>\n\t\t\t\t\t\t<div class=\"marker-right\">\n\t\t\t\t\t\t\t<div class=\"subtitle\">Adent Zahnarztzentrum<\/div>\n\t\t\t\t\t\t\t<div class=\"name\">Luzern<\/div>\n\t\t\t\t\t\t\t\t\t\t\t\t\t\t\t<a href=\"tel:+41 41 420 90 80\" class=\"phone\">\n\t\t\t\t\t\t\t\t\t<svg xmlns=\"http:\/\/www.w3.org\/2000\/svg\" width=\"25\" height=\"25\" fill=\"none\">\n\t\t\t\t\t\t\t\t\t\t<path fill=\"#69BE28\" d=\"M21.344 13.604c-.262 0-.537-.084-.799-.144a11.737 11.737 0 0 1-1.562-.466 2.379 2.379 0 0 0-2.956 1.195l-.262.55a15.706 15.706 0 0 1-3.183-2.39 15.738 15.738 0 0 1-2.384-3.191l.548-.251a2.396 2.396 0 0 0 1.192-2.964 12.525 12.525 0 0 1-.465-1.578 9.377 9.377 0 0 1-.143-.8 3.587 3.587 0 0 0-1.24-2.15A3.57 3.57 0 0 0 7.754.59H4.165a3.569 3.569 0 0 0-3.54 4.063 22.812 22.812 0 0 0 6.45 13.146 22.712 22.712 0 0 0 13.113 6.466c.154.012.31.012.465 0a3.571 3.571 0 0 0 3.576-3.585v-3.586a3.59 3.59 0 0 0-.823-2.26 3.575 3.575 0 0 0-2.062-1.23Zm.584 7.17a1.199 1.199 0 0 1-1.37 1.183A20.437 20.437 0 0 1 8.79 16.173 20.528 20.528 0 0 1 2.973 4.342a1.198 1.198 0 0 1 1.192-1.375h3.577a1.19 1.19 0 0 1 1.192.932c0 .323.107.658.179.98.138.626.32 1.242.548 1.84l-1.669.79c-.287.132-.51.372-.62.669-.119.29-.119.617 0 .908a17.296 17.296 0 0 0 8.345 8.366c.29.12.616.12.906 0 .296-.11.536-.334.668-.622l.75-1.673a14.758 14.758 0 0 0 2.85.73 1.193 1.193 0 0 1 .93 1.194l.107 3.693ZM14.894.458h-.834a1.195 1.195 0 0 0-1.09 1.296 1.2 1.2 0 0 0 1.293 1.094h.632c1.896 0 3.716.755 5.057 2.1a7.18 7.18 0 0 1 2.095 5.07v.634a1.198 1.198 0 0 0 1.085 1.29h.095a1.19 1.19 0 0 0 1.192-1.087v-.837a9.573 9.573 0 0 0-2.788-6.756A9.525 9.525 0 0 0 14.895.458Zm2.385 9.56a1.197 1.197 0 0 0 1.192 1.195 1.19 1.19 0 0 0 1.192-1.195 4.786 4.786 0 0 0-1.397-3.38 4.762 4.762 0 0 0-3.371-1.4 1.19 1.19 0 0 0-1.193 1.195 1.196 1.196 0 0 0 1.193 1.195c.632 0 1.238.252 1.685.7.448.448.699 1.056.699 1.69Z\"><\/path>\n\t\t\t\t\t\t\t\t\t<\/svg>\n\t\t\t\t\t\t\t\t\t<span>+41 41 420 90 80<\/span>\n\t\t\t\t\t\t\t\t<\/a>\n\t\t\t\t\t\t\t\t\t\t\t\t\t\t<div class=\"buttons\">\n\t\t\t\t\t\t\t\t\t\t\t\t\t\t\t\t\t<a href=\"https:\/\/adent.ch\/de\/klinik\/luzern\/\" class=\"primary-btn\">Infos<\/a>\n\t\t\t\t\t\t\t\t\t\t\t\t\t\t\t\t\t\t\t\t\t\t\t\t\t<a href=\"https:\/\/www.google.com\/maps\/dir\/\/Zahnarzt+Luzern+%7C+Adent+Zahnarztzentrum,+Hertensteinstrasse,+Lucerne,+Suisse\/@47.0537934,8.2246872,19013m\/data=!3m1!1e3!4m8!4m7!1m0!1m5!1m1!1s0x478ffb9ebe495df3:0x5b4750bd8aacfacc!2m2!1d8.307088!2d47.053706?entry=ttu&#038;g_ep=EgoyMDI1MDQyOC4wIKXMDSoJLDEwMjExNDUzSAFQAw%3D%3D\" title=\"Zugang zur Google Maps-Route\" target=\"_blank\" class=\"primary-btn\">Route<\/a>\n\t\t\t\t\t\t\t\t\t\t\t\t\t\t\t\t\t\t\t\t\t\t\t\t\t<a href=\"https:\/\/adent.ch\/de\/formulaire-zawin\/?id=4207&#038;code=https:\/\/oa.zawin.ch\/k6388_01\" class=\"primary-btn\">Termin<\/a>\n\t\t\t\t\t\t\t\t\t\t\t\t\t\t\t<\/div>\n\t\t\t\t\t\t<\/div>\n\t\t\t\t\t<\/div>\n\t\t\t\t<\/div>\n\t\t\t<\/div>\n\t\t<\/div>\n\n\t<\/div>\n<\/div>\n\n<div class=\"accordion-block\">\n\t<div class=\"container\">\n\t\t<h3 class=\"h2\" data-sal=\"slide-up\" data-sal-delay=\"200\" data-sal-easing=\"ease-in-out\" data-sal-duration=\"300\">Welche Krankheitsbilder erfordern eine kieferorthop\u00e4dische Behandlung?<\/h3>\n\t\t<div class=\"row justify-content-between\" data-sal=\"slide-up\" data-sal-delay=\"200\" data-sal-easing=\"ease-in-out\" data-sal-duration=\"300\">\n\t\t\t<div class=\"col-lg-8\">\n\t\t\t\t\t\t\t\t\t\t\t\t\t\t\t<div class=\"accordion\">\n\t\t\t\t\t\t\t<h2 class=\"accordion__title\">Zahnfehlstellungen (Malokklusion)<\/h2>\n\t\t\t\t\t\t\t<div class=\"content\"><p>Hierbei handelt es sich um eine Fehlstellung der Z\u00e4hne, bei der die Zahnb\u00f6gen nicht richtig ineinander greifen. Unbehandelt k\u00f6nnen Fehlstellungen das Risiko f\u00fcr die Entwicklung von Gelenkschmerzen erh\u00f6hen und sich ausserdem negativ auf das Kauen und die Phonetik auswirken. Malokklusionen werden in verschiedene Typen eingeteilt:<\/p>\n<ul>\n<li>Klasse-1-Malokklusion: Normale Okklusion, aber mit Ausrichtungsproblemen wie Engstand oder Diastema (Zahnl\u00fccke zwischen den vorderen Schneidez\u00e4hnen).<\/li>\n<li>Klasse-2-Malokklusion: Der Oberkiefer ist zu weit nach vorne und\/oder der Unterkiefer zu weit nach hinten ger\u00fcckt.<\/li>\n<li>Klasse-3-Malokklusion: Der Oberkiefer ist zu weit zur\u00fcckgesetzt oder der Unterkiefer ist zu weit nach vorne ger\u00fcckt.<\/li>\n<\/ul>\n<\/div>\n\t\t\t\t\t\t<\/div>\n\t\t\t\t\t\t\t\t\t\t\t<div class=\"accordion\">\n\t\t\t\t\t\t\t<h2 class=\"accordion__title\">Probleme mit kieferraum und kieferwachstum<\/h2>\n\t\t\t\t\t\t\t<div class=\"content\"><p>Ein zu schmaler Kiefer kann zu verschiedenen Problemen f\u00fchren: zu wenig Platz f\u00fcr den Durchbruch der bleibenden Z\u00e4hne, falscher Mundschluss, der zu Problemen bei der Atmung (Mundatmung) und beim Schlucken (atypisches Schlucken) f\u00fchren kann.<\/p>\n<\/div>\n\t\t\t\t\t\t<\/div>\n\t\t\t\t\t\t\t\t\t\t\t<div class=\"accordion\">\n\t\t\t\t\t\t\t<h2 class=\"accordion__title\">Habits<\/h2>\n\t\t\t\t\t\t\t<div class=\"content\"><p>Angewohnheiten wie Daumenlutschen oder Z\u00e4hnepressen mit der Zunge k\u00f6nnen die Stellung der Z\u00e4hne und die Form des Kiefers ver\u00e4ndern.<\/p>\n<\/div>\n\t\t\t\t\t\t<\/div>\n\t\t\t\t\t\t\t\t\t\t\t<div class=\"accordion\">\n\t\t\t\t\t\t\t<h2 class=\"accordion__title\">Traumata und genetisch bedingte anomalien<\/h2>\n\t\t\t\t\t\t\t<div class=\"content\"><p>Auch Unf\u00e4lle, die die Z\u00e4hne oder den Kiefer betreffen, oder von den Eltern geerbte Anomalien k\u00f6nnen eine kieferorthop\u00e4dische Behandlung erforderlich machen.<\/p>\n<\/div>\n\t\t\t\t\t\t<\/div>\n\t\t\t\t\t\t\t\t\t\t\t<div class=\"accordion\">\n\t\t\t\t\t\t\t<h2 class=\"accordion__title\">Weitere kieferorthop\u00e4dische problematiken<\/h2>\n\t\t\t\t\t\t\t<div class=\"content\"><p><strong>Offener Biss<\/strong>: Beim Schliessen des Mundes besteht kein Kontakt zwischen den oberen und unteren Z\u00e4hnen.<\/p>\n<p><strong>Platzmangel und Zahnfehlstellungen<\/strong>: Im Kiefer ist nicht gen\u00fcgend Platz f\u00fcr alle Z\u00e4hne vorhanden, dies f\u00fchrt zu einer falschen Ausrichtung.<\/p>\n<p><strong>Zu viel Platz zwischen den Z\u00e4hnen<\/strong>: Auch bei zu viel Platz zwischen den Z\u00e4hnen kann eine kieferorthop\u00e4dische Behandlung vonn\u00f6ten sein.<\/p>\n<p><strong>Schwerer \u00dcberbiss<\/strong>: Die oberen Z\u00e4hne bedecken die unteren Z\u00e4hne zu sehr, wenn der Mund geschlossen ist.<\/p>\n<p><strong>Retinierte Eckz\u00e4hne<\/strong>: Eckz\u00e4hne, die nicht normal herauswachsen k\u00f6nnen und im Kiefer stecken bleiben.<\/p>\n<p><strong>Exzessive L\u00fccken<\/strong>: Grosse L\u00fccken zwischen den Z\u00e4hnen, die das normale Durchbrechen der Eckz\u00e4hne verhindern.<\/p>\n<\/div>\n\t\t\t\t\t\t<\/div>\n\t\t\t\t\t\t\t\t\t\t\t\t<\/div>\n\t\t\t<div class=\"col-lg-3 mt-md-5\">\n\t\t\t\t\t\t\t\t\t\t\t\t\t<div class=\"button-content\">\n\t\t\t\t\t\t<a href=\"https:\/\/adent.ch\/de\/berufsbereich\/unsere-spezialisierten-berufe\/\" class=\"primary-btn\">Mehr \u00fcber unsere zahn\u00e4rzte erfahren<\/a>\n\t\t\t\t\t<\/div>\n\t\t\t\t\t\t\t<\/div>\n\t\t<\/div>\n\t<\/div>\n<\/div>\n\n<div class=\"one-column-block\" >\n\t<div class=\"container\" data-sal=\"slide-up\" data-sal-delay=\"200\" data-sal-easing=\"ease-in-out\" data-sal-duration=\"300\">\n\t\t<div class=\"row justify-content-center\">\n\t\t\t<div class=\"col-md-8\">\n\t\t\t\t\t\t\t\t\t<h3 class=\"h2\">Brauchen sie eine kieferorthop\u00e4dische praxis in Luzern?<\/h3>\n\t\t\t\t\t\t\t\t<div class=\"content\"><p>In den Zahnarztpraxen von Adent betrachten wir die Kieferorthop\u00e4die nicht nur als T\u00fcr zu einem \u00e4sthetisch ansprechenden L\u00e4cheln \u2013 sie ist ein wesentliches Mittel zur langfristigen Verbesserung der Mundgesundheit. Unser Ansatz beruht auf einer pers\u00f6nlichen Betreuung und dem Einsatz modernster Technologien, um Ergebnisse zu gew\u00e4hrleisten, die weit \u00fcber die \u00c4sthetik hinausgehen. Das Zahnarzt-Team unserer Adent-Praxis in Luzern ist ausserdem auf weitere Bereiche der Zahnmedizin wie Dentalhygiene, Zahnimplantate sowie Oralchirurgie spezialisiert und bietet Ihnen ein umfassendes Spektrum an zahn\u00e4rztlichen Behandlungen. Ein weiteres Plus unseres Praxis-Teams: Die Zahn\u00e4rzte, Kieferorthop\u00e4den und Dentalhygieniker von Adent-Luzern sprechen neben Deutsch auch viele weitere Sprachen wie Englisch, Franz\u00f6sisch oder sogar Griechisch.<\/p>\n<p>In der Adent-Zahnklinik legen wir grossen Wert auf Fortbildungen und regelm\u00e4ssige Schulungen, damit sich die Belegschaft unserer Praxis stets auf dem neuesten zahnmedizinischen Stand befindet \u2013 so k\u00f6nnen sich unsere Patienten voll und ganz auf die professionelle Ausbildung ihres behandelnden Arztes oder Dentalhygienikers verlassen.<\/p>\n<h4>Kieferorthop\u00e4die f\u00fcr kinder in luzern<\/h4>\n<p>Ab einem Alter von 6 Jahren empfangen wir Kinder zu einer ersten kieferorthop\u00e4dischen Untersuchung, um sie behutsam auf ihrem kieferorthop\u00e4dischen Werdegang zu betreuen. Eine fr\u00fchzeitige Untersuchung erm\u00f6glicht es, beginnende Malokklusionen zu erkennen, diese zu behandeln und so das Wachstum zu nutzen, um die Entwicklung eines harmonischen L\u00e4chelns zu steuern. Eine fr\u00fchzeitige Behandlung erleichtert zuk\u00fcnftige Korrekturen und unterst\u00fctzt eine gesunde Entwicklung der Z\u00e4hne und des Kiefers.<\/p>\n<p>Behandlungen bei Kindern k\u00f6nnen ein breites Spektrum abdecken: von einfachen herausnehmbaren Spangen zur Korrektur von Habits bis hin zu komplexeren Vorrichtungen zur Begradigung von Z\u00e4hnen und Kiefer. Jede L\u00f6sung wird sorgf\u00e4ltig nach ihrer Wirksamkeit und ihren positiven Auswirkungen auf das Selbstbewusstsein des Kindes ausgew\u00e4hlt.<\/p>\n<h4>Kieferorthop\u00e4die f\u00fcr kinder in luzern<\/h4>\n<p>Auch Erwachsene profitieren von unserem Fachwissen in der Kieferorthop\u00e4die. Mit L\u00f6sungen wie der Invisalign\u00ae-Technik ist die Kieferorthop\u00e4die bei Erwachsenen unauff\u00e4llig und passt sich problemlos dem Lebensstil jedes Einzelnen an. Mit solch fortschrittlichen Methoden l\u00e4sst sich Ihr L\u00e4cheln fast unmerklich korrigieren \u2013 eine praktische und unkomplizierte L\u00f6sung f\u00fcr all diejenigen, die ihr L\u00e4cheln harmonisieren und zu neuem Selbstbewusstsein finden m\u00f6chten, ohne Kompromisse bei ihrem Aussehen einzugehen.<\/p>\n<p>Ob nun ein zu weit nach vorne ger\u00fcckter Kiefer begradigt oder ein \u00dcber- oder Unterbiss korrigiert werden soll, unsere Zahn\u00e4rzte und kieferorthop\u00e4dischen Spezialisten erstellen massgeschneiderte Behandlungspl\u00e4ne. So erhalten erwachsene Patienten nicht nur die gew\u00fcnschte \u00c4sthetik, sondern profitieren zudem von einer verbesserten Funktionalit\u00e4t, die f\u00fcr ein korrektes Kauen und eine optimale Mundgesundheit unerl\u00e4sslich ist.<\/p>\n<h4>Die vorteile der kieferorthop\u00e4die<\/h4>\n<p>Die Kieferorthop\u00e4die geht weit \u00fcber ein \u00abperfektes\u00bb L\u00e4cheln hinaus: Eine korrekte Ausrichtung der Z\u00e4hne erleichtert die Reinigung, verringert das Risiko von Karies und Parodontalerkrankungen und erm\u00f6glicht ein effektiveres Kauen. Diese Verbesserungen f\u00fchren zu weniger Plaque, einer besseren Verdauung und weniger Schmerzen aufgrund von Zahn- oder Kieferfehlstellungen.<\/p>\n<p>Unser Ziel ist es, Ihnen einen Service zu bieten, der die Qualit\u00e4t, Aufmerksamkeit und Sorgfalt widerspiegelt, die Ihr L\u00e4cheln verdient. Wir freuen uns, Sie auf Ihrem Weg zu einem gesteigerten Wohlbefinden und einem L\u00e4cheln voller Selbstvertrauen zu begleiten.<\/p>\n<\/div>\n\t\t\t<\/div>\n\t\t<\/div>\n\t<\/div>\n<\/div>\n\n\n\t<div class=\"cta-block without-image\" >\n\t\t<div class=\"container\" data-sal=\"slide-up\" data-sal-delay=\"200\" data-sal-easing=\"ease-in-out\" data-sal-duration=\"300\">\n\t\t\t<div class=\"row justify-content-center\">\n\t\t\t\t<div class=\"col-md-8\">\n\t\t\t\t\t<div class=\"subtitle\"><\/div>\n\t\t\t\t\t<h4 class=\"title\">Eine hervorragende methode, um ihr l\u00e4cheln zu optimieren<\/h4>\n\t\t\t\t\t<p class=\"text\">Vereinbaren Sie einen Termin mit einem Kieferorthop\u00e4den in Luzern und besprechen Sie gemeinsam, wie Sie Ihre Z\u00e4hne in die richtige Position bringen k\u00f6nnen.<\/p>\n\t\t\t\t\t\t\t\t\t\t\t<a href=\"https:\/\/adent.ch\/de\/formulaire-zawin\/?id=4207&#038;code=https:\/\/oa.zawin.ch\/de-CH\/k6388_01\"  class=\"primary-btn\">Kontaktieren sie uns<\/a>\n\t\t\t\t\t\t\t\t\t<\/div>\n\t\t\t<\/div>\n\t\t<\/div>\n\t<\/div>\n\n\n\n<div class=\"content-type-selector-block\" data-id=\"content-type-selector-block-14\" id=\"content-type-selector-block-14\">\n\t<div class=\"container\">\n\t\t<div class=\"block-heading\" data-sal=\"slide-up\" data-sal-delay=\"200\" data-sal-easing=\"ease-in-out\" data-sal-duration=\"300\">\n\t\t\t\t\t\t<h3 class=\"block-heading__title h2\">Unsere Kieferorthop\u00e4den in Luzern<\/h3>\n\t\t\t<div class=\"block-heading__description\">Ein professionelles und freundliches Team, das bereit ist, Sie in unserer kieferorthop\u00e4dischen Praxis Adent in Luzern zu empfangen.<\/div>\n\t\t<\/div>\n\t\t<div class=\"content-type-slider\" data-sal=\"slide-up\" data-sal-delay=\"200\" data-sal-easing=\"ease-in-out\" data-sal-duration=\"300\">\n\t\t\t<div class=\"swiper\"><div class=\"swiper-wrapper\">\t\t\t\t\t\t\t<div class=\"swiper-slide\">\t\t\t\t\t\t\t\t\t\t\t\t\t\t\t\t<div class=\"equipe-card\">\n\t\t\t\t\t\t\t<div class=\"equipe-card__caption\">\n\t\t\t\t\t\t\t\t<div class=\"equipe-card__job\">Kieferorthop\u00e4de<\/div>\n\t\t\t\t\t\t\t\t<h6 class=\"equipe-card__name h3\">Aikaterini LAGOU<\/h6>\n\t\t\t\t\t\t\t\t\t\t\t\t\t\t\t\t\t<div class=\"equipe-card__description\"><p>Zahn\u00e4rztin, der verschiedene Techniken zur Ausrichtung der Z\u00e4hne beherrscht und eine umfassende kieferorthop\u00e4dische Behandlung anbietet.<\/p>\n<\/div>\n\t\t\t\t\t\t\t\t\t\t\t\t\t\t\t\t<div class=\"equipe-card__pic\">\n\t\t\t\t\t\t\t\t\t\t\t\t\t\t\t\t\t\t<img decoding=\"async\" src=\"https:\/\/adent.ch\/wp-content\/uploads\/2024\/03\/avatar_femme-2-1307x980.png\" alt=\"\" loading=\"lazy\">\n\t\t\t\t\t\t\t\t<\/div>\n\t\t\t\t\t\t\t\t<div class=\"equipe-card__footer\">\n\t\t\t\t\t\t\t\t\t<a href=\"https:\/\/adent.ch\/de\/zahnarzt\/aikaterini-lagou\/\" class=\"primary-btn\">Profil ansehen<\/a>\n\t\t\t\t\t\t\t\t<\/div>\n\t\t\t\t\t\t\t<\/div>\n\t\t\t\t\t\t<\/div>\n\t\t\t\t\t\t\t\t\t<\/div>\t\t\t\t\t\t\t<div class=\"swiper-slide\">\t\t\t\t\t\t\t\t\t\t\t\t\t\t\t\t<div class=\"equipe-card\">\n\t\t\t\t\t\t\t<div class=\"equipe-card__caption\">\n\t\t\t\t\t\t\t\t<div class=\"equipe-card__job\">Zentrumsleiter, Zahnarzt<\/div>\n\t\t\t\t\t\t\t\t<h6 class=\"equipe-card__name h3\">Marcel BUENO<\/h6>\n\t\t\t\t\t\t\t\t\t\t\t\t\t\t\t\t\t<div class=\"equipe-card__description\"><p>Zahnarzt, spezialisiert auf umfassende allgemeine Zahnpflege mit besonderem Schwerpunkt auf Kindern und Leiter der Zentrum in Luzern.<\/p>\n<\/div>\n\t\t\t\t\t\t\t\t\t\t\t\t\t\t\t\t<div class=\"equipe-card__pic\">\n\t\t\t\t\t\t\t\t\t\t\t\t\t\t\t\t\t\t<img decoding=\"async\" src=\"https:\/\/adent.ch\/wp-content\/uploads\/2022\/05\/marcel_bueno.png\" alt=\"\" loading=\"lazy\">\n\t\t\t\t\t\t\t\t<\/div>\n\t\t\t\t\t\t\t\t<div class=\"equipe-card__footer\">\n\t\t\t\t\t\t\t\t\t<a href=\"https:\/\/adent.ch\/de\/zahnarzt\/marcel-bueno\/\" class=\"primary-btn\">Profil ansehen<\/a>\n\t\t\t\t\t\t\t\t<\/div>\n\t\t\t\t\t\t\t<\/div>\n\t\t\t\t\t\t<\/div>\n\t\t\t\t\t\t\t\t\t<\/div>\t\t\t\t\t\t<\/div><\/div><div class=\"swiper-button-prev\"><\/div><div class=\"swiper-button-next\"><\/div>\t\t<\/div>\n\t\t<div class=\"content-type-slider-slider-pagination\"><\/div>\t\t\t<\/div>\n<\/div>\n\n<div class=\"accordion-block\">\n\t<div class=\"container\">\n\t\t<h3 class=\"h2\" data-sal=\"slide-up\" data-sal-delay=\"200\" data-sal-easing=\"ease-in-out\" data-sal-duration=\"300\">FAQ &#8211; Kieferorthop\u00e4die in Luzern<\/h3>\n\t\t<div class=\"row justify-content-between\" data-sal=\"slide-up\" data-sal-delay=\"200\" data-sal-easing=\"ease-in-out\" data-sal-duration=\"300\">\n\t\t\t<div class=\"col-lg-8\">\n\t\t\t\t\t\t\t\t\t\t\t\t\t\t\t<div class=\"accordion\">\n\t\t\t\t\t\t\t<h2 class=\"accordion__title\">Wie viel kostet eine kieferorthop\u00e4dische behandlung in luzern?<\/h2>\n\t\t\t\t\t\t\t<div class=\"content\"><p>Eine genaue Bestimmung des Preises f\u00fcr eine kieferorthop\u00e4dische Behandlung erfolgt nach einer ausf\u00fchrlichen Beratung in unserer kieferorthop\u00e4dischen Adent-Praxis in Luzern.<br \/>\nDiese umfassende Beurteilung wird in unserer Kieferorthop\u00e4die-Praxis unter dem fachkundigen Blick unserer Spezialisten f\u00fcr Zahnmedizin durchgef\u00fchrt. Ihr Kieferorthop\u00e4de oder Zahnarzt, der auf Kieferorthop\u00e4die spezialisiert ist, beurteilt zun\u00e4chst die Gesamtsituation Ihrer Mundgesundheit und erstellt R\u00f6ntgenbilder, falls erforderlich, um eine umfassende Diagnose zu erstellen.<\/p>\n<p>W\u00e4hrend dieser ersten Konsultation werden die verschiedenen Behandlungsm\u00f6glichkeiten erkundet und gemeinsam ein Behandlungsziel definiert. Auf der Grundlage dieses ausf\u00fchrlichen Beratungsgespr\u00e4chs werden die Kosten f\u00fcr Ihren kieferorthop\u00e4dischen Behandlungsweg festgelegt. Dabei werden Faktoren wie die gew\u00e4hlte Behandlungsmethode, die voraussichtliche Behandlungsdauer, der aktuelle Zustand Ihrer Z\u00e4hne und die Vision des gew\u00fcnschten Ergebnisses ber\u00fccksichtigt.<\/p>\n<p>Die Erstellung eines Finanzplans ist ein integraler Bestandteil des Gespr\u00e4chs mit Ihrem Adent-Kieferorthop\u00e4den und sorgt f\u00fcr Transparenz und individuell angepasste Behandlungen.<\/p>\n<p>Bitte kontaktieren Sie uns, wenn Sie noch weitere Fragen zu den Kosten einer kieferorthop\u00e4dischen Behandlung in der Adent-Praxis von Luzern haben.<\/p>\n<\/div>\n\t\t\t\t\t\t<\/div>\n\t\t\t\t\t\t\t\t\t\t\t<div class=\"accordion\">\n\t\t\t\t\t\t\t<h2 class=\"accordion__title\">Wie lange dauert es, bis ich einen termin bei einem kieferorthop\u00e4den in luzern bekomme?<\/h2>\n\t\t\t\t\t\t\t<div class=\"content\"><p>Unser Empfangsteam ist stets bem\u00fcht, Ihnen einen f\u00fcr Sie g\u00fcnstigen Termin anzubieten. Die Adent-Praxis in der zentral gelegenen Hertensteinstrasse 51 in 6004 Luzern ist sowohl telefonisch als auch per E-Mail erreichbar und von Montag bis Freitag f\u00fcr Sie ge\u00f6ffnet. Wir empfehlen Ihnen unsere Online-Buchung, um bequem und schnell von zu Hause aus einen Termin zu vereinbaren.<\/p>\n<\/div>\n\t\t\t\t\t\t<\/div>\n\t\t\t\t\t\t\t\t\t\t\t<div class=\"accordion\">\n\t\t\t\t\t\t\t<h2 class=\"accordion__title\">Was tun bei einem zahn\u00e4rztlichen oder kieferorthop\u00e4dischen notfall?<\/h2>\n\t\t\t\t\t\t\t<div class=\"content\"><p>Sie ben\u00f6tigen einen Notfallzahnarzt? Falls Sie an akuten Zahnschmerzen leiden oder ein anderer zahn\u00e4rztlicher bzw. kieferorthop\u00e4discher Notfall eingetreten ist, k\u00f6nnen Sie bei uns einen Notfall-Termin vereinbaren und die Hilfe eines Experten aufsuchen.<\/p>\n<p>Unser professionelles Team sorgt daf\u00fcr, dass Sie nach einem Zahnunfall umgehend einen Notfalltermin in unserer Zahnarztpraxis in Luzern erhalten oder noch am gleichen Tag an einen zahnmedizischen Experten im Bereitschaftsdienst weitergeleitet werden.<\/p>\n<\/div>\n\t\t\t\t\t\t<\/div>\n\t\t\t\t\t\t\t\t\t\t\t\t<\/div>\n\t\t\t<div class=\"col-lg-3 mt-md-5\">\n\t\t\t\t\t\t\t\t\t\t\t<\/div>\n\t\t<\/div>\n\t<\/div>\n<\/div>\n\n\n<div class=\"cares-list-block\" >\n\t<div class=\"container\">\n\t\t<div class=\"row\">\n\t\t\t<div class=\"col-md-4\">\n\t\t\t\t<h2 class=\"title h3\">Entdecken Sie unsere Pflege<\/h2>\n\t\t\t\t<div class=\"text-lg is-dark\">Unsere Zahn\u00e4rzte und Dentalhygienikerinnen sind dazu da, all Ihre Bed\u00fcrfnisse in Bezug auf die Zahnpflege zu erf\u00fcllen. Bitte kontaktieren Sie uns f\u00fcr weitere Informationen.<\/div>\n\t\t\t\t<div class=\"cares-list-slider-pagination\"><\/div>\n\t\t\t<\/div>\n\t\t\t<div class=\"col-md-8\">\n\t\t\t\t<div class=\"cares-list-slider\">\n\t\t\t\t\t<div class=\"swiper\">\n\t\t\t\t\t\t<div class=\"swiper-wrapper\">\n\t\t\t\t\t\t\t\t\t\t\t\t\t\t\t<div class=\"swiper-slide\">\n\t\t\t\t\t\t\t\t\t<div class=\"care-slide\">\n\t\t\t\t\t\t\t\t\t\t<div class=\"care-slide__title h4\">Kieferorthop\u00e4die f\u00fcr Kinder und Erwachsene<\/div>\n\t\t\t\t\t\t\t\t\t\t\t\t\t\t\t\t\t\t\t\t\t<div class=\"care-slide__desc\">Verwandeln Sie Ihr L\u00e4cheln<\/div>\n\t\t\t\t\t\t\t\t\t\t\t\t\t\t\t\t\t\t\t\t<div class=\"care-slide__link\">\n\t\t\t\t\t\t\t\t\t\t\t<a href=\"https:\/\/adent.ch\/de\/behandlung\/kieferorthopaedie-fuer-kinder-und-erwachsene\/\" class=\"inline-link\">Weiterlesen<\/a>\n\t\t\t\t\t\t\t\t\t\t<\/div>\n\t\t\t\t\t\t\t\t\t<\/div>\n\t\t\t\t\t\t\t\t<\/div>\n\t\t\t\t\t\t\t\t\t\t\t\t\t\t\t<div class=\"swiper-slide\">\n\t\t\t\t\t\t\t\t\t<div class=\"care-slide\">\n\t\t\t\t\t\t\t\t\t\t<div class=\"care-slide__title h4\">Zahnreinigung und Zahnhygiene<\/div>\n\t\t\t\t\t\t\t\t\t\t\t\t\t\t\t\t\t\t\t\t\t<div class=\"care-slide__desc\">Ein gesund aussehendes L\u00e4cheln<\/div>\n\t\t\t\t\t\t\t\t\t\t\t\t\t\t\t\t\t\t\t\t<div class=\"care-slide__link\">\n\t\t\t\t\t\t\t\t\t\t\t<a href=\"https:\/\/adent.ch\/de\/behandlung\/zahnsteinentfernung-und-zahnhygiene\/\" class=\"inline-link\">Weiterlesen<\/a>\n\t\t\t\t\t\t\t\t\t\t<\/div>\n\t\t\t\t\t\t\t\t\t<\/div>\n\t\t\t\t\t\t\t\t<\/div>\n\t\t\t\t\t\t\t\t\t\t\t\t\t\t\t<div class=\"swiper-slide\">\n\t\t\t\t\t\t\t\t\t<div class=\"care-slide\">\n\t\t\t\t\t\t\t\t\t\t<div class=\"care-slide__title h4\">Bleaching und \u00e4sthetische Behandlungen<\/div>\n\t\t\t\t\t\t\t\t\t\t\t\t\t\t\t\t\t\t\t\t\t<div class=\"care-slide__desc\">Ein noch strahlenderes L\u00e4cheln f\u00fcr maximales Selbstvertrauen<\/div>\n\t\t\t\t\t\t\t\t\t\t\t\t\t\t\t\t\t\t\t\t<div class=\"care-slide__link\">\n\t\t\t\t\t\t\t\t\t\t\t<a href=\"https:\/\/adent.ch\/de\/behandlung\/zahnbleaching-und-aesthetisch-e-en-behandlungen\/\" class=\"inline-link\">Weiterlesen<\/a>\n\t\t\t\t\t\t\t\t\t\t<\/div>\n\t\t\t\t\t\t\t\t\t<\/div>\n\t\t\t\t\t\t\t\t<\/div>\n\t\t\t\t\t\t\t\t\t\t\t\t\t\t\t<div class=\"swiper-slide\">\n\t\t\t\t\t\t\t\t\t<div class=\"care-slide\">\n\t\t\t\t\t\t\t\t\t\t<div class=\"care-slide__title h4\">\u00dcbliche Zahnpflege<\/div>\n\t\t\t\t\t\t\t\t\t\t\t\t\t\t\t\t\t\t\t\t\t<div class=\"care-slide__desc\">Ein umfassendes Kompetenzzentrum f\u00fcr Sie und Ihre Kinder<\/div>\n\t\t\t\t\t\t\t\t\t\t\t\t\t\t\t\t\t\t\t\t<div class=\"care-slide__link\">\n\t\t\t\t\t\t\t\t\t\t\t<a href=\"https:\/\/adent.ch\/de\/behandlung\/zahnaerztliche-routineversorgung\/\" class=\"inline-link\">Weiterlesen<\/a>\n\t\t\t\t\t\t\t\t\t\t<\/div>\n\t\t\t\t\t\t\t\t\t<\/div>\n\t\t\t\t\t\t\t\t<\/div>\n\t\t\t\t\t\t\t\t\t\t\t\t\t\t\t<div class=\"swiper-slide\">\n\t\t\t\t\t\t\t\t\t<div class=\"care-slide\">\n\t\t\t\t\t\t\t\t\t\t<div class=\"care-slide__title h4\">Zahnpflege f\u00fcr Kinder<\/div>\n\t\t\t\t\t\t\t\t\t\t\t\t\t\t\t\t\t\t\t\t\t<div class=\"care-slide__desc\">Angepasstes Know-how<\/div>\n\t\t\t\t\t\t\t\t\t\t\t\t\t\t\t\t\t\t\t\t<div class=\"care-slide__link\">\n\t\t\t\t\t\t\t\t\t\t\t<a href=\"https:\/\/adent.ch\/de\/behandlung\/zahnbehandlung-fuer-kinder\/\" class=\"inline-link\">Weiterlesen<\/a>\n\t\t\t\t\t\t\t\t\t\t<\/div>\n\t\t\t\t\t\t\t\t\t<\/div>\n\t\t\t\t\t\t\t\t<\/div>\n\t\t\t\t\t\t\t\t\t\t\t\t\t\t\t<div class=\"swiper-slide\">\n\t\t\t\t\t\t\t\t\t<div class=\"care-slide\">\n\t\t\t\t\t\t\t\t\t\t<div class=\"care-slide__title h4\">Zahnprothese<\/div>\n\t\t\t\t\t\t\t\t\t\t\t\t\t\t\t\t\t\t\t\t\t<div class=\"care-slide__desc\">Geben Sie Ihrem L\u00e4cheln seinen Glanz zur\u00fcck mit unseren massgeschneiderten Zahnprothesen.<\/div>\n\t\t\t\t\t\t\t\t\t\t\t\t\t\t\t\t\t\t\t\t<div class=\"care-slide__link\">\n\t\t\t\t\t\t\t\t\t\t\t<a href=\"https:\/\/adent.ch\/de\/behandlung\/implantate-und-zahnsanierung\/\" class=\"inline-link\">Weiterlesen<\/a>\n\t\t\t\t\t\t\t\t\t\t<\/div>\n\t\t\t\t\t\t\t\t\t<\/div>\n\t\t\t\t\t\t\t\t<\/div>\n\t\t\t\t\t\t\t\t\t\t\t\t\t\t\t<div class=\"swiper-slide\">\n\t\t\t\t\t\t\t\t\t<div class=\"care-slide\">\n\t\t\t\t\t\t\t\t\t\t<div class=\"care-slide__title h4\">Implantat und Restauration<\/div>\n\t\t\t\t\t\t\t\t\t\t\t\t\t\t\t\t\t\t\t\t\t<div class=\"care-slide__desc\">Komfort und \u00c4sthetik dank Zahnimplantaten<\/div>\n\t\t\t\t\t\t\t\t\t\t\t\t\t\t\t\t\t\t\t\t<div class=\"care-slide__link\">\n\t\t\t\t\t\t\t\t\t\t\t<a href=\"https:\/\/adent.ch\/de\/behandlung\/implantat-und-restauration\/\" class=\"inline-link\">Weiterlesen<\/a>\n\t\t\t\t\t\t\t\t\t\t<\/div>\n\t\t\t\t\t\t\t\t\t<\/div>\n\t\t\t\t\t\t\t\t<\/div>\n\t\t\t\t\t\t\t\t\t\t\t\t\t<\/div>\n\t\t\t\t\t<\/div>\n\t\t\t\t\t<div class=\"swiper-button-prev\"><\/div>\n\t\t\t\t\t<div class=\"swiper-button-next\"><\/div>\n\t\t\t\t<\/div>\n\t\t\t<\/div>\n\t\t<\/div>\n\t<\/div>\n<\/div>","protected":false},"excerpt":{"rendered":"","protected":false},"author":13,"featured_media":10609,"parent":0,"menu_order":0,"comment_status":"closed","ping_status":"closed","template":"","meta":{"_acf_changed":false,"footnotes":""},"class_list":["post-12032","page","type-page","status-publish","has-post-thumbnail","hentry"],"acf":{"short_description":"Nos cliniques dentaires de Lausanne accueillent 6j\/7 adultes et enfants en 14 langues. ","display_banner":true,"banner_bgd_type":"empty","banner_buttons":false,"banner_subtitle":"Adent Zahnkliniken","banner_title":"Unsere kieferorthop\u00e4die-praxis in Luzern","banner_title_color":"white","banner_details":"<p>Die Adent Zahnklinik von Luzern ist g\u00fcnstig in der N\u00e4he des Bahnhofs gelegen und befindet sich in der Hertensteinstrasse 51. Inmitten der historischen Altstadt von Luzern steht Ihnen im Adent Zahnarztzentrum von Luzern ein breites Spektrum an zahnmedizinischen Behandlungen f\u00fcr Kinder und Erwachsene zur Verf\u00fcgung.<\/p>\n","display_shapes":false},"yoast_head":"<!-- This site is optimized with the Yoast SEO plugin v26.5 - https:\/\/yoast.com\/wordpress\/plugins\/seo\/ -->\n<title>Kieferorthop\u00e4die Luzern | Adent Zahnarztzentrum<\/title>\n<meta name=\"description\" content=\"Kieferorthop\u00e4dische Praxis Adent in Luzern. Verwandeln Sie Ihr L\u00e4cheln! Kieferorthop\u00e4die f\u00fcr Kinder und Erwachsene. Schnelle Online-RDV.\" \/>\n<meta name=\"robots\" content=\"index, follow, max-snippet:-1, max-image-preview:large, max-video-preview:-1\" \/>\n<link rel=\"canonical\" href=\"https:\/\/adent.ch\/de\/kieferorthopadie-luzern\/\" \/>\n<meta property=\"og:locale\" content=\"de_DE\" \/>\n<meta property=\"og:type\" content=\"article\" \/>\n<meta property=\"og:title\" content=\"Kieferorthop\u00e4die Luzern | Adent Zahnarztzentrum\" \/>\n<meta property=\"og:description\" content=\"Kieferorthop\u00e4dische Praxis Adent in Luzern. Verwandeln Sie Ihr L\u00e4cheln! Kieferorthop\u00e4die f\u00fcr Kinder und Erwachsene. Schnelle Online-RDV.\" \/>\n<meta property=\"og:url\" content=\"https:\/\/adent.ch\/de\/kieferorthopadie-luzern\/\" \/>\n<meta property=\"og:site_name\" content=\"Adent Zahnarztzentrum\" \/>\n<meta property=\"article:publisher\" content=\"https:\/\/www.facebook.com\/adentcliniquesdentaires\/\" \/>\n<meta property=\"article:modified_time\" content=\"2024-03-28T08:02:39+00:00\" \/>\n<meta property=\"og:image\" content=\"https:\/\/adent.ch\/wp-content\/uploads\/2023\/01\/adent-clinique-dentaire-ecublens-septembre-2019-54-1467x980.jpg\" \/>\n\t<meta property=\"og:image:width\" content=\"1467\" \/>\n\t<meta property=\"og:image:height\" content=\"980\" \/>\n\t<meta property=\"og:image:type\" content=\"image\/jpeg\" \/>\n<meta name=\"twitter:card\" content=\"summary_large_image\" \/>\n<meta name=\"twitter:label1\" content=\"Gesch\u00e4tzte Lesezeit\" \/>\n\t<meta name=\"twitter:data1\" content=\"1\u00a0Minute\" \/>\n<script type=\"application\/ld+json\" class=\"yoast-schema-graph\">{\"@context\":\"https:\/\/schema.org\",\"@graph\":[{\"@type\":\"WebPage\",\"@id\":\"https:\/\/adent.ch\/de\/kieferorthopadie-luzern\/\",\"url\":\"https:\/\/adent.ch\/de\/kieferorthopadie-luzern\/\",\"name\":\"Kieferorthop\u00e4die Luzern | Adent Zahnarztzentrum\",\"isPartOf\":{\"@id\":\"https:\/\/adent.ch\/de\/#website\"},\"primaryImageOfPage\":{\"@id\":\"https:\/\/adent.ch\/de\/kieferorthopadie-luzern\/#primaryimage\"},\"image\":{\"@id\":\"https:\/\/adent.ch\/de\/kieferorthopadie-luzern\/#primaryimage\"},\"thumbnailUrl\":\"https:\/\/adent.ch\/wp-content\/uploads\/2023\/01\/adent-clinique-dentaire-ecublens-septembre-2019-54.jpg\",\"datePublished\":\"2023-11-06T12:44:09+00:00\",\"dateModified\":\"2024-03-28T08:02:39+00:00\",\"description\":\"Kieferorthop\u00e4dische Praxis Adent in Luzern. Verwandeln Sie Ihr L\u00e4cheln! Kieferorthop\u00e4die f\u00fcr Kinder und Erwachsene. Schnelle Online-RDV.\",\"breadcrumb\":{\"@id\":\"https:\/\/adent.ch\/de\/kieferorthopadie-luzern\/#breadcrumb\"},\"inLanguage\":\"de-CH\",\"potentialAction\":[{\"@type\":\"ReadAction\",\"target\":[\"https:\/\/adent.ch\/de\/kieferorthopadie-luzern\/\"]}]},{\"@type\":\"ImageObject\",\"inLanguage\":\"de-CH\",\"@id\":\"https:\/\/adent.ch\/de\/kieferorthopadie-luzern\/#primaryimage\",\"url\":\"https:\/\/adent.ch\/wp-content\/uploads\/2023\/01\/adent-clinique-dentaire-ecublens-septembre-2019-54.jpg\",\"contentUrl\":\"https:\/\/adent.ch\/wp-content\/uploads\/2023\/01\/adent-clinique-dentaire-ecublens-septembre-2019-54.jpg\",\"width\":2246,\"height\":1500},{\"@type\":\"BreadcrumbList\",\"@id\":\"https:\/\/adent.ch\/de\/kieferorthopadie-luzern\/#breadcrumb\",\"itemListElement\":[{\"@type\":\"ListItem\",\"position\":1,\"name\":\"Home\",\"item\":\"https:\/\/adent.ch\/de\/\"},{\"@type\":\"ListItem\",\"position\":2,\"name\":\"Unsere kieferorthop\u00e4die-praxis in luzern\"}]},{\"@type\":\"WebSite\",\"@id\":\"https:\/\/adent.ch\/de\/#website\",\"url\":\"https:\/\/adent.ch\/de\/\",\"name\":\"Adent Zahnarztzentrum\",\"description\":\"\",\"publisher\":{\"@id\":\"https:\/\/adent.ch\/de\/#organization\"},\"potentialAction\":[{\"@type\":\"SearchAction\",\"target\":{\"@type\":\"EntryPoint\",\"urlTemplate\":\"https:\/\/adent.ch\/de\/?s={search_term_string}\"},\"query-input\":{\"@type\":\"PropertyValueSpecification\",\"valueRequired\":true,\"valueName\":\"search_term_string\"}}],\"inLanguage\":\"de-CH\"},{\"@type\":\"Organization\",\"@id\":\"https:\/\/adent.ch\/de\/#organization\",\"name\":\"Adent Cliniques Dentaires\",\"url\":\"https:\/\/adent.ch\/de\/\",\"logo\":{\"@type\":\"ImageObject\",\"inLanguage\":\"de-CH\",\"@id\":\"https:\/\/adent.ch\/de\/#\/schema\/logo\/image\/\",\"url\":\"https:\/\/adent.ch\/wp-content\/uploads\/2022\/09\/adent-habefast-logo-2018-fr-05032019-rvb-scaled.jpg\",\"contentUrl\":\"https:\/\/adent.ch\/wp-content\/uploads\/2022\/09\/adent-habefast-logo-2018-fr-05032019-rvb-scaled.jpg\",\"width\":2880,\"height\":750,\"caption\":\"Adent Cliniques Dentaires\"},\"image\":{\"@id\":\"https:\/\/adent.ch\/de\/#\/schema\/logo\/image\/\"},\"sameAs\":[\"https:\/\/www.facebook.com\/adentcliniquesdentaires\/\",\"https:\/\/www.instagram.com\/adent.ch\/\",\"https:\/\/www.youtube.com\/channel\/UCPd5UjY-ipuq3MhW6m0W-wg\",\"https:\/\/www.linkedin.com\/company\/adent-cliniques-dentaires\/?originalSubdomain=ch\"]}]}<\/script>\n<!-- \/ Yoast SEO plugin. -->","yoast_head_json":{"title":"Kieferorthop\u00e4die Luzern | Adent Zahnarztzentrum","description":"Kieferorthop\u00e4dische Praxis Adent in Luzern. Verwandeln Sie Ihr L\u00e4cheln! Kieferorthop\u00e4die f\u00fcr Kinder und Erwachsene. Schnelle Online-RDV.","robots":{"index":"index","follow":"follow","max-snippet":"max-snippet:-1","max-image-preview":"max-image-preview:large","max-video-preview":"max-video-preview:-1"},"canonical":"https:\/\/adent.ch\/de\/kieferorthopadie-luzern\/","og_locale":"de_DE","og_type":"article","og_title":"Kieferorthop\u00e4die Luzern | Adent Zahnarztzentrum","og_description":"Kieferorthop\u00e4dische Praxis Adent in Luzern. Verwandeln Sie Ihr L\u00e4cheln! Kieferorthop\u00e4die f\u00fcr Kinder und Erwachsene. Schnelle Online-RDV.","og_url":"https:\/\/adent.ch\/de\/kieferorthopadie-luzern\/","og_site_name":"Adent Zahnarztzentrum","article_publisher":"https:\/\/www.facebook.com\/adentcliniquesdentaires\/","article_modified_time":"2024-03-28T08:02:39+00:00","og_image":[{"width":1467,"height":980,"url":"https:\/\/adent.ch\/wp-content\/uploads\/2023\/01\/adent-clinique-dentaire-ecublens-septembre-2019-54-1467x980.jpg","type":"image\/jpeg"}],"twitter_card":"summary_large_image","twitter_misc":{"Gesch\u00e4tzte Lesezeit":"1\u00a0Minute"},"schema":{"@context":"https:\/\/schema.org","@graph":[{"@type":"WebPage","@id":"https:\/\/adent.ch\/de\/kieferorthopadie-luzern\/","url":"https:\/\/adent.ch\/de\/kieferorthopadie-luzern\/","name":"Kieferorthop\u00e4die Luzern | Adent Zahnarztzentrum","isPartOf":{"@id":"https:\/\/adent.ch\/de\/#website"},"primaryImageOfPage":{"@id":"https:\/\/adent.ch\/de\/kieferorthopadie-luzern\/#primaryimage"},"image":{"@id":"https:\/\/adent.ch\/de\/kieferorthopadie-luzern\/#primaryimage"},"thumbnailUrl":"https:\/\/adent.ch\/wp-content\/uploads\/2023\/01\/adent-clinique-dentaire-ecublens-septembre-2019-54.jpg","datePublished":"2023-11-06T12:44:09+00:00","dateModified":"2024-03-28T08:02:39+00:00","description":"Kieferorthop\u00e4dische Praxis Adent in Luzern. Verwandeln Sie Ihr L\u00e4cheln! Kieferorthop\u00e4die f\u00fcr Kinder und Erwachsene. Schnelle Online-RDV.","breadcrumb":{"@id":"https:\/\/adent.ch\/de\/kieferorthopadie-luzern\/#breadcrumb"},"inLanguage":"de-CH","potentialAction":[{"@type":"ReadAction","target":["https:\/\/adent.ch\/de\/kieferorthopadie-luzern\/"]}]},{"@type":"ImageObject","inLanguage":"de-CH","@id":"https:\/\/adent.ch\/de\/kieferorthopadie-luzern\/#primaryimage","url":"https:\/\/adent.ch\/wp-content\/uploads\/2023\/01\/adent-clinique-dentaire-ecublens-septembre-2019-54.jpg","contentUrl":"https:\/\/adent.ch\/wp-content\/uploads\/2023\/01\/adent-clinique-dentaire-ecublens-septembre-2019-54.jpg","width":2246,"height":1500},{"@type":"BreadcrumbList","@id":"https:\/\/adent.ch\/de\/kieferorthopadie-luzern\/#breadcrumb","itemListElement":[{"@type":"ListItem","position":1,"name":"Home","item":"https:\/\/adent.ch\/de\/"},{"@type":"ListItem","position":2,"name":"Unsere kieferorthop\u00e4die-praxis in luzern"}]},{"@type":"WebSite","@id":"https:\/\/adent.ch\/de\/#website","url":"https:\/\/adent.ch\/de\/","name":"Adent Zahnarztzentrum","description":"","publisher":{"@id":"https:\/\/adent.ch\/de\/#organization"},"potentialAction":[{"@type":"SearchAction","target":{"@type":"EntryPoint","urlTemplate":"https:\/\/adent.ch\/de\/?s={search_term_string}"},"query-input":{"@type":"PropertyValueSpecification","valueRequired":true,"valueName":"search_term_string"}}],"inLanguage":"de-CH"},{"@type":"Organization","@id":"https:\/\/adent.ch\/de\/#organization","name":"Adent Cliniques Dentaires","url":"https:\/\/adent.ch\/de\/","logo":{"@type":"ImageObject","inLanguage":"de-CH","@id":"https:\/\/adent.ch\/de\/#\/schema\/logo\/image\/","url":"https:\/\/adent.ch\/wp-content\/uploads\/2022\/09\/adent-habefast-logo-2018-fr-05032019-rvb-scaled.jpg","contentUrl":"https:\/\/adent.ch\/wp-content\/uploads\/2022\/09\/adent-habefast-logo-2018-fr-05032019-rvb-scaled.jpg","width":2880,"height":750,"caption":"Adent Cliniques Dentaires"},"image":{"@id":"https:\/\/adent.ch\/de\/#\/schema\/logo\/image\/"},"sameAs":["https:\/\/www.facebook.com\/adentcliniquesdentaires\/","https:\/\/www.instagram.com\/adent.ch\/","https:\/\/www.youtube.com\/channel\/UCPd5UjY-ipuq3MhW6m0W-wg","https:\/\/www.linkedin.com\/company\/adent-cliniques-dentaires\/?originalSubdomain=ch"]}]}},"_links":{"self":[{"href":"https:\/\/adent.ch\/de\/wp-json\/wp\/v2\/pages\/12032","targetHints":{"allow":["GET"]}}],"collection":[{"href":"https:\/\/adent.ch\/de\/wp-json\/wp\/v2\/pages"}],"about":[{"href":"https:\/\/adent.ch\/de\/wp-json\/wp\/v2\/types\/page"}],"author":[{"embeddable":true,"href":"https:\/\/adent.ch\/de\/wp-json\/wp\/v2\/users\/13"}],"replies":[{"embeddable":true,"href":"https:\/\/adent.ch\/de\/wp-json\/wp\/v2\/comments?post=12032"}],"version-history":[{"count":4,"href":"https:\/\/adent.ch\/de\/wp-json\/wp\/v2\/pages\/12032\/revisions"}],"predecessor-version":[{"id":13033,"href":"https:\/\/adent.ch\/de\/wp-json\/wp\/v2\/pages\/12032\/revisions\/13033"}],"wp:featuredmedia":[{"embeddable":true,"href":"https:\/\/adent.ch\/de\/wp-json\/wp\/v2\/media\/10609"}],"wp:attachment":[{"href":"https:\/\/adent.ch\/de\/wp-json\/wp\/v2\/media?parent=12032"}],"curies":[{"name":"wp","href":"https:\/\/api.w.org\/{rel}","templated":true}]}}