{"id":4136,"date":"2022-01-06T10:59:42","date_gmt":"2022-01-06T09:59:42","guid":{"rendered":"https:\/\/adent.ch\/soin\/blanchiments-et-soins-esthetiques\/"},"modified":"2026-01-22T15:10:05","modified_gmt":"2026-01-22T14:10:05","slug":"zahnbleaching-und-aesthetisch-e-en-behandlungen","status":"publish","type":"soin","link":"https:\/\/adent.ch\/de\/behandlung\/zahnbleaching-und-aesthetisch-e-en-behandlungen\/","title":{"rendered":"Bleaching und \u00e4sthetische Behandlungen"},"content":{"rendered":"<div class=\"two-column-block\" >\n\t<div class=\"container\">\n\t\t\t\t\t<h3 class=\"title\" data-sal=\"slide-up\" data-sal-delay=\"200\" data-sal-easing=\"ease-in-out\" data-sal-duration=\"300\">Zeigen Sie Ihr strahlendes L\u00e4cheln<\/h3>\n\t\t\t\t\t\t\t<div class=\"row justify-content-between\" data-sal=\"slide-up\" data-sal-delay=\"200\" data-sal-easing=\"ease-in-out\" data-sal-duration=\"300\">\n\t\t\t\t\t\t\t\t\t\t\t\t\t\t\t<div class=\"col-md-6\">\n\t\t\t\t\t\t\t<div class=\"text-lg\">\n\t\t\t\t\t\t\t\t<p>Unser Mund spielt daher eine wichtige Rolle bei der Kommunikation und Gesundheit.<\/p>\n<p>Regelm\u00e4ssige Zahnpflege ist der Schl\u00fcssel zu einer guten Mundgesundheit und tr\u00e4gt wesentlich zur St\u00e4rkung des Selbstbewusstseins bei. Die regelm\u00e4ssige Entfernung von Zahnbelag auf Ihren Z\u00e4hnen verhindert das Wachstum von Bakterien, die Zahnfleischentz\u00fcndungen (Gingivitis) verursachen. Ausserdem h\u00e4lt es Ihre Z\u00e4hne glatt, weiss und gl\u00e4nzend.<\/p>\n<p>Mit einigen guten Gewohnheiten in Ihrem Alltag und regelm\u00e4ssigen Besuchen bei Ihrem Hygieniker oder Zahnarzt k\u00f6nnen Sie sich ein gesundes, strahlendes L\u00e4cheln und sch\u00f6ne Z\u00e4hne bewahren. Unsere Dentalhygienikerinnen teilen mit Ihnen Gesundheitstipps, um Ihre Z\u00e4hne weiss und Ihr Zahnfleisch gesund zu halten.<\/p>\n\t\t\t\t\t\t\t<\/div>\n\t\t\t\t\t\t\t\t\t\t\t\t\t\t\t\t\t\t\t\t\t\t<a href=\"https:\/\/adent.ch\/de\/behandlung\/zahnsteinentfernung-und-zahnhygiene\/\"  class=\"primary-btn\">Weitere Informationen<\/a>\n\t\t\t\t\t\t\t\t\t\t\t\t\t\t\t\t\t\t\t\t<\/div>\n\t\t\t\t\t\t\t\t\t\t\t\t\t\t\t\t\t\t\t\t<div class=\"col-md-6\">\n\t\t\t\t\t\t\t<div class=\"text-lg\">\n\t\t\t\t\t\t\t\t<p>Wenn Sie die Farbe Ihres Zahnschmelzes aufhellen und weissere Z\u00e4hne haben m\u00f6chten, bieten wir Ihnen eine professionelle Zahnaufhellung an! Wir bieten effektive, einfache, professionelle und nicht-invasive L\u00f6sungen f\u00fcr das Bleichen Ihrer Z\u00e4hne.<\/p>\n<p>Haben Sie Fragen zu unseren verschiedenen Zahnaufhellungstechniken? Fragen Sie Ihre <a href=\"https:\/\/adent.ch\/de\/team\/?care_id=4134\">Dentalhygienikerin<\/a> oder Ihren <a href=\"https:\/\/adent.ch\/de\/team\/?care_id=4138\">Zahnarzt<\/a> um Rat!<\/p>\n<p>Entdecken Sie unten die verschiedenen Zahnaufhellungstechniken und andere \u00e4sthetische Behandlungen, die wir in den Adent Zahnarztzentren anbieten.<\/p>\n\t\t\t\t\t\t\t<\/div>\n\t\t\t\t\t\t\t\t\t\t\t\t\t\t\t\t\t\t\t\t\t\t\t\t\t\t\t<\/div>\n\t\t\t\t\t\t\t\t\t\t\t\t<\/div>\n\t\t\t<\/div>\n<\/div>\n\n<div class=\"two-column-block\" >\n\t<div class=\"container\">\n\t\t\t\t\t<h3 class=\"title\" data-sal=\"slide-up\" data-sal-delay=\"200\" data-sal-easing=\"ease-in-out\" data-sal-duration=\"300\">Zahnaufhellung im Zentrum<\/h3>\n\t\t\t\t\t\t\t<div class=\"row justify-content-between\" data-sal=\"slide-up\" data-sal-delay=\"200\" data-sal-easing=\"ease-in-out\" data-sal-duration=\"300\">\n\t\t\t\t\t\t\t\t\t\t\t\t\t\t\t<div class=\"col-md-6\">\n\t\t\t\t\t\t\t<div class=\"text-lg\">\n\t\t\t\t\t\t\t\t<p><strong>Professionelles Zahnbleaching: Ein weisseres L\u00e4cheln \u2013 ganz nach Ihren Bed\u00fcrfnissen<\/strong><\/p>\n<p>Verleihen Sie Ihrem L\u00e4cheln sofort neue Strahlkraft mit unseren professionellen Zahnbleaching-Behandlungen im Zahnarztzentrum der Groupe Adent. Moderne Technologien, schonende Verfahren und eine individuelle Beratung sorgen f\u00fcr sichtbare und sichere Resultate.<\/p>\n<p>&nbsp;<\/p>\n<p><strong>BlancOne\u00ae: Express-Zahnbleaching f\u00fcr besondere Anl\u00e4sse<\/strong><\/p>\n<p>Das BlancOne\u00ae Zahnbleaching ist ideal f\u00fcr einmalige Ereignisse wie eine Hochzeit, ein Fotoshooting oder einen wichtigen Abend. Die Behandlung wird direkt im Zahnarztzentrum von einer speziell ausgebildeten Dentalhygienikerin durchgef\u00fchrt und liefert bereits nach kurzer Zeit sichtbare Ergebnisse (10 bis 30 Minuten, je nach Methode).<\/p>\n<p>\ud83d\udc49 <strong>Hinweis:<\/strong> Die Wirkung ist tempor\u00e4r.<\/p>\n<p>&nbsp;<\/p>\n<p><strong>Fl\u00e4sh: Sanftes und nachhaltiges Zahnbleaching (CHF 500.\u2013)<\/strong><\/p>\n<p>Das Fl\u00e4sh Zahnbleaching richtet sich an Patientinnen und Patienten, die ein nat\u00fcrliches und langfristiges Ergebnis w\u00fcnschen. Die Behandlung erfolgt \u00fcber mehrere Sitzungen hinweg und erm\u00f6glicht eine kontrollierte, schrittweise Aufhellung der Zahnfarbe.<\/p>\n<p>\ud83d\udd0e <strong>Wichtig:<\/strong> Eine gesunde Dentition ohne Zahnstein oder pathologische Befunde ist Voraussetzung f\u00fcr jedes Zahnbleaching. Eine zahnmedizinische Kontrolle sowie eine Zahnreinigung werden mindestens 3 Monate vor der Behandlung empfohlen.<\/p>\n<p>&nbsp;<\/p>\n<p>\ud83d\udccd <strong>Unsere Teams in den Zahnarztzentren beraten Sie gerne<\/strong>, um das f\u00fcr Sie passende Zahnbleaching auszuw\u00e4hlen.<\/p>\n<p>Bitte beachten Sie: Nicht alle Behandlungen sind in allen Zahnarztzentren verf\u00fcgbar. Informieren Sie sich direkt beim Zahnarztzentrum, in dem Sie Ihre Behandlung durchf\u00fchren m\u00f6chten.<\/p>\n\t\t\t\t\t\t\t<\/div>\n\t\t\t\t\t\t\t\t\t\t\t\t\t\t\t\t\t\t\t\t\t\t<a href=\"https:\/\/adent.ch\/de\/termin-vereinbaren\/\"  class=\"primary-btn\">Termin vereinbaren<\/a>\n\t\t\t\t\t\t\t\t\t\t\t\t\t\t\t\t\t\t\t\t<\/div>\n\t\t\t\t\t\t\t\t\t\t\t\t\t\t\t\t\t\t\t\t<div class=\"col-md-6\">\n\t\t\t\t\t\t\t\t\t\t\t\t\t\t\t\t\t\t\t\t\t\t\t\t<img decoding=\"async\" src=\"https:\/\/adent.ch\/wp-content\/uploads\/2022\/07\/avantapres_adent-989x980.jpeg\">\n\t\t\t\t\t\t\t\t\t\t\t\t\t\t\t\t\t\t\t\t\t<\/div>\n\t\t\t\t\t\t\t\t\t\t\t\t<\/div>\n\t\t\t<\/div>\n<\/div>\n\n<div class=\"accordion-block\">\n\t<div class=\"container\">\n\t\t<h3 class=\"h2\" data-sal=\"slide-up\" data-sal-delay=\"200\" data-sal-easing=\"ease-in-out\" data-sal-duration=\"300\">FAQ &#8211; Zahnaufhellung im Zentrum<\/h3>\n\t\t<div class=\"row justify-content-between\" data-sal=\"slide-up\" data-sal-delay=\"200\" data-sal-easing=\"ease-in-out\" data-sal-duration=\"300\">\n\t\t\t<div class=\"col-lg-8\">\n\t\t\t\t\t\t\t\t\t\t\t\t\t\t\t<div class=\"accordion\">\n\t\t\t\t\t\t\t<h2 class=\"accordion__title\">Zahnaufhellung im Zentrum: Wie funktioniert das?<\/h2>\n\t\t\t\t\t\t\t<div class=\"content\"><p>Die Zahnaufhellung wird von unseren ausgebildeten Dentalhygienikerinnen in unserem Zentrum durchgef\u00fchrt. Das Bleichen der Z\u00e4hne wird in einer einzigen Sitzung mit professionellen, bew\u00e4hrten und bekannten Produkten durchgef\u00fchrt. Sie enthalten 16% Carbamidperoxid.<\/p>\n<p>In einem unserer Zentren wird das Bleichgel f\u00fcr 10 bis 30 Minuten auf Ihre Z\u00e4hne aufgetragen. Eine Biophotonenlampe mit einem Bleichbogen (ultraviolettes Licht) wird auf Ihr Gebiss gerichtet und aktiviert das Bleichmittel. Um Empfindlichkeiten zu vermeiden, wird Vitamin D auf das Zahnfleisch aufgetragen.<\/p>\n<p>Eine Sitzung mit BlancOne\u00ae CLICK dauert 10 Minuten. Die Dentalhygienikerin wendet diese Behandlung direkt nach der Zahnreinigung an. Sie k\u00f6nnen mit dem BlancOne\u00ae CLICK Zahnbleichmittel ein bis zwei Nuancen gewinnen.<\/p>\n<p>Wir bieten auch BlancOne\u00ae TOUCH Zahnaufhellung an. Die Dauer betr\u00e4gt 30 Minuten, was drei Bleichzyklen entspricht. Mit dieser Behandlung wird Ihr Zahnschmelz um vier bis f\u00fcnf Farbt\u00f6ne aufgehellt. Sie werden mit strahlend weissen Z\u00e4hnen nach Hause gehen!<\/p>\n<\/div>\n\t\t\t\t\t\t<\/div>\n\t\t\t\t\t\t\t\t\t\t\t<div class=\"accordion\">\n\t\t\t\t\t\t\t<h2 class=\"accordion__title\">Was sind die Vorteile des professionellen Zahnbleachings BlancOne\u00ae?<\/h2>\n\t\t\t\t\t\t\t<div class=\"content\"><p>BlancOne\u00ae Zahnaufhellung ist kurz, effektiv und entspricht den Bed\u00fcrfnissen unserer Patienten durch seine Vorteile:<\/p>\n<ul>\n<li>F\u00fcr weissere Z\u00e4hne ist nur eine Sitzung erforderlich.<\/li>\n<li>Die Dauer des Eingriffs ist kurz (ab 10&#8242; Minuten Anwendung). Die Zahnaufhellung wird direkt nach Ihrer Zahnreinigung angewendet.<\/li>\n<\/ul>\n<p>Die Empfindlichkeit auf den Z\u00e4hnen ist geringer (Tests mit unseren Patienten). Das Ergebnis ist nat\u00fcrlich und dauerhaft.<\/p>\n<\/div>\n\t\t\t\t\t\t<\/div>\n\t\t\t\t\t\t\t\t\t\t\t<div class=\"accordion\">\n\t\t\t\t\t\t\t<h2 class=\"accordion__title\">Was muss ich beachten, bevor ich eine professionelle Zahnaufhellung mit BlancOne\u00ae beginne?<\/h2>\n\t\t\t\t\t\t\t<div class=\"content\"><p>Eine gute Mundhygiene ist Voraussetzung f\u00fcr eine Zahnaufhellung. Vor der Zahnaufhellung ist ein Kontrolltermin beim Zahnarzt erforderlich. Bevor Sie mit der Behandlung beginnen, m\u00fcssen Karies, Zahnstein oder andere Erkrankungen (wie z.B. Zahnlockerung) ausgeschlossen sein.<\/p>\n<p>Schwangeren Frauen, starken Rauchern und Jugendlichen bis 18 Jahre wird von einer Zahnaufhellung abgeraten. Ihre Z\u00e4hne sind noch nicht ausgereift, die Wurzeln sind noch offen und empfindlich. Es ist auch zu beachten, dass Zahnkronen und Kompositf\u00fcllungen (allgemein als &#8220;F\u00fcllungen&#8221; bezeichnet) nicht weiss werden. Wenn sie sich auf den hinteren Z\u00e4hnen befinden, kann das Bleaching problemlos durchgef\u00fchrt werden. Wenn sie jedoch auf den vorderen Z\u00e4hnen vorhanden sind, m\u00fcssen sie nach der Zahnaufhellung ausgetauscht und an die neue Zahnfarbe angepasst werden.<\/p>\n<\/div>\n\t\t\t\t\t\t<\/div>\n\t\t\t\t\t\t\t\t\t\t\t<div class=\"accordion\">\n\t\t\t\t\t\t\t<h2 class=\"accordion__title\">Ich bin an einer professionellen Zahnaufhellung mit BlancOne\u00ae interessiert. An wen kann ich mich wenden?<\/h2>\n\t\t\t\t\t\t\t<div class=\"content\"><p>Kontaktieren Sie das Zentrum <a href=\"https:\/\/adent.ch\/de\/zahnkliniken\/\" target=\"_blank\" rel=\"noopener\">Adent Zahnarztzentrum in Ihrer N\u00e4he<\/a>. Unsere Dentalhygienikerinnen sind von Montag bis Samstag, von morgens bis abends in allen unseren Zahnarztzentren f\u00fcr Sie da.<\/p>\n<\/div>\n\t\t\t\t\t\t<\/div>\n\t\t\t\t\t\t\t\t\t\t\t\t<\/div>\n\t\t\t<div class=\"col-lg-3 mt-md-5\">\n\t\t\t\t\t\t\t\t\t\t\t<\/div>\n\t\t<\/div>\n\t<\/div>\n<\/div>\n\n<div class=\"two-column-block\" >\n\t<div class=\"container\">\n\t\t\t\t\t<h3 class=\"title\" data-sal=\"slide-up\" data-sal-delay=\"200\" data-sal-easing=\"ease-in-out\" data-sal-duration=\"300\">Zahnaufhellung mit Schienen<\/h3>\n\t\t\t\t\t\t\t<div class=\"row justify-content-between\" data-sal=\"slide-up\" data-sal-delay=\"200\" data-sal-easing=\"ease-in-out\" data-sal-duration=\"300\">\n\t\t\t\t\t\t\t\t\t\t\t\t\t\t\t<div class=\"col-md-6\">\n\t\t\t\t\t\t\t<div class=\"text-lg\">\n\t\t\t\t\t\t\t\t<p><strong>Ein gr\u00fcndliches und lang anhaltendes Ergebnis mit unseren massgeschneiderten Bleaching-Schienen und den professionellen Produkten von <a href=\"https:\/\/www.philips.ch\/fr\/c-m-pe\/eclaircissement-des-dents\" target=\"_blank\" rel=\"noopener\">Philips Zoom\u00ae (400.-)<\/a>.<\/strong><\/p>\n<p>Diese Zahnaufhellungstechnik ist in verschiedenen Zentren der Adent Gruppe verf\u00fcgbar. Sie liefert signifikante Ergebnisse und garantiert eine zuverl\u00e4ssige Bleichung. Bereits nach einigen Tagen sind Ergebnisse sichtbar und nach nur 2 Wochen ist die Behandlung abgeschlossen. Ihre individuelle und massgeschneiderte Bleaching-Schiene wird in den Labors des Adent-Netzwerks hergestellt. Gesunde, zahnsteinfreie und pathologiefreie Z\u00e4hne sind eine Voraussetzung f\u00fcr den Beginn einer Zahnaufhellung.<\/p>\n\t\t\t\t\t\t\t<\/div>\n\t\t\t\t\t\t\t\t\t\t\t\t\t\t\t\t\t\t\t\t\t\t<a href=\"https:\/\/adent.ch\/de\/termin-vereinbaren\/\"  class=\"primary-btn\">Termin vereinbaren<\/a>\n\t\t\t\t\t\t\t\t\t\t\t\t\t\t\t\t\t\t\t\t<\/div>\n\t\t\t\t\t\t\t\t\t\t\t\t\t\t\t\t\t\t\t\t<div class=\"col-md-6\">\n\t\t\t\t\t\t\t\t\t\t\t\t\t\t\t\t\t\t\t\t\t\t\t\t<img decoding=\"async\" src=\"https:\/\/adent.ch\/wp-content\/uploads\/2022\/01\/adent-renens-mai-2022-igor-lask-web-hd-srvb-26-1469x980.jpg\">\n\t\t\t\t\t\t\t\t\t\t\t\t\t\t\t\t\t\t\t\t\t<\/div>\n\t\t\t\t\t\t\t\t\t\t\t\t<\/div>\n\t\t\t<\/div>\n<\/div>\n\n<div class=\"accordion-block\">\n\t<div class=\"container\">\n\t\t<h3 class=\"h2\" data-sal=\"slide-up\" data-sal-delay=\"200\" data-sal-easing=\"ease-in-out\" data-sal-duration=\"300\">FAQ &#8211; Zahnaufhellung mit Schienen<\/h3>\n\t\t<div class=\"row justify-content-between\" data-sal=\"slide-up\" data-sal-delay=\"200\" data-sal-easing=\"ease-in-out\" data-sal-duration=\"300\">\n\t\t\t<div class=\"col-lg-8\">\n\t\t\t\t\t\t\t\t\t\t\t\t\t\t\t<div class=\"accordion\">\n\t\t\t\t\t\t\t<h2 class=\"accordion__title\">Zahnaufhellungsschienen: Wie funktionieren die Schienen?<\/h2>\n\t\t\t\t\t\t\t<div class=\"content\"><p>Die Dentalhygienikerin oder der Zahnarzt macht einen Abdruck Ihrer Z\u00e4hne und \u00fcbergibt diesen an den Zahntechniker. Ihre individuelle und massgeschneiderte Bleaching-Schiene wird in den <a href=\"https:\/\/adent.ch\/de\/gruppe\/dentallabore\/\">Labors des Adent-Netzwerks<\/a> hergestellt.<\/p>\n<p>Die Herstellung der Bleaching-Schiene dauert eine Woche. Nach Ablauf dieser Frist wird ein neuer Termin f\u00fcr die Anprobe, die Beratung und die \u00dcbergabe des Materials (Schiene und Bleichmittel) vereinbart. Die Schienen k\u00f6nnen je nach Vorliebe Tag und Nacht f\u00fcr einige Stunden getragen werden. Bereits nach einigen Tagen sind Ergebnisse sichtbar. Nach nur 2 Wochen ist die Behandlung abgeschlossen und Ihre Z\u00e4hne sind strahlend weiss.<\/p>\n<p>Ihre Zahnaufhellungsschiene kann gelagert und sp\u00e4ter wieder verwendet werden. So k\u00f6nnen Sie nach Belieben \u00c4nderungen vornehmen.<\/p>\n<\/div>\n\t\t\t\t\t\t<\/div>\n\t\t\t\t\t\t\t\t\t\t\t<div class=\"accordion\">\n\t\t\t\t\t\t\t<h2 class=\"accordion__title\">F\u00fcr wen ist die Zahnaufhellung mit Schienen geeignet?<\/h2>\n\t\t\t\t\t\t\t<div class=\"content\"><p>Die Zahnaufhellung mit Schienen ist f\u00fcr Menschen gedacht, die dauerhaft weissere Z\u00e4hne haben m\u00f6chten. Um f\u00fcr diese Behandlung in Frage zu kommen, d\u00fcrfen Sie keine mundgesundheitlichen Kontraindikationen haben und m\u00fcssen ein gesundes Gebiss haben (kein Zahnstein, keine Karies, keine Zahnlockerung usw.). Der Rat Ihrer Dentalhygienikerin oder Ihres Zahnarztes ist erforderlich.<\/p>\n<\/div>\n\t\t\t\t\t\t<\/div>\n\t\t\t\t\t\t\t\t\t\t\t<div class=\"accordion\">\n\t\t\t\t\t\t\t<h2 class=\"accordion__title\">Welche Vorteile bietet die professionelle Zahnaufhellung von Philips Zoom\u00ae?<\/h2>\n\t\t\t\t\t\t\t<div class=\"content\"><p>Zahnaufhellung mit massgefertigten Schienen von Philips Zoom\u00ae-Produkten bietet Ihnen eine professionelle, effektive und sichere Zahnaufhellung. Massgefertigte Schienen sind diskret und k\u00f6nnen je nach Wunsch am Tag oder in der Nacht getragen werden. Die innovative Formel des Gels sch\u00fctzt Ihren Zahnschmelz und st\u00e4rkt Ihre Z\u00e4hne, ohne Ihre Gesundheit zu beeintr\u00e4chtigen.<\/p>\n<\/div>\n\t\t\t\t\t\t<\/div>\n\t\t\t\t\t\t\t\t\t\t\t<div class=\"accordion\">\n\t\t\t\t\t\t\t<h2 class=\"accordion__title\">Was muss ich beachten, bevor ich mit einer professionellen Philips Zoom\u00ae Zahnaufhellung beginne?<\/h2>\n\t\t\t\t\t\t\t<div class=\"content\"><p>Eine gute Mundgesundheit ist Voraussetzung f\u00fcr das Bleichen von Z\u00e4hnen. Vor dem Bleichen ist ein Kontrolltermin beim Zahnarzt erforderlich. Vor Beginn der Behandlung m\u00fcssen Karies, Zahnstein oder andere Erkrankungen (z.B. Zahnlockerung) ausgeschlossen werden.<\/p>\n<p>Schwangeren Frauen, starken Rauchern und Jugendlichen bis 18 Jahre wird von einer Zahnaufhellung abgeraten. Ihre Z\u00e4hne sind noch nicht ausgereift, die Wurzeln sind noch offen und empfindlich. Es ist auch zu beachten, dass Zahnkronen und Kompositf\u00fcllungen (allgemein als &#8220;F\u00fcllungen&#8221; bezeichnet) nicht weiss werden. Wenn sie sich auf den hinteren Z\u00e4hnen befinden, kann das Bleaching problemlos durchgef\u00fchrt werden. Wenn sie jedoch auf den vorderen Z\u00e4hnen vorhanden sind, m\u00fcssen sie nach der Zahnaufhellung ausgetauscht und an die neue Zahnfarbe angepasst werden.<\/p>\n<\/div>\n\t\t\t\t\t\t<\/div>\n\t\t\t\t\t\t\t\t\t\t\t\t<\/div>\n\t\t\t<div class=\"col-lg-3 mt-md-5\">\n\t\t\t\t\t\t\t\t\t\t\t<\/div>\n\t\t<\/div>\n\t<\/div>\n<\/div>\n\n<div class=\"two-column-block\" >\n\t<div class=\"container\">\n\t\t\t\t\t<h3 class=\"title\" data-sal=\"slide-up\" data-sal-delay=\"200\" data-sal-easing=\"ease-in-out\" data-sal-duration=\"300\">Invisalign\u00ae<\/h3>\n\t\t\t\t\t\t\t<div class=\"row justify-content-between\" data-sal=\"slide-up\" data-sal-delay=\"200\" data-sal-easing=\"ease-in-out\" data-sal-duration=\"300\">\n\t\t\t\t\t\t\t\t\t\t\t\t\t\t\t<div class=\"col-md-6\">\n\t\t\t\t\t\t\t<div class=\"text-lg\">\n\t\t\t\t\t\t\t\t<p>Invisalign\u00ae ist eine kieferorthop\u00e4dische Behandlung mit durchsichtigen Zahnschienen der Marke Invisalign\u00ae. Bei dieser Behandlung wird eine Reihe von transparenten, herausnehmbaren Alignern f\u00fcr einige Wochen oder Monate getragen, um die Z\u00e4hne auf sanfte und schonende Weise neu auszurichten.<\/p>\n<p>Dieses transparente und \u00e4sthetisch unauff\u00e4llige System ist nicht nur auf relativ einfache Behandlungen beschr\u00e4nkt, sondern eignet sich auch f\u00fcr komplexere Ausrichtungen. Bei kleinen, un\u00e4sthetischen Zahnfehlstellungen reicht eine mehrmonatige Behandlung mit transparenten Alignern aus. Bei komplexen Behandlungen k\u00f6nnen ein bis zwei Jahre erforderlich sein. Aber keine Sorge, dank der modernen 3D-Bildgebungstechnologie kennen Sie Ihren Behandlungsplan im Voraus, von der Anfangsposition der Z\u00e4hne bis zur gew\u00fcnschten Endposition.<\/p>\n\t\t\t\t\t\t\t<\/div>\n\t\t\t\t\t\t\t\t\t\t\t\t\t\t\t\t\t\t\t\t\t\t<a href=\"https:\/\/adent.ch\/de\/info\/invisalign-behandlung\/\"  class=\"primary-btn\">Invisalign\u00ae entdecken<\/a>\n\t\t\t\t\t\t\t\t\t\t\t\t\t\t\t\t\t\t\t\t<\/div>\n\t\t\t\t\t\t\t\t\t\t\t\t\t\t\t\t\t\t\t\t<div class=\"col-md-6\">\n\t\t\t\t\t\t\t\t\t\t\t\t\t\t\t\t\t\t\t\t\t\t\t\t<img decoding=\"async\" src=\"https:\/\/adent.ch\/wp-content\/uploads\/2022\/01\/invisalign-2-1470x980.jpg\">\n\t\t\t\t\t\t\t\t\t\t\t\t\t\t\t\t\t\t\t\t\t<\/div>\n\t\t\t\t\t\t\t\t\t\t\t\t<\/div>\n\t\t\t<\/div>\n<\/div>\n\n<div class=\"two-column-block\" >\n\t<div class=\"container\">\n\t\t\t\t\t<h3 class=\"title\" data-sal=\"slide-up\" data-sal-delay=\"200\" data-sal-easing=\"ease-in-out\" data-sal-duration=\"300\">Zahnprothesen<\/h3>\n\t\t\t\t\t\t\t<div class=\"row justify-content-between\" data-sal=\"slide-up\" data-sal-delay=\"200\" data-sal-easing=\"ease-in-out\" data-sal-duration=\"300\">\n\t\t\t\t\t\t\t\t\t\t\t\t\t\t\t<div class=\"col-md-6\">\n\t\t\t\t\t\t\t<div class=\"text-lg\">\n\t\t\t\t\t\t\t\t<p>Es gibt eine grosse Auswahl an festsitzendem oder herausnehmbarem Zahnersatz, der die \u00c4sthetik und den Komfort Ihres L\u00e4chelns verbessert. Zahnprothesen, die sich leicht an die Bed\u00fcrfnisse jedes Einzelnen anpassen lassen: Zahnkrone, Br\u00fccke, Veneer, herausnehmbare Voll- oder Teilprothese.<\/p>\n\t\t\t\t\t\t\t<\/div>\n\t\t\t\t\t\t\t\t\t\t\t\t\t\t\t\t\t\t\t\t\t\t<a href=\"https:\/\/adent.ch\/soin\/implant-et-restauration\/\"  class=\"primary-btn\">Weitere Informationen<\/a>\n\t\t\t\t\t\t\t\t\t\t\t\t\t\t\t\t\t\t\t\t<\/div>\n\t\t\t\t\t\t\t\t\t\t\t\t<\/div>\n\t\t\t<\/div>\n<\/div>\n\n<div class=\"highlight-image-block\" data-id=\"highlight-image-40\" id=\"highlight-image-40\">\n\t<div class=\"container\">\n\t\t\t\t\t\t\t<div class=\"cards-slider\">\n\t\t\t\t<div class=\"swiper count-4\" data-sal=\"slide-up\" data-sal-delay=\"200\" data-sal-easing=\"ease-in-out\" data-sal-duration=\"300\">\n\t\t\t\t\t<div class=\"swiper-wrapper\">\n\t\t\t\t\t\t\t\t\t\t\t\t\t<div class=\"swiper-slide\">\n\t\t\t\t\t\t\t\t<div class=\"card\">\n\t\t\t\t\t\t\t\t\t<div class=\"card__caption\">\n\t\t\t\t\t\t\t\t\t\t<div class=\"card__title\">Zahnkrone<\/div>\n\t\t\t\t\t\t\t\t\t<\/div>\n\t\t\t\t\t\t\t\t\t\t\t\t\t\t\t\t\t\t\t<div class=\"card__read-more\" data-read-more>\n\t\t\t\t\t\t\t\t\t\t\t<div class=\"card__desc\"><span data-read-more-short>Die Krone ist ein Zahnersatz aus Keramik, der den sichtbaren Teil des Zahns ersetzt, wenn<span data-read-more-dots>&#8230;<\/span><\/span><span data-read-more-full style=\"display: none;\"> dieser durch Karies oder eine Fraktur stark besch\u00e4digt wurde. Sie sch\u00fctzt den Zahn vor Abnutzung und erm\u00f6glicht die Abdeckung eines Zahnimplantats, das einen fehlenden Zahn ersetzt. Diese Methode vermeidet die vollst\u00e4ndige Extraktion des Zahns. Sie verbessert die \u00c4sthetik und den Komfort Ihres L\u00e4chelns.\n<\/span>\n                <button class=\"read-more-btn\" data-read-more-toggle data-read-more-less=\"Lire moins\">Weiterlesen<\/button><\/div>\n\t\t\t\t\t\t\t\t\t\t<\/div>\n\t\t\t\t\t\t\t\t\t\t\t\t\t\t\t\t\t\t<div class=\"card__pic\">\n\t\t\t\t\t\t\t\t\t\t\t\t\t\t\t\t\t\t\t\t\t<img decoding=\"async\" src=\"https:\/\/adent.ch\/wp-content\/uploads\/2022\/01\/couronne-2-1469x980.jpg\" alt=\"Zahnkrone\" loading=\"lazy\">\n\t\t\t\t\t\t\t\t\t\t\t\t\t\t\t\t\t\t\t<\/div>\n\t\t\t\t\t\t\t\t\t\t\t\t\t\t\t\t\t<\/div>\n\t\t\t\t\t\t\t\t\t\t\t\t\t\t\t<\/div>\n\t\t\t\t\t\t\t\t\t\t\t\t\t<div class=\"swiper-slide\">\n\t\t\t\t\t\t\t\t<div class=\"card\">\n\t\t\t\t\t\t\t\t\t<div class=\"card__caption\">\n\t\t\t\t\t\t\t\t\t\t<div class=\"card__title\">Zahnbr\u00fccke (oder Bridge)<\/div>\n\t\t\t\t\t\t\t\t\t<\/div>\n\t\t\t\t\t\t\t\t\t\t\t\t\t\t\t\t\t\t\t<div class=\"card__read-more\" data-read-more>\n\t\t\t\t\t\t\t\t\t\t\t<div class=\"card__desc\"><span data-read-more-short>Die Br\u00fccke, auch bekannt als Bridge, ist ein Zahnersatz, der einen oder mehrere fehlende Z\u00e4hne<span data-read-more-dots>&#8230;<\/span><\/span><span data-read-more-full style=\"display: none;\"> ersetzen kann. Mit Zahnbr\u00fccken erhalten Sie \u00c4sthetik und Komfort im Mund zur\u00fcck. Die Pfeiler der Zahnbr\u00fccke befinden sich in der Regel auf beiden Seiten des zahnlosen Kiefers und werden in Form von Implantaten oder gefr\u00e4sten Z\u00e4hnen eingesetzt. Auf diesen Pfeilern ruht die Br\u00fccke. Er ist fest und kann nicht entfernt werden.\n<\/span>\n                <button class=\"read-more-btn\" data-read-more-toggle data-read-more-less=\"Lire moins\">Weiterlesen<\/button><\/div>\n\t\t\t\t\t\t\t\t\t\t<\/div>\n\t\t\t\t\t\t\t\t\t\t\t\t\t\t\t\t\t\t<div class=\"card__pic\">\n\t\t\t\t\t\t\t\t\t\t\t\t\t\t\t\t\t\t\t\t\t<img decoding=\"async\" src=\"https:\/\/adent.ch\/wp-content\/uploads\/2022\/01\/pont-6-1470x980.jpg\" alt=\"Zahnbr\u00fccke (oder Bridge)\" loading=\"lazy\">\n\t\t\t\t\t\t\t\t\t\t\t\t\t\t\t\t\t\t\t<\/div>\n\t\t\t\t\t\t\t\t\t\t\t\t\t\t\t\t\t<\/div>\n\t\t\t\t\t\t\t\t\t\t\t\t\t\t\t<\/div>\n\t\t\t\t\t\t\t\t\t\t\t\t\t<div class=\"swiper-slide\">\n\t\t\t\t\t\t\t\t<div class=\"card\">\n\t\t\t\t\t\t\t\t\t<div class=\"card__caption\">\n\t\t\t\t\t\t\t\t\t\t<div class=\"card__title\">Veneer<\/div>\n\t\t\t\t\t\t\t\t\t<\/div>\n\t\t\t\t\t\t\t\t\t\t\t\t\t\t\t\t\t\t\t<div class=\"card__read-more\" data-read-more>\n\t\t\t\t\t\t\t\t\t\t\t<div class=\"card__desc\"><span data-read-more-short>Das Veneer ist eine hauchd\u00fcnne Keramikschale. Das Veneer ist sehr widerstandsf\u00e4hig und wird auf der<span data-read-more-dots>&#8230;<\/span><\/span><span data-read-more-full style=\"display: none;\"> Vorderseite der Z\u00e4hne befestigt. Die Farbe passt zu Ihrem L\u00e4cheln, sie wird nach Mass angefertigt und deckt den nat\u00fcrlichen Zahn ab.\n<\/span>\n                <button class=\"read-more-btn\" data-read-more-toggle data-read-more-less=\"Lire moins\">Weiterlesen<\/button><\/div>\n\t\t\t\t\t\t\t\t\t\t<\/div>\n\t\t\t\t\t\t\t\t\t\t\t\t\t\t\t\t\t\t<div class=\"card__pic\">\n\t\t\t\t\t\t\t\t\t\t\t\t\t\t\t\t\t\t\t\t\t<img decoding=\"async\" src=\"https:\/\/adent.ch\/wp-content\/uploads\/2022\/01\/facette-2-1469x980.jpg\" alt=\"Veneer\" loading=\"lazy\">\n\t\t\t\t\t\t\t\t\t\t\t\t\t\t\t\t\t\t\t<\/div>\n\t\t\t\t\t\t\t\t\t\t\t\t\t\t\t\t\t<\/div>\n\t\t\t\t\t\t\t\t\t\t\t\t\t\t\t<\/div>\n\t\t\t\t\t\t\t\t\t\t\t\t\t<div class=\"swiper-slide\">\n\t\t\t\t\t\t\t\t<div class=\"card\">\n\t\t\t\t\t\t\t\t\t<div class=\"card__caption\">\n\t\t\t\t\t\t\t\t\t\t<div class=\"card__title\">Vollst\u00e4ndige oder teilweise herausnehmbare Prothese<\/div>\n\t\t\t\t\t\t\t\t\t<\/div>\n\t\t\t\t\t\t\t\t\t\t\t\t\t\t\t\t\t\t\t<div class=\"card__read-more\" data-read-more>\n\t\t\t\t\t\t\t\t\t\t\t<div class=\"card__desc\"><span data-read-more-short>Die Zahnprothesen werden nach Mass angefertigt. Sie passen sich der Morphologie Ihrer Mundh\u00f6hle an. Sie<span data-read-more-dots>&#8230;<\/span><\/span><span data-read-more-full style=\"display: none;\"> sind sehr widerstandsf\u00e4hig und ersetzen einen oder mehrere Z\u00e4hne. Dank der modernen Technologien, die in den Zahnarztzentren eingesetzt werden, bieten sie ein nat\u00fcrliches, \u00e4sthetisches und komfortables Endergebnis.\n<\/span>\n                <button class=\"read-more-btn\" data-read-more-toggle data-read-more-less=\"Lire moins\">Weiterlesen<\/button><\/div>\n\t\t\t\t\t\t\t\t\t\t<\/div>\n\t\t\t\t\t\t\t\t\t\t\t\t\t\t\t\t\t\t<div class=\"card__pic\">\n\t\t\t\t\t\t\t\t\t\t\t\t\t\t\t\t\t\t\t\t\t<img decoding=\"async\" src=\"https:\/\/adent.ch\/wp-content\/uploads\/2022\/01\/prothese-1-1469x980.jpg\" alt=\"Vollst\u00e4ndige oder teilweise herausnehmbare Prothese\" loading=\"lazy\">\n\t\t\t\t\t\t\t\t\t\t\t\t\t\t\t\t\t\t\t<\/div>\n\t\t\t\t\t\t\t\t\t\t\t\t\t\t\t\t\t<\/div>\n\t\t\t\t\t\t\t\t\t\t\t\t\t\t\t<\/div>\n\t\t\t\t\t\t\t\t\t\t\t<\/div>\n\t\t\t\t<\/div>\n\t\t\t\t<div class=\"swiper-button-prev\"><\/div>\n\t\t\t\t<div class=\"swiper-button-next\"><\/div>\n\t\t\t<\/div>\n\t\t\t<div class=\"cards-slider-pagination\"><\/div>\n\t\t\t<\/div>\n<\/div>\n\n\n\t<div class=\"cta-block without-image\" >\n\t\t<div class=\"container\" data-sal=\"slide-up\" data-sal-delay=\"200\" data-sal-easing=\"ease-in-out\" data-sal-duration=\"300\">\n\t\t\t<div class=\"row justify-content-center\">\n\t\t\t\t<div class=\"col-md-8\">\n\t\t\t\t\t<div class=\"subtitle\">Bleaching und \u00e4sthetische Behandlungen<\/div>\n\t\t\t\t\t<h4 class=\"title\">Haben Sie Fragen?<\/h4>\n\t\t\t\t\t<p class=\"text\">Kontaktieren Sie das Zentrum Adent Zahnarztzentrum in Ihrer N\u00e4he.<\/p>\n\t\t\t\t\t\t\t\t\t\t\t<a href=\"https:\/\/adent.ch\/de\/zahnkliniken\/\"  class=\"primary-btn\">Mein Zentrum finden<\/a>\n\t\t\t\t\t\t\t\t\t<\/div>\n\t\t\t<\/div>\n\t\t<\/div>\n\t<\/div>\n","protected":false},"template":"","class_list":["post-4136","soin","type-soin","status-publish","hentry"],"acf":{"display_banner":true,"banner_title_color":"green","banner_bgd_type":"image","banner_shapes_type":"main_a","banner_buttons":[{"color":"green","text":"Termin vereinbaren","link":null,"icon":"none","link_is_blank":false}],"short_description":"","display_shapes":false,"banner_subtitle":"Zahn\u00e4rztliche Versorgung","banner_title":"Bleichen und \u00e4sthetische Behandlungen","hook":"Ein noch strahlenderes L\u00e4cheln f\u00fcr maximales Selbstvertrauen","banner_details":"<p>Ein noch strahlenderes L\u00e4cheln f\u00fcr maximales Selbstvertrauen<\/p>\n","banner_image":{"ID":7912,"id":7912,"title":"Banner_Blanchiment_1920x980","filename":"banner_blanchiment_1920x980-2.jpg","filesize":154531,"url":"https:\/\/adent.ch\/wp-content\/uploads\/2022\/07\/banner_blanchiment_1920x980-2.jpg","link":"https:\/\/adent.ch\/de\/behandlung\/zahnbleaching-und-aesthetisch-e-en-behandlungen\/banner_blanchiment_1920x980-2\/","alt":"","author":"2","description":"","caption":"","name":"banner_blanchiment_1920x980-2","status":"inherit","uploaded_to":4136,"date":"2022-07-27 14:26:20","modified":"2022-07-27 14:28:53","menu_order":0,"mime_type":"image\/jpeg","type":"image","subtype":"jpeg","icon":"https:\/\/adent.ch\/wp-includes\/images\/media\/default.png","width":1920,"height":980,"sizes":{"thumbnail":"https:\/\/adent.ch\/wp-content\/uploads\/2022\/07\/banner_blanchiment_1920x980-2-150x150.jpg","thumbnail-width":150,"thumbnail-height":150,"medium":"https:\/\/adent.ch\/wp-content\/uploads\/2022\/07\/banner_blanchiment_1920x980-2-300x153.jpg","medium-width":300,"medium-height":153,"medium_large":"https:\/\/adent.ch\/wp-content\/uploads\/2022\/07\/banner_blanchiment_1920x980-2-768x392.jpg","medium_large-width":768,"medium_large-height":392,"large":"https:\/\/adent.ch\/wp-content\/uploads\/2022\/07\/banner_blanchiment_1920x980-2-1920x980.jpg","large-width":1920,"large-height":980,"1536x1536":"https:\/\/adent.ch\/wp-content\/uploads\/2022\/07\/banner_blanchiment_1920x980-2-1536x784.jpg","1536x1536-width":1536,"1536x1536-height":784,"2048x2048":"https:\/\/adent.ch\/wp-content\/uploads\/2022\/07\/banner_blanchiment_1920x980-2.jpg","2048x2048-width":1920,"2048x2048-height":980,"gform-image-choice-sm":"https:\/\/adent.ch\/wp-content\/uploads\/2022\/07\/banner_blanchiment_1920x980-2.jpg","gform-image-choice-sm-width":300,"gform-image-choice-sm-height":153,"gform-image-choice-md":"https:\/\/adent.ch\/wp-content\/uploads\/2022\/07\/banner_blanchiment_1920x980-2.jpg","gform-image-choice-md-width":400,"gform-image-choice-md-height":204,"gform-image-choice-lg":"https:\/\/adent.ch\/wp-content\/uploads\/2022\/07\/banner_blanchiment_1920x980-2.jpg","gform-image-choice-lg-width":600,"gform-image-choice-lg-height":306}},"banner_image_mobile":{"ID":7863,"id":7863,"title":"Banner_Blanchiment_812x812","filename":"banner_blanchiment_812x812-1.jpg","filesize":77591,"url":"https:\/\/adent.ch\/wp-content\/uploads\/2022\/07\/banner_blanchiment_812x812-1.jpg","link":"https:\/\/adent.ch\/de\/behandlung\/zahnbleaching-und-aesthetisch-e-en-behandlungen\/banner_blanchiment_812x812-2\/","alt":"","author":"2","description":"","caption":"","name":"banner_blanchiment_812x812-2","status":"inherit","uploaded_to":4136,"date":"2022-07-27 12:34:44","modified":"2022-07-28 09:58:27","menu_order":0,"mime_type":"image\/jpeg","type":"image","subtype":"jpeg","icon":"https:\/\/adent.ch\/wp-includes\/images\/media\/default.png","width":812,"height":812,"sizes":{"thumbnail":"https:\/\/adent.ch\/wp-content\/uploads\/2022\/07\/banner_blanchiment_812x812-1-150x150.jpg","thumbnail-width":150,"thumbnail-height":150,"medium":"https:\/\/adent.ch\/wp-content\/uploads\/2022\/07\/banner_blanchiment_812x812-1-300x300.jpg","medium-width":300,"medium-height":300,"medium_large":"https:\/\/adent.ch\/wp-content\/uploads\/2022\/07\/banner_blanchiment_812x812-1-768x768.jpg","medium_large-width":768,"medium_large-height":768,"large":"https:\/\/adent.ch\/wp-content\/uploads\/2022\/07\/banner_blanchiment_812x812-1.jpg","large-width":812,"large-height":812,"1536x1536":"https:\/\/adent.ch\/wp-content\/uploads\/2022\/07\/banner_blanchiment_812x812-1.jpg","1536x1536-width":812,"1536x1536-height":812,"2048x2048":"https:\/\/adent.ch\/wp-content\/uploads\/2022\/07\/banner_blanchiment_812x812-1.jpg","2048x2048-width":812,"2048x2048-height":812,"gform-image-choice-sm":"https:\/\/adent.ch\/wp-content\/uploads\/2022\/07\/banner_blanchiment_812x812-1.jpg","gform-image-choice-sm-width":300,"gform-image-choice-sm-height":300,"gform-image-choice-md":"https:\/\/adent.ch\/wp-content\/uploads\/2022\/07\/banner_blanchiment_812x812-1.jpg","gform-image-choice-md-width":400,"gform-image-choice-md-height":400,"gform-image-choice-lg":"https:\/\/adent.ch\/wp-content\/uploads\/2022\/07\/banner_blanchiment_812x812-1.jpg","gform-image-choice-lg-width":600,"gform-image-choice-lg-height":600}}},"yoast_head":"<!-- This site is optimized with the Yoast SEO plugin v26.8 - https:\/\/yoast.com\/product\/yoast-seo-wordpress\/ -->\n<title>Bleaching und \u00e4sthetische Behandlungen | Adent Zahnarztzentrum<\/title>\n<meta name=\"description\" content=\"Ein noch strahlenderes L\u00e4cheln f\u00fcr ein maximales Selbstvertrauen. Entdecken Sie die Zahnaufhellungstechniken und \u00e4sthetischen Behandlungen, die Adent anbietet.\" \/>\n<meta name=\"robots\" content=\"index, follow, max-snippet:-1, max-image-preview:large, max-video-preview:-1\" \/>\n<link rel=\"canonical\" href=\"https:\/\/adent.ch\/de\/behandlung\/zahnbleaching-und-aesthetisch-e-en-behandlungen\/\" \/>\n<meta property=\"og:locale\" content=\"de_DE\" \/>\n<meta property=\"og:type\" content=\"article\" \/>\n<meta property=\"og:title\" content=\"Bleaching und \u00e4sthetische Behandlungen | Adent Zahnarztzentrum\" \/>\n<meta property=\"og:description\" content=\"Ein noch strahlenderes L\u00e4cheln f\u00fcr ein maximales Selbstvertrauen. Entdecken Sie die Zahnaufhellungstechniken und \u00e4sthetischen Behandlungen, die Adent anbietet.\" \/>\n<meta property=\"og:url\" content=\"https:\/\/adent.ch\/de\/behandlung\/zahnbleaching-und-aesthetisch-e-en-behandlungen\/\" \/>\n<meta property=\"og:site_name\" content=\"Adent Zahnarztzentrum\" \/>\n<meta property=\"article:publisher\" content=\"https:\/\/www.facebook.com\/adentcliniquesdentaires\/\" \/>\n<meta property=\"article:modified_time\" content=\"2026-01-22T14:10:05+00:00\" \/>\n<meta property=\"og:image\" content=\"https:\/\/adent.ch\/wp-content\/uploads\/2024\/04\/adent-aubonne-mai-2022-igor-laski-web-hd-srvb-48.jpg\" \/>\n\t<meta property=\"og:image:width\" content=\"1619\" \/>\n\t<meta property=\"og:image:height\" content=\"1080\" \/>\n\t<meta property=\"og:image:type\" content=\"image\/jpeg\" \/>\n<meta name=\"twitter:card\" content=\"summary_large_image\" \/>\n<script type=\"application\/ld+json\" class=\"yoast-schema-graph\">{\"@context\":\"https:\/\/schema.org\",\"@graph\":[{\"@type\":\"WebPage\",\"@id\":\"https:\/\/adent.ch\/de\/behandlung\/zahnbleaching-und-aesthetisch-e-en-behandlungen\/\",\"url\":\"https:\/\/adent.ch\/de\/behandlung\/zahnbleaching-und-aesthetisch-e-en-behandlungen\/\",\"name\":\"Bleaching und \u00e4sthetische Behandlungen | Adent Zahnarztzentrum\",\"isPartOf\":{\"@id\":\"https:\/\/adent.ch\/de\/#website\"},\"datePublished\":\"2022-01-06T09:59:42+00:00\",\"dateModified\":\"2026-01-22T14:10:05+00:00\",\"description\":\"Ein noch strahlenderes L\u00e4cheln f\u00fcr ein maximales Selbstvertrauen. Entdecken Sie die Zahnaufhellungstechniken und \u00e4sthetischen Behandlungen, die Adent anbietet.\",\"breadcrumb\":{\"@id\":\"https:\/\/adent.ch\/de\/behandlung\/zahnbleaching-und-aesthetisch-e-en-behandlungen\/#breadcrumb\"},\"inLanguage\":\"de-CH\",\"potentialAction\":[{\"@type\":\"ReadAction\",\"target\":[\"https:\/\/adent.ch\/de\/behandlung\/zahnbleaching-und-aesthetisch-e-en-behandlungen\/\"]}]},{\"@type\":\"BreadcrumbList\",\"@id\":\"https:\/\/adent.ch\/de\/behandlung\/zahnbleaching-und-aesthetisch-e-en-behandlungen\/#breadcrumb\",\"itemListElement\":[{\"@type\":\"ListItem\",\"position\":1,\"name\":\"Behandlung\",\"item\":\"https:\/\/adent.ch\/de\/behandlungen\/\"},{\"@type\":\"ListItem\",\"position\":2,\"name\":\"Bleaching und \u00e4sthetische Behandlungen\"}]},{\"@type\":\"WebSite\",\"@id\":\"https:\/\/adent.ch\/de\/#website\",\"url\":\"https:\/\/adent.ch\/de\/\",\"name\":\"Adent Zahnarztzentrum\",\"description\":\"\",\"publisher\":{\"@id\":\"https:\/\/adent.ch\/de\/#organization\"},\"potentialAction\":[{\"@type\":\"SearchAction\",\"target\":{\"@type\":\"EntryPoint\",\"urlTemplate\":\"https:\/\/adent.ch\/de\/?s={search_term_string}\"},\"query-input\":{\"@type\":\"PropertyValueSpecification\",\"valueRequired\":true,\"valueName\":\"search_term_string\"}}],\"inLanguage\":\"de-CH\"},{\"@type\":\"Organization\",\"@id\":\"https:\/\/adent.ch\/de\/#organization\",\"name\":\"Adent Cliniques Dentaires\",\"url\":\"https:\/\/adent.ch\/de\/\",\"logo\":{\"@type\":\"ImageObject\",\"inLanguage\":\"de-CH\",\"@id\":\"https:\/\/adent.ch\/de\/#\/schema\/logo\/image\/\",\"url\":\"https:\/\/adent.ch\/wp-content\/uploads\/2022\/09\/adent-habefast-logo-2018-fr-05032019-rvb-scaled.jpg\",\"contentUrl\":\"https:\/\/adent.ch\/wp-content\/uploads\/2022\/09\/adent-habefast-logo-2018-fr-05032019-rvb-scaled.jpg\",\"width\":2880,\"height\":750,\"caption\":\"Adent Cliniques Dentaires\"},\"image\":{\"@id\":\"https:\/\/adent.ch\/de\/#\/schema\/logo\/image\/\"},\"sameAs\":[\"https:\/\/www.facebook.com\/adentcliniquesdentaires\/\",\"https:\/\/www.instagram.com\/adent.ch\/\",\"https:\/\/www.youtube.com\/channel\/UCPd5UjY-ipuq3MhW6m0W-wg\",\"https:\/\/www.linkedin.com\/company\/adent-cliniques-dentaires\/?originalSubdomain=ch\"]}]}<\/script>\n<!-- \/ Yoast SEO plugin. -->","yoast_head_json":{"title":"Bleaching und \u00e4sthetische Behandlungen | Adent Zahnarztzentrum","description":"Ein noch strahlenderes L\u00e4cheln f\u00fcr ein maximales Selbstvertrauen. Entdecken Sie die Zahnaufhellungstechniken und \u00e4sthetischen Behandlungen, die Adent anbietet.","robots":{"index":"index","follow":"follow","max-snippet":"max-snippet:-1","max-image-preview":"max-image-preview:large","max-video-preview":"max-video-preview:-1"},"canonical":"https:\/\/adent.ch\/de\/behandlung\/zahnbleaching-und-aesthetisch-e-en-behandlungen\/","og_locale":"de_DE","og_type":"article","og_title":"Bleaching und \u00e4sthetische Behandlungen | Adent Zahnarztzentrum","og_description":"Ein noch strahlenderes L\u00e4cheln f\u00fcr ein maximales Selbstvertrauen. Entdecken Sie die Zahnaufhellungstechniken und \u00e4sthetischen Behandlungen, die Adent anbietet.","og_url":"https:\/\/adent.ch\/de\/behandlung\/zahnbleaching-und-aesthetisch-e-en-behandlungen\/","og_site_name":"Adent Zahnarztzentrum","article_publisher":"https:\/\/www.facebook.com\/adentcliniquesdentaires\/","article_modified_time":"2026-01-22T14:10:05+00:00","og_image":[{"width":1619,"height":1080,"url":"https:\/\/adent.ch\/wp-content\/uploads\/2024\/04\/adent-aubonne-mai-2022-igor-laski-web-hd-srvb-48.jpg","type":"image\/jpeg"}],"twitter_card":"summary_large_image","schema":{"@context":"https:\/\/schema.org","@graph":[{"@type":"WebPage","@id":"https:\/\/adent.ch\/de\/behandlung\/zahnbleaching-und-aesthetisch-e-en-behandlungen\/","url":"https:\/\/adent.ch\/de\/behandlung\/zahnbleaching-und-aesthetisch-e-en-behandlungen\/","name":"Bleaching und \u00e4sthetische Behandlungen | Adent Zahnarztzentrum","isPartOf":{"@id":"https:\/\/adent.ch\/de\/#website"},"datePublished":"2022-01-06T09:59:42+00:00","dateModified":"2026-01-22T14:10:05+00:00","description":"Ein noch strahlenderes L\u00e4cheln f\u00fcr ein maximales Selbstvertrauen. Entdecken Sie die Zahnaufhellungstechniken und \u00e4sthetischen Behandlungen, die Adent anbietet.","breadcrumb":{"@id":"https:\/\/adent.ch\/de\/behandlung\/zahnbleaching-und-aesthetisch-e-en-behandlungen\/#breadcrumb"},"inLanguage":"de-CH","potentialAction":[{"@type":"ReadAction","target":["https:\/\/adent.ch\/de\/behandlung\/zahnbleaching-und-aesthetisch-e-en-behandlungen\/"]}]},{"@type":"BreadcrumbList","@id":"https:\/\/adent.ch\/de\/behandlung\/zahnbleaching-und-aesthetisch-e-en-behandlungen\/#breadcrumb","itemListElement":[{"@type":"ListItem","position":1,"name":"Behandlung","item":"https:\/\/adent.ch\/de\/behandlungen\/"},{"@type":"ListItem","position":2,"name":"Bleaching und \u00e4sthetische Behandlungen"}]},{"@type":"WebSite","@id":"https:\/\/adent.ch\/de\/#website","url":"https:\/\/adent.ch\/de\/","name":"Adent Zahnarztzentrum","description":"","publisher":{"@id":"https:\/\/adent.ch\/de\/#organization"},"potentialAction":[{"@type":"SearchAction","target":{"@type":"EntryPoint","urlTemplate":"https:\/\/adent.ch\/de\/?s={search_term_string}"},"query-input":{"@type":"PropertyValueSpecification","valueRequired":true,"valueName":"search_term_string"}}],"inLanguage":"de-CH"},{"@type":"Organization","@id":"https:\/\/adent.ch\/de\/#organization","name":"Adent Cliniques Dentaires","url":"https:\/\/adent.ch\/de\/","logo":{"@type":"ImageObject","inLanguage":"de-CH","@id":"https:\/\/adent.ch\/de\/#\/schema\/logo\/image\/","url":"https:\/\/adent.ch\/wp-content\/uploads\/2022\/09\/adent-habefast-logo-2018-fr-05032019-rvb-scaled.jpg","contentUrl":"https:\/\/adent.ch\/wp-content\/uploads\/2022\/09\/adent-habefast-logo-2018-fr-05032019-rvb-scaled.jpg","width":2880,"height":750,"caption":"Adent Cliniques Dentaires"},"image":{"@id":"https:\/\/adent.ch\/de\/#\/schema\/logo\/image\/"},"sameAs":["https:\/\/www.facebook.com\/adentcliniquesdentaires\/","https:\/\/www.instagram.com\/adent.ch\/","https:\/\/www.youtube.com\/channel\/UCPd5UjY-ipuq3MhW6m0W-wg","https:\/\/www.linkedin.com\/company\/adent-cliniques-dentaires\/?originalSubdomain=ch"]}]}},"_links":{"self":[{"href":"https:\/\/adent.ch\/de\/wp-json\/wp\/v2\/soin\/4136","targetHints":{"allow":["GET"]}}],"collection":[{"href":"https:\/\/adent.ch\/de\/wp-json\/wp\/v2\/soin"}],"about":[{"href":"https:\/\/adent.ch\/de\/wp-json\/wp\/v2\/types\/soin"}],"wp:attachment":[{"href":"https:\/\/adent.ch\/de\/wp-json\/wp\/v2\/media?parent=4136"}],"curies":[{"name":"wp","href":"https:\/\/api.w.org\/{rel}","templated":true}]}}