{"id":4140,"date":"2022-01-03T13:50:41","date_gmt":"2022-01-03T12:50:41","guid":{"rendered":"https:\/\/adent.ch\/soin\/soins-dentaires-pour-les-enfants\/"},"modified":"2026-01-19T15:07:44","modified_gmt":"2026-01-19T14:07:44","slug":"zahnbehandlung-fuer-kinder","status":"publish","type":"soin","link":"https:\/\/adent.ch\/de\/behandlung\/zahnbehandlung-fuer-kinder\/","title":{"rendered":"Zahnpflege f\u00fcr Kinder"},"content":{"rendered":"<div class=\"two-column-block\" >\n\t<div class=\"container\">\n\t\t\t\t\t<h3 class=\"title\" data-sal=\"slide-up\" data-sal-delay=\"200\" data-sal-easing=\"ease-in-out\" data-sal-duration=\"300\">Das Beste fu\u0308r kleine La\u0308cheln.<\/h3>\n\t\t\t\t\t\t\t<div class=\"row justify-content-between\" data-sal=\"slide-up\" data-sal-delay=\"200\" data-sal-easing=\"ease-in-out\" data-sal-duration=\"300\">\n\t\t\t\t\t\t\t\t\t\t\t\t\t\t\t<div class=\"col-md-6\">\n\t\t\t\t\t\t\t<div class=\"text-lg\">\n\t\t\t\t\t\t\t\t<p>Unsere Kinderzahn\u00e4rzte sind in einem kindgerechten psychologischen und p\u00e4dagogischen Ansatz geschult. Ihre Aufgabe ist es, zu beruhigen und mit einem altersgerechten Vokabular zu sprechen, um ein Klima des Vertrauens zu schaffen.<\/p>\n<p>Wir f\u00fchren alle Arten von Zahnbehandlungen bei Kindern durch.<\/p>\n<ul>\n<li>Kariesbehandlung<\/li>\n<li>abgebrochener Zahn<\/li>\n<li><a href=\"https:\/\/adent.ch\/de\/behandlung\/zahnsteinentfernung-und-zahnhygiene\/\">Zahnreinigung<\/a><\/li>\n<li>Tipps zum B\u00fcrsten<\/li>\n<li><a href=\"https:\/\/adent.ch\/de\/behandlung\/kieferorthopaedie-fuer-kinder-und-erwachsene\/\">Kieferorthop\u00e4de<\/a><\/li>\n<\/ul>\n\t\t\t\t\t\t\t<\/div>\n\t\t\t\t\t\t\t\t\t\t\t\t\t\t\t\t\t\t\t\t\t\t<a href=\"https:\/\/adent.ch\/de\/termin-vereinbaren\/\"  class=\"primary-btn\">Termin vereinbaren<\/a>\n\t\t\t\t\t\t\t\t\t\t\t\t\t\t\t\t\t\t\t\t<\/div>\n\t\t\t\t\t\t\t\t\t\t\t\t\t\t\t\t\t\t\t\t<div class=\"col-md-6\">\n\t\t\t\t\t\t\t\t\t\t\t\t\t\t\t\t\t\t\t\t\t\t\t\t<img decoding=\"async\" src=\"https:\/\/adent.ch\/wp-content\/uploads\/2022\/01\/shutterstock_1508727116-1469x980.jpg\">\n\t\t\t\t\t\t\t\t\t\t\t\t\t\t\t\t\t\t\t\t\t<\/div>\n\t\t\t\t\t\t\t\t\t\t\t\t<\/div>\n\t\t\t<\/div>\n<\/div>\n\n<div class=\"two-column-block\" >\n\t<div class=\"container\">\n\t\t\t\t\t<h3 class=\"title\" data-sal=\"slide-up\" data-sal-delay=\"200\" data-sal-easing=\"ease-in-out\" data-sal-duration=\"300\">Kieferorthop\u00e4dische Behandlungen<\/h3>\n\t\t\t\t\t\t\t<div class=\"row justify-content-between\" data-sal=\"slide-up\" data-sal-delay=\"200\" data-sal-easing=\"ease-in-out\" data-sal-duration=\"300\">\n\t\t\t\t\t\t\t\t\t\t\t\t\t\t\t<div class=\"col-md-6\">\n\t\t\t\t\t\t\t<div class=\"text-lg\">\n\t\t\t\t\t\t\t\t<p>Unsere Zahn\u00e4rzte, die sich auf Kieferorthop\u00e4die spezialisiert haben, bieten kieferorthop\u00e4dische Behandlung f\u00fcr Kinder an. Eine kieferorthop\u00e4dische Behandlung kann in jedem Alter begonnen werden, aber die meisten Eltern w\u00fcnschen sich f\u00fcr ihre Kinder eine fr\u00fchzeitige Behandlung. Je nach Art der erforderlichen Behandlung kann eine erste Phase des Abfangens von Kieferorthop\u00e4den bereits ab dem 4. Lebensjahr stattfinden. In den Adent Zahnarztzentren werden verschiedene kieferorthop\u00e4dische Behandlungen angeboten, die sich an die jeweilige Mundsituation anpassen. Weitere Informationen finden Sie <a href=\"https:\/\/adent.ch\/de\/behandlung\/kieferorthopaedie-fuer-kinder-und-erwachsene\/\">auf unserer Seite \u00fcber Kieferorthop\u00e4de f\u00fcr Kinder<\/a>!<\/p>\n<p>Zus\u00e4tzlich zu diesen zahn\u00e4rztlichen Behandlungen erkl\u00e4ren unsere diplomierten Dentalhygienikerinnen mit p\u00e4dagogischen Methoden, wie Z\u00e4hne und Zahnfleisch gesund erhalten werden k\u00f6nnen. Unsere Fachgebiete f\u00fcr zahn\u00e4rztliche Pr\u00e4vention helfen ihnen, die richtigen Verhaltensweisen zu erlernen, sobald sie die ersten Z\u00e4hne bekommen.<\/p>\n<p>Haben Sie Fragen zur Zahnhygiene bei Babys oder Jugendlichen? <a href=\"https:\/\/adent.ch\/de\/behandlung\/zahnsteinentfernung-und-zahnhygiene\/\">Besuchen Sie unsere Seite zu diesen Themen<\/a>!<\/p>\n\t\t\t\t\t\t\t<\/div>\n\t\t\t\t\t\t\t\t\t\t\t\t\t\t\t\t\t\t\t\t\t\t<a href=\"https:\/\/adent.ch\/de\/termin-vereinbaren\/\"  class=\"primary-btn\">Termin vereinbaren<\/a>\n\t\t\t\t\t\t\t\t\t\t\t\t\t\t\t\t\t\t\t\t<\/div>\n\t\t\t\t\t\t\t\t\t\t\t\t\t\t\t\t\t\t\t\t<div class=\"col-md-6\">\n\t\t\t\t\t\t\t<div class=\"text-lg\">\n\t\t\t\t\t\t\t\t<p>Jeder Zahn muss t\u00e4glich gereinigt werden, egal wie klein er ist. Nach der Nahrungsaufnahme bildet sich ein Biofilm auf der Oberfl\u00e4che des Zahnschmelzes. Dieser Biofilm entwickelt sich weiter, wenn er nicht regelm\u00e4ssig gereinigt wird. Dies f\u00fchrt zu weissen, weichen Ablagerungen auf der Oberfl\u00e4che der Z\u00e4hne, die als Plaque bezeichnet werden. Zahnbelag besteht unter anderem aus Bakterien. Bakterien k\u00f6nnen Karies verursachen, wenn die Reinigung nicht regelm\u00e4ssig erfolgt. Plaque kann sich auch zu Zahnstein entwickeln, einem harten, weissen Belag, der mit der Zahnb\u00fcrste nicht entfernt werden kann.<\/p>\n<p>Auch wenn dies selten vorkommt, kann sich ein Schaden an einem Milchzahn auf einen Erwachsenenzahn auswirken. Die Keime der erwachsenen Z\u00e4hne, die sich unter dem Zahnfleisch bilden, sind empfindlich. Sie k\u00f6nnen besch\u00e4digt werden, wenn ein Milchzahn infiziert wird.<\/p>\n<p>Heutzutage gibt es eine breite Palette von Hilfsmitteln f\u00fcr die Zahnreinigung bei Kindern. Sie k\u00f6nnen leicht elektrische Zahnb\u00fcrsten, Zahnseide in Tierform, bunte Kinderzahnb\u00fcrsten usw. erwerben. Diese Hilfsmittel helfen Ihnen dabei, die Mundhygiene Ihres Kindes zu verbessern. Lassen Sie sich von <a href=\"https:\/\/adent.ch\/de\/team\/?care_id=4134\">unseren Dentalhygienikerinnen<\/a> beraten.<\/p>\n\t\t\t\t\t\t\t<\/div>\n\t\t\t\t\t\t\t\t\t\t\t\t\t\t\t\t\t\t\t\t\t\t<a href=\"https:\/\/adent.ch\/de\/behandlung\/zahnsteinentfernung-und-zahnhygiene\/\"  class=\"primary-btn\">Zahnreinigung und Zahnhygiene<\/a>\n\t\t\t\t\t\t\t\t\t\t\t\t\t\t\t\t\t\t\t\t<\/div>\n\t\t\t\t\t\t\t\t\t\t\t\t<\/div>\n\t\t\t<\/div>\n<\/div>\n\n<div class=\"two-column-block\" id=\"Zahnarztangst\">\n\t<div class=\"container\">\n\t\t\t\t\t<h3 class=\"title\" data-sal=\"slide-up\" data-sal-delay=\"200\" data-sal-easing=\"ease-in-out\" data-sal-duration=\"300\">Mein Kind hat Angst vor dem Zahnarzt, was kann ich tun?<\/h3>\n\t\t\t\t\t\t\t<div class=\"row justify-content-between\" data-sal=\"slide-up\" data-sal-delay=\"200\" data-sal-easing=\"ease-in-out\" data-sal-duration=\"300\">\n\t\t\t\t\t\t\t\t\t\t\t\t\t\t\t<div class=\"col-md-6\">\n\t\t\t\t\t\t\t<div class=\"text-lg\">\n\t\t\t\t\t\t\t\t<p>F\u00fcr Kinder mit Phobie oder Angst vor dem Zahnarzt haben wir L\u00f6sungen! Unsere Zahn\u00e4rzte bieten Lachgas- und Hypnosebehandlungen an, die auch bei Kindern einfach und sicher durchzuf\u00fchren sind. Weitere Informationen finden Sie hier.<\/p>\n\t\t\t\t\t\t\t<\/div>\n\t\t\t\t\t\t\t\t\t\t\t\t\t\t\t\t\t\t\t\t\t\t\t\t\t\t\t<\/div>\n\t\t\t\t\t\t\t\t\t\t\t\t<\/div>\n\t\t\t<\/div>\n<\/div>\n\n<div class=\"highlight-image-block\" data-id=\"highlight-image-90\" id=\"highlight-image-90\">\n\t<div class=\"container\">\n\t\t\t\t\t<div class=\"h2 title\" data-sal=\"slide-up\" data-sal-delay=\"200\" data-sal-easing=\"ease-in-out\" data-sal-duration=\"300\">Wie kann ich Zahnprobleme bei meinem Kind vermeiden?<\/div>\n\t\t\t\t\t\t\t<div class=\"cards-slider\">\n\t\t\t\t<div class=\"swiper slider\" data-sal=\"slide-up\" data-sal-delay=\"200\" data-sal-easing=\"ease-in-out\" data-sal-duration=\"300\">\n\t\t\t\t\t<div class=\"swiper-wrapper\">\n\t\t\t\t\t\t\t\t\t\t\t\t\t<div class=\"swiper-slide\">\n\t\t\t\t\t\t\t\t<div class=\"card\">\n\t\t\t\t\t\t\t\t\t<div class=\"card__caption\">\n\t\t\t\t\t\t\t\t\t\t<div class=\"card__title\">Geben Sie gute Gewohnheiten weiter!<\/div>\n\t\t\t\t\t\t\t\t\t<\/div>\n\t\t\t\t\t\t\t\t\t\t\t\t\t\t\t\t\t\t\t<div class=\"card__read-more\" data-read-more>\n\t\t\t\t\t\t\t\t\t\t\t<div class=\"card__desc\"><span data-read-more-short>Das Z\u00e4hneputzen wird 3x\/Tag empfohlen: Putzen Sie die Z\u00e4hne nach jeder Mahlzeit und vermeiden Sie<span data-read-more-dots>&#8230;<\/span><\/span><span data-read-more-full style=\"display: none;\"> bei Ihren Kindern das st\u00e4ndige Naschen von S\u00fcssigkeiten, da dies Karies und Schmerzen verursachen kann.\n<\/span>\n                <button class=\"read-more-btn\" data-read-more-toggle data-read-more-less=\"Lire moins\">Weiterlesen<\/button><\/div>\n\t\t\t\t\t\t\t\t\t\t<\/div>\n\t\t\t\t\t\t\t\t\t\t\t\t\t\t\t\t\t\t<div class=\"card__pic\">\n\t\t\t\t\t\t\t\t\t\t\t\t\t\t\t\t\t\t\t\t\t<img decoding=\"async\" src=\"https:\/\/adent.ch\/wp-content\/uploads\/2022\/01\/306x284_site-web_bonnes-habitudes.png\" alt=\"Geben Sie gute Gewohnheiten weiter!\" loading=\"lazy\">\n\t\t\t\t\t\t\t\t\t\t\t\t\t\t\t\t\t\t\t<\/div>\n\t\t\t\t\t\t\t\t\t\t\t\t\t\t\t\t\t<\/div>\n\t\t\t\t\t\t\t\t\t\t\t\t\t\t\t<\/div>\n\t\t\t\t\t\t\t\t\t\t\t\t\t<div class=\"swiper-slide\">\n\t\t\t\t\t\t\t\t<div class=\"card\">\n\t\t\t\t\t\t\t\t\t<div class=\"card__caption\">\n\t\t\t\t\t\t\t\t\t\t<div class=\"card__title\">B\u00fcrsten ab den ersten Z\u00e4hnen.<\/div>\n\t\t\t\t\t\t\t\t\t<\/div>\n\t\t\t\t\t\t\t\t\t\t\t\t\t\t\t\t\t\t\t<div class=\"card__read-more\" data-read-more>\n\t\t\t\t\t\t\t\t\t\t\t<div class=\"card__desc\"><span data-read-more-short>Dies kann eine schwierige Aufgabe sein, aber alle Z\u00e4hne, auch wenn sie noch so klein<span data-read-more-dots>&#8230;<\/span><\/span><span data-read-more-full style=\"display: none;\"> sind, m\u00fcssen t\u00e4glich gereinigt werden. Tragen Sie ab dem ersten Zahn bis zum Alter von ca. 3 Jahren Zahnpasta in der Gr\u00f6sse eines Reiskorns auf, danach in der Gr\u00f6sse einer Erbse.\n<\/span>\n                <button class=\"read-more-btn\" data-read-more-toggle data-read-more-less=\"Lire moins\">Weiterlesen<\/button><\/div>\n\t\t\t\t\t\t\t\t\t\t<\/div>\n\t\t\t\t\t\t\t\t\t\t\t\t\t\t\t\t\t\t<div class=\"card__pic\">\n\t\t\t\t\t\t\t\t\t\t\t\t\t\t\t\t\t\t\t\t\t<img decoding=\"async\" src=\"https:\/\/adent.ch\/wp-content\/uploads\/2022\/01\/306x284_site-web_brossage_1er-dents.png\" alt=\"B\u00fcrsten ab den ersten Z\u00e4hnen.\" loading=\"lazy\">\n\t\t\t\t\t\t\t\t\t\t\t\t\t\t\t\t\t\t\t<\/div>\n\t\t\t\t\t\t\t\t\t\t\t\t\t\t\t\t\t<\/div>\n\t\t\t\t\t\t\t\t\t\t\t\t\t\t\t<\/div>\n\t\t\t\t\t\t\t\t\t\t\t\t\t<div class=\"swiper-slide\">\n\t\t\t\t\t\t\t\t<div class=\"card\">\n\t\t\t\t\t\t\t\t\t<div class=\"card__caption\">\n\t\t\t\t\t\t\t\t\t\t<div class=\"card__title\">S\u00fcssigkeiten ja, mit Sympadent\u00ae!<\/div>\n\t\t\t\t\t\t\t\t\t<\/div>\n\t\t\t\t\t\t\t\t\t\t\t\t\t\t\t\t\t\t\t<div class=\"card__read-more\" data-read-more>\n\t\t\t\t\t\t\t\t\t\t\t<div class=\"card__desc\"><span data-read-more-short>Bevorzugen Sie Sympadent\u00ae Bonbons: Sie wurden getestet und f\u00fcr gut befunden. Diese<span data-read-more-dots>&#8230;<\/span><\/span><span data-read-more-full style=\"display: none;\"> S\u00fcssigkeiten schonen die Z\u00e4hne von Kindern und Erwachsenen. Sie k\u00f6nnen es in verschiedenen Gesch\u00e4ften in der Schweiz kaufen. Achten Sie auf das Zahnlogo unter dem Regenschirm.\n<\/span>\n                <button class=\"read-more-btn\" data-read-more-toggle data-read-more-less=\"Lire moins\">Weiterlesen<\/button><\/div>\n\t\t\t\t\t\t\t\t\t\t<\/div>\n\t\t\t\t\t\t\t\t\t\t\t\t\t\t\t\t\t\t<div class=\"card__pic\">\n\t\t\t\t\t\t\t\t\t\t\t\t\t\t\t\t\t\t\t\t\t<img decoding=\"async\" src=\"https:\/\/adent.ch\/wp-content\/uploads\/2022\/01\/306x284_site-web_des_bonbons.png\" alt=\"S\u00fcssigkeiten ja, mit Sympadent\u00ae!\" loading=\"lazy\">\n\t\t\t\t\t\t\t\t\t\t\t\t\t\t\t\t\t\t\t<\/div>\n\t\t\t\t\t\t\t\t\t\t\t\t\t\t\t\t\t<\/div>\n\t\t\t\t\t\t\t\t\t\t\t\t\t\t\t<\/div>\n\t\t\t\t\t\t\t\t\t\t\t\t\t<div class=\"swiper-slide\">\n\t\t\t\t\t\t\t\t<div class=\"card\">\n\t\t\t\t\t\t\t\t\t<div class=\"card__caption\">\n\t\t\t\t\t\t\t\t\t\t<div class=\"card__title\">Alles miteinander teilen? Ja, aber&#8230;<\/div>\n\t\t\t\t\t\t\t\t\t<\/div>\n\t\t\t\t\t\t\t\t\t\t\t\t\t\t\t\t\t\t\t<div class=\"card__read-more\" data-read-more>\n\t\t\t\t\t\t\t\t\t\t\t<div class=\"card__desc\"><span data-read-more-short>Vermeiden Sie es, den L\u00f6ffel oder andere Gegenst\u00e4nde in den Mund zu nehmen, bevor Sie<span data-read-more-dots>&#8230;<\/span><\/span><span data-read-more-full style=\"display: none;\"> sie Ihrem Baby geben: Karies verursachende Bakterien werden \u00fcbertragen.\n<\/span>\n                <button class=\"read-more-btn\" data-read-more-toggle data-read-more-less=\"Lire moins\">Weiterlesen<\/button><\/div>\n\t\t\t\t\t\t\t\t\t\t<\/div>\n\t\t\t\t\t\t\t\t\t\t\t\t\t\t\t\t\t\t<div class=\"card__pic\">\n\t\t\t\t\t\t\t\t\t\t\t\t\t\t\t\t\t\t\t\t\t<img decoding=\"async\" src=\"https:\/\/adent.ch\/wp-content\/uploads\/2022\/01\/306x284_site-web_tout-partger.png\" alt=\"Alles miteinander teilen? Ja, aber...\" loading=\"lazy\">\n\t\t\t\t\t\t\t\t\t\t\t\t\t\t\t\t\t\t\t<\/div>\n\t\t\t\t\t\t\t\t\t\t\t\t\t\t\t\t\t<\/div>\n\t\t\t\t\t\t\t\t\t\t\t\t\t\t\t<\/div>\n\t\t\t\t\t\t\t\t\t\t\t\t\t<div class=\"swiper-slide\">\n\t\t\t\t\t\t\t\t<div class=\"card\">\n\t\t\t\t\t\t\t\t\t<div class=\"card__caption\">\n\t\t\t\t\t\t\t\t\t\t<div class=\"card__title\">Eine zus\u00e4tzliche Hilfe f\u00fcr eine optimale Reinigung.<\/div>\n\t\t\t\t\t\t\t\t\t<\/div>\n\t\t\t\t\t\t\t\t\t\t\t\t\t\t\t\t\t\t\t<div class=\"card__read-more\" data-read-more>\n\t\t\t\t\t\t\t\t\t\t\t<div class=\"card__desc\"><span data-read-more-short>Elektrische Zahnb\u00fcrsten sind eine gute Hilfe f\u00fcr Ihr Kind. Dies erleichtert das B\u00fcrsten und ermutigt<span data-read-more-dots>&#8230;<\/span><\/span><span data-read-more-full style=\"display: none;\"> sie. Unsere Dentalhygienikerinnen beraten Sie gerne.\n<\/span>\n                <button class=\"read-more-btn\" data-read-more-toggle data-read-more-less=\"Lire moins\">Weiterlesen<\/button><\/div>\n\t\t\t\t\t\t\t\t\t\t<\/div>\n\t\t\t\t\t\t\t\t\t\t\t\t\t\t\t\t\t\t<div class=\"card__pic\">\n\t\t\t\t\t\t\t\t\t\t\t\t\t\t\t\t\t\t\t\t\t<img decoding=\"async\" src=\"https:\/\/adent.ch\/wp-content\/uploads\/2022\/01\/306x284_site-web_brosse_a_dent.png\" alt=\"Eine zus\u00e4tzliche Hilfe f\u00fcr eine optimale Reinigung.\" loading=\"lazy\">\n\t\t\t\t\t\t\t\t\t\t\t\t\t\t\t\t\t\t\t<\/div>\n\t\t\t\t\t\t\t\t\t\t\t\t\t\t\t\t\t<\/div>\n\t\t\t\t\t\t\t\t\t\t\t\t\t\t\t<\/div>\n\t\t\t\t\t\t\t\t\t\t\t\t\t<div class=\"swiper-slide\">\n\t\t\t\t\t\t\t\t<div class=\"card\">\n\t\t\t\t\t\t\t\t\t<div class=\"card__caption\">\n\t\t\t\t\t\t\t\t\t\t<div class=\"card__title\">Eine fluoridierte Zahnpasta, die f\u00fcr sein Alter geeignet ist.<\/div>\n\t\t\t\t\t\t\t\t\t<\/div>\n\t\t\t\t\t\t\t\t\t\t\t\t\t\t\t\t\t\t\t<div class=\"card__read-more\" data-read-more>\n\t\t\t\t\t\t\t\t\t\t\t<div class=\"card__desc\"><span data-read-more-short>Fluor sch\u00fctzt die Z\u00e4hne vor Karies. Sie finden leicht Zahnpasta f\u00fcr Kinder unter 6 Jahren,<span data-read-more-dots>&#8230;<\/span><\/span><span data-read-more-full style=\"display: none;\"> f\u00fcr Kinder von 6 bis 12 Jahren und f\u00fcr Erwachsene. Wechseln Sie den Geschmack der Zahnpasta regelm\u00e4ssig: Kinder m\u00f6gen Abwechslung.\n<\/span>\n                <button class=\"read-more-btn\" data-read-more-toggle data-read-more-less=\"Lire moins\">Weiterlesen<\/button><\/div>\n\t\t\t\t\t\t\t\t\t\t<\/div>\n\t\t\t\t\t\t\t\t\t\t\t\t\t\t\t\t\t\t<div class=\"card__pic\">\n\t\t\t\t\t\t\t\t\t\t\t\t\t\t\t\t\t\t\t\t\t<img decoding=\"async\" src=\"https:\/\/adent.ch\/wp-content\/uploads\/2022\/01\/306x284_site-web_dentifrice-1.png\" alt=\"Eine fluoridierte Zahnpasta, die f\u00fcr sein Alter geeignet ist.\" loading=\"lazy\">\n\t\t\t\t\t\t\t\t\t\t\t\t\t\t\t\t\t\t\t<\/div>\n\t\t\t\t\t\t\t\t\t\t\t\t\t\t\t\t\t<\/div>\n\t\t\t\t\t\t\t\t\t\t\t\t\t\t\t<\/div>\n\t\t\t\t\t\t\t\t\t\t\t<\/div>\n\t\t\t\t<\/div>\n\t\t\t\t<div class=\"swiper-button-prev\"><\/div>\n\t\t\t\t<div class=\"swiper-button-next\"><\/div>\n\t\t\t<\/div>\n\t\t\t<div class=\"cards-slider-pagination\"><\/div>\n\t\t\t<\/div>\n<\/div>\n\n\n\t<div class=\"cta-block without-image\" >\n\t\t<div class=\"container\" data-sal=\"slide-up\" data-sal-delay=\"200\" data-sal-easing=\"ease-in-out\" data-sal-duration=\"300\">\n\t\t\t<div class=\"row justify-content-center\">\n\t\t\t\t<div class=\"col-md-8\">\n\t\t\t\t\t<div class=\"subtitle\">Zahnpflege f\u00fcr Kinder<\/div>\n\t\t\t\t\t<h4 class=\"title\">Haben Sie Fragen?<\/h4>\n\t\t\t\t\t<p class=\"text\">Kontaktieren Sie unsere Zahn\u00e4rzte, die auf die Behandlung von Kindern spezialisiert sind.<\/p>\n\t\t\t\t\t\t\t\t\t\t\t<a href=\"https:\/\/adent.ch\/de\/team\/?care_id=4140\"  class=\"primary-btn\">Einen spezialisierten Zahnarzt finden<\/a>\n\t\t\t\t\t\t\t\t\t<\/div>\n\t\t\t<\/div>\n\t\t<\/div>\n\t<\/div>\n","protected":false},"template":"","class_list":["post-4140","soin","type-soin","status-publish","hentry"],"acf":{"display_banner":true,"banner_title_color":"green","banner_bgd_type":"image","banner_shapes_type":"main_a","banner_buttons":[{"color":"green","text":"Termin vereinbaren","link":null,"icon":"none","link_is_blank":false}],"short_description":"","display_shapes":false,"banner_subtitle":"Zahn\u00e4rztliche Versorgung","banner_title":"Zahnpflege f\u00fcr Kinder","hook":"Angepasstes Know-how","banner_details":"<p>Angepasstes Know-how<\/p>\n","banner_image":{"ID":16368,"id":16368,"title":"Page soins pour les enfants","filename":"page-soins-pour-les-enfants-scaled.jpg","filesize":260757,"url":"https:\/\/adent.ch\/wp-content\/uploads\/2022\/01\/page-soins-pour-les-enfants-scaled.jpg","link":"https:\/\/adent.ch\/de\/behandlung\/zahnbehandlung-fuer-kinder\/page-soins-pour-les-enfants-2\/","alt":"","author":"14","description":"","caption":"","name":"page-soins-pour-les-enfants-2","status":"inherit","uploaded_to":4140,"date":"2025-12-29 10:13:35","modified":"2025-12-29 10:13:35","menu_order":0,"mime_type":"image\/jpeg","type":"image","subtype":"jpeg","icon":"https:\/\/adent.ch\/wp-includes\/images\/media\/default.png","width":2880,"height":1921,"sizes":{"thumbnail":"https:\/\/adent.ch\/wp-content\/uploads\/2022\/01\/page-soins-pour-les-enfants-150x150.jpg","thumbnail-width":150,"thumbnail-height":150,"medium":"https:\/\/adent.ch\/wp-content\/uploads\/2022\/01\/page-soins-pour-les-enfants-300x200.jpg","medium-width":300,"medium-height":200,"medium_large":"https:\/\/adent.ch\/wp-content\/uploads\/2022\/01\/page-soins-pour-les-enfants-768x512.jpg","medium_large-width":768,"medium_large-height":512,"large":"https:\/\/adent.ch\/wp-content\/uploads\/2022\/01\/page-soins-pour-les-enfants-1469x980.jpg","large-width":1469,"large-height":980,"1536x1536":"https:\/\/adent.ch\/wp-content\/uploads\/2022\/01\/page-soins-pour-les-enfants-1536x1025.jpg","1536x1536-width":1536,"1536x1536-height":1025,"2048x2048":"https:\/\/adent.ch\/wp-content\/uploads\/2022\/01\/page-soins-pour-les-enfants-2048x1366.jpg","2048x2048-width":2048,"2048x2048-height":1366,"gform-image-choice-sm":"https:\/\/adent.ch\/wp-content\/uploads\/2022\/01\/page-soins-pour-les-enfants-scaled.jpg","gform-image-choice-sm-width":300,"gform-image-choice-sm-height":200,"gform-image-choice-md":"https:\/\/adent.ch\/wp-content\/uploads\/2022\/01\/page-soins-pour-les-enfants-scaled.jpg","gform-image-choice-md-width":400,"gform-image-choice-md-height":267,"gform-image-choice-lg":"https:\/\/adent.ch\/wp-content\/uploads\/2022\/01\/page-soins-pour-les-enfants-scaled.jpg","gform-image-choice-lg-width":600,"gform-image-choice-lg-height":400}},"banner_image_mobile":{"ID":16416,"id":16416,"title":"Pages soins pour les enfants mobile (1)","filename":"pages-soins-pour-les-enfants-mobile-1.png","filesize":790067,"url":"https:\/\/adent.ch\/wp-content\/uploads\/2022\/01\/pages-soins-pour-les-enfants-mobile-1.png","link":"https:\/\/adent.ch\/de\/behandlung\/zahnbehandlung-fuer-kinder\/pages-soins-pour-les-enfants-mobile-1-2\/","alt":"","author":"14","description":"","caption":"","name":"pages-soins-pour-les-enfants-mobile-1-2","status":"inherit","uploaded_to":4140,"date":"2025-12-29 15:12:43","modified":"2025-12-29 15:12:43","menu_order":0,"mime_type":"image\/png","type":"image","subtype":"png","icon":"https:\/\/adent.ch\/wp-includes\/images\/media\/default.png","width":812,"height":812,"sizes":{"thumbnail":"https:\/\/adent.ch\/wp-content\/uploads\/2022\/01\/pages-soins-pour-les-enfants-mobile-1-150x150.png","thumbnail-width":150,"thumbnail-height":150,"medium":"https:\/\/adent.ch\/wp-content\/uploads\/2022\/01\/pages-soins-pour-les-enfants-mobile-1-300x300.png","medium-width":300,"medium-height":300,"medium_large":"https:\/\/adent.ch\/wp-content\/uploads\/2022\/01\/pages-soins-pour-les-enfants-mobile-1-768x768.png","medium_large-width":768,"medium_large-height":768,"large":"https:\/\/adent.ch\/wp-content\/uploads\/2022\/01\/pages-soins-pour-les-enfants-mobile-1.png","large-width":812,"large-height":812,"1536x1536":"https:\/\/adent.ch\/wp-content\/uploads\/2022\/01\/pages-soins-pour-les-enfants-mobile-1.png","1536x1536-width":812,"1536x1536-height":812,"2048x2048":"https:\/\/adent.ch\/wp-content\/uploads\/2022\/01\/pages-soins-pour-les-enfants-mobile-1.png","2048x2048-width":812,"2048x2048-height":812,"gform-image-choice-sm":"https:\/\/adent.ch\/wp-content\/uploads\/2022\/01\/pages-soins-pour-les-enfants-mobile-1.png","gform-image-choice-sm-width":300,"gform-image-choice-sm-height":300,"gform-image-choice-md":"https:\/\/adent.ch\/wp-content\/uploads\/2022\/01\/pages-soins-pour-les-enfants-mobile-1.png","gform-image-choice-md-width":400,"gform-image-choice-md-height":400,"gform-image-choice-lg":"https:\/\/adent.ch\/wp-content\/uploads\/2022\/01\/pages-soins-pour-les-enfants-mobile-1.png","gform-image-choice-lg-width":600,"gform-image-choice-lg-height":600}}},"yoast_head":"<!-- This site is optimized with the Yoast SEO plugin v26.9 - https:\/\/yoast.com\/product\/yoast-seo-wordpress\/ -->\n<title>Zahnpflege f\u00fcr Kinder | Adent Zahnarztzentrum<\/title>\n<meta name=\"description\" content=\"Unsere Kinderzahn\u00e4rzte bei Adent sind in einem kindgerechten psychologischen und p\u00e4dagogischen Ansatz geschult, um ein Klima des Vertrauens zu schaffen.\" \/>\n<meta name=\"robots\" content=\"index, follow, max-snippet:-1, max-image-preview:large, max-video-preview:-1\" \/>\n<link rel=\"canonical\" href=\"https:\/\/adent.ch\/de\/behandlung\/zahnbehandlung-fuer-kinder\/\" \/>\n<meta property=\"og:locale\" content=\"de_DE\" \/>\n<meta property=\"og:type\" content=\"article\" \/>\n<meta property=\"og:title\" content=\"Zahnpflege f\u00fcr Kinder | Adent Zahnarztzentrum\" \/>\n<meta property=\"og:description\" content=\"Unsere Kinderzahn\u00e4rzte bei Adent sind in einem kindgerechten psychologischen und p\u00e4dagogischen Ansatz geschult, um ein Klima des Vertrauens zu schaffen.\" \/>\n<meta property=\"og:url\" content=\"https:\/\/adent.ch\/de\/behandlung\/zahnbehandlung-fuer-kinder\/\" \/>\n<meta property=\"og:site_name\" content=\"Adent Zahnarztzentrum\" \/>\n<meta property=\"article:publisher\" content=\"https:\/\/www.facebook.com\/adentcliniquesdentaires\/\" \/>\n<meta property=\"article:modified_time\" content=\"2026-01-19T14:07:44+00:00\" \/>\n<meta property=\"og:image\" content=\"https:\/\/adent.ch\/wp-content\/uploads\/2024\/04\/adent-aubonne-mai-2022-igor-laski-web-hd-srvb-48.jpg\" \/>\n\t<meta property=\"og:image:width\" content=\"1619\" \/>\n\t<meta property=\"og:image:height\" content=\"1080\" \/>\n\t<meta property=\"og:image:type\" content=\"image\/jpeg\" \/>\n<meta name=\"twitter:card\" content=\"summary_large_image\" \/>\n<script type=\"application\/ld+json\" class=\"yoast-schema-graph\">{\"@context\":\"https:\/\/schema.org\",\"@graph\":[{\"@type\":\"WebPage\",\"@id\":\"https:\/\/adent.ch\/de\/behandlung\/zahnbehandlung-fuer-kinder\/\",\"url\":\"https:\/\/adent.ch\/de\/behandlung\/zahnbehandlung-fuer-kinder\/\",\"name\":\"Zahnpflege f\u00fcr Kinder | Adent Zahnarztzentrum\",\"isPartOf\":{\"@id\":\"https:\/\/adent.ch\/de\/#website\"},\"datePublished\":\"2022-01-03T12:50:41+00:00\",\"dateModified\":\"2026-01-19T14:07:44+00:00\",\"description\":\"Unsere Kinderzahn\u00e4rzte bei Adent sind in einem kindgerechten psychologischen und p\u00e4dagogischen Ansatz geschult, um ein Klima des Vertrauens zu schaffen.\",\"breadcrumb\":{\"@id\":\"https:\/\/adent.ch\/de\/behandlung\/zahnbehandlung-fuer-kinder\/#breadcrumb\"},\"inLanguage\":\"de-CH\",\"potentialAction\":[{\"@type\":\"ReadAction\",\"target\":[\"https:\/\/adent.ch\/de\/behandlung\/zahnbehandlung-fuer-kinder\/\"]}]},{\"@type\":\"BreadcrumbList\",\"@id\":\"https:\/\/adent.ch\/de\/behandlung\/zahnbehandlung-fuer-kinder\/#breadcrumb\",\"itemListElement\":[{\"@type\":\"ListItem\",\"position\":1,\"name\":\"Behandlung\",\"item\":\"https:\/\/adent.ch\/de\/behandlungen\/\"},{\"@type\":\"ListItem\",\"position\":2,\"name\":\"Zahnpflege f\u00fcr Kinder\"}]},{\"@type\":\"WebSite\",\"@id\":\"https:\/\/adent.ch\/de\/#website\",\"url\":\"https:\/\/adent.ch\/de\/\",\"name\":\"Adent Zahnarztzentrum\",\"description\":\"\",\"publisher\":{\"@id\":\"https:\/\/adent.ch\/de\/#organization\"},\"potentialAction\":[{\"@type\":\"SearchAction\",\"target\":{\"@type\":\"EntryPoint\",\"urlTemplate\":\"https:\/\/adent.ch\/de\/?s={search_term_string}\"},\"query-input\":{\"@type\":\"PropertyValueSpecification\",\"valueRequired\":true,\"valueName\":\"search_term_string\"}}],\"inLanguage\":\"de-CH\"},{\"@type\":\"Organization\",\"@id\":\"https:\/\/adent.ch\/de\/#organization\",\"name\":\"Adent Cliniques Dentaires\",\"url\":\"https:\/\/adent.ch\/de\/\",\"logo\":{\"@type\":\"ImageObject\",\"inLanguage\":\"de-CH\",\"@id\":\"https:\/\/adent.ch\/de\/#\/schema\/logo\/image\/\",\"url\":\"https:\/\/adent.ch\/wp-content\/uploads\/2022\/09\/adent-habefast-logo-2018-fr-05032019-rvb-scaled.jpg\",\"contentUrl\":\"https:\/\/adent.ch\/wp-content\/uploads\/2022\/09\/adent-habefast-logo-2018-fr-05032019-rvb-scaled.jpg\",\"width\":2880,\"height\":750,\"caption\":\"Adent Cliniques Dentaires\"},\"image\":{\"@id\":\"https:\/\/adent.ch\/de\/#\/schema\/logo\/image\/\"},\"sameAs\":[\"https:\/\/www.facebook.com\/adentcliniquesdentaires\/\",\"https:\/\/www.instagram.com\/adent.ch\/\",\"https:\/\/www.youtube.com\/channel\/UCPd5UjY-ipuq3MhW6m0W-wg\",\"https:\/\/www.linkedin.com\/company\/adent-cliniques-dentaires\/?originalSubdomain=ch\"]}]}<\/script>\n<!-- \/ Yoast SEO plugin. -->","yoast_head_json":{"title":"Zahnpflege f\u00fcr Kinder | Adent Zahnarztzentrum","description":"Unsere Kinderzahn\u00e4rzte bei Adent sind in einem kindgerechten psychologischen und p\u00e4dagogischen Ansatz geschult, um ein Klima des Vertrauens zu schaffen.","robots":{"index":"index","follow":"follow","max-snippet":"max-snippet:-1","max-image-preview":"max-image-preview:large","max-video-preview":"max-video-preview:-1"},"canonical":"https:\/\/adent.ch\/de\/behandlung\/zahnbehandlung-fuer-kinder\/","og_locale":"de_DE","og_type":"article","og_title":"Zahnpflege f\u00fcr Kinder | Adent Zahnarztzentrum","og_description":"Unsere Kinderzahn\u00e4rzte bei Adent sind in einem kindgerechten psychologischen und p\u00e4dagogischen Ansatz geschult, um ein Klima des Vertrauens zu schaffen.","og_url":"https:\/\/adent.ch\/de\/behandlung\/zahnbehandlung-fuer-kinder\/","og_site_name":"Adent Zahnarztzentrum","article_publisher":"https:\/\/www.facebook.com\/adentcliniquesdentaires\/","article_modified_time":"2026-01-19T14:07:44+00:00","og_image":[{"width":1619,"height":1080,"url":"https:\/\/adent.ch\/wp-content\/uploads\/2024\/04\/adent-aubonne-mai-2022-igor-laski-web-hd-srvb-48.jpg","type":"image\/jpeg"}],"twitter_card":"summary_large_image","schema":{"@context":"https:\/\/schema.org","@graph":[{"@type":"WebPage","@id":"https:\/\/adent.ch\/de\/behandlung\/zahnbehandlung-fuer-kinder\/","url":"https:\/\/adent.ch\/de\/behandlung\/zahnbehandlung-fuer-kinder\/","name":"Zahnpflege f\u00fcr Kinder | Adent Zahnarztzentrum","isPartOf":{"@id":"https:\/\/adent.ch\/de\/#website"},"datePublished":"2022-01-03T12:50:41+00:00","dateModified":"2026-01-19T14:07:44+00:00","description":"Unsere Kinderzahn\u00e4rzte bei Adent sind in einem kindgerechten psychologischen und p\u00e4dagogischen Ansatz geschult, um ein Klima des Vertrauens zu schaffen.","breadcrumb":{"@id":"https:\/\/adent.ch\/de\/behandlung\/zahnbehandlung-fuer-kinder\/#breadcrumb"},"inLanguage":"de-CH","potentialAction":[{"@type":"ReadAction","target":["https:\/\/adent.ch\/de\/behandlung\/zahnbehandlung-fuer-kinder\/"]}]},{"@type":"BreadcrumbList","@id":"https:\/\/adent.ch\/de\/behandlung\/zahnbehandlung-fuer-kinder\/#breadcrumb","itemListElement":[{"@type":"ListItem","position":1,"name":"Behandlung","item":"https:\/\/adent.ch\/de\/behandlungen\/"},{"@type":"ListItem","position":2,"name":"Zahnpflege f\u00fcr Kinder"}]},{"@type":"WebSite","@id":"https:\/\/adent.ch\/de\/#website","url":"https:\/\/adent.ch\/de\/","name":"Adent Zahnarztzentrum","description":"","publisher":{"@id":"https:\/\/adent.ch\/de\/#organization"},"potentialAction":[{"@type":"SearchAction","target":{"@type":"EntryPoint","urlTemplate":"https:\/\/adent.ch\/de\/?s={search_term_string}"},"query-input":{"@type":"PropertyValueSpecification","valueRequired":true,"valueName":"search_term_string"}}],"inLanguage":"de-CH"},{"@type":"Organization","@id":"https:\/\/adent.ch\/de\/#organization","name":"Adent Cliniques Dentaires","url":"https:\/\/adent.ch\/de\/","logo":{"@type":"ImageObject","inLanguage":"de-CH","@id":"https:\/\/adent.ch\/de\/#\/schema\/logo\/image\/","url":"https:\/\/adent.ch\/wp-content\/uploads\/2022\/09\/adent-habefast-logo-2018-fr-05032019-rvb-scaled.jpg","contentUrl":"https:\/\/adent.ch\/wp-content\/uploads\/2022\/09\/adent-habefast-logo-2018-fr-05032019-rvb-scaled.jpg","width":2880,"height":750,"caption":"Adent Cliniques Dentaires"},"image":{"@id":"https:\/\/adent.ch\/de\/#\/schema\/logo\/image\/"},"sameAs":["https:\/\/www.facebook.com\/adentcliniquesdentaires\/","https:\/\/www.instagram.com\/adent.ch\/","https:\/\/www.youtube.com\/channel\/UCPd5UjY-ipuq3MhW6m0W-wg","https:\/\/www.linkedin.com\/company\/adent-cliniques-dentaires\/?originalSubdomain=ch"]}]}},"_links":{"self":[{"href":"https:\/\/adent.ch\/de\/wp-json\/wp\/v2\/soin\/4140","targetHints":{"allow":["GET"]}}],"collection":[{"href":"https:\/\/adent.ch\/de\/wp-json\/wp\/v2\/soin"}],"about":[{"href":"https:\/\/adent.ch\/de\/wp-json\/wp\/v2\/types\/soin"}],"wp:attachment":[{"href":"https:\/\/adent.ch\/de\/wp-json\/wp\/v2\/media?parent=4140"}],"curies":[{"name":"wp","href":"https:\/\/api.w.org\/{rel}","templated":true}]}}